{"id":787,"date":"2021-08-10T10:06:49","date_gmt":"2021-08-10T08:06:49","guid":{"rendered":"https:\/\/blogsaverroes.juntadeandalucia.es\/cemenriquegranados\/?page_id=787"},"modified":"2025-08-24T22:12:52","modified_gmt":"2025-08-24T20:12:52","slug":"ensenanzas","status":"publish","type":"page","link":"https:\/\/blogsaverroes.juntadeandalucia.es\/cemenriquegranados\/ensenanzas\/","title":{"rendered":"Ense\u00f1anzas"},"content":{"rendered":"<p>[et_pb_section fb_built=&#8221;1&#8243; admin_label=&#8221;Header&#8221; _builder_version=&#8221;4.16&#8243; background_color=&#8221;#f6f0ee&#8221; locked=&#8221;off&#8221; global_colors_info=&#8221;{}&#8221;][et_pb_row column_structure=&#8221;1_2,1_2&#8243; make_equal=&#8221;on&#8221; _builder_version=&#8221;4.16&#8243; custom_margin=&#8221;||2vw||false|false&#8221; custom_padding=&#8221;0px|||||&#8221; global_colors_info=&#8221;{}&#8221;][et_pb_column type=&#8221;1_2&#8243; _builder_version=&#8221;4.16&#8243; z_index=&#8221;10&#8243; custom_padding=&#8221;64px||||false|false&#8221; custom_padding_tablet=&#8221;0px||||false|false&#8221; custom_padding_phone=&#8221;&#8221; custom_padding_last_edited=&#8221;on|tablet&#8221; global_colors_info=&#8221;{}&#8221;][et_pb_text _builder_version=&#8221;4.16&#8243; text_font=&#8221;||||||||&#8221; text_font_size=&#8221;16px&#8221; text_line_height=&#8221;1.8em&#8221; header_font=&#8221;Inria Serif|700|||||||&#8221; header_text_color=&#8221;#000000&#8243; header_font_size=&#8221;70px&#8221; header_line_height=&#8221;1.2em&#8221; z_index=&#8221;1&#8243; max_width=&#8221;800px&#8221; text_font_size_tablet=&#8221;&#8221; text_font_size_phone=&#8221;14px&#8221; text_font_size_last_edited=&#8221;on|phone&#8221; header_font_size_tablet=&#8221;48px&#8221; header_font_size_phone=&#8221;24px&#8221; header_font_size_last_edited=&#8221;on|phone&#8221; locked=&#8221;off&#8221; global_colors_info=&#8221;{}&#8221;]<\/p>\n<h1>Flauta Travesera<\/h1>\n<p style=\"text-align: justify\">La flauta travesera, traversa o transversal es un instrumento musical de viento-madera, junto con las familias del clarinete, el oboe y el fagot. Hoy en d\u00eda se fabrican en metal e incluso en plata, n\u00edquel, titanio, platino y oro. Se siguen incluyendo en su clasificaci\u00f3n original por su timbre particular.<\/p>\n<p style=\"text-align: justify\"><span>En la clasificaci\u00f3n formal que estudia la organolog\u00eda, las flautas pertenecen a la familia de los instrumentos de bisel, que desde mucho antes se han fabricado de madera.\u00a0<\/span><\/p>\n<p>[\/et_pb_text][et_pb_button button_url=&#8221;https:\/\/blogsaverroes.juntadeandalucia.es\/cemenriquegranados\/contacto\/&#8221; button_text=&#8221;\u00bfQuieres tocar este instrumento?&#8221; _builder_version=&#8221;4.16&#8243; custom_button=&#8221;on&#8221; button_text_size=&#8221;12px&#8221; button_text_color=&#8221;#000000&#8243; button_bg_color=&#8221;#ffffff&#8221; button_border_width=&#8221;0px&#8221; button_border_radius=&#8221;0px&#8221; button_letter_spacing=&#8221;4px&#8221; button_font=&#8221;|700||on|||||&#8221; z_index=&#8221;1&#8243; custom_padding=&#8221;18px|30px|18px|30px|true|true&#8221; box_shadow_style=&#8221;preset3&#8243; box_shadow_vertical=&#8221;47px&#8221; box_shadow_blur=&#8221;48px&#8221; box_shadow_spread=&#8221;0px&#8221; box_shadow_color=&#8221;rgba(100,146,188,0.15)&#8221; locked=&#8221;off&#8221; global_colors_info=&#8221;{}&#8221;][\/et_pb_button][\/et_pb_column][et_pb_column type=&#8221;1_2&#8243; _builder_version=&#8221;4.16&#8243; global_colors_info=&#8221;{}&#8221;][et_pb_image src=&#8221;https:\/\/blogsaverroes.juntadeandalucia.es\/cemenriquegranados\/files\/2021\/08\/flauta-travesera-conservatorio-la-carolina.jpg&#8221; alt=&#8221;flauta travesera conservatorio la carolina&#8221; title_text=&#8221;flauta travesera conservatorio la carolina&#8221; _builder_version=&#8221;4.16&#8243; global_colors_info=&#8221;{}&#8221;][\/et_pb_image][\/et_pb_column][\/et_pb_row][\/et_pb_section][et_pb_section fb_built=&#8221;1&#8243; admin_label=&#8221;About&#8221; _builder_version=&#8221;4.16&#8243; background_color=&#8221;#f6f0ee&#8221; custom_padding=&#8221;5px||0px|||&#8221; global_colors_info=&#8221;{}&#8221;][et_pb_row column_structure=&#8221;2_5,3_5&#8243; _builder_version=&#8221;4.16&#8243; custom_padding=&#8221;0px||0px||false|false&#8221; global_colors_info=&#8221;{}&#8221;][et_pb_column type=&#8221;2_5&#8243; _builder_version=&#8221;4.16&#8243; use_background_color_gradient=&#8221;on&#8221; background_color_gradient_stops=&#8221;rgba(255,225,123,0) 0%|#000000 100%&#8221; background_color_gradient_overlays_image=&#8221;on&#8221; background_color_gradient_start=&#8221;rgba(255,225,123,0)&#8221; background_color_gradient_end=&#8221;#000000&#8243; background_image=&#8221;https:\/\/blogsaverroes.juntadeandalucia.es\/cemenriquegranados\/files\/2021\/08\/saxofon-el-conservatorio-la-carolina.jpg&#8221; background_position=&#8221;center_right&#8221; custom_padding=&#8221;200px||60px||false|false&#8221; custom_padding_tablet=&#8221;100px||100px||true|false&#8221; custom_padding_phone=&#8221;&#8221; custom_padding_last_edited=&#8221;on|phone&#8221; border_radii=&#8221;off||200px||&#8221; global_colors_info=&#8221;{}&#8221;][et_pb_image src=&#8221;https:\/\/blogsaverroes.juntadeandalucia.es\/cemenriquegranados\/files\/2021\/08\/music-teacher_36.png&#8221; align=&#8221;right&#8221; _builder_version=&#8221;4.16&#8243; custom_margin=&#8221;|||200px|false|false&#8221; custom_margin_tablet=&#8221;|||400px|false|false&#8221; custom_margin_phone=&#8221;|||200px|false|false&#8221; custom_margin_last_edited=&#8221;on|phone&#8221; global_colors_info=&#8221;{}&#8221;][\/et_pb_image][\/et_pb_column][et_pb_column type=&#8221;3_5&#8243; _builder_version=&#8221;4.16&#8243; custom_padding=&#8221;20%||10%||false|false&#8221; custom_padding_tablet=&#8221;0%||||false|false&#8221; custom_padding_phone=&#8221;&#8221; custom_padding_last_edited=&#8221;on|tablet&#8221; global_colors_info=&#8221;{}&#8221;][et_pb_text _builder_version=&#8221;4.16&#8243; text_font_size=&#8221;16px&#8221; text_line_height=&#8221;1.8em&#8221; header_2_font=&#8221;Inria Serif|700|||||||&#8221; header_2_text_color=&#8221;#000000&#8243; header_2_font_size=&#8221;60px&#8221; header_2_line_height=&#8221;1.1em&#8221; max_width=&#8221;800px&#8221; custom_margin=&#8221;-25%||||false|false&#8221; link_option_url=&#8221;https:\/\/blogsaverroes.juntadeandalucia.es\/cemenriquegranados\/ensenanzas\/saxofon\/&#8221; text_font_size_tablet=&#8221;&#8221; text_font_size_phone=&#8221;14px&#8221; text_font_size_last_edited=&#8221;on|phone&#8221; header_2_font_size_tablet=&#8221;30px&#8221; header_2_font_size_phone=&#8221;22px&#8221; header_2_font_size_last_edited=&#8221;on|desktop&#8221; locked=&#8221;off&#8221; global_colors_info=&#8221;{}&#8221;]<\/p>\n<h2>Saxof\u00f3n<\/h2>\n<p style=\"text-align: justify\">Es un instrumento musical c\u00f3nico, de la familia de los instrumentos de viento-madera, generalmente hecho de lat\u00f3n que consta de una boquilla con una ca\u00f1a simple al igual que el clarinete.<\/p>\n<p style=\"text-align: justify\">Fue inventado por Adolphe Sax a principios de los a\u00f1os 1840. El saxof\u00f3n se asocia com\u00fanmente con la m\u00fasica popular, la m\u00fasica de big band y el jazz.<\/p>\n<p style=\"text-align: justify\">Pueden ser de ocho tama\u00f1os distintos en funci\u00f3n de su afinaci\u00f3n: sopranino en fa o mi bemol, soprano en do o si bemol, contralto o alto en fa o mi bemol, tenor en do o si bemol, bar\u00edtono en fa o mi bemol, bajo en do o si bemol, contrabajo y subcontrabajo en do o si bemol.<\/p>\n<p>[\/et_pb_text][et_pb_button button_url=&#8221;https:\/\/blogsaverroes.juntadeandalucia.es\/cemenriquegranados\/ensenanzas\/saxofon\/&#8221; button_text=&#8221;Descubre m\u00e1s acerca de este instrumento&#8221; button_alignment=&#8221;center&#8221; _builder_version=&#8221;4.16&#8243; custom_button=&#8221;on&#8221; button_text_size=&#8221;12px&#8221; button_text_color=&#8221;#ffffff&#8221; button_bg_color=&#8221;#141414&#8243; button_border_width=&#8221;0px&#8221; button_border_radius=&#8221;0px&#8221; button_letter_spacing=&#8221;4px&#8221; button_font=&#8221;|700||on|||||&#8221; custom_padding=&#8221;18px|30px|18px|30px|true|true&#8221; box_shadow_style=&#8221;preset3&#8243; box_shadow_vertical=&#8221;47px&#8221; box_shadow_blur=&#8221;48px&#8221; box_shadow_spread=&#8221;0px&#8221; box_shadow_color=&#8221;rgba(100,146,188,0.15)&#8221; locked=&#8221;off&#8221; global_colors_info=&#8221;{}&#8221;][\/et_pb_button][\/et_pb_column][\/et_pb_row][et_pb_row column_structure=&#8221;2_5,3_5&#8243; make_equal=&#8221;on&#8221; _builder_version=&#8221;4.16&#8243; _module_preset=&#8221;default&#8221; custom_margin=&#8221;||-10vw||false|false&#8221; custom_padding=&#8221;0px||0px||true|false&#8221; global_colors_info=&#8221;{}&#8221;][et_pb_column type=&#8221;2_5&#8243; _builder_version=&#8221;4.16&#8243; _module_preset=&#8221;default&#8221; background_color=&#8221;#000000&#8243; custom_padding=&#8221;40px|40px|10vw|40px|false|true&#8221; custom_padding_tablet=&#8221;40px|40px|40px|40px|true|true&#8221; custom_padding_phone=&#8221;&#8221; custom_padding_last_edited=&#8221;on|tablet&#8221; global_colors_info=&#8221;{}&#8221;][et_pb_text _builder_version=&#8221;4.16&#8243; text_font_size=&#8221;16px&#8221; text_line_height=&#8221;2em&#8221; header_2_font=&#8221;Inria Serif|700|||||||&#8221; header_2_text_color=&#8221;#ffffff&#8221; header_2_font_size=&#8221;60px&#8221; header_2_line_height=&#8221;1.1em&#8221; custom_margin=&#8221;||4px||false|false&#8221; header_2_font_size_tablet=&#8221;30px&#8221; header_2_font_size_phone=&#8221;22px&#8221; header_2_font_size_last_edited=&#8221;on|desktop&#8221; locked=&#8221;off&#8221; global_colors_info=&#8221;{}&#8221; header_2_2_font_size_tablet=&#8221;30px&#8221; header_3_2_font_size_tablet=&#8221;30px&#8221; header_4_2_font_size_tablet=&#8221;30px&#8221; header_5_2_font_size_tablet=&#8221;30px&#8221; header_6_2_font_size_tablet=&#8221;30px&#8221; header_2_2_font_size_phone=&#8221;22px&#8221; header_3_2_font_size_phone=&#8221;22px&#8221; header_4_2_font_size_phone=&#8221;22px&#8221; header_5_2_font_size_phone=&#8221;22px&#8221; header_6_2_font_size_phone=&#8221;22px&#8221; header_2_2_font_size_last_edited=&#8221;on|desktop&#8221; header_3_2_font_size_last_edited=&#8221;on|desktop&#8221; header_4_2_font_size_last_edited=&#8221;on|desktop&#8221; header_5_2_font_size_last_edited=&#8221;on|desktop&#8221; header_6_2_font_size_last_edited=&#8221;on|desktop&#8221;]<\/p>\n<h2 style=\"text-align: justify\"><span style=\"color: #ffffff\">Guitarra<\/span><\/h2>\n<p style=\"text-align: justify\"><span style=\"color: #ffffff\">La guitarra, tambi\u00e9n conocida como guitarra cl\u00e1sica o guitarra espa\u00f1ola, es un instrumento musical de la familia de los cord\u00f3fonos, es decir los instrumentos que producen su sonido al hacer vibrar las cuerdas. <\/span><\/p>\n<p style=\"text-align: justify\"><span style=\"color: #ffffff\">Es un instrumento musical de cuerda pulsada, compuesto de una caja de resonancia, un m\u00e1stil sobre el que va adosado el diapas\u00f3n o trastero, generalmente con un agujero ac\u00fastico en el centro de la tapa (boca) y seis cuerdas.\u00a0<\/span><\/p>\n<p style=\"text-align: justify\">\u00a0<\/p>\n<p>[\/et_pb_text][et_pb_button button_url=&#8221;https:\/\/blogsaverroes.juntadeandalucia.es\/cemenriquegranados\/ensenanzas\/guitarra\/&#8221; button_text=&#8221;SABER M\u00c1S&#8221; _builder_version=&#8221;4.16&#8243; custom_button=&#8221;on&#8221; button_text_size=&#8221;12px&#8221; button_text_color=&#8221;#000000&#8243; button_bg_color=&#8221;#ffffff&#8221; button_border_width=&#8221;0px&#8221; button_border_radius=&#8221;0px&#8221; button_letter_spacing=&#8221;4px&#8221; button_font=&#8221;|700||on|||||&#8221; custom_padding=&#8221;18px|30px|18px|30px|true|true&#8221; box_shadow_style=&#8221;preset3&#8243; box_shadow_vertical=&#8221;47px&#8221; box_shadow_blur=&#8221;48px&#8221; box_shadow_spread=&#8221;0px&#8221; box_shadow_color=&#8221;rgba(100,146,188,0.15)&#8221; locked=&#8221;off&#8221; global_colors_info=&#8221;{}&#8221;][\/et_pb_button][\/et_pb_column][et_pb_column type=&#8221;3_5&#8243; _builder_version=&#8221;4.16&#8243; _module_preset=&#8221;default&#8221; global_colors_info=&#8221;{}&#8221;][et_pb_image src=&#8221;https:\/\/blogsaverroes.juntadeandalucia.es\/cemenriquegranados\/files\/2021\/08\/profesor-dando-clases-de-musica.jpg&#8221; alt=&#8221;guitarra conservatorio la carolina&#8221; title_text=&#8221;profesor dando clases de musica&#8221; _builder_version=&#8221;4.16&#8243; _module_preset=&#8221;default&#8221; custom_margin=&#8221;|-50%||-9.5%|false|false&#8221; custom_margin_tablet=&#8221;|0%||0%|false|true&#8221; custom_margin_phone=&#8221;&#8221; custom_margin_last_edited=&#8221;on|tablet&#8221; global_colors_info=&#8221;{}&#8221;][\/et_pb_image][\/et_pb_column][\/et_pb_row][et_pb_row column_structure=&#8221;2_5,3_5&#8243; use_custom_gutter=&#8221;on&#8221; gutter_width=&#8221;1&#8243; custom_padding_last_edited=&#8221;on|desktop&#8221; _builder_version=&#8221;4.16&#8243; background_color=&#8221;#ffffff&#8221; z_index=&#8221;10&#8243; custom_margin=&#8221;35px|auto|-70px|auto|false|false&#8221; custom_padding=&#8221;76px|60px|76px||true|false&#8221; custom_padding_tablet=&#8221;|30px|||true|false&#8221; custom_padding_phone=&#8221;|20px|||true|false&#8221; box_shadow_style=&#8221;preset4&#8243; box_shadow_horizontal=&#8221;-30vw&#8221; box_shadow_vertical=&#8221;0px&#8221; box_shadow_color=&#8221;#ffffff&#8221; locked=&#8221;off&#8221; global_colors_info=&#8221;{}&#8221;][et_pb_column type=&#8221;2_5&#8243; _builder_version=&#8221;4.16&#8243; global_colors_info=&#8221;{}&#8221;][et_pb_text _builder_version=&#8221;4.16&#8243; text_font_size=&#8221;16px&#8221; text_line_height=&#8221;1.8em&#8221; header_font=&#8221;Inria Serif|700|||||||&#8221; header_text_color=&#8221;#000000&#8243; header_font_size=&#8221;70px&#8221; header_line_height=&#8221;1.2em&#8221; z_index=&#8221;1&#8243; max_width=&#8221;800px&#8221; custom_margin=&#8221;||-5px||false|false&#8221; text_font_size_tablet=&#8221;&#8221; text_font_size_phone=&#8221;14px&#8221; text_font_size_last_edited=&#8221;on|phone&#8221; header_font_size_tablet=&#8221;48px&#8221; header_font_size_phone=&#8221;24px&#8221; header_font_size_last_edited=&#8221;on|phone&#8221; locked=&#8221;off&#8221; global_colors_info=&#8221;{}&#8221;]<\/p>\n<h1>Viola<\/h1>\n<p>&nbsp;<\/p>\n<p>[\/et_pb_text][et_pb_image src=&#8221;https:\/\/blogsaverroes.juntadeandalucia.es\/cemenriquegranados\/files\/2021\/08\/viola-conservatorio-la-carolina.jpg&#8221; alt=&#8221;viola conservatorio la carolina&#8221; title_text=&#8221;viola conservatorio la carolina&#8221; _builder_version=&#8221;4.16&#8243; _module_preset=&#8221;default&#8221; max_width=&#8221;84%&#8221; custom_margin=&#8221;-5%||||false|false&#8221; border_radii=&#8221;on|160px|160px|160px|160px&#8221; global_colors_info=&#8221;{}&#8221;][\/et_pb_image][\/et_pb_column][et_pb_column type=&#8221;3_5&#8243; _builder_version=&#8221;4.16&#8243; global_colors_info=&#8221;{}&#8221;][et_pb_text _builder_version=&#8221;4.16&#8243; text_font_size=&#8221;16px&#8221; text_line_height=&#8221;1.8em&#8221; header_font=&#8221;Inria Serif|700|||||||&#8221; header_text_color=&#8221;#000000&#8243; header_font_size=&#8221;70px&#8221; header_line_height=&#8221;1.2em&#8221; max_width=&#8221;100%&#8221; custom_margin=&#8221;15%||||false|false&#8221; custom_padding=&#8221;||29px|||&#8221; text_font_size_tablet=&#8221;&#8221; text_font_size_phone=&#8221;14px&#8221; text_font_size_last_edited=&#8221;on|phone&#8221; header_font_size_tablet=&#8221;48px&#8221; header_font_size_phone=&#8221;24px&#8221; header_font_size_last_edited=&#8221;on|phone&#8221; locked=&#8221;off&#8221; global_colors_info=&#8221;{}&#8221;]<\/p>\n<p style=\"text-align: justify\">La viola es un instrumento musical de cuerda frotada, similar en cuanto a materiales y construcci\u00f3n al viol\u00edn pero de mayor tama\u00f1o y sonido m\u00e1s grave. Su tesitura se sit\u00faa entre los graves y medios del viol\u00edn y los agudos del violonchelo.<\/p>\n<p style=\"text-align: justify\">La viola es considerada como el contralto o el tenor dram\u00e1tico de la familia de las cuerdas.<\/p>\n<p style=\"text-align: justify\">Las cuerdas de la viola est\u00e1n afinadas en intervalos de quintas: do, sol, re, la (siendo el do la cuerda m\u00e1s grave)<\/p>\n<p>[\/et_pb_text][et_pb_button button_url=&#8221;https:\/\/blogsaverroes.juntadeandalucia.es\/cemenriquegranados\/ensenanzas\/viola\/&#8221; button_text=&#8221;Descubre m\u00e1s acerca de este instrumento&#8221; button_alignment=&#8221;center&#8221; _builder_version=&#8221;4.16&#8243; custom_button=&#8221;on&#8221; button_text_size=&#8221;12px&#8221; button_text_color=&#8221;#ffffff&#8221; button_bg_color=&#8221;#141414&#8243; button_border_width=&#8221;0px&#8221; button_border_radius=&#8221;0px&#8221; button_letter_spacing=&#8221;4px&#8221; button_font=&#8221;|700||on|||||&#8221; custom_padding=&#8221;18px|30px|18px|30px|true|true&#8221; box_shadow_style=&#8221;preset3&#8243; box_shadow_vertical=&#8221;47px&#8221; box_shadow_blur=&#8221;48px&#8221; box_shadow_spread=&#8221;0px&#8221; box_shadow_color=&#8221;rgba(100,146,188,0.15)&#8221; locked=&#8221;off&#8221; global_colors_info=&#8221;{}&#8221;][\/et_pb_button][\/et_pb_column][\/et_pb_row][\/et_pb_section][et_pb_section fb_built=&#8221;1&#8243; admin_label=&#8221;About&#8221; _builder_version=&#8221;4.16&#8243; background_color=&#8221;#f6f0ee&#8221; custom_padding=&#8221;0px|||||&#8221; global_colors_info=&#8221;{}&#8221;][et_pb_row column_structure=&#8221;1_2,1_2&#8243; use_custom_gutter=&#8221;on&#8221; make_equal=&#8221;on&#8221; _builder_version=&#8221;4.16&#8243; custom_padding=&#8221;||||false|false&#8221; locked=&#8221;off&#8221; global_colors_info=&#8221;{}&#8221;][et_pb_column type=&#8221;1_2&#8243; _builder_version=&#8221;4.16&#8243; use_background_color_gradient=&#8221;on&#8221; background_color_gradient_stops=&#8221;rgba(0,0,0,0) 0%|#000000 100%&#8221; background_color_gradient_overlays_image=&#8221;on&#8221; background_color_gradient_start=&#8221;rgba(0,0,0,0)&#8221; background_color_gradient_end=&#8221;#000000&#8243; background_image=&#8221;https:\/\/blogsaverroes.juntadeandalucia.es\/cemenriquegranados\/files\/2021\/08\/piano-conservatorio-la-carolina.jpg&#8221; custom_padding_tablet=&#8221;100px||100px||true|false&#8221; custom_padding_last_edited=&#8221;off|desktop&#8221; global_colors_info=&#8221;{}&#8221;][et_pb_image src=&#8221;https:\/\/blogsaverroes.juntadeandalucia.es\/cemenriquegranados\/files\/2021\/08\/music-teacher_50.png&#8221; title_text=&#8221;music-teacher_50&#8243; align=&#8221;right&#8221; _builder_version=&#8221;4.16&#8243; custom_margin=&#8221;||||false|true&#8221; custom_margin_tablet=&#8221;|||400px|false|false&#8221; custom_margin_phone=&#8221;|||200px|false|false&#8221; custom_margin_last_edited=&#8221;off|desktop&#8221; global_colors_info=&#8221;{}&#8221;][\/et_pb_image][\/et_pb_column][et_pb_column type=&#8221;1_2&#8243; _builder_version=&#8221;4.16&#8243; custom_padding=&#8221;80px||||false|false&#8221; custom_padding_tablet=&#8221;0px||||false|false&#8221; custom_padding_phone=&#8221;&#8221; custom_padding_last_edited=&#8221;on|tablet&#8221; global_colors_info=&#8221;{}&#8221;][et_pb_text _builder_version=&#8221;4.16&#8243; text_font_size=&#8221;16px&#8221; text_line_height=&#8221;1.8em&#8221; header_2_font=&#8221;Inria Serif|700|||||||&#8221; header_2_text_color=&#8221;#000000&#8243; header_2_font_size=&#8221;60px&#8221; header_2_line_height=&#8221;1.1em&#8221; max_width=&#8221;700px&#8221; module_alignment=&#8221;center&#8221; text_font_size_tablet=&#8221;&#8221; text_font_size_phone=&#8221;14px&#8221; text_font_size_last_edited=&#8221;on|phone&#8221; header_2_font_size_tablet=&#8221;30px&#8221; header_2_font_size_phone=&#8221;22px&#8221; header_2_font_size_last_edited=&#8221;on|desktop&#8221; locked=&#8221;off&#8221; global_colors_info=&#8221;{}&#8221;]<\/p>\n<h2>Piano<\/h2>\n<p style=\"text-align: justify\">Es un instrumento musical arm\u00f3nico clasificado como instrumento de cuerda percutida por el sistema de clasificaci\u00f3n tradicional, y seg\u00fan la clasificaci\u00f3n de Hornbostel-Sachs es un cord\u00f3fono simple.<\/p>\n<p style=\"text-align: justify\">Est\u00e1 compuesto por una caja de resonancia a la que se ha agregado un teclado mediante el cual se percuten las cuerdas de acero con martillos forrados de fieltro, produciendo el sonido, las vibraciones se transmiten a trav\u00e9s de los puentes a la tabla arm\u00f3nica, que las amplifica.<\/p>\n<p>[\/et_pb_text][et_pb_button button_url=&#8221;https:\/\/blogsaverroes.juntadeandalucia.es\/cemenriquegranados\/ensenanzas\/piano\/&#8221; button_text=&#8221;SABER M\u00c1S&#8221; _builder_version=&#8221;4.16&#8243; custom_button=&#8221;on&#8221; button_text_size=&#8221;12px&#8221; button_text_color=&#8221;#000000&#8243; button_bg_color=&#8221;#ffffff&#8221; button_border_width=&#8221;0px&#8221; button_border_radius=&#8221;0px&#8221; button_letter_spacing=&#8221;4px&#8221; button_font=&#8221;|700||on|||||&#8221; custom_padding=&#8221;18px|30px|18px|30px|true|true&#8221; box_shadow_style=&#8221;preset3&#8243; box_shadow_vertical=&#8221;47px&#8221; box_shadow_blur=&#8221;48px&#8221; box_shadow_spread=&#8221;0px&#8221; box_shadow_color=&#8221;rgba(100,146,188,0.15)&#8221; locked=&#8221;off&#8221; global_colors_info=&#8221;{}&#8221;][\/et_pb_button][\/et_pb_column][\/et_pb_row][\/et_pb_section][et_pb_section fb_built=&#8221;1&#8243; admin_label=&#8221;Header&#8221; _builder_version=&#8221;4.16&#8243; background_color=&#8221;#f6f0ee&#8221; background_image=&#8221;https:\/\/blogsaverroes.juntadeandalucia.es\/cemenriquegranados\/files\/2021\/08\/music-teacher_40.png&#8221; custom_padding=&#8221;20px|||||&#8221; background_last_edited=&#8221;on|phone&#8221; background_position_phone=&#8221;center_right&#8221; global_colors_info=&#8221;{}&#8221;][et_pb_row _builder_version=&#8221;4.16&#8243; custom_padding=&#8221;||0px|||&#8221; global_colors_info=&#8221;{}&#8221;][et_pb_column type=&#8221;4_4&#8243; _builder_version=&#8221;4.16&#8243; global_colors_info=&#8221;{}&#8221;][et_pb_text _builder_version=&#8221;4.16&#8243; text_font_size=&#8221;16px&#8221; text_line_height=&#8221;1.8em&#8221; header_font=&#8221;Inria Serif|700|||||||&#8221; header_text_color=&#8221;#000000&#8243; header_font_size=&#8221;70px&#8221; header_line_height=&#8221;1.2em&#8221; z_index=&#8221;1&#8243; max_width=&#8221;800px&#8221; custom_margin=&#8221;||-8px||false|false&#8221; link_option_url=&#8221;https:\/\/blogsaverroes.juntadeandalucia.es\/cemenriquegranados\/ensenanzas\/violin\/&#8221; text_font_size_tablet=&#8221;&#8221; text_font_size_phone=&#8221;14px&#8221; text_font_size_last_edited=&#8221;on|phone&#8221; header_font_size_tablet=&#8221;48px&#8221; header_font_size_phone=&#8221;24px&#8221; header_font_size_last_edited=&#8221;on|phone&#8221; locked=&#8221;off&#8221; global_colors_info=&#8221;{}&#8221;]<\/p>\n<h1>Viol\u00edn<\/h1>\n<p>[\/et_pb_text][\/et_pb_column][\/et_pb_row][et_pb_row column_structure=&#8221;2_3,1_3&#8243; use_custom_gutter=&#8221;on&#8221; gutter_width=&#8221;1&#8243; _builder_version=&#8221;4.16&#8243; global_colors_info=&#8221;{}&#8221;][et_pb_column type=&#8221;2_3&#8243; _builder_version=&#8221;4.16&#8243; global_colors_info=&#8221;{}&#8221;][et_pb_text _builder_version=&#8221;4.16&#8243; text_font_size=&#8221;16px&#8221; text_line_height=&#8221;1.8em&#8221; header_font=&#8221;Inria Serif|700|||||||&#8221; header_text_color=&#8221;#000000&#8243; header_font_size=&#8221;70px&#8221; header_line_height=&#8221;1.2em&#8221; max_width=&#8221;800px&#8221; min_height=&#8221;96px&#8221; custom_margin=&#8221;||21px||false|false&#8221; text_font_size_tablet=&#8221;&#8221; text_font_size_phone=&#8221;14px&#8221; text_font_size_last_edited=&#8221;on|phone&#8221; header_font_size_tablet=&#8221;48px&#8221; header_font_size_phone=&#8221;24px&#8221; header_font_size_last_edited=&#8221;on|phone&#8221; locked=&#8221;off&#8221; global_colors_info=&#8221;{}&#8221;]<\/p>\n<p style=\"text-align: justify\">Es un instrumento de la familia de las cuerdas frotadas, es el m\u00e1s peque\u00f1o y agudo entre los de su clase, que se compone de una caja de resonancia en forma de 8, un m\u00e1stil sin trastes y cuatro cuerdas que se hacen sonar con un arco.<\/p>\n<p>[\/et_pb_text][et_pb_button button_url=&#8221;https:\/\/blogsaverroes.juntadeandalucia.es\/cemenriquegranados\/ensenanzas\/violin\/&#8221; button_text=&#8221;SABER M\u00c1S&#8221; _builder_version=&#8221;4.16&#8243; custom_button=&#8221;on&#8221; button_text_size=&#8221;12px&#8221; button_text_color=&#8221;#000000&#8243; button_bg_color=&#8221;#ffffff&#8221; button_border_width=&#8221;0px&#8221; button_border_radius=&#8221;0px&#8221; button_letter_spacing=&#8221;4px&#8221; button_font=&#8221;|700||on|||||&#8221; custom_padding=&#8221;18px|30px|18px|30px|true|true&#8221; box_shadow_style=&#8221;preset3&#8243; box_shadow_vertical=&#8221;47px&#8221; box_shadow_blur=&#8221;48px&#8221; box_shadow_spread=&#8221;0px&#8221; box_shadow_color=&#8221;rgba(100,146,188,0.15)&#8221; locked=&#8221;off&#8221; global_colors_info=&#8221;{}&#8221;][\/et_pb_button][\/et_pb_column][et_pb_column type=&#8221;1_3&#8243; _builder_version=&#8221;4.16&#8243; global_colors_info=&#8221;{}&#8221;][et_pb_image src=&#8221;https:\/\/blogsaverroes.juntadeandalucia.es\/cemenriquegranados\/files\/2021\/08\/violin-conservatorio-la-carolina.jpg&#8221; alt=&#8221;violin conservatorio la carolina&#8221; title_text=&#8221;violin conservatorio la carolina&#8221; url=&#8221;https:\/\/blogsaverroes.juntadeandalucia.es\/cemenriquegranados\/ensenanzas\/violin\/&#8221; _builder_version=&#8221;4.16&#8243; _module_preset=&#8221;default&#8221; max_width=&#8221;183%&#8221; custom_margin=&#8221;-13%||||false|false&#8221; border_radii=&#8221;on|160px|160px|160px|160px&#8221; global_colors_info=&#8221;{}&#8221;][\/et_pb_image][\/et_pb_column][\/et_pb_row][et_pb_row _builder_version=&#8221;4.16&#8243; custom_padding=&#8221;||0px|||&#8221; global_colors_info=&#8221;{}&#8221;][et_pb_column type=&#8221;4_4&#8243; _builder_version=&#8221;4.16&#8243; global_colors_info=&#8221;{}&#8221;][et_pb_text _builder_version=&#8221;4.16&#8243; text_font_size=&#8221;16px&#8221; text_line_height=&#8221;1.8em&#8221; header_font=&#8221;Inria Serif|700|||||||&#8221; header_text_color=&#8221;#000000&#8243; header_font_size=&#8221;70px&#8221; header_line_height=&#8221;1.2em&#8221; z_index=&#8221;1&#8243; max_width=&#8221;800px&#8221; custom_margin=&#8221;||||false|false&#8221; link_option_url=&#8221;https:\/\/blogsaverroes.juntadeandalucia.es\/cemenriquegranados\/ensenanzas\/violonchelo\/&#8221; text_font_size_tablet=&#8221;&#8221; text_font_size_phone=&#8221;14px&#8221; text_font_size_last_edited=&#8221;on|phone&#8221; header_font_size_tablet=&#8221;48px&#8221; header_font_size_phone=&#8221;24px&#8221; header_font_size_last_edited=&#8221;on|phone&#8221; locked=&#8221;off&#8221; global_colors_info=&#8221;{}&#8221;]<\/p>\n<h1>Violonchelo<\/h1>\n<p>[\/et_pb_text][\/et_pb_column][\/et_pb_row][et_pb_row column_structure=&#8221;1_3,2_3&#8243; use_custom_gutter=&#8221;on&#8221; gutter_width=&#8221;1&#8243; _builder_version=&#8221;4.16&#8243; custom_margin=&#8221;|auto|95px|auto||&#8221; global_colors_info=&#8221;{}&#8221;][et_pb_column type=&#8221;1_3&#8243; _builder_version=&#8221;4.16&#8243; global_colors_info=&#8221;{}&#8221;][et_pb_image src=&#8221;https:\/\/blogsaverroes.juntadeandalucia.es\/cemenriquegranados\/files\/2021\/08\/violonchelo-conservatorio-la-carolina.jpg&#8221; alt=&#8221;violonchelo conservatorio la carolina&#8221; title_text=&#8221;violonchelo conservatorio la carolina&#8221; url=&#8221;https:\/\/blogsaverroes.juntadeandalucia.es\/cemenriquegranados\/ensenanzas\/violonchelo\/&#8221; _builder_version=&#8221;4.16&#8243; _module_preset=&#8221;default&#8221; max_width=&#8221;87%&#8221; border_radii=&#8221;on|160px|160px|160px|160px&#8221; global_colors_info=&#8221;{}&#8221;][\/et_pb_image][\/et_pb_column][et_pb_column type=&#8221;2_3&#8243; _builder_version=&#8221;4.16&#8243; global_colors_info=&#8221;{}&#8221;][et_pb_text _builder_version=&#8221;4.16&#8243; text_font_size=&#8221;16px&#8221; text_line_height=&#8221;1.8em&#8221; header_font=&#8221;Inria Serif|700|||||||&#8221; header_text_color=&#8221;#000000&#8243; header_font_size=&#8221;70px&#8221; header_line_height=&#8221;1.2em&#8221; max_width=&#8221;800px&#8221; custom_margin=&#8221;||26px||false|false&#8221; text_font_size_tablet=&#8221;&#8221; text_font_size_phone=&#8221;14px&#8221; text_font_size_last_edited=&#8221;on|phone&#8221; header_font_size_tablet=&#8221;48px&#8221; header_font_size_phone=&#8221;24px&#8221; header_font_size_last_edited=&#8221;on|phone&#8221; locked=&#8221;off&#8221; global_colors_info=&#8221;{}&#8221;]<\/p>\n<p style=\"text-align: justify\">Es un instrumento musical de cuerda frotada, perteneciente a la familia del viol\u00edn. En el seno de esta familia de instrumentos de orquesta, por su tama\u00f1o y su registro, el violonchelo ocupa un lugar situado entre las violas, los contrabajos y el octabajo.<\/p>\n<p style=\"text-align: justify\">Es uno de los instrumentos b\u00e1sicos y fundamentales de la orquesta dentro del grupo de las cuerdas, realizando normalmente las partes graves, aunque su versatilidad tambi\u00e9n permite a los instrumentistas que lo tocan interpretar partes mel\u00f3dicas. El violonchelo tambi\u00e9n se puede tocar en la salsa. Tradicionalmente est\u00e1 considerado como uno de los instrumentos de cuerda que m\u00e1s se parecen a la voz humana.<\/p>\n<p>[\/et_pb_text][et_pb_button button_url=&#8221;https:\/\/blogsaverroes.juntadeandalucia.es\/cemenriquegranados\/ensenanzas\/violonchelo\/&#8221; button_text=&#8221;SABER M\u00c1S&#8221; _builder_version=&#8221;4.16&#8243; custom_button=&#8221;on&#8221; button_text_size=&#8221;12px&#8221; button_text_color=&#8221;#000000&#8243; button_bg_color=&#8221;#ffffff&#8221; button_border_width=&#8221;0px&#8221; button_border_radius=&#8221;0px&#8221; button_letter_spacing=&#8221;4px&#8221; button_font=&#8221;|700||on|||||&#8221; custom_padding=&#8221;18px|30px|18px|30px|true|true&#8221; box_shadow_style=&#8221;preset3&#8243; box_shadow_vertical=&#8221;47px&#8221; box_shadow_blur=&#8221;48px&#8221; box_shadow_spread=&#8221;0px&#8221; box_shadow_color=&#8221;rgba(100,146,188,0.15)&#8221; locked=&#8221;off&#8221; global_colors_info=&#8221;{}&#8221;][\/et_pb_button][\/et_pb_column][\/et_pb_row][\/et_pb_section][et_pb_section fb_built=&#8221;1&#8243; disabled_on=&#8221;on|on|on&#8221; admin_label=&#8221;Stats&#8221; _builder_version=&#8221;4.16&#8243; background_color=&#8221;#f6f0ee&#8221; background_image=&#8221;https:\/\/blogsaverroes.juntadeandalucia.es\/cemenriquegranados\/files\/2021\/08\/music-teacher_38.png&#8221; background_size=&#8221;initial&#8221; background_position=&#8221;bottom_center&#8221; custom_padding=&#8221;31px||31px||true|false&#8221; disabled=&#8221;on&#8221; locked=&#8221;off&#8221; global_colors_info=&#8221;{}&#8221;][et_pb_row _builder_version=&#8221;4.16&#8243; global_colors_info=&#8221;{}&#8221;][et_pb_column type=&#8221;4_4&#8243; _builder_version=&#8221;4.16&#8243; global_colors_info=&#8221;{}&#8221;][et_pb_text _builder_version=&#8221;4.16&#8243; text_font_size=&#8221;16px&#8221; text_line_height=&#8221;2em&#8221; header_2_font=&#8221;Inria Serif|700|||||||&#8221; header_2_text_color=&#8221;#000000&#8243; header_2_font_size=&#8221;80px&#8221; header_2_line_height=&#8221;1.1em&#8221; text_orientation=&#8221;center&#8221; max_width=&#8221;800px&#8221; module_alignment=&#8221;center&#8221; header_2_font_size_tablet=&#8221;50px&#8221; header_2_font_size_phone=&#8221;30px&#8221; header_2_font_size_last_edited=&#8221;on|phone&#8221; locked=&#8221;off&#8221; global_colors_info=&#8221;{}&#8221;]<\/p>\n<h2>Asignaturas Complementarias<\/h2>\n<p>[\/et_pb_text][\/et_pb_column][\/et_pb_row][et_pb_row column_structure=&#8221;1_3,1_3,1_3&#8243; _builder_version=&#8221;4.16&#8243; custom_margin=&#8221;|auto|24px|auto||&#8221; global_colors_info=&#8221;{}&#8221;][et_pb_column type=&#8221;1_3&#8243; _builder_version=&#8221;4.16&#8243; global_colors_info=&#8221;{}&#8221;][et_pb_blurb title=&#8221;Weekly Classes&#8221; url=&#8221;#&#8221; image=&#8221;https:\/\/blogsaverroes.juntadeandalucia.es\/cemenriquegranados\/files\/2021\/08\/music-teacher-icons-13.png&#8221; icon_alignment=&#8221;left&#8221; content_max_width=&#8221;100%&#8221; icon_alignment_tablet=&#8221;left&#8221; icon_alignment_last_edited=&#8221;off|phone&#8221; _builder_version=&#8221;4.16&#8243; header_level=&#8221;h3&#8243; header_font=&#8221;Inria Serif|700|||||||&#8221; header_text_color=&#8221;#000000&#8243; header_font_size=&#8221;24px&#8221; header_line_height=&#8221;1.1em&#8221; body_font_size=&#8221;16px&#8221; body_line_height=&#8221;1.8em&#8221; animation=&#8221;off&#8221; link_option_url=&#8221;#&#8221; header_font_size_tablet=&#8221;24px&#8221; header_font_size_phone=&#8221;20px&#8221; header_font_size_last_edited=&#8221;on|phone&#8221; body_font_size_tablet=&#8221;&#8221; body_font_size_phone=&#8221;14px&#8221; body_font_size_last_edited=&#8221;on|phone&#8221; global_colors_info=&#8221;{}&#8221;]<\/p>\n<p>Quisque velit nisi, pretium ut lacinia in, elementum id enim. Pellentesque in ipsum id orci porta dapibus.<\/p>\n<p>[\/et_pb_blurb][et_pb_button button_url=&#8221;#&#8221; button_text=&#8221;Apply Today&#8221; button_alignment=&#8221;left&#8221; _builder_version=&#8221;4.16&#8243; custom_button=&#8221;on&#8221; button_text_size=&#8221;12px&#8221; button_text_color=&#8221;#fa6400&#8243; button_bg_color=&#8221;rgba(0,0,0,0)&#8221; button_border_width=&#8221;0px&#8221; button_border_radius=&#8221;0px&#8221; button_letter_spacing=&#8221;4px&#8221; button_font=&#8221;|700||on|||||&#8221; custom_padding=&#8221;0px|0px|0px|0px|true|true&#8221; box_shadow_style=&#8221;preset3&#8243; box_shadow_vertical=&#8221;47px&#8221; box_shadow_blur=&#8221;48px&#8221; box_shadow_spread=&#8221;0px&#8221; box_shadow_color=&#8221;rgba(100,146,188,0.15)&#8221; locked=&#8221;off&#8221; global_colors_info=&#8221;{}&#8221;][\/et_pb_button][\/et_pb_column][et_pb_column type=&#8221;1_3&#8243; _builder_version=&#8221;4.16&#8243; global_colors_info=&#8221;{}&#8221;][et_pb_blurb title=&#8221;Monthly Classes&#8221; url=&#8221;#&#8221; image=&#8221;https:\/\/blogsaverroes.juntadeandalucia.es\/cemenriquegranados\/files\/2021\/08\/music-teacher-icons-8.png&#8221; icon_alignment=&#8221;left&#8221; content_max_width=&#8221;100%&#8221; _builder_version=&#8221;4.16&#8243; header_level=&#8221;h3&#8243; header_font=&#8221;Inria Serif|700|||||||&#8221; header_text_color=&#8221;#000000&#8243; header_font_size=&#8221;24px&#8221; header_line_height=&#8221;1.1em&#8221; body_font_size=&#8221;16px&#8221; body_line_height=&#8221;1.8em&#8221; animation=&#8221;off&#8221; link_option_url=&#8221;#&#8221; header_font_size_tablet=&#8221;24px&#8221; header_font_size_phone=&#8221;20px&#8221; header_font_size_last_edited=&#8221;on|phone&#8221; body_font_size_tablet=&#8221;&#8221; body_font_size_phone=&#8221;14px&#8221; body_font_size_last_edited=&#8221;on|phone&#8221; locked=&#8221;off&#8221; global_colors_info=&#8221;{}&#8221;]<\/p>\n<p>Quisque velit nisi, pretium ut lacinia in, elementum id enim. Pellentesque in ipsum id orci porta dapibus.<\/p>\n<p>[\/et_pb_blurb][et_pb_button button_url=&#8221;#&#8221; button_text=&#8221;Apply Today&#8221; button_alignment=&#8221;left&#8221; _builder_version=&#8221;4.16&#8243; custom_button=&#8221;on&#8221; button_text_size=&#8221;12px&#8221; button_text_color=&#8221;#fa6400&#8243; button_bg_color=&#8221;rgba(0,0,0,0)&#8221; button_border_width=&#8221;0px&#8221; button_border_radius=&#8221;0px&#8221; button_letter_spacing=&#8221;4px&#8221; button_font=&#8221;|700||on|||||&#8221; custom_padding=&#8221;0px|0px|0px|0px|true|true&#8221; box_shadow_style=&#8221;preset3&#8243; box_shadow_vertical=&#8221;47px&#8221; box_shadow_blur=&#8221;48px&#8221; box_shadow_spread=&#8221;0px&#8221; box_shadow_color=&#8221;rgba(100,146,188,0.15)&#8221; locked=&#8221;off&#8221; global_colors_info=&#8221;{}&#8221;][\/et_pb_button][\/et_pb_column][et_pb_column type=&#8221;1_3&#8243; _builder_version=&#8221;4.16&#8243; global_colors_info=&#8221;{}&#8221;][et_pb_blurb title=&#8221;Special Classes&#8221; url=&#8221;#&#8221; image=&#8221;https:\/\/blogsaverroes.juntadeandalucia.es\/cemenriquegranados\/files\/2021\/08\/music-teacher-icons-9-1.png&#8221; icon_alignment=&#8221;left&#8221; content_max_width=&#8221;100%&#8221; _builder_version=&#8221;4.16&#8243; header_level=&#8221;h3&#8243; header_font=&#8221;Inria Serif|700|||||||&#8221; header_text_color=&#8221;#000000&#8243; header_font_size=&#8221;24px&#8221; header_line_height=&#8221;1.1em&#8221; body_font_size=&#8221;16px&#8221; body_line_height=&#8221;1.8em&#8221; animation=&#8221;off&#8221; link_option_url=&#8221;#&#8221; header_font_size_tablet=&#8221;24px&#8221; header_font_size_phone=&#8221;20px&#8221; header_font_size_last_edited=&#8221;on|phone&#8221; body_font_size_tablet=&#8221;&#8221; body_font_size_phone=&#8221;14px&#8221; body_font_size_last_edited=&#8221;on|phone&#8221; locked=&#8221;off&#8221; global_colors_info=&#8221;{}&#8221;]<\/p>\n<p>Quisque velit nisi, pretium ut lacinia in, elementum id enim. Pellentesque in ipsum id orci porta dapibus.<\/p>\n<p>[\/et_pb_blurb][et_pb_button button_url=&#8221;#&#8221; button_text=&#8221;Apply Today&#8221; button_alignment=&#8221;left&#8221; _builder_version=&#8221;4.16&#8243; custom_button=&#8221;on&#8221; button_text_size=&#8221;12px&#8221; button_text_color=&#8221;#fa6400&#8243; button_bg_color=&#8221;rgba(0,0,0,0)&#8221; button_border_width=&#8221;0px&#8221; button_border_radius=&#8221;0px&#8221; button_letter_spacing=&#8221;4px&#8221; button_font=&#8221;|700||on|||||&#8221; custom_padding=&#8221;0px|0px|0px|0px|true|true&#8221; box_shadow_style=&#8221;preset3&#8243; box_shadow_vertical=&#8221;47px&#8221; box_shadow_blur=&#8221;48px&#8221; box_shadow_spread=&#8221;0px&#8221; box_shadow_color=&#8221;rgba(100,146,188,0.15)&#8221; locked=&#8221;off&#8221; global_colors_info=&#8221;{}&#8221;][\/et_pb_button][\/et_pb_column][\/et_pb_row][et_pb_row _builder_version=&#8221;4.16&#8243; custom_padding=&#8221;1px|||||&#8221; global_colors_info=&#8221;{}&#8221;][et_pb_column type=&#8221;4_4&#8243; _builder_version=&#8221;4.16&#8243; global_colors_info=&#8221;{}&#8221;][et_pb_button button_url=&#8221;https:\/\/blogsaverroes.juntadeandalucia.es\/cemenriquegranados\/contacto\/&#8221; button_text=&#8221;\u00bfQu\u00e9 instrumento deseas tocar?&#8221; button_alignment=&#8221;center&#8221; _builder_version=&#8221;4.16&#8243; custom_button=&#8221;on&#8221; button_text_size=&#8221;12px&#8221; button_text_color=&#8221;#ffffff&#8221; button_bg_color=&#8221;#141414&#8243; button_border_width=&#8221;0px&#8221; button_border_radius=&#8221;0px&#8221; button_letter_spacing=&#8221;4px&#8221; button_font=&#8221;|700||on|||||&#8221; custom_padding=&#8221;18px|30px|18px|30px|true|true&#8221; box_shadow_style=&#8221;preset3&#8243; box_shadow_vertical=&#8221;47px&#8221; box_shadow_blur=&#8221;48px&#8221; box_shadow_spread=&#8221;0px&#8221; box_shadow_color=&#8221;rgba(100,146,188,0.15)&#8221; locked=&#8221;off&#8221; global_colors_info=&#8221;{}&#8221;][\/et_pb_button][\/et_pb_column][\/et_pb_row][\/et_pb_section][et_pb_section fb_built=&#8221;1&#8243; admin_label=&#8221;Footer&#8221; _builder_version=&#8221;4.16&#8243; background_color=&#8221;#141414&#8243; background_enable_image=&#8221;off&#8221; saved_tabs=&#8221;all&#8221; locked=&#8221;off&#8221; global_colors_info=&#8221;{}&#8221;][et_pb_row column_structure=&#8221;3_5,2_5&#8243; use_custom_gutter=&#8221;on&#8221; gutter_width=&#8221;2&#8243; _builder_version=&#8221;4.16&#8243; max_width=&#8221;80%&#8221; global_colors_info=&#8221;{}&#8221;][et_pb_column type=&#8221;3_5&#8243; _builder_version=&#8221;4.16&#8243; global_colors_info=&#8221;{}&#8221;][et_pb_text _builder_version=&#8221;4.16&#8243; link_font=&#8221;Inria Serif|700|||||||&#8221; link_text_color=&#8221;#ffffff&#8221; link_font_size=&#8221;40px&#8221; link_line_height=&#8221;1.2em&#8221; header_6_font=&#8221;|700||on|||||&#8221; header_6_text_color=&#8221;rgba(255,255,255,0.7)&#8221; header_6_letter_spacing=&#8221;4px&#8221; header_6_line_height=&#8221;1.8em&#8221; link_font_size_tablet=&#8221;30px&#8221; link_font_size_phone=&#8221;20px&#8221; link_font_size_last_edited=&#8221;on|phone&#8221; locked=&#8221;off&#8221; global_colors_info=&#8221;{}&#8221;]<\/p>\n<h6>Email<\/h6>\n<p><a href=\"#\">consercarolina@gmail.com<\/a>[\/et_pb_text][et_pb_text _builder_version=&#8221;4.16&#8243; link_font=&#8221;Inria Serif|700|||||||&#8221; link_text_color=&#8221;#ffffff&#8221; link_font_size=&#8221;40px&#8221; link_line_height=&#8221;1.2em&#8221; header_6_font=&#8221;|700||on|||||&#8221; header_6_text_color=&#8221;rgba(255,255,255,0.7)&#8221; header_6_letter_spacing=&#8221;4px&#8221; header_6_line_height=&#8221;1.8em&#8221; link_font_size_tablet=&#8221;30px&#8221; link_font_size_phone=&#8221;20px&#8221; link_font_size_last_edited=&#8221;on|phone&#8221; global_colors_info=&#8221;{}&#8221;]<\/p>\n<h6>TEL\u00c9FONO<\/h6>\n<p><a href=\"#\">(+34) 953 609 607<\/a>[\/et_pb_text][\/et_pb_column][et_pb_column type=&#8221;2_5&#8243; _builder_version=&#8221;4.16&#8243; global_colors_info=&#8221;{}&#8221;][et_pb_signup mailchimp_list=&#8221;SlavaET|77d8d81149&#8243; layout=&#8221;top_bottom&#8221; first_name_field=&#8221;off&#8221; last_name_field=&#8221;off&#8221; title=&#8221;Subscr\u00edbete para estar al d\u00eda de las novedades de nuestro conservatorio&#8221; _builder_version=&#8221;4.16&#8243; form_field_background_color=&#8221;rgba(255,255,255,0.1)&#8221; form_field_text_color=&#8221;#ffffff&#8221; form_field_custom_padding=&#8221;18px||18px||true|false&#8221; header_level=&#8221;h3&#8243; header_font=&#8221;Inria Serif|700|||||||&#8221; header_font_size=&#8221;40px&#8221; header_line_height=&#8221;1.1em&#8221; form_field_font=&#8221;|700||on|||||&#8221; form_field_font_size=&#8221;12px&#8221; form_field_letter_spacing=&#8221;4px&#8221; form_field_line_height=&#8221;2em&#8221; use_background_color=&#8221;off&#8221; custom_button=&#8221;on&#8221; button_text_size=&#8221;12px&#8221; button_text_color=&#8221;#000000&#8243; button_bg_color=&#8221;#ffffff&#8221; button_border_width=&#8221;0px&#8221; button_border_radius=&#8221;0px&#8221; button_letter_spacing=&#8221;4px&#8221; button_font=&#8221;|700||on|||||&#8221; button_custom_padding=&#8221;18px|30px|18px|30px|true|true&#8221; header_font_size_tablet=&#8221;30px&#8221; header_font_size_phone=&#8221;20px&#8221; header_font_size_last_edited=&#8221;on|phone&#8221; border_radii_fields=&#8221;on|0px|0px|0px|0px&#8221; box_shadow_style_button=&#8221;preset3&#8243; box_shadow_vertical_button=&#8221;47px&#8221; box_shadow_blur_button=&#8221;48px&#8221; box_shadow_spread_button=&#8221;0px&#8221; box_shadow_color_button=&#8221;rgba(100,146,188,0.1)&#8221; locked=&#8221;off&#8221; global_colors_info=&#8221;{}&#8221;][\/et_pb_signup][\/et_pb_column][\/et_pb_row][et_pb_row column_structure=&#8221;1_4,1_4,1_4,1_4&#8243; use_custom_gutter=&#8221;on&#8221; _builder_version=&#8221;4.16&#8243; max_width=&#8221;80%&#8221; custom_margin=&#8221;2%||||false|false&#8221; global_colors_info=&#8221;{}&#8221;][et_pb_column type=&#8221;1_4&#8243; _builder_version=&#8221;4.16&#8243; global_colors_info=&#8221;{}&#8221;][et_pb_text _builder_version=&#8221;4.16&#8243; text_text_color=&#8221;#ffffff&#8221; text_font_size=&#8221;16px&#8221; text_line_height=&#8221;1.8em&#8221; header_6_font=&#8221;|700||on|||||&#8221; header_6_text_color=&#8221;rgba(255,255,255,0.7)&#8221; header_6_letter_spacing=&#8221;4px&#8221; header_6_line_height=&#8221;1.8em&#8221; background_layout=&#8221;dark&#8221; text_font_size_tablet=&#8221;&#8221; text_font_size_phone=&#8221;14px&#8221; text_font_size_last_edited=&#8221;on|phone&#8221; locked=&#8221;off&#8221; global_colors_info=&#8221;{}&#8221;]<\/p>\n<h6>Direcci\u00f3n<\/h6>\n<p>C\/Cervantes, 14, 23200<\/p>\n<p>La Carolina (Ja\u00e9n)<\/p>\n<p>[\/et_pb_text][et_pb_text _builder_version=&#8221;4.16&#8243; text_text_color=&#8221;#ffffff&#8221; text_font_size=&#8221;16px&#8221; text_line_height=&#8221;1.8em&#8221; header_6_font=&#8221;|700||on|||||&#8221; header_6_text_color=&#8221;rgba(255,255,255,0.7)&#8221; header_6_letter_spacing=&#8221;4px&#8221; header_6_line_height=&#8221;1.8em&#8221; background_layout=&#8221;dark&#8221; text_font_size_tablet=&#8221;&#8221; text_font_size_phone=&#8221;14px&#8221; text_font_size_last_edited=&#8221;on|phone&#8221; locked=&#8221;off&#8221; global_colors_info=&#8221;{}&#8221;]<\/p>\n<h6>Horario<\/h6>\n<p>Mi\u00e9rcoles y Viernes: 9:00 \u2013 14:00<\/p>\n<p>Lunes &#8211; Viernes: 16:00 &#8211; 21:00<\/p>\n<p><span style=\"font-size: 16px\">S\u00e1bado y Domingo: Cerrado<\/span><\/p>\n<p>[\/et_pb_text][\/et_pb_column][et_pb_column type=&#8221;1_4&#8243; _builder_version=&#8221;4.16&#8243; global_colors_info=&#8221;{}&#8221;][et_pb_text _builder_version=&#8221;4.16&#8243; text_text_color=&#8221;#ffffff&#8221; text_font_size=&#8221;16px&#8221; text_line_height=&#8221;1.8em&#8221; header_6_font=&#8221;|700||on|||||&#8221; header_6_text_color=&#8221;rgba(255,255,255,0.7)&#8221; header_6_letter_spacing=&#8221;4px&#8221; header_6_line_height=&#8221;1.8em&#8221; background_layout=&#8221;dark&#8221; text_font_size_tablet=&#8221;&#8221; text_font_size_phone=&#8221;14px&#8221; text_font_size_last_edited=&#8221;on|phone&#8221; locked=&#8221;off&#8221; global_colors_info=&#8221;{}&#8221;]<\/p>\n<h6>Enlaces de inter\u00e9s<\/h6>\n<ul>\n<li><span style=\"color: #ffffff\"><a href=\"https:\/\/apps.apple.com\/es\/app\/ipasen\/id511127024?l=en\" target=\"_blank\" rel=\"noopener noreferrer\" style=\"color: #ffffff\">IPASEN M\u00d3VIL APP IOS<\/a><\/span><\/li>\n<li><span style=\"color: #ffffff\"><a href=\"https:\/\/play.google.com\/store\/apps\/details?id=juntadeandalucia.ced.pasen\" target=\"_blank\" rel=\"noopener noreferrer\" style=\"color: #ffffff\">IPASEN M\u00d3VIL APP ANDROID<\/a><\/span><\/li>\n<\/ul>\n<p>&nbsp;<\/p>\n<h6>AVISOS LEGALES<\/h6>\n<ul>\n<li><span style=\"color: #ffffff\"><a href=\"https:\/\/blogsaverroes.juntadeandalucia.es\/cemenriquegranados\/politica-de-privacidad\/\" style=\"color: #ffffff\">Pol\u00edtica de privacidad | T\u00e9rminos de Uso | Pol\u00edtica de Cookies<\/a><\/span><\/li>\n<li><span style=\"color: #ffffff\"><a href=\"https:\/\/www.juntadeandalucia.es\/protecciondedatos.html\" target=\"_blank\" rel=\"noopener noreferrer\" style=\"color: #ffffff\">Acceso a la Protecci\u00f3n de datos JJ.AA<\/a><\/span><\/li>\n<\/ul>\n<p>[\/et_pb_text][\/et_pb_column][et_pb_column type=&#8221;1_4&#8243; _builder_version=&#8221;4.16&#8243; global_colors_info=&#8221;{}&#8221;][et_pb_text _builder_version=&#8221;4.16&#8243; text_text_color=&#8221;#ffffff&#8221; text_font_size=&#8221;16px&#8221; text_line_height=&#8221;1.8em&#8221; header_6_font=&#8221;|700||on|||||&#8221; header_6_text_color=&#8221;rgba(255,255,255,0.7)&#8221; header_6_letter_spacing=&#8221;4px&#8221; header_6_line_height=&#8221;1.8em&#8221; background_layout=&#8221;dark&#8221; text_font_size_tablet=&#8221;&#8221; text_font_size_phone=&#8221;14px&#8221; text_font_size_last_edited=&#8221;on|phone&#8221; locked=&#8221;off&#8221; global_colors_info=&#8221;{}&#8221;]<\/p>\n<h6>\u00faltimas noticias<\/h6>\n<ul>\n<li>PLAZO DE PREINSCRIPCI\u00d3N 1 AL 30 DE ABRIL \u2013 ENSE\u00d1ANZA OFICIAL<\/li>\n<li>TRES TARDES DE M\u00daSICA EN LA PLAZA<\/li>\n<li>QU\u00c9 HAY QUE HACER PARA APUNTARSE AL CONSERVATORIO<\/li>\n<\/ul>\n<p>[\/et_pb_text][\/et_pb_column][et_pb_column type=&#8221;1_4&#8243; _builder_version=&#8221;4.16&#8243; global_colors_info=&#8221;{}&#8221;][et_pb_text _builder_version=&#8221;4.16&#8243; text_text_color=&#8221;#ffffff&#8221; text_font_size=&#8221;16px&#8221; text_line_height=&#8221;2em&#8221; header_6_font=&#8221;|700||on|||||&#8221; header_6_text_color=&#8221;rgba(255,255,255,0.7)&#8221; header_6_letter_spacing=&#8221;4px&#8221; header_6_line_height=&#8221;1.8em&#8221; background_layout=&#8221;dark&#8221; locked=&#8221;off&#8221; global_colors_info=&#8221;{}&#8221;]<\/p>\n<h6>S\u00cdGUENOS<\/h6>\n<p>[\/et_pb_text][et_pb_social_media_follow use_icon_font_size=&#8221;on&#8221; _builder_version=&#8221;4.16&#8243; background_enable_color=&#8221;off&#8221; text_orientation=&#8221;left&#8221; global_colors_info=&#8221;{}&#8221;][et_pb_social_media_follow_network social_network=&#8221;facebook&#8221; url=&#8221;https:\/\/www.facebook.com\/cemenriquegranados.lacarolina&#8221; _builder_version=&#8221;4.16&#8243; background_enable_color=&#8221;off&#8221; global_colors_info=&#8221;{}&#8221; follow_button=&#8221;off&#8221; url_new_window=&#8221;on&#8221;]facebook[\/et_pb_social_media_follow_network][et_pb_social_media_follow_network social_network=&#8221;instagram&#8221; url=&#8221;https:\/\/www.instagram.com\/conservatorioenriquegranados\/&#8221; _builder_version=&#8221;4.16&#8243; background_color=&#8221;#ea2c59&#8243; background_enable_color=&#8221;off&#8221; global_colors_info=&#8221;{}&#8221; follow_button=&#8221;off&#8221; url_new_window=&#8221;on&#8221;]instagram[\/et_pb_social_media_follow_network][et_pb_social_media_follow_network social_network=&#8221;youtube&#8221; url=&#8221;https:\/\/www.youtube.com\/channel\/UCupZBlj3ghEmoJ4RAgXCvmw&#8221; _builder_version=&#8221;4.16&#8243; background_enable_color=&#8221;off&#8221; global_colors_info=&#8221;{}&#8221; follow_button=&#8221;off&#8221; url_new_window=&#8221;on&#8221;]youtube[\/et_pb_social_media_follow_network][\/et_pb_social_media_follow][\/et_pb_column][\/et_pb_row][\/et_pb_section]<\/p>\n","protected":false},"excerpt":{"rendered":"<p>Flauta Travesera La flauta travesera, traversa o transversal es un instrumento musical de viento-madera, junto con las familias del clarinete, el oboe y el fagot. Hoy en d\u00eda se fabrican en metal e incluso en plata, n\u00edquel, titanio, platino y oro. Se siguen incluyendo en su clasificaci\u00f3n original por su timbre particular. En la clasificaci\u00f3n [&hellip;]<\/p>\n","protected":false},"author":13200,"featured_media":0,"parent":0,"menu_order":0,"comment_status":"closed","ping_status":"closed","template":"","meta":{"_et_pb_use_builder":"on","_et_pb_old_content":"","_et_gb_content_width":"","ngg_post_thumbnail":0,"footnotes":""},"aioseo_notices":[],"_links":{"self":[{"href":"https:\/\/blogsaverroes.juntadeandalucia.es\/cemenriquegranados\/wp-json\/wp\/v2\/pages\/787"}],"collection":[{"href":"https:\/\/blogsaverroes.juntadeandalucia.es\/cemenriquegranados\/wp-json\/wp\/v2\/pages"}],"about":[{"href":"https:\/\/blogsaverroes.juntadeandalucia.es\/cemenriquegranados\/wp-json\/wp\/v2\/types\/page"}],"author":[{"embeddable":true,"href":"https:\/\/blogsaverroes.juntadeandalucia.es\/cemenriquegranados\/wp-json\/wp\/v2\/users\/13200"}],"replies":[{"embeddable":true,"href":"https:\/\/blogsaverroes.juntadeandalucia.es\/cemenriquegranados\/wp-json\/wp\/v2\/comments?post=787"}],"version-history":[{"count":32,"href":"https:\/\/blogsaverroes.juntadeandalucia.es\/cemenriquegranados\/wp-json\/wp\/v2\/pages\/787\/revisions"}],"predecessor-version":[{"id":1975,"href":"https:\/\/blogsaverroes.juntadeandalucia.es\/cemenriquegranados\/wp-json\/wp\/v2\/pages\/787\/revisions\/1975"}],"wp:attachment":[{"href":"https:\/\/blogsaverroes.juntadeandalucia.es\/cemenriquegranados\/wp-json\/wp\/v2\/media?parent=787"}],"curies":[{"name":"wp","href":"https:\/\/api.w.org\/{rel}","templated":true}]}}