{"id":58,"date":"2020-01-10T07:56:04","date_gmt":"2020-01-10T06:56:04","guid":{"rendered":"http:\/\/blogsaverroes.juntadeandalucia.es\/pre\/nuevoiesv2\/?page_id=58"},"modified":"2025-07-01T09:21:26","modified_gmt":"2025-07-01T07:21:26","slug":"matriculacion","status":"publish","type":"page","link":"https:\/\/blogsaverroes.juntadeandalucia.es\/cemlapalmera\/matriculacion\/","title":{"rendered":"Matriculaci\u00f3n"},"content":{"rendered":"<p>[et_pb_section fb_built=&#8221;1&#8243; _builder_version=&#8221;4.16&#8243; custom_padding=&#8221;0px||0px|&#8221; z_index_tablet=&#8221;500&#8243; box_shadow_horizontal_tablet=&#8221;0px&#8221; box_shadow_vertical_tablet=&#8221;0px&#8221; box_shadow_blur_tablet=&#8221;40px&#8221; box_shadow_spread_tablet=&#8221;0px&#8221; global_colors_info=&#8221;{}&#8221;][et_pb_row _builder_version=&#8221;4.16&#8243; background_size=&#8221;initial&#8221; background_position=&#8221;top_left&#8221; background_repeat=&#8221;repeat&#8221; global_colors_info=&#8221;{}&#8221;][et_pb_column type=&#8221;4_4&#8243; _builder_version=&#8221;4.16&#8243; custom_padding=&#8221;|||&#8221; global_colors_info=&#8221;{}&#8221; custom_padding__hover=&#8221;|||&#8221;][et_pb_image title_text=&#8221;ADMIS&#8221; admin_label=&#8221;Imagen de la portada&#8221; _builder_version=&#8221;4.16&#8243; vertical_offset_tablet=&#8221;0&#8243; horizontal_offset_tablet=&#8221;0&#8243; z_index_tablet=&#8221;500&#8243; box_shadow_horizontal_tablet=&#8221;0px&#8221; box_shadow_vertical_tablet=&#8221;0px&#8221; box_shadow_blur_tablet=&#8221;40px&#8221; box_shadow_spread_tablet=&#8221;0px&#8221; global_colors_info=&#8221;{}&#8221;][\/et_pb_image][et_pb_text admin_label=&#8221;Texto descriptivo&#8221; _builder_version=&#8221;4.16&#8243; text_text_color=&#8221;#000000&#8243; header_text_color=&#8221;#000000&#8243; z_index_tablet=&#8221;500&#8243; text_text_shadow_horizontal_length_tablet=&#8221;0px&#8221; text_text_shadow_vertical_length_tablet=&#8221;0px&#8221; text_text_shadow_blur_strength_tablet=&#8221;1px&#8221; link_text_shadow_horizontal_length_tablet=&#8221;0px&#8221; link_text_shadow_vertical_length_tablet=&#8221;0px&#8221; link_text_shadow_blur_strength_tablet=&#8221;1px&#8221; ul_text_shadow_horizontal_length_tablet=&#8221;0px&#8221; ul_text_shadow_vertical_length_tablet=&#8221;0px&#8221; ul_text_shadow_blur_strength_tablet=&#8221;1px&#8221; ol_text_shadow_horizontal_length_tablet=&#8221;0px&#8221; ol_text_shadow_vertical_length_tablet=&#8221;0px&#8221; ol_text_shadow_blur_strength_tablet=&#8221;1px&#8221; quote_text_shadow_horizontal_length_tablet=&#8221;0px&#8221; quote_text_shadow_vertical_length_tablet=&#8221;0px&#8221; quote_text_shadow_blur_strength_tablet=&#8221;1px&#8221; header_text_shadow_horizontal_length_tablet=&#8221;0px&#8221; header_text_shadow_vertical_length_tablet=&#8221;0px&#8221; header_text_shadow_blur_strength_tablet=&#8221;1px&#8221; header_2_text_shadow_horizontal_length_tablet=&#8221;0px&#8221; header_2_text_shadow_vertical_length_tablet=&#8221;0px&#8221; header_2_text_shadow_blur_strength_tablet=&#8221;1px&#8221; header_3_text_shadow_horizontal_length_tablet=&#8221;0px&#8221; header_3_text_shadow_vertical_length_tablet=&#8221;0px&#8221; header_3_text_shadow_blur_strength_tablet=&#8221;1px&#8221; header_4_text_shadow_horizontal_length_tablet=&#8221;0px&#8221; header_4_text_shadow_vertical_length_tablet=&#8221;0px&#8221; header_4_text_shadow_blur_strength_tablet=&#8221;1px&#8221; header_5_text_shadow_horizontal_length_tablet=&#8221;0px&#8221; header_5_text_shadow_vertical_length_tablet=&#8221;0px&#8221; header_5_text_shadow_blur_strength_tablet=&#8221;1px&#8221; header_6_text_shadow_horizontal_length_tablet=&#8221;0px&#8221; header_6_text_shadow_vertical_length_tablet=&#8221;0px&#8221; header_6_text_shadow_blur_strength_tablet=&#8221;1px&#8221; box_shadow_horizontal_tablet=&#8221;0px&#8221; box_shadow_vertical_tablet=&#8221;0px&#8221; box_shadow_blur_tablet=&#8221;40px&#8221; box_shadow_spread_tablet=&#8221;0px&#8221; global_colors_info=&#8221;{}&#8221;]<\/p>\n<p><img loading=\"lazy\" decoding=\"async\" class=\"aligncenter wp-image-613 size-full\" src=\"https:\/\/blogsaverroes.juntadeandalucia.es\/cemlapalmera\/files\/2021\/11\/logo_secretariavirtual.png\" alt=\"\" width=\"730\" height=\"197\" srcset=\"https:\/\/blogsaverroes.juntadeandalucia.es\/cemlapalmera\/files\/2021\/11\/logo_secretariavirtual.png 730w, https:\/\/blogsaverroes.juntadeandalucia.es\/cemlapalmera\/files\/2021\/11\/logo_secretariavirtual-480x130.png 480w\" sizes=\"(min-width: 0px) and (max-width: 480px) 480px, (min-width: 481px) 730px, 100vw\" \/><\/p>\n<p style=\"text-align: center\"><span style=\"font-size: 24pt;color: #000000\"><strong>MATRICULACI\u00d3N DEL 1 AL 10 DE JULIO<\/strong><\/span><\/p>\n<p style=\"text-align: center\"><span style=\"font-size: 24pt;color: #000000\"><strong>HORARIO DE ATENCI\u00d3N DE 10H A 13H<\/strong><\/span><\/p>\n<p>&nbsp;<\/p>\n<p>[\/et_pb_text][et_pb_text disabled_on=&#8221;on|on|on&#8221; admin_label=&#8221;Texto descriptivo&#8221; _builder_version=&#8221;4.16&#8243; text_text_color=&#8221;#000000&#8243; header_text_color=&#8221;#000000&#8243; z_index_tablet=&#8221;500&#8243; text_text_shadow_horizontal_length_tablet=&#8221;0px&#8221; text_text_shadow_vertical_length_tablet=&#8221;0px&#8221; text_text_shadow_blur_strength_tablet=&#8221;1px&#8221; link_text_shadow_horizontal_length_tablet=&#8221;0px&#8221; link_text_shadow_vertical_length_tablet=&#8221;0px&#8221; link_text_shadow_blur_strength_tablet=&#8221;1px&#8221; ul_text_shadow_horizontal_length_tablet=&#8221;0px&#8221; ul_text_shadow_vertical_length_tablet=&#8221;0px&#8221; ul_text_shadow_blur_strength_tablet=&#8221;1px&#8221; ol_text_shadow_horizontal_length_tablet=&#8221;0px&#8221; ol_text_shadow_vertical_length_tablet=&#8221;0px&#8221; ol_text_shadow_blur_strength_tablet=&#8221;1px&#8221; quote_text_shadow_horizontal_length_tablet=&#8221;0px&#8221; quote_text_shadow_vertical_length_tablet=&#8221;0px&#8221; quote_text_shadow_blur_strength_tablet=&#8221;1px&#8221; header_text_shadow_horizontal_length_tablet=&#8221;0px&#8221; header_text_shadow_vertical_length_tablet=&#8221;0px&#8221; header_text_shadow_blur_strength_tablet=&#8221;1px&#8221; header_2_text_shadow_horizontal_length_tablet=&#8221;0px&#8221; header_2_text_shadow_vertical_length_tablet=&#8221;0px&#8221; header_2_text_shadow_blur_strength_tablet=&#8221;1px&#8221; header_3_text_shadow_horizontal_length_tablet=&#8221;0px&#8221; header_3_text_shadow_vertical_length_tablet=&#8221;0px&#8221; header_3_text_shadow_blur_strength_tablet=&#8221;1px&#8221; header_4_text_shadow_horizontal_length_tablet=&#8221;0px&#8221; header_4_text_shadow_vertical_length_tablet=&#8221;0px&#8221; header_4_text_shadow_blur_strength_tablet=&#8221;1px&#8221; header_5_text_shadow_horizontal_length_tablet=&#8221;0px&#8221; header_5_text_shadow_vertical_length_tablet=&#8221;0px&#8221; header_5_text_shadow_blur_strength_tablet=&#8221;1px&#8221; header_6_text_shadow_horizontal_length_tablet=&#8221;0px&#8221; header_6_text_shadow_vertical_length_tablet=&#8221;0px&#8221; header_6_text_shadow_blur_strength_tablet=&#8221;1px&#8221; box_shadow_horizontal_tablet=&#8221;0px&#8221; box_shadow_vertical_tablet=&#8221;0px&#8221; box_shadow_blur_tablet=&#8221;40px&#8221; box_shadow_spread_tablet=&#8221;0px&#8221; disabled=&#8221;on&#8221; global_colors_info=&#8221;{}&#8221;]<\/p>\n<p><span style=\"font-weight: 400;font-size: 14pt\">Desde la Consejer\u00eda de Educaci\u00f3n nos indican que van a habilitar el procedimiento a trav\u00e9s de la <a href=\"https:\/\/www.juntadeandalucia.es\/educacion\/secretariavirtual\/\"><strong>SECRETAR\u00cdA VIRTUAL<\/strong><\/a>. Hasta el d\u00eda 1 de julio no podremos acceder a la aplicaci\u00f3n, por lo que hasta ese momento no podremos facilitaros m\u00e1s instrucciones.<\/span><\/p>\n<p><span style=\"font-size: 14pt\"><span style=\"font-weight: 400\">Asimismo, antes del 11 de julio, TODO EL ALUMNADO debe rellenar este <a href=\"https:\/\/forms.gle\/FBRAgG7sUPTkfM397\"><strong>FORMULARIO<\/strong><\/a><\/span><span style=\"font-weight: 400\">&nbsp;para la confecci\u00f3n de horarios y actualizaci\u00f3n de sus datos para comunicaciones de centro y tutor\u00edas electr\u00f3nicas.<\/span><\/span><\/p>\n<p>[\/et_pb_text][et_pb_text admin_label=&#8221;Texto descriptivo&#8221; _builder_version=&#8221;4.24.2&#8243; text_text_color=&#8221;#000000&#8243; header_text_color=&#8221;#000000&#8243; hover_enabled=&#8221;0&#8243; z_index_tablet=&#8221;500&#8243; text_text_shadow_horizontal_length_tablet=&#8221;0px&#8221; text_text_shadow_vertical_length_tablet=&#8221;0px&#8221; text_text_shadow_blur_strength_tablet=&#8221;1px&#8221; link_text_shadow_horizontal_length_tablet=&#8221;0px&#8221; link_text_shadow_vertical_length_tablet=&#8221;0px&#8221; link_text_shadow_blur_strength_tablet=&#8221;1px&#8221; ul_text_shadow_horizontal_length_tablet=&#8221;0px&#8221; ul_text_shadow_vertical_length_tablet=&#8221;0px&#8221; ul_text_shadow_blur_strength_tablet=&#8221;1px&#8221; ol_text_shadow_horizontal_length_tablet=&#8221;0px&#8221; ol_text_shadow_vertical_length_tablet=&#8221;0px&#8221; ol_text_shadow_blur_strength_tablet=&#8221;1px&#8221; quote_text_shadow_horizontal_length_tablet=&#8221;0px&#8221; quote_text_shadow_vertical_length_tablet=&#8221;0px&#8221; quote_text_shadow_blur_strength_tablet=&#8221;1px&#8221; header_text_shadow_horizontal_length_tablet=&#8221;0px&#8221; header_text_shadow_vertical_length_tablet=&#8221;0px&#8221; header_text_shadow_blur_strength_tablet=&#8221;1px&#8221; header_2_text_shadow_horizontal_length_tablet=&#8221;0px&#8221; header_2_text_shadow_vertical_length_tablet=&#8221;0px&#8221; header_2_text_shadow_blur_strength_tablet=&#8221;1px&#8221; header_3_text_shadow_horizontal_length_tablet=&#8221;0px&#8221; header_3_text_shadow_vertical_length_tablet=&#8221;0px&#8221; header_3_text_shadow_blur_strength_tablet=&#8221;1px&#8221; header_4_text_shadow_horizontal_length_tablet=&#8221;0px&#8221; header_4_text_shadow_vertical_length_tablet=&#8221;0px&#8221; header_4_text_shadow_blur_strength_tablet=&#8221;1px&#8221; header_5_text_shadow_horizontal_length_tablet=&#8221;0px&#8221; header_5_text_shadow_vertical_length_tablet=&#8221;0px&#8221; header_5_text_shadow_blur_strength_tablet=&#8221;1px&#8221; header_6_text_shadow_horizontal_length_tablet=&#8221;0px&#8221; header_6_text_shadow_vertical_length_tablet=&#8221;0px&#8221; header_6_text_shadow_blur_strength_tablet=&#8221;1px&#8221; box_shadow_horizontal_tablet=&#8221;0px&#8221; box_shadow_vertical_tablet=&#8221;0px&#8221; box_shadow_blur_tablet=&#8221;40px&#8221; box_shadow_spread_tablet=&#8221;0px&#8221; global_colors_info=&#8221;{}&#8221; sticky_enabled=&#8221;0&#8243;]<\/p>\n<p><span style=\"font-size: 18.6667px\">Como en a\u00f1os anteriores, la matriculaci\u00f3n para el curso 2025-26 se efectuar\u00e1 de manera preferente a trav\u00e9s de la <a href=\"https:\/\/www.juntadeandalucia.es\/educacion\/secretariavirtual\/solicitudes\/\"><strong>SECRETARIA VIRTUAL<\/strong><\/a>. Recordad que pod\u00e9is acceder directamente desde iPasen.<\/span><\/p>\n<p><span style=\"font-size: 18.6667px\">Os dejamos un <span style=\"font-size: 14pt\"><span style=\"font-weight: 400\"><a href=\"https:\/\/docs.google.com\/file\/d\/1-cP4y-6rYpjcz-c5CyH6xa1ybXl_X09q\/view\"><strong> TUTORIAL<\/strong><\/a> que hemos elaborado para guiaros durante el proceso.<\/span><\/span><\/span><\/p>\n<p><span style=\"font-size: 14pt\"><span style=\"font-weight: 400\">Este a\u00f1o no habr\u00e1 formulario externo para la confecci\u00f3n de horarios. Toda la informaci\u00f3n complementaria para la configuraci\u00f3n de los grupos se incluir\u00e1 en el mismo sobre de matr\u00edcula. Os dejamos aqu\u00ed algunas <a href=\"https:\/\/docs.google.com\/file\/d\/1FUDXkJ8T1ZeYgcexWgz4WLfotZ9pxny3UDeZvmye5bs\/view\"><strong>CONSIDERACIONES<\/strong><\/a> sobre la asignaci\u00f3n de los horarios.<\/span><\/span><\/p>\n<p><span style=\"font-size: 14pt\"><span style=\"font-weight: 400\">Tambi\u00e9n os hacemos llegar la informaci\u00f3n que nos env\u00eda la <strong><a href=\"https:\/\/blogsaverroes.juntadeandalucia.es\/cemlapalmera\/ampa\/\">AMPA Molto Andante<\/a><\/strong>. Os animamos a asociaros para contribuir a dinamizar el centro y la vida musical de nuestro alumnado.<\/span><\/span><\/p>\n<p>&nbsp;<\/p>\n<p><span style=\"font-size: 14pt\"><span style=\"font-weight: 400\">Para el <strong>ALUMNADO DE NUEVO INGRESO<\/strong>, os compartimos <a href=\"https:\/\/docs.google.com\/file\/d\/1OP9EITW-okaTL8WIJOKn8i2A7uJkc0EY\/view\"><strong>en este enlace <\/strong><\/a>algunas consideraciones de inter\u00e9s.<\/span><\/span><\/p>\n<p>&nbsp;<\/p>\n<p><strong><span style=\"font-size: 14pt\">PAGO DE LA MATR\u00cdCULA<\/span><\/strong><\/p>\n<p><a href=\"https:\/\/docs.google.com\/file\/d\/1wCVDrZEaIx35ypAk_I24JEbaOUhLk7ZGvbC42KugjTI\/view\"><span style=\"font-size: 14pt\"><strong>ACCESO AL IMPORTE DE LAS TASAS POR CURSOS Y SUPUESTOS<\/strong><\/span><\/a><\/p>\n<p><a href=\"https:\/\/drive.google.com\/file\/d\/1cwspL0gJiGxEL_vbjqnDUJuknzjUlc2k\/view?usp=sharing\"><span style=\"font-size: 14pt\"><strong>ACCESO A LA NUEVA NORMATIVA SOBRE FRACCIONAMIENTO DE PAGO Y BONIFICACIONES<\/strong><\/span><\/a><\/p>\n<ul>\n<li><span style=\"font-size: 14pt\">Quien solicite bonificaci\u00f3n de las tasas acad\u00e9micas deber\u00e1 presentar el carn\u00e9 de familia numerosa.<\/span><\/li>\n<li><span style=\"font-size: 14pt\">El pago puede fraccionarse en dos plazos (PLAZO 1 al presentar la matr\u00edcula y PLAZO 2 entre el 16 y el 31 de enero). En caso de optar por el pago fraccionado, debe firmarse un compromiso de pago del segundo importe y abonarlo dentro del segundo plazo sin necesidad de requerimiento por parte del centro. <strong>En caso de no realizar el segundo pago en plazo y enviar el resguardo al centro, el sistema dar\u00e1 autom\u00e1ticamente de baja la matr\u00edcula dej\u00e1ndola sin efecto.<\/strong><\/span><\/li>\n<\/ul>\n<p>&nbsp;<\/p>\n<p><strong><span style=\"font-size: 14pt\">MODELOS, CONCEPTOS Y C\u00d3DIGOS<\/span><\/strong><\/p>\n<ul>\n<li><a href=\"https:\/\/www.juntadeandalucia.es\/economiayhacienda\/apl\/surweb\/modelos\/modelo169\/169.jsp\"><span style=\"font-size: 14pt\">Modelo 169<\/span><\/a>.<span style=\"font-size: 14pt\"> (Documento de pago de tasas). <a href=\"https:\/\/drive.google.com\/file\/d\/1bc5BB4y7JvUl4C5qWgpGulIuuOaVssUw\/view?usp=sharing\">Instrucciones para su cumplimentaci\u00f3n<\/a><\/span>.&nbsp;<\/li>\n<li><span style=\"font-size: 14pt\">Modelo 909 (Carta de pago en oficinas bancarias)<\/span><\/li>\n<li><span style=\"font-size: 14pt\">C\u00f3digo territorial del CEM La Palmera: ED4125<\/span><\/li>\n<li><span style=\"font-size: 14pt\">Concepto de pago por matriculaci\u00f3n: 32EB<\/span><\/li>\n<\/ul>\n<p>&nbsp;<\/p>\n<blockquote>\n<p><a href=\"https:\/\/docs.google.com\/file\/d\/1g0ASygDCH3mUIPnWCyVQOfY10nc-eUn2\/view\"><strong><span style=\"font-size: 24pt\">M\u00c1S INFORMACI\u00d3N<\/span><\/strong><\/a><\/p>\n<\/blockquote>\n<p>[\/et_pb_text][et_pb_accordion open_toggle_text_color=&#8221;#FFFFFF&#8221; closed_toggle_text_color=&#8221;#0C71C3&#8243; use_icon_font_size=&#8221;on&#8221; disabled_on=&#8221;on|on|on&#8221; _builder_version=&#8221;4.16&#8243; _module_preset=&#8221;default&#8221; toggle_text_color=&#8221;#000000&#8243; body_text_color=&#8221;#000000&#8243; custom_padding_tablet=&#8221;&#8221; custom_padding_phone=&#8221;&#8221; custom_padding_last_edited=&#8221;on|tablet&#8221; border_width_all=&#8221;0px&#8221; border_style_all=&#8221;none&#8221; disabled=&#8221;on&#8221; global_colors_info=&#8221;{}&#8221;][et_pb_accordion_item title=&#8221;Instrucciones de matriculaci\u00f3n para nuevo alumnado&#8221; open=&#8221;on&#8221; closed_toggle_text_color=&#8221;#0c71c3&#8243; _builder_version=&#8221;4.16&#8243; _module_preset=&#8221;default&#8221; global_colors_info=&#8221;{}&#8221;]<\/p>\n<p>&nbsp;<\/p>\n<p>&nbsp;<\/p>\n<p><span style=\"font-size: 12pt;color: #000000\"><strong>ADJUDICACI\u00d3N DE PLAZAS<\/strong><\/span><\/p>\n<p><span style=\"color: #000000\">Tras la primera adjudicaci\u00f3n el d\u00eda 15 de junio, el alumnado que haya obtenido plaza en el instrumento solicitado en primer lugar estar\u00e1 obligado a formalizar la matr\u00edcula siguiendo el calendario general.<\/span><\/p>\n<p><span style=\"color: #000000\">El alumnado admitido que NO haya obtenido plaza en el instrumento solicitado en primer lugar podr\u00e1 optar entre las siguientes opciones:<\/span><\/p>\n<ul>\n<li><span style=\"color: #000000\">Formalizar la matr\u00edcula en el instrumento adjudicado. Finalizar\u00eda aqu\u00ed el procedimiento.<\/span><\/li>\n<li><span style=\"color: #000000\">Realizar reserva de plaza, en espera de obtener otro m\u00e1s favorable en la segunda adjudicaci\u00f3n (seg\u00fan las preferencias consignadas en su solicitud). El instrumento obtenido en segunda adjudicaci\u00f3n ser\u00e1 el definitivo y no podr\u00e1 retornar al asignado en la primera adjudicaci\u00f3n.<\/span><\/li>\n<li><span style=\"color: #000000\">Si no se ejercen ninguna de las opciones por la persona solicitante, se la dar\u00e1 por desistida en el procedimiento de adjudicaci\u00f3n.<\/span><\/li>\n<\/ul>\n<p><span style=\"color: #000000\">El alumnado que no consiga plaza en ninguna de las dos adjudicaciones, quedar\u00e1 en una lista de espera y podr\u00e1 ser llamado hasta finalizar el mes de noviembre de 2021.<\/span><\/p>\n<p><span style=\"font-size: 12pt;color: #000000\"><strong>FORMULARIO DE MATRICULACI\u00d3N Y DOCUMENTACI\u00d3N A PRESENTAR<\/strong><\/span><\/p>\n<p><span style=\"color: #000000\">Documentaci\u00f3n a presentar a trav\u00e9s del registro de la PRESENTACI\u00d3N ELECTR\u00d3NICA GENERAL de la Secretar\u00eda Virtual de los centros educativos andaluces (c\u00f3digo de centro: 41700294)<\/span><\/p>\n<ul>\n<li><span style=\"color: #000000\">IMPRESO DE MATR\u00cdCULA o RESERVA DE PLAZA (descargar para rellenar, firmar y adjuntar el documento que corresponda).<\/span><\/li>\n<li><span style=\"color: #000000\">IMPRESO 046. Una vez cumplimentado y pagado, tendr\u00e1 que adjuntarlo en formato PDF. Para su cumplimentaci\u00f3n, utilice los siguientes c\u00f3digos: C\u00f3digo territorial ED4125 y Concepto 0026. El importe de las tasas para este curso es de 113,73\u20ac (56,87\u20ac para familia numerosa). El pago de tasas pueden hacerlo de forma online y conllevar\u00e1 un descuento autom\u00e1tico del 10% del total de la matr\u00edcula.<\/span><\/li>\n<li><span style=\"color: #000000\">DOCUMENTACI\u00d3N ACREDITATIVA DE FAMILIA NUMEROSA, si procede.<\/span><\/li>\n<\/ul>\n<p><span style=\"color: #000000\">Asimismo, antes del 10 de julio, todo el alumnado debe rellenar este <span style=\"color: #00ccff\"><strong><a style=\"color: #00ccff\" href=\"https:\/\/docs.google.com\/forms\/d\/e\/1FAIpQLScUzzgHFgTmsi_iB1Lk1HYyjwQX3eWJTqEEOkwd9yS_Kg1rGg\/viewform\">FORMULARIO<\/a><\/strong><\/span> para la confecci\u00f3n de horarios y actualizaci\u00f3n de sus datos para comunicaciones de centro y tutor\u00edas electr\u00f3nicas.<\/span><\/p>\n<p><span style=\"font-size: 12pt;color: #000000\"><strong>CONFIRMACI\u00d3N DE LA MATR\u00cdCULA<\/strong><\/span><\/p>\n<p><span style=\"color: #000000\">Solo se considerar\u00e1 presentada la matr\u00edcula cuando el centro responda por correo electr\u00f3nico a la direcci\u00f3n consignada en el formulario como acuse de recibo de dicha presentaci\u00f3n.<\/span><\/p>\n<p>[\/et_pb_accordion_item][et_pb_accordion_item title=&#8221;Instrucciones de matriculaci\u00f3n para el resto del alumnado&#8221; _builder_version=&#8221;4.16&#8243; _module_preset=&#8221;default&#8221; global_colors_info=&#8221;{}&#8221; open=&#8221;off&#8221;]<\/p>\n<p>&nbsp;<\/p>\n<p><span style=\"color: #000000\"><strong><span style=\"font-size: 12pt\">FORMULARIO DE MATRICULACI\u00d3N Y DOCUMENTACI\u00d3N A PRESENTAR<\/span><\/strong><\/span><\/p>\n<p><span style=\"color: #000000\">Documentaci\u00f3n a presentar a trav\u00e9s del registro de la PRESENTACI\u00d3N ELECTR\u00d3NICA GENERAL de la Secretar\u00eda Virtual de los centros educativos andaluces (c\u00f3digo de centro: 41700294):<\/span><\/p>\n<ul>\n<li><span style=\"color: #000000\">IMPRESO DE MATR\u00cdCULA (descargar para rellenar, firmar y adjuntar la que corresponda).<\/span><\/li>\n<li><span style=\"color: #000000\">IMPRESO 046. Para su cumplimentaci\u00f3n, utilice los siguientes c\u00f3digos: C\u00f3digo territorial ED4125 y Concepto 0026. Puede consultar el importe de las tasas a abonar en este documento. Una vez cumplimentado y pagado, tendr\u00e1 que adjuntarlo a la matr\u00edcula. Si el pago se hizo de manera teletramitada ya dispone de un documento electr\u00f3nico justificativo del pago que podr\u00e1 adjuntar. En cambio, si realiza el pago de manera presencial en una entidad bancaria, tendr\u00e1 que escanearlo para poder adjuntarlo a la matr\u00edcula.<\/span><\/li>\n<li><span style=\"color: #000000\">DOCUMENTACI\u00d3N ACREDITATIVA DE FAMILIA NUMEROSA, si procede.<\/span><\/li>\n<\/ul>\n<p><span style=\"color: #000000\">Asimismo, antes del 10 de julio, todo el alumnado debe rellenar este <strong><span style=\"color: #00ccff\"><a style=\"color: #00ccff\" href=\"https:\/\/docs.google.com\/forms\/d\/e\/1FAIpQLScUzzgHFgTmsi_iB1Lk1HYyjwQX3eWJTqEEOkwd9yS_Kg1rGg\/viewform\">FORMULARIO<\/a><\/span><\/strong> para la confecci\u00f3n de horarios y actualizaci\u00f3n de sus datos para comunicaciones de centro y tutor\u00edas electr\u00f3nicas.<\/span><\/p>\n<p><span style=\"font-size: 12pt;color: #000000\"><strong>CONFIRMACI\u00d3N DE LA MATR\u00cdCULA<\/strong><\/span><\/p>\n<p><span style=\"color: #000000\">Solo se considerar\u00e1 presentada la matr\u00edcula cuando el centro responda por correo electr\u00f3nico a la direcci\u00f3n consignada en el formulario como acuse de recibo de dicha presentaci\u00f3n.<\/span><\/p>\n<p>[\/et_pb_accordion_item][\/et_pb_accordion][\/et_pb_column][\/et_pb_row][\/et_pb_section]<\/p>\n","protected":false},"excerpt":{"rendered":"<p>MATRICULACI\u00d3N DEL 1 AL 10 DE JULIO HORARIO DE ATENCI\u00d3N DE 10H A 13H &nbsp;Desde la Consejer\u00eda de Educaci\u00f3n nos indican que van a habilitar el procedimiento a trav\u00e9s de la SECRETAR\u00cdA VIRTUAL. Hasta el d\u00eda 1 de julio no podremos acceder a la aplicaci\u00f3n, por lo que hasta ese momento no podremos facilitaros m\u00e1s [&hellip;]<\/p>\n","protected":false},"author":13678,"featured_media":0,"parent":0,"menu_order":0,"comment_status":"closed","ping_status":"closed","template":"","meta":{"_et_pb_use_builder":"on","_et_pb_old_content":"","_et_gb_content_width":"","ngg_post_thumbnail":0,"footnotes":""},"aioseo_notices":[],"_links":{"self":[{"href":"https:\/\/blogsaverroes.juntadeandalucia.es\/cemlapalmera\/wp-json\/wp\/v2\/pages\/58"}],"collection":[{"href":"https:\/\/blogsaverroes.juntadeandalucia.es\/cemlapalmera\/wp-json\/wp\/v2\/pages"}],"about":[{"href":"https:\/\/blogsaverroes.juntadeandalucia.es\/cemlapalmera\/wp-json\/wp\/v2\/types\/page"}],"author":[{"embeddable":true,"href":"https:\/\/blogsaverroes.juntadeandalucia.es\/cemlapalmera\/wp-json\/wp\/v2\/users\/13678"}],"replies":[{"embeddable":true,"href":"https:\/\/blogsaverroes.juntadeandalucia.es\/cemlapalmera\/wp-json\/wp\/v2\/comments?post=58"}],"version-history":[{"count":44,"href":"https:\/\/blogsaverroes.juntadeandalucia.es\/cemlapalmera\/wp-json\/wp\/v2\/pages\/58\/revisions"}],"predecessor-version":[{"id":2102,"href":"https:\/\/blogsaverroes.juntadeandalucia.es\/cemlapalmera\/wp-json\/wp\/v2\/pages\/58\/revisions\/2102"}],"wp:attachment":[{"href":"https:\/\/blogsaverroes.juntadeandalucia.es\/cemlapalmera\/wp-json\/wp\/v2\/media?parent=58"}],"curies":[{"name":"wp","href":"https:\/\/api.w.org\/{rel}","templated":true}]}}