{"id":2613,"date":"2023-03-30T14:21:37","date_gmt":"2023-03-30T13:21:37","guid":{"rendered":"https:\/\/blogsaverroes.juntadeandalucia.es\/cempedrogamezlaserna\/?page_id=2613"},"modified":"2026-03-13T11:18:55","modified_gmt":"2026-03-13T10:18:55","slug":"inicio","status":"publish","type":"page","link":"https:\/\/blogsaverroes.juntadeandalucia.es\/cempedrogamezlaserna\/","title":{"rendered":"0. P\u00e1gina Principal"},"content":{"rendered":"<p>[et_pb_section fb_built=&#8221;1&#8243; fullwidth=&#8221;on&#8221; disabled_on=&#8221;off|off|off&#8221; _builder_version=&#8221;4.16&#8243; _module_preset=&#8221;default&#8221; global_colors_info=&#8221;{}&#8221;][et_pb_fullwidth_slider admin_label=&#8221;Control deslizante de anchura completa&#8221; _builder_version=&#8221;4.24.2&#8243; _module_preset=&#8221;default&#8221; body_font=&#8221;Montserrat|700|||||||&#8221; body_font_size=&#8221;39px&#8221; background_enable_image=&#8221;off&#8221; background_blend=&#8221;lighten&#8221; width=&#8221;100%&#8221; max_width=&#8221;100%&#8221; min_height=&#8221;460px&#8221; height=&#8221;200px&#8221; max_height=&#8221;461px&#8221; custom_padding=&#8221;146px||218px|||&#8221; auto=&#8221;on&#8221; link_option_url=&#8221;https:\/\/www.youtube.com\/watch?v=u1xrQtmkwK8&amp;list=PLm9nh58P2Z9P-tU8Q5vyo0dMKKL_kFOZC&amp;index=48&#8243; link_option_url_new_window=&#8221;on&#8221; hover_enabled=&#8221;0&#8243; global_colors_info=&#8221;{}&#8221; sticky_enabled=&#8221;0&#8243;][et_pb_slide heading=&#8221;Admisi\u00f3n 2026\/2027&#8243; button_link=&#8221;https:\/\/blogsaverroes.juntadeandalucia.es\/cempedrogamezlaserna\/pruebas-de-aptitud-para-el-ingreso-al-1o-curso\/&#8221; url_new_window=&#8221;on&#8221; _builder_version=&#8221;4.24.2&#8243; _module_preset=&#8221;default&#8221; header_font=&#8221;Montserrat|700|||||||&#8221; header_text_align=&#8221;center&#8221; header_text_color=&#8221;#000000&#8243; header_font_size=&#8221;40px&#8221; header_letter_spacing=&#8221;5px&#8221; body_font=&#8221;Montserrat||||||||&#8221; body_text_color=&#8221;RGBA(255,255,255,0)&#8221; body_font_size=&#8221;18px&#8221; background_enable_color=&#8221;off&#8221; background_image=&#8221;https:\/\/blogsaverroes.juntadeandalucia.es\/cempedrogamezlaserna\/files\/2023\/04\/the-hand-of-the-man-does-entries-in-official-paper-2022-12-16-12-34-36-utc-scaled.jpeg&#8221; background_enable_image=&#8221;on&#8221; background_blend=&#8221;exclusion&#8221; background_enable_video_mp4=&#8221;off&#8221; background_layout=&#8221;light&#8221; link_option_url_new_window=&#8221;on&#8221; hover_enabled=&#8221;0&#8243; header_text_color_tablet=&#8221;#0C71C3&#8243; header_text_color_phone=&#8221;#0C71C3&#8243; header_text_color_last_edited=&#8221;on|desktop&#8221; global_colors_info=&#8221;{}&#8221; sticky_transition=&#8221;on&#8221; sticky_enabled=&#8221;0&#8243;][\/et_pb_slide][et_pb_slide _builder_version=&#8221;4.24.2&#8243; _module_preset=&#8221;default&#8221; header_font=&#8221;Montserrat|700|||||||&#8221; header_text_align=&#8221;center&#8221; header_font_size=&#8221;34px&#8221; body_font=&#8221;|700|||||||&#8221; background_image=&#8221;https:\/\/blogsaverroes.juntadeandalucia.es\/cempedrogamezlaserna\/files\/2023\/11\/Slider_doble-funcion.jpg&#8221; background_enable_image=&#8221;on&#8221; link_option_url=&#8221;https:\/\/www.youtube.com\/channel\/UCd_ACCij8W_pdrk8qKbnqMw&#8221; link_option_url_new_window=&#8221;on&#8221; hover_enabled=&#8221;0&#8243; global_colors_info=&#8221;{}&#8221; sticky_transition=&#8221;on&#8221; sticky_enabled=&#8221;0&#8243;]<\/p>\n<h2 style=\"text-align: center\"><\/h2>\n<p>&nbsp;<\/p>\n<p>[\/et_pb_slide][et_pb_slide heading=&#8221;Coeducaci\u00f3n e Igualdad&#8221; _builder_version=&#8221;4.24.2&#8243; _module_preset=&#8221;default&#8221; header_font=&#8221;Montserrat|700|||||||&#8221; header_text_align=&#8221;center&#8221; header_font_size=&#8221;40px&#8221; body_font=&#8221;|700|||||||&#8221; background_image=&#8221;https:\/\/blogsaverroes.juntadeandalucia.es\/cempedrogamezlaserna\/files\/2023\/11\/purple-ribbon-alzheimer-s-domestic-violence-concept-with-clipping-path-scaled.jpeg&#8221; background_enable_image=&#8221;on&#8221; link_option_url=&#8221;https:\/\/blogsaverroes.juntadeandalucia.es\/cempedrogamezlaserna\/coeducacion-e-igualdad-contra-la-violencia-de-genero\/&#8221; link_option_url_new_window=&#8221;on&#8221; hover_enabled=&#8221;0&#8243; global_colors_info=&#8221;{}&#8221; sticky_transition=&#8221;on&#8221; title_text=&#8221;Purple Ribbon, Alzheimer&#8217;s, Domestic Violence Concept with Clipping Path&#8221; sticky_enabled=&#8221;0&#8243; header_letter_spacing=&#8221;5px&#8221; header_text_color=&#8221;#000000&#8243; header_line_height=&#8221;0em&#8221;]<\/p>\n<h2 style=\"text-align: center\"><\/h2>\n<p>&nbsp;<\/p>\n<p>[\/et_pb_slide][\/et_pb_fullwidth_slider][\/et_pb_section][et_pb_section fb_built=&#8221;1&#8243; _builder_version=&#8221;4.16&#8243; _module_preset=&#8221;default&#8221; background_color=&#8221;#285d7c&#8221; custom_margin_tablet=&#8221;-16px||-27px||false|false&#8221; custom_margin_phone=&#8221;-10px||-9px||false|false&#8221; custom_margin_last_edited=&#8221;on|phone&#8221; custom_padding=&#8221;0px||2px|||&#8221; global_colors_info=&#8221;{}&#8221;][et_pb_row column_structure=&#8221;1_2,1_2&#8243; _builder_version=&#8221;4.16&#8243; _module_preset=&#8221;default&#8221; custom_padding=&#8221;12px||2px|||&#8221; global_colors_info=&#8221;{}&#8221;][et_pb_column type=&#8221;1_2&#8243; _builder_version=&#8221;4.16&#8243; _module_preset=&#8221;default&#8221; global_colors_info=&#8221;{}&#8221;][et_pb_social_media_follow _builder_version=&#8221;4.24.2&#8243; _module_preset=&#8221;default&#8221; custom_margin_tablet=&#8221;16px||||false|false&#8221; custom_margin_phone=&#8221;16px||||false|false&#8221; custom_margin_last_edited=&#8221;on|tablet&#8221; custom_padding=&#8221;||0px|||&#8221; global_colors_info=&#8221;{}&#8221;][et_pb_social_media_follow_network social_network=&#8221;facebook&#8221; url=&#8221;https:\/\/www.facebook.com\/conservatoriodecoria\/&#8221; icon_color=&#8221;#285d7c&#8221; use_icon_font_size=&#8221;on&#8221; icon_font_size=&#8221;18px&#8221; _builder_version=&#8221;4.16&#8243; _module_preset=&#8221;default&#8221; background_color=&#8221;#FFFFFF&#8221; background_enable_color=&#8221;on&#8221; custom_button=&#8221;on&#8221; button_text_size=&#8221;1px&#8221; button_text_color=&#8221;RGBA(255,255,255,0)&#8221; button_bg_color=&#8221;RGBA(255,255,255,0)&#8221; button_border_width=&#8221;0px&#8221; button_border_color=&#8221;RGBA(255,255,255,0)&#8221; button_border_radius=&#8221;0px&#8221; button_letter_spacing=&#8221;0px&#8221; border_radii=&#8221;on|100%|100%|100%|100%&#8221; global_colors_info=&#8221;{}&#8221; follow_button=&#8221;off&#8221; url_new_window=&#8221;on&#8221;]facebook[\/et_pb_social_media_follow_network][et_pb_social_media_follow_network social_network=&#8221;youtube&#8221; url=&#8221;https:\/\/www.youtube.com\/channel\/UCd_ACCij8W_pdrk8qKbnqMw&#8221; icon_color=&#8221;#285d7c&#8221; use_icon_font_size=&#8221;on&#8221; icon_font_size=&#8221;18px&#8221; _builder_version=&#8221;4.16&#8243; _module_preset=&#8221;default&#8221; background_color=&#8221;#FFFFFF&#8221; background_enable_color=&#8221;on&#8221; custom_button=&#8221;on&#8221; button_text_size=&#8221;1px&#8221; button_text_color=&#8221;RGBA(255,255,255,0)&#8221; button_bg_color=&#8221;RGBA(255,255,255,0)&#8221; button_border_width=&#8221;0px&#8221; button_border_color=&#8221;RGBA(255,255,255,0)&#8221; button_border_radius=&#8221;0px&#8221; button_letter_spacing=&#8221;0px&#8221; border_radii=&#8221;on|100%|100%|100%|100%&#8221; global_colors_info=&#8221;{}&#8221; follow_button=&#8221;off&#8221; url_new_window=&#8221;on&#8221;]youtube[\/et_pb_social_media_follow_network][et_pb_social_media_follow_network social_network=&#8221;whatsapp&#8221; url=&#8221;https:\/\/wa.me\/34677902265&#8243; icon_color=&#8221;#285d7c&#8221; use_icon_font_size=&#8221;on&#8221; icon_font_size=&#8221;18px&#8221; _builder_version=&#8221;4.16&#8243; _module_preset=&#8221;default&#8221; background_color=&#8221;#FFFFFF&#8221; background_enable_color=&#8221;on&#8221; custom_button=&#8221;on&#8221; button_bg_color=&#8221;RGBA(255,255,255,0)&#8221; button_border_width=&#8221;0px&#8221; button_border_color=&#8221;RGBA(255,255,255,0)&#8221; button_border_radius=&#8221;0px&#8221; button_letter_spacing=&#8221;0px&#8221; border_radii=&#8221;on|100%|100%|100%|100%&#8221; global_colors_info=&#8221;{}&#8221; follow_button=&#8221;off&#8221; url_new_window=&#8221;on&#8221;]whatsapp[\/et_pb_social_media_follow_network][\/et_pb_social_media_follow][\/et_pb_column][et_pb_column type=&#8221;1_2&#8243; _builder_version=&#8221;4.16&#8243; _module_preset=&#8221;default&#8221; global_colors_info=&#8221;{}&#8221;][et_pb_text _builder_version=&#8221;4.24.2&#8243; _module_preset=&#8221;default&#8221; header_4_font=&#8221;Montserrat||||||||&#8221; header_4_text_color=&#8221;#FFFFFF&#8221; header_4_font_size=&#8221;21px&#8221; transform_scale=&#8221;78%|78%&#8221; transform_scale_tablet=&#8221;78%|78%&#8221; transform_scale_phone=&#8221;78%|78%&#8221; transform_scale_last_edited=&#8221;on|phone&#8221; transform_translate_tablet=&#8221;&#8221; transform_translate_phone=&#8221;&#8221; transform_translate_last_edited=&#8221;on|phone&#8221; transform_rotate_tablet=&#8221;&#8221; transform_rotate_phone=&#8221;&#8221; transform_rotate_last_edited=&#8221;on|phone&#8221; transform_skew_tablet=&#8221;&#8221; transform_skew_phone=&#8221;&#8221; transform_skew_last_edited=&#8221;on|phone&#8221; transform_origin_tablet=&#8221;&#8221; transform_origin_phone=&#8221;&#8221; transform_origin_last_edited=&#8221;on|phone&#8221; transform_styles_last_edited=&#8221;on|phone&#8221; custom_margin=&#8221;7px|||-19px|false|false&#8221; custom_margin_tablet=&#8221;-73px||-34px||false|false&#8221; custom_margin_phone=&#8221;-95px||-60px|104px|false|false&#8221; custom_margin_last_edited=&#8221;on|desktop&#8221; custom_padding=&#8221;||0px|0px|false|false&#8221; transform_styles_tablet=&#8221;&#8221; transform_styles_phone=&#8221;&#8221; global_colors_info=&#8221;{}&#8221;]<\/p>\n<h4 style=\"text-align: right\"><strong>No olvides seguirnos, \u00a1estamos en las redes!<\/strong><\/h4>\n<p>[\/et_pb_text][\/et_pb_column][\/et_pb_row][\/et_pb_section][et_pb_section fb_built=&#8221;1&#8243; _builder_version=&#8221;4.16&#8243; _module_preset=&#8221;default&#8221; custom_padding=&#8221;||43px|||&#8221; global_colors_info=&#8221;{}&#8221;][et_pb_row column_structure=&#8221;1_2,1_2&#8243; _builder_version=&#8221;4.16&#8243; _module_preset=&#8221;default&#8221; custom_margin=&#8221;||42px||false|false&#8221; global_colors_info=&#8221;{}&#8221;][et_pb_column type=&#8221;1_2&#8243; _builder_version=&#8221;4.16&#8243; _module_preset=&#8221;default&#8221; global_colors_info=&#8221;{}&#8221;][et_pb_image src=&#8221;https:\/\/blogsaverroes.juntadeandalucia.es\/cempedrogamezlaserna\/files\/2023\/03\/Logo-ajustado.png&#8221; title_text=&#8221;Logo ajustado&#8221; _builder_version=&#8221;4.16&#8243; _module_preset=&#8221;default&#8221; global_colors_info=&#8221;{}&#8221;][\/et_pb_image][\/et_pb_column][et_pb_column type=&#8221;1_2&#8243; _builder_version=&#8221;4.16&#8243; _module_preset=&#8221;default&#8221; global_colors_info=&#8221;{}&#8221;][et_pb_text _builder_version=&#8221;4.24.2&#8243; text_font=&#8221;Montserrat||||||||&#8221; text_text_color=&#8221;#000000&#8243; text_font_size=&#8221;16px&#8221; header_2_font=&#8221;Montserrat|600|||||||&#8221; header_2_text_color=&#8221;#000000&#8243; header_2_font_size=&#8221;60px&#8221; header_2_line_height=&#8221;1.1em&#8221; max_width=&#8221;700px&#8221; module_alignment=&#8221;center&#8221; text_font_size_tablet=&#8221;&#8221; text_font_size_phone=&#8221;14px&#8221; text_font_size_last_edited=&#8221;on|phone&#8221; header_2_font_size_tablet=&#8221;30px&#8221; header_2_font_size_phone=&#8221;22px&#8221; header_2_font_size_last_edited=&#8221;on|desktop&#8221; locked=&#8221;off&#8221; global_colors_info=&#8221;{}&#8221;]<\/p>\n<h2>Bienvenida<\/h2>\n<p>El Conservatorio de Coria, centro p\u00fablico educativo de ense\u00f1anzas musicales de la zona metropolitana de Sevilla agradece su visita a nuestro portal web.<br \/>Le invitamos a consultar nuestros contenidos y oferta formativa, deseando resulten de su inter\u00e9s y le animen a formar parte activa de nuestra comunidad educativa.<\/p>\n<p>[\/et_pb_text][\/et_pb_column][\/et_pb_row][et_pb_row _builder_version=&#8221;4.16&#8243; _module_preset=&#8221;default&#8221; transform_scale=&#8221;126%|126%&#8221; custom_padding=&#8221;||0px|||&#8221; global_colors_info=&#8221;{}&#8221;][et_pb_column type=&#8221;4_4&#8243; _builder_version=&#8221;4.16&#8243; _module_preset=&#8221;default&#8221; global_colors_info=&#8221;{}&#8221;][et_pb_image src=&#8221;https:\/\/blogsaverroes.juntadeandalucia.es\/cempedrogamezlaserna\/files\/2023\/04\/guys-with-violon-scaled.jpeg&#8221; title_text=&#8221;guys with violon&#8221; _builder_version=&#8221;4.16&#8243; _module_preset=&#8221;default&#8221; custom_padding=&#8221;||0px|||&#8221; global_colors_info=&#8221;{}&#8221;][\/et_pb_image][\/et_pb_column][\/et_pb_row][\/et_pb_section][et_pb_section fb_built=&#8221;1&#8243; _builder_version=&#8221;4.16&#8243; _module_preset=&#8221;default&#8221; custom_padding=&#8221;0px||5px|||&#8221; global_colors_info=&#8221;{}&#8221;][et_pb_row column_structure=&#8221;1_2,1_2&#8243; use_custom_gutter=&#8221;on&#8221; make_equal=&#8221;on&#8221; _builder_version=&#8221;4.16&#8243; _module_preset=&#8221;default&#8221; custom_padding=&#8221;60px|||||&#8221; global_colors_info=&#8221;{}&#8221;][et_pb_column type=&#8221;1_2&#8243; _builder_version=&#8221;4.16&#8243; _module_preset=&#8221;default&#8221; global_colors_info=&#8221;{}&#8221;][et_pb_text _builder_version=&#8221;4.24.2&#8243; text_font=&#8221;Montserrat||||||||&#8221; text_font_size=&#8221;16px&#8221; header_2_font=&#8221;Montserrat|600|||||||&#8221; header_2_text_color=&#8221;#000000&#8243; header_2_font_size=&#8221;60px&#8221; header_2_line_height=&#8221;1.1em&#8221; max_width=&#8221;700px&#8221; module_alignment=&#8221;center&#8221; custom_margin=&#8221;||-6px|||&#8221; custom_margin_tablet=&#8221;-31px||||false|false&#8221; custom_margin_phone=&#8221;-34px||-6px||false|false&#8221; custom_margin_last_edited=&#8221;on|phone&#8221; custom_padding=&#8221;||0px|||&#8221; text_font_size_tablet=&#8221;&#8221; text_font_size_phone=&#8221;14px&#8221; text_font_size_last_edited=&#8221;on|phone&#8221; header_2_font_size_tablet=&#8221;30px&#8221; header_2_font_size_phone=&#8221;22px&#8221; header_2_font_size_last_edited=&#8221;on|desktop&#8221; locked=&#8221;off&#8221; global_colors_info=&#8221;{}&#8221;]<\/p>\n<h2>Nuestro centro<\/h2>\n<p>&nbsp;<\/p>\n<p>[\/et_pb_text][et_pb_text _builder_version=&#8221;4.24.2&#8243; _module_preset=&#8221;default&#8221; header_2_font=&#8221;Montserrat|200|||||||&#8221; custom_margin=&#8221;-36px||||false|false&#8221; global_colors_info=&#8221;{}&#8221;]<\/p>\n<h2>y su historia<\/h2>\n<p>[\/et_pb_text][et_pb_text _builder_version=&#8221;4.24.2&#8243; _module_preset=&#8221;default&#8221; text_font=&#8221;Montserrat||||||||&#8221; text_text_color=&#8221;#000000&#8243; text_font_size=&#8221;16px&#8221; custom_margin=&#8221;0px||0px||true|false&#8221; global_colors_info=&#8221;{}&#8221;]<\/p>\n<p class=\"p1\">Corr\u00eda un septiembre de 1990 cuando el\u00a0<b>Conservatorio Elemental de M\u00fasica<\/b>\u00a0abr\u00eda por primera vez sus puertas en beneficio de la cultura y la educaci\u00f3n musical de nuestra comarca de la zona metropolitana de Sevilla.<span class=\"Apple-converted-space\">\u00a0<\/span><\/p>\n<p class=\"p1\">Mucho ha evolucionado nuestro centro y la ense\u00f1anza a lo largo de todos estos a\u00f1os.<\/p>\n<p class=\"p1\">[\/et_pb_text][et_pb_button button_url=&#8221;https:\/\/blogsaverroes.juntadeandalucia.es\/cempedrogamezlaserna\/nuestro-centro\/&#8221; button_text=&#8221;Conoce nuestro centro&#8221; _builder_version=&#8221;4.16&#8243; _module_preset=&#8221;default&#8221; custom_button=&#8221;on&#8221; button_text_size=&#8221;16px&#8221; button_text_color=&#8221;#FFFFFF&#8221; button_bg_color=&#8221;#005470&#8243; button_border_radius=&#8221;69px&#8221; button_font=&#8221;Montserrat||||||||&#8221; custom_margin=&#8221;67px|||||&#8221; custom_margin_tablet=&#8221;&#8221; custom_margin_phone=&#8221;18px||33px||false|false&#8221; custom_margin_last_edited=&#8221;on|phone&#8221; global_colors_info=&#8221;{}&#8221;][\/et_pb_button][\/et_pb_column][et_pb_column type=&#8221;1_2&#8243; _builder_version=&#8221;4.16&#8243; _module_preset=&#8221;default&#8221; background_enable_color=&#8221;off&#8221; use_background_color_gradient=&#8221;on&#8221; background_color_gradient_stops=&#8221;rgba(41,196,169,0.47) 37%|rgba(1,83,114,0.85) 84%&#8221; background_color_gradient_overlays_image=&#8221;on&#8221; background_color_gradient_start=&#8221;rgba(41,196,169,0.47)&#8221; background_color_gradient_start_position=&#8221;37%&#8221; background_color_gradient_end=&#8221;rgba(1,83,114,0.85)&#8221; background_color_gradient_end_position=&#8221;84%&#8221; background_image=&#8221;https:\/\/blogsaverroes.juntadeandalucia.es\/cempedrogamezlaserna\/files\/2023\/03\/music-teacher_45.jpg&#8221; custom_padding=&#8221;15px|15px|15px|15px|false|false&#8221; border_radii=&#8221;on|19px|19px|19px|19px&#8221; global_colors_info=&#8221;{}&#8221;][et_pb_text _builder_version=&#8221;4.24.2&#8243; text_font=&#8221;Montserrat||||||||&#8221; text_font_size=&#8221;16px&#8221; header_2_font=&#8221;Montserrat|600|||||||&#8221; header_2_text_color=&#8221;#FFFFFF&#8221; header_2_font_size=&#8221;60px&#8221; header_2_line_height=&#8221;0.8em&#8221; max_width=&#8221;700px&#8221; module_alignment=&#8221;center&#8221; custom_margin=&#8221;||-6px|||&#8221; custom_padding=&#8221;||11px|||&#8221; text_font_size_tablet=&#8221;&#8221; text_font_size_phone=&#8221;14px&#8221; text_font_size_last_edited=&#8221;on|phone&#8221; header_2_font_size_tablet=&#8221;30px&#8221; header_2_font_size_phone=&#8221;22px&#8221; header_2_font_size_last_edited=&#8221;on|desktop&#8221; locked=&#8221;off&#8221; global_colors_info=&#8221;{}&#8221;]<\/p>\n<h2>La comunidad educativa<\/h2>\n<p>[\/et_pb_text][et_pb_text _builder_version=&#8221;4.24.2&#8243; _module_preset=&#8221;default&#8221; text_font=&#8221;Montserrat||||||||&#8221; text_text_color=&#8221;#FFFFFF&#8221; text_font_size=&#8221;16px&#8221; custom_margin=&#8221;||0px||false|false&#8221; locked=&#8221;off&#8221; global_colors_info=&#8221;{}&#8221;]<\/p>\n<p>Nuestro profesorado, en <strong>continua formaci\u00f3n<\/strong> y <strong>crecimiento<\/strong>, se esfuerza cada d\u00eda por motivar y guiar al alumnado en construir su <strong>propio conocimiento<\/strong>. A su vez, las familias, a trav\u00e9s de la A.M.P.A. y el Consejo Escolar suponen un <strong>apoyo fundamental<\/strong>.<\/p>\n<p>Completan el organigrama nuestro personal de <strong>administraci\u00f3n<\/strong> y <strong>equipo directivo<\/strong>, al servicio de todas y todos.<\/p>\n<p>[\/et_pb_text][et_pb_button button_url=&#8221;https:\/\/blogsaverroes.juntadeandalucia.es\/cempedrogamezlaserna\/organigrama\/&#8221; button_text=&#8221;Conoce el organigrama educativo del centro&#8221; _builder_version=&#8221;4.24.2&#8243; _module_preset=&#8221;default&#8221; custom_button=&#8221;on&#8221; button_text_size=&#8221;16px&#8221; button_text_color=&#8221;#FFFFFF&#8221; button_bg_color=&#8221;#005470&#8243; button_border_radius=&#8221;69px&#8221; button_font=&#8221;Montserrat||||||||&#8221; custom_margin=&#8221;38px||35px||false|false&#8221; global_colors_info=&#8221;{}&#8221;][\/et_pb_button][\/et_pb_column][\/et_pb_row][et_pb_row column_structure=&#8221;1_5,1_5,1_5,1_5,1_5&#8243; use_custom_gutter=&#8221;on&#8221; gutter_width=&#8221;2&#8243; make_equal=&#8221;on&#8221; _builder_version=&#8221;4.16&#8243; _module_preset=&#8221;default&#8221; background_color=&#8221;RGBA(255,255,255,0)&#8221; locked=&#8221;off&#8221; global_colors_info=&#8221;{}&#8221;][et_pb_column type=&#8221;1_5&#8243; _builder_version=&#8221;4.16&#8243; _module_preset=&#8221;default&#8221; background_color=&#8221;RGBA(255,255,255,0)&#8221; border_radii=&#8221;on|21px|21px|21px|21px&#8221; global_colors_info=&#8221;{}&#8221;][et_pb_number_counter number=&#8221;+35&#8243; percent_sign=&#8221;off&#8221; admin_label=&#8221;Contador de n\u00famero&#8221; _builder_version=&#8221;4.24.2&#8243; title_level=&#8221;h1&#8243; title_font=&#8221;Inria Serif|700|||||||&#8221; title_font_size=&#8221;36px&#8221; title_line_height=&#8221;1.2em&#8221; number_font=&#8221;Inria Serif|700|||||||&#8221; number_text_color=&#8221;#ffffff&#8221; number_font_size=&#8221;40px&#8221; use_background_color_gradient=&#8221;on&#8221; background_color_gradient_direction=&#8221;100deg&#8221; background_color_gradient_stops=&#8221;#285d7c 0%|#16A085 100%&#8221; background_color_gradient_start=&#8221;#285d7c&#8221; background_color_gradient_end=&#8221;#16A085&#8243; max_width=&#8221;150px&#8221; min_height=&#8221;150px&#8221; custom_padding=&#8221;40px||40px||true|false&#8221; link_option_url=&#8221;#&#8221; number_font_size_last_edited=&#8221;off|desktop&#8221; border_radii=&#8221;on|75px|75px|75px|75px&#8221; box_shadow_style=&#8221;preset7&#8243; box_shadow_horizontal=&#8221;0px&#8221; box_shadow_vertical=&#8221;0px&#8221; box_shadow_spread=&#8221;10px&#8221; box_shadow_color=&#8221;rgba(255,255,255,0.3)&#8221; locked=&#8221;off&#8221; global_colors_info=&#8221;{}&#8221;][\/et_pb_number_counter][et_pb_text _builder_version=&#8221;4.24.2&#8243; header_3_font=&#8221;Montserrat|700|||||||&#8221; header_3_text_color=&#8221;#285d7c&#8221; header_3_font_size=&#8221;14px&#8221; header_3_letter_spacing=&#8221;2px&#8221; header_3_line_height=&#8221;1.3em&#8221; text_orientation=&#8221;center&#8221; locked=&#8221;off&#8221; global_colors_info=&#8221;{}&#8221;]<\/p>\n<h3>A\u00f1os formando a ni\u00f1as y ni\u00f1os<\/h3>\n<p>[\/et_pb_text][\/et_pb_column][et_pb_column type=&#8221;1_5&#8243; _builder_version=&#8221;4.16&#8243; _module_preset=&#8221;default&#8221; background_color=&#8221;RGBA(255,255,255,0)&#8221; border_radii=&#8221;on|21px|21px|21px|21px&#8221; global_colors_info=&#8221;{}&#8221;][et_pb_number_counter number=&#8221;7&#8243; percent_sign=&#8221;off&#8221; _builder_version=&#8221;4.24.2&#8243; title_level=&#8221;h1&#8243; title_font=&#8221;Inria Serif|700|||||||&#8221; title_font_size=&#8221;36px&#8221; title_line_height=&#8221;1.2em&#8221; number_font=&#8221;Inria Serif|700|||||||&#8221; number_text_color=&#8221;#ffffff&#8221; number_font_size=&#8221;40px&#8221; use_background_color_gradient=&#8221;on&#8221; background_color_gradient_direction=&#8221;100deg&#8221; background_color_gradient_stops=&#8221;#285d7c 0%|#16A085 100%&#8221; background_color_gradient_start=&#8221;#285d7c&#8221; background_color_gradient_end=&#8221;#16A085&#8243; max_width=&#8221;150px&#8221; min_height=&#8221;150px&#8221; custom_padding=&#8221;40px||40px||true|false&#8221; link_option_url=&#8221;#&#8221; number_font_size_last_edited=&#8221;off|desktop&#8221; border_radii=&#8221;on|75px|75px|75px|75px&#8221; box_shadow_style=&#8221;preset7&#8243; box_shadow_horizontal=&#8221;0px&#8221; box_shadow_vertical=&#8221;0px&#8221; box_shadow_spread=&#8221;10px&#8221; box_shadow_color=&#8221;rgba(255,255,255,0.3)&#8221; locked=&#8221;off&#8221; global_colors_info=&#8221;{}&#8221;][\/et_pb_number_counter][et_pb_text _builder_version=&#8221;4.16&#8243; header_3_font=&#8221;Montserrat|700|||||||&#8221; header_3_text_color=&#8221;#285d7c&#8221; header_3_font_size=&#8221;14px&#8221; header_3_letter_spacing=&#8221;2px&#8221; header_3_line_height=&#8221;1.3em&#8221; text_orientation=&#8221;center&#8221; locked=&#8221;off&#8221; global_colors_info=&#8221;{}&#8221;]<\/p>\n<h3>Especialidades instrumentales diferentes<\/h3>\n<p>[\/et_pb_text][\/et_pb_column][et_pb_column type=&#8221;1_5&#8243; _builder_version=&#8221;4.16&#8243; _module_preset=&#8221;default&#8221; background_color=&#8221;RGBA(255,255,255,0)&#8221; border_radii=&#8221;on|21px|21px|21px|21px&#8221; global_colors_info=&#8221;{}&#8221;][et_pb_number_counter number=&#8221;11&#8243; percent_sign=&#8221;off&#8221; _builder_version=&#8221;4.24.2&#8243; title_level=&#8221;h1&#8243; title_font=&#8221;Inria Serif|700|||||||&#8221; title_font_size=&#8221;36px&#8221; title_line_height=&#8221;1.2em&#8221; number_font=&#8221;Inria Serif|700|||||||&#8221; number_text_color=&#8221;#ffffff&#8221; number_font_size=&#8221;40px&#8221; use_background_color_gradient=&#8221;on&#8221; background_color_gradient_direction=&#8221;100deg&#8221; background_color_gradient_stops=&#8221;#285d7c 0%|#16A085 100%&#8221; background_color_gradient_start=&#8221;#285d7c&#8221; background_color_gradient_end=&#8221;#16A085&#8243; max_width=&#8221;150px&#8221; min_height=&#8221;150px&#8221; custom_padding=&#8221;40px||40px||true|false&#8221; link_option_url=&#8221;#&#8221; number_font_size_last_edited=&#8221;off|desktop&#8221; border_radii=&#8221;on|75px|75px|75px|75px&#8221; box_shadow_style=&#8221;preset7&#8243; box_shadow_horizontal=&#8221;0px&#8221; box_shadow_vertical=&#8221;0px&#8221; box_shadow_spread=&#8221;10px&#8221; box_shadow_color=&#8221;rgba(255,255,255,0.3)&#8221; locked=&#8221;off&#8221; global_colors_info=&#8221;{}&#8221;][\/et_pb_number_counter][et_pb_text _builder_version=&#8221;4.16&#8243; header_3_font=&#8221;Montserrat|700|||||||&#8221; header_3_text_color=&#8221;#285d7c&#8221; header_3_font_size=&#8221;14px&#8221; header_3_letter_spacing=&#8221;2px&#8221; header_3_line_height=&#8221;1.3em&#8221; text_orientation=&#8221;center&#8221; locked=&#8221;off&#8221; global_colors_info=&#8221;{}&#8221;]<\/p>\n<h3>Profesoras y profesores conforman nuestro claustro<\/h3>\n<p>[\/et_pb_text][\/et_pb_column][et_pb_column type=&#8221;1_5&#8243; _builder_version=&#8221;4.16&#8243; _module_preset=&#8221;default&#8221; background_color=&#8221;RGBA(255,255,255,0)&#8221; border_radii=&#8221;on|21px|21px|21px|21px&#8221; global_colors_info=&#8221;{}&#8221;][et_pb_number_counter number=&#8221;+160&#8243; percent_sign=&#8221;off&#8221; _builder_version=&#8221;4.24.2&#8243; title_level=&#8221;h1&#8243; title_font=&#8221;Inria Serif|700|||||||&#8221; title_font_size=&#8221;36px&#8221; title_line_height=&#8221;1.2em&#8221; number_font=&#8221;Inria Serif|700|||||||&#8221; number_text_color=&#8221;#ffffff&#8221; number_font_size=&#8221;40px&#8221; use_background_color_gradient=&#8221;on&#8221; background_color_gradient_direction=&#8221;100deg&#8221; background_color_gradient_stops=&#8221;#285d7c 0%|#16A085 100%&#8221; background_color_gradient_start=&#8221;#285d7c&#8221; background_color_gradient_end=&#8221;#16A085&#8243; max_width=&#8221;150px&#8221; min_height=&#8221;150px&#8221; custom_padding=&#8221;40px||40px||true|false&#8221; link_option_url=&#8221;#&#8221; number_font_size_last_edited=&#8221;off|desktop&#8221; border_radii=&#8221;on|75px|75px|75px|75px&#8221; box_shadow_style=&#8221;preset7&#8243; box_shadow_horizontal=&#8221;0px&#8221; box_shadow_vertical=&#8221;0px&#8221; box_shadow_spread=&#8221;10px&#8221; box_shadow_color=&#8221;rgba(255,255,255,0.3)&#8221; locked=&#8221;off&#8221; global_colors_info=&#8221;{}&#8221;][\/et_pb_number_counter][et_pb_text _builder_version=&#8221;4.16&#8243; header_3_font=&#8221;Montserrat|700|||||||&#8221; header_3_text_color=&#8221;#285d7c&#8221; header_3_font_size=&#8221;14px&#8221; header_3_letter_spacing=&#8221;2px&#8221; header_3_line_height=&#8221;1.3em&#8221; text_orientation=&#8221;center&#8221; locked=&#8221;off&#8221; global_colors_info=&#8221;{}&#8221;]<\/p>\n<h3>Alumnas y alumnos aprenden con nosotros<\/h3>\n<p>[\/et_pb_text][\/et_pb_column][et_pb_column type=&#8221;1_5&#8243; _builder_version=&#8221;4.16&#8243; _module_preset=&#8221;default&#8221; background_color=&#8221;RGBA(255,255,255,0)&#8221; border_radii=&#8221;on|21px|21px|21px|21px&#8221; global_colors_info=&#8221;{}&#8221;][et_pb_number_counter number=&#8221;+50&#8243; percent_sign=&#8221;off&#8221; _builder_version=&#8221;4.24.2&#8243; title_level=&#8221;h1&#8243; title_font=&#8221;Inria Serif|700|||||||&#8221; title_font_size=&#8221;36px&#8221; title_line_height=&#8221;1.2em&#8221; number_font=&#8221;Inria Serif|700|||||||&#8221; number_text_color=&#8221;#ffffff&#8221; number_font_size=&#8221;40px&#8221; use_background_color_gradient=&#8221;on&#8221; background_color_gradient_direction=&#8221;100deg&#8221; background_color_gradient_stops=&#8221;#285d7c 0%|#16A085 100%&#8221; background_color_gradient_start=&#8221;#285d7c&#8221; background_color_gradient_end=&#8221;#16A085&#8243; max_width=&#8221;150px&#8221; min_height=&#8221;150px&#8221; custom_padding=&#8221;40px||40px||true|false&#8221; link_option_url=&#8221;#&#8221; number_font_size_last_edited=&#8221;off|desktop&#8221; border_radii=&#8221;on|75px|75px|75px|75px&#8221; box_shadow_style=&#8221;preset7&#8243; box_shadow_horizontal=&#8221;0px&#8221; box_shadow_vertical=&#8221;0px&#8221; box_shadow_spread=&#8221;10px&#8221; box_shadow_color=&#8221;rgba(255,255,255,0.3)&#8221; locked=&#8221;off&#8221; global_colors_info=&#8221;{}&#8221;][\/et_pb_number_counter][et_pb_text _builder_version=&#8221;4.24.2&#8243; header_3_font=&#8221;Montserrat|700|||||||&#8221; header_3_text_color=&#8221;#285d7c&#8221; header_3_font_size=&#8221;14px&#8221; header_3_letter_spacing=&#8221;2px&#8221; header_3_line_height=&#8221;1.3em&#8221; text_orientation=&#8221;center&#8221; locked=&#8221;off&#8221; global_colors_info=&#8221;{}&#8221;]<\/p>\n<h3>Actividades y conciertos en este a\u00f1o<\/h3>\n<p>[\/et_pb_text][\/et_pb_column][\/et_pb_row][\/et_pb_section][et_pb_section fb_built=&#8221;1&#8243; _builder_version=&#8221;4.16&#8243; _module_preset=&#8221;default&#8221; custom_padding=&#8221;4px||7px|||&#8221; global_colors_info=&#8221;{}&#8221;][et_pb_row _builder_version=&#8221;4.16&#8243; _module_preset=&#8221;default&#8221; custom_padding=&#8221;||0px|||&#8221; global_colors_info=&#8221;{}&#8221;][et_pb_column type=&#8221;4_4&#8243; _builder_version=&#8221;4.16&#8243; _module_preset=&#8221;default&#8221; background_enable_image=&#8221;off&#8221; global_colors_info=&#8221;{}&#8221;][et_pb_text _builder_version=&#8221;4.24.2&#8243; _module_preset=&#8221;default&#8221; header_2_font=&#8221;Montserrat|600|||||||&#8221; header_2_font_size=&#8221;57px&#8221; custom_margin=&#8221;||2px|||&#8221; custom_padding=&#8221;||19px|||&#8221; header_2_font_size_tablet=&#8221;57px&#8221; header_2_font_size_phone=&#8221;38px&#8221; header_2_font_size_last_edited=&#8221;on|phone&#8221; global_colors_info=&#8221;{}&#8221;]<\/p>\n<h2>Especialidades Instrumentales<\/h2>\n<p>[\/et_pb_text][et_pb_text _builder_version=&#8221;4.24.2&#8243; _module_preset=&#8221;default&#8221; text_font=&#8221;Montserrat||||||||&#8221; text_text_color=&#8221;#000000&#8243; text_font_size=&#8221;16px&#8221; custom_margin=&#8221;||19px|||&#8221; locked=&#8221;off&#8221; global_colors_info=&#8221;{}&#8221;]<\/p>\n<p class=\"p1\">En nuestro <strong>conservatorio elemental de m\u00fasica<\/strong>, impartimos clases de siete disciplinas musicales: <strong>clarinete, guitarra cl\u00e1sica, guitarra flamenca, piano, viola, viol\u00edn y violonchelo. <\/strong>Adem\u00e1s, la formaci\u00f3n incluye materia comunes para todo el alumnado como <strong>lenguaje musical, coro y agrupaciones musicales, <\/strong>que permite a los estudiantes hacer m\u00fasica en conjunto.<\/p>\n<p>[\/et_pb_text][\/et_pb_column][\/et_pb_row][et_pb_row column_structure=&#8221;1_4,1_4,1_4,1_4&#8243; custom_padding_last_edited=&#8221;on|desktop&#8221; _builder_version=&#8221;4.16&#8243; background_color=&#8221;#ffffff&#8221; z_index=&#8221;10&#8243; custom_margin=&#8221;18px|auto||auto||&#8221; custom_padding=&#8221;0px||5px|||&#8221; custom_padding_tablet=&#8221;|30px|||true|false&#8221; custom_padding_phone=&#8221;|20px|||true|false&#8221; box_shadow_style=&#8221;preset4&#8243; box_shadow_horizontal=&#8221;-30vw&#8221; box_shadow_vertical=&#8221;0px&#8221; box_shadow_color=&#8221;#ffffff&#8221; locked=&#8221;off&#8221; global_colors_info=&#8221;{}&#8221;][et_pb_column type=&#8221;1_4&#8243; _builder_version=&#8221;4.16&#8243; global_colors_info=&#8221;{}&#8221;][et_pb_image src=&#8221;https:\/\/blogsaverroes.juntadeandalucia.es\/cempedrogamezlaserna\/files\/2023\/03\/viola-1.png&#8221; title_text=&#8221;viola&#8221; _builder_version=&#8221;4.16&#8243; _module_preset=&#8221;default&#8221; width=&#8221;25%&#8221; global_colors_info=&#8221;{}&#8221;][\/et_pb_image][et_pb_blurb title=&#8221;Viola&#8221; url=&#8221;#&#8221; use_icon=&#8221;on&#8221; image_icon_background_color=&#8221;RGBA(255,255,255,0)&#8221; icon_alignment=&#8221;left&#8221; content_max_width=&#8221;100%&#8221; icon_alignment_tablet=&#8221;left&#8221; icon_alignment_last_edited=&#8221;off|phone&#8221; _builder_version=&#8221;4.24.2&#8243; header_level=&#8221;h3&#8243; header_font=&#8221;Montserrat|700|||||||&#8221; header_text_color=&#8221;#000000&#8243; header_font_size=&#8221;24px&#8221; header_line_height=&#8221;1.1em&#8221; body_font=&#8221;Montserrat||||||||&#8221; body_text_color=&#8221;#000000&#8243; body_font_size=&#8221;16px&#8221; custom_margin=&#8221;-22px|||||&#8221; animation=&#8221;off&#8221; link_option_url=&#8221;#&#8221; header_font_size_tablet=&#8221;24px&#8221; header_font_size_phone=&#8221;20px&#8221; header_font_size_last_edited=&#8221;on|phone&#8221; body_font_size_tablet=&#8221;&#8221; body_font_size_phone=&#8221;14px&#8221; body_font_size_last_edited=&#8221;on|phone&#8221; border_color_all_image=&#8221;RGBA(255,255,255,0)&#8221; global_colors_info=&#8221;{}&#8221;]<\/p>\n<p>La viola est\u00e1 construida en proporciones similares a las del viol\u00edn, pero tiene una longitud corporal m\u00e1s larga.<\/p>\n<p>[\/et_pb_blurb][\/et_pb_column][et_pb_column type=&#8221;1_4&#8243; _builder_version=&#8221;4.16&#8243; global_colors_info=&#8221;{}&#8221;][et_pb_image src=&#8221;https:\/\/blogsaverroes.juntadeandalucia.es\/cempedrogamezlaserna\/files\/2023\/03\/violin.png&#8221; title_text=&#8221;violin&#8221; _builder_version=&#8221;4.16&#8243; _module_preset=&#8221;default&#8221; width=&#8221;25%&#8221; global_colors_info=&#8221;{}&#8221;][\/et_pb_image][et_pb_blurb title=&#8221;Viol\u00edn&#8221; url=&#8221;#&#8221; use_icon=&#8221;on&#8221; image_icon_background_color=&#8221;RGBA(255,255,255,0)&#8221; icon_alignment=&#8221;left&#8221; content_max_width=&#8221;100%&#8221; icon_alignment_tablet=&#8221;left&#8221; icon_alignment_last_edited=&#8221;off|phone&#8221; _builder_version=&#8221;4.16&#8243; header_level=&#8221;h3&#8243; header_font=&#8221;Montserrat|700|||||||&#8221; header_text_color=&#8221;#000000&#8243; header_font_size=&#8221;24px&#8221; header_line_height=&#8221;1.1em&#8221; body_font=&#8221;Montserrat||||||||&#8221; body_text_color=&#8221;#000000&#8243; body_font_size=&#8221;16px&#8221; custom_margin=&#8221;-22px|||||&#8221; animation=&#8221;off&#8221; link_option_url=&#8221;#&#8221; header_font_size_tablet=&#8221;24px&#8221; header_font_size_phone=&#8221;20px&#8221; header_font_size_last_edited=&#8221;on|phone&#8221; body_font_size_tablet=&#8221;&#8221; body_font_size_phone=&#8221;14px&#8221; body_font_size_last_edited=&#8221;on|phone&#8221; border_color_all_image=&#8221;RGBA(255,255,255,0)&#8221; global_colors_info=&#8221;{}&#8221;]<\/p>\n<p><span>De todos los instrumentos de cuerda cl\u00e1sicos, el viol\u00edn es el m\u00e1s peque\u00f1o y el que tiene el sonido m\u00e1s agudo.<\/span><\/p>\n<p>[\/et_pb_blurb][\/et_pb_column][et_pb_column type=&#8221;1_4&#8243; _builder_version=&#8221;4.16&#8243; global_colors_info=&#8221;{}&#8221;][et_pb_image src=&#8221;https:\/\/blogsaverroes.juntadeandalucia.es\/cempedrogamezlaserna\/files\/2023\/03\/cello.png&#8221; title_text=&#8221;cello&#8221; _builder_version=&#8221;4.16&#8243; _module_preset=&#8221;default&#8221; width=&#8221;25%&#8221; global_colors_info=&#8221;{}&#8221;][\/et_pb_image][et_pb_blurb title=&#8221;Violonchelo&#8221; url=&#8221;#&#8221; use_icon=&#8221;on&#8221; image_icon_background_color=&#8221;RGBA(255,255,255,0)&#8221; icon_alignment=&#8221;left&#8221; content_max_width=&#8221;100%&#8221; icon_alignment_tablet=&#8221;left&#8221; icon_alignment_last_edited=&#8221;off|phone&#8221; _builder_version=&#8221;4.16&#8243; header_level=&#8221;h3&#8243; header_font=&#8221;Montserrat|700|||||||&#8221; header_text_color=&#8221;#000000&#8243; header_font_size=&#8221;24px&#8221; header_line_height=&#8221;1.1em&#8221; body_font=&#8221;Montserrat||||||||&#8221; body_text_color=&#8221;#000000&#8243; body_font_size=&#8221;16px&#8221; custom_margin=&#8221;-22px|||||&#8221; animation=&#8221;off&#8221; link_option_url=&#8221;#&#8221; header_font_size_tablet=&#8221;24px&#8221; header_font_size_phone=&#8221;20px&#8221; header_font_size_last_edited=&#8221;on|phone&#8221; body_font_size_tablet=&#8221;&#8221; body_font_size_phone=&#8221;14px&#8221; body_font_size_last_edited=&#8221;on|phone&#8221; border_color_all_image=&#8221;RGBA(255,255,255,0)&#8221; global_colors_info=&#8221;{}&#8221;]<\/p>\n<p><span>El chelo, o violonchelo, es el segundo miembro m\u00e1s grande de la familia de cuerda frotada.<\/span><\/p>\n<p>[\/et_pb_blurb][\/et_pb_column][et_pb_column type=&#8221;1_4&#8243; _builder_version=&#8221;4.16&#8243; global_colors_info=&#8221;{}&#8221;][et_pb_text _builder_version=&#8221;4.16&#8243; _module_preset=&#8221;default&#8221; header_2_font=&#8221;Montserrat|700|||||||&#8221; custom_margin=&#8221;62px||8px|||&#8221; global_colors_info=&#8221;{}&#8221;]<\/p>\n<h2 style=\"text-align: center\">Tenemos muchas m\u00e1s&#8230;<\/h2>\n<p>[\/et_pb_text][et_pb_button button_url=&#8221;https:\/\/blogsaverroes.juntadeandalucia.es\/cempedrogamezlaserna\/plan-de-estudios#instrumentos&#8221; button_text=&#8221;Con\u00f3celas en profundidad&#8221; button_alignment=&#8221;center&#8221; _builder_version=&#8221;4.16&#8243; _module_preset=&#8221;default&#8221; custom_button=&#8221;on&#8221; button_text_size=&#8221;16px&#8221; button_text_color=&#8221;#FFFFFF&#8221; button_bg_color=&#8221;#005470&#8243; button_border_radius=&#8221;69px&#8221; button_font=&#8221;Montserrat||||||||&#8221; custom_margin=&#8221;||41px||false|false&#8221; locked=&#8221;off&#8221; global_colors_info=&#8221;{}&#8221;][\/et_pb_button][\/et_pb_column][\/et_pb_row][\/et_pb_section][et_pb_section fb_built=&#8221;1&#8243; _builder_version=&#8221;4.16&#8243; _module_preset=&#8221;default&#8221; custom_padding=&#8221;||28px|||&#8221; global_colors_info=&#8221;{}&#8221;][et_pb_row _builder_version=&#8221;4.16&#8243; _module_preset=&#8221;default&#8221; global_colors_info=&#8221;{}&#8221;][et_pb_column type=&#8221;4_4&#8243; _builder_version=&#8221;4.16&#8243; _module_preset=&#8221;default&#8221; global_colors_info=&#8221;{}&#8221;][et_pb_image src=&#8221;https:\/\/blogsaverroes.juntadeandalucia.es\/cempedrogamezlaserna\/files\/2023\/05\/HUGO-GUTIERREZ-JAPON-scaled.jpg&#8221; title_text=&#8221;Ni\u00f1o violin&#8221; _builder_version=&#8221;4.16&#8243; _module_preset=&#8221;default&#8221; transform_scale=&#8221;126%|126%&#8221; global_colors_info=&#8221;{}&#8221;][\/et_pb_image][\/et_pb_column][\/et_pb_row][\/et_pb_section][et_pb_section fb_built=&#8221;1&#8243; _builder_version=&#8221;4.16&#8243; _module_preset=&#8221;default&#8221; background_color=&#8221;#f7f7f7&#8243; custom_padding=&#8221;21px|||||&#8221; box_shadow_style=&#8221;preset3&#8243; box_shadow_spread=&#8221;-17px&#8221; global_colors_info=&#8221;{}&#8221;][et_pb_row column_structure=&#8221;1_2,1_2&#8243; use_custom_gutter=&#8221;on&#8221; gutter_width=&#8221;2&#8243; make_equal=&#8221;on&#8221; admin_label=&#8221;Services&#8221; _builder_version=&#8221;4.16&#8243; width=&#8221;100%&#8221; max_width=&#8221;80%&#8221; custom_padding=&#8221;60px||74px|||&#8221; use_custom_width=&#8221;on&#8221; width_unit=&#8221;off&#8221; locked=&#8221;off&#8221; global_colors_info=&#8221;{}&#8221;][et_pb_column type=&#8221;1_2&#8243; _builder_version=&#8221;4.16&#8243; background_color=&#8221;#FFFFFF&#8221; custom_padding=&#8221;|||&#8221; border_radii=&#8221;on|31px|31px|31px|31px&#8221; border_width_all=&#8221;3px&#8221; border_color_all=&#8221;#005470&#8243; box_shadow_style=&#8221;preset6&#8243; box_shadow_blur=&#8221;13px&#8221; box_shadow_spread=&#8221;-3px&#8221; box_shadow_color=&#8221;#005470&#8243; global_colors_info=&#8221;{}&#8221; custom_padding__hover=&#8221;|||&#8221;][et_pb_blurb title=&#8221;Secretar\u00eda&#8221; use_icon=&#8221;on&#8221; font_icon=&#8221;&#xf674;||fa||900&#8243; icon_color=&#8221;#005470&#8243; image_icon_width=&#8221;60px&#8221; _builder_version=&#8221;4.24.2&#8243; header_font=&#8221;Montserrat|on|||&#8221; header_text_color=&#8221;#353740&#8243; header_font_size=&#8221;22px&#8221; header_line_height=&#8221;1.4em&#8221; body_font=&#8221;Montserrat||||&#8221; body_text_color=&#8221;#747d88&#8243; body_font_size=&#8221;16px&#8221; text_orientation=&#8221;center&#8221; custom_margin=&#8221;||-13px|||&#8221; custom_padding=&#8221;30px|30px|6px|30px||&#8221; animation_style=&#8221;zoom&#8221; border_width_all=&#8221;0px&#8221; border_color_all=&#8221;#dddddd&#8221; border_style_all=&#8221;solid&#8221; use_border_color=&#8221;on&#8221; border_color=&#8221;#dddddd&#8221; icon_font_size=&#8221;60px&#8221; global_colors_info=&#8221;{}&#8221;]<\/p>\n<p>Aqu\u00ed encontrar\u00e1s toda la informaci\u00f3n y documentaci\u00f3n referente a: matriculaci\u00f3n, admisi\u00f3n, pruebas, plan de estudios, titulaci\u00f3n<\/p>\n<p>[\/et_pb_blurb][et_pb_button button_url=&#8221;https:\/\/blogsaverroes.juntadeandalucia.es\/cempedrogamezlaserna\/secretaria\/&#8221; button_text=&#8221;Acceder&#8221; button_alignment=&#8221;center&#8221; _builder_version=&#8221;4.16&#8243; _module_preset=&#8221;default&#8221; custom_button=&#8221;on&#8221; button_text_size=&#8221;16px&#8221; button_text_color=&#8221;#FFFFFF&#8221; button_bg_color=&#8221;#005470&#8243; button_border_radius=&#8221;69px&#8221; button_font=&#8221;Montserrat||||||||&#8221; custom_margin=&#8221;20px||10px||false|false&#8221; global_colors_info=&#8221;{}&#8221;][\/et_pb_button][\/et_pb_column][et_pb_column type=&#8221;1_2&#8243; _builder_version=&#8221;4.16&#8243; background_color=&#8221;#FFFFFF&#8221; custom_padding=&#8221;|||&#8221; border_radii=&#8221;on|31px|31px|31px|31px&#8221; border_width_all=&#8221;3px&#8221; border_color_all=&#8221;#005470&#8243; box_shadow_style=&#8221;preset6&#8243; box_shadow_blur=&#8221;13px&#8221; box_shadow_spread=&#8221;-3px&#8221; box_shadow_color=&#8221;#005470&#8243; global_colors_info=&#8221;{}&#8221; custom_padding__hover=&#8221;|||&#8221;][et_pb_blurb title=&#8221;Documentos&#8221; use_icon=&#8221;on&#8221; font_icon=&#8221;&#xf0c5;||fa||900&#8243; icon_color=&#8221;#005470&#8243; image_icon_width=&#8221;60px&#8221; _builder_version=&#8221;4.16&#8243; header_font=&#8221;Montserrat|on|||&#8221; header_text_color=&#8221;#353740&#8243; header_font_size=&#8221;22px&#8221; header_line_height=&#8221;1.4em&#8221; body_font=&#8221;Montserrat||||&#8221; body_text_color=&#8221;#000000&#8243; body_font_size=&#8221;16px&#8221; text_orientation=&#8221;center&#8221; custom_margin=&#8221;||-13px|||&#8221; custom_padding=&#8221;30px|30px|6px|30px||&#8221; animation_style=&#8221;zoom&#8221; border_width_all=&#8221;0px&#8221; border_color_all=&#8221;#dddddd&#8221; border_style_all=&#8221;solid&#8221; use_border_color=&#8221;on&#8221; border_color=&#8221;#dddddd&#8221; icon_font_size=&#8221;60px&#8221; global_colors_info=&#8221;{}&#8221;]<\/p>\n<p>Accede y descarga toda la documentaci\u00f3n referente a nuestro conservatorio, desde el plan del centro, la programaci\u00f3n o el calendario escolar<\/p>\n<p>[\/et_pb_blurb][et_pb_button button_url=&#8221;https:\/\/blogsaverroes.juntadeandalucia.es\/cempedrogamezlaserna\/secretaria#documentos&#8221; button_text=&#8221;Acceder&#8221; button_alignment=&#8221;center&#8221; _builder_version=&#8221;4.16&#8243; _module_preset=&#8221;default&#8221; custom_button=&#8221;on&#8221; button_text_size=&#8221;16px&#8221; button_text_color=&#8221;#FFFFFF&#8221; button_bg_color=&#8221;#005470&#8243; button_border_radius=&#8221;69px&#8221; button_font=&#8221;Montserrat||||||||&#8221; custom_margin=&#8221;20px||10px||false|false&#8221; global_colors_info=&#8221;{}&#8221;][\/et_pb_button][\/et_pb_column][\/et_pb_row][\/et_pb_section][et_pb_section fb_built=&#8221;1&#8243; _builder_version=&#8221;4.16&#8243; _module_preset=&#8221;default&#8221; custom_padding=&#8221;10px||5px|||&#8221; border_width_top=&#8221;3px&#8221; border_color_top=&#8221;#285d7c&#8221; locked=&#8221;off&#8221; global_colors_info=&#8221;{}&#8221;][et_pb_row column_structure=&#8221;1_2,1_2&#8243; _builder_version=&#8221;4.16&#8243; _module_preset=&#8221;default&#8221; custom_padding=&#8221;||3px|||&#8221; global_colors_info=&#8221;{}&#8221;][et_pb_column type=&#8221;1_2&#8243; _builder_version=&#8221;4.16&#8243; _module_preset=&#8221;default&#8221; global_colors_info=&#8221;{}&#8221;][et_pb_image src=&#8221;https:\/\/blogsaverroes.juntadeandalucia.es\/cempedrogamezlaserna\/files\/2023\/03\/Logo-ajustado.png&#8221; title_text=&#8221;Logo ajustado&#8221; align=&#8221;center&#8221; _builder_version=&#8221;4.16&#8243; _module_preset=&#8221;default&#8221; width=&#8221;76%&#8221; custom_margin=&#8221;-23px||||false|false&#8221; custom_padding=&#8221;20px|||||&#8221; global_colors_info=&#8221;{}&#8221;][\/et_pb_image][et_pb_text _builder_version=&#8221;4.24.2&#8243; _module_preset=&#8221;default&#8221; text_font=&#8221;Montserrat||||||||&#8221; custom_margin=&#8221;0px||||false|false&#8221; global_colors_info=&#8221;{}&#8221;]<\/p>\n<p style=\"text-align: center\">Consulta nuestra <a href=\"https:\/\/blogsaverroes.juntadeandalucia.es\/cempedrogamezlaserna\/politica-de-privacidad\/\">pol\u00edtica de privacidad<\/a> y <a href=\"https:\/\/blogsaverroes.juntadeandalucia.es\/cempedrogamezlaserna\/politica-cookies\/\">cookies<\/a><\/p>\n<p>[\/et_pb_text][\/et_pb_column][et_pb_column type=&#8221;1_2&#8243; _builder_version=&#8221;4.16&#8243; _module_preset=&#8221;default&#8221; global_colors_info=&#8221;{}&#8221;][et_pb_text _builder_version=&#8221;4.16&#8243; _module_preset=&#8221;default&#8221; header_font=&#8221;Montserrat||||||||&#8221; header_font_size=&#8221;20px&#8221; header_line_height=&#8221;0.8em&#8221; custom_margin=&#8221;||13px|||&#8221; global_colors_info=&#8221;{}&#8221;]<\/p>\n<h1 class=\"DUwDvf fontHeadlineLarge\" style=\"text-align: right\">Conservatorio elemental de m\u00fasica<\/h1>\n<h1 class=\"DUwDvf fontHeadlineLarge\" style=\"text-align: right\"><strong>Pedro G\u00e1mez Laserna<\/strong><\/h1>\n<p>[\/et_pb_text][et_pb_text _builder_version=&#8221;4.16&#8243; _module_preset=&#8221;default&#8221; header_font=&#8221;Montserrat||||||||&#8221; header_font_size=&#8221;23px&#8221; header_4_font=&#8221;Montserrat|300|||||||&#8221; header_4_font_size=&#8221;15px&#8221; header_4_line_height=&#8221;0.8em&#8221; custom_margin=&#8221;||6px|||&#8221; global_colors_info=&#8221;{}&#8221;]<\/p>\n<h4 class=\"DUwDvf fontHeadlineLarge\" style=\"text-align: right\">Calle Panadero, 30 ( P I Estrella ),<\/h4>\n<h4 class=\"DUwDvf fontHeadlineLarge\" style=\"text-align: right\">41100 Coria del R\u00edo, Sevilla,<\/h4>\n<p>[\/et_pb_text][et_pb_text _builder_version=&#8221;4.16&#8243; _module_preset=&#8221;default&#8221; header_font=&#8221;Montserrat||||||||&#8221; header_font_size=&#8221;23px&#8221; header_4_font=&#8221;Montserrat|300|||||||&#8221; header_4_font_size=&#8221;15px&#8221; header_4_line_height=&#8221;0.8em&#8221; custom_margin=&#8221;||13px|||&#8221; global_colors_info=&#8221;{}&#8221;]<\/p>\n<h4 style=\"text-align: right\"><strong>Tel\u00e9fono:<\/strong> 955 622 559 \u00a0<strong>M\u00f3vil:<\/strong> 677 902 265<\/h4>\n<p>[\/et_pb_text][et_pb_text _builder_version=&#8221;4.16&#8243; _module_preset=&#8221;default&#8221; header_font=&#8221;Montserrat||||||||&#8221; header_font_size=&#8221;23px&#8221; header_4_font=&#8221;Montserrat|300|||||||&#8221; header_4_font_size=&#8221;15px&#8221; header_4_line_height=&#8221;0.8em&#8221; custom_margin=&#8221;||17px|||&#8221; global_colors_info=&#8221;{}&#8221;]<\/p>\n<h4 style=\"text-align: right\"><strong>Mail:<\/strong> <a href=\"mailto:41700786@g.educaand.es\">41700786@g.educaand.es<\/a><\/h4>\n<h4 style=\"text-align: right\">41700786.edu@juntadeandalucia.es<\/h4>\n<p>[\/et_pb_text][\/et_pb_column][\/et_pb_row][et_pb_row column_structure=&#8221;1_2,1_6,1_6,1_6&#8243; _builder_version=&#8221;4.16&#8243; _module_preset=&#8221;default&#8221; custom_padding=&#8221;1px||0px|||&#8221; global_colors_info=&#8221;{}&#8221;][et_pb_column type=&#8221;1_2&#8243; _builder_version=&#8221;4.16&#8243; _module_preset=&#8221;default&#8221; global_colors_info=&#8221;{}&#8221;][et_pb_text _builder_version=&#8221;4.16&#8243; _module_preset=&#8221;default&#8221; header_4_font=&#8221;Montserrat||||||||&#8221; header_4_text_color=&#8221;#285d7c&#8221; header_4_font_size=&#8221;21px&#8221; custom_margin=&#8221;17px|||-19px|false|false&#8221; global_colors_info=&#8221;{}&#8221;]<\/p>\n<h4 style=\"text-align: center\">Enlaces de inter\u00e9s:<\/h4>\n<p>[\/et_pb_text][\/et_pb_column][et_pb_column type=&#8221;1_6&#8243; _builder_version=&#8221;4.16&#8243; _module_preset=&#8221;default&#8221; global_colors_info=&#8221;{}&#8221;][et_pb_image src=&#8221;https:\/\/blogsaverroes.juntadeandalucia.es\/cempedrogamezlaserna\/files\/2022\/03\/ipasen.png&#8221; title_text=&#8221;ipasen&#8221; url=&#8221;https:\/\/seneca.juntadeandalucia.es\/seneca\/jsp\/portalpasen\/&#8221; _builder_version=&#8221;4.16&#8243; _module_preset=&#8221;default&#8221; transform_scale_tablet=&#8221;76%|76%&#8221; transform_scale_phone=&#8221;52%|52%&#8221; transform_scale_last_edited=&#8221;on|tablet&#8221; transform_translate_tablet=&#8221;-29px|-29px&#8221; transform_translate_phone=&#8221;10px|-176px&#8221; transform_translate_last_edited=&#8221;on|tablet&#8221; transform_translate_linked_phone=&#8221;off&#8221; transform_rotate_tablet=&#8221;&#8221; transform_rotate_phone=&#8221;&#8221; transform_rotate_last_edited=&#8221;on|tablet&#8221; transform_skew_tablet=&#8221;&#8221; transform_skew_phone=&#8221;&#8221; transform_skew_last_edited=&#8221;on|tablet&#8221; transform_origin_tablet=&#8221;&#8221; transform_origin_phone=&#8221;&#8221; transform_origin_last_edited=&#8221;on|tablet&#8221; transform_styles_last_edited=&#8221;on|tablet&#8221; width=&#8221;48%&#8221; custom_margin_tablet=&#8221;&#8221; custom_margin_phone=&#8221;31px||13px||false|false&#8221; custom_margin_last_edited=&#8221;on|phone&#8221; transform_styles_tablet=&#8221;&#8221; transform_styles_phone=&#8221;&#8221; global_colors_info=&#8221;{}&#8221;][\/et_pb_image][\/et_pb_column][et_pb_column type=&#8221;1_6&#8243; _builder_version=&#8221;4.16&#8243; _module_preset=&#8221;default&#8221; global_colors_info=&#8221;{}&#8221;][et_pb_image src=&#8221;https:\/\/blogsaverroes.juntadeandalucia.es\/cempedrogamezlaserna\/files\/2022\/03\/SECRETARIA_VITURAL_300.png&#8221; title_text=&#8221;SECRETARIA_VITURAL_300&#8243; url=&#8221;https:\/\/www.juntadeandalucia.es\/educacion\/secretariavirtual\/&#8221; _builder_version=&#8221;4.16&#8243; _module_preset=&#8221;default&#8221; transform_scale_tablet=&#8221;&#8221; transform_scale_phone=&#8221;&#8221; transform_scale_last_edited=&#8221;on|phone&#8221; transform_translate_tablet=&#8221;&#8221; transform_translate_phone=&#8221;-29px|-204px&#8221; transform_translate_last_edited=&#8221;on|phone&#8221; transform_translate_linked_phone=&#8221;off&#8221; transform_rotate_tablet=&#8221;&#8221; transform_rotate_phone=&#8221;&#8221; transform_rotate_last_edited=&#8221;on|phone&#8221; transform_skew_tablet=&#8221;&#8221; transform_skew_phone=&#8221;&#8221; transform_skew_last_edited=&#8221;on|phone&#8221; transform_origin_tablet=&#8221;&#8221; transform_origin_phone=&#8221;&#8221; transform_origin_last_edited=&#8221;on|phone&#8221; transform_styles_last_edited=&#8221;on|phone&#8221; width=&#8221;60%&#8221; custom_margin=&#8221;10px|0px||80px|false|false&#8221; custom_margin_tablet=&#8221;10px|0px||80px|false|false&#8221; custom_margin_phone=&#8221;28px||||false|false&#8221; custom_margin_last_edited=&#8221;on|desktop&#8221; transform_styles_tablet=&#8221;&#8221; transform_styles_phone=&#8221;&#8221; global_colors_info=&#8221;{}&#8221;][\/et_pb_image][\/et_pb_column][et_pb_column type=&#8221;1_6&#8243; _builder_version=&#8221;4.16&#8243; _module_preset=&#8221;default&#8221; global_colors_info=&#8221;{}&#8221;][et_pb_image src=&#8221;https:\/\/blogsaverroes.juntadeandalucia.es\/cempedrogamezlaserna\/files\/2022\/03\/Logo-Junta-de-Andalucia-2-1-1024&#215;992-1.png&#8221; title_text=&#8221;Logo-Junta-de-Andalucia-2-1-1024&#215;992&#8243; url=&#8221;https:\/\/www.juntadeandalucia.es\/educacion\/portals\/web\/ced\/&#8221; _builder_version=&#8221;4.16&#8243; _module_preset=&#8221;default&#8221; width=&#8221;51%&#8221; custom_margin=&#8221;|0px||70px|false|false&#8221; custom_margin_tablet=&#8221;|0px||70px|false|false&#8221; custom_margin_phone=&#8221;-244px|0px||65px|false|false&#8221; custom_margin_last_edited=&#8221;on|phone&#8221; global_colors_info=&#8221;{}&#8221;][\/et_pb_image][\/et_pb_column][\/et_pb_row][\/et_pb_section]<\/p>\n","protected":false},"excerpt":{"rendered":"<p>&nbsp; &nbsp;No olvides seguirnos, \u00a1estamos en las redes!Bienvenida El Conservatorio de Coria, centro p\u00fablico educativo de ense\u00f1anzas musicales de la zona metropolitana de Sevilla agradece su visita a nuestro portal web.Le invitamos a consultar nuestros contenidos y oferta formativa, deseando resulten de su inter\u00e9s y le animen a formar parte activa de nuestra comunidad educativa.Nuestro [&hellip;]<\/p>\n","protected":false},"author":14445,"featured_media":0,"parent":0,"menu_order":0,"comment_status":"closed","ping_status":"closed","template":"","meta":{"_et_pb_use_builder":"on","_et_pb_old_content":"","_et_gb_content_width":"","footnotes":""},"aioseo_notices":[],"_links":{"self":[{"href":"https:\/\/blogsaverroes.juntadeandalucia.es\/cempedrogamezlaserna\/wp-json\/wp\/v2\/pages\/2613"}],"collection":[{"href":"https:\/\/blogsaverroes.juntadeandalucia.es\/cempedrogamezlaserna\/wp-json\/wp\/v2\/pages"}],"about":[{"href":"https:\/\/blogsaverroes.juntadeandalucia.es\/cempedrogamezlaserna\/wp-json\/wp\/v2\/types\/page"}],"author":[{"embeddable":true,"href":"https:\/\/blogsaverroes.juntadeandalucia.es\/cempedrogamezlaserna\/wp-json\/wp\/v2\/users\/14445"}],"replies":[{"embeddable":true,"href":"https:\/\/blogsaverroes.juntadeandalucia.es\/cempedrogamezlaserna\/wp-json\/wp\/v2\/comments?post=2613"}],"version-history":[{"count":286,"href":"https:\/\/blogsaverroes.juntadeandalucia.es\/cempedrogamezlaserna\/wp-json\/wp\/v2\/pages\/2613\/revisions"}],"predecessor-version":[{"id":4470,"href":"https:\/\/blogsaverroes.juntadeandalucia.es\/cempedrogamezlaserna\/wp-json\/wp\/v2\/pages\/2613\/revisions\/4470"}],"wp:attachment":[{"href":"https:\/\/blogsaverroes.juntadeandalucia.es\/cempedrogamezlaserna\/wp-json\/wp\/v2\/media?parent=2613"}],"curies":[{"name":"wp","href":"https:\/\/api.w.org\/{rel}","templated":true}]}}