{"id":30,"date":"2023-10-22T10:00:55","date_gmt":"2023-10-22T08:00:55","guid":{"rendered":"https:\/\/blogsaverroes.juntadeandalucia.es\/centrosbilinguessevilla\/?page_id=30"},"modified":"2025-10-23T14:12:46","modified_gmt":"2025-10-23T12:12:46","slug":"cil","status":"publish","type":"page","link":"https:\/\/blogsaverroes.juntadeandalucia.es\/centrosbilinguessevilla\/cil\/","title":{"rendered":"CIL"},"content":{"rendered":"<p><a href=\"https:\/\/descargas.ced.junta-andalucia.es\/recursos\/plc\/CIL\/COMENZAR.html\"><strong><span style=\"color: #008000\">CIL Portal institucional PLC Consejer\u00eda de Educaci\u00f3n de la Junta de Andaluc\u00eda<\/span><\/strong><\/a><\/p>\n<p><a href=\"https:\/\/blogsaverroes.juntadeandalucia.es\/plurilinguismodelegacionjaen\/files\/2021\/11\/02_CURR%C3%8DCULUM-INTEGRADO-DE-LAS-LENGUAS.pdf\"><span style=\"color: #008000\"><strong>Material de referencia para la elaboraci\u00f3n de un PLC. CIL&nbsp;<\/strong><\/span><\/a><\/p>\n<p><a href=\"https:\/\/ceipsanfranciscocajar.es\/index.php\/2020\/11\/12\/curriculo-integrado-de-las-lenguas-cil\/\">CIL CEIP San Francisco, C\u00e1jar (Granada)<\/a><\/p>\n<p><a href=\"https:\/\/sites.google.com\/iescristobaldemonroy.es\/cil\/inicio\"><span style=\"color: #008000\"><strong>CIL IES Crist\u00f3bal de Monroy, Alcal\u00e1 de Guada\u00edra (Sevilla)<\/strong><\/span><\/a><\/p>\n<p><a href=\"http:\/\/englishpuasanjose.blogspot.com\/2016\/02\/curriculo-integrado-de-las-lenguas.html\" target=\"_blank\" rel=\"noopener noreferrer\"><strong><span style=\"color: #008000\">CIL CEIP Ntra Sra del Patrocinio, San Jos\u00e9 de la Rinconada (Sevilla)<\/span><\/strong><\/a><\/p>\n<p lang=\"en-US\"><a href=\"https:\/\/sites.google.com\/site\/curriculumintegrado\/\" target=\"_blank\" rel=\"noopener noreferrer\">CIL IES Albert Einstein, Sevilla<\/a><\/p>\n<p lang=\"en-US\"><a href=\"http:\/\/bilingualzonesuabia.blogspot.com\/p\/blog-page.html\">CIL IES Beatriz de Suabia. Sevilla&nbsp;<\/a><\/p>\n<p lang=\"en-US\"><a href=\"https:\/\/sites.google.com\/view\/curriculointegradollanes\/home\"><strong><span style=\"color: #008000\">CIL IES Llanes, Sevilla<\/span><\/strong><\/a><\/p>\n<p lang=\"en-US\"><a href=\"https:\/\/blogsaverroes.juntadeandalucia.es\/iesvalleinclan\/files\/2021\/02\/CIL-Valle-Incl%C3%A1n.pdf\"><span style=\"color: #008000\"><strong>CIL IES Ram\u00f3n del Valle Incl\u00e1n, Sevilla<\/strong><\/span><\/a><\/p>\n<p lang=\"en-US\"><a href=\"http:\/\/proyectolinguistico.webnode.es\/cil\/cil\/\" target=\"_blank\" rel=\"noopener noreferrer\">CIL en el Blog de Miguel Calvillo Jurado<\/a><\/p>\n<p lang=\"en-US\"><a href=\"http:\/\/es.slideshare.net\/hermes2g\/pautas-para-la-elaboracin-del-currculo-integrado\" target=\"_blank\" rel=\"noopener noreferrer\">Pautas para la elaboraci\u00f3n del curr\u00edculo integrado de las lenguas. Sonia Casal <\/a><\/p>\n<p lang=\"en-US\"><a href=\"http:\/\/www.slideshare.net\/ptorres\/cil-en-mirador-del-genil-crdoba-enero-2014-v3\" target=\"_blank\" rel=\"noopener noreferrer\">C\u00f3mo integrar el CIL en la ense\u00f1anza del espa\u00f1ol. Antonia G\u00f3mez Vidal<\/a><\/p>\n<p lang=\"en-US\"><a href=\"http:\/\/www.realidadyficcion.es\/revista_lindaraja\/Mercedes_Laguna\/papel_lengua_curr\u00edculo_integrado.htm#Mercedes\" target=\"_blank\" rel=\"noopener noreferrer\">El papel de la lengua espa\u00f1ola en el CIL. Mercedes Laguna Gonz\u00e1lez<\/a><\/p>\n<p lang=\"en-US\"><a href=\"http:\/\/actualidadplurilinguismo.webnode.es\/news\/dise%C3%B1o-del-curriculo-integrado-de-los-centros-bilingues-%28publicacion-de-antonio-roldan%29\/\" target=\"_blank\" rel=\"noopener noreferrer\">Dise\u00f1o del curr\u00edculo integrado de los centros biling\u00fces. Antonio Rold\u00e1n<\/a><\/p>\n<p lang=\"en-US\"><a href=\"http:\/\/curriculumintegrado.blogspot.com.es\/\" target=\"_blank\" rel=\"noopener noreferrer\">Blog dedicado al Curr\u00edculum Integrado<\/a><\/p>\n<p lang=\"en-US\">&nbsp;<\/p>\n","protected":false},"excerpt":{"rendered":"<p>CIL Portal institucional PLC Consejer\u00eda de Educaci\u00f3n de la Junta de Andaluc\u00eda Material de referencia para la elaboraci\u00f3n de un PLC. CIL&nbsp; CIL CEIP San Francisco, C\u00e1jar (Granada) CIL IES Crist\u00f3bal de Monroy, Alcal\u00e1&#46;&#46;&#46;<\/p>\n","protected":false},"author":1252,"featured_media":0,"parent":0,"menu_order":0,"comment_status":"open","ping_status":"closed","template":"","meta":{"ngg_post_thumbnail":0,"footnotes":""},"aioseo_notices":[],"_links":{"self":[{"href":"https:\/\/blogsaverroes.juntadeandalucia.es\/centrosbilinguessevilla\/wp-json\/wp\/v2\/pages\/30"}],"collection":[{"href":"https:\/\/blogsaverroes.juntadeandalucia.es\/centrosbilinguessevilla\/wp-json\/wp\/v2\/pages"}],"about":[{"href":"https:\/\/blogsaverroes.juntadeandalucia.es\/centrosbilinguessevilla\/wp-json\/wp\/v2\/types\/page"}],"author":[{"embeddable":true,"href":"https:\/\/blogsaverroes.juntadeandalucia.es\/centrosbilinguessevilla\/wp-json\/wp\/v2\/users\/1252"}],"replies":[{"embeddable":true,"href":"https:\/\/blogsaverroes.juntadeandalucia.es\/centrosbilinguessevilla\/wp-json\/wp\/v2\/comments?post=30"}],"version-history":[{"count":26,"href":"https:\/\/blogsaverroes.juntadeandalucia.es\/centrosbilinguessevilla\/wp-json\/wp\/v2\/pages\/30\/revisions"}],"predecessor-version":[{"id":3086,"href":"https:\/\/blogsaverroes.juntadeandalucia.es\/centrosbilinguessevilla\/wp-json\/wp\/v2\/pages\/30\/revisions\/3086"}],"wp:attachment":[{"href":"https:\/\/blogsaverroes.juntadeandalucia.es\/centrosbilinguessevilla\/wp-json\/wp\/v2\/media?parent=30"}],"curies":[{"name":"wp","href":"https:\/\/api.w.org\/{rel}","templated":true}]}}