{"id":3128,"date":"2018-10-31T22:48:16","date_gmt":"2018-10-31T22:48:16","guid":{"rendered":"https:\/\/blogsaverroes.juntadeandalucia.es\/ceperalmaden\/?page_id=3128"},"modified":"2018-10-31T22:50:19","modified_gmt":"2018-10-31T22:50:19","slug":"estrategia-eracis","status":"publish","type":"page","link":"https:\/\/blogsaverroes.juntadeandalucia.es\/ceperalmaden\/estrategia-eracis\/","title":{"rendered":"Estrategia ERACIS"},"content":{"rendered":"<h2 style=\"text-align: center\"><strong>Estrategia Regional Andaluza para la Cohesi\u00f3n e Inclusi\u00f3n Social. Intervenci\u00f3n en Zonas desfavorecidas (ERACIS)<\/strong><\/h2>\n<p>&nbsp;<\/p>\n<p><strong>OBJETIVO:&nbsp;<\/strong>Establecer mecanismos de compensaci\u00f3n al objeto de que las personas residentes en zonas con necesidades de transformaci\u00f3n social puedan acceder a los distintos Sistemas de Protecci\u00f3n Social: educaci\u00f3n, salud, servicios sociales y empleo, as\u00ed como a otros servicios p\u00fablicos.<\/p>\n<p><strong>DESTINATARIOS:&nbsp;<\/strong>Personas residentes en zonas con necesidades de transformaci\u00f3n social.&nbsp;<\/p>\n<p><strong>\u00c1MBITOS DE INTERVENCI\u00d3N de nuestro centro <\/strong><\/p>\n<ol>\n<li>Acciones de intermediaci\u00f3n entre las familias y la comunidad educativa que permitan <strong>incrementar el \u00e9xito acad\u00e9mico y reducir el abandono escolar temprano.<\/strong><\/li>\n<li>El <strong>acompa\u00f1amiento en el paso de la educaci\u00f3n al empleo<\/strong> (asesoramiento, alfabetizaci\u00f3n digital, formaci\u00f3n ocupacional y profesional), consider\u00e1ndose necesario que una vez conseguido el nivel formativo u ocupacional adecuado para su incorporaci\u00f3n al mercado de trabajo, se le asigne a la persona<strong> un\/a tutor\/a.<\/strong><\/li>\n<\/ol>\n<p><strong>ZONA DE ACTUACI\u00d3N EN LA LOCALIDAD<\/strong>: Barrios de San Vicente Paul, Antonio D\u00edaz y La Magdalena.&nbsp;<\/p>\n<p><strong>ORGANIZA:<\/strong>&nbsp; Consejer\u00eda de Igualdad y Pol\u00edticas Sociales, en cofinanciaci\u00f3n con el Fondo Social Europeo<\/p>\n<p><a href=\"https:\/\/www.juntadeandalucia.es\/organismos\/igualdadypoliticassociales\/areas\/inclusion\/paginas\/dise%C3%B1o-ejecucion-estrategias.html\" target=\"_blank\" rel=\"noopener\">M\u00e1s informaci\u00f3n del proyecto<\/a><\/p>\n","protected":false},"excerpt":{"rendered":"<p>Estrategia Regional Andaluza para la Cohesi\u00f3n e Inclusi\u00f3n Social. Intervenci\u00f3n en Zonas desfavorecidas (ERACIS) &nbsp; OBJETIVO:&nbsp;Establecer mecanismos de compensaci\u00f3n al objeto de que las personas residentes en zonas con necesidades de transformaci\u00f3n social puedan acceder&#46;&#46;&#46;<\/p>\n","protected":false},"author":6371,"featured_media":0,"parent":0,"menu_order":0,"comment_status":"closed","ping_status":"closed","template":"","meta":{"ngg_post_thumbnail":0,"footnotes":"","_mc_calendar":[]},"aioseo_notices":[],"_links":{"self":[{"href":"https:\/\/blogsaverroes.juntadeandalucia.es\/ceperalmaden\/wp-json\/wp\/v2\/pages\/3128"}],"collection":[{"href":"https:\/\/blogsaverroes.juntadeandalucia.es\/ceperalmaden\/wp-json\/wp\/v2\/pages"}],"about":[{"href":"https:\/\/blogsaverroes.juntadeandalucia.es\/ceperalmaden\/wp-json\/wp\/v2\/types\/page"}],"author":[{"embeddable":true,"href":"https:\/\/blogsaverroes.juntadeandalucia.es\/ceperalmaden\/wp-json\/wp\/v2\/users\/6371"}],"replies":[{"embeddable":true,"href":"https:\/\/blogsaverroes.juntadeandalucia.es\/ceperalmaden\/wp-json\/wp\/v2\/comments?post=3128"}],"version-history":[{"count":2,"href":"https:\/\/blogsaverroes.juntadeandalucia.es\/ceperalmaden\/wp-json\/wp\/v2\/pages\/3128\/revisions"}],"predecessor-version":[{"id":3131,"href":"https:\/\/blogsaverroes.juntadeandalucia.es\/ceperalmaden\/wp-json\/wp\/v2\/pages\/3128\/revisions\/3131"}],"wp:attachment":[{"href":"https:\/\/blogsaverroes.juntadeandalucia.es\/ceperalmaden\/wp-json\/wp\/v2\/media?parent=3128"}],"curies":[{"name":"wp","href":"https:\/\/api.w.org\/{rel}","templated":true}]}}