{"id":5188,"date":"2020-09-20T17:30:16","date_gmt":"2020-09-20T17:30:16","guid":{"rendered":"https:\/\/blogsaverroes.juntadeandalucia.es\/ceperalmaden\/?page_id=5188"},"modified":"2021-12-13T11:58:51","modified_gmt":"2021-12-13T11:58:51","slug":"formacion-telematica-del-alumnado","status":"publish","type":"page","link":"https:\/\/blogsaverroes.juntadeandalucia.es\/ceperalmaden\/formacion-telematica-del-alumnado\/","title":{"rendered":"Formaci\u00f3n telem\u00e1tica del alumnado."},"content":{"rendered":"<blockquote>\n<h1 style=\"text-align: center\"><strong><span style=\"color: #ff0000\">FORMACI\u00d3N TELEM\u00c1TICA DEL ALUMNADO<\/span><\/strong><\/h1>\n<\/blockquote>\n<h4 style=\"text-align: center\"><strong><span style=\"color: #0000ff\">ENCUESTA<\/span><\/strong><\/h4>\n<ol>\n<li><a href=\"https:\/\/docs.google.com\/forms\/d\/1nzO4ghJ_JvN3mTBS1PvQQKTvrrb7dXMV2mAze3PRjB0\/edit?usp=sharing\">Uso del smartphone en el alumnado.<\/a><\/li>\n<\/ol>\n<h4 style=\"text-align: center\"><strong><span style=\"color: #0000ff\">VIDEOS TUTORIALES<\/span><\/strong><\/h4>\n<ol>\n<li><a href=\"https:\/\/drive.google.com\/file\/d\/1eGGz5uDfpdlT7jdOm4jMcrs00L8G4Hlw\/view?usp=sharing\">Generaci\u00f3n de cuentas de correo electr\u00f3nico de Gmail exclusivas para trabajo en clase.<\/a><\/li>\n<li><a href=\"https:\/\/drive.google.com\/file\/d\/1aH5NFXkfGQpzFaxII46cTStqbM0Mi9Ms\/view?usp=sharing\">El acceso a Google Classroom.<\/a><\/li>\n<li><a href=\"https:\/\/drive.google.com\/file\/d\/1QhXXmqSAajTIzCSwbFElavg8wmJVTRnY\/view?usp=sharing\">C\u00f3mo subir y revisar tareas en Google Classroom.<\/a><\/li>\n<li><a href=\"https:\/\/drive.google.com\/file\/d\/199fBljRyPWvMOJ5Kv1YAmXIsPpElfBrH\/view?usp=sharing\">C\u00f3mo usar Google Meet.<\/a><\/li>\n<\/ol>\n<h4 style=\"text-align: center\"><strong><span style=\"color: #0000ff\">MANUALES DE AUTOAYUDA Y COSEJOS PR\u00c1CTICOS<\/span><\/strong><\/h4>\n<p style=\"text-align: justify\">La finalidad de esta p\u00e1gina es la formaci\u00f3n en la utilizaci\u00f3n de los recursos telem\u00e1ticos del C.E.PER. \u00abAlmad\u00e9n\u00bb y sus Secciones de Educaci\u00f3n Permanente. Aqu\u00ed se encuentra a disposici\u00f3n del alumnado los Manuales de Autoayuda de los recursos telem\u00e1ticos m\u00e1s utilizados junto con Consejos Pr\u00e1cticos B\u00e1sicos de utilidad en smartphones (tel\u00e9fonos inteligentes) y computadoras. Para acceder a los Manuales de Autoayuda o Consejos Pr\u00e1cticos se cliquea sobre la imagen de la portada del documento que le interese y lo obtendr\u00e1 en formato pdf.<\/p>\n<p style=\"text-align: center\"><span style=\"color: #008080\"><strong>Manual de Autoayuda del Alumnado: \u00abPASEN\u00bb.<\/strong><\/span><\/p>\n<p style=\"text-align: center\"><a href=\"https:\/\/drive.google.com\/file\/d\/1t43XdZlGpYdm59x_zZPYppTrF0RusWue\/view?usp=sharing\"><img loading=\"lazy\" decoding=\"async\" class=\"alignnone size-full wp-image-5109\" src=\"https:\/\/blogsaverroes.juntadeandalucia.es\/ceperalmaden\/files\/2020\/09\/PASEN.png\" alt=\"\" width=\"396\" height=\"555\" \/><\/a><\/p>\n<p style=\"text-align: center\"><span style=\"color: #008080\"><strong>Consejo pr\u00e1ctico: \u00abRealizaci\u00f3n de capturas de pantalla\u00bb.<\/strong><\/span><\/p>\n<p style=\"text-align: center\"><a href=\"https:\/\/drive.google.com\/file\/d\/1ftMcWrEGrPpnzgkkJPwh1bwcjYrhqWkz\/view?usp=sharing\"><img loading=\"lazy\" decoding=\"async\" class=\"alignnone wp-image-5109\" src=\"https:\/\/blogsaverroes.juntadeandalucia.es\/ceperalmaden\/files\/2020\/09\/Capturas.png\" alt=\"\" width=\"396\" height=\"500\" \/><\/a><\/p>\n<p style=\"text-align: center\"><span style=\"color: #008080\"><strong>Consejo pr\u00e1ctico: \u00abOcultar n\u00famero de tel\u00e9fono en Telegram\u00bb.<\/strong><\/span><\/p>\n<p style=\"text-align: center\"><a href=\"https:\/\/drive.google.com\/file\/d\/1un-9ZOA7VOymVuvi3DmY_T1jjXdNWavn\/view?usp=sharing\"><img loading=\"lazy\" decoding=\"async\" class=\"alignnone wp-image-5510\" src=\"https:\/\/blogsaverroes.juntadeandalucia.es\/ceperalmaden\/files\/2021\/09\/Ocular-n\u00famero.png\" alt=\"\" width=\"397\" height=\"551\" srcset=\"https:\/\/blogsaverroes.juntadeandalucia.es\/ceperalmaden\/files\/2021\/09\/Ocular-n\u00famero.png 598w, https:\/\/blogsaverroes.juntadeandalucia.es\/ceperalmaden\/files\/2021\/09\/Ocular-n\u00famero-216x300.png 216w\" sizes=\"(max-width: 397px) 100vw, 397px\" \/><\/a><\/p>\n<p style=\"text-align: center\"><span style=\"color: #008080\"><strong>Manual: \u00abEl smartphone\u00bb.<\/strong><\/span><\/p>\n<p style=\"text-align: center\"><a href=\"https:\/\/drive.google.com\/file\/d\/1m6Y664MQHCcJLrDnE9El7oKqDiINxwbc\/view?usp=sharing\"><img loading=\"lazy\" decoding=\"async\" class=\"alignnone wp-image-5515\" src=\"https:\/\/blogsaverroes.juntadeandalucia.es\/ceperalmaden\/files\/2021\/10\/Tema-smartphone.png\" alt=\"\" width=\"393\" height=\"553\" srcset=\"https:\/\/blogsaverroes.juntadeandalucia.es\/ceperalmaden\/files\/2021\/10\/Tema-smartphone.png 599w, https:\/\/blogsaverroes.juntadeandalucia.es\/ceperalmaden\/files\/2021\/10\/Tema-smartphone-213x300.png 213w\" sizes=\"(max-width: 393px) 100vw, 393px\" \/><\/a><\/p>\n<h4><a href=\"https:\/\/drive.google.com\/file\/d\/1fCnTEz5Ia_qRlxd4FSHg9liO18Nv97sb\/view?usp=sharing\"><img loading=\"lazy\" decoding=\"async\" class=\"wp-image-5551 aligncenter\" src=\"https:\/\/blogsaverroes.juntadeandalucia.es\/ceperalmaden\/files\/2021\/10\/Smartphone01-1.png\" alt=\"\" width=\"392\" height=\"551\" srcset=\"https:\/\/blogsaverroes.juntadeandalucia.es\/ceperalmaden\/files\/2021\/10\/Smartphone01-1.png 598w, https:\/\/blogsaverroes.juntadeandalucia.es\/ceperalmaden\/files\/2021\/10\/Smartphone01-1-214x300.png 214w\" sizes=\"(max-width: 392px) 100vw, 392px\" \/><\/a><\/h4>\n<h1 style=\"text-align: center\"><a href=\"https:\/\/drive.google.com\/file\/d\/1Ca3vuwzSvp0TeHSNJRN3-wuM972sgxGg\/view?usp=sharing\"><strong><span style=\"color: #ff0000\"><img loading=\"lazy\" decoding=\"async\" class=\"alignnone wp-image-5554\" src=\"https:\/\/blogsaverroes.juntadeandalucia.es\/ceperalmaden\/files\/2021\/10\/Smartphone-II.png\" alt=\"\" width=\"385\" height=\"531\" srcset=\"https:\/\/blogsaverroes.juntadeandalucia.es\/ceperalmaden\/files\/2021\/10\/Smartphone-II.png 593w, https:\/\/blogsaverroes.juntadeandalucia.es\/ceperalmaden\/files\/2021\/10\/Smartphone-II-217x300.png 217w\" sizes=\"(max-width: 385px) 100vw, 385px\" \/><\/span><\/strong><\/a><\/h1>\n<p><a href=\"https:\/\/drive.google.com\/file\/d\/1XPIyX7aJjDfAHw2WxRs_Q6NTTwegiqgC\/view?usp=sharing\"><img loading=\"lazy\" decoding=\"async\" class=\"alignnone wp-image-5568 aligncenter\" src=\"https:\/\/blogsaverroes.juntadeandalucia.es\/ceperalmaden\/files\/2021\/11\/3-Smartphone.png\" alt=\"\" width=\"391\" height=\"551\" srcset=\"https:\/\/blogsaverroes.juntadeandalucia.es\/ceperalmaden\/files\/2021\/11\/3-Smartphone.png 599w, https:\/\/blogsaverroes.juntadeandalucia.es\/ceperalmaden\/files\/2021\/11\/3-Smartphone-213x300.png 213w\" sizes=\"(max-width: 391px) 100vw, 391px\" \/><\/a><\/p>\n<h4 style=\"text-align: center\"><a href=\"https:\/\/drive.google.com\/file\/d\/18wDmqwYClQqj5LCGLb6Jg7u0ER1zMK94\/view?usp=sharing\"><img loading=\"lazy\" decoding=\"async\" class=\"alignnone  wp-image-5615\" src=\"https:\/\/blogsaverroes.juntadeandalucia.es\/ceperalmaden\/files\/2021\/12\/Portada.png\" alt=\"\" width=\"388\" height=\"549\" srcset=\"https:\/\/blogsaverroes.juntadeandalucia.es\/ceperalmaden\/files\/2021\/12\/Portada.png 519w, https:\/\/blogsaverroes.juntadeandalucia.es\/ceperalmaden\/files\/2021\/12\/Portada-212x300.png 212w\" sizes=\"(max-width: 388px) 100vw, 388px\" \/><\/a><\/h4>\n<h4 style=\"text-align: center\"><strong><span style=\"color: #0000ff\">CUESTIONARIOS<\/span><\/strong><\/h4>\n<ol>\n<li><a href=\"https:\/\/docs.google.com\/forms\/d\/1FDLPbg5ETOTlOIStFzs7Pn1lKFG2kzwptcMAbQn1L2c\/edit?usp=sharing\"><span style=\"color: #008080\">Elementos del smartphone.<\/span><\/a><\/li>\n<li><a href=\"https:\/\/docs.google.com\/forms\/d\/1z22Nsd4x4Ne6mBvufy5E1h9x4xj8ismF9OIUt_KmzSY\/edit?usp=sharing\">Cuidados del smartphone.<\/a><\/li>\n<li><a href=\"https:\/\/docs.google.com\/forms\/d\/1jCxFE8JoKF3g4vdfPW_t7bDkGaLyJE4qxXnK-a0QnyY\/edit?usp=sharing\">Riesgos para la salud del smartphone.<\/a><\/li>\n<li><a href=\"https:\/\/docs.google.com\/forms\/d\/1Kinuip_Ny7Ie_9XjW9uBl_qXkaafXrkl7vXUFAAC9TU\/edit?usp=sharing\">Componentes internos y externos del ordenador.<\/a><\/li>\n<li><a href=\"https:\/\/docs.google.com\/forms\/d\/1_zRhzMQYwHeao8UcXgW6rnKnJdeneXeXO8XpOS-NBeA\/edit?usp=sharing\">Perif\u00e9ricos del ordenador.<\/a><\/li>\n<li><a href=\"https:\/\/docs.google.com\/forms\/d\/15xD-SS-8DUaNxoqy18dHtjkEG9y5Ks7-OXL_slTuC5U\/edit?usp=sharing\">Iconos del smartphone.<\/a><\/li>\n<li><a href=\"https:\/\/docs.google.com\/forms\/d\/1k3LYGAl_2PW4uM8fIznKoEY_WkZt91aQ26gT4d2Gnnw\/edit?usp=sharing\">Teclado alfanum\u00e9rico del smartphone.<\/a><\/li>\n<li><a href=\"https:\/\/docs.google.com\/forms\/d\/107uHOWn-J3nESjjo0333RltcX-4mTfYE1WIpvXKiSno\/edit?usp=sharing\">Aspecto externo del smartphone.<\/a><\/li>\n<li><a href=\"https:\/\/docs.google.com\/forms\/d\/1wxC1g94ebVyoss4Ofhyr1ByyyIJ5TyqOjqIrpZ7Ym2E\/edit?usp=sharing\">Hardware\/Software.<\/a><\/li>\n<\/ol>\n","protected":false},"excerpt":{"rendered":"<p>FORMACI\u00d3N TELEM\u00c1TICA DEL ALUMNADO ENCUESTA Uso del smartphone en el alumnado. VIDEOS TUTORIALES Generaci\u00f3n de cuentas de correo electr\u00f3nico de Gmail exclusivas para trabajo en clase. El acceso a Google Classroom. C\u00f3mo subir y revisar&#46;&#46;&#46;<\/p>\n","protected":false},"author":6371,"featured_media":0,"parent":0,"menu_order":0,"comment_status":"closed","ping_status":"closed","template":"","meta":{"ngg_post_thumbnail":0,"footnotes":"","_mc_calendar":[]},"aioseo_notices":[],"_links":{"self":[{"href":"https:\/\/blogsaverroes.juntadeandalucia.es\/ceperalmaden\/wp-json\/wp\/v2\/pages\/5188"}],"collection":[{"href":"https:\/\/blogsaverroes.juntadeandalucia.es\/ceperalmaden\/wp-json\/wp\/v2\/pages"}],"about":[{"href":"https:\/\/blogsaverroes.juntadeandalucia.es\/ceperalmaden\/wp-json\/wp\/v2\/types\/page"}],"author":[{"embeddable":true,"href":"https:\/\/blogsaverroes.juntadeandalucia.es\/ceperalmaden\/wp-json\/wp\/v2\/users\/6371"}],"replies":[{"embeddable":true,"href":"https:\/\/blogsaverroes.juntadeandalucia.es\/ceperalmaden\/wp-json\/wp\/v2\/comments?post=5188"}],"version-history":[{"count":47,"href":"https:\/\/blogsaverroes.juntadeandalucia.es\/ceperalmaden\/wp-json\/wp\/v2\/pages\/5188\/revisions"}],"predecessor-version":[{"id":5616,"href":"https:\/\/blogsaverroes.juntadeandalucia.es\/ceperalmaden\/wp-json\/wp\/v2\/pages\/5188\/revisions\/5616"}],"wp:attachment":[{"href":"https:\/\/blogsaverroes.juntadeandalucia.es\/ceperalmaden\/wp-json\/wp\/v2\/media?parent=5188"}],"curies":[{"name":"wp","href":"https:\/\/api.w.org\/{rel}","templated":true}]}}