{"id":6218,"date":"2022-03-11T20:43:58","date_gmt":"2022-03-11T20:43:58","guid":{"rendered":"https:\/\/blogsaverroes.juntadeandalucia.es\/ceperalmaden\/?page_id=6218"},"modified":"2023-03-21T12:38:30","modified_gmt":"2023-03-21T12:38:30","slug":"que-son-los-certificados-de-profesionalidad","status":"publish","type":"page","link":"https:\/\/blogsaverroes.juntadeandalucia.es\/ceperalmaden\/que-son-los-certificados-de-profesionalidad\/","title":{"rendered":"CERTIFICADOS DE PROFESIONALIDAD: \u00abINFORMACI\u00d3N DETALLADA\u00bb."},"content":{"rendered":"<h1 style=\"text-align: center\"><span style=\"color: #ff0000\"><strong>LOS CERTIFICADOS DE PROFESIONALIDAD<\/strong><\/span><\/h1>\n<h4 style=\"text-align: center\"><strong><span style=\"color: #0000ff\">PREGUNTAS Y RESPUESTAS.<\/span><\/strong><\/h4>\n<p>&nbsp;<\/p>\n<p style=\"text-align: center\"><img loading=\"lazy\" decoding=\"async\" class=\"alignnone wp-image-6226\" src=\"https:\/\/blogsaverroes.juntadeandalucia.es\/ceperalmaden\/files\/2022\/03\/certificados-1.png\" alt=\"\" width=\"775\" height=\"488\" srcset=\"https:\/\/blogsaverroes.juntadeandalucia.es\/ceperalmaden\/files\/2022\/03\/certificados-1.png 699w, https:\/\/blogsaverroes.juntadeandalucia.es\/ceperalmaden\/files\/2022\/03\/certificados-1-300x189.png 300w\" sizes=\"(max-width: 775px) 100vw, 775px\" \/><\/p>\n<h5>&nbsp;<\/h5>\n<p><strong>\u00cdndice de&nbsp; preguntas y respuestas:<\/strong><\/p>\n<ol>\n<li><a href=\"#cuestion-1\"> \u00bfQu\u00e9 es un certificado de profesionalidad?<\/a><\/li>\n<li><a href=\"#cuestion-2\"> \u00bfPara qu\u00e9 sirve un certificado de profesionalidad?<\/a><\/li>\n<li><a href=\"#cuestion-3\"> \u00bfQu\u00e9 diferencias hay entre un Certificado de Profesionalidad y un t\u00edtulo de FP?<\/a><\/li>\n<li><a href=\"#cuestion-4\"> \u00bfC\u00f3mo puedes obtener un Certificado de Profesionalidad?<\/a><\/li>\n<li><a href=\"#cuestion-5\"> \u00bfCu\u00e1les son los requisitos de acceso a los Certificados de Profesionalidad?<\/a><\/li>\n<li><a href=\"#cuestion-6\"> \u00bfC\u00f3mo te ayudamos y qu\u00e9 te ofrecemos en nuestros Centros de Educaci\u00f3n Permanente para que puedas conseguir tu Certificado de Profesionalidad?<\/a><\/li>\n<li><a href=\"#cuestion-7\"> \u00bfC\u00f3mo es la estructura y el contenido del Certificado de Profesionalidad?<\/a><\/li>\n<li><a href=\"#cuestion-8\">\u00bfQu\u00e9 Certificados de Profesionalidad existen?<\/a><\/li>\n<li><a href=\"https:\/\/www.juntadeandalucia.es\/educacion\/portals\/delegate\/content\/b766029c-eaad-4c01-88fe-a0409ed4c4e8\">\u00bfQu\u00e9 Institutos de Ense\u00f1anza Secundaria de Andaluc\u00eda forman para la obtenci\u00f3n de Certificados de Profesionalidad en el a\u00f1o 2022?<\/a><\/li>\n<li>\u00bfPara consultar aspectos de los Certificados de Profesionalidad como: personas destinatarias, requisitos de acceso, lugar y plazo de solicitudes, documentaci\u00f3n acreditativa, procedimiento de selecci\u00f3n del alumnado participante, admisi\u00f3n del alumnado, criterios de baremaci\u00f3n del alumnado, selecci\u00f3n del alumnado&#8230;? <a href=\"https:\/\/drive.google.com\/file\/d\/1gLwbHUXQhBceZRP4iwIMymqmXF31fzhJ\/view\">INSTRUCCIONES DE 3 DE DICIEMBRE DE 2021, DE LA DIRECCI\u00d3N GENERAL DE FORMACI\u00d3N PROFESIONAL, RELATIVA A LA SELECCI\u00d3N, EL R\u00c9GIMEN DE ASISTENCIA Y LA EVALUACI\u00d3N, DEL ALUMNADO PARTICIPANTE EN LAS ACCIONES FORMATIVAS CONDUCENTES A CERTIFICADOS DE PROFESIONALIDAD IMPARTIDAS EN CENTROS DOCENTES P\u00daBLICOS DE TITULARIDAD DE LA CONSEJER\u00cdA DE EDUCACI\u00d3N Y DEPORTE DE LA JUNTA DE ANDALUC\u00cdA.<\/a> A parte os facilitamos el documento explicativo de esta Instrucciones: <a href=\"https:\/\/drive.google.com\/file\/d\/1AXw7XfMsdmfatsW-VaPdGxmuqRjCvcIM\/view?usp=sharing\">\u00abDocumento explicativo Instrucciones de 3 de diciembre de 2021\u00bb<\/a>.<\/li>\n<li><a href=\"https:\/\/drive.google.com\/file\/d\/1dh1Tvmc1ekk_D_3zdVAPhakUGAEqmbDL\/view?usp=sharing\">\u00bfC\u00f3mo es el modelo de entrevista previa que se realiza en un centro de formaci\u00f3n para un Certificado de Profesionalidad y c\u00f3mo se punt\u00faa cada cuesti\u00f3n?<\/a><\/li>\n<\/ol>\n<h5><a name=\"cuestion-1\"><\/a>&nbsp;<\/h5>\n<h5><span style=\"color: #800080\">\u00bfQu\u00e9 es un certificado de profesionalidad?<\/span><\/h5>\n<p>&nbsp;<\/p>\n<p style=\"text-align: justify\">Los <strong>Certificados de Profesionalidad<\/strong> son titulaciones oficiales <strong>v\u00e1lidas en todo el Estado espa\u00f1ol<\/strong>&nbsp;que acreditan que posees determinadas competencias (conocimientos, habilidades y aptitudes) que te capacitan para desarrollar una actividad laboral. Dichas competencias permiten configurar cada una de las <strong>cualificaciones <\/strong>reguladas por el Sistema Nacional de Cualificaciones y Formaci\u00f3n Profesional.<\/p>\n<p style=\"text-align: justify\">El Servicio P\u00fablico de Empleo Estatal (SEPE) y los \u00f3rganos competentes de la Junta de Andaluc\u00eda o de la comunidad aut\u00f3noma de donde residas son los responsables de la emisi\u00f3n de los Certificados de Profesionalidad.<\/p>\n<p style=\"text-align: justify\">Igual que las cualificaciones profesionales y sus correspondientes competencias, los Certificados de Profesionalidad&nbsp;<strong>se ordenan <\/strong>en funci\u00f3n de:<\/p>\n<p>&nbsp;<\/p>\n<ul>\n<li style=\"text-align: justify\">Las 26 <strong>familias profesionales.<\/strong><\/li>\n<\/ul>\n<p>&nbsp;<\/p>\n<table style=\"border-collapse: collapse;width: 100%\">\n<tbody>\n<tr>\n<td style=\"width: 31.4696%;text-align: center\"><strong>Actividades F\u00edsicas y Deportivas.<\/strong><\/td>\n<td style=\"width: 68.5304%;text-align: justify\">Contempla tareas relacionadas tanto con la pr\u00e1ctica del deporte como con la gesti\u00f3n de actividades deportivas, agrupadas en tres \u00e1reas: actividades f\u00edsico-deportivas y recreativas, deporte de alto rendimiento, y prevenci\u00f3n y recuperaci\u00f3n.<\/td>\n<\/tr>\n<tr>\n<td style=\"width: 31.4696%;text-align: center\"><strong>Administraci\u00f3n y Gesti\u00f3n.<\/strong><\/td>\n<td style=\"width: 68.5304%;text-align: justify\">Se trata de una familia transversal conectada con la mayor\u00eda de sectores productivos, que engloba actividades de atenci\u00f3n al p\u00fablico, administraci\u00f3n, auditor\u00eda, finanzas, seguros y gesti\u00f3n de la informaci\u00f3n.<\/td>\n<\/tr>\n<tr>\n<td style=\"width: 31.4696%;text-align: center\"><strong>Agraria.<\/strong><\/td>\n<td style=\"width: 68.5304%;text-align: justify\">Contempla tareas relativas al \u00e1rea forestal, de agricultura, ganader\u00eda y jardiner\u00eda. Ejemplos de contenidos desarrollados en esta familia son: tratamientos agroqu\u00edmicos y biol\u00f3gicos, mejora de montes, cr\u00eda de ganado, mantenimiento de c\u00e9spedes, etc.<\/td>\n<\/tr>\n<tr>\n<td style=\"width: 31.4696%;text-align: center\"><strong>Artes Gr\u00e1ficas.<\/strong><\/td>\n<td style=\"width: 68.5304%;text-align: justify\">Abarca una amplia diversidad de actividades relacionadas, entre otras, con la elaboraci\u00f3n de grabados, el dise\u00f1o gr\u00e1fico, la edici\u00f3n en papel y multimedia, tratamiento de im\u00e1genes, maquetaci\u00f3n, impresi\u00f3n y encuadernaci\u00f3n.<\/td>\n<\/tr>\n<tr>\n<td style=\"width: 31.4696%;text-align: center\"><strong>Artes y Artesan\u00edas.<\/strong><\/td>\n<td style=\"width: 68.5304%;text-align: justify\">Contempla seis \u00e1reas de desarrollo profesional: artes esc\u00e9nicas, fabricaci\u00f3n y mantenimiento de instrumentos musicales, artesan\u00eda tradicional, joyer\u00eda y orfebrer\u00eda, recuperaci\u00f3n art\u00edstica, y vidrio y cer\u00e1mica artesanal.<\/td>\n<\/tr>\n<tr>\n<td style=\"width: 31.4696%;text-align: center\"><strong>Comercio y Marketing.<\/strong><\/td>\n<td style=\"width: 68.5304%;text-align: justify\">Hace referencia a todas aquellas actividades relacionadas con la distribuci\u00f3n comercial en su sentido m\u00e1s amplio, incluyendo las de compraventa, log\u00edstica, transporte, marketing y relaciones p\u00fablicas.<\/td>\n<\/tr>\n<tr>\n<td style=\"width: 31.4696%;text-align: center\"><strong>Edificaci\u00f3n y Obra Civil.<\/strong><\/td>\n<td style=\"width: 68.5304%;text-align: justify\">Abarca actividades productivas agrupadas en cinco \u00e1reas: alba\u00f1iler\u00eda y acabados, estructuras, colocaci\u00f3n y montaje, maquinaria de construcci\u00f3n, y proyectos de obras.<\/td>\n<\/tr>\n<tr>\n<td style=\"width: 31.4696%;text-align: center\"><strong>Electricidad y Electr\u00f3nica.<\/strong><\/td>\n<td style=\"width: 68.5304%;text-align: justify\">Incluye tareas de montaje e instalaci\u00f3n de equipos electr\u00f3nicos, desarrollo de proyectos de telecomunicaci\u00f3n, montaje y mantenimiento de instalaciones el\u00e9ctricas y gesti\u00f3n del montaje de sistemas dom\u00f3ticos, entre otras.<\/td>\n<\/tr>\n<tr>\n<td style=\"width: 31.4696%;text-align: center\"><strong>Energ\u00eda y Agua.<\/strong><\/td>\n<td style=\"width: 68.5304%;text-align: justify\">El conjunto de actividades productivas que contempla esta familia profesional se agrupa en cinco \u00e1reas diferenciadas: distribuci\u00f3n de gas, distribuci\u00f3n y gesti\u00f3n del agua, energ\u00edas renovables, eficiencia energ\u00e9tica, y producci\u00f3n y distribuci\u00f3n de electricidad.<\/td>\n<\/tr>\n<tr>\n<td style=\"width: 31.4696%;text-align: center\"><strong>Fabricaci\u00f3n Mec\u00e1nica.<\/strong><\/td>\n<td style=\"width: 68.5304%;text-align: justify\">Contempla funciones de fabricaci\u00f3n, mecanizado, montaje y dise\u00f1o en el \u00e1mbito de las construcciones met\u00e1licas, la fundici\u00f3n, la aeron\u00e1utica y la electromec\u00e1nica.<\/td>\n<\/tr>\n<tr>\n<td style=\"width: 31.4696%;text-align: center\"><strong>Hosteler\u00eda y Turismo.<\/strong><\/td>\n<td style=\"width: 68.5304%;text-align: justify\">Abarca actividades como las siguientes: crear elaboraciones de cocina y pasteler\u00eda, atender a clientes en hoteles y pensiones, gestionar las actividades de limpieza en hoteles, promocionar destinos tur\u00edsticos, etc.<\/td>\n<\/tr>\n<tr>\n<td style=\"width: 31.4696%;text-align: center\"><strong>Imagen Personal.<\/strong><\/td>\n<td style=\"width: 68.5304%;text-align: justify\">Hace referencia a la aplicaci\u00f3n de tratamientos de est\u00e9tica y peluquer\u00eda utilizando las tecnolog\u00edas existentes actualmente en el sector y adecu\u00e1ndose a los requerimientos de seguridad e higiene.<\/td>\n<\/tr>\n<tr>\n<td style=\"width: 31.4696%;text-align: center\"><strong>Imagen y Sonido.<\/strong><\/td>\n<td style=\"width: 68.5304%;text-align: justify\">Contempla tareas relacionadas con la fotograf\u00eda, la edici\u00f3n de videojuegos, la producci\u00f3n de espect\u00e1culos, realizaci\u00f3n de programas de televisi\u00f3n y radiodifusi\u00f3n, entre otras.<\/td>\n<\/tr>\n<tr>\n<td style=\"width: 31.4696%;text-align: center\"><strong>Industrias Alimentarias.<\/strong>&nbsp;<\/td>\n<td style=\"width: 68.5304%;text-align: justify\">Abarca actividades profesionales vinculadas a ocho \u00e1mbitos diferenciados: aceites y grasas, alimentos diversos, bebidas, productos c\u00e1rnicos, conservas vegetales, l\u00e1cteos, panader\u00eda y pasteler\u00eda, y productos de la pesca.<\/td>\n<\/tr>\n<tr>\n<td style=\"width: 31.4696%;text-align: center\"><strong>Industrias Extractivas.<\/strong><\/td>\n<td style=\"width: 68.5304%;text-align: justify\">En esta familia profesional se incluyen tareas del sector de la miner\u00eda, como la extracci\u00f3n de rocas y minerales y el tratamiento de los mismos; y del sector de la piedra natural, que contempla la extracci\u00f3n de piedra ornamental y para la construcci\u00f3n.<\/td>\n<\/tr>\n<tr>\n<td style=\"width: 31.4696%;text-align: center\"><strong>Inform\u00e1tica y Comunicaciones.<\/strong><\/td>\n<td style=\"width: 68.5304%;text-align: justify\">Contempla actividades que hacen referencia tanto a la fabricaci\u00f3n como a los servicios en el \u00e1mbito de las Tecnolog\u00edas de la Informaci\u00f3n y la Comunicaci\u00f3n. Abarca tareas diversas como pueden ser la configuraci\u00f3n de equipos, la creaci\u00f3n de p\u00e1ginas web, la reparaci\u00f3n de sistemas microinform\u00e1ticos o el dise\u00f1o de sistemas de seguridad inform\u00e1tica.<\/td>\n<\/tr>\n<tr>\n<td style=\"width: 31.4696%;text-align: center\"><strong>Instalaci\u00f3n y Mantenimiento.<\/strong><\/td>\n<td style=\"width: 68.5304%;text-align: justify\">Las actividades productivas comprendidas en esta familia profesional se agrupan en tres \u00e1reas diferenciadas: fr\u00edo y climatizaci\u00f3n, sistemas de aislamiento y mantenimiento electromec\u00e1nico.<\/td>\n<\/tr>\n<tr>\n<td style=\"width: 31.4696%;text-align: center\"><strong>Madera, Mueble y Corcho.<\/strong><\/td>\n<td style=\"width: 68.5304%;text-align: justify\">Estas cualificaciones est\u00e1n vinculadas, principalmente, a tareas de aserrado y preparaci\u00f3n industrial de la madera y a trabajos de carpinter\u00eda y montaje de muebles.<\/td>\n<\/tr>\n<tr>\n<td style=\"width: 31.4696%;text-align: center\"><strong>Mar\u00edtimo-Pesquera.<\/strong><\/td>\n<td style=\"width: 68.5304%;text-align: justify\">Esta familia profesional define competencias asociadas a trabajos subacu\u00e1ticos en instalaciones acu\u00edcolas y de recolecci\u00f3n de recursos, a la pesca y el tratamiento de productos marinos as\u00ed como a la navegaci\u00f3n mar\u00edtima.<\/td>\n<\/tr>\n<tr>\n<td style=\"width: 31.4696%;text-align: center\"><strong>Qu\u00edmica.<\/strong><\/td>\n<td style=\"width: 68.5304%;text-align: justify\">Hace referencia a procesos productivos de an\u00e1lisis y control en laboratorios, elaboraci\u00f3n de medicamentos y productos de parafarmacia, fabricaci\u00f3n de papeles y cartones, qu\u00edmica fina y transformaci\u00f3n de pol\u00edmeros.<\/td>\n<\/tr>\n<tr>\n<td style=\"width: 31.4696%;text-align: center\"><strong>Sanidad.<\/strong><\/td>\n<td style=\"width: 68.5304%;text-align: justify\">Contempla un amplio abanico de actividades profesionales preventivas, curativas y paliativas de atenci\u00f3n sanitaria; funciones de transporte sanitario; servicios farmac\u00e9uticos; uso de equipos de diagn\u00f3stico; higiene bucodental; servicios de tanatopraxia; etc.<\/td>\n<\/tr>\n<tr>\n<td style=\"width: 31.4696%;text-align: center\"><strong>Seguridad y Medio Ambiente.<\/strong>&nbsp;<\/td>\n<td style=\"width: 68.5304%;text-align: justify\">Se orienta a la promoci\u00f3n de competencias relacionadas con la prevenci\u00f3n de riesgos laborales en las \u00e1reas de evaluaci\u00f3n y control de riesgos qu\u00edmicos, f\u00edsicos, biol\u00f3gicos, ergon\u00f3micos y psicosociales; con actividades medioambientales de depuraci\u00f3n del agua, gesti\u00f3n de residuos y control de plagas, entre otras; y con el \u00e1mbito de la seguridad y la gesti\u00f3n de emergencias.<\/td>\n<\/tr>\n<tr>\n<td style=\"width: 31.4696%;text-align: center\"><strong>Servicios Socioculturales y a la Comunidad.<\/strong><\/td>\n<td style=\"width: 68.5304%;text-align: justify\">Abarca funciones agrupadas en cuatro \u00e1reas: dinamizaci\u00f3n de actividades culturales y recreativas; atenci\u00f3n e integraci\u00f3n social; actividades educativas y de docencia de la formaci\u00f3n para el empleo; y actividades de limpieza, asistencia dom\u00e9stica y gesti\u00f3n de servicios funerarios.<\/td>\n<\/tr>\n<tr>\n<td style=\"width: 31.4696%;text-align: center\"><strong>Textil, Confecci\u00f3n y Piel.<\/strong><\/td>\n<td style=\"width: 68.5304%;text-align: justify\">Incluye actividades de fabricaci\u00f3n de calzado y marroquiner\u00eda, confecci\u00f3n de prendas de vestir y ropa de hogar, curtido de pieles, ennoblecimiento textil y fabricaci\u00f3n de hilo.<\/td>\n<\/tr>\n<tr>\n<td style=\"width: 31.4696%;text-align: center\"><strong>Transporte y Mantenimiento de Veh\u00edculos.<\/strong><\/td>\n<td style=\"width: 68.5304%;text-align: justify\">Aeron\u00e1utica, n\u00e1utica, ferrocarril y cable, automoci\u00f3n y conducci\u00f3n de veh\u00edculos por carretera son los \u00e1mbitos de desempe\u00f1o profesional vinculados a esta familia.<\/td>\n<\/tr>\n<tr>\n<td style=\"width: 31.4696%;text-align: center\"><strong>Vidrio y Cer\u00e1mica.<\/strong><\/td>\n<td style=\"width: 68.5304%;text-align: justify\">Contempla actividades relativas a la fabricaci\u00f3n de esmaltes y pigmentos cer\u00e1micos y tareas de fabricaci\u00f3n y transformaci\u00f3n de productos de vidrio.<\/td>\n<\/tr>\n<\/tbody>\n<\/table>\n<p>&nbsp;<\/p>\n<ul>\n<li style=\"text-align: justify\">Los <strong>niveles de cualificaci\u00f3n<\/strong> a los que se asocian (del 1 a 3).<\/li>\n<\/ul>\n<p>&nbsp;<\/p>\n<table style=\"border-collapse: collapse;width: 100%\">\n<tbody>\n<tr>\n<td style=\"width: 31.8956%;text-align: center\">Nivel 1<\/td>\n<td style=\"width: 68.1044%;text-align: justify\">Actividades relativamente simples correspondientes a procesos normalizados, que exigen la aplicaci\u00f3n de conocimientos te\u00f3ricos y capacidades pr\u00e1cticas limitados.<\/td>\n<\/tr>\n<tr>\n<td style=\"width: 31.8956%;text-align: center\">Nivel 2<\/td>\n<td style=\"width: 68.1044%;text-align: justify\">Actividades profesionales bien determinadas con la capacidad de utilizar instrumentos y t\u00e9cnicas propias, relacionados con un trabajo de ejecuci\u00f3n que puede ser aut\u00f3nomo en el l\u00edmite de dichas t\u00e9cnicas. Requieren conocimientos de los fundamentos t\u00e9cnicos y cient\u00edficos de la actividad y capacidades de comprensi\u00f3n y aplicaci\u00f3n del proceso.<\/td>\n<\/tr>\n<tr>\n<td style=\"width: 31.8956%;text-align: center\">Nivel 3<\/td>\n<td style=\"width: 68.1044%;text-align: justify\">Actividades profesionales que requieren el dominio de diversas t\u00e9cnicas y pueden ser ejecutadas de forma aut\u00f3noma. Comportan responsabilidad de coordinaci\u00f3n y supervisi\u00f3n de trabajo t\u00e9cnico y especializado. Exigen la comprensi\u00f3n de los fundamentos t\u00e9cnicos y cient\u00edficos de dichas actividades y la evaluaci\u00f3n de los factores del proceso y de sus repercusiones econ\u00f3micas.<\/td>\n<\/tr>\n<\/tbody>\n<\/table>\n<h5><a name=\"cuestion-2\"><\/a>&nbsp;<\/h5>\n<h5><span style=\"color: #800080\">\u00bfPara que sirve un certificado de profesionalidad?<\/span><\/h5>\n<p>&nbsp;<\/p>\n<p>Un Certificado de Profesionalidad te permite&nbsp;<strong>acreditar tus competencias t\u00e9cnicas en una profesi\u00f3n concreta<\/strong>. Una vez obtengas la acreditaci\u00f3n podr\u00e1s demostrar que est\u00e1s capacitado para desempe\u00f1ar el trabajo relacionado con ese Certificado.<\/p>\n<p style=\"text-align: justify\">En algunos sectores laborales, poseer un Certificado de Profesionalidad u otra titulaci\u00f3n que acredite el dominio de determinadas competencias&nbsp;profesionales puede ser un <strong>requisito indispensable para poder acceder a un puesto de trabajo.<\/strong><\/p>\n<p style=\"text-align: justify\">Tambi\u00e9n permiten optar a <strong>ofertas de empleo p\u00fablico, <\/strong>ya que en algunas convocatorias se especifican determinados Certificados de Profesionalidad como requisito para acceder al proceso selectivo.<\/p>\n<p style=\"text-align: justify\">Adem\u00e1s, para incrementar tus <strong>oportunidades de movilidad internacional,<\/strong>&nbsp;cuando obtengas un Certificado de Profesionalidad puedes descargarte gratuitamente el <a href=\"https:\/\/www.sepe.es\/HomeSepe\/Personas\/formacion\/certificados-profesionalidad\/suplementoseuropass.html\" target=\"_blank\" rel=\"nofollow noopener noreferrer\">suplemento Europass<\/a>.&nbsp;Se trata de un documento complementario que puede acompa\u00f1ar a Certificados de Profesionalidad y tambi\u00e9n a t\u00edtulos de Formaci\u00f3n de Profesionalidad para que los empleadores o instituciones educativas de otros pa\u00edses entiendan la informaci\u00f3n incluida en la titulaci\u00f3n oficial.&nbsp;<\/p>\n<p><a name=\"cuestion-3\"><\/a>&nbsp;<\/p>\n<h5><span style=\"color: #800080\">\u00bfQu\u00e9 diferencias hay entre un Certificado de Profesionalidad y un t\u00edtulo de FP?<\/span><\/h5>\n<p>&nbsp;<\/p>\n<p style=\"text-align: justify\">En Espa\u00f1a se organiza la Formaci\u00f3n Profesional como un <strong>sistema integrado<\/strong> por dos subsistemas que permiten acreditar las mismas competencias:<\/p>\n<ul>\n<li>Formaci\u00f3n Profesional del sistema educativo (ciclos formativos de FP).<\/li>\n<li><strong>Formaci\u00f3n Profesional para el Empleo (Certificados de Profesionalidad).<\/strong><\/li>\n<\/ul>\n<p style=\"text-align: justify\">La principal diferencia, por tanto, es la que se acaba de mencionar: los t\u00edtulos de FP se enmarcan en el sistema educativo y los Certificados de Profesionalidad forman parte de la <strong>Formaci\u00f3n Profesional para el Empleo.<\/strong><\/p>\n<p style=\"text-align: justify\">Al finalizar unos estudios de FP obtienes una <strong>titulaci\u00f3n acad\u00e9mica <\/strong>que te permite acceder al mundo laboral pero tambi\u00e9n proseguir tus estudios hacia niveles superiores de formaci\u00f3n reglada.&nbsp;Al superar los estudios conducentes a la obtenci\u00f3n de un Certificado de Profesionalidad, consigues una acreditaci\u00f3n con <strong>efectos laborales, <\/strong>es decir, que te permite el acceso al mundo laboral.<\/p>\n<p style=\"text-align: justify\">Adem\u00e1s, los ciclos de <strong>Formaci\u00f3n Profesional <\/strong>son estudios de mayor duraci\u00f3n y en los que se imparten un n\u00famero mayor de contenidos. Permiten acreditar, por lo tanto, un mayor n\u00famero de competencias profesionales que los Certificados de Profesionalidad.<\/p>\n<p>No obstante, se trata de formaciones que <strong>comparten algunas caracter\u00edsticas:<\/strong><\/p>\n<ul>\n<li style=\"text-align: justify\">Ambas se estructuran en <strong>m\u00f3dulos formativos.<\/strong>&nbsp;Si superas la formaci\u00f3n asociada a un determinado Certificado de Profesionalidad y posteriormente cursas un ciclo de FP, podr\u00e1s solicitar la <strong>convalidaci\u00f3n<\/strong> de los m\u00f3dulos formativos correspondientes a las unidades de competencia que hayas acreditado previamente con el Certificado de Profesionalidad, y viceversa.<\/li>\n<li style=\"text-align: justify\">Las dos formaciones contemplan un periodo obligatorio de pr\u00e1cticas en empresas. Se trata del m\u00f3dulo de <strong>Formaci\u00f3n en Centros de Trabajo.<\/strong><\/li>\n<li style=\"text-align: justify\">Tanto las titulaciones oficiales que obtienes con los ciclos de FP como los Certificados de Profesionalidad tienen <strong>validez en todo el territorio nacional.<\/strong><\/li>\n<\/ul>\n<h5><a name=\"cuestion-4\"><\/a>&nbsp;<\/h5>\n<h5><span style=\"color: #800080\">\u00bfC\u00f3mo puedes obtener un Certificado de Profesionalidad?<\/span><\/h5>\n<p>&nbsp;<\/p>\n<p>Tienes dos formas de obtener un Certificado de Profesionalidad:<\/p>\n<ul>\n<li style=\"text-align: justify\">Cursando una <strong>formaci\u00f3n en un centro autorizado<\/strong> para otorgar el t\u00edtulo y superando todos los m\u00f3dulos que integran ese Certificado. Aqu\u00ed te exponemos tres ejemplos de formaci\u00f3n para la obtenci\u00f3n de Certificados de Profesionalidad en Institutos de Educaci\u00f3n Secundaria de la Provincia de Ja\u00e9n para el curso 2021-2022.<\/li>\n<\/ul>\n<p>&nbsp;<\/p>\n<p><img loading=\"lazy\" decoding=\"async\" class=\"wp-image-6299 aligncenter\" src=\"https:\/\/blogsaverroes.juntadeandalucia.es\/ceperalmaden\/files\/2022\/03\/274499844_321318970019746_5141978076804559790_n.jpg\" alt=\"\" width=\"743\" height=\"1051\" srcset=\"https:\/\/blogsaverroes.juntadeandalucia.es\/ceperalmaden\/files\/2022\/03\/274499844_321318970019746_5141978076804559790_n.jpg 1131w, https:\/\/blogsaverroes.juntadeandalucia.es\/ceperalmaden\/files\/2022\/03\/274499844_321318970019746_5141978076804559790_n-212x300.jpg 212w, https:\/\/blogsaverroes.juntadeandalucia.es\/ceperalmaden\/files\/2022\/03\/274499844_321318970019746_5141978076804559790_n-724x1024.jpg 724w, https:\/\/blogsaverroes.juntadeandalucia.es\/ceperalmaden\/files\/2022\/03\/274499844_321318970019746_5141978076804559790_n-768x1086.jpg 768w, https:\/\/blogsaverroes.juntadeandalucia.es\/ceperalmaden\/files\/2022\/03\/274499844_321318970019746_5141978076804559790_n-1086x1536.jpg 1086w\" sizes=\"(max-width: 743px) 100vw, 743px\" \/><\/p>\n<p>&nbsp;<\/p>\n<p><img loading=\"lazy\" decoding=\"async\" class=\"wp-image-6300 aligncenter\" src=\"https:\/\/blogsaverroes.juntadeandalucia.es\/ceperalmaden\/files\/2022\/03\/274527829_322114236606886_9053336028496886532_n.jpg\" alt=\"\" width=\"743\" height=\"1051\" srcset=\"https:\/\/blogsaverroes.juntadeandalucia.es\/ceperalmaden\/files\/2022\/03\/274527829_322114236606886_9053336028496886532_n.jpg 1131w, https:\/\/blogsaverroes.juntadeandalucia.es\/ceperalmaden\/files\/2022\/03\/274527829_322114236606886_9053336028496886532_n-212x300.jpg 212w, https:\/\/blogsaverroes.juntadeandalucia.es\/ceperalmaden\/files\/2022\/03\/274527829_322114236606886_9053336028496886532_n-724x1024.jpg 724w, https:\/\/blogsaverroes.juntadeandalucia.es\/ceperalmaden\/files\/2022\/03\/274527829_322114236606886_9053336028496886532_n-768x1086.jpg 768w, https:\/\/blogsaverroes.juntadeandalucia.es\/ceperalmaden\/files\/2022\/03\/274527829_322114236606886_9053336028496886532_n-1086x1536.jpg 1086w\" sizes=\"(max-width: 743px) 100vw, 743px\" \/><\/p>\n<p>&nbsp;<\/p>\n<p><img loading=\"lazy\" decoding=\"async\" class=\"wp-image-6301 aligncenter\" src=\"https:\/\/blogsaverroes.juntadeandalucia.es\/ceperalmaden\/files\/2022\/03\/FJpSGKSXEAAUkaC.jpeg\" alt=\"\" width=\"740\" height=\"1050\" srcset=\"https:\/\/blogsaverroes.juntadeandalucia.es\/ceperalmaden\/files\/2022\/03\/FJpSGKSXEAAUkaC.jpeg 722w, https:\/\/blogsaverroes.juntadeandalucia.es\/ceperalmaden\/files\/2022\/03\/FJpSGKSXEAAUkaC-212x300.jpeg 212w\" sizes=\"(max-width: 740px) 100vw, 740px\" \/><\/p>\n<p>&nbsp;<\/p>\n<ul>\n<li style=\"text-align: justify\">Participando en un <strong>proceso de acreditaci\u00f3n de competencias&nbsp;<\/strong>para que reconozcan tu experiencia laboral o los aprendizajes adquiridos mediante v\u00edas no formales.<\/li>\n<\/ul>\n<p style=\"text-align: justify\">Si tienes experiencia en el sector o has participado en actividades de aprendizaje no formal relacionadas con el Certificado de Profesionalidad que quieres obtener, es recomendable que te inscribas a alguna de las <a href=\"https:\/\/www.todofp.es\/acreditacion-de-competencias\/webs-acreditacion-ccaa.html\" target=\"_blank\" rel=\"nofollow noopener noreferrer\">convocatorias de evaluaci\u00f3n y acreditaci\u00f3n de competencias<\/a> que tengan lugar en tu comunidad aut\u00f3noma, para saber si es posible <strong>obtener la acreditaci\u00f3n<\/strong> y en qu\u00e9 acciones formativas complementarias deber\u00edas participar para obtener el Certificado.<\/p>\n<p style=\"text-align: justify\">Si no tienes ninguna experiencia profesional o formativa relacionada con el Certificado de Profesionalidad que quieres obtener, tendr\u00e1s que superar alguno de los <strong>cursos de Formaci\u00f3n Profesional para el Empleo que organizan las Administraciones&nbsp;laborales, <\/strong>es decir, el Servicio P\u00fablico de Empleo Estatal (SEPE) o los servicios de empleo de la Junta de Andaluc\u00eda o comunidades aut\u00f3nomas. Se trata de cursos ofertados en <strong>centros registrados y autorizados<\/strong> para impartir los m\u00f3dulos formativos asociados a cada Certificado y para otorgar la titulaci\u00f3n oficial.<\/p>\n<p style=\"text-align: justify\">Ten en cuenta que algunos centros de formaci\u00f3n no reglada imparten cursos con <strong>temario adaptado al de los Certificados de Profesionalidad,<\/strong> pero superarlos no conlleva autom\u00e1ticamente la obtenci\u00f3n del t\u00edtulo, ya que no est\u00e1n registrados ni autorizados para ello. Estos cursos facilitan la adquisici\u00f3n de competencias profesionales que pueden conducir a la obtenci\u00f3n de un Certificado de Profesionalidad, pero, para conseguirlo, tras completar el curso hay que superar un proceso de evaluaci\u00f3n y acreditaci\u00f3n de competencias.<\/p>\n<p style=\"text-align: justify\">Por lo tanto, es importante que antes de inscribirte a un curso&nbsp;<strong>verifiques si el centro que lo imparte est\u00e1 reconocido para conceder el Certificado de Profesionalidad que quieres obtener <\/strong>o si lo que imparte es una formaci\u00f3n con temario ajustado a dicho Certificado (es decir, no es un centro registrado).<\/p>\n<p><a name=\"cuestion-5\"><\/a>&nbsp;<\/p>\n<h5><span style=\"color: #800080\">\u00bfCu\u00e1les son los requisitos de acceso a los Certificados de Profesionalidad?<\/span><\/h5>\n<p>&nbsp;<\/p>\n<p style=\"text-align: justify\">Las competencias que acredita cada Certificado de Profesionalidad est\u00e1n asociadas a un nivel de cualificaci\u00f3n. En funci\u00f3n de ese nivel, los requisitos de acceso a la formaci\u00f3n que permite obtener los Certificados var\u00eda.<\/p>\n<p>Para <strong>cursos de nivel 1<\/strong>&nbsp;no se establecen requisitos espec\u00edficos de acceso.<\/p>\n<p>Para<strong> cursos de nivel 2 <\/strong>es necesario cumplir, al menos,<strong> uno de los siguientes requisitos:<\/strong>&nbsp;&nbsp;<\/p>\n<ul>\n<li style=\"text-align: justify\">Estar en posesi\u00f3n del Graduado en Educaci\u00f3n Secundaria Obligatoria.<\/li>\n<li style=\"text-align: justify\">Estar en posesi\u00f3n de otro Certificado de Profesionalidad del mismo nivel.<\/li>\n<li style=\"text-align: justify\">Estar en posesi\u00f3n de un Certificado de Profesionalidad de nivel 1 de la misma familia y \u00e1rea profesional.<\/li>\n<li style=\"text-align: justify\">Estar en posesi\u00f3n de un t\u00edtulo de FP B\u00e1sica,&nbsp;T\u00e9cnico de FP&nbsp;o T\u00e9cnico de Artes Pl\u00e1sticas y Dise\u00f1o.<\/li>\n<li style=\"text-align: justify\">Haber superado la prueba de acceso a los ciclos formativos de grado medio.<\/li>\n<li style=\"text-align: justify\">Haber superado la prueba de acceso a la universidad para mayores de 25 a\u00f1os o de 45 a\u00f1os.<\/li>\n<li style=\"text-align: justify\">Tener las competencias clave necesarias para cursar con aprovechamiento esa formaci\u00f3n (existen pruebas para acreditar dichas competencias).<\/li>\n<\/ul>\n<p style=\"text-align: justify\">Para los <strong>cursos de nivel 3 <\/strong>es necesario cumplir, al menos,<strong> uno de los siguientes requisitos:<\/strong>&nbsp;&nbsp;<\/p>\n<ul>\n<li style=\"text-align: justify\">Estar en posesi\u00f3n del t\u00edtulo de Bachillerato.<\/li>\n<li style=\"text-align: justify\">Estar en posesi\u00f3n de otro Certificado de Profesionalidad del mismo nivel.<\/li>\n<li style=\"text-align: justify\">Estar en posesi\u00f3n de un Certificado de Profesionalidad de nivel 2 de la misma familia y \u00e1rea profesional.<\/li>\n<li style=\"text-align: justify\">Disponer de un t\u00edtulo de T\u00e9cnico&nbsp;o&nbsp;T\u00e9cnico Superior&nbsp;de FP.<\/li>\n<li style=\"text-align: justify\">Disponer de un t\u00edtulo de T\u00e9cnico o T\u00e9cnico Superior de Artes Pl\u00e1sticas y Dise\u00f1o.<\/li>\n<li style=\"text-align: justify\">Contar con una titulaci\u00f3n universitaria oficial.<\/li>\n<li style=\"text-align: justify\">Haber superado la prueba de acceso a un ciclo formativo de grado superior.<\/li>\n<li style=\"text-align: justify\">Tener superada la prueba de acceso a la universidad para mayores de 25 a\u00f1os o de 45 a\u00f1os.<\/li>\n<li style=\"text-align: justify\">Tener las competencias necesarias para cursar con aprovechamiento esa formaci\u00f3n (existen pruebas para acreditar dichas competencias).<\/li>\n<\/ul>\n<p><a name=\"cuestion-6\"><\/a>&nbsp;<\/p>\n<h5 style=\"text-align: justify\"><span style=\"color: #800080\">\u00bfC\u00f3mo te ayudamos y qu\u00e9 te ofrecemos en nuestros Centros de Educaci\u00f3n Permanente para que puedas conseguir tu Certificado de Profesionalidad?<\/span><\/h5>\n<p>&nbsp;<\/p>\n<p>Te ayudamos desde el proceso previo a la matriculaci\u00f3n en nuestros Centros realizando un estudio personalizado previo de tu caso que consta de las siguientes fases:<\/p>\n<p>&nbsp;<\/p>\n<table style=\"border-collapse: collapse;width: 100%;height: 240px\">\n<tbody>\n<tr style=\"height: 48px\">\n<td style=\"width: 50%;text-align: center;height: 48px\"><strong>Fases previas al proceso de matriculaci\u00f3n en nuestros Centros de Educaci\u00f3n permanente<\/strong><\/td>\n<td style=\"width: 50%;text-align: center;height: 48px\"><strong>Actuaci\u00f3n<\/strong><\/td>\n<\/tr>\n<tr style=\"height: 24px\">\n<td style=\"width: 50%;text-align: center;height: 24px\">Fase 1<\/td>\n<td style=\"width: 50%;height: 24px;text-align: center\">Establecemos mediante cita previa una reuni\u00f3n para atenderte personalmente.<\/td>\n<\/tr>\n<tr style=\"height: 24px\">\n<td style=\"width: 50%;text-align: center;height: 24px\">Fase 2<\/td>\n<td style=\"width: 50%;height: 24px;text-align: center\">Nos facilitas el tipo de formaci\u00f3n que necesitas y que por tanto demandas.<\/td>\n<\/tr>\n<tr style=\"height: 24px\">\n<td style=\"width: 50%;text-align: center;height: 24px\">Fase 3<\/td>\n<td style=\"width: 50%;height: 24px;text-align: center\">Se estudia el estado acad\u00e9mico en el que te encuentras para ver la compatibilidad de realizaci\u00f3n de los estudios que demandas o en su caso de no ser posible inicialmente que v\u00edas seguir para su consecuci\u00f3n.<\/td>\n<\/tr>\n<tr style=\"height: 24px\">\n<td style=\"width: 50%;text-align: center;height: 24px\">Fase 4<\/td>\n<td style=\"width: 50%;height: 24px;text-align: center\">Problemas de conciliaci\u00f3n laboral o familiar a la hora de realizar los estudios. Una vez expresadas vemos que te podemos ofrecer para que te puedas adaptar y realizar tus estudios.<\/td>\n<\/tr>\n<tr style=\"height: 24px\">\n<td style=\"width: 50%;text-align: center;height: 24px\">Fase 5<\/td>\n<td style=\"width: 50%;height: 24px;text-align: center\">Nos informas de las preocupaciones que te puede generar el reiniciar tus estudios y te ayudamos a eliminarlas.<\/td>\n<\/tr>\n<tr style=\"height: 24px\">\n<td style=\"width: 50%;text-align: center;height: 24px\">Fase 6<\/td>\n<td style=\"width: 50%;height: 24px;text-align: center\">Confecci\u00f3n de un itinerario formativo personalizado.<\/td>\n<\/tr>\n<tr style=\"height: 24px\">\n<td style=\"width: 50%;text-align: center;height: 24px\">Fase 7<\/td>\n<td style=\"width: 50%;height: 24px;text-align: center\">Informaci\u00f3n sobre los Planes Educativos a realizar (finalidad, funcionalidad acad\u00e9mica y laboral, horarios, temario, evaluaci\u00f3n, profesorado\u2026).&nbsp;<\/td>\n<\/tr>\n<tr style=\"height: 24px\">\n<td style=\"width: 50%;text-align: center;height: 24px\">Fase 8<\/td>\n<td style=\"width: 50%;height: 24px;text-align: center\">Documentaci\u00f3n necesaria para el proceso de matriculaci\u00f3n.<\/td>\n<\/tr>\n<\/tbody>\n<\/table>\n<p>&nbsp;<\/p>\n<p style=\"text-align: justify\">En el C.E.PER: \u00abAlmad\u00e9n\u00bb y sus Secciones de Educaci\u00f3n Permanente dentro de nuestra oferta educativa te ofrecemos la realizaci\u00f3n de los siguientes Planes Educativos cuya superaci\u00f3n conlleva la accesibilidad a los siguientes Certificados de Profesionalidad:<\/p>\n<p>&nbsp;<\/p>\n<table style=\"border-collapse: collapse;width: 100%\">\n<tbody>\n<tr>\n<td style=\"width: 50%;text-align: center\"><strong>Planes Educativos ofertados:<\/strong><\/td>\n<td style=\"width: 50%;text-align: center\"><strong>Niveles de Certificado de Profesionalidad al que te permite acceso:<\/strong><\/td>\n<\/tr>\n<tr>\n<td style=\"width: 50%;text-align: center\">Tutor\u00eda de Apoyo al Estudio para la Educaci\u00f3n Secundaria Obligatoria de Personas Adultas Nivel I y II.<\/td>\n<td style=\"width: 50%;text-align: center\">1 y 2.<\/td>\n<\/tr>\n<tr>\n<td style=\"width: 50%;text-align: center\">Preparaci\u00f3n para las pruebas de Acceso a la Universidad para Mayores de 25 a\u00f1os.<\/td>\n<td style=\"width: 50%;text-align: center\">1, 2 y 3.<\/td>\n<\/tr>\n<tr>\n<td style=\"width: 50%;text-align: center\">Preparaci\u00f3n para las pruebas de Acceso a la Universidad para Mayores de 45 a\u00f1os.<\/td>\n<td style=\"width: 50%;text-align: center\">1, 2 y 3.<\/td>\n<\/tr>\n<\/tbody>\n<\/table>\n<h5><a name=\"cuestion-7\"><\/a>&nbsp;<\/h5>\n<h5><span style=\"color: #800080\"><strong>\u00bfC\u00f3mo es la estructura y el contenido del Certificado de Profesionalidad?<\/strong><\/span><\/h5>\n<p>&nbsp;<\/p>\n<p><img loading=\"lazy\" decoding=\"async\" class=\"alignnone size-full wp-image-6246\" src=\"https:\/\/blogsaverroes.juntadeandalucia.es\/ceperalmaden\/files\/2022\/03\/Certificado-Profesionalidad_Madrid.jpg\" alt=\"\" width=\"1405\" height=\"1070\" srcset=\"https:\/\/blogsaverroes.juntadeandalucia.es\/ceperalmaden\/files\/2022\/03\/Certificado-Profesionalidad_Madrid.jpg 1405w, https:\/\/blogsaverroes.juntadeandalucia.es\/ceperalmaden\/files\/2022\/03\/Certificado-Profesionalidad_Madrid-300x228.jpg 300w, https:\/\/blogsaverroes.juntadeandalucia.es\/ceperalmaden\/files\/2022\/03\/Certificado-Profesionalidad_Madrid-1024x780.jpg 1024w, https:\/\/blogsaverroes.juntadeandalucia.es\/ceperalmaden\/files\/2022\/03\/Certificado-Profesionalidad_Madrid-768x585.jpg 768w\" sizes=\"(max-width: 1405px) 100vw, 1405px\" \/><\/p>\n<p>&nbsp;<\/p>\n<p>Cada uno de los certificados de profesionalidad incluir\u00e1 las siguientes secciones:<\/p>\n<p>&nbsp;<\/p>\n<table style=\"border-collapse: collapse;width: 100%;height: 168px\">\n<tbody>\n<tr style=\"height: 24px\">\n<td style=\"width: 17.5055%;text-align: center;height: 24px\"><strong>N\u00famero de secci\u00f3n<\/strong><\/td>\n<td style=\"width: 32.8226%;text-align: center;height: 24px\"><strong>Nombre de la secci\u00f3n<\/strong><\/td>\n<td style=\"width: 49.6718%;text-align: center;height: 24px\"><strong>Contenido<\/strong><\/td>\n<\/tr>\n<tr style=\"height: 24px\">\n<td style=\"width: 17.5055%;height: 24px;text-align: center\">1<\/td>\n<td style=\"width: 32.8226%;height: 24px;text-align: center\">\u00abIdentificaci\u00f3n\u00bb<\/p>\n<p>&nbsp;<\/td>\n<td style=\"width: 49.6718%;height: 24px\">\n<p style=\"text-align: justify\">Aqu\u00ed se especifican los elementos que identifican un certificado de profesionalidad que son:<\/p>\n<ul>\n<li style=\"text-align: justify\">Denominaci\u00f3n.<\/li>\n<li style=\"text-align: justify\">C\u00f3digo.<\/li>\n<li style=\"text-align: justify\">Familia profesional (actualmente son 26 familias profesionales).<\/li>\n<li style=\"text-align: justify\">Nivel de cualificaci\u00f3n profesional.<\/li>\n<li style=\"text-align: justify\">Cualificaci\u00f3n profesional de referencia.<\/li>\n<li style=\"text-align: justify\">Relaci\u00f3n de unidades de competencia que configuran el CP.<\/li>\n<li style=\"text-align: justify\">Competencia general y entorno profesional.<\/li>\n<li style=\"text-align: justify\">Duraci\u00f3n de la formaci\u00f3n asociada.<\/li>\n<li style=\"text-align: justify\">Relaci\u00f3n de m\u00f3dulos formativos y de unidades formativas.<\/li>\n<\/ul>\n<\/td>\n<\/tr>\n<tr style=\"height: 24px\">\n<td style=\"width: 17.5055%;height: 24px;text-align: center\">2<\/td>\n<td style=\"width: 32.8226%;height: 24px;text-align: center\">\u00abPerfil profesional\u00bb<\/p>\n<p>&nbsp;<\/td>\n<td style=\"width: 49.6718%;height: 24px\">\n<p style=\"text-align: justify\">El perfil profesional del certificado de profesionalidad viene definido por la cualificaci\u00f3n profesional de referencia o en su caso, por las unidades de competencia del Cat\u00e1logo Nacional de Cualificaciones Profesionales a las que d\u00e9 respuesta el certificado de profesionalidad en cuesti\u00f3n. Incluir\u00e1 informaci\u00f3n sobre los requisitos necesarios, seg\u00fan la legislaci\u00f3n vigente, en su caso, para el ejercicio profesional.<\/p>\n<ul>\n<li style=\"text-align: left\">Unidad de competencia.<\/li>\n<li style=\"text-align: left\">Denominaci\u00f3n.<\/li>\n<li style=\"text-align: left\">Nivel.<\/li>\n<li style=\"text-align: left\">C\u00f3digo.<\/li>\n<li style=\"text-align: left\">Realizaciones profesionales y criterios de realizaci\u00f3n.<\/li>\n<li style=\"text-align: left\">Contexto profesional.<\/li>\n<\/ul>\n<\/td>\n<\/tr>\n<tr style=\"height: 24px\">\n<td style=\"width: 17.5055%;height: 24px;text-align: center\">3<\/td>\n<td style=\"width: 32.8226%;height: 24px;text-align: center\">\u00abFormaci\u00f3n\u00bb<\/td>\n<td style=\"width: 49.6718%;height: 24px\">\n<p style=\"text-align: justify\">La Formaci\u00f3n del Certificado de Profesionalidad est\u00e1 compuesta por el desarrollo de cada uno de los M\u00f3dulos Formativos del cat\u00e1logo modular de Formaci\u00f3n Profesional asociados a cada Unidad de Competencia del Certificado de Profesionalidad. Incluir\u00e1 la duraci\u00f3n, los requisitos de espacios, instalaciones y equipamientos, que responder\u00e1n siempre a medidas de accesibilidad y seguridad de los participantes, as\u00ed como las prescripciones sobre formadores y alumnos que garanticen la calidad de la oferta.<\/p>\n<\/td>\n<\/tr>\n<tr style=\"height: 24px\">\n<td style=\"width: 17.5055%;height: 24px;text-align: center\">4<\/td>\n<td style=\"width: 32.8226%;height: 24px;text-align: center\">\u00abM\u00f3dulos formativos\u00bb<\/td>\n<td style=\"width: 49.6718%;height: 24px\">\n<p style=\"text-align: justify\">Cada m\u00f3dulo formativo incluir\u00e1 los datos de identificaci\u00f3n, las especificaciones de la formaci\u00f3n y los par\u00e1metros del contexto formativo para impartirlo. Estos son los datos de identificaci\u00f3n de cada m\u00f3dulo:<\/p>\n<ul>\n<li style=\"text-align: left\">Denominaci\u00f3n.<\/li>\n<li style=\"text-align: left\">C\u00f3digo.<\/li>\n<li style=\"text-align: left\">Nivel de cualificaci\u00f3n profesional.<\/li>\n<li style=\"text-align: left\">Asociado a la Unidad de Competencia.<\/li>\n<li style=\"text-align: left\">Duraci\u00f3n.<\/li>\n<li style=\"text-align: left\">Capacidades y criterios de evaluaci\u00f3n.<\/li>\n<li style=\"text-align: left\">Contenidos.<\/li>\n<li style=\"text-align: left\">Orientaciones metodol\u00f3gicas.<\/li>\n<li style=\"text-align: left\">Criterios de acceso de los alumnos.<\/li>\n<\/ul>\n<\/td>\n<\/tr>\n<tr style=\"height: 24px\">\n<td style=\"width: 17.5055%;height: 24px;text-align: center\">5<\/td>\n<td style=\"width: 32.8226%;height: 24px;text-align: center\">\u00abUnidades formativas\u00bb<\/td>\n<td style=\"width: 49.6718%;height: 24px\">\n<p style=\"text-align: justify\">Los m\u00f3dulos que tengan una duraci\u00f3n superior a 90 horas podr\u00e1n subdividirse en Unidades Formativas que no tendr\u00e1n una duraci\u00f3n inferior a 30 h.<\/p>\n<p style=\"text-align: justify\">Cada Unidad Formativa ser\u00e1 certificable siempre que se haya desarrollado con los requisitos de calidad establecidos para impartir el m\u00f3dulo al que pertenezca. La certificaci\u00f3n tendr\u00e1 validez en el \u00e1mbito de la administraci\u00f3n laboral.<\/p>\n<p style=\"text-align: justify\">La superaci\u00f3n de todas las unidades formativas definidas para el m\u00f3dulo, siempre que el participante curse de forma consecutiva al menos una unidad formativa por a\u00f1o, dar\u00e1 derecho a la certificaci\u00f3n del m\u00f3dulo y a la acreditaci\u00f3n de la unidad de competencia correspondiente.<\/p>\n<p style=\"text-align: justify\">Cada Unidad Formativa incluir\u00e1 tambi\u00e9n estos datos que se recogen a continuaci\u00f3n:<\/p>\n<ul>\n<li style=\"text-align: left\">Denominaci\u00f3n.<\/li>\n<li style=\"text-align: left\">C\u00f3digo.<\/li>\n<li style=\"text-align: left\">Duraci\u00f3n.<\/li>\n<li style=\"text-align: left\">Capacidades y criterios de evaluaci\u00f3n.<\/li>\n<li style=\"text-align: left\">Contenidos.<\/li>\n<li style=\"text-align: left\">Orientaciones metodol\u00f3gicas.<\/li>\n<li style=\"text-align: left\">Criterios de acceso para los alumnos.<\/li>\n<\/ul>\n<p style=\"text-align: justify\">Se repite la misma estructura para el resto de las siguientes Unidades Formativas que conformaran el m\u00f3dulo formativo, si es que las hubiere.<\/p>\n<\/td>\n<\/tr>\n<tr style=\"height: 24px\">\n<td style=\"width: 17.5055%;height: 24px;text-align: center\">6<\/td>\n<td style=\"width: 32.8226%;height: 24px;text-align: center\">\u00abAcciones formativas\u00bb<\/td>\n<td style=\"width: 49.6718%;height: 24px;text-align: justify\">Se incluir\u00e1n en este apartado todas las acciones de formaci\u00f3n dirigidas a adquirir competencias y habilidades espec\u00edficas de cada uno de los sectores productivos, pudiendo ser estas del mismo o de diferentes sectores. Las acciones formativas son promovidas por el SEPE y son de acceso voluntario para todos los interesados.<\/td>\n<\/tr>\n<\/tbody>\n<\/table>\n<h5><a name=\"cuestion-8\"><\/a>&nbsp;<\/h5>\n<h5 style=\"text-align: justify\"><span style=\"color: #800080\">\u00bfQu\u00e9 Certificados de Profesionalidad existen?<\/span><\/h5>\n<p>&nbsp;<\/p>\n<p style=\"text-align: justify\">Cada comunidad aut\u00f3noma gestiona la <strong>oferta formativa oficial para la obtenci\u00f3n de Certificados de Profesionalidad. <\/strong>Si deseas conocer los cursos que se imparten deber\u00e1s consultar la p\u00e1gina web en la que la Junta de Andalucia o comunidad aut\u00f3noma publique la oferta de Formaci\u00f3n Profesional para el Empleo.<\/p>\n<p style=\"text-align: justify\">En la p\u00e1gina web del Servicio P\u00fablico de Empleo Estatal (SEPE) puedes encontrar la <strong>informaci\u00f3n oficial <\/strong>relativa a todos los Certificados de Profesionalidad incluidos en cada una de las familias profesionales. Te facilitamos el enlace (clica aqu\u00ed): <a href=\"https:\/\/sede.sepe.gob.es\/especialidadesformativas\/RXBuscadorEFRED\/BusquedaEspecialidades.do\">\u00abBuscador de Certificados de Profesionalidad\u00bb<\/a>.&nbsp;<\/p>\n<p>&nbsp;<\/p>\n<p>&nbsp;<\/p>\n<p>&nbsp;<\/p>\n<p>&nbsp;<\/p>\n","protected":false},"excerpt":{"rendered":"<p>LOS CERTIFICADOS DE PROFESIONALIDAD PREGUNTAS Y RESPUESTAS. &nbsp; &nbsp; \u00cdndice de&nbsp; preguntas y respuestas: \u00bfQu\u00e9 es un certificado de profesionalidad? \u00bfPara qu\u00e9 sirve un certificado de profesionalidad? \u00bfQu\u00e9 diferencias hay entre un Certificado de Profesionalidad&#46;&#46;&#46;<\/p>\n","protected":false},"author":6371,"featured_media":0,"parent":0,"menu_order":0,"comment_status":"closed","ping_status":"closed","template":"","meta":{"ngg_post_thumbnail":0,"footnotes":"","_mc_calendar":[]},"aioseo_notices":[],"_links":{"self":[{"href":"https:\/\/blogsaverroes.juntadeandalucia.es\/ceperalmaden\/wp-json\/wp\/v2\/pages\/6218"}],"collection":[{"href":"https:\/\/blogsaverroes.juntadeandalucia.es\/ceperalmaden\/wp-json\/wp\/v2\/pages"}],"about":[{"href":"https:\/\/blogsaverroes.juntadeandalucia.es\/ceperalmaden\/wp-json\/wp\/v2\/types\/page"}],"author":[{"embeddable":true,"href":"https:\/\/blogsaverroes.juntadeandalucia.es\/ceperalmaden\/wp-json\/wp\/v2\/users\/6371"}],"replies":[{"embeddable":true,"href":"https:\/\/blogsaverroes.juntadeandalucia.es\/ceperalmaden\/wp-json\/wp\/v2\/comments?post=6218"}],"version-history":[{"count":68,"href":"https:\/\/blogsaverroes.juntadeandalucia.es\/ceperalmaden\/wp-json\/wp\/v2\/pages\/6218\/revisions"}],"predecessor-version":[{"id":7588,"href":"https:\/\/blogsaverroes.juntadeandalucia.es\/ceperalmaden\/wp-json\/wp\/v2\/pages\/6218\/revisions\/7588"}],"wp:attachment":[{"href":"https:\/\/blogsaverroes.juntadeandalucia.es\/ceperalmaden\/wp-json\/wp\/v2\/media?parent=6218"}],"curies":[{"name":"wp","href":"https:\/\/api.w.org\/{rel}","templated":true}]}}