{"id":6685,"date":"2022-04-02T16:30:59","date_gmt":"2022-04-02T16:30:59","guid":{"rendered":"https:\/\/blogsaverroes.juntadeandalucia.es\/ceperalmaden\/?page_id=6685"},"modified":"2025-07-24T11:33:06","modified_gmt":"2025-07-24T11:33:06","slug":"gestion-economica-de-centros","status":"publish","type":"page","link":"https:\/\/blogsaverroes.juntadeandalucia.es\/ceperalmaden\/gestion-economica-de-centros\/","title":{"rendered":"GESTI\u00d3N ECON\u00d3MICA DE CENTROS."},"content":{"rendered":"<p>&nbsp;<\/p>\n<p><img loading=\"lazy\" decoding=\"async\" class=\"wp-image-6686 aligncenter\" src=\"https:\/\/blogsaverroes.juntadeandalucia.es\/ceperalmaden\/files\/2022\/04\/GESTI\u00d3N-ECON\u00d3MICA.jpg\" alt=\"\" width=\"585\" height=\"439\" srcset=\"https:\/\/blogsaverroes.juntadeandalucia.es\/ceperalmaden\/files\/2022\/04\/GESTI\u00d3N-ECON\u00d3MICA.jpg 960w, https:\/\/blogsaverroes.juntadeandalucia.es\/ceperalmaden\/files\/2022\/04\/GESTI\u00d3N-ECON\u00d3MICA-300x225.jpg 300w, https:\/\/blogsaverroes.juntadeandalucia.es\/ceperalmaden\/files\/2022\/04\/GESTI\u00d3N-ECON\u00d3MICA-768x576.jpg 768w\" sizes=\"(max-width: 585px) 100vw, 585px\" \/><\/p>\n<p><span style=\"color: #008000\"><strong><span style=\"text-decoration: underline\">\u00cdNDICE ACTIVO<\/span>:<\/strong><\/span><\/p>\n<ol>\n<li><span style=\"color: #0000ff\"><strong><a style=\"color: #0000ff\" href=\"&quot;#capitulo-1\">NORMATIVA.<\/a><\/strong><\/span><\/li>\n<li><span style=\"color: #0000ff\"><strong><a style=\"color: #0000ff\" href=\"&quot;#capitulo-2\">CALENDARIO DE ACTUACIONES.<\/a><\/strong><\/span><\/li>\n<li><span style=\"color: #0000ff\"><strong><a style=\"color: #0000ff\" href=\"&quot;#capitulo-3\">CIERRE DE LA GESTI\u00d3N ECON\u00d3MICA DE UN CURSO.<\/a><\/strong><\/span><\/li>\n<li><span style=\"color: #0000ff\"><strong><a style=\"color: #0000ff\" href=\"&quot;#capitulo-4\">ABRIR UN NUEVO EJERCICIO ECON\u00d3MICO.<\/a><\/strong><\/span><\/li>\n<li><span style=\"color: #0000ff\"><strong><a style=\"color: #0000ff\" href=\"&quot;#capitulo-5\">ACTUACIONES DURANTE EL SEGUNDO TRIMESTRE.<\/a><\/strong><\/span><\/li>\n<li><span style=\"color: #0000ff\"><strong><a style=\"color: #0000ff\" href=\"&quot;#capitulo-6\">TAREAS HABITUALES A LO LARGO DEL CURSO.<\/a><\/strong><\/span><\/li>\n<\/ol>\n<p><a name=\"capitulo-1\"><\/a>&nbsp;<\/p>\n<p style=\"text-align: justify\"><strong><span style=\"color: #008000\"><span style=\"text-decoration: underline\">APARTADO 1<\/span>: \u00abNORMATIVA.\u00bb<\/span><\/strong><\/p>\n<p style=\"text-align: justify\"><a href=\"https:\/\/drive.google.com\/file\/d\/1312qH7RdpPjw75bjp0qyQSt7uYfXY24P\/view?usp=sharing\"><strong>ORDEN de 10 de mayo de 2006, conjunta de las Consejer\u00edas de Econom\u00eda y Hacienda y de Educaci\u00f3n, por la que se dictan instrucciones para la gesti\u00f3n econ\u00f3mica de los centros docentes p\u00fablicos dependientes de la Consejer\u00eda de Educaci\u00f3n y se delegan competencias en los Directores y Directoras de los mismos.<\/strong><\/a><\/p>\n<p><a name=\"capitulo-2\"><\/a>&nbsp;<\/p>\n<p style=\"text-align: justify\"><span style=\"color: #008000\"><strong><span style=\"text-decoration: underline\">APARTADO 2<\/span>: \u00abCALENDARIO DE ACTUACIONES.\u00bb<\/strong><\/span><\/p>\n<table style=\"border-collapse: collapse;width: 100%;height: 809px\">\n<tbody>\n<tr style=\"height: 23px\">\n<td style=\"width: 33.3333%;text-align: center;height: 23px\"><strong>FECHA\/PLAZO<\/strong><\/td>\n<td style=\"width: 33.3333%;text-align: center;height: 23px\"><strong>ACTUACI\u00d3N<\/strong><\/td>\n<td style=\"width: 33.3333%;text-align: center;height: 23px\"><strong>FUNDAMENTO JUR\u00cdDICO<\/strong><\/td>\n<\/tr>\n<tr style=\"height: 23px\">\n<td style=\"width: 33.3333%;text-align: center;height: 23px\">Primeros d\u00edas de Agosto.<\/td>\n<td style=\"width: 33.3333%;text-align: center;height: 23px\">Arqueo mensual de caja (Anexo XIII).<\/td>\n<td style=\"width: 33.3333%;text-align: center;height: 23px\">Art. 14 Orden 10\/05\/2006.<\/td>\n<\/tr>\n<tr style=\"height: 23px\">\n<td style=\"width: 33.3333%;text-align: center;height: 23px\">Primeros d\u00edas de Septiembre.<\/td>\n<td style=\"width: 33.3333%;text-align: center;height: 23px\">Arqueo mensual de caja (Anexo XIII).<\/td>\n<td style=\"width: 33.3333%;text-align: center;height: 23px\">Art. 14 Orden 10\/05\/2006.<\/td>\n<\/tr>\n<tr style=\"height: 47px\">\n<td style=\"width: 33.3333%;text-align: center;height: 47px\">Antes de 1 mes despu\u00e9s del 30 de septiembre.<\/td>\n<td style=\"width: 33.3333%;text-align: center;height: 47px\">Conciliaci\u00f3n bancaria abril-septiembre (Anexo XII).<\/td>\n<td style=\"width: 33.3333%;text-align: center;height: 47px\">Art. 14 Orden 10\/05\/2006.<\/td>\n<\/tr>\n<tr style=\"height: 23px\">\n<td style=\"width: 33.3333%;text-align: center;height: 23px\">Primeros d\u00edas de Octubre.<\/td>\n<td style=\"width: 33.3333%;text-align: center;height: 23px\">Arqueo mensual de caja (Anexo XIII).<\/td>\n<td style=\"width: 33.3333%;text-align: center;height: 23px\">Art. 14 Orden 10\/05\/2006.<\/td>\n<\/tr>\n<tr style=\"height: 47px\">\n<td style=\"width: 33.3333%;text-align: center;height: 47px\">Antes del 20 de Octubre.<\/td>\n<td style=\"width: 33.3333%;text-align: center;height: 47px\">Modelo 095 con retenciones IRPF del trimestre anterior (si las hay).<\/td>\n<td style=\"width: 33.3333%;text-align: center;height: 47px\">Instrucci\u00f3n SGT 11\/02\/2016 IRPF.<\/td>\n<\/tr>\n<tr style=\"height: 47px\">\n<td style=\"width: 33.3333%;text-align: center;height: 47px\">Antes del 30 de Octubre.<\/td>\n<td style=\"width: 33.3333%;text-align: center;height: 47px\">Aprobaci\u00f3n cuentas y registros del curso finalizado por Consejo de Centro.<\/td>\n<td style=\"width: 33.3333%;text-align: center;height: 47px\">Arts. 13 y 15 Orden 10\/05\/2006.<\/td>\n<\/tr>\n<tr style=\"height: 23px\">\n<td style=\"width: 33.3333%;text-align: center;height: 23px\">Antes del 30 de Octubre.<\/td>\n<td style=\"width: 33.3333%;text-align: center;height: 23px\">Elaboraci\u00f3n y firma digital Anexo XI.<\/td>\n<td style=\"width: 33.3333%;text-align: center;height: 23px\">Art. 15 Orden 10\/05\/2006.<\/td>\n<\/tr>\n<tr style=\"height: 47px\">\n<td style=\"width: 33.3333%;text-align: center;height: 47px\">Antes del 31 de octubre.<\/td>\n<td style=\"width: 33.3333%;text-align: center;height: 47px\">Elaboraci\u00f3n del proyecto de presupuesto curso corriente.<\/td>\n<td style=\"width: 33.3333%;text-align: center;height: 47px\">Art. 4.1 Orden 10\/05\/2006.<\/td>\n<\/tr>\n<tr style=\"height: 23px\">\n<td style=\"width: 33.3333%;text-align: center;height: 23px\">Antes del 31 de octubre.<\/td>\n<td style=\"width: 33.3333%;text-align: center;height: 23px\">Aprobaci\u00f3n del presupuesto por Consejo de Centro.<\/td>\n<td style=\"width: 33.3333%;text-align: center;height: 23px\">Art. 4.3 Orden 10\/05\/2006.<\/td>\n<\/tr>\n<tr style=\"height: 23px\">\n<td style=\"width: 33.3333%;text-align: center;height: 23px\">Primeros d\u00edas de Noviembre.<\/td>\n<td style=\"width: 33.3333%;text-align: center;height: 23px\">Arqueo mensual de caja (Anexo XIII).<\/td>\n<td style=\"width: 33.3333%;text-align: center;height: 23px\">Art. 14 Orden 10\/05\/2006.<\/td>\n<\/tr>\n<tr style=\"height: 23px\">\n<td style=\"width: 33.3333%;text-align: center;height: 23px\">Antes del 30 de noviembre (o m\u00e1s tarde).<\/td>\n<td style=\"width: 33.3333%;text-align: center;height: 23px\">Comunicaci\u00f3n a los centros del presupuesto provisional GF por CED.<\/td>\n<td style=\"width: 33.3333%;text-align: center;height: 23px\">Art. 2.2 Orden 10\/05\/2006.<\/td>\n<\/tr>\n<tr style=\"height: 23px\">\n<td style=\"width: 33.3333%;text-align: center;height: 23px\">1 mes desde comunicaci\u00f3n del presupuesto GF (noviembre).<\/td>\n<td style=\"width: 33.3333%;text-align: center;height: 23px\">Reajuste presupuestario y aprobaci\u00f3n.<\/td>\n<td style=\"width: 33.3333%;text-align: center;height: 23px\">Art. 4.3 Orden 10\/05\/2006.<\/td>\n<\/tr>\n<tr style=\"height: 23px\">\n<td style=\"width: 33.3333%;text-align: center;height: 23px\">Primeros d\u00edas de Diciembre.<\/td>\n<td style=\"width: 33.3333%;height: 23px;text-align: center\">Arqueo mensual de caja (Anexo XIII).<\/td>\n<td style=\"width: 33.3333%;text-align: center;height: 23px\">Art. 14 Orden 10\/05\/2006.<\/td>\n<\/tr>\n<tr style=\"height: 23px\">\n<td style=\"width: 33.3333%;text-align: center;height: 23px\">Primeros d\u00edas de Enero.<\/td>\n<td style=\"width: 33.3333%;height: 23px;text-align: center\">Arqueo mensual de caja (Anexo XIII).<\/td>\n<td style=\"width: 33.3333%;height: 23px;text-align: center\">Art. 14 Orden 10\/05\/2006.<\/td>\n<\/tr>\n<tr style=\"height: 23px\">\n<td style=\"width: 33.3333%;text-align: center;height: 23px\">Antes del 20 de enero.<\/td>\n<td style=\"width: 33.3333%;height: 23px;text-align: center\">Modelo 095 con retenciones IRPF del trimestre anterior (si las hay).<\/td>\n<td style=\"width: 33.3333%;height: 23px;text-align: center\">Instrucci\u00f3n SGT 11\/02\/2016 IRPF.<\/td>\n<\/tr>\n<tr style=\"height: 23px\">\n<td style=\"width: 33.3333%;text-align: center;height: 23px\">Antes del 20 de enero.<\/td>\n<td style=\"width: 33.3333%;height: 23px;text-align: center\">Elaboraci\u00f3n y firma digital Modelo 190.<\/td>\n<td style=\"width: 33.3333%;height: 23px;text-align: center\">Instrucci\u00f3n SGT 11\/02\/2016 IRPF.<\/td>\n<\/tr>\n<tr style=\"height: 23px\">\n<td style=\"width: 33.3333%;text-align: center;height: 23px\">Antes del 22 de enero.<\/td>\n<td style=\"width: 33.3333%;height: 23px;text-align: center\">Elaboraci\u00f3n y firma digital Modelo 296.<\/td>\n<td style=\"width: 33.3333%;height: 23px;text-align: center\">Excel de S\u00e9neca, 095 y relaci\u00f3n.<\/td>\n<\/tr>\n<tr style=\"height: 23px\">\n<td style=\"width: 33.3333%;text-align: center;height: 23px\">Antes del 31 de enero.<\/td>\n<td style=\"width: 33.3333%;height: 23px;text-align: center\">Elaboraci\u00f3n y firma digital Modelo 347.<\/td>\n<td style=\"width: 33.3333%;height: 23px;text-align: center\">Instrucci\u00f3n IGJA y SGT 1\/2005.<\/td>\n<\/tr>\n<tr style=\"height: 23px\">\n<td style=\"width: 33.3333%;text-align: center;height: 23px\">Antes del 31 de enero.<\/td>\n<td style=\"width: 33.3333%;height: 23px;text-align: center\">Comunicaci\u00f3n a los centros del presupuesto inversiones por CED.<\/td>\n<td style=\"width: 33.3333%;height: 23px;text-align: center\">Art. 2.3 Orden 10\/05\/2006.<\/td>\n<\/tr>\n<tr style=\"height: 23px\">\n<td style=\"width: 33.3333%;text-align: center;height: 23px\">1 mes desde la comunicaci\u00f3n del presupuesto inversiones.<\/td>\n<td style=\"width: 33.3333%;height: 23px;text-align: center\">Reajuste presupuestario y aprobaci\u00f3n.<\/td>\n<td style=\"width: 33.3333%;height: 23px;text-align: center\">Art. 4.3 Orden 10\/05\/2006.<\/td>\n<\/tr>\n<tr style=\"height: 23px\">\n<td style=\"width: 33.3333%;text-align: center;height: 23px\">Primeros d\u00edas de Febrero.<\/td>\n<td style=\"width: 33.3333%;height: 23px;text-align: center\">Arqueo mensual de caja (Anexo XIII).<\/td>\n<td style=\"width: 33.3333%;height: 23px;text-align: center\">Art. 14 Orden 10\/05\/2006.<\/td>\n<\/tr>\n<tr style=\"height: 23px\">\n<td style=\"width: 33.3333%;text-align: center;height: 23px\">Primeros d\u00edas de Marzo.<\/td>\n<td style=\"width: 33.3333%;height: 23px;text-align: center\">Arqueo mensual de caja (Anexo XIII).<\/td>\n<td style=\"width: 33.3333%;height: 23px;text-align: center\">Art. 14 Orden 10\/05\/2006.<\/td>\n<\/tr>\n<tr style=\"height: 23px\">\n<td style=\"width: 33.3333%;text-align: center;height: 23px\">Antes de 1 mes despu\u00e9s del 31 de marzo.<\/td>\n<td style=\"width: 33.3333%;height: 23px;text-align: center\">Conciliaci\u00f3n bancaria octubre-marzo (Anexo XII).<\/td>\n<td style=\"width: 33.3333%;height: 23px;text-align: center\">Art. 14 Orden 10\/05\/2006.<\/td>\n<\/tr>\n<tr style=\"height: 23px\">\n<td style=\"width: 33.3333%;text-align: center;height: 23px\">Primeros d\u00edas de Abril.<\/td>\n<td style=\"width: 33.3333%;height: 23px;text-align: center\">Arqueo mensual de caja (Anexo XIII).<\/td>\n<td style=\"width: 33.3333%;height: 23px;text-align: center\">Art. 14 Orden 10\/05\/2006.<\/td>\n<\/tr>\n<tr style=\"height: 23px\">\n<td style=\"width: 33.3333%;text-align: center;height: 23px\">Antes del 20 de Abril.<\/td>\n<td style=\"width: 33.3333%;height: 23px;text-align: center\">Modelo 095 con retenciones IRPF del trimestre anterior (si las hay).<\/td>\n<td style=\"width: 33.3333%;height: 23px;text-align: center\">Instrucci\u00f3n SGT 11\/02\/2016 IRPF.<\/td>\n<\/tr>\n<tr style=\"height: 23px\">\n<td style=\"width: 33.3333%;text-align: center;height: 23px\">Primeros d\u00edas de Mayo.<\/td>\n<td style=\"width: 33.3333%;height: 23px;text-align: center\">Arqueo mensual de caja (Anexo XIII).<\/td>\n<td style=\"width: 33.3333%;height: 23px;text-align: center\">Art. 14 Orden 10\/05\/2006.<\/td>\n<\/tr>\n<tr style=\"height: 23px\">\n<td style=\"width: 33.3333%;text-align: center;height: 23px\">Primeros d\u00edas de Junio.<\/td>\n<td style=\"width: 33.3333%;height: 23px;text-align: center\">Arqueo mensual de caja (Anexo XIII).<\/td>\n<td style=\"width: 33.3333%;height: 23px;text-align: center\">Art. 14 Orden 10\/05\/2006.<\/td>\n<\/tr>\n<tr style=\"height: 23px\">\n<td style=\"width: 33.3333%;text-align: center;height: 23px\">Primeros d\u00edas de Julio.<\/td>\n<td style=\"width: 33.3333%;height: 23px;text-align: center\">Arqueo mensual de caja (Anexo XIII).<\/td>\n<td style=\"width: 33.3333%;height: 23px;text-align: center\">Art. 14 Orden 10\/05\/2006.<\/td>\n<\/tr>\n<tr style=\"height: 23px\">\n<td style=\"width: 33.3333%;text-align: center;height: 23px\">Antes del 20 de Julio.<\/td>\n<td style=\"width: 33.3333%;height: 23px;text-align: center\">Modelo 095 con retenciones IRPF del trimestre anterior (si las hay).<\/td>\n<td style=\"width: 33.3333%;height: 23px;text-align: center\">Modelo 095 con retenciones IRPF del trimestre anterior (si las hay).<\/td>\n<\/tr>\n<\/tbody>\n<\/table>\n<p><a name=\"capitulo-3\"><\/a>&nbsp;<\/p>\n<p style=\"text-align: justify\"><span style=\"color: #008000\"><strong><span style=\"text-decoration: underline\">APARTADO 3<\/span>: \u00abCIERRE DE LA GESTI\u00d3N ECON\u00d3MICA DE UN CURSO.\u00bb<\/strong><\/span><\/p>\n<table style=\"border-collapse: collapse;width: 100%\">\n<tbody>\n<tr>\n<td style=\"width: 41.3745%;text-align: center\"><strong>PASOS<\/strong><\/td>\n<td style=\"width: 58.6255%;text-align: center\"><strong>RECURSOS Y TUTORIALES<\/strong><\/td>\n<\/tr>\n<tr>\n<td style=\"width: 41.3745%\">\n<p style=\"text-align: center\"><strong><span style=\"text-decoration: underline\">Paso 1<\/span>: \u00abAutorizar al responsable de gesti\u00f3n econ\u00f3mica.\u00bb<\/strong><\/p>\n<p style=\"text-align: justify\">Es necesario hacerlo cuando termina septiembre y empieza el mes de octubre.<\/p>\n<\/td>\n<td style=\"width: 58.6255%;text-align: center\"><strong><span style=\"text-decoration: underline\">Documento<\/span>: \u00abInstrucciones para autorizar al responsable de la gesti\u00f3n econ\u00f3mica.\u00bb<\/strong><\/p>\n<p><a href=\"https:\/\/drive.google.com\/file\/d\/1TNp7eZvvR4RpQh4pdzJKvK-XT_aVtI23\/view?usp=sharing\"><img loading=\"lazy\" decoding=\"async\" class=\"alignnone wp-image-5471\" src=\"https:\/\/blogsaverroes.juntadeandalucia.es\/ceperalmaden\/files\/2021\/09\/ICONO-DOCUMENTO.jpg\" alt=\"\" width=\"150\" height=\"150\" srcset=\"https:\/\/blogsaverroes.juntadeandalucia.es\/ceperalmaden\/files\/2021\/09\/ICONO-DOCUMENTO.jpg 225w, https:\/\/blogsaverroes.juntadeandalucia.es\/ceperalmaden\/files\/2021\/09\/ICONO-DOCUMENTO-150x150.jpg 150w, https:\/\/blogsaverroes.juntadeandalucia.es\/ceperalmaden\/files\/2021\/09\/ICONO-DOCUMENTO-80x80.jpg 80w\" sizes=\"(max-width: 150px) 100vw, 150px\" \/><\/a>&nbsp;<\/p>\n<p><strong><span style=\"text-decoration: underline\">Video tutorial<\/span>: \u00abAutorizar al responsable de gesti\u00f3n econ\u00f3mica.\u00bb<\/strong><\/p>\n<p><iframe loading=\"lazy\" src=\"https:\/\/www.youtube.com\/embed\/JvuqdZDIa1I\" width=\"560\" height=\"315\" frameborder=\"0\"><\/iframe><\/td>\n<\/tr>\n<tr>\n<td style=\"width: 41.3745%\">\n<div class=\"CjVfdc CJIdie\" style=\"text-align: center\"><strong><span style=\"text-decoration: underline\">Paso 2<\/span>: \u00abRegistrar todas las facturas de los pagos hechos hasta el 30 de septiembre.\u00bb<\/strong><\/div>\n<div>&nbsp;<\/div>\n<div>\n<div class=\"CjVfdc CJIdie\" style=\"text-align: center\"><strong><span style=\"text-decoration: underline\">Paso 3<\/span>: \u00abCambiar la configuraci\u00f3n.\u00bb<\/strong><\/div>\n<div>&nbsp;<\/div>\n<div class=\"CjVfdc CJIdie\" style=\"text-align: justify\">Lo hacemos cuando hay cambios en las personas que tienen que firmar los anexos de la gesti\u00f3n econ\u00f3mica como este a\u00f1o.<\/div>\n<\/div>\n<\/td>\n<td style=\"width: 58.6255%;text-align: center\"><strong><span style=\"text-decoration: underline\">Video tutorial<\/span>: \u00abCambiar los par\u00e1metros.\u00bb&nbsp;<\/strong><\/p>\n<p><iframe loading=\"lazy\" src=\"https:\/\/www.youtube.com\/embed\/MVnFErXabHM\" width=\"560\" height=\"315\" frameborder=\"0\"><\/iframe>&nbsp;<\/td>\n<\/tr>\n<tr>\n<td style=\"width: 41.3745%\">\n<div class=\"CjVfdc CJIdie\" style=\"text-align: center\"><strong><span style=\"text-decoration: underline\">Paso 4<\/span>: \u00abComprobar que est\u00e1 hecho el ARQUEO DE CAJA de todos los meses, incluidos julio y agosto.\u00bb<\/strong><\/div>\n<\/td>\n<td style=\"width: 58.6255%;text-align: center\"><strong><span style=\"text-decoration: underline\">Documento<\/span>: \u00abInstrucciones para realizar el arqueo de caja.\u00bb<\/strong><\/p>\n<p><a href=\"https:\/\/drive.google.com\/file\/d\/1Fstj51Np9DhexAxDcD53AayZVb6c_xIW\/view?usp=sharing\"><img loading=\"lazy\" decoding=\"async\" class=\"alignnone wp-image-5471\" src=\"https:\/\/blogsaverroes.juntadeandalucia.es\/ceperalmaden\/files\/2021\/09\/ICONO-DOCUMENTO.jpg\" alt=\"\" width=\"150\" height=\"150\" srcset=\"https:\/\/blogsaverroes.juntadeandalucia.es\/ceperalmaden\/files\/2021\/09\/ICONO-DOCUMENTO.jpg 225w, https:\/\/blogsaverroes.juntadeandalucia.es\/ceperalmaden\/files\/2021\/09\/ICONO-DOCUMENTO-150x150.jpg 150w, https:\/\/blogsaverroes.juntadeandalucia.es\/ceperalmaden\/files\/2021\/09\/ICONO-DOCUMENTO-80x80.jpg 80w\" sizes=\"(max-width: 150px) 100vw, 150px\" \/><\/a><\/p>\n<p><strong><span style=\"text-decoration: underline\">Video tutorial<\/span>: \u00abArqueo de caja.\u00bb<\/strong>&nbsp;<\/p>\n<p><iframe loading=\"lazy\" src=\"https:\/\/www.youtube.com\/embed\/eDP3CPJYHHY\" width=\"560\" height=\"315\" frameborder=\"0\"><\/iframe>&nbsp;<\/td>\n<\/tr>\n<tr>\n<td style=\"width: 41.3745%\">\n<div class=\"CjVfdc CJIdie\" style=\"text-align: center\"><strong><span style=\"text-decoration: underline\">Paso 5<\/span>: \u00abComprobar que est\u00e1 hecha la CONCILIACI\u00d3N BANCARIA de MARZO y hacer la de SEPTIEMBRE.\u00bb<\/strong><\/div>\n<div>&nbsp;<\/div>\n<div>\n<div class=\"CjVfdc CJIdie\" style=\"text-align: center\"><strong><span style=\"text-decoration: underline\">Paso 6<\/span>: \u00abGenerar estos anexos de la gesti\u00f3n econ\u00f3mica e imprimirlos.\u00bb<\/strong><\/div>\n<div>&nbsp;<\/div>\n<div class=\"CjVfdc CJIdie\" style=\"text-align: justify\"><span style=\"text-align: justify;font-family: inherit;font-size: inherit\">Desde el bot\u00f3n DOCUMENTOS QUE SE PUEDEN SOLICITAR:<\/span><\/div>\n<div>\n<ul class=\"n8H08c UVNKR\">\n<li class=\"TYR86d wXCUfe zfr3Q\" style=\"text-align: justify\">\n<p class=\"CDt4Ke zfr3Q\" dir=\"ltr\" style=\"text-align: justify\">Anexo IV: \u00abREGISTRO DE INGRESOS.\u00bb<\/p>\n<\/li>\n<li class=\"TYR86d wXCUfe zfr3Q\" style=\"text-align: justify\">\n<p class=\"CDt4Ke zfr3Q\" dir=\"ltr\">Anexo V: \u00abREGISTRO DE MOVIMIENTOS EN CUENTA CORRIENTE.\u00bb<\/p>\n<\/li>\n<li class=\"TYR86d wXCUfe zfr3Q\" style=\"text-align: justify\">\n<p class=\"CDt4Ke zfr3Q\" dir=\"ltr\" style=\"text-align: justify\">Anexo VI: \u00abREGISTRO DE MOVIMIENTOS DE CAJA.\u00bb<\/p>\n<\/li>\n<li class=\"TYR86d wXCUfe zfr3Q\">\n<p class=\"CDt4Ke zfr3Q\" dir=\"ltr\" style=\"text-align: justify\">Anexo VII: \u00abREGISTRO DE GASTOS.\u00bb<\/p>\n<\/li>\n<\/ul>\n<p style=\"text-align: justify\">El ANEXO I y II que se aprobaron en noviembre del curso pasado deben estar ya impresos y guardados en la carpeta de la gesti\u00f3n econ\u00f3mica.<\/p>\n<\/div>\n<\/div>\n<\/td>\n<td style=\"width: 58.6255%;text-align: center\"><strong><span style=\"text-decoration: underline\">Documento<\/span>: \u00abConciliaci\u00f3n bancaria de marzo.\u00bb<\/strong><\/p>\n<p><a href=\"https:\/\/drive.google.com\/file\/d\/1DGkgUI8409_hwvi2sd52P1uWLt70mNm_\/view?usp=sharing\"><img loading=\"lazy\" decoding=\"async\" class=\"alignnone wp-image-5471\" src=\"https:\/\/blogsaverroes.juntadeandalucia.es\/ceperalmaden\/files\/2021\/09\/ICONO-DOCUMENTO.jpg\" alt=\"\" width=\"150\" height=\"150\" srcset=\"https:\/\/blogsaverroes.juntadeandalucia.es\/ceperalmaden\/files\/2021\/09\/ICONO-DOCUMENTO.jpg 225w, https:\/\/blogsaverroes.juntadeandalucia.es\/ceperalmaden\/files\/2021\/09\/ICONO-DOCUMENTO-150x150.jpg 150w, https:\/\/blogsaverroes.juntadeandalucia.es\/ceperalmaden\/files\/2021\/09\/ICONO-DOCUMENTO-80x80.jpg 80w\" sizes=\"(max-width: 150px) 100vw, 150px\" \/><\/a><\/p>\n<p><strong><span style=\"text-decoration: underline\">Documento<\/span>: \u00abConciliaci\u00f3n bancaria de septiembre.\u00bb<\/strong>&nbsp;<\/p>\n<p><a href=\"https:\/\/drive.google.com\/file\/d\/1RPepIWeZ7MxcFIpa7Pw0iANewVjLgo54\/view?usp=sharing\"><img loading=\"lazy\" decoding=\"async\" class=\"alignnone wp-image-5471\" src=\"https:\/\/blogsaverroes.juntadeandalucia.es\/ceperalmaden\/files\/2021\/09\/ICONO-DOCUMENTO.jpg\" alt=\"\" width=\"150\" height=\"150\" srcset=\"https:\/\/blogsaverroes.juntadeandalucia.es\/ceperalmaden\/files\/2021\/09\/ICONO-DOCUMENTO.jpg 225w, https:\/\/blogsaverroes.juntadeandalucia.es\/ceperalmaden\/files\/2021\/09\/ICONO-DOCUMENTO-150x150.jpg 150w, https:\/\/blogsaverroes.juntadeandalucia.es\/ceperalmaden\/files\/2021\/09\/ICONO-DOCUMENTO-80x80.jpg 80w\" sizes=\"(max-width: 150px) 100vw, 150px\" \/><\/a><\/td>\n<\/tr>\n<tr>\n<td style=\"width: 41.3745%\">\n<div>\n<p style=\"text-align: center\"><strong><span style=\"text-decoration: underline\">Paso 7<\/span>: \u00abGenerar el ANEXO X e imprimirlo.\u00bb<\/strong><\/p>\n<p>Es el resumen de las cuentas de todo el a\u00f1o. Sale en modo borrador pues aun no han sido aprobadas. Se lleva impreso a la reuni\u00f3n del Consejo de <strong>Centro<\/strong> para leerlo y aprobarlo.<\/p>\n<\/div>\n<\/td>\n<td style=\"width: 58.6255%;text-align: center\"><strong><span style=\"text-decoration: underline\">Video tutorial<\/span>: \u00abGenerar el Anexo X de la gesti\u00f3n econ\u00f3mica.\u00bb<\/strong><\/p>\n<p><iframe loading=\"lazy\" src=\"https:\/\/www.youtube.com\/embed\/EnF1BPiulLM\" width=\"560\" height=\"315\" frameborder=\"0\"><\/iframe>&nbsp;<\/td>\n<\/tr>\n<tr>\n<td style=\"width: 41.3745%;text-align: center\"><strong><span style=\"text-decoration: underline\">Paso 8<\/span>: \u00abAjustar los PRESUPUESTOS DE INGRESOS (Anexo I) y GASTOS (Anexo II).\u00bb<\/strong><\/td>\n<td style=\"width: 58.6255%;text-align: center\"><strong><span style=\"text-decoration: underline\">Video tutorial<\/span>: \u00abAjustar presupuestos.\u00bb<\/strong><\/p>\n<p><iframe loading=\"lazy\" src=\"https:\/\/www.youtube.com\/embed\/DSbbr2FMod4\" width=\"560\" height=\"315\" frameborder=\"0\"><\/iframe>&nbsp;<\/td>\n<\/tr>\n<tr>\n<td style=\"width: 41.3745%;text-align: justify\">\n<p style=\"text-align: center\"><strong><span style=\"text-decoration: underline\">Paso 9<\/span>: \u00abGenerar el ANEXO XI.\u00bb<\/strong><\/p>\n<p style=\"text-align: justify\">Es la certificaci\u00f3n de que las cuentas han sido aprobadas por el Consejo de Centro. Se genera despu\u00e9s de la reuni\u00f3n y se firma digitalmente por el Secretario y la Director\/a. En caso de las Secciones de Educaci\u00f3n Permanente Jefe\/a de Estudios Delegado\/a y el Director\/a.<\/p>\n<p style=\"text-align: center\"><strong><span style=\"text-decoration: underline\">Paso 10<\/span>: \u00abGenerar e imprimir el ANEXO X.\u00bb<\/strong><\/p>\n<p>Al estar ya aprobadas y cerradas las cuentas, imprimimos de nuevo el anexo X y esta vez ya no se generar\u00e1 en modo borrador.<\/td>\n<td style=\"width: 58.6255%;text-align: center\"><strong><span style=\"text-decoration: underline\">Video tutorial<\/span>: \u00abGeneraci\u00f3n del Anexo XI.\u00bb<\/strong><\/p>\n<p><iframe loading=\"lazy\" src=\"https:\/\/www.youtube.com\/embed\/bXOqdh10wLg\" width=\"560\" height=\"315\" frameborder=\"0\"><\/iframe>&nbsp;<\/td>\n<\/tr>\n<\/tbody>\n<\/table>\n<p><a name=\"capitulo-4\"><\/a>&nbsp;<\/p>\n<p><span style=\"color: #008000\"><strong><span style=\"text-decoration: underline\">APARTADO 4<\/span>: \u00abABRIR UN NUEVO EJERCICIO ECON\u00d3MICO.\u00bb<\/strong><\/span><\/p>\n<table style=\"border-collapse: collapse;width: 100%\">\n<tbody>\n<tr>\n<td style=\"width: 41.7536%;text-align: center\"><strong>PASOS<\/strong><\/td>\n<td style=\"width: 58.2464%;text-align: center\"><strong>RECURSOS Y TUTORIALES<\/strong><\/td>\n<\/tr>\n<tr>\n<td style=\"width: 41.7536%\">\n<div class=\"CjVfdc\" style=\"text-align: center\"><strong><span style=\"text-decoration: underline\">Paso 1<\/span>: \u00abCambiar el ejercicio econ\u00f3mico.\u00bb<\/strong><\/div>\n<div>&nbsp;<\/div>\n<div class=\"CjVfdc\" style=\"text-align: justify\">Lo podemos hacer para ver informaci\u00f3n de la gesti\u00f3n econ\u00f3mica de cursos anteriores o para abrir un nuevo ejercicio. En este caso no es necesario cerrar el ejercicio anterior.<\/div>\n<\/td>\n<td style=\"width: 58.2464%;text-align: center\"><strong><span style=\"text-decoration: underline\">Video tutorial<\/span>: \u00abCambiar el ejercicio econ\u00f3mico.\u00bb<\/strong><\/p>\n<p><iframe loading=\"lazy\" src=\"https:\/\/www.youtube.com\/embed\/YqHXFzCzUVg\" width=\"560\" height=\"315\" frameborder=\"0\"><\/iframe>&nbsp;<\/td>\n<\/tr>\n<tr>\n<td style=\"width: 41.7536%\">\n<div class=\"CjVfdc\" style=\"text-align: center\"><strong><span style=\"text-decoration: underline\">Paso 2<\/span>: \u00abRealizar el asiento de apertura.\u00bb<\/strong><\/div>\n<div>&nbsp;<\/div>\n<div class=\"CjVfdc\" style=\"text-align: justify\">Es el primer asiento del ejercicio econ\u00f3mico que se abre. En el se refleja el remanente o dinero que ha sobrado del ejercicio anterior.<\/div>\n<\/td>\n<td style=\"width: 58.2464%;text-align: center\"><strong><span style=\"text-decoration: underline\">Video tutorial<\/span>: \u00abRealizar el asiento de apertura.\u00bb<\/strong><\/p>\n<p><iframe loading=\"lazy\" src=\"https:\/\/www.youtube.com\/embed\/cVcQb4pfo48\" width=\"560\" height=\"315\" frameborder=\"0\"><\/iframe>&nbsp;<\/td>\n<\/tr>\n<tr>\n<td style=\"width: 41.7536%;text-align: center\">\n<div class=\"CjVfdc CJIdie\"><strong><span style=\"text-decoration: underline\">Paso 3<\/span>: \u00abCopiar la informaci\u00f3n del ejercicio anterior.\u00bb<\/strong><\/div>\n<div>&nbsp;<\/div>\n<div style=\"text-align: justify\">A veces resulta \u00fatil copiar informaci\u00f3n del curso pasado: proveedores, asientos predefinidos&#8230; y sobre todo los presupuestos que, aunque luego los retoquemos, nos dar\u00e1n una idea de las cantidades que se gastaron en el curso anterior.<\/div>\n<\/td>\n<td style=\"width: 58.2464%;text-align: center\"><strong><span style=\"text-decoration: underline\">Video tutorial<\/span>: \u00abCopiar la informaci\u00f3n del ejercicio anterior.\u00bb<\/strong><\/p>\n<p><iframe loading=\"lazy\" src=\"https:\/\/www.youtube.com\/embed\/102N8zEHCqI\" width=\"560\" height=\"315\" frameborder=\"0\"><\/iframe>&nbsp;<\/td>\n<\/tr>\n<tr>\n<td style=\"width: 41.7536%;text-align: center\"><strong><span style=\"text-decoration: underline\">Paso 4<\/span>: \u00abConfigurar las subcuentas.\u00bb<\/strong><\/p>\n<p class=\"CDt4Ke zfr3Q\" dir=\"ltr\" style=\"text-align: justify\">Antes de registrar las facturas es conveniente revisar y modificar las subcuentas a las que tendremos que asignarlas para que cada gasto se encuadre en el apartado correcto. Esto es conveniente hacerlo en el curso presente ya que en el curso pasado podr\u00edan haberse cambiado y tenemos que familiarizarnos con la nueva estructura.&nbsp;<\/p>\n<\/td>\n<td style=\"width: 58.2464%;text-align: center\"><strong><span style=\"text-decoration: underline\">Video tutorial<\/span>: \u00abEstructura de las subcuentas.\u00bb<\/strong><\/p>\n<p><iframe loading=\"lazy\" src=\"https:\/\/www.youtube.com\/embed\/kx4GNatrgqM\" width=\"560\" height=\"315\" frameborder=\"0\"><\/iframe>&nbsp;<\/td>\n<\/tr>\n<tr>\n<td style=\"width: 41.7536%;text-align: center\">\n<div class=\"CjVfdc\"><strong><span style=\"text-decoration: underline\">Paso 5<\/span>: \u00abElaborar los presupuestos.\u00bb<\/strong><\/div>\n<div>&nbsp;<\/div>\n<div class=\"CjVfdc\" style=\"text-align: justify\">Tenemos que elaborar el Presupuesto de Ingresos (Anexo I) y el Presupuesto de Gastos (Anexo II), generar los dos documentos y llevarlos a la sesi\u00f3n del Consejo de Centro donde se aprobar\u00e1n.<\/div>\n<\/td>\n<td style=\"width: 58.2464%;text-align: center\"><strong><span style=\"text-decoration: underline\">Video tutorial<\/span>: \u00abElaboraci\u00f3n del presupuesto para el nuevo ejercicio.\u00bb<\/strong><\/p>\n<p><iframe loading=\"lazy\" src=\"https:\/\/www.youtube.com\/embed\/cSkZdxsIK2o\" width=\"560\" height=\"315\" frameborder=\"0\"><\/iframe>&nbsp;<\/td>\n<\/tr>\n<\/tbody>\n<\/table>\n<p><a name=\"capitulo-5\"><\/a>&nbsp;<\/p>\n<p><span style=\"color: #008000\"><strong><span style=\"text-decoration: underline\">APARTADO 5<\/span>: \u00abACTUACIONES DURANTE EL SEGUNDO TRIMESTRE.\u00bb<\/strong><\/span><\/p>\n<table style=\"border-collapse: collapse;width: 100%;height: 202px\">\n<tbody>\n<tr style=\"height: 23px\">\n<td style=\"width: 50%;text-align: center;height: 23px\"><strong>PASOS<\/strong><\/td>\n<td style=\"width: 50%;text-align: center;height: 23px\"><strong>RECURSOS Y TUTORIALES<\/strong><\/td>\n<\/tr>\n<tr style=\"height: 156px\">\n<td style=\"width: 50%;height: 156px\">\n<div class=\"CjVfdc\" style=\"text-align: center\"><strong><span style=\"text-decoration: underline\">Actuaci\u00f3n 1<\/span>: \u00abGeneraci\u00f3n del Anexo 190.\u00bb<\/strong><\/div>\n<p dir=\"ltr\">&nbsp;<\/p>\n<p class=\"CDt4Ke zfr3Q\" dir=\"ltr\" style=\"text-align: justify\">Se debe realizar <strong>antes del 17 de enero<\/strong> de cada a\u00f1o. Aqu\u00ed se facilita un tutorial en v\u00eddeo y otro en texto que ayudar\u00e1 a generarlo en la nueva versi\u00f3n de S\u00e9neca.<\/p>\n<\/td>\n<td style=\"width: 50%;height: 156px;text-align: center\"><strong><span style=\"text-decoration: underline\">Documento<\/span>: \u00abInstrucciones Modelo 190.\u00bb<\/strong><\/p>\n<p><a href=\"https:\/\/drive.google.com\/file\/d\/14R6LT_3bLtRGjTPd2MYL4m3yWrS8hwD5\/view?usp=sharing\"><img loading=\"lazy\" decoding=\"async\" class=\"alignnone wp-image-5471\" src=\"https:\/\/blogsaverroes.juntadeandalucia.es\/ceperalmaden\/files\/2021\/09\/ICONO-DOCUMENTO.jpg\" alt=\"\" width=\"150\" height=\"150\" srcset=\"https:\/\/blogsaverroes.juntadeandalucia.es\/ceperalmaden\/files\/2021\/09\/ICONO-DOCUMENTO.jpg 225w, https:\/\/blogsaverroes.juntadeandalucia.es\/ceperalmaden\/files\/2021\/09\/ICONO-DOCUMENTO-150x150.jpg 150w, https:\/\/blogsaverroes.juntadeandalucia.es\/ceperalmaden\/files\/2021\/09\/ICONO-DOCUMENTO-80x80.jpg 80w\" sizes=\"(max-width: 150px) 100vw, 150px\" \/><\/a>&nbsp;<\/td>\n<\/tr>\n<tr style=\"height: 23px\">\n<td style=\"width: 50%;height: 23px;text-align: center\">&nbsp;<\/p>\n<div class=\"CjVfdc\"><strong><span style=\"text-decoration: underline\">Actuaci\u00f3n 2<\/span>: \u00abGeneraci\u00f3n del Anexo 347.\u00bb<\/strong><\/div>\n<p dir=\"ltr\">&nbsp;<\/p>\n<p class=\"CDt4Ke zfr3Q\" dir=\"ltr\" style=\"text-align: justify\">Deben generarlo todos los Centros que tengan gesti\u00f3n econ\u00f3mica ya que es la comunicaci\u00f3n de las operaciones con terceros realizadas por los centros docentes. Se debe realizar <strong>antes del 31 de enero<\/strong> de cada a\u00f1o. Aqu\u00ed se facilita un tutorial en v\u00eddeo y otro en texto que ayudar\u00e1 a generarlo en la nueva versi\u00f3n de S\u00e9neca.<\/p>\n<p>&nbsp;<\/td>\n<td style=\"width: 50%;height: 23px;text-align: center\">&nbsp;<\/p>\n<p><strong><span style=\"text-decoration: underline\">Documento<\/span>: \u00abInstrucciones Modelo 347.\u00bb<\/strong><\/p>\n<p><a href=\"https:\/\/drive.google.com\/file\/d\/1xFnj2-dlkS2xOABa9FMpeMWfXOwgvYxW\/view?usp=sharing\"><img loading=\"lazy\" decoding=\"async\" class=\"alignnone wp-image-5471\" src=\"https:\/\/blogsaverroes.juntadeandalucia.es\/ceperalmaden\/files\/2021\/09\/ICONO-DOCUMENTO.jpg\" alt=\"\" width=\"150\" height=\"150\" srcset=\"https:\/\/blogsaverroes.juntadeandalucia.es\/ceperalmaden\/files\/2021\/09\/ICONO-DOCUMENTO.jpg 225w, https:\/\/blogsaverroes.juntadeandalucia.es\/ceperalmaden\/files\/2021\/09\/ICONO-DOCUMENTO-150x150.jpg 150w, https:\/\/blogsaverroes.juntadeandalucia.es\/ceperalmaden\/files\/2021\/09\/ICONO-DOCUMENTO-80x80.jpg 80w\" sizes=\"(max-width: 150px) 100vw, 150px\" \/><\/a><\/p>\n<p><strong><span style=\"text-decoration: underline\">Video tutorial<\/span>: \u00abModelo 347.\u00bb<\/strong><\/p>\n<p><iframe loading=\"lazy\" src=\"https:\/\/www.youtube.com\/embed\/xGE-Bq7-jXU\" width=\"560\" height=\"315\" frameborder=\"0\"><\/iframe>&nbsp;<\/td>\n<\/tr>\n<\/tbody>\n<\/table>\n<p><a name=\"capitulo-6\"><\/a>&nbsp;<\/p>\n<p><span style=\"color: #008000\"><strong><span style=\"text-decoration: underline\">APARTADO 6<\/span>: \u00abTAREAS HABITUALES A LO LARGO DEL CURSO.\u00bb<\/strong><\/span><\/p>\n<table style=\"border-collapse: collapse;width: 100%\">\n<tbody>\n<tr>\n<td style=\"width: 50%;text-align: center\"><strong>TAREA<\/strong><\/td>\n<td style=\"width: 50%;text-align: center\"><strong>RECURSOS Y TUTORIALES<\/strong><\/td>\n<\/tr>\n<tr>\n<td style=\"width: 50%\">\n<div class=\"CjVfdc CJIdie\" style=\"text-align: center\"><strong><span style=\"text-decoration: underline\">Tarea<\/span>: \u00abRegistro de una factura de un proveedor extranjero no residente.\u00bb<\/strong><\/div>\n<div>&nbsp;<\/div>\n<div style=\"text-align: justify\">C\u00f3mo registrar una factura de un proveedor que no tributa en Espa\u00f1a y como registrar al proveedor en caso de no estar registrado en S\u00e9neca.<\/div>\n<\/td>\n<td style=\"width: 50%;text-align: center\"><strong><span style=\"text-decoration: underline\">Video tutorial<\/span>: \u00abRegistro de una factura de un proveedor extranjero.\u00bb<\/strong><\/p>\n<p><iframe loading=\"lazy\" src=\"https:\/\/www.youtube.com\/embed\/Q6DzbKF5Gnk\" width=\"560\" height=\"315\" frameborder=\"0\"><\/iframe>&nbsp;<\/td>\n<\/tr>\n<tr>\n<td style=\"width: 50%;text-align: center\"><strong><span style=\"text-decoration: underline\">Tarea<\/span>: \u00abTransferencias electr\u00f3nicas 1: Configuraci\u00f3n de S\u00e9neca.\u00bb<\/strong><\/p>\n<p style=\"text-align: justify\">Pasos a seguir para configurar S\u00e9neca de manera que nos permita realizar transferencias electr\u00f3nicas.<\/p>\n<\/td>\n<td style=\"width: 50%;text-align: center\"><strong><span style=\"text-decoration: underline\">Video tutorial<\/span>: \u00abConfiguraci\u00f3n de S\u00e9neca para realizar transferencias electr\u00f3nicas.\u00bb<\/strong><\/p>\n<p><iframe loading=\"lazy\" src=\"https:\/\/www.youtube.com\/embed\/4FIw78gTGjA\" width=\"560\" height=\"315\" frameborder=\"0\"><\/iframe>&nbsp;<\/td>\n<\/tr>\n<tr>\n<td style=\"width: 50%;text-align: center\"><strong><span style=\"text-decoration: underline\">Tarea<\/span>: \u00abTransferencias electr\u00f3nicas 2: <span style=\"font-family: inherit;font-size: inherit\">Registro de la transferencia electr\u00f3nica.\u00bb<\/span><\/strong><\/p>\n<p style=\"text-align: justify\">C\u00f3mo realizar una transferencia electr\u00f3nica en el portal S\u00e9neca paso a paso.<\/p>\n<\/td>\n<td style=\"width: 50%;text-align: center\"><strong><span style=\"text-decoration: underline\">Video tutorial<\/span>: \u00abRealizaci\u00f3n de transferencias electr\u00f3nicas a trav\u00e9s de S\u00e9neca.\u00bb<\/strong><\/p>\n<p><iframe loading=\"lazy\" src=\"https:\/\/www.youtube.com\/embed\/Ub8CkuU3NCI\" width=\"560\" height=\"315\" frameborder=\"0\"><\/iframe>&nbsp;<\/td>\n<\/tr>\n<\/tbody>\n<\/table>\n","protected":false},"excerpt":{"rendered":"<p>&nbsp; \u00cdNDICE ACTIVO: NORMATIVA. CALENDARIO DE ACTUACIONES. CIERRE DE LA GESTI\u00d3N ECON\u00d3MICA DE UN CURSO. ABRIR UN NUEVO EJERCICIO ECON\u00d3MICO. ACTUACIONES DURANTE EL SEGUNDO TRIMESTRE. TAREAS HABITUALES A LO LARGO DEL CURSO. &nbsp; APARTADO 1:&#46;&#46;&#46;<\/p>\n","protected":false},"author":6371,"featured_media":0,"parent":0,"menu_order":0,"comment_status":"closed","ping_status":"closed","template":"","meta":{"ngg_post_thumbnail":0,"footnotes":"","_mc_calendar":[]},"aioseo_notices":[],"_links":{"self":[{"href":"https:\/\/blogsaverroes.juntadeandalucia.es\/ceperalmaden\/wp-json\/wp\/v2\/pages\/6685"}],"collection":[{"href":"https:\/\/blogsaverroes.juntadeandalucia.es\/ceperalmaden\/wp-json\/wp\/v2\/pages"}],"about":[{"href":"https:\/\/blogsaverroes.juntadeandalucia.es\/ceperalmaden\/wp-json\/wp\/v2\/types\/page"}],"author":[{"embeddable":true,"href":"https:\/\/blogsaverroes.juntadeandalucia.es\/ceperalmaden\/wp-json\/wp\/v2\/users\/6371"}],"replies":[{"embeddable":true,"href":"https:\/\/blogsaverroes.juntadeandalucia.es\/ceperalmaden\/wp-json\/wp\/v2\/comments?post=6685"}],"version-history":[{"count":69,"href":"https:\/\/blogsaverroes.juntadeandalucia.es\/ceperalmaden\/wp-json\/wp\/v2\/pages\/6685\/revisions"}],"predecessor-version":[{"id":7942,"href":"https:\/\/blogsaverroes.juntadeandalucia.es\/ceperalmaden\/wp-json\/wp\/v2\/pages\/6685\/revisions\/7942"}],"wp:attachment":[{"href":"https:\/\/blogsaverroes.juntadeandalucia.es\/ceperalmaden\/wp-json\/wp\/v2\/media?parent=6685"}],"curies":[{"name":"wp","href":"https:\/\/api.w.org\/{rel}","templated":true}]}}