{"id":7035,"date":"2022-04-15T17:27:38","date_gmt":"2022-04-15T17:27:38","guid":{"rendered":"https:\/\/blogsaverroes.juntadeandalucia.es\/ceperalmaden\/?page_id=7035"},"modified":"2022-04-15T17:53:12","modified_gmt":"2022-04-15T17:53:12","slug":"modalidades-de-la-formacion-profesional","status":"publish","type":"page","link":"https:\/\/blogsaverroes.juntadeandalucia.es\/ceperalmaden\/modalidades-de-la-formacion-profesional\/","title":{"rendered":"MODALIDADES DE LA FORMACI\u00d3N PROFESIONAL."},"content":{"rendered":"<h1 style=\"text-align: center\"><span style=\"color: #ff0000\"><strong>MODALIDADES DE LA FORMACI\u00d3N PROFESIONAL<\/strong><\/span><\/h1>\n<h3 style=\"text-align: center\"><span style=\"color: #0000ff\"><strong>ORIENTACI\u00d3N ACAD\u00c9MICA<\/strong><\/span><\/h3>\n<p style=\"text-align: center\"><img loading=\"lazy\" decoding=\"async\" class=\"alignnone size-full wp-image-7045\" src=\"https:\/\/blogsaverroes.juntadeandalucia.es\/ceperalmaden\/files\/2022\/04\/modalidades.jpeg\" alt=\"\" width=\"650\" height=\"518\" srcset=\"https:\/\/blogsaverroes.juntadeandalucia.es\/ceperalmaden\/files\/2022\/04\/modalidades.jpeg 650w, https:\/\/blogsaverroes.juntadeandalucia.es\/ceperalmaden\/files\/2022\/04\/modalidades-300x239.jpeg 300w\" sizes=\"(max-width: 650px) 100vw, 650px\" \/><\/p>\n<h3><a name=\"capitulo-5\"><\/a>&nbsp;<\/h3>\n<h3 style=\"text-align: center\"><span style=\"color: #0000ff\"><strong>\u00cdNDICE<\/strong><\/span><\/h3>\n<p><img loading=\"lazy\" decoding=\"async\" class=\"alignnone wp-image-5456\" src=\"https:\/\/blogsaverroes.juntadeandalucia.es\/ceperalmaden\/files\/2021\/09\/CLic-rat\u00f3n.png\" alt=\"\" width=\"26\" height=\"26\" srcset=\"https:\/\/blogsaverroes.juntadeandalucia.es\/ceperalmaden\/files\/2021\/09\/CLic-rat\u00f3n.png 512w, https:\/\/blogsaverroes.juntadeandalucia.es\/ceperalmaden\/files\/2021\/09\/CLic-rat\u00f3n-300x300.png 300w, https:\/\/blogsaverroes.juntadeandalucia.es\/ceperalmaden\/files\/2021\/09\/CLic-rat\u00f3n-150x150.png 150w, https:\/\/blogsaverroes.juntadeandalucia.es\/ceperalmaden\/files\/2021\/09\/CLic-rat\u00f3n-80x80.png 80w, https:\/\/blogsaverroes.juntadeandalucia.es\/ceperalmaden\/files\/2021\/09\/CLic-rat\u00f3n-320x320.png 320w\" sizes=\"(max-width: 26px) 100vw, 26px\" \/>Cliquee en el tema del \u00edndice en el que tenga inter\u00e9s consultar. Una vez que acceda y consulte el tema puede clicar en \u00abVolver al \u00edndice.\u00bb al final del mismo.<\/p>\n<ol>\n<li><strong><a href=\"#capitulo-1\">MODALIDADES.<\/a><\/strong><\/li>\n<li><strong><a href=\"#capitulo-2\">MODALIDAD PRESENCIAL.<\/a><\/strong><\/li>\n<li><strong><a href=\"#capitulo-3\">MODALIDAD SEMIPRESENCIAL.<\/a><\/strong><\/li>\n<li><strong><a href=\"#capitulo-4\">MODALIDAD A DISTANCIA.<\/a><\/strong><\/li>\n<\/ol>\n<p><a name=\"capitulo-1\"><\/a>&nbsp;<\/p>\n<p><span style=\"color: #008000\"><strong><span style=\"text-decoration: underline\">CUESTI\u00d3N 1<\/span>: \u00abMODALIDADES.\u00bb<\/strong><\/span><\/p>\n<p style=\"text-align: justify\">Se llaman&nbsp;<strong>modalidades<\/strong>&nbsp;a las distintas formas en las que se pueden cursar los estudios y realizar la formaci\u00f3n para la obtenci\u00f3n de una titulaci\u00f3n de Formaci\u00f3n Profesional Inicial.<\/p>\n<ul>\n<li style=\"text-align: justify\">Puedo realizar la formaci\u00f3n en&nbsp;<strong>modalidad presencial<\/strong>. En este caso tendr\u00e9 que acudir regularmente a clases en un centro ordinario (un Instituto de Educaci\u00f3n Secundaria), un centro integrado o un centro de referencia nacional.<\/li>\n<li style=\"text-align: justify\">O bien puedo realizar la formaci\u00f3n en&nbsp;<strong>modalidad semipresencial<\/strong>. En este caso alternar\u00e9 las clases presenciales (en un centro educativo) con las clases online, es decir, a trav\u00e9s de una plataforma en Internet. En las sesiones presenciales en el centro educativo me orientar\u00e1n y dar\u00e1n las instrucciones acerca de c\u00f3mo debo realizar el estudio.<\/li>\n<li style=\"text-align: justify\">Puedo realizar la formaci\u00f3n en&nbsp;<strong>modalidad a distancia<\/strong>. En este caso la formaci\u00f3n no es presencial (no tengo que acudir a clase), ya que el seguimiento se realiza online, a trav\u00e9s de una plataforma en Internet. Esta modalidad es muy recomendable si tengo un conocimiento b\u00e1sico del uso de un ordenador personal y de Internet y no puedo acudir a clases presenciales regularmente.<\/li>\n<li style=\"text-align: justify\">Puedo realizar la formaci\u00f3n profesional&nbsp;<a href=\"https:\/\/www.juntadeandalucia.es\/educacion\/portals\/web\/formacion-profesional-andaluza\/quiero-formarme\/modalidades\/fp-dual\"><strong>Dual<\/strong><\/a>. En este caso la formaci\u00f3n se realizar\u00e1 en el centro educativo y en una empresa, es decir, ir\u00e9 a clase en el centro educativo y tambi\u00e9n recibir\u00e9 formaci\u00f3n en la empresa que se me asigne. Es una forma muy motivante de aprender ya que aprender\u00e9 en contacto con todo aquello que las empresas demandan en la actualidad y, adem\u00e1s, en situaciones reales de trabajo.<\/li>\n<\/ul>\n<p><a href=\"#capitulo-5\">Volver al \u00edndice.<\/a>&nbsp;<\/p>\n<p><a name=\"capitulo-2\"><\/a>&nbsp;<\/p>\n<p><span style=\"color: #008000\"><strong><span style=\"text-decoration: underline\">CUESTI\u00d3N 2<\/span>: \u00abMODALIDAD PRESENCIAL.\u00bb<\/strong><\/span><\/p>\n<p style=\"text-align: justify\">La&nbsp;<strong>Formaci\u00f3n Profesional presencial<\/strong>&nbsp;es una modalidad de ense\u00f1anza en la que hay que acudir regularmente a un centro educativo para poder recibirla.<\/p>\n<p style=\"text-align: justify\">En esta modalidad los ciclos formativos de FP se ofertan:<\/p>\n<ul>\n<li style=\"text-align: justify\"><strong>En oferta completa<\/strong>: los ciclos formativos ofertados de esta forma est\u00e1n dirigidos a alumnado en edad de escolarizaci\u00f3n. En este caso el alumno o alumna se matricula del curso completo.<\/li>\n<li style=\"text-align: justify\"><strong>En oferta parcial complementaria<\/strong>: los ciclos formativos se ofertan al alumnado en edad de escolarizaci\u00f3n que no consigue plaza en la admisi\u00f3n en oferta completa o bien repite primer curso. En el primer caso el alumno o alumna se matricula de m\u00f3dulos profesionales de primer curso que hayan sobrado de la oferta completa. En el segundo caso, se matricula de los que tenga sin superar.&nbsp;<\/li>\n<\/ul>\n<p style=\"text-align: justify\">Existe la <strong>modalidad presencial en oferta parcial diferencia<\/strong>. Si tienes m\u00e1s de 18 a\u00f1os y obligaciones laborales o familiares, puedes matricularte por m\u00f3dulos profesionales de forma presencial en Formaci\u00f3n Profesional y as\u00ed, seguir aprendiendo sin necesidad de cursar el Ciclo Formativo completo, elaborando el itinerario formativo seg\u00fan tus necesidades.<\/p>\n<p><a href=\"#capitulo-5\">Volver al \u00edndice.<\/a>&nbsp;<\/p>\n<p><a name=\"capitulo-3\"><\/a>&nbsp;<\/p>\n<p><span style=\"color: #008000\"><strong><span style=\"text-decoration: underline\">CUESTI\u00d3N 3<\/span>: \u00abMODALIDAD SEMIPRESENCIAL.\u00bb<\/strong><\/span><\/p>\n<p style=\"text-align: justify\">La Formaci\u00f3n Profesional semipresencial forma parte de la&nbsp;<strong>oferta<\/strong>&nbsp;llamada&nbsp;<strong>modular<\/strong>. Esto significa que se ofertan m\u00f3dulos profesionales de ciclos formativos a personas adultas que tienen posibilidad de asistir a sesiones presenciales en el centro educativo pero que, debido a circunstancias personales o laborales, no pueden hacerlo en un horario de presencialidad, como el empleado en la oferta presencial en la que hay que acudir a clase a diario. Requieren, por tanto, un horario preferiblemente de tarde-noche con asistencia al centro educativo<strong>&nbsp;no m\u00e1s de dos d\u00edas a la semana<\/strong>.<\/p>\n<div class=\"tituloCajaColor\" style=\"text-align: justify\"><strong><span style=\"color: #007a3d\">\u00bfA qui\u00e9n va dirigida?<\/span><\/strong><\/div>\n<div>&nbsp;<\/div>\n<p style=\"text-align: justify\">Para acceder a esta modalidad de ense\u00f1anzas es necesario&nbsp;<strong>tener cumplidos los 18 a\u00f1os<\/strong>&nbsp;a 31 de diciembre del a\u00f1o natural en que se formaliza la matr\u00edcula. Excepcionalmente,&nbsp;<strong>podr\u00e1s acceder si tienes m\u00e1s de 16 a\u00f1os<\/strong>&nbsp;(o los cumples dentro del a\u00f1o natural en que comienza el curso escolar) siempre que acredites&nbsp;<strong>alguna de estas situaciones excepcionales<\/strong>:<\/p>\n<div class=\"listaPlegable\" style=\"text-align: justify\">\n<ul>\n<li>Ser trabajador\/a por cuenta propia o ajena que no te permita acudir al centro educativo en r\u00e9gimen ordinario.<\/li>\n<li>Ser deportista de rendimiento de Andaluc\u00eda o de alto rendimiento o de alto nivel.<\/li>\n<li>Encontrarte en situaci\u00f3n personal extraordinaria de enfermedad, discapacidad o cualquier otra situaci\u00f3n que te impida cursar las ense\u00f1anzas en r\u00e9gimen ordinario.<\/li>\n<\/ul>\n<\/div>\n<p style=\"text-align: justify\">Esta oferta est\u00e1 destinada a personas solicitantes que pertenezcan al \u00e1mbito geogr\u00e1fico de influencia del centro educativo en el que se imparte el ciclo formativo debido a la obligaci\u00f3n de asistir a clases presenciales con regularidad.<\/p>\n<p style=\"text-align: justify\">En estas ense\u00f1anzas se incluyen actividades de autoaprendizaje telem\u00e1tico y actividades presenciales semanales de formaci\u00f3n en el centro docente.<\/p>\n<div class=\"tituloCajaColor\"><strong><span style=\"color: #007a3d\">Desarrollo de las sesiones:<\/span><\/strong><\/div>\n<div>&nbsp;<\/div>\n<p>Con car\u00e1cter general las sesiones presenciales se desarrollan:<\/p>\n<ul>\n<li style=\"text-align: justify\">Los minutos iniciales se dedican a resolver posibles dudas que no hayan quedado aclaradas a trav\u00e9s de la&nbsp;<a href=\"http:\/\/educacionadistancia.juntadeandalucia.es\/cursos\/login\/index.php\" target=\"_blank\" rel=\"noopener noreferrer\">plataforma<\/a>.<\/li>\n<li style=\"text-align: justify\">An\u00e1lisis de aquellas tareas elaboradas online y que a juicio del profesor o profesora deban de quedar claras en su correcta elaboraci\u00f3n.<\/li>\n<li style=\"text-align: justify\">Presentaci\u00f3n de las pr\u00f3ximas tareas online a realizar por los alumnos y alumnas, as\u00ed como de los materiales de apoyo que las sustentan (archivos, enlaces, videos,\u2026); realiz\u00e1ndose la exposici\u00f3n de los contenidos m\u00e1s importantes o que presenten un mayor nivel de dificultad.<\/li>\n<li style=\"text-align: justify\">Las sesiones presenciales finalizar\u00e1n con tareas presenciales grupales o individuales.<\/li>\n<\/ul>\n<p style=\"text-align: justify\">Con car\u00e1cter general las sesiones no presenciales se desarrollan:<\/p>\n<ul>\n<li style=\"text-align: justify\">Las sesiones online se hacen desde casa, y desde el centro docente se proporcionar\u00e1 todo el <a href=\"http:\/\/educacionadistancia.juntadeandalucia.es\/cursos\/login\/index.php\" target=\"_blank\" rel=\"noopener noreferrer\">apoyo telem\u00e1tico<\/a>&nbsp;necesario para resolver cualquier duda que pueda presentar. Adem\u00e1s se me indicar\u00e1n los tiempos recomendados para realizar las tareas y finalizar los temas.<\/li>\n<\/ul>\n<p><strong><span style=\"color: #007a3d\">Para saber m\u00e1s o con m\u00e1s detalle accede a los siguientes temas de enlace:<\/span><\/strong><\/p>\n<ul>\n<li><strong><span style=\"color: #ff0000\"><a style=\"color: #ff0000\" href=\"https:\/\/www.juntadeandalucia.es\/educacion\/portals\/web\/formacion-profesional-andaluza\/quiero-formarme\/modalidades\/semipresencial\/requisitos-de-acceso\">Requisitos de acceso.<\/a><\/span><\/strong><\/li>\n<li><strong><span style=\"color: #ff0000\"><a style=\"color: #ff0000\" href=\"https:\/\/www.juntadeandalucia.es\/educacion\/portals\/web\/formacion-profesional-andaluza\/quiero-formarme\/modalidades\/semipresencial\/itinerarios\">Itinerarios formativos.<\/a><\/span><\/strong><\/li>\n<li><strong><span style=\"color: #ff0000\"><a style=\"color: #ff0000\" href=\"https:\/\/www.juntadeandalucia.es\/educacion\/portals\/web\/formacion-profesional-andaluza\/quiero-formarme\/modalidades\/semipresencial\/faq\">Preguntas frecuentes.<\/a><\/span><\/strong><\/li>\n<\/ul>\n<p><a href=\"#capitulo-5\">Volver al \u00edndice.<\/a>&nbsp;<\/p>\n<p><a name=\"capitulo-4\"><\/a>&nbsp;<\/p>\n<p><span style=\"color: #008000\"><strong><span style=\"text-decoration: underline\">CUESTI\u00d3N 4<\/span>: \u00abMODALIDAD A DISTANCIA.\u00bb<\/strong><\/span><\/p>\n<p style=\"text-align: justify\">La formaci\u00f3n profesional a distancia tiene un car\u00e1cter de&nbsp;<strong>oferta modular<\/strong>, es decir, la solicitud para cursar esta modalidad de ense\u00f1anza se realiza por m\u00f3dulos profesionales que pertenecen a los distintos ciclos formativos. Una vez superados todos los m\u00f3dulos profesionales de un ciclo formativo podr\u00e1s obtener el t\u00edtulo correspondiente. A todos los efectos la validez de los estudios es la misma, es el mismo t\u00edtulo pero impartido con una modalidad diferente.<\/p>\n<div class=\"tituloCajaColor\"><strong><span style=\"color: #007a3d\">\u00bfA qui\u00e9n va dirigida?<\/span><\/strong><\/div>\n<div>&nbsp;<\/div>\n<p>Para acceder a esta modalidad de ense\u00f1anzas es necesario&nbsp;<strong>tener cumplidos los 18 a\u00f1os<\/strong>&nbsp;a 31 de diciembre del a\u00f1o natural en que se formaliza la matr\u00edcula. Excepcionalmente,&nbsp;<strong>podr\u00e1s acceder si tienes m\u00e1s de 16 a\u00f1os<\/strong>&nbsp;(o los cumples dentro del a\u00f1o natural en que comienza el curso escolar) siempre que acredites&nbsp;<strong>alguna de estas<\/strong>:<\/p>\n<ul>\n<li style=\"text-align: justify\">Ser trabajador\/a por cuenta propia o ajena que no te permita acudir al centro educativo en r\u00e9gimen ordinario.<\/li>\n<li style=\"text-align: justify\">Ser deportista de rendimiento de Andaluc\u00eda o de alto rendimiento o de alto nivel.<\/li>\n<li style=\"text-align: justify\">Encontrarte en situaci\u00f3n personal extraordinaria de enfermedad, discapacidad o cualquier otra situaci\u00f3n que te impida cursar las ense\u00f1anzas en r\u00e9gimen ordinario.<\/li>\n<\/ul>\n<p style=\"text-align: justify\">Adem\u00e1s de estos requisitos, deber\u00e1s tener adquirida la&nbsp;<strong>condici\u00f3n de&nbsp;<em>andaluz o andaluza<\/em><\/strong>&nbsp;o tener reconocida la&nbsp;<em>identidad andaluza<\/em>&nbsp;u ostentar la&nbsp;<strong>condici\u00f3n de&nbsp;<em>andaluz o andaluza en el exterior<\/em><\/strong>.<\/p>\n<div class=\"tituloCajaColor\"><strong><span style=\"color: #007a3d\">Ventajas:<\/span><\/strong><\/div>\n<div>&nbsp;<\/div>\n<ul>\n<li style=\"text-align: justify\"><strong>Se superan las barreras de movilidad geogr\u00e1fica<\/strong>.&nbsp;No tienes que disponer de un horario determinado o fijo y, adem\u00e1s, puedes hacer uso de materiales de formaci\u00f3n multimedia efectivos y con un grado de calidad did\u00e1ctica importante.<\/li>\n<li style=\"text-align: justify\">El desarrollo de los contenidos y las actividades de evaluaci\u00f3n se realizan en una&nbsp;<strong>plataforma virtual<\/strong>&nbsp;a trav\u00e9s de Internet, por lo que para poder cursar estas ense\u00f1anzas, debes disponer de ordenador y de conexi\u00f3n a Internet (preferiblemente en banda ancha).<\/li>\n<li style=\"text-align: justify\">Con car\u00e1cter general,&nbsp;<strong>solo deber\u00e1s asistir<\/strong>&nbsp;a los Institutos de Educaci\u00f3n Secundaria para&nbsp;<strong>realizar la prueba final de cada m\u00f3dulo profesional<\/strong>&nbsp;en el mes de junio, esta prueba se podr\u00e1 realizar en varios centros educativos distribuidos en diferentes provincias.<\/li>\n<li style=\"text-align: justify\">Algunos m\u00f3dulos profesionales podr\u00edan requerir puntualmente la realizaci\u00f3n de alguna actividades de car\u00e1cter presencial, por lo que en ese caso, deber\u00e1s acudir&nbsp; a un centro colaborador para realizar dichas actividades.<\/li>\n<\/ul>\n<div class=\"tituloCajaColor\"><strong><span style=\"color: #007a3d\">Recomendaciones generales:<\/span><\/strong><\/div>\n<div>&nbsp;<\/div>\n<p style=\"text-align: justify\">Esta modalidad de formaci\u00f3n est\u00e1 recomendada para alumnado que posea unos&nbsp;<strong>conocimientos b\u00e1sicos del uso de un ordenador personal y de Internet<\/strong>&nbsp;(navegaci\u00f3n en p\u00e1ginas web, correo electr\u00f3nico, &#8230;). Asimismo, aunque podr\u00e1s acceder desde cualquier equipo con acceso a Internet, es muy recomendable disponer de un ordenador y conexi\u00f3n a Internet propios durante todo el curso para garantizar el seguimiento durante el mismo.<\/p>\n<p style=\"text-align: justify\">Los ciclos formativos que se ofertan a distancia se desarrollan en el caso de la modalidad presencial con una carga horaria lectiva de unas 1000 horas por curso escolar, aproximadamente. Aunque la modalidad a distancia se realiza con una total flexibilidad de horario, la&nbsp;<strong>superaci\u00f3n de estos m\u00f3dulos requiere un esfuerzo similar<\/strong>, por lo que al matricularte debes considerar el n\u00famero de m\u00f3dulos en los que lo har\u00edas as\u00ed como su carga horaria equivalente en la modalidad presencial y su posible grado de dificultad, para poder as\u00ed compatibilizar estos estudios con tu propia disponibilidad horaria.<\/p>\n<p style=\"text-align: justify\">Si accedes a&nbsp;la oferta formativa&nbsp;podr\u00e1s consultar las horas lectivas asociadas a cada m\u00f3dulo profesional antes de realizar la matriculaci\u00f3n. No es aconsejable matricularse de un conjunto de m\u00f3dulos profesionales asociados a una carga lectiva superior a la disponibilidad horaria de la persona interesada. Te recomendamos no cursar en cualquier caso&nbsp; m\u00e1s de 4 \u00f3 5 m\u00f3dulos profesionales por curso escolar. En todo caso,&nbsp;<strong>la carga horaria total de los m\u00f3dulos profesionales que se cursen en esta modalidad no ser\u00e1 superior a las 1000 horas lectivas anuales<\/strong>.<\/p>\n<p style=\"text-align: justify\">Tambi\u00e9n puedes consultar los&nbsp;<strong>itinerarios formativos recomendados<\/strong>&nbsp;confeccionados por el equipo docente para el alumnado que se matricula por primera vez.<\/p>\n<p style=\"text-align: justify\">Es importante recordar tambi\u00e9n que para que puedas realizar los m\u00f3dulos de&nbsp;<em><strong>Proyecto<\/strong><\/em>&nbsp;y&nbsp;<em><strong>Formaci\u00f3n en Centros de Trabajo (FCT)<\/strong><\/em>, es indispensable que hayas superado todos los m\u00f3dulos profesionales del ciclo formativo. El m\u00f3dulo de&nbsp;<em>Formaci\u00f3n en Centros de Trabajo<\/em>&nbsp;lo realizar\u00e1s siempre en un entorno real con pr\u00e1cticas presenciales en empresas.<\/p>\n<p style=\"text-align: justify\"><strong><span style=\"color: #007a3d\">Para saber m\u00e1s o con m\u00e1s detalle accede a los siguientes temas de enlace:<\/span><\/strong><\/p>\n<ul>\n<li><a href=\"https:\/\/www.juntadeandalucia.es\/educacion\/portals\/web\/formacion-profesional-andaluza\/quiero-formarme\/modalidades\/a-distancia\/requisitos\"><span style=\"color: #ff0000\"><strong>Requisitos de acceso.<\/strong><\/span><\/a><\/li>\n<li><a href=\"https:\/\/www.juntadeandalucia.es\/educacion\/portals\/web\/formacion-profesional-andaluza\/quiero-formarme\/modalidades\/a-distancia\/itinerarios\"><span style=\"color: #ff0000\"><strong>Itinerarios formativos.<\/strong><\/span><\/a><\/li>\n<li><a href=\"https:\/\/www.juntadeandalucia.es\/educacion\/portals\/web\/formacion-profesional-andaluza\/quiero-formarme\/modalidades\/a-distancia\/faq\"><span style=\"color: #ff0000\"><strong>Preguntas m\u00e1s frecuentes.<\/strong><\/span><\/a><\/li>\n<\/ul>\n<p><a href=\"#capitulo-5\">Volver al \u00edndice.<\/a>&nbsp;<\/p>\n","protected":false},"excerpt":{"rendered":"<p>MODALIDADES DE LA FORMACI\u00d3N PROFESIONAL ORIENTACI\u00d3N ACAD\u00c9MICA &nbsp; \u00cdNDICE Cliquee en el tema del \u00edndice en el que tenga inter\u00e9s consultar. Una vez que acceda y consulte el tema puede clicar en \u00abVolver al \u00edndice.\u00bb&#46;&#46;&#46;<\/p>\n","protected":false},"author":6371,"featured_media":0,"parent":0,"menu_order":0,"comment_status":"closed","ping_status":"closed","template":"","meta":{"ngg_post_thumbnail":0,"footnotes":"","_mc_calendar":[]},"aioseo_notices":[],"_links":{"self":[{"href":"https:\/\/blogsaverroes.juntadeandalucia.es\/ceperalmaden\/wp-json\/wp\/v2\/pages\/7035"}],"collection":[{"href":"https:\/\/blogsaverroes.juntadeandalucia.es\/ceperalmaden\/wp-json\/wp\/v2\/pages"}],"about":[{"href":"https:\/\/blogsaverroes.juntadeandalucia.es\/ceperalmaden\/wp-json\/wp\/v2\/types\/page"}],"author":[{"embeddable":true,"href":"https:\/\/blogsaverroes.juntadeandalucia.es\/ceperalmaden\/wp-json\/wp\/v2\/users\/6371"}],"replies":[{"embeddable":true,"href":"https:\/\/blogsaverroes.juntadeandalucia.es\/ceperalmaden\/wp-json\/wp\/v2\/comments?post=7035"}],"version-history":[{"count":10,"href":"https:\/\/blogsaverroes.juntadeandalucia.es\/ceperalmaden\/wp-json\/wp\/v2\/pages\/7035\/revisions"}],"predecessor-version":[{"id":7047,"href":"https:\/\/blogsaverroes.juntadeandalucia.es\/ceperalmaden\/wp-json\/wp\/v2\/pages\/7035\/revisions\/7047"}],"wp:attachment":[{"href":"https:\/\/blogsaverroes.juntadeandalucia.es\/ceperalmaden\/wp-json\/wp\/v2\/media?parent=7035"}],"curies":[{"name":"wp","href":"https:\/\/api.w.org\/{rel}","templated":true}]}}