{"id":80,"date":"2015-03-16T06:57:36","date_gmt":"2015-03-16T06:57:36","guid":{"rendered":"http:\/\/blogsaverroes.juntadeandalucia.es\/pre\/ceip\/?page_id=80"},"modified":"2019-11-08T12:08:54","modified_gmt":"2019-11-08T12:08:54","slug":"curso-escolar","status":"publish","type":"page","link":"https:\/\/blogsaverroes.juntadeandalucia.es\/ceperaltoguadalquivir\/curso-escolar\/","title":{"rendered":"Curso escolar"},"content":{"rendered":"<p><strong>CURSO ESCOLAR 2019 \/ 2020<\/strong><\/p>\n<p>La matricula y asistencia a todos nuestros planes educativos es&nbsp;<strong>totalmente gratuita<\/strong>.<\/p>\n<p>Los plazos para la matriculaci\u00f3n comienzan <strong>desde el d\u00eda 1 de junio de cada curso escolar en horario de centro.<\/strong><\/p>\n<p>Los impresos de matr\u00edcula para el pr\u00f3ximo curso escolar son autorellenables (los puedes rellenar en tu ordenador e imprimir despu\u00e9s) aunque no olvides firmarlos y acompa\u00f1ar la solicitud de matr\u00edcula con tu fotocopia del DNI.<\/p>\n<ul>\n<li>Pinchando&nbsp;<a href=\"https:\/\/blogsaverroes.juntadeandalucia.es\/torremingo\/files\/2015\/03\/anexo_V_matric_Planes.pdf\">aqu\u00ed<\/a> pod\u00e9is obtener los<strong> impresos de matr\u00edcula<\/strong>&nbsp;para los planes de fomento de la ciudadan\u00eda activa.<\/li>\n<li>Pinchando AQU\u00cdIIIIIII pod\u00e9is obtener los <strong>impresos de matr\u00edcula<\/strong>&nbsp;para la modalidad semipresencial de la Secundaria para personas adultas.<\/li>\n<li>Pinchando AQU\u00cdIIIIIII pod\u00e9is obtener el&nbsp;<strong>impreso de matr\u00edcula <\/strong>y pinchando AQUIIIIIIIIIII la carta de pago (Modelo 046)&nbsp;para la modalidad semipresencial de la Escuela Oficial de Idiomas.<\/li>\n<\/ul>\n<p>En el siguiente enlace se puede acceder a <strong>toda la informaci\u00f3n<\/strong> al respecto:&nbsp;<a title=\"Portal escolarizaci\u00f3n\" href=\"http:\/\/www.juntadeandalucia.es\/educacion\/webportal\/web\/portal-escolarizacion\/infantil-primaria-eso-bachillerato\" target=\"_blank\" rel=\"noopener noreferrer\">Enlace al portal de escolarizaci\u00f3n.<\/a><\/p>\n","protected":false},"excerpt":{"rendered":"<p>CURSO ESCOLAR 2019 \/ 2020 La matricula y asistencia a todos nuestros planes educativos es&nbsp;totalmente gratuita. Los plazos para la matriculaci\u00f3n comienzan desde el d\u00eda 1 de junio de cada curso escolar en horario&#46;&#46;&#46;<\/p>\n","protected":false},"author":1,"featured_media":0,"parent":0,"menu_order":0,"comment_status":"closed","ping_status":"open","template":"page-cs.php","meta":{"ngg_post_thumbnail":0,"footnotes":"","_mc_calendar":[]},"aioseo_notices":[],"_links":{"self":[{"href":"https:\/\/blogsaverroes.juntadeandalucia.es\/ceperaltoguadalquivir\/wp-json\/wp\/v2\/pages\/80"}],"collection":[{"href":"https:\/\/blogsaverroes.juntadeandalucia.es\/ceperaltoguadalquivir\/wp-json\/wp\/v2\/pages"}],"about":[{"href":"https:\/\/blogsaverroes.juntadeandalucia.es\/ceperaltoguadalquivir\/wp-json\/wp\/v2\/types\/page"}],"author":[{"embeddable":true,"href":"https:\/\/blogsaverroes.juntadeandalucia.es\/ceperaltoguadalquivir\/wp-json\/wp\/v2\/users\/1"}],"replies":[{"embeddable":true,"href":"https:\/\/blogsaverroes.juntadeandalucia.es\/ceperaltoguadalquivir\/wp-json\/wp\/v2\/comments?post=80"}],"version-history":[{"count":7,"href":"https:\/\/blogsaverroes.juntadeandalucia.es\/ceperaltoguadalquivir\/wp-json\/wp\/v2\/pages\/80\/revisions"}],"predecessor-version":[{"id":2151,"href":"https:\/\/blogsaverroes.juntadeandalucia.es\/ceperaltoguadalquivir\/wp-json\/wp\/v2\/pages\/80\/revisions\/2151"}],"wp:attachment":[{"href":"https:\/\/blogsaverroes.juntadeandalucia.es\/ceperaltoguadalquivir\/wp-json\/wp\/v2\/media?parent=80"}],"curies":[{"name":"wp","href":"https:\/\/api.w.org\/{rel}","templated":true}]}}