{"id":170,"date":"2015-03-17T07:55:32","date_gmt":"2015-03-17T07:55:32","guid":{"rendered":"http:\/\/blogsaverroes.juntadeandalucia.es\/pre\/ceip\/?page_id=170"},"modified":"2021-03-17T19:39:52","modified_gmt":"2021-03-17T19:39:52","slug":"hvs","status":"publish","type":"page","link":"https:\/\/blogsaverroes.juntadeandalucia.es\/cepercehel\/hvs\/","title":{"rendered":"H\u00e1bitos de vida Saludable"},"content":{"rendered":"<div id=\"pmenuu64616\" class=\"clearfix colelem\">\n<div id=\"pu62326-4\" class=\"clearfix grpelem\">\n<div id=\"u123755-14\" class=\"clearfix colelem\" data-muse-uid=\"U123755\" data-muse-type=\"txt_frame\" data-ibe-flags=\"txtStyleSrc\">\n<h2 id=\"consejeria\" class=\"TituloPlegable seccionDesplegada\">Adquisici\u00f3n de h\u00e1bitos de vida saludable y Prevenci\u00f3n de enfermedades y Riesgos profesionales<\/h2>\n<p id=\"u123755-5\">El plan educativo para la adquisici\u00f3n de h\u00e1bitos de vida saludable y prevenci\u00f3n de enfermedades y riesgos profesionales est\u00e1 incluido en los Planes Educativos para el Fomento de la Ciudadan\u00eda Activa, regulados en la Orden de 24 de septiembre de 2007 de la Consejer\u00eda de Educaci\u00f3n de la Junta de Andaluc\u00eda por la que se regulan los planes educativos de car\u00e1cter no formal para personas adultas.<\/p>\n<p id=\"u123755-8\">La Ley 17\/2007, de 10 de diciembre, de Educaci\u00f3n de Andaluc\u00eda, establece que la finalidad de la educaci\u00f3n de personas adultas es ofrecer la posibilidad de adquirir, actualizar, completar o ampliar conocimientos y aptitudes para su desarrollo personal y profesional.<\/p>\n<p id=\"u123755-11\">La Uni\u00f3n Europea, a trav\u00e9s del documento \u201cRecomendaci\u00f3n del Parlamento Europeo y el Consejo, de 18 de diciembre de 2006\u201d, ha instado a desarrollar una oferta educativa que garantice que j\u00f3venes y personas adultas adquieran \u201clas competencias clave\u201d, especialmente para aquellos grupos que necesiten un apoyo para desarrollar su potencial educativo.<\/p>\n<p id=\"u123755-12\">A modo general presentamos el plan:<\/p>\n<table style=\"border-collapse: collapse;width: 100%\">\n<tbody>\n<tr>\n<td style=\"width: 33.3333%;text-align: center\"><a href=\"http:\/\/cepercehel.eu\/assets\/02.--objetivos.pdf\"><img fetchpriority=\"high\" decoding=\"async\" class=\"wp-image-2561 size-medium\" src=\"https:\/\/blogsaverroes.juntadeandalucia.es\/cepercehel\/files\/2021\/03\/OBJETIVOS-1-300x300.jpeg\" alt=\"\" width=\"300\" height=\"300\" srcset=\"https:\/\/blogsaverroes.juntadeandalucia.es\/cepercehel\/files\/2021\/03\/OBJETIVOS-1-300x300.jpeg 300w, https:\/\/blogsaverroes.juntadeandalucia.es\/cepercehel\/files\/2021\/03\/OBJETIVOS-1-150x150.jpeg 150w, https:\/\/blogsaverroes.juntadeandalucia.es\/cepercehel\/files\/2021\/03\/OBJETIVOS-1-80x80.jpeg 80w, https:\/\/blogsaverroes.juntadeandalucia.es\/cepercehel\/files\/2021\/03\/OBJETIVOS-1-320x320.jpeg 320w, https:\/\/blogsaverroes.juntadeandalucia.es\/cepercehel\/files\/2021\/03\/OBJETIVOS-1.jpeg 626w\" sizes=\"(max-width: 300px) 100vw, 300px\" \/><\/a>&nbsp; OBJETIVOS<\/td>\n<td style=\"width: 33.3333%;text-align: center\"><a href=\"http:\/\/cepercehel.eu\/assets\/03.--contenidos.pdf\"><img decoding=\"async\" class=\"wp-image-2557\" src=\"https:\/\/blogsaverroes.juntadeandalucia.es\/cepercehel\/files\/2021\/03\/CONTENIDOS-300x300.jpeg\" alt=\"\" width=\"294\" height=\"294\" srcset=\"https:\/\/blogsaverroes.juntadeandalucia.es\/cepercehel\/files\/2021\/03\/CONTENIDOS-300x300.jpeg 300w, https:\/\/blogsaverroes.juntadeandalucia.es\/cepercehel\/files\/2021\/03\/CONTENIDOS-150x150.jpeg 150w, https:\/\/blogsaverroes.juntadeandalucia.es\/cepercehel\/files\/2021\/03\/CONTENIDOS-80x80.jpeg 80w, https:\/\/blogsaverroes.juntadeandalucia.es\/cepercehel\/files\/2021\/03\/CONTENIDOS-320x320.jpeg 320w, https:\/\/blogsaverroes.juntadeandalucia.es\/cepercehel\/files\/2021\/03\/CONTENIDOS.jpeg 626w\" sizes=\"(max-width: 294px) 100vw, 294px\" \/><\/a>CONTENIDOS<\/td>\n<td style=\"width: 33.3333%;text-align: center\"><a href=\"http:\/\/cepercehel.eu\/assets\/04.--orientaciones.pdf\"><img decoding=\"async\" class=\"wp-image-2562 size-medium\" src=\"https:\/\/blogsaverroes.juntadeandalucia.es\/cepercehel\/files\/2021\/03\/METODOLOGI\u0301A-1-300x300.jpeg\" alt=\"\" width=\"300\" height=\"300\" srcset=\"https:\/\/blogsaverroes.juntadeandalucia.es\/cepercehel\/files\/2021\/03\/METODOLOGI\u0301A-1-300x300.jpeg 300w, https:\/\/blogsaverroes.juntadeandalucia.es\/cepercehel\/files\/2021\/03\/METODOLOGI\u0301A-1-150x150.jpeg 150w, https:\/\/blogsaverroes.juntadeandalucia.es\/cepercehel\/files\/2021\/03\/METODOLOGI\u0301A-1-80x80.jpeg 80w, https:\/\/blogsaverroes.juntadeandalucia.es\/cepercehel\/files\/2021\/03\/METODOLOGI\u0301A-1-320x320.jpeg 320w, https:\/\/blogsaverroes.juntadeandalucia.es\/cepercehel\/files\/2021\/03\/METODOLOGI\u0301A-1.jpeg 626w\" sizes=\"(max-width: 300px) 100vw, 300px\" \/><\/a>METODOLOG\u00cdA<\/td>\n<\/tr>\n<\/tbody>\n<\/table>\n<\/div>\n<\/div>\n<\/div>\n<div id=\"pu123768-40\" class=\"clearfix colelem\">\n<div id=\"u123768-40\" class=\"clearfix grpelem\" data-muse-uid=\"U123768\" data-muse-type=\"txt_frame\" data-ibe-flags=\"txtStyleSrc\">\n<table style=\"border-collapse: collapse;width: 100%;height: 24px\">\n<tbody>\n<tr style=\"height: 24px\">\n<td style=\"width: 15.9025%;height: 24px\">&nbsp;<\/td>\n<td style=\"width: 33.1783%;height: 24px\">\n<p class=\"mceTemp\">&nbsp;<\/p>\n<p><img loading=\"lazy\" decoding=\"async\" class=\"wp-image-2560\" src=\"https:\/\/blogsaverroes.juntadeandalucia.es\/cepercehel\/files\/2021\/03\/EVALUACION-300x300.png\" alt=\"\" width=\"264\" height=\"264\">EVALUACI\u00d3N<\/td>\n<td style=\"width: 3.05652%;height: 24px\">&nbsp;<\/td>\n<td style=\"width: 34.618%;height: 24px\"><a href=\"http:\/\/cepercehel.eu\/assets\/06.--temporalizaci%c3%b3n.pdf\"><img loading=\"lazy\" decoding=\"async\" class=\"wp-image-2563\" src=\"https:\/\/blogsaverroes.juntadeandalucia.es\/cepercehel\/files\/2021\/03\/TEMPORIZACIO\u0301N-1-300x300.jpeg\" alt=\"\" width=\"288\" height=\"288\" srcset=\"https:\/\/blogsaverroes.juntadeandalucia.es\/cepercehel\/files\/2021\/03\/TEMPORIZACIO\u0301N-1-300x300.jpeg 300w, https:\/\/blogsaverroes.juntadeandalucia.es\/cepercehel\/files\/2021\/03\/TEMPORIZACIO\u0301N-1-150x150.jpeg 150w, https:\/\/blogsaverroes.juntadeandalucia.es\/cepercehel\/files\/2021\/03\/TEMPORIZACIO\u0301N-1-80x80.jpeg 80w, https:\/\/blogsaverroes.juntadeandalucia.es\/cepercehel\/files\/2021\/03\/TEMPORIZACIO\u0301N-1-320x320.jpeg 320w, https:\/\/blogsaverroes.juntadeandalucia.es\/cepercehel\/files\/2021\/03\/TEMPORIZACIO\u0301N-1.jpeg 626w\" sizes=\"(max-width: 288px) 100vw, 288px\" \/><\/a>TEMPORIZACI\u00d3N<\/td>\n<td style=\"width: 13.2447%;height: 24px\">&nbsp;<\/td>\n<\/tr>\n<\/tbody>\n<\/table>\n<p id=\"u123768-23\"><span id=\"u123768-17\">Durante el&nbsp;<\/span>mes de <strong>septiembre<\/strong><span id=\"u123768-19\">&nbsp;haremos una<\/span>&nbsp;prueba v\u00eda&nbsp;<span id=\"u123768-21\">para comprobar el nivel inicial de nuestro alumnado:&nbsp;<\/span>Alfabetizaci\u00f3n, Lengua o \u00e1mbito de comunicaci\u00f3n y matem\u00e1ticas o \u00e1mbito cient\u00edfico.<\/p>\n<\/div>\n<\/div>\n","protected":false},"excerpt":{"rendered":"<p>Adquisici\u00f3n de h\u00e1bitos de vida saludable y Prevenci\u00f3n de enfermedades y Riesgos profesionales El plan educativo para la adquisici\u00f3n de h\u00e1bitos de vida saludable y prevenci\u00f3n de enfermedades y riesgos profesionales est\u00e1 incluido en&#46;&#46;&#46;<\/p>\n","protected":false},"author":1,"featured_media":0,"parent":0,"menu_order":0,"comment_status":"open","ping_status":"open","template":"page-templates\/child-menu.php","meta":{"ngg_post_thumbnail":0,"footnotes":"","_mc_calendar":[]},"aioseo_notices":[],"_links":{"self":[{"href":"https:\/\/blogsaverroes.juntadeandalucia.es\/cepercehel\/wp-json\/wp\/v2\/pages\/170"}],"collection":[{"href":"https:\/\/blogsaverroes.juntadeandalucia.es\/cepercehel\/wp-json\/wp\/v2\/pages"}],"about":[{"href":"https:\/\/blogsaverroes.juntadeandalucia.es\/cepercehel\/wp-json\/wp\/v2\/types\/page"}],"author":[{"embeddable":true,"href":"https:\/\/blogsaverroes.juntadeandalucia.es\/cepercehel\/wp-json\/wp\/v2\/users\/1"}],"replies":[{"embeddable":true,"href":"https:\/\/blogsaverroes.juntadeandalucia.es\/cepercehel\/wp-json\/wp\/v2\/comments?post=170"}],"version-history":[{"count":6,"href":"https:\/\/blogsaverroes.juntadeandalucia.es\/cepercehel\/wp-json\/wp\/v2\/pages\/170\/revisions"}],"predecessor-version":[{"id":2566,"href":"https:\/\/blogsaverroes.juntadeandalucia.es\/cepercehel\/wp-json\/wp\/v2\/pages\/170\/revisions\/2566"}],"wp:attachment":[{"href":"https:\/\/blogsaverroes.juntadeandalucia.es\/cepercehel\/wp-json\/wp\/v2\/media?parent=170"}],"curies":[{"name":"wp","href":"https:\/\/api.w.org\/{rel}","templated":true}]}}