{"id":355,"date":"2015-03-18T10:22:43","date_gmt":"2015-03-18T10:22:43","guid":{"rendered":"http:\/\/blogsaverroes.juntadeandalucia.es\/pre\/ceip\/?page_id=355"},"modified":"2022-12-18T09:32:00","modified_gmt":"2022-12-18T09:32:00","slug":"proyectos-erasmus","status":"publish","type":"page","link":"https:\/\/blogsaverroes.juntadeandalucia.es\/cepercehel2\/proyectos-erasmus\/","title":{"rendered":"Proyectos erasmus +"},"content":{"rendered":"\t\t<div data-elementor-type=\"wp-page\" data-elementor-id=\"355\" class=\"elementor elementor-355\">\n\t\t\t\t\t\t<section class=\"elementor-section elementor-top-section elementor-element elementor-element-16aa2d4 elementor-section-boxed elementor-section-height-default elementor-section-height-default\" data-id=\"16aa2d4\" data-element_type=\"section\">\n\t\t\t\t\t\t<div class=\"elementor-container elementor-column-gap-default\">\n\t\t\t\t\t<div class=\"elementor-column elementor-col-100 elementor-top-column elementor-element elementor-element-6b91806\" data-id=\"6b91806\" data-element_type=\"column\">\n\t\t\t<div class=\"elementor-widget-wrap elementor-element-populated\">\n\t\t\t\t\t\t<div class=\"elementor-element elementor-element-c0da357 elementor-widget elementor-widget-heading\" data-id=\"c0da357\" data-element_type=\"widget\" data-widget_type=\"heading.default\">\n\t\t\t\t<div class=\"elementor-widget-container\">\n\t\t\t\t\t<h2 class=\"elementor-heading-title elementor-size-default\">Nuestros proyectos <\/h2>\t\t\t\t<\/div>\n\t\t\t\t<\/div>\n\t\t\t\t\t<\/div>\n\t\t<\/div>\n\t\t\t\t\t<\/div>\n\t\t<\/section>\n\t\t\t\t<section class=\"elementor-section elementor-top-section elementor-element elementor-element-eab8ecd elementor-section-boxed elementor-section-height-default elementor-section-height-default\" data-id=\"eab8ecd\" data-element_type=\"section\">\n\t\t\t\t\t\t<div class=\"elementor-container elementor-column-gap-default\">\n\t\t\t\t\t<div class=\"elementor-column elementor-col-100 elementor-top-column elementor-element elementor-element-ee45039\" data-id=\"ee45039\" data-element_type=\"column\">\n\t\t\t<div class=\"elementor-widget-wrap elementor-element-populated\">\n\t\t\t\t\t\t<div class=\"elementor-element elementor-element-80638d0 elementor-widget elementor-widget-text-editor\" data-id=\"80638d0\" data-element_type=\"widget\" data-widget_type=\"text-editor.default\">\n\t\t\t\t<div class=\"elementor-widget-container\">\n\t\t\t\t\t\t\t\t\t<p>Esta pagina ha sido dise\u00f1ada para mostrar los proyectos que se vienen desarrollando actualmente en nuestro centro y <span style=\"color: #0000ff\"><strong>muestra los blog publicados<\/strong> <\/span><strong>en otros espacios de internet p<\/strong>ara dar difusi\u00f3n a los proyectos erasmus + y a las agrupaciones de centros.\u00a0<\/p>\t\t\t\t\t\t\t\t<\/div>\n\t\t\t\t<\/div>\n\t\t\t\t\t<\/div>\n\t\t<\/div>\n\t\t\t\t\t<\/div>\n\t\t<\/section>\n\t\t\t\t<section class=\"elementor-section elementor-top-section elementor-element elementor-element-59d5366 elementor-section-boxed elementor-section-height-default elementor-section-height-default\" data-id=\"59d5366\" data-element_type=\"section\">\n\t\t\t\t\t\t<div class=\"elementor-container elementor-column-gap-default\">\n\t\t\t\t\t<div class=\"elementor-column elementor-col-100 elementor-top-column elementor-element elementor-element-f676b45\" data-id=\"f676b45\" data-element_type=\"column\">\n\t\t\t<div class=\"elementor-widget-wrap elementor-element-populated\">\n\t\t\t\t\t\t<div class=\"elementor-element elementor-element-9ae6186 elementor-widget elementor-widget-heading\" data-id=\"9ae6186\" data-element_type=\"widget\" data-widget_type=\"heading.default\">\n\t\t\t\t<div class=\"elementor-widget-container\">\n\t\t\t\t\t<h2 class=\"elementor-heading-title elementor-size-default\">Proyectos Erasmus +.- Nueva p\u00e1gina web <\/h2>\t\t\t\t<\/div>\n\t\t\t\t<\/div>\n\t\t\t\t\t<\/div>\n\t\t<\/div>\n\t\t\t\t\t<\/div>\n\t\t<\/section>\n\t\t\t\t<section class=\"elementor-section elementor-top-section elementor-element elementor-element-c5d2f78 elementor-section-boxed elementor-section-height-default elementor-section-height-default\" data-id=\"c5d2f78\" data-element_type=\"section\">\n\t\t\t\t\t\t<div class=\"elementor-container elementor-column-gap-default\">\n\t\t\t\t\t<div class=\"elementor-column elementor-col-100 elementor-top-column elementor-element elementor-element-7be99c3\" data-id=\"7be99c3\" data-element_type=\"column\">\n\t\t\t<div class=\"elementor-widget-wrap elementor-element-populated\">\n\t\t\t\t\t\t<div class=\"elementor-element elementor-element-f57d469 elementor-widget elementor-widget-image\" data-id=\"f57d469\" data-element_type=\"widget\" data-widget_type=\"image.default\">\n\t\t\t\t<div class=\"elementor-widget-container\">\n\t\t\t\t\t\t\t\t\t\t\t\t<figure class=\"wp-caption\">\n\t\t\t\t\t\t\t\t\t\t\t<a href=\"https:\/\/blogsaverroes.juntadeandalucia.es\/cepercehelerasmus\/\">\n\t\t\t\t\t\t\t<img fetchpriority=\"high\" decoding=\"async\" width=\"474\" height=\"156\" src=\"https:\/\/blogsaverroes.juntadeandalucia.es\/cepercehel2\/files\/2022\/12\/erasmus.jpg\" class=\"attachment-large size-large wp-image-4816\" alt=\"\" srcset=\"https:\/\/blogsaverroes.juntadeandalucia.es\/cepercehel2\/files\/2022\/12\/erasmus.jpg 474w, https:\/\/blogsaverroes.juntadeandalucia.es\/cepercehel2\/files\/2022\/12\/erasmus-300x99.jpg 300w, https:\/\/blogsaverroes.juntadeandalucia.es\/cepercehel2\/files\/2022\/12\/erasmus-24x8.jpg 24w, https:\/\/blogsaverroes.juntadeandalucia.es\/cepercehel2\/files\/2022\/12\/erasmus-36x12.jpg 36w, https:\/\/blogsaverroes.juntadeandalucia.es\/cepercehel2\/files\/2022\/12\/erasmus-48x16.jpg 48w\" sizes=\"(max-width: 474px) 100vw, 474px\" \/>\t\t\t\t\t\t\t\t<\/a>\n\t\t\t\t\t\t\t\t\t\t\t<figcaption class=\"widget-image-caption wp-caption-text\">Accede a nuestra p\u00e1gina web  Ceper Cehel Erasmus+ pinchando en la imagen<\/figcaption>\n\t\t\t\t\t\t\t\t\t\t<\/figure>\n\t\t\t\t\t\t\t\t\t<\/div>\n\t\t\t\t<\/div>\n\t\t\t\t\t<\/div>\n\t\t<\/div>\n\t\t\t\t\t<\/div>\n\t\t<\/section>\n\t\t\t\t<section class=\"elementor-section elementor-top-section elementor-element elementor-element-97c1203 elementor-section-boxed elementor-section-height-default elementor-section-height-default\" data-id=\"97c1203\" data-element_type=\"section\">\n\t\t\t\t\t\t<div class=\"elementor-container elementor-column-gap-default\">\n\t\t\t\t\t<div class=\"elementor-column elementor-col-100 elementor-top-column elementor-element elementor-element-971a8be\" data-id=\"971a8be\" data-element_type=\"column\">\n\t\t\t<div class=\"elementor-widget-wrap elementor-element-populated\">\n\t\t\t\t\t\t<div class=\"elementor-element elementor-element-a69aff4 elementor-widget elementor-widget-text-editor\" data-id=\"a69aff4\" data-element_type=\"widget\" data-widget_type=\"text-editor.default\">\n\t\t\t\t<div class=\"elementor-widget-container\">\n\t\t\t\t\t\t\t\t\t<p>Vas a tener la poisbilidad de acceder a nuestra nueva p\u00e1gina web CEPER CEHEL ERASMUS+ en la que vas a pode encontrar:<\/p><p>1.- Informaci\u00f3n general o recomendaciones para iniciar un proyecto erasmus +\u00a0<\/p><p>2.- Informaci\u00f3n general de nuestra trayectoria: Proyectos Grundtvig, Periodo 2015 &#8211; 2020, nuestra acreditaci\u00f3n erasmus,<\/p><p>3.- C\u00f3mo gestionar econ\u00f3micante un centro erasmus a nivel de Sepie y de nuestro programa de gesi\u00f3n S\u00e9neca<\/p><p>4.-Eventos eramus: Celebraci\u00f3n de nuestro veinte aniversario, erasmus days, feria de proyectos, &#8230;<\/p>\t\t\t\t\t\t\t\t<\/div>\n\t\t\t\t<\/div>\n\t\t\t\t\t<\/div>\n\t\t<\/div>\n\t\t\t\t\t<\/div>\n\t\t<\/section>\n\t\t\t\t<section class=\"elementor-section elementor-top-section elementor-element elementor-element-332bdb3 elementor-section-boxed elementor-section-height-default elementor-section-height-default\" data-id=\"332bdb3\" data-element_type=\"section\">\n\t\t\t\t\t\t<div class=\"elementor-container elementor-column-gap-default\">\n\t\t\t\t\t<div class=\"elementor-column elementor-col-100 elementor-top-column elementor-element elementor-element-238d68e\" data-id=\"238d68e\" data-element_type=\"column\">\n\t\t\t<div class=\"elementor-widget-wrap elementor-element-populated\">\n\t\t\t\t\t\t<div class=\"elementor-element elementor-element-0786afa elementor-widget elementor-widget-text-editor\" data-id=\"0786afa\" data-element_type=\"widget\" data-widget_type=\"text-editor.default\">\n\t\t\t\t<div class=\"elementor-widget-container\">\n\t\t\t\t\t\t\t\t\t<p>En definitiva pretendemos promocionar la\u00a0<strong>movilidad educativa<\/strong>\u00a0tanto del alumnado como del personal, as\u00ed como la\u00a0<strong>cooperaci\u00f3n<\/strong>, la calidad, la inclusi\u00f3n y la equidad, la excelencia, la creatividad y la innovaci\u00f3n a nivel de las organizaciones y las pol\u00edticas a trav\u00e9s del aprendizaje permanente, el desarrollo educativo, profesional y personal de las personas en los \u00e1mbitos de la educaci\u00f3n y la formaci\u00f3n, la juventud y el deporte, dentro de Europa contribuyendo as\u00ed al crecimiento sostenible, al empleo de calidad y a la cohesi\u00f3n social, adem\u00e1s de a impulsar la innovaci\u00f3n y\u00a0<strong>fortalecer la identidad europea, la ciudadan\u00eda activa y la participaci\u00f3n en la vida democr\u00e1tica<\/strong>.<\/p>\t\t\t\t\t\t\t\t<\/div>\n\t\t\t\t<\/div>\n\t\t\t\t\t<\/div>\n\t\t<\/div>\n\t\t\t\t\t<\/div>\n\t\t<\/section>\n\t\t\t\t<section class=\"elementor-section elementor-top-section elementor-element elementor-element-e1312c1 elementor-section-boxed elementor-section-height-default elementor-section-height-default\" data-id=\"e1312c1\" data-element_type=\"section\">\n\t\t\t\t\t\t<div class=\"elementor-container elementor-column-gap-default\">\n\t\t\t\t\t<div class=\"elementor-column elementor-col-100 elementor-top-column elementor-element elementor-element-394e4c0\" data-id=\"394e4c0\" data-element_type=\"column\">\n\t\t\t<div class=\"elementor-widget-wrap elementor-element-populated\">\n\t\t\t\t\t\t<div class=\"elementor-element elementor-element-668fd57 elementor-widget elementor-widget-image\" data-id=\"668fd57\" data-element_type=\"widget\" data-widget_type=\"image.default\">\n\t\t\t\t<div class=\"elementor-widget-container\">\n\t\t\t\t\t\t\t\t\t\t\t\t\t\t\t<img decoding=\"async\" width=\"1024\" height=\"576\" src=\"https:\/\/blogsaverroes.juntadeandalucia.es\/cepercehel2\/files\/2022\/12\/003_Pregunta2Posibilidades-1024x576.jpg\" class=\"attachment-large size-large wp-image-4052\" alt=\"\" srcset=\"https:\/\/blogsaverroes.juntadeandalucia.es\/cepercehel2\/files\/2022\/12\/003_Pregunta2Posibilidades-1024x576.jpg 1024w, https:\/\/blogsaverroes.juntadeandalucia.es\/cepercehel2\/files\/2022\/12\/003_Pregunta2Posibilidades-300x169.jpg 300w, https:\/\/blogsaverroes.juntadeandalucia.es\/cepercehel2\/files\/2022\/12\/003_Pregunta2Posibilidades-768x432.jpg 768w, https:\/\/blogsaverroes.juntadeandalucia.es\/cepercehel2\/files\/2022\/12\/003_Pregunta2Posibilidades-1536x864.jpg 1536w, https:\/\/blogsaverroes.juntadeandalucia.es\/cepercehel2\/files\/2022\/12\/003_Pregunta2Posibilidades-2048x1152.jpg 2048w, https:\/\/blogsaverroes.juntadeandalucia.es\/cepercehel2\/files\/2022\/12\/003_Pregunta2Posibilidades-24x14.jpg 24w, https:\/\/blogsaverroes.juntadeandalucia.es\/cepercehel2\/files\/2022\/12\/003_Pregunta2Posibilidades-36x20.jpg 36w, https:\/\/blogsaverroes.juntadeandalucia.es\/cepercehel2\/files\/2022\/12\/003_Pregunta2Posibilidades-48x27.jpg 48w\" sizes=\"(max-width: 1024px) 100vw, 1024px\" \/>\t\t\t\t\t\t\t\t\t\t\t\t\t\t\t<\/div>\n\t\t\t\t<\/div>\n\t\t\t\t\t<\/div>\n\t\t<\/div>\n\t\t\t\t\t<\/div>\n\t\t<\/section>\n\t\t\t\t<section class=\"elementor-section elementor-top-section elementor-element elementor-element-97dd3ed elementor-section-boxed elementor-section-height-default elementor-section-height-default\" data-id=\"97dd3ed\" data-element_type=\"section\">\n\t\t\t\t\t\t<div class=\"elementor-container elementor-column-gap-default\">\n\t\t\t\t\t<div class=\"elementor-column elementor-col-100 elementor-top-column elementor-element elementor-element-71a85b6\" data-id=\"71a85b6\" data-element_type=\"column\">\n\t\t\t<div class=\"elementor-widget-wrap elementor-element-populated\">\n\t\t\t\t\t\t<div class=\"elementor-element elementor-element-77722f2 elementor-widget elementor-widget-spacer\" data-id=\"77722f2\" data-element_type=\"widget\" data-widget_type=\"spacer.default\">\n\t\t\t\t<div class=\"elementor-widget-container\">\n\t\t\t\t\t\t\t<div class=\"elementor-spacer\">\n\t\t\t<div class=\"elementor-spacer-inner\"><\/div>\n\t\t<\/div>\n\t\t\t\t\t\t<\/div>\n\t\t\t\t<\/div>\n\t\t\t\t\t<\/div>\n\t\t<\/div>\n\t\t\t\t\t<\/div>\n\t\t<\/section>\n\t\t\t\t<section class=\"elementor-section elementor-top-section elementor-element elementor-element-995661e elementor-section-boxed elementor-section-height-default elementor-section-height-default\" data-id=\"995661e\" data-element_type=\"section\">\n\t\t\t\t\t\t<div class=\"elementor-container elementor-column-gap-default\">\n\t\t\t\t\t<div class=\"elementor-column elementor-col-100 elementor-top-column elementor-element elementor-element-cc329d9\" data-id=\"cc329d9\" data-element_type=\"column\">\n\t\t\t<div class=\"elementor-widget-wrap elementor-element-populated\">\n\t\t\t\t\t\t<div class=\"elementor-element elementor-element-6393666 elementor-widget elementor-widget-heading\" data-id=\"6393666\" data-element_type=\"widget\" data-widget_type=\"heading.default\">\n\t\t\t\t<div class=\"elementor-widget-container\">\n\t\t\t\t\t<h2 class=\"elementor-heading-title elementor-size-default\">Agrupaciones de centros.- <\/h2>\t\t\t\t<\/div>\n\t\t\t\t<\/div>\n\t\t\t\t\t<\/div>\n\t\t<\/div>\n\t\t\t\t\t<\/div>\n\t\t<\/section>\n\t\t\t\t<section class=\"elementor-section elementor-top-section elementor-element elementor-element-be5d27e elementor-section-boxed elementor-section-height-default elementor-section-height-default\" data-id=\"be5d27e\" data-element_type=\"section\">\n\t\t\t\t\t\t<div class=\"elementor-container elementor-column-gap-default\">\n\t\t\t\t\t<div class=\"elementor-column elementor-col-100 elementor-top-column elementor-element elementor-element-3c38923\" data-id=\"3c38923\" data-element_type=\"column\">\n\t\t\t<div class=\"elementor-widget-wrap elementor-element-populated\">\n\t\t\t\t\t\t<div class=\"elementor-element elementor-element-8f81861 elementor-widget elementor-widget-text-editor\" data-id=\"8f81861\" data-element_type=\"widget\" data-widget_type=\"text-editor.default\">\n\t\t\t\t<div class=\"elementor-widget-container\">\n\t\t\t\t\t\t\t\t\t<p>Programa destinadao a promover agrupaciones de centros educativos para la realizaci\u00f3n y puesta en pr\u00e1ctica de proyectos comunes que favorezcan la educaci\u00f3n inclusiva y la innovaci\u00f3n educativa.\u00a0<\/p>\t\t\t\t\t\t\t\t<\/div>\n\t\t\t\t<\/div>\n\t\t\t\t\t<\/div>\n\t\t<\/div>\n\t\t\t\t\t<\/div>\n\t\t<\/section>\n\t\t\t\t<section class=\"elementor-section elementor-top-section elementor-element elementor-element-aff0c83 elementor-section-boxed elementor-section-height-default elementor-section-height-default\" data-id=\"aff0c83\" data-element_type=\"section\">\n\t\t\t\t\t\t<div class=\"elementor-container elementor-column-gap-default\">\n\t\t\t\t\t<div class=\"elementor-column elementor-col-50 elementor-top-column elementor-element elementor-element-35133c2\" data-id=\"35133c2\" data-element_type=\"column\">\n\t\t\t<div class=\"elementor-widget-wrap elementor-element-populated\">\n\t\t\t\t\t\t<div class=\"elementor-element elementor-element-486f960 elementor-widget elementor-widget-image\" data-id=\"486f960\" data-element_type=\"widget\" data-widget_type=\"image.default\">\n\t\t\t\t<div class=\"elementor-widget-container\">\n\t\t\t\t\t\t\t\t\t\t\t\t\t\t\t<img decoding=\"async\" width=\"255\" height=\"197\" src=\"https:\/\/blogsaverroes.juntadeandalucia.es\/cepercehel2\/files\/2022\/12\/agrupaciones-centros.png\" class=\"attachment-large size-large wp-image-4815\" alt=\"\" srcset=\"https:\/\/blogsaverroes.juntadeandalucia.es\/cepercehel2\/files\/2022\/12\/agrupaciones-centros.png 255w, https:\/\/blogsaverroes.juntadeandalucia.es\/cepercehel2\/files\/2022\/12\/agrupaciones-centros-24x19.png 24w, https:\/\/blogsaverroes.juntadeandalucia.es\/cepercehel2\/files\/2022\/12\/agrupaciones-centros-36x28.png 36w, https:\/\/blogsaverroes.juntadeandalucia.es\/cepercehel2\/files\/2022\/12\/agrupaciones-centros-48x37.png 48w\" sizes=\"(max-width: 255px) 100vw, 255px\" \/>\t\t\t\t\t\t\t\t\t\t\t\t\t\t\t<\/div>\n\t\t\t\t<\/div>\n\t\t\t\t\t<\/div>\n\t\t<\/div>\n\t\t\t\t<div class=\"elementor-column elementor-col-50 elementor-top-column elementor-element elementor-element-cb02a2a\" data-id=\"cb02a2a\" data-element_type=\"column\">\n\t\t\t<div class=\"elementor-widget-wrap elementor-element-populated\">\n\t\t\t\t\t\t<div class=\"elementor-element elementor-element-808620f elementor-widget elementor-widget-image\" data-id=\"808620f\" data-element_type=\"widget\" data-widget_type=\"image.default\">\n\t\t\t\t<div class=\"elementor-widget-container\">\n\t\t\t\t\t\t\t\t\t\t\t\t\t\t\t<img loading=\"lazy\" decoding=\"async\" width=\"225\" height=\"224\" src=\"https:\/\/blogsaverroes.juntadeandalucia.es\/cepercehel2\/files\/2022\/12\/epasteam.jpg\" class=\"attachment-large size-large wp-image-4827\" alt=\"\" srcset=\"https:\/\/blogsaverroes.juntadeandalucia.es\/cepercehel2\/files\/2022\/12\/epasteam.jpg 225w, https:\/\/blogsaverroes.juntadeandalucia.es\/cepercehel2\/files\/2022\/12\/epasteam-150x150.jpg 150w, https:\/\/blogsaverroes.juntadeandalucia.es\/cepercehel2\/files\/2022\/12\/epasteam-80x80.jpg 80w, https:\/\/blogsaverroes.juntadeandalucia.es\/cepercehel2\/files\/2022\/12\/epasteam-24x24.jpg 24w, https:\/\/blogsaverroes.juntadeandalucia.es\/cepercehel2\/files\/2022\/12\/epasteam-36x36.jpg 36w, https:\/\/blogsaverroes.juntadeandalucia.es\/cepercehel2\/files\/2022\/12\/epasteam-48x48.jpg 48w\" sizes=\"(max-width: 225px) 100vw, 225px\" \/>\t\t\t\t\t\t\t\t\t\t\t\t\t\t\t<\/div>\n\t\t\t\t<\/div>\n\t\t\t\t\t<\/div>\n\t\t<\/div>\n\t\t\t\t\t<\/div>\n\t\t<\/section>\n\t\t\t\t<section class=\"elementor-section elementor-top-section elementor-element elementor-element-76d2a9a elementor-section-boxed elementor-section-height-default elementor-section-height-default\" data-id=\"76d2a9a\" data-element_type=\"section\">\n\t\t\t\t\t\t<div class=\"elementor-container elementor-column-gap-default\">\n\t\t\t\t\t<div class=\"elementor-column elementor-col-100 elementor-top-column elementor-element elementor-element-05fd5b9\" data-id=\"05fd5b9\" data-element_type=\"column\">\n\t\t\t<div class=\"elementor-widget-wrap elementor-element-populated\">\n\t\t\t\t\t\t<div class=\"elementor-element elementor-element-6086222 elementor-widget elementor-widget-text-editor\" data-id=\"6086222\" data-element_type=\"widget\" data-widget_type=\"text-editor.default\">\n\t\t\t\t<div class=\"elementor-widget-container\">\n\t\t\t\t\t\t\t\t\t<p>La cuant\u00eda m\u00e1xima de la ayuda para el desarrollo del proyecto por centro educativo es de 9.000 euros, pudi\u00e9ndose aumentar esta cantidad hasta un 20 % a cada uno de los centros de la agrupaci\u00f3n si alguno estuviera ubicado en IIles Balears, Canarias, Ceuta o Melilla, y siempre que realicen actividades que supongan movilidad con origen o destino en alguna de ellas.<\/p><p>Esta ayuda se destinar\u00e1 a financiar las actividades del proyecto, los gastos que se deriven de la adquisici\u00f3n de recursos necesarios para su realizaci\u00f3n o los gastos derivados de la movilidad.\u00a0<\/p><p>Las caracter\u00edsticas de los proyectos se detallan en la disposici\u00f3n sexta de la convocatoria. Se han planteado proyectos en colaboraci\u00f3n con entidades del \u00e1mbito de la investigaci\u00f3n, con el fin de comprobar la evidencia cient\u00edfica y su impacto en la pr\u00e1ctica educativa.<\/p>\t\t\t\t\t\t\t\t<\/div>\n\t\t\t\t<\/div>\n\t\t\t\t\t<\/div>\n\t\t<\/div>\n\t\t\t\t\t<\/div>\n\t\t<\/section>\n\t\t\t\t<\/div>\n\t\t","protected":false},"excerpt":{"rendered":"<p>Nuestros proyectos Esta pagina ha sido dise\u00f1ada para mostrar los proyectos que se vienen desarrollando actualmente en nuestro centro y muestra los blog publicados en otros espacios de internet para dar difusi\u00f3n a los&#46;&#46;&#46;<\/p>\n","protected":false},"author":12204,"featured_media":0,"parent":0,"menu_order":0,"comment_status":"open","ping_status":"closed","template":"","meta":{"ngg_post_thumbnail":0,"footnotes":""},"aioseo_notices":[],"_links":{"self":[{"href":"https:\/\/blogsaverroes.juntadeandalucia.es\/cepercehel2\/wp-json\/wp\/v2\/pages\/355"}],"collection":[{"href":"https:\/\/blogsaverroes.juntadeandalucia.es\/cepercehel2\/wp-json\/wp\/v2\/pages"}],"about":[{"href":"https:\/\/blogsaverroes.juntadeandalucia.es\/cepercehel2\/wp-json\/wp\/v2\/types\/page"}],"author":[{"embeddable":true,"href":"https:\/\/blogsaverroes.juntadeandalucia.es\/cepercehel2\/wp-json\/wp\/v2\/users\/12204"}],"replies":[{"embeddable":true,"href":"https:\/\/blogsaverroes.juntadeandalucia.es\/cepercehel2\/wp-json\/wp\/v2\/comments?post=355"}],"version-history":[{"count":122,"href":"https:\/\/blogsaverroes.juntadeandalucia.es\/cepercehel2\/wp-json\/wp\/v2\/pages\/355\/revisions"}],"predecessor-version":[{"id":4848,"href":"https:\/\/blogsaverroes.juntadeandalucia.es\/cepercehel2\/wp-json\/wp\/v2\/pages\/355\/revisions\/4848"}],"wp:attachment":[{"href":"https:\/\/blogsaverroes.juntadeandalucia.es\/cepercehel2\/wp-json\/wp\/v2\/media?parent=355"}],"curies":[{"name":"wp","href":"https:\/\/api.w.org\/{rel}","templated":true}]}}