{"id":3916,"date":"2022-10-06T13:57:08","date_gmt":"2022-10-06T11:57:08","guid":{"rendered":"https:\/\/blogsaverroes.juntadeandalucia.es\/ceperdionisiomontero\/?page_id=3916"},"modified":"2022-10-06T14:01:26","modified_gmt":"2022-10-06T12:01:26","slug":"informatica","status":"publish","type":"page","link":"https:\/\/blogsaverroes.juntadeandalucia.es\/ceperdionisiomontero\/planes-educativos\/planes-2\/informatica\/","title":{"rendered":"Inform\u00e1tica"},"content":{"rendered":"<p style=\"text-align: justify\">Con este plan pretendemos:<\/p>\n<ol style=\"text-align: justify\">\n<li>Poner las TICS al servicio de los ciudadan@s para lograr una mayor calidad de vida al facilitar el acceso al trabajo, al ocio y a la comunicaci\u00f3n que, actualmente, facilita el uso de las redes.<\/li>\n<li>Formar a las personas adultas con una alfabetizaci\u00f3n funcional adecuada con objeto de disminuir la separaci\u00f3n entre comunidades que tienen acceso y hacen uso rutinario de los ordenadores e Internet y aquellas que no lo tienen o no saben hacer uso de \u00e9l: evitar la llamada \u201cbrecha digital\u201d<\/li>\n<\/ol>\n<p style=\"text-align: justify\">Uno de los cursos que oferta nuestro centro y sus secciones, y adem\u00e1s de los m\u00e1s demandados por la poblaci\u00f3n, es el curso de inform\u00e1tica y nuevas tecnolog\u00edas.<\/p>\n<p style=\"text-align: justify\">Este curso pertenece a los Planes Educativos No Formales para el Fomento de la Ciudadan\u00eda Activa ofertados por los CENTROS DE EDUCACI\u00d3N PERMANENTE.<\/p>\n<p style=\"text-align: justify\">Nuestro centro cuenta con 2 aulas de inform\u00e1tica, una de ellas dotada con 25 ordenadores y otra con 12. Todos ellos cuentan con el sistema operativo Windows 10 por se el que tiene un uso m\u00e1s extendido entre el usuario com\u00fan.<\/p>\n<p style=\"text-align: justify\">Actualmente el centro cuenta con alumnos\/as de todas las edades matriculados en este plan que hemos estructurado en tres niveles:<\/p>\n<ul>\n<li style=\"text-align: justify\">NIVEL B\u00c1SICO: en este nivel se imparten los conocimientos b\u00e1sicos para usar un ordenador: familiarizaci\u00f3n con el sistema operativo <strong>\u2026\u2026\u2026., <\/strong>creaci\u00f3n y modificaci\u00f3n de carpetas, uso del rat\u00f3n y del teclado, crear una cuenta de correo GMAIL, etc. Est\u00e1 orientado a personas que nunca han usado un ordenador o que tienen un conocimiento muy b\u00e1sico.<\/li>\n<li style=\"text-align: justify\">NIVEL INTERMEDIO: este nivel est\u00e1 orientado a personas que usan el ordenador y el m\u00f3vil y habitualmente, pero desean actualizar sus conocimientos. Aprender\u00e1s a:\n<ul>\n<li style=\"text-align: justify\">Usar las aplicaciones del paquete GOOGLE (GOOGLE FOTOS, DRIVE,<\/li>\n<li style=\"text-align: justify\">GOOGLE CONTACTOS, GOOGLE MAPS, GOOGLE KEEP, GOOGLE TASKS\u2026),<\/li>\n<li style=\"text-align: justify\">Gestionar el correo electr\u00f3nico GMAIL con eficiencia.<\/li>\n<li style=\"text-align: justify\">Familiarizaci\u00f3n con los sistemas operativos WINDOWS 10 y ANDROID<\/li>\n<li style=\"text-align: justify\">Uso de c\u00f3digos QR.<\/li>\n<li style=\"text-align: justify\">Uso del certificado digital.<\/li>\n<li style=\"text-align: justify\">Uso de la nube.<\/li>\n<li style=\"text-align: justify\">Otras aplicaciones \u00fatiles que pueden resultar de inter\u00e9s para la poblaci\u00f3n general tales como WHATSAPP, SHAZAM, SPOTIFY, TELEGRAM, etc.<\/li>\n<\/ul>\n<\/li>\n<\/ul>\n<p style=\"text-align: justify\"><strong>\u00bfCu\u00e1les son los horarios? <\/strong><\/p>\n<p style=\"text-align: justify\"><strong>&nbsp;<\/strong>Antes de matricularte debes asegurarte de que los horarios te vienen bien. <strong>Estos pueden variar de un curso a otro.<\/strong> Hay niveles que se imparten en horario de ma\u00f1ana, otros de tarde y en otros tienes la posibilidad de elegir ambas opciones. Para conocer los horarios acude al centro dentro del horario de informaci\u00f3n y matriculaciones.<\/p>\n<p style=\"text-align: justify\"><strong>\u00bfCu\u00e1l es el plazo de matriculaci\u00f3n? <\/strong><\/p>\n<p style=\"text-align: justify\">El plazo de matriculaci\u00f3n es el mismo que para el resto de planes educativos que se imparten en educaci\u00f3n permanente:<\/p>\n<ul style=\"text-align: justify\">\n<li>Plazo ordinario del 1 al 15 de junio<\/li>\n<li>Plazo extraordinario (si quedaran plazas vacantes): del 1 al 15 de septiembre.<\/li>\n<li>Plazo adicional (si siguieran quedando vacantes): hasta el 22 de diciembre (no recomendamos la incorporaci\u00f3n con el curso ya empezado a menos que ya se tenga cierto nivel).<\/li>\n<\/ul>\n<p style=\"text-align: justify\"><strong>\u00bfObtendr\u00e9 un t\u00edtulo oficial al superar el curso? <\/strong><\/p>\n<p style=\"text-align: justify\"><strong>No.<\/strong> Se trata de un plan educativo no formal, por tanto, no conduce a la obtenci\u00f3n de titulaci\u00f3n oficial, no obstante, al superar el curso con calificaci\u00f3n positiva podr\u00e1s solicitar en la direcci\u00f3n del centro un certificado de aprovechamiento o diploma, el cual carece de validez oficial o como m\u00e9rito a efectos de acceso o promoci\u00f3n a puestos de empleo p\u00fablico, pero puede servirte para incorporarlo a tu curriculum vitae.&nbsp;<\/p>\n<p style=\"text-align: justify\"><strong>\u00bfD\u00f3nde se imparten las clases? <\/strong><\/p>\n<p style=\"text-align: justify\">En las instalaciones del CEPER \u201cDionisio Montero\u201d y las aulas del Olivo <strong>No todos los niveles se imparten en los dos sitios. <\/strong><\/p>\n<p style=\"text-align: justify\"><strong>\u00bfCu\u00e1nto dura el curso? <\/strong><\/p>\n<p style=\"text-align: justify\">Tiene la duraci\u00f3n de un curso escolar. Las clases se rigen por el calendario escolar oficial fijado por la Delegaci\u00f3n Territorial de Educaci\u00f3n de C\u00e1diz al que se le a\u00f1aden los d\u00edas no lectivos designados por el Consejo Escolar Municipal y el pleno municipal del municipio. El curso comienza a mediados de septiembre y termina en junio.<\/p>\n<p style=\"text-align: justify\"><strong>\u00bfCu\u00e1ntas clases tendr\u00e9 a la semana? <\/strong><\/p>\n<p style=\"text-align: justify\">Dependiendo del nivel en el que te matricules tendr\u00e1s 1 \u00f3 2 clases semanales de entre 90 y 120 minutos.<\/p>\n<p style=\"text-align: justify\"><strong>\u00bfEs obligatoria la asistencia a clase? <\/strong><\/p>\n<p style=\"text-align: justify\">El curso es totalmente presencial. No es obligatoria la asistencia, pero no tendr\u00eda sentido matricularte si no vas a asistir a clase o si vas a asistir parcialmente. En el aprendizaje de las nuevas tecnolog\u00edas es especialmente importante la presencialidad y se pierde f\u00e1cilmente el hilo si faltas a varias clases consecutivas.<\/p>\n<p style=\"text-align: justify\"><strong>\u00bfQu\u00e9 precio tiene? <\/strong><\/p>\n<p style=\"text-align: justify\">Todos los cursos son gratuitos. Se trata de un centro educativo p\u00fablico perteneciente a la Consejer\u00eda de Educaci\u00f3n. La matriculaci\u00f3n est\u00e1 exenta del pago de tasas acad\u00e9micas.<\/p>\n<p style=\"text-align: justify\"><strong>\u00bfQu\u00e9 metodolog\u00eda se emplea en las clases?<\/strong><\/p>\n<p style=\"text-align: justify\">Se emplea una metodolog\u00eda actualizada y activa basada &#8212;&#8212;&#8212;&#8212;&#8212;&#8212;&#8212;&#8212;-<\/p>\n<p style=\"text-align: justify\"><strong>\u00bfQu\u00e9 materiales necesito? <\/strong><\/p>\n<p style=\"text-align: justify\">Cada profesor har\u00e1 una sesi\u00f3n de presentaci\u00f3n al comienzo del curso donde explicar\u00e1 los materiales que se van a necesitar.&nbsp;<\/p>\n","protected":false},"excerpt":{"rendered":"<p>Con este plan pretendemos: Poner las TICS al servicio de los ciudadan@s para lograr una mayor calidad de vida al facilitar el acceso al trabajo, al ocio y a la comunicaci\u00f3n que, actualmente, facilita el uso de las redes. Formar a las personas adultas con una alfabetizaci\u00f3n funcional adecuada con objeto de disminuir la separaci\u00f3n &hellip; <\/p>\n<p><a class=\"more-link btn\" href=\"https:\/\/blogsaverroes.juntadeandalucia.es\/ceperdionisiomontero\/planes-educativos\/planes-2\/informatica\/\">Seguir leyendo<\/a><\/p>\n","protected":false},"author":11252,"featured_media":0,"parent":3862,"menu_order":0,"comment_status":"closed","ping_status":"closed","template":"","meta":{"ngg_post_thumbnail":0,"footnotes":"","_mc_calendar":[]},"aioseo_notices":[],"_links":{"self":[{"href":"https:\/\/blogsaverroes.juntadeandalucia.es\/ceperdionisiomontero\/wp-json\/wp\/v2\/pages\/3916"}],"collection":[{"href":"https:\/\/blogsaverroes.juntadeandalucia.es\/ceperdionisiomontero\/wp-json\/wp\/v2\/pages"}],"about":[{"href":"https:\/\/blogsaverroes.juntadeandalucia.es\/ceperdionisiomontero\/wp-json\/wp\/v2\/types\/page"}],"author":[{"embeddable":true,"href":"https:\/\/blogsaverroes.juntadeandalucia.es\/ceperdionisiomontero\/wp-json\/wp\/v2\/users\/11252"}],"replies":[{"embeddable":true,"href":"https:\/\/blogsaverroes.juntadeandalucia.es\/ceperdionisiomontero\/wp-json\/wp\/v2\/comments?post=3916"}],"version-history":[{"count":3,"href":"https:\/\/blogsaverroes.juntadeandalucia.es\/ceperdionisiomontero\/wp-json\/wp\/v2\/pages\/3916\/revisions"}],"predecessor-version":[{"id":3919,"href":"https:\/\/blogsaverroes.juntadeandalucia.es\/ceperdionisiomontero\/wp-json\/wp\/v2\/pages\/3916\/revisions\/3919"}],"up":[{"embeddable":true,"href":"https:\/\/blogsaverroes.juntadeandalucia.es\/ceperdionisiomontero\/wp-json\/wp\/v2\/pages\/3862"}],"wp:attachment":[{"href":"https:\/\/blogsaverroes.juntadeandalucia.es\/ceperdionisiomontero\/wp-json\/wp\/v2\/media?parent=3916"}],"curies":[{"name":"wp","href":"https:\/\/api.w.org\/{rel}","templated":true}]}}