{"id":872,"date":"2015-03-16T12:50:42","date_gmt":"2015-03-16T12:50:42","guid":{"rendered":"http:\/\/blogsaverroes.juntadeandalucia.es\/pre\/ceip\/?page_id=120"},"modified":"2020-05-05T10:49:15","modified_gmt":"2020-05-05T10:49:15","slug":"contactar","status":"publish","type":"page","link":"https:\/\/blogsaverroes.juntadeandalucia.es\/ceperelperejil\/contactar\/","title":{"rendered":"Contactar"},"content":{"rendered":"<p>Si desea contactar con nosotros, rellene el siguiente cuestionario. Intentaremos contestarle a la mayor brevedad posible.<br \/>\n*(campo obligatorio)<\/p>\n<form method=\"post\" id=\"cntctfrm_contact_form\" class=\"cntctfrm_contact_form cntctfrm_one_column cntctfrm_ltr cntctfrm_width_default\" action=\"\/ceperelperejil\/wp-json\/wp\/v2\/pages\/872#cntctfrm_contact_form\" enctype=\"multipart\/form-data\"><div id=\"cntctfrm_first_column\" class=\"cntctfrm_column\"><div class=\"cntctfrm_field_wrap cntctfrm_field_name_wrap\"namecontact><div class=\"cntctfrm_label cntctfrm_label_name\">\n\t\t\t\t\t\t\t\t\t<label for=\"cntctfrm_contact_name\">Nombre: <span class=\"required\">*<\/span><\/label><\/div><div class=\"cntctfrm_input cntctfrm_input_name\">\n\t\t\t\t\t\t\t\t\t<input namecontact class=\"text\" type=\"text\" size=\"40\" pattern=\"^[\\p{L}\\p{M}]{3,}(\\s\\p{M}*\\p{L}+)*\" title=\"Please enter only letters at least 3 characters, words seperated by spaces\" value=\"\" name=\"cntctfrm_contact_name\" id=\"cntctfrm_contact_name\" \/><\/div><\/div><div class=\"cntctfrm_field_wrap cntctfrm_field_email_wrap\"email><div class=\"cntctfrm_label cntctfrm_label_email\">\n\t\t\t\t\t\t\t\t\t<label for=\"cntctfrm_contact_email\">Direcci\u00f3n de correo electr\u00f3nico: <span class=\"required\">*<\/span><\/label>\n\t\t\t\t\t\t\t\t<\/div><div class=\"cntctfrm_input cntctfrm_input_email\">\n\t\t\t\t\t\t\t\t\t<input email class=\"text\" type=\"email\" size=\"40\" value=\"\" name=\"cntctfrm_contact_email\" id=\"cntctfrm_contact_email\" \/><\/div><\/div><div class=\"cntctfrm_field_wrap cntctfrm_field_subject_wrap\"subject><div class=\"cntctfrm_label cntctfrm_label_subject\">\n\t\t\t\t\t\t\t\t\t<label for=\"cntctfrm_contact_subject\">Asunto: <span class=\"required\">*<\/span><\/label>\n\t\t\t\t\t\t\t\t<\/div><div class=\"cntctfrm_input cntctfrm_input_subject\">\n\t\t\t\t\t\t\t\t<input subject pattern=\"^[\\p{M}\\p{L}]{3,}(\\s\\p{M}*\\p{L}+)*\" title=\"Please enter only letters at least 3 characters, words seperated by spaces\" class=\"text\" type=\"text\" size=\"40\" value=\"\" name=\"cntctfrm_contact_subject\" id=\"cntctfrm_contact_subject\" \/><\/div><\/div><div class=\"cntctfrm_field_wrap cntctfrm_field_message_wrap\"message><div class=\"cntctfrm_label cntctfrm_label_message\">\n\t\t\t\t\t\t\t\t<label for=\"cntctfrm_contact_message\">Mensaje: <span class=\"required\">*<\/span><\/label>\n\t\t\t\t\t\t\t<\/div><div class=\"cntctfrm_input cntctfrm_input_message\">\n\t\t\t\t\t\t\t\t<textarea message rows=\"5\" cols=\"30\"name=\"cntctfrm_contact_message\" id=\"cntctfrm_contact_message\"><\/textarea><\/div><\/div><\/div><div class=\"clear\"><\/div><div class=\"cntctfrm_submit_wrap\"><div id=\"cntctfrm_submit_first_column\" class=\"cntctfrm_column\"><div class=\"cntctfrm_input cntctfrm_input_submit\"><input type=\"hidden\" value=\"send\" name=\"cntctfrm_contact_action\">\n\t\t\t\t\t\t\t<input type=\"hidden\" value=\"default\" name=\"cntctfrm_language\">\n\t\t\t\t\t\t\t<input type=\"hidden\" value=\"1\" name=\"cntctfrm_form_submited\">\n\t\t\t\t\t\t\t<input type=\"hidden\" value=\"cntctfrm_options\" name=\"cntctfrm_options_name\">\n\t\t\t\t\t\t\t<input type=\"submit\" value=\"Enviar\" class=\"cntctfrm_contact_submit\" \/>\n\t\t\t\t\t\t<\/div><\/div><div id=\"cntctfrm_submit_second_column\" class=\"cntctfrm_column\"><\/div><div class=\"clear\"><\/div>\n\t\t\t<\/div>\n\t\t\t<\/form>\n[googlemaps https:\/\/www.google.com\/maps\/embed?pb=!1m18!1m12!1m3!1d3172.3555071300457!2d-5.851285635342091!3d37.33409139516477!2m3!1f0!2f0!3f0!3m2!1i1024!2i768!4f13.1!3m3!1m2!1s0xd1264d76986f4c3%3A0x5ae273c2fad7ccf2!2sBiblioteca%20alcala%20de%20guadaira!5e0!3m2!1ses!2ses!4v1588675383804!5m2!1ses!2ses&amp;w=600&amp;h=450]\n<p>&nbsp;<\/p>\n<p><span style=\"font-family: 'times new roman', times, serif;font-size: 14pt\"><strong>Direcci\u00f3n<\/strong>: Biblioteca P\u00fablica Jos\u00e9 Manuel Lara. Plaza del Perejil s\/n&nbsp; &nbsp; &nbsp;<\/span><\/p>\n<p><span style=\"font-family: 'times new roman', times, serif;font-size: 14pt\">Alcal\u00e1 de Guada\u00edra (Sevilla)&nbsp; CP:41500<\/span><\/p>\n<p><span style=\"font-family: 'times new roman', times, serif;font-size: 14pt\"><strong>Tel\u00e9fonos:<\/strong> 955656846 \/ 671598731 \/ 671598732<\/span><\/p>\n<p><span style=\"font-family: 'times new roman', times, serif;font-size: 14pt\"><strong>Email:&nbsp;<\/strong>41500232.edu@juntadeandalucia.es<\/span><\/p>\n","protected":false},"excerpt":{"rendered":"<p>Si desea contactar con nosotros, rellene el siguiente cuestionario. Intentaremos contestarle a la mayor brevedad posible. *(campo obligatorio) [googlemaps https:\/\/www.google.com\/maps\/embed?pb=!1m18!1m12!1m3!1d3172.3555071300457!2d-5.851285635342091!3d37.33409139516477!2m3!1f0!2f0!3f0!3m2!1i1024!2i768!4f13.1!3m3!1m2!1s0xd1264d76986f4c3%3A0x5ae273c2fad7ccf2!2sBiblioteca%20alcala%20de%20guadaira!5e0!3m2!1ses!2ses!4v1588675383804!5m2!1ses!2ses&amp;w=600&amp;h=450] &nbsp; Direcci\u00f3n: Biblioteca P\u00fablica Jos\u00e9 Manuel Lara. Plaza del Perejil s\/n&nbsp; &nbsp; &nbsp; Alcal\u00e1&#46;&#46;&#46;<\/p>\n","protected":false},"author":1,"featured_media":0,"parent":0,"menu_order":0,"comment_status":"closed","ping_status":"open","template":"","meta":{"ngg_post_thumbnail":0,"footnotes":"","_mc_calendar":[]},"aioseo_notices":[],"_links":{"self":[{"href":"https:\/\/blogsaverroes.juntadeandalucia.es\/ceperelperejil\/wp-json\/wp\/v2\/pages\/872"}],"collection":[{"href":"https:\/\/blogsaverroes.juntadeandalucia.es\/ceperelperejil\/wp-json\/wp\/v2\/pages"}],"about":[{"href":"https:\/\/blogsaverroes.juntadeandalucia.es\/ceperelperejil\/wp-json\/wp\/v2\/types\/page"}],"author":[{"embeddable":true,"href":"https:\/\/blogsaverroes.juntadeandalucia.es\/ceperelperejil\/wp-json\/wp\/v2\/users\/1"}],"replies":[{"embeddable":true,"href":"https:\/\/blogsaverroes.juntadeandalucia.es\/ceperelperejil\/wp-json\/wp\/v2\/comments?post=872"}],"version-history":[{"count":14,"href":"https:\/\/blogsaverroes.juntadeandalucia.es\/ceperelperejil\/wp-json\/wp\/v2\/pages\/872\/revisions"}],"predecessor-version":[{"id":2924,"href":"https:\/\/blogsaverroes.juntadeandalucia.es\/ceperelperejil\/wp-json\/wp\/v2\/pages\/872\/revisions\/2924"}],"wp:attachment":[{"href":"https:\/\/blogsaverroes.juntadeandalucia.es\/ceperelperejil\/wp-json\/wp\/v2\/media?parent=872"}],"curies":[{"name":"wp","href":"https:\/\/api.w.org\/{rel}","templated":true}]}}