{"id":339,"date":"2015-03-18T08:43:14","date_gmt":"2015-03-18T08:43:14","guid":{"rendered":"http:\/\/blogsaverroes.juntadeandalucia.es\/pre\/ceip\/?page_id=339"},"modified":"2022-11-09T10:58:22","modified_gmt":"2022-11-09T10:58:22","slug":"centro-de-educacion-permanente","status":"publish","type":"page","link":"https:\/\/blogsaverroes.juntadeandalucia.es\/ceperguamenze\/guadix\/centro-de-educacion-permanente\/","title":{"rendered":"Ceper Guamenze, Guadix"},"content":{"rendered":"<div id=\"categorias\">\n<h4>&nbsp;<\/h4>\n<p><strong>Llevamos desde los a\u00f1os ochenta dedicados a la educaci\u00f3n de personas adultas en la localidades de Guadix y su comarca. El propio nombre de nuestro centro quiere ser un acr\u00f3nimo que englobe su \u00e1mbito de actuaci\u00f3n: GUAdix, MENcal (Montes Orientales de Granada) y Marquesado del ZEnete: GUAMENZE.<\/strong><\/p>\n<p><strong>El profesorado perteneciente al Centro situado en Guadix atiende a las poblaciones de Guadix, Hern\u00e1n-Valle, Belerda, Paulenca y Gor.<\/strong><\/p>\n<p><strong>Nuestro inter\u00e9s es servir a la poblaci\u00f3n adulta de Guadix y comarca. Nuestro objetivo es servir de referente y ayudar a la formaci\u00f3n, integraci\u00f3n y desarrollo personal y educativo de las personas de nuestro entorno.<\/strong><\/p>\n<h4><strong><a href=\"https:\/\/blogsaverroes.juntadeandalucia.es\/ceperguamenze\/files\/2021\/04\/casa-don-adriano.jpeg\"><img loading=\"lazy\" decoding=\"async\" class=\"size-full wp-image-2974 alignleft\" src=\"https:\/\/blogsaverroes.juntadeandalucia.es\/ceperguamenze\/files\/2021\/04\/casa-don-adriano.jpeg\" alt=\"\" width=\"183\" height=\"276\"><\/a><a href=\"https:\/\/blogsaverroes.juntadeandalucia.es\/ceperguamenze\/files\/2021\/04\/mira-de-amezcua.jpeg\"><br \/>\n<img loading=\"lazy\" decoding=\"async\" class=\" wp-image-2977 alignleft\" src=\"https:\/\/blogsaverroes.juntadeandalucia.es\/ceperguamenze\/files\/2021\/04\/mira-de-amezcua.jpeg\" alt=\"\" width=\"233\" height=\"180\"><\/a><\/strong><\/h4>\n<p><strong>Para ello se promueven actividades educativas presenciales y extraescolares.<\/strong><\/p>\n<p><strong>Damos respuesta a las necesidades educativas de nuestra localidad y comarca.<\/strong><\/p>\n<h4><a href=\"https:\/\/blogsaverroes.juntadeandalucia.es\/ceperguamenze\/files\/2021\/04\/docentes-ceper-guamenze.jpeg\"><img loading=\"lazy\" decoding=\"async\" class=\"size-full wp-image-2975 alignright\" src=\"https:\/\/blogsaverroes.juntadeandalucia.es\/ceperguamenze\/files\/2021\/04\/docentes-ceper-guamenze.jpeg\" alt=\"\" width=\"225\" height=\"225\" srcset=\"https:\/\/blogsaverroes.juntadeandalucia.es\/ceperguamenze\/files\/2021\/04\/docentes-ceper-guamenze.jpeg 225w, https:\/\/blogsaverroes.juntadeandalucia.es\/ceperguamenze\/files\/2021\/04\/docentes-ceper-guamenze-150x150.jpeg 150w, https:\/\/blogsaverroes.juntadeandalucia.es\/ceperguamenze\/files\/2021\/04\/docentes-ceper-guamenze-50x50.jpeg 50w\" sizes=\"(max-width: 225px) 100vw, 225px\" \/><\/a><a href=\"https:\/\/blogsaverroes.juntadeandalucia.es\/ceperguamenze\/files\/2021\/04\/a2-scaled.jpeg\"><img loading=\"lazy\" decoding=\"async\" class=\"wp-image-2978 alignleft\" src=\"https:\/\/blogsaverroes.juntadeandalucia.es\/ceperguamenze\/files\/2021\/04\/a2-scaled.jpeg\" alt=\"\" width=\"298\" height=\"224\" srcset=\"https:\/\/blogsaverroes.juntadeandalucia.es\/ceperguamenze\/files\/2021\/04\/a2-scaled.jpeg 1600w, https:\/\/blogsaverroes.juntadeandalucia.es\/ceperguamenze\/files\/2021\/04\/a2-300x225.jpeg 300w, https:\/\/blogsaverroes.juntadeandalucia.es\/ceperguamenze\/files\/2021\/04\/a2-1024x768.jpeg 1024w, https:\/\/blogsaverroes.juntadeandalucia.es\/ceperguamenze\/files\/2021\/04\/a2-768x576.jpeg 768w, https:\/\/blogsaverroes.juntadeandalucia.es\/ceperguamenze\/files\/2021\/04\/a2-1536x1152.jpeg 1536w, https:\/\/blogsaverroes.juntadeandalucia.es\/ceperguamenze\/files\/2021\/04\/a2-2048x1536.jpeg 2048w\" sizes=\"(max-width: 298px) 100vw, 298px\" \/><\/a><\/h4>\n<p>&nbsp;<\/p>\n<p>&nbsp;<\/p>\n<p>&nbsp;<\/p>\n<p>&nbsp;<\/p>\n<p>&nbsp;<\/p>\n<p>&nbsp;<\/p>\n<p style=\"text-align: left\">&nbsp;<\/p>\n<\/div>\n<div id=\"categorias\">\n<h4>&nbsp;<\/h4>\n<p>Direcci\u00f3n: C\/Santa Mar\u00eda del Buen Aire, n\u00ba 7, 18500, Guadix<\/p>\n<p>T\u00e9lf. 958 69 95 45<\/p>\n<p>Email: 18500528.edu@juntadeandalucia.es<\/p>\n<p>&nbsp;<\/p>\n<\/div>\n<p>&nbsp;<\/p>\n<p>&nbsp;<\/p>\n<p>&nbsp;<\/p>\n<p>&nbsp;<\/p>\n<p>&nbsp;<\/p>\n<p>&nbsp;<\/p>\n","protected":false},"excerpt":{"rendered":"<p>&nbsp; Llevamos desde los a\u00f1os ochenta dedicados a la educaci\u00f3n de personas adultas en la localidades de Guadix y su comarca. El propio nombre de nuestro centro quiere ser un acr\u00f3nimo que englobe su&#46;&#46;&#46;<\/p>\n","protected":false},"author":1,"featured_media":0,"parent":170,"menu_order":0,"comment_status":"closed","ping_status":"open","template":"page-c.php","meta":{"ngg_post_thumbnail":0,"footnotes":"","_mc_calendar":[]},"aioseo_notices":[],"_links":{"self":[{"href":"https:\/\/blogsaverroes.juntadeandalucia.es\/ceperguamenze\/wp-json\/wp\/v2\/pages\/339"}],"collection":[{"href":"https:\/\/blogsaverroes.juntadeandalucia.es\/ceperguamenze\/wp-json\/wp\/v2\/pages"}],"about":[{"href":"https:\/\/blogsaverroes.juntadeandalucia.es\/ceperguamenze\/wp-json\/wp\/v2\/types\/page"}],"author":[{"embeddable":true,"href":"https:\/\/blogsaverroes.juntadeandalucia.es\/ceperguamenze\/wp-json\/wp\/v2\/users\/1"}],"replies":[{"embeddable":true,"href":"https:\/\/blogsaverroes.juntadeandalucia.es\/ceperguamenze\/wp-json\/wp\/v2\/comments?post=339"}],"version-history":[{"count":19,"href":"https:\/\/blogsaverroes.juntadeandalucia.es\/ceperguamenze\/wp-json\/wp\/v2\/pages\/339\/revisions"}],"predecessor-version":[{"id":3513,"href":"https:\/\/blogsaverroes.juntadeandalucia.es\/ceperguamenze\/wp-json\/wp\/v2\/pages\/339\/revisions\/3513"}],"up":[{"embeddable":true,"href":"https:\/\/blogsaverroes.juntadeandalucia.es\/ceperguamenze\/wp-json\/wp\/v2\/pages\/170"}],"wp:attachment":[{"href":"https:\/\/blogsaverroes.juntadeandalucia.es\/ceperguamenze\/wp-json\/wp\/v2\/media?parent=339"}],"curies":[{"name":"wp","href":"https:\/\/api.w.org\/{rel}","templated":true}]}}