{"id":391,"date":"2024-12-04T19:39:24","date_gmt":"2024-12-04T19:39:24","guid":{"rendered":"https:\/\/blogsaverroes.juntadeandalucia.es\/ceperlapastira\/?page_id=391"},"modified":"2026-02-02T19:41:48","modified_gmt":"2026-02-02T19:41:48","slug":"sep-francisco-almagro","status":"publish","type":"page","link":"https:\/\/blogsaverroes.juntadeandalucia.es\/ceperlapastira\/sep-francisco-almagro\/","title":{"rendered":"SEP FRANCISCO ALMAGRO"},"content":{"rendered":"<p>&nbsp; &nbsp;<img loading=\"lazy\" decoding=\"async\" class=\"alignnone wp-image-480\" src=\"https:\/\/blogsaverroes.juntadeandalucia.es\/ceperlapastira\/files\/2025\/02\/Pegalajar-1.png\" alt=\"\" width=\"89\" height=\"165\">&nbsp; &nbsp; &nbsp;<img loading=\"lazy\" decoding=\"async\" class=\"alignnone wp-image-594\" src=\"https:\/\/blogsaverroes.juntadeandalucia.es\/ceperlapastira\/files\/2026\/02\/images-2.jpg\" alt=\"\" width=\"216\" height=\"121\">&nbsp; &nbsp; <img loading=\"lazy\" decoding=\"async\" class=\"alignnone wp-image-593\" src=\"https:\/\/blogsaverroes.juntadeandalucia.es\/ceperlapastira\/files\/2026\/02\/1.jpg\" alt=\"\" width=\"173\" height=\"120\">&nbsp; &nbsp; &nbsp;<img loading=\"lazy\" decoding=\"async\" class=\"alignnone wp-image-483\" src=\"https:\/\/blogsaverroes.juntadeandalucia.es\/ceperlapastira\/files\/2025\/02\/Escudo_de_La_Guardia_de_Jaen.svg_.png\" alt=\"\" width=\"98\" height=\"174\" srcset=\"https:\/\/blogsaverroes.juntadeandalucia.es\/ceperlapastira\/files\/2025\/02\/Escudo_de_La_Guardia_de_Jaen.svg_.png 300w, https:\/\/blogsaverroes.juntadeandalucia.es\/ceperlapastira\/files\/2025\/02\/Escudo_de_La_Guardia_de_Jaen.svg_-169x300.png 169w\" sizes=\"(max-width: 98px) 100vw, 98px\" \/><\/p>\n<p>&nbsp;<\/p>\n<p><span style=\"font-weight: 400\"><strong>Pegalajar<\/strong> est\u00e1 situado en la comarca de Sierra M\u00e1gina a unos 19 Km. de Ja\u00e9n. El principal n\u00facleo de poblaci\u00f3n se encuentra en Pegalajar aunque existe otro n\u00facleo en La Cerradura. La poblaci\u00f3n es eminentemente agr\u00edcola, siendo la aceituna su principal fuente de riqueza. Tambi\u00e9n destaca la construcci\u00f3n, el comercio, los servicios y una peque\u00f1a industria.<\/span><\/p>\n<p><span style=\"font-weight: 400\">&nbsp;&nbsp;&nbsp;&nbsp;&nbsp;Los vecinos de Pegalajar est\u00e1n agrupados en distintas asociaciones culturales: musicales, juveniles, taurinas, deportivas, vecinales, etc.<\/span><\/p>\n<p><span style=\"font-weight: 400\"><strong>La Guardia<\/strong> est\u00e1 situada a unos 11km de Ja\u00e9n, sus habitantes, se incluyen tanto a los vecinos de la localidad como los de las distintas urbanizaciones, siendo por tanto ciudad dormitorio de la&nbsp; capital.<\/span><\/p>\n<p><span style=\"font-weight: 400\">&nbsp;&nbsp;&nbsp;&nbsp;Su nivel econ\u00f3mico es m\u00e1s elevado que la media del entorno, debido a esta circunstancia.<\/span><\/p>\n<p><span style=\"font-weight: 400\">La SEP. \u201cFrancisco Almagro\u201d est\u00e1 ubicada en el Centro Cultural, sito en la calle Eras, s\/n. y cuenta con tres aulas y un despacho peque\u00f1o.<\/span><\/p>\n<p><span style=\"font-weight: 400\">El aula de adultos de La Guardia est\u00e1 ubicada este curso,&nbsp; en un edificio municipal, puesto que nuestra aula fue destinada a un curso de FPE.&nbsp;&nbsp;<\/span><\/p>\n<p>&nbsp;<\/p>\n<p>&nbsp;<\/p>\n","protected":false},"excerpt":{"rendered":"<p>&nbsp; &nbsp;&nbsp; &nbsp; &nbsp;&nbsp; &nbsp; &nbsp; &nbsp; &nbsp; &nbsp; Pegalajar est\u00e1 situado en la comarca de Sierra M\u00e1gina a unos 19 Km. de Ja\u00e9n. El principal n\u00facleo de poblaci\u00f3n se encuentra en Pegalajar aunque&#46;&#46;&#46;<\/p>\n","protected":false},"author":11889,"featured_media":0,"parent":0,"menu_order":0,"comment_status":"closed","ping_status":"closed","template":"","meta":{"ngg_post_thumbnail":0,"footnotes":""},"aioseo_notices":[],"_links":{"self":[{"href":"https:\/\/blogsaverroes.juntadeandalucia.es\/ceperlapastira\/wp-json\/wp\/v2\/pages\/391"}],"collection":[{"href":"https:\/\/blogsaverroes.juntadeandalucia.es\/ceperlapastira\/wp-json\/wp\/v2\/pages"}],"about":[{"href":"https:\/\/blogsaverroes.juntadeandalucia.es\/ceperlapastira\/wp-json\/wp\/v2\/types\/page"}],"author":[{"embeddable":true,"href":"https:\/\/blogsaverroes.juntadeandalucia.es\/ceperlapastira\/wp-json\/wp\/v2\/users\/11889"}],"replies":[{"embeddable":true,"href":"https:\/\/blogsaverroes.juntadeandalucia.es\/ceperlapastira\/wp-json\/wp\/v2\/comments?post=391"}],"version-history":[{"count":6,"href":"https:\/\/blogsaverroes.juntadeandalucia.es\/ceperlapastira\/wp-json\/wp\/v2\/pages\/391\/revisions"}],"predecessor-version":[{"id":601,"href":"https:\/\/blogsaverroes.juntadeandalucia.es\/ceperlapastira\/wp-json\/wp\/v2\/pages\/391\/revisions\/601"}],"wp:attachment":[{"href":"https:\/\/blogsaverroes.juntadeandalucia.es\/ceperlapastira\/wp-json\/wp\/v2\/media?parent=391"}],"curies":[{"name":"wp","href":"https:\/\/api.w.org\/{rel}","templated":true}]}}