{"id":146,"date":"2020-10-23T16:14:16","date_gmt":"2020-10-23T14:14:16","guid":{"rendered":"https:\/\/blogsaverroes.juntadeandalucia.es\/cepermariadeluna\/?page_id=146"},"modified":"2025-06-01T22:46:54","modified_gmt":"2025-06-01T20:46:54","slug":"ingles-basico","status":"publish","type":"page","link":"https:\/\/blogsaverroes.juntadeandalucia.es\/cepermariadeluna\/presentacion\/ingles-basico\/","title":{"rendered":"Ingl\u00e9s B\u00e1sico"},"content":{"rendered":"<p><iframe loading=\"lazy\" src=\"\/\/www.youtube.com\/embed\/8rxPnal_Ve4?si=r1XmDWnE-tK2ZQEH\" width=\"560\" height=\"315\" frameborder=\"0\"><\/iframe><\/p>\n<p>Este es uno de nuestros planes de <strong>Fomento de la Ciudadan\u00eda Activa<\/strong>. Est\u00e1 pensado para aquellos\/as que quieran aprender un poco de ingl\u00e9s pero sin presiones, a su ritmo.<\/p>\n<p>Procuramos, eso si, atender todas las <strong>destrezas<\/strong> necesarias para poder aprender un idioma extranjero:<\/p>\n<ul style=\"list-style-type: disc\">\n<li>Comprensi\u00f3n y expresi\u00f3n escrita.<\/li>\n<li>Comprensi\u00f3n y expresi\u00f3n oral.<\/li>\n<\/ul>\n<p>Eso si, <strong>adaptadas<\/strong> al nivel de nuestro alumnado.<\/p>\n<p>Desde el <strong>curso 2022\/23 <\/strong>llevamos a cabo una actividad conjunta con el profesorado y alumnado del plan de Interculturalidad, que consiste en la celebraci\u00f3n, una vez al mes, de un encuentro entre el alumnado angloparlante de nuestra escuela con el alumnado que quiere aprender ingl\u00e9s.<\/p>\n<p>Habitualmente se realiza los viernes por la ma\u00f1ana y tiene una duraci\u00f3n de dos horas. En la primera hora se focaliza en el espa\u00f1ol y en la segunda hora nos centramos en el ingl\u00e9s. Entre medias de cada sesi\u00f3n hacemos una peque\u00f1a pausa para tomar el t\u00e9.<\/p>\n","protected":false},"excerpt":{"rendered":"<p>Este es uno de nuestros planes de Fomento de la Ciudadan\u00eda Activa. Est\u00e1 pensado para aquellos\/as que quieran aprender un poco de ingl\u00e9s pero sin presiones, a su ritmo. Procuramos, eso si, atender todas&#46;&#46;&#46;<\/p>\n","protected":false},"author":5774,"featured_media":0,"parent":69,"menu_order":0,"comment_status":"closed","ping_status":"closed","template":"","meta":{"ngg_post_thumbnail":0,"footnotes":"","_mc_calendar":[]},"aioseo_notices":[],"_links":{"self":[{"href":"https:\/\/blogsaverroes.juntadeandalucia.es\/cepermariadeluna\/wp-json\/wp\/v2\/pages\/146"}],"collection":[{"href":"https:\/\/blogsaverroes.juntadeandalucia.es\/cepermariadeluna\/wp-json\/wp\/v2\/pages"}],"about":[{"href":"https:\/\/blogsaverroes.juntadeandalucia.es\/cepermariadeluna\/wp-json\/wp\/v2\/types\/page"}],"author":[{"embeddable":true,"href":"https:\/\/blogsaverroes.juntadeandalucia.es\/cepermariadeluna\/wp-json\/wp\/v2\/users\/5774"}],"replies":[{"embeddable":true,"href":"https:\/\/blogsaverroes.juntadeandalucia.es\/cepermariadeluna\/wp-json\/wp\/v2\/comments?post=146"}],"version-history":[{"count":4,"href":"https:\/\/blogsaverroes.juntadeandalucia.es\/cepermariadeluna\/wp-json\/wp\/v2\/pages\/146\/revisions"}],"predecessor-version":[{"id":3797,"href":"https:\/\/blogsaverroes.juntadeandalucia.es\/cepermariadeluna\/wp-json\/wp\/v2\/pages\/146\/revisions\/3797"}],"up":[{"embeddable":true,"href":"https:\/\/blogsaverroes.juntadeandalucia.es\/cepermariadeluna\/wp-json\/wp\/v2\/pages\/69"}],"wp:attachment":[{"href":"https:\/\/blogsaverroes.juntadeandalucia.es\/cepermariadeluna\/wp-json\/wp\/v2\/media?parent=146"}],"curies":[{"name":"wp","href":"https:\/\/api.w.org\/{rel}","templated":true}]}}