{"id":72,"date":"2020-05-28T10:16:15","date_gmt":"2020-05-28T10:16:15","guid":{"rendered":"https:\/\/blogsaverroes.juntadeandalucia.es\/cepermariadeluna\/?page_id=72"},"modified":"2025-10-10T14:39:18","modified_gmt":"2025-10-10T12:39:18","slug":"claustro-del-centro","status":"publish","type":"page","link":"https:\/\/blogsaverroes.juntadeandalucia.es\/cepermariadeluna\/claustro-del-centro\/","title":{"rendered":"Claustro del centro"},"content":{"rendered":"<p>El CEPER Mar\u00eda de Luna est\u00e1 compuesto por el siguiente claustro:<\/p>\n<h1><strong>CEPER Mar\u00eda de Luna<\/strong><\/h1>\n<table style=\"border-collapse: collapse;width: 100%\">\n<tbody>\n<tr>\n<td style=\"width: 33.5403%\"><img loading=\"lazy\" decoding=\"async\" class=\"alignleft size-thumbnail wp-image-313\" src=\"https:\/\/blogsaverroes.juntadeandalucia.es\/cepermariadeluna\/files\/2020\/12\/irina-2-150x150.png\" alt=\"Irina Mart\u00ednez Mart\u00ednez\" width=\"150\" height=\"150\" srcset=\"https:\/\/blogsaverroes.juntadeandalucia.es\/cepermariadeluna\/files\/2020\/12\/irina-2-150x150.png 150w, https:\/\/blogsaverroes.juntadeandalucia.es\/cepermariadeluna\/files\/2020\/12\/irina-2-100x100.png 100w, https:\/\/blogsaverroes.juntadeandalucia.es\/cepermariadeluna\/files\/2020\/12\/irina-2-80x80.png 80w, https:\/\/blogsaverroes.juntadeandalucia.es\/cepermariadeluna\/files\/2020\/12\/irina-2-320x320.png 320w\" sizes=\"(max-width: 150px) 100vw, 150px\" \/><\/td>\n<td style=\"width: 33.1263%\">Irina Mart\u00ednez Mart\u00ednez<\/td>\n<td style=\"width: 33.3333%\">Directora y maestra de ingl\u00e9s.<\/td>\n<\/tr>\n<tr>\n<td style=\"width: 33.5403%\"><img loading=\"lazy\" decoding=\"async\" class=\"alignleft size-thumbnail wp-image-249\" src=\"https:\/\/blogsaverroes.juntadeandalucia.es\/cepermariadeluna\/files\/2020\/12\/eva-150x150.png\" alt=\"\" width=\"150\" height=\"150\" srcset=\"https:\/\/blogsaverroes.juntadeandalucia.es\/cepermariadeluna\/files\/2020\/12\/eva-150x150.png 150w, https:\/\/blogsaverroes.juntadeandalucia.es\/cepermariadeluna\/files\/2020\/12\/eva-100x100.png 100w, https:\/\/blogsaverroes.juntadeandalucia.es\/cepermariadeluna\/files\/2020\/12\/eva-80x80.png 80w, https:\/\/blogsaverroes.juntadeandalucia.es\/cepermariadeluna\/files\/2020\/12\/eva-320x320.png 320w\" sizes=\"(max-width: 150px) 100vw, 150px\" \/><\/td>\n<td style=\"width: 33.1263%\">Carmen Su\u00e1rez L\u00f3pez<\/td>\n<td style=\"width: 33.3333%\">Jefa de estudios y maestra de primaria.<\/td>\n<\/tr>\n<tr>\n<td style=\"width: 33.5403%\"><img loading=\"lazy\" decoding=\"async\" class=\"size-thumbnail wp-image-3933 alignleft\" src=\"https:\/\/blogsaverroes.juntadeandalucia.es\/cepermariadeluna\/files\/2025\/10\/luis-recortada-150x150.png\" alt=\"\" width=\"150\" height=\"150\" srcset=\"https:\/\/blogsaverroes.juntadeandalucia.es\/cepermariadeluna\/files\/2025\/10\/luis-recortada-150x150.png 150w, https:\/\/blogsaverroes.juntadeandalucia.es\/cepermariadeluna\/files\/2025\/10\/luis-recortada-80x80.png 80w, https:\/\/blogsaverroes.juntadeandalucia.es\/cepermariadeluna\/files\/2025\/10\/luis-recortada-320x320.png 320w\" sizes=\"(max-width: 150px) 100vw, 150px\" \/><\/td>\n<td style=\"width: 33.1263%\">Luis Santos Lema<\/td>\n<td style=\"width: 33.3333%\">Maestro de ingl\u00e9s.<\/td>\n<\/tr>\n<tr>\n<td style=\"width: 33.5403%\"><img loading=\"lazy\" decoding=\"async\" class=\"size-thumbnail wp-image-3934 alignleft\" src=\"https:\/\/blogsaverroes.juntadeandalucia.es\/cepermariadeluna\/files\/2025\/10\/Maria-Redondo-recortada-150x150.png\" alt=\"\" width=\"150\" height=\"150\" srcset=\"https:\/\/blogsaverroes.juntadeandalucia.es\/cepermariadeluna\/files\/2025\/10\/Maria-Redondo-recortada-150x150.png 150w, https:\/\/blogsaverroes.juntadeandalucia.es\/cepermariadeluna\/files\/2025\/10\/Maria-Redondo-recortada-80x80.png 80w, https:\/\/blogsaverroes.juntadeandalucia.es\/cepermariadeluna\/files\/2025\/10\/Maria-Redondo-recortada-320x320.png 320w\" sizes=\"(max-width: 150px) 100vw, 150px\" \/><\/td>\n<td style=\"width: 33.1263%\">Mar\u00eda Redondo Ruiz<\/td>\n<td style=\"width: 33.3333%\">Maestra de primaria.<\/td>\n<\/tr>\n<tr>\n<td style=\"width: 33.5403%\"><img loading=\"lazy\" decoding=\"async\" class=\"size-thumbnail wp-image-248 alignleft\" src=\"https:\/\/blogsaverroes.juntadeandalucia.es\/cepermariadeluna\/files\/2020\/12\/noelia-150x150.png\" alt=\"\" width=\"150\" height=\"150\" srcset=\"https:\/\/blogsaverroes.juntadeandalucia.es\/cepermariadeluna\/files\/2020\/12\/noelia-150x150.png 150w, https:\/\/blogsaverroes.juntadeandalucia.es\/cepermariadeluna\/files\/2020\/12\/noelia-100x100.png 100w, https:\/\/blogsaverroes.juntadeandalucia.es\/cepermariadeluna\/files\/2020\/12\/noelia-80x80.png 80w, https:\/\/blogsaverroes.juntadeandalucia.es\/cepermariadeluna\/files\/2020\/12\/noelia-320x320.png 320w\" sizes=\"(max-width: 150px) 100vw, 150px\" \/><\/td>\n<td style=\"width: 33.1263%\">Dolores Ib\u00e1\u00f1ez \u00c1vila<\/td>\n<td style=\"width: 33.3333%\">Maestra de primaria.<\/td>\n<\/tr>\n<\/tbody>\n<\/table>\n<h2>SEP Casa del Agua<\/h2>\n<table style=\"border-collapse: collapse;width: 100%\">\n<tbody>\n<tr>\n<td style=\"width: 33.3333%\"><img loading=\"lazy\" decoding=\"async\" class=\"size-thumbnail wp-image-253 alignleft\" src=\"https:\/\/blogsaverroes.juntadeandalucia.es\/cepermariadeluna\/files\/2020\/12\/manolo-150x150.png\" alt=\"\" width=\"150\" height=\"150\" srcset=\"https:\/\/blogsaverroes.juntadeandalucia.es\/cepermariadeluna\/files\/2020\/12\/manolo-150x150.png 150w, https:\/\/blogsaverroes.juntadeandalucia.es\/cepermariadeluna\/files\/2020\/12\/manolo-100x100.png 100w, https:\/\/blogsaverroes.juntadeandalucia.es\/cepermariadeluna\/files\/2020\/12\/manolo-80x80.png 80w, https:\/\/blogsaverroes.juntadeandalucia.es\/cepermariadeluna\/files\/2020\/12\/manolo-320x320.png 320w\" sizes=\"(max-width: 150px) 100vw, 150px\" \/><\/td>\n<td style=\"width: 33.3333%\"><span class=\"texto-SNC \">Ram\u00f3n Villanueva F\u00e9lez<\/span><\/td>\n<td style=\"width: 33.3333%\">Jefe de estudios delegado y maestro de ingl\u00e9s que atiende a todos los \u00e1mbitos de secundaria (Comunicativo, Social y Cient\u00edfico\/Tecnol\u00f3gico) adem\u00e1s de los grupos de ingl\u00e9s b\u00e1sico, TAE EOI, TIC y formaci\u00f3n b\u00e1sica.<\/td>\n<\/tr>\n<\/tbody>\n<\/table>\n<h2>SEP Guardal<\/h2>\n<table style=\"border-collapse: collapse;width: 100%;height: 174px\">\n<tbody>\n<tr style=\"height: 150px\">\n<td style=\"width: 33.3333%;height: 150px\"><img loading=\"lazy\" decoding=\"async\" class=\"size-thumbnail wp-image-222 alignleft\" src=\"https:\/\/blogsaverroes.juntadeandalucia.es\/cepermariadeluna\/files\/2020\/10\/sole-150x150.png\" alt=\"\" width=\"150\" height=\"150\" srcset=\"https:\/\/blogsaverroes.juntadeandalucia.es\/cepermariadeluna\/files\/2020\/10\/sole-150x150.png 150w, https:\/\/blogsaverroes.juntadeandalucia.es\/cepermariadeluna\/files\/2020\/10\/sole-100x100.png 100w, https:\/\/blogsaverroes.juntadeandalucia.es\/cepermariadeluna\/files\/2020\/10\/sole-80x80.png 80w, https:\/\/blogsaverroes.juntadeandalucia.es\/cepermariadeluna\/files\/2020\/10\/sole-320x320.png 320w\" sizes=\"(max-width: 150px) 100vw, 150px\" \/><\/td>\n<td style=\"width: 33.3333%;height: 150px\">Soledad Pe\u00f1a Rodr\u00edguez<\/td>\n<td style=\"width: 33.3333%;height: 150px\">Jefa de estudios delegada y maestra de primaria que atiende todos los \u00e1mbitos de secundaria en Benamaurel, adem\u00e1s de grupos de TIC y cultura andaluza.<\/td>\n<\/tr>\n<tr style=\"height: 24px\">\n<td style=\"width: 33.3333%;height: 24px\"><img loading=\"lazy\" decoding=\"async\" class=\"size-thumbnail wp-image-2762 alignleft\" src=\"https:\/\/blogsaverroes.juntadeandalucia.es\/cepermariadeluna\/files\/2024\/10\/Antonio-Serrano-150x150.png\" alt=\"\" width=\"150\" height=\"150\" srcset=\"https:\/\/blogsaverroes.juntadeandalucia.es\/cepermariadeluna\/files\/2024\/10\/Antonio-Serrano-150x150.png 150w, https:\/\/blogsaverroes.juntadeandalucia.es\/cepermariadeluna\/files\/2024\/10\/Antonio-Serrano-80x80.png 80w, https:\/\/blogsaverroes.juntadeandalucia.es\/cepermariadeluna\/files\/2024\/10\/Antonio-Serrano-320x320.png 320w\" sizes=\"(max-width: 150px) 100vw, 150px\" \/><\/td>\n<td style=\"width: 33.3333%;height: 24px\">Antonio Serrano Robles<\/td>\n<td style=\"width: 33.3333%;height: 24px\">Maestro de ingl\u00e9s que atiende todos los \u00e1mbitos de secundaria en Cortes de Baza as\u00ed como el ingl\u00e9s b\u00e1sico y la interculturalidad. Se desplaza tambi\u00e9n a Benamaurel para las clases de ingl\u00e9s b\u00e1sico y TAE EOI. Y atiende grupos en Campo C\u00e1mara y Los Laneros.<\/td>\n<\/tr>\n<\/tbody>\n<\/table>\n<h2>SEP La Torre<\/h2>\n<table style=\"border-collapse: collapse;width: 100%\">\n<tbody>\n<tr>\n<td style=\"width: 33.3333%\"><img loading=\"lazy\" decoding=\"async\" class=\"size-thumbnail wp-image-2764 alignleft\" src=\"https:\/\/blogsaverroes.juntadeandalucia.es\/cepermariadeluna\/files\/2024\/10\/Victoria-Navarro-150x150.png\" alt=\"\" width=\"150\" height=\"150\" srcset=\"https:\/\/blogsaverroes.juntadeandalucia.es\/cepermariadeluna\/files\/2024\/10\/Victoria-Navarro-150x150.png 150w, https:\/\/blogsaverroes.juntadeandalucia.es\/cepermariadeluna\/files\/2024\/10\/Victoria-Navarro-80x80.png 80w, https:\/\/blogsaverroes.juntadeandalucia.es\/cepermariadeluna\/files\/2024\/10\/Victoria-Navarro-320x320.png 320w\" sizes=\"(max-width: 150px) 100vw, 150px\" \/><\/td>\n<td style=\"width: 33.3333%\"><span class=\"texto-SNC \">Mar\u00eda Victoria Navarro Vidal<\/span><\/td>\n<td style=\"width: 33.3333%\">Jefa de estudios delegada y maestra de ingl\u00e9s que atiende todos los \u00e1mbitos de la secundaria, vida saludable, ingl\u00e9s b\u00e1sico y grupos de interculturalidad.<\/td>\n<\/tr>\n<\/tbody>\n<\/table>\n<h2>SEP Negrat\u00edn<\/h2>\n<table style=\"border-collapse: collapse;width: 100%\">\n<tbody>\n<tr>\n<td style=\"width: 33.3333%\"><img loading=\"lazy\" decoding=\"async\" class=\"alignleft size-thumbnail wp-image-3986\" src=\"https:\/\/blogsaverroes.juntadeandalucia.es\/cepermariadeluna\/files\/2025\/10\/manuela-recortada-150x150.png\" alt=\"\" width=\"150\" height=\"150\" srcset=\"https:\/\/blogsaverroes.juntadeandalucia.es\/cepermariadeluna\/files\/2025\/10\/manuela-recortada-150x150.png 150w, https:\/\/blogsaverroes.juntadeandalucia.es\/cepermariadeluna\/files\/2025\/10\/manuela-recortada-80x80.png 80w, https:\/\/blogsaverroes.juntadeandalucia.es\/cepermariadeluna\/files\/2025\/10\/manuela-recortada-320x320.png 320w\" sizes=\"(max-width: 150px) 100vw, 150px\" \/><\/td>\n<td style=\"width: 33.3333%\">Manuela Fern\u00e1ndez G\u00f3mez<\/td>\n<td style=\"width: 33.3333%\">Jefa de estudios delegada y maestra de ingl\u00e9s que atiende todos los \u00e1mbitos de la secundaria, vida saludable, TIC en Cuevas del Campo. Se desplaza a Freila para dar el \u00e1mbito comunicativo, ingl\u00e9s b\u00e1sico y vida saludable.<\/td>\n<\/tr>\n<tr>\n<td style=\"width: 33.3333%\"><img loading=\"lazy\" decoding=\"async\" class=\"alignleft size-thumbnail wp-image-3985\" src=\"https:\/\/blogsaverroes.juntadeandalucia.es\/cepermariadeluna\/files\/2025\/10\/lucia-recortada-150x150.png\" alt=\"\" width=\"150\" height=\"150\" srcset=\"https:\/\/blogsaverroes.juntadeandalucia.es\/cepermariadeluna\/files\/2025\/10\/lucia-recortada-150x150.png 150w, https:\/\/blogsaverroes.juntadeandalucia.es\/cepermariadeluna\/files\/2025\/10\/lucia-recortada-80x80.png 80w, https:\/\/blogsaverroes.juntadeandalucia.es\/cepermariadeluna\/files\/2025\/10\/lucia-recortada-320x320.png 320w\" sizes=\"(max-width: 150px) 100vw, 150px\" \/><\/td>\n<td style=\"width: 33.3333%\">Luc\u00eda P\u00e9rez Gonz\u00e1lez<\/td>\n<td style=\"width: 33.3333%\">Maestra de primaria que atiende todos los \u00e1mbitos de la secundaria menos el ingl\u00e9s y grupos de vida saludable en Z\u00fajar. Se desplaza a Freila para atender los \u00e1mbitos de secundaria y las interculturalidades.<\/td>\n<\/tr>\n<\/tbody>\n<\/table>\n","protected":false},"excerpt":{"rendered":"<p>El CEPER Mar\u00eda de Luna est\u00e1 compuesto por el siguiente claustro: CEPER Mar\u00eda de Luna Irina Mart\u00ednez Mart\u00ednez Directora y maestra de ingl\u00e9s. Carmen Su\u00e1rez L\u00f3pez Jefa de estudios y maestra de primaria. Luis&#46;&#46;&#46;<\/p>\n","protected":false},"author":5774,"featured_media":0,"parent":0,"menu_order":2,"comment_status":"closed","ping_status":"closed","template":"","meta":{"ngg_post_thumbnail":0,"footnotes":"","_mc_calendar":[]},"aioseo_notices":[],"_links":{"self":[{"href":"https:\/\/blogsaverroes.juntadeandalucia.es\/cepermariadeluna\/wp-json\/wp\/v2\/pages\/72"}],"collection":[{"href":"https:\/\/blogsaverroes.juntadeandalucia.es\/cepermariadeluna\/wp-json\/wp\/v2\/pages"}],"about":[{"href":"https:\/\/blogsaverroes.juntadeandalucia.es\/cepermariadeluna\/wp-json\/wp\/v2\/types\/page"}],"author":[{"embeddable":true,"href":"https:\/\/blogsaverroes.juntadeandalucia.es\/cepermariadeluna\/wp-json\/wp\/v2\/users\/5774"}],"replies":[{"embeddable":true,"href":"https:\/\/blogsaverroes.juntadeandalucia.es\/cepermariadeluna\/wp-json\/wp\/v2\/comments?post=72"}],"version-history":[{"count":28,"href":"https:\/\/blogsaverroes.juntadeandalucia.es\/cepermariadeluna\/wp-json\/wp\/v2\/pages\/72\/revisions"}],"predecessor-version":[{"id":3987,"href":"https:\/\/blogsaverroes.juntadeandalucia.es\/cepermariadeluna\/wp-json\/wp\/v2\/pages\/72\/revisions\/3987"}],"wp:attachment":[{"href":"https:\/\/blogsaverroes.juntadeandalucia.es\/cepermariadeluna\/wp-json\/wp\/v2\/media?parent=72"}],"curies":[{"name":"wp","href":"https:\/\/api.w.org\/{rel}","templated":true}]}}