{"id":3621,"date":"2021-01-21T21:02:32","date_gmt":"2021-01-21T21:02:32","guid":{"rendered":"https:\/\/blogsaverroes.juntadeandalucia.es\/cepermiguelhernandezgilabert\/?page_id=3621"},"modified":"2023-05-12T22:12:01","modified_gmt":"2023-05-12T22:12:01","slug":"tablon-de-anuncios-2","status":"publish","type":"page","link":"https:\/\/blogsaverroes.juntadeandalucia.es\/cepermiguelhernandezgilabert\/tablon-de-anuncios-2\/","title":{"rendered":"TABL\u00d3N DE ANUNCIOS."},"content":{"rendered":"<h1>&nbsp;<\/h1>\n<h1>&nbsp;<\/h1>\n<h1>&nbsp;<\/h1>\n<h1>&nbsp;<\/h1>\n<h1><span style=\"color: #993366\"><em><strong>El 25 de noviembre se celebr\u00f3 &#8221; EL D\u00cdA CONTRA LA&nbsp;VIOLENCIA DE G\u00c9NERO&#8221;<\/strong><\/em><\/span><\/h1>\n<h5><span style=\"color: #993366\"><em><strong>SE REALIZ\u00d3 UN MURAL REPRESENTATIVO Y SE COLG\u00d3 EN EL M\u00d3DULO DE MUJERES<\/strong><\/em><\/span><\/h5>\n<h5><span style=\"color: #993366\"><em><strong>LE\u00cdMOS UN MANIFIESTO<\/strong><\/em><\/span><\/h5>\n<h5><span style=\"color: #993366\"><strong><em>NUESTR@S ALUMN@S ELABORARON UNOS LAZOS DE COLOR VIOLETA QUE SE REPARTIERON ENTRE EL ALUMNADO Y FUNCIONAR<\/em><\/strong><strong>I@S.<\/strong><a style=\"color: #993366\" href=\"https:\/\/blogsaverroes.juntadeandalucia.es\/cepermiguelhernandezgilabert\/files\/2021\/01\/manosjuntas2.jpg\"><img decoding=\"async\" class=\"alignnone size-full wp-image-3195\" src=\"https:\/\/blogsaverroes.juntadeandalucia.es\/cepermiguelhernandezgilabert\/files\/2021\/01\/manosjuntas2.jpg\" alt=\"\" width=\"100\" height=\"100\" srcset=\"https:\/\/blogsaverroes.juntadeandalucia.es\/cepermiguelhernandezgilabert\/files\/2021\/01\/manosjuntas2.jpg 100w, https:\/\/blogsaverroes.juntadeandalucia.es\/cepermiguelhernandezgilabert\/files\/2021\/01\/manosjuntas2-24x24.jpg 24w, https:\/\/blogsaverroes.juntadeandalucia.es\/cepermiguelhernandezgilabert\/files\/2021\/01\/manosjuntas2-36x36.jpg 36w, https:\/\/blogsaverroes.juntadeandalucia.es\/cepermiguelhernandezgilabert\/files\/2021\/01\/manosjuntas2-48x48.jpg 48w\" sizes=\"(max-width: 100px) 100vw, 100px\" \/><\/a><\/span><\/h5>\n<h5>Para m\u00e1s informaci\u00f3n visitar nuestro blog de igualdad<\/h5>\n<h1>&nbsp;<\/h1>\n<h1><strong>D\u00cdA DE LA PAZ 30 de enero<\/strong><\/h1>\n<div class=\"bRMDJf islir\"><img decoding=\"async\" class=\"rg_i Q4LuWd\" src=\"https:\/\/encrypted-tbn0.gstatic.com\/images?q=tbn:ANd9GcQP0UkkNpo5K2jDq8N2w3KawqVUVZ_rJPrHpg&amp;usqp=CAU\" alt=\"\u262e \u270c Signo simbolo de Paz (copiar emoji texto + paz en teclado)\" width=\"176\" height=\"201\" data-src=\"https:\/\/encrypted-tbn0.gstatic.com\/images?q=tbn:ANd9GcQP0UkkNpo5K2jDq8N2w3KawqVUVZ_rJPrHpg&amp;usqp=CAU\" data-lt=\"\"\/><\/div>\n<div>&nbsp;<\/div>\n<h4>El 29 de enero,como todos los a\u00f1os,hemos celebrado el D\u00cdA DE LA PAZ en nuestro Centro .Todo ha sido diferente debido a las circunstancias que estamos viviendo.No nos hemos podido reunir todo el alumnado en el sal\u00f3n de actos ,ni hacer un manifiesto conjuntamente o ver una pel\u00edcula y luego comentarla&#8230;pero s\u00ed lo hemos hecho en las aulas de cada m\u00f3dulo.<\/h4>\n<h4>Se ha le\u00eddo noticias nacionales e internacionales y comentado en clase , abierto debates de c\u00f3mo solucionar posibles conflictos que aquejan al mundo. Todo ha sido muy fruct\u00edfero. M\u00e1s tarde se ha procedido a a leer frases c\u00e9lebres<\/h4>\n<h4>de Gandhi como:<\/h4>\n<h3><span style=\"color: #008000\">&#8220;Ojo por ojo y todo el mundo acabar\u00e1 ciego&#8221;<\/span><\/h3>\n<h3>&nbsp;<\/h3>\n<h3><span style=\"color: #008000\">&#8220;La humanidad no puede liberarse de la violencia m\u00e1s que por miedo de la no violencia&#8221;<\/span><\/h3>\n<h3>&nbsp;<\/h3>\n<h3><span style=\"color: #008000\">La verdad es el objetivo,el amor el medio para llegar a ella&#8221;<\/span><\/h3>\n<h3>&nbsp;<\/h3>\n<h3><span style=\"color: #008000\">&#8220;La vida y la muerte no son sino caras de una misma moneda&#8221;<\/span><\/h3>\n<h3>&nbsp;<\/h3>\n<h3><span style=\"color: #008000\">&#8220;Hay suficiente agua para la vida humana pero no para la codicia humana&#8221;<\/span><\/h3>\n<h3>&nbsp;<\/h3>\n<h3><span style=\"color: #008000\">&#8220;La violencia ha llegado hasta los hombres y permanecer\u00e1.Ella es la anunciadora de la paz del mun<\/span>do&#8221;<\/h3>\n<p><a href=\"https:\/\/blogsaverroes.juntadeandalucia.es\/cepermiguelhernandezgilabert\/files\/2021\/02\/MANIFIESTO.pdf\">MANIFIESTO<\/a><\/p>\n<h3>&nbsp;<\/h3>\n<h2>NOTICIAS<\/h2>\n<div class=\"zona_izquierda\">\n<div class=\"eremu_2col\">\n<div class=\"noticia_plantilla_contenidos_tag_container\">\n<div class=\"contenido_tags\">\n<div class=\"contenido_tag t_video\">\n<div class=\"imagen_contenido\">&nbsp;<\/div>\n<\/div>\n<div class=\"contenido_tag t_noticia\">\n<div class=\"imagen_contenido\">&nbsp;<\/div>\n<div class=\"datos_contenido\">\n<h2 class=\"titulo\"><a href=\"https:\/\/www.eitb.eus\/es\/deportes\/otrosdeportes\/detalle\/7055471\/como-afecta-coronavirus-deporte-que-consecuencias-esta-teniendo\/\" target=\"_blank\" rel=\"noopener noreferrer\">Las consecuencias del coronavirus en el deporte<\/a><\/h2>\n<p><span class=\"descripcion\">Nuevos calendarios, torneos suspendidos, jornadas aplazadas y m\u00e1xima precauci\u00f3n en todos los eventos a disputarse.<\/span><\/p>\n<\/div>\n<\/div>\n<div class=\"contenido_tag t_noticia\">\n<div class=\"texto_data\"><span class=\"fecha_noticia\">29\/01\/2021<\/span><span class=\"hora_noticia\">10:52<\/span><\/div>\n<div class=\"imagen_contenido\">\n<p><a href=\"https:\/\/www.eitb.eus\/es\/radio\/radio-euskadi\/programas\/boulevard\/detalle\/7806575\/eva-ferreira-upv-ehu-formacion-estudiantes-igualdad-condiciones-otros-anos\/\" target=\"_blank\" rel=\"noopener noreferrer\"><img decoding=\"async\" title=\"Los estudiantes se forman con igualdad de condiciones respecto a a\u00f1os anteriores \" src=\"https:\/\/images11.eitb.eus\/multimedia\/images\/2021\/01\/29\/2720222\/20210129101240_eva-ferreira_foto200x168.jpg\" alt=\"Los estudiantes se forman con igualdad de condiciones respecto a a\u00f1os anteriores \" data-src=\"\/\/images11.eitb.eus\/multimedia\/images\/2021\/01\/29\/2720222\/20210129104559_eva-ferreira_foto300x168.jpg\"\/><\/a><\/p>\n<p><span class=\"ico_tipo_tag\"><a href=\"https:\/\/www.eitb.eus\/es\/radio\/radio-euskadi\/programas\/boulevard\/detalle\/7806575\/eva-ferreira-upv-ehu-formacion-estudiantes-igualdad-condiciones-otros-anos\/\" target=\"_blank\" rel=\"noopener noreferrer\"><img decoding=\"async\" src=\"https:\/\/images14.eitb.eus\/multimedia\/recursos\/generales\/icotag_noticia_audio.png\"\/><\/a><\/span><\/p>\n<\/div>\n<div class=\"datos_contenido\">\n<h2 class=\"titulo\"><a href=\"https:\/\/www.eitb.eus\/es\/radio\/radio-euskadi\/programas\/boulevard\/detalle\/7806575\/eva-ferreira-upv-ehu-formacion-estudiantes-igualdad-condiciones-otros-anos\/\" target=\"_blank\" rel=\"noopener noreferrer\">&#8220;Los estudiantes se forman con igualdad de condiciones respecto a a\u00f1os anteriores&#8221; <\/a><\/h2>\n<p><span class=\"descripcion\">La rectora de la UPV\/EHU se marca como reto la &#8220;consolidaci\u00f3n&#8221; del personal docente e investigador y se felicita porque la universidad &#8220;no ha sido foco de contagio&#8221;. <\/span><\/p>\n<\/div>\n<\/div>\n<div class=\"contenido_tag t_video\">\n<div class=\"texto_data\"><span class=\"fecha_noticia\">29\/01\/2021<\/span><span class=\"hora_noticia\">10:49<\/span><\/div>\n<div class=\"imagen_contenido\">\n<p><a href=\"https:\/\/www.eitb.eus\/es\/noticias\/politica\/videos\/detalle\/7806703\/video-los-presos-independentistas-catalanes-salen-carcel-lledoners\/\" target=\"_blank\" rel=\"noopener noreferrer\"><img decoding=\"async\" title=\"Los presos independentistas catalanes salen de la c\u00e1rcel de Lledoners\" src=\"https:\/\/images11.eitb.eus\/multimedia\/images\/2021\/01\/29\/2720259\/20210129104235_presos-catalanes_foto200x168.jpg\" alt=\"Los presos independentistas catalanes salen de la c\u00e1rcel de Lledoners\" data-src=\"\/\/images11.eitb.eus\/multimedia\/images\/2021\/01\/29\/2720259\/20210129104235_presos-catalanes_foto300x168.jpg\"\/><\/a><\/p>\n<p><span class=\"ico_tipo_tag\"><a href=\"https:\/\/www.eitb.eus\/es\/noticias\/politica\/videos\/detalle\/7806703\/video-los-presos-independentistas-catalanes-salen-carcel-lledoners\/\" target=\"_blank\" rel=\"noopener noreferrer\"><img decoding=\"async\" src=\"https:\/\/images14.eitb.eus\/multimedia\/recursos\/generales\/icotag_video.png\"\/><\/a><\/span><\/p>\n<\/div>\n<div class=\"datos_contenido\">\n<h2 class=\"titulo\"><a href=\"https:\/\/www.eitb.eus\/es\/noticias\/politica\/videos\/detalle\/7806703\/video-los-presos-independentistas-catalanes-salen-carcel-lledoners\/\" target=\"_blank\" rel=\"noopener noreferrer\">Los presos independentistas catalanes salen de la c\u00e1rcel de Lledoners<\/a><\/h2>\n<p>Jordi S\u00e0nchez, Jordi Cuixart, Oriol Junqueras, Ra\u00fcl Romeva, Jordi Turull, Joaquim Forn y Josep Rull han abandonado la c\u00e1rcel tras haberles concedido el tercer grado.<\/p>\n<\/div>\n<\/div>\n<div class=\"contenido_tag t_noticia\">\n<div class=\"texto_data\"><span class=\"fecha_noticia\">29\/01\/2021<\/span><span class=\"hora_noticia\">10:45<\/span><\/div>\n<div class=\"imagen_contenido\">\n<p><a href=\"https:\/\/www.eitb.eus\/es\/noticias\/economia\/detalle\/7806581\/inflacion-espana-enero-2021-los-precios-suben-06-enero\/\" target=\"_blank\" rel=\"noopener noreferrer\"><img decoding=\"async\" title=\"Los precios suben un 0,6 % en enero, el primer repunte desde febrero de 2020\" src=\"https:\/\/images11.eitb.eus\/multimedia\/images\/2021\/01\/29\/2720247\/20210129103235_ipc-precios-consumo-kpi-p_foto200x168.jpg\" alt=\"Los precios suben un 0,6 % en enero, el primer repunte desde febrero de 2020\" data-src=\"\/\/images11.eitb.eus\/multimedia\/images\/2021\/01\/29\/2720247\/20210129103235_ipc-precios-consumo-kpi-p_foto300x168.jpg\"\/><\/a><\/p>\n<p><span class=\"ico_tipo_tag\"><a href=\"https:\/\/www.eitb.eus\/es\/noticias\/economia\/detalle\/7806581\/inflacion-espana-enero-2021-los-precios-suben-06-enero\/\" target=\"_blank\" rel=\"noopener noreferrer\"><img decoding=\"async\" src=\"https:\/\/images14.eitb.eus\/multimedia\/recursos\/generales\/icotag_noticia.png\"\/><\/a><\/span><\/p>\n<\/div>\n<div class=\"datos_contenido\">\n<h2 class=\"titulo\"><a href=\"https:\/\/www.eitb.eus\/es\/noticias\/economia\/detalle\/7806581\/inflacion-espana-enero-2021-los-precios-suben-06-enero\/\" target=\"_blank\" rel=\"noopener noreferrer\">Los precios suben un 0,6 % en enero, el primer repunte desde febrero de 2020<\/a><\/h2>\n<p><span class=\"descripcion\">En este repunte de los precios ha influido, principalmente, la subida de los precios de la electricidad, mayor que en 2020, de algunos alimentos y del gas.<\/span><\/p>\n<\/div>\n<\/div>\n<div class=\"contenido_tag t_noticia\">\n<div class=\"texto_data\"><span class=\"fecha_noticia\">29\/01\/2021<\/span><span class=\"hora_noticia\">10:44<\/span><\/div>\n<div class=\"imagen_contenido\">\n<p><a href=\"https:\/\/www.eitb.eus\/es\/noticias\/economia\/detalle\/7806672\/la-pandemia-covide19-contrae-economia-espana-11-2020\/\" target=\"_blank\" rel=\"noopener noreferrer\"><img decoding=\"async\" title=\"La pandemia contrae la econom\u00eda espa\u00f1ola un 11%, la mayor ca\u00edda desde la Guerra Civil\" src=\"https:\/\/images11.eitb.eus\/multimedia\/images\/2020\/04\/03\/2586462\/20200403135619_ekonomia-analisia_foto200x168.jpg\" alt=\"La pandemia contrae la econom\u00eda espa\u00f1ola un 11%, la mayor ca\u00edda desde la Guerra Civil\" data-src=\"\/\/images11.eitb.eus\/multimedia\/images\/2020\/04\/03\/2586462\/20200403135619_ekonomia-analisia_foto300x168.jpg\"\/><\/a><\/p>\n<p><span class=\"ico_tipo_tag\"><a href=\"https:\/\/www.eitb.eus\/es\/noticias\/economia\/detalle\/7806672\/la-pandemia-covide19-contrae-economia-espana-11-2020\/\" target=\"_blank\" rel=\"noopener noreferrer\"><img decoding=\"async\" src=\"https:\/\/images14.eitb.eus\/multimedia\/recursos\/generales\/icotag_noticia.png\"\/><\/a><\/span><\/p>\n<\/div>\n<div class=\"datos_contenido\">\n<h2 class=\"titulo\"><a href=\"https:\/\/www.eitb.eus\/es\/noticias\/economia\/detalle\/7806672\/la-pandemia-covide19-contrae-economia-espana-11-2020\/\" target=\"_blank\" rel=\"noopener noreferrer\">La pandemia contrae la econom\u00eda espa\u00f1ola un 11%, la mayor ca\u00edda desde la Guerra Civil<\/a><\/h2>\n<p><span class=\"descripcion\">Aun as\u00ed, la ca\u00edda de la econom\u00eda en 2020 queda por debajo de la prevista por el Gobierno espa\u00f1ol (11,2%). La econom\u00eda francesa cay\u00f3 un 8,3% en 2020, la mayor ca\u00edda desde la Segunda Guerra Mundial.<\/span><\/p>\n<\/div>\n<\/div>\n<div class=\"contenido_tag t_noticia\">\n<div class=\"texto_data\"><span class=\"fecha_noticia\">29\/01\/2021<\/span><span class=\"hora_noticia\">10:41<\/span><\/div>\n<div class=\"imagen_contenido\">\n<p><a href=\"https:\/\/www.eitb.eus\/es\/noticias\/sociedad\/detalle\/7804562\/mascarillas-ffp2-covid-cuando-utilizarlas-ventajas-desventajas-precios\/\" target=\"_blank\" rel=\"noopener noreferrer\"><img decoding=\"async\" title=\"Mascarillas FFP2: \u00bfCu\u00e1ndo utilizarlas, cu\u00e1les son sus ventajas y desventajas?\" src=\"https:\/\/images11.eitb.eus\/multimedia\/images\/2021\/01\/29\/2720186\/20210129090747_mascarilla-ffp2-maskara-m_foto200x168.jpg\" alt=\"Mascarillas FFP2: \u00bfCu\u00e1ndo utilizarlas, cu\u00e1les son sus ventajas y desventajas?\" data-src=\"\/\/images11.eitb.eus\/multimedia\/images\/2021\/01\/29\/2720186\/20210129090747_mascarilla-ffp2-maskara-m_foto300x168.jpg\"\/><\/a><\/p>\n<p><span class=\"ico_tipo_tag\"><a href=\"https:\/\/www.eitb.eus\/es\/noticias\/sociedad\/detalle\/7804562\/mascarillas-ffp2-covid-cuando-utilizarlas-ventajas-desventajas-precios\/\" target=\"_blank\" rel=\"noopener noreferrer\"><img decoding=\"async\" src=\"https:\/\/images14.eitb.eus\/multimedia\/recursos\/generales\/icotag_noticia.png\"\/><\/a><\/span><\/p>\n<\/div>\n<\/div>\n<div class=\"contenido_tag t_noticia\">\n<div class=\"imagen_contenido\">&nbsp;<\/div>\n<\/div>\n<div class=\"contenido_tag t_noticia\">\n<div class=\"imagen_contenido\">&nbsp;<\/div>\n<div class=\"datos_contenido\">\n<h2 class=\"titulo\"><a href=\"https:\/\/www.eitb.eus\/es\/noticias\/sociedad\/detalle\/7806622\/la-vacuna-pfizer-efectos-secundarios-nuevos-mes-uso-ue\/\" target=\"_blank\" rel=\"noopener noreferrer\">La vacuna de Pfizer, sin efectos secundarios nuevos tras un mes de uso en la UE<\/a><\/h2>\n<p><span class=\"descripcion\">La EMA tambi\u00e9n ha analizado los casos de muertes reportadas despu\u00e9s de la vacunaci\u00f3n y ha concluido que ning\u00fan fallecimiento est\u00e1 directamente relacionado con un efecto de la inyecci\u00f3n.<\/span><\/p>\n<\/div>\n<\/div>\n<div class=\"contenido_tag t_noticia\">\n<div class=\"texto_data\"><span class=\"fecha_noticia\">29\/01\/2021<\/span><span class=\"hora_noticia\">10:28<\/span><\/div>\n<div class=\"imagen_contenido\">\n<p><a href=\"https:\/\/www.eitb.eus\/es\/radio\/radio-vitoria\/programas\/radio-vitoria-gaur-actualidad\/detalle\/7806588\/orive-la-vacuna-pfizer-podria-neutralizar-variantes-inglesa\/\" target=\"_blank\" rel=\"noopener noreferrer\"><img decoding=\"async\" title=\"Orive: La vacuna de Pfizer podr\u00eda neutralizar las variantes inglesa y sudafricana\" src=\"https:\/\/images11.eitb.eus\/multimedia\/images\/2020\/10\/30\/2677503\/20201030170334_gorka-orive-_foto200x168.jpg\" alt=\"Orive: La vacuna de Pfizer podr\u00eda neutralizar las variantes inglesa y sudafricana\" data-src=\"\/\/images11.eitb.eus\/multimedia\/images\/2020\/10\/30\/2677503\/20201030170334_gorka-orive-_foto300x168.jpg\"\/><\/a><\/p>\n<p><span class=\"ico_tipo_tag\"><a href=\"https:\/\/www.eitb.eus\/es\/radio\/radio-vitoria\/programas\/radio-vitoria-gaur-actualidad\/detalle\/7806588\/orive-la-vacuna-pfizer-podria-neutralizar-variantes-inglesa\/\" target=\"_blank\" rel=\"noopener noreferrer\"><img decoding=\"async\" src=\"https:\/\/images14.eitb.eus\/multimedia\/recursos\/generales\/icotag_noticia_audio.png\"\/><\/a><\/span><\/p>\n<\/div>\n<\/div>\n<div class=\"contenido_tag t_noticia\">\n<div class=\"imagen_contenido\">&nbsp;<\/div>\n<\/div>\n<div class=\"contenido_tag t_noticia\">\n<div class=\"imagen_contenido\">&nbsp;<\/div>\n<div class=\"datos_contenido\">\n<h2 class=\"titulo\"><a href=\"https:\/\/www.eitb.eus\/es\/noticias\/economia\/detalle\/7806469\/bbva-resultados-2020-beneficio-1305-millones-629-2019\/\" target=\"_blank\" rel=\"noopener noreferrer\">BBVA finaliza 2020 con un beneficio de 1305 millones, un 62,9 % menos que en 2019<\/a><\/h2>\n<p><span class=\"descripcion\">Las provisiones para afrontar la crisis derivada de la pandemia y el deterioro del valor de la filial del banco en EE.UU. han sido los motivos de este descenso.<\/span><\/p>\n<\/div>\n<\/div>\n<div class=\"contenido_tag t_video\">\n<div class=\"texto_data\"><span class=\"fecha_noticia\">29\/01\/2021<\/span><span class=\"hora_noticia\">09:50<\/span><\/div>\n<div class=\"imagen_contenido\">\n<p><em><a href=\"https:\/\/www.eitb.eus\/es\/noticias\/politica\/videos\/detalle\/7806493\/video-el-parlamento-vasco-recuerda-gregorio-ordonez-29-enero-2021\/\" target=\"_blank\" rel=\"noopener noreferrer\"><img decoding=\"async\" title=\"El Parlamento Vasco recuerda a Gregorio Ord\u00f3\u00f1ez\" src=\"https:\/\/images11.eitb.eus\/multimedia\/images\/2021\/01\/29\/2720204\/20210129094650_gregorio-ordonez_foto200x168.jpg\" alt=\"El Parlamento Vasco recuerda a Gregorio Ord\u00f3\u00f1ez\" data-src=\"\/\/images11.eitb.eus\/multimedia\/images\/2021\/01\/29\/2720204\/20210129094650_gregorio-ordonez_foto300x168.jpg\"\/><\/a><\/em><\/p>\n<p>&nbsp;<\/p>\n<\/div>\n<\/div>\n<\/div>\n<\/div>\n<div>&nbsp;<\/div>\n<div class=\"noticia_plantilla_contenidos_tag_container\">\n<div class=\"contenido_tags\">\n<div class=\"contenido_tag t_noticia\">\n<div class=\"imagen_contenido\">&nbsp;<\/div>\n<\/div>\n<\/div>\n<\/div>\n<\/div>\n<\/div>\n<div class=\"zona_derecha\">\n<ul>\n<li>\n<h3><span style=\"color: #3366ff\"><em><a href=\"https:\/\/www.elmundo.es\/internacional\/2021\/01\/27\/6011c31721efa0a2208b45e7.html\"> EEUU eleva el nivel de alerta por posible violencia de extremistas antigubernamentales<\/a><\/em><\/span><\/h3>\n<\/li>\n<li class=\"envoltorio\">\n<div class=\"grande\">\n<div class=\"texto\">\n<h2><em><a href=\"https:\/\/www.elmundo.es\/internacional\/2021\/01\/27\/6011a557fc6c83730d8b45c4.html\">Polonia promulga una prohibici\u00f3n casi total del aborto<\/a><\/em><\/h2>\n<\/div>\n<\/div>\n<\/li>\n<\/ul>\n<\/div>\n<h3><em><a href=\"https:\/\/www.elmundo.es\/internacional\/2021\/01\/27\/6011921c21efa055608b45c7.html\"> As\u00ed mataron durante a\u00f1os los &#8216;envenenadores&#8217; de Navalny<\/a><\/em><\/h3>\n<h3><em><a href=\"https:\/\/www.elmundo.es\/internacional\/2021\/01\/28\/6013004afdddffb0388b4651.html\"> Los hombres de Trump<\/a><\/em><em><a href=\"https:\/\/www.elmundo.es\/internacional\/2021\/01\/29\/6013dc1cfc6c83c4158b45ff.html\">Reino Unido pone en marcha el plan de visados para ciudadanos de Hong<\/a><\/em><em><a href=\"https:\/\/www.elmundo.es\/internacional\/2021\/01\/28\/6012fc58fc6c838b158b45a1.html\">Portugal, del milagro al colapso<\/a><\/em><em><a href=\"https:\/\/www.elmundo.es\/internacional\/2021\/01\/29\/6013dc1cfc6c83c4158b45ff.html\"> Kong<\/a><\/em><em><a href=\"https:\/\/www.elmundo.es\/internacional\/2021\/01\/28\/6013004afdddffb0388b4651.html\"> en Oriente Pr\u00f3ximo, ante el reto de acercarse a Biden<\/a><\/em><\/h3>\n<h3>&nbsp;<\/h3>\n<h3><em><a href=\"https:\/\/www.elmundo.es\/internacional\/2021\/01\/28\/6012e07ffc6c835b7a8b4704.html\">Nicola Sturgeon y Boris Johnson, en guerra por cuenta del coronavirus<\/a><\/em><\/h3>\n<h3>&nbsp;<\/h3>\n<div class=\"zona_derecha\">\n<div class=\"noticias_en_portada\">\n<div class=\"envoltorio\">\n<div class=\"grande\">\n<div class=\"texto\">\n<div class=\"cont_relacionados\">\n<h3><a href=\"https:\/\/www.elmundo.es\/internacional\/2021\/01\/28\/6012aeda21efa072178b46a0.html\"><em>EEUU congela la venta de armamento a Emiratos \u00c1rabes Unidos y Arabia Saud\u00ed<\/em><\/a><\/h3>\n<\/div>\n<\/div>\n<\/div>\n<\/div>\n<\/div>\n<\/div>\n<h1><span style=\"color: #339966\">28 DE FEBRERO D\u00cdA DE ANDALUC\u00cdA<\/span><\/h1>\n<p><a href=\"https:\/\/blogsaverroes.juntadeandalucia.es\/cepermiguelhernandezgilabert\/files\/2021\/02\/wp-1614188372684.gif\"><img decoding=\"async\" class=\"alignnone size-full wp-image-3947\" src=\"https:\/\/blogsaverroes.juntadeandalucia.es\/cepermiguelhernandezgilabert\/files\/2021\/02\/wp-1614188372684.gif\" alt=\"\" width=\"205\" height=\"148\"\/><\/a><\/p>\n<h2><span style=\"color: #008080\">El jueves 25 de febrero celebramos en nuestro Centro el D\u00cdA DE ANDALUC\u00cdA realiz\u00e1ndo actividades diversas,muy distintas a las de a\u00f1os anteriores.Nos reun\u00edamos todo el alumnado en un desayuno andaluz ( pan con aceite de nuestra tierra y dulces hechos por nuestros cocineros),se cantaba el himno con personajes famosos o grupos invitados. <\/span><\/h2>\n<h2><span style=\"color: #008080\">L@s alumn@s han dibujado unos mantocillos que se han expuesto en el sociocultual ,gracias a tod@s por su colaboraci\u00f3n.<\/span><\/h2>\n<p><a href=\"https:\/\/blogsaverroes.juntadeandalucia.es\/cepermiguelhernandezgilabert\/files\/2021\/02\/wp-16141884508063169974524255324194-scaled.jpg\"><img loading=\"lazy\" decoding=\"async\" class=\"alignnone size-medium wp-image-3950\" src=\"https:\/\/blogsaverroes.juntadeandalucia.es\/cepermiguelhernandezgilabert\/files\/2021\/02\/wp-16141884508063169974524255324194-300x169.jpg\" alt=\"\" width=\"300\" height=\"169\" srcset=\"https:\/\/blogsaverroes.juntadeandalucia.es\/cepermiguelhernandezgilabert\/files\/2021\/02\/wp-16141884508063169974524255324194-300x169.jpg 300w, https:\/\/blogsaverroes.juntadeandalucia.es\/cepermiguelhernandezgilabert\/files\/2021\/02\/wp-16141884508063169974524255324194-1024x576.jpg 1024w, https:\/\/blogsaverroes.juntadeandalucia.es\/cepermiguelhernandezgilabert\/files\/2021\/02\/wp-16141884508063169974524255324194-768x432.jpg 768w, https:\/\/blogsaverroes.juntadeandalucia.es\/cepermiguelhernandezgilabert\/files\/2021\/02\/wp-16141884508063169974524255324194-1536x864.jpg 1536w, https:\/\/blogsaverroes.juntadeandalucia.es\/cepermiguelhernandezgilabert\/files\/2021\/02\/wp-16141884508063169974524255324194-2048x1152.jpg 2048w\" sizes=\"(max-width: 300px) 100vw, 300px\" \/><\/a><\/p>\n<p><a href=\"https:\/\/blogsaverroes.juntadeandalucia.es\/cepermiguelhernandezgilabert\/files\/2021\/02\/wp-16141884503212799396515055395586-scaled.jpg\"><img loading=\"lazy\" decoding=\"async\" class=\"alignnone size-medium wp-image-3949\" src=\"https:\/\/blogsaverroes.juntadeandalucia.es\/cepermiguelhernandezgilabert\/files\/2021\/02\/wp-16141884503212799396515055395586-169x300.jpg\" alt=\"\" width=\"169\" height=\"300\" srcset=\"https:\/\/blogsaverroes.juntadeandalucia.es\/cepermiguelhernandezgilabert\/files\/2021\/02\/wp-16141884503212799396515055395586-169x300.jpg 169w, https:\/\/blogsaverroes.juntadeandalucia.es\/cepermiguelhernandezgilabert\/files\/2021\/02\/wp-16141884503212799396515055395586-576x1024.jpg 576w, https:\/\/blogsaverroes.juntadeandalucia.es\/cepermiguelhernandezgilabert\/files\/2021\/02\/wp-16141884503212799396515055395586-768x1365.jpg 768w, https:\/\/blogsaverroes.juntadeandalucia.es\/cepermiguelhernandezgilabert\/files\/2021\/02\/wp-16141884503212799396515055395586-864x1536.jpg 864w, https:\/\/blogsaverroes.juntadeandalucia.es\/cepermiguelhernandezgilabert\/files\/2021\/02\/wp-16141884503212799396515055395586-1152x2048.jpg 1152w, https:\/\/blogsaverroes.juntadeandalucia.es\/cepermiguelhernandezgilabert\/files\/2021\/02\/wp-16141884503212799396515055395586-scaled.jpg 1440w\" sizes=\"(max-width: 169px) 100vw, 169px\" \/><\/a><\/p>\n<h2><span style=\"color: #008080\"> <strong>Se ha celebrado un concurso de POES\u00cdA\/RELATO. A L@S ganador@s se les ha premiado con un lote escolar. Cuatro premios ,uno por cada \u00e1mbito.<\/strong><\/span><\/h2>\n<p><a href=\"https:\/\/blogsaverroes.juntadeandalucia.es\/cepermiguelhernandezgilabert\/files\/2021\/02\/concurso-de-poes\u00eda.pdf\">concurso de poes\u00eda<\/a><\/p>\n<div style=\"width: 1080px;\" class=\"wp-video\"><!--[if lt IE 9]><script>document.createElement('video');<\/script><![endif]-->\n<video class=\"wp-video-shortcode\" id=\"video-3621-1\" width=\"1080\" height=\"1920\" preload=\"metadata\" controls=\"controls\"><source type=\"video\/mp4\" src=\"https:\/\/blogsaverroes.juntadeandalucia.es\/cepermiguelhernandezgilabert\/files\/2021\/02\/wp-1614263573729.mp4?_=1\" \/><\/p><p><a href=\"https:\/\/blogsaverroes.juntadeandalucia.es\/cepermiguelhernandezgilabert\/files\/2021\/02\/wp-1614263573729.mp4\">https:\/\/blogsaverroes.juntadeandalucia.es\/cepermiguelhernandezgilabert\/files\/2021\/02\/wp-1614263573729.mp4<\/a><\/video><\/div>\n<h2><span style=\"color: #008080\"> Pero adem\u00e1s tambi\u00e9n se han realizado actividades a nivel de aula en d\u00edas previos.<\/span><\/h2>\n<h3><strong>secundaria<\/strong><\/h3>\n<div style=\"width: 1080px;\" class=\"wp-video\"><video class=\"wp-video-shortcode\" id=\"video-3621-2\" width=\"1080\" height=\"1920\" preload=\"metadata\" controls=\"controls\"><source type=\"video\/mp4\" src=\"https:\/\/blogsaverroes.juntadeandalucia.es\/cepermiguelhernandezgilabert\/files\/2021\/02\/wp-1614200686142.mp4?_=2\" \/><\/p><p><a href=\"https:\/\/blogsaverroes.juntadeandalucia.es\/cepermiguelhernandezgilabert\/files\/2021\/02\/wp-1614200686142.mp4\">https:\/\/blogsaverroes.juntadeandalucia.es\/cepermiguelhernandezgilabert\/files\/2021\/02\/wp-1614200686142.mp4<\/a><\/video><\/div>\n<h2><strong>Otros Niveles<\/strong><\/h2>\n<div style=\"width: 1080px;\" class=\"wp-video\"><video class=\"wp-video-shortcode\" id=\"video-3621-3\" width=\"1080\" height=\"1920\" preload=\"metadata\" controls=\"controls\"><source type=\"video\/mp4\" src=\"https:\/\/blogsaverroes.juntadeandalucia.es\/cepermiguelhernandezgilabert\/files\/2021\/02\/wp-1614262930213.mp4?_=3\" \/><\/p><p><a href=\"https:\/\/blogsaverroes.juntadeandalucia.es\/cepermiguelhernandezgilabert\/files\/2021\/02\/wp-1614262930213.mp4\">https:\/\/blogsaverroes.juntadeandalucia.es\/cepermiguelhernandezgilabert\/files\/2021\/02\/wp-1614262930213.mp4<\/a><\/video><\/div>\n<h3>&nbsp;<\/h3>\n<h2><span style=\"text-decoration: underline;color: #339966\"><strong>28 de octubre 2021. 25 Aniversario de la prisi\u00f3n de Huelva.<\/strong><\/span><\/h2>\n<p><a href=\"https:\/\/blogsaverroes.juntadeandalucia.es\/cepermiguelhernandezgilabert\/files\/2021\/11\/Palabras-de-nuestra-directora-en-el-acto.-TRINIDAD-CEBALLOS-DUQUE.pdf\">Palabras de nuestra directora en el acto. TRINIDAD CEBALLOS DUQUE<\/a><\/p>\n<p><a href=\"https:\/\/blogsaverroes.juntadeandalucia.es\/cepermiguelhernandezgilabert\/files\/2021\/11\/Aniversario-25-a\u00f1os.jpg\"><img loading=\"lazy\" decoding=\"async\" class=\"alignnone wp-image-4195\" src=\"https:\/\/blogsaverroes.juntadeandalucia.es\/cepermiguelhernandezgilabert\/files\/2021\/11\/Aniversario-25-a\u00f1os-300x225.jpg\" alt=\"\" width=\"548\" height=\"411\" srcset=\"https:\/\/blogsaverroes.juntadeandalucia.es\/cepermiguelhernandezgilabert\/files\/2021\/11\/Aniversario-25-a\u00f1os-300x225.jpg 300w, https:\/\/blogsaverroes.juntadeandalucia.es\/cepermiguelhernandezgilabert\/files\/2021\/11\/Aniversario-25-a\u00f1os-768x576.jpg 768w, https:\/\/blogsaverroes.juntadeandalucia.es\/cepermiguelhernandezgilabert\/files\/2021\/11\/Aniversario-25-a\u00f1os.jpg 1024w\" sizes=\"(max-width: 548px) 100vw, 548px\" \/><\/a><\/p>\n<h4>&nbsp;<\/h4>\n<h4>Ha sido un emotivo y precioso d\u00eda. Gracias por tus palabras Trini.<\/h4>\n<div class=\"entry-header\">\n<h1 class=\"jeg_post_title\">Acto institucional en la prisi\u00f3n de Huelva con motivo de su 25 aNIVERSARIO<\/h1>\n<\/div>\n<div class=\"jeg_share_top_container\">\n<div class=\"jeg_share_button clearfix\">\n<div class=\"jeg_share_stats\">&nbsp;<\/div>\n<div class=\"jeg_sharelist\">&nbsp;<\/div>\n<\/div>\n<\/div>\n<div class=\"jeg_ad jeg_article jnews_content_top_ads\">\n<div class=\"ads-wrapper\">&nbsp;<\/div>\n<\/div>\n<div class=\"entry-content no-share\">\n<div class=\"jeg_share_button share-float jeg_sticky_share clearfix share-monocrhome\">\n<div class=\"jegStickyHolder\">\n<div class=\"theiaStickySidebar\">\n<div class=\"jeg_share_float_container\">&nbsp;<\/div>\n<\/div>\n<\/div>\n<\/div>\n<div class=\"content-inner\">\n<p>El secretario general de Instituciones Penitenciarias, \u00c1ngel Luis Ortiz, ha asistido este jueves al acto conmemorativo del 25 aniversario de la construcci\u00f3n del Centro Penitenciario de Huelva, donde ha reconocido el trabajo que se desempe\u00f1a con los internos en aras de la reinserci\u00f3n social.<\/p>\n<div class=\"jeg_ad jeg_ad_article jnews_content_inline_ads\">\n<div class=\"ads-wrapper align-right\">\n<div class=\"ads_google_ads\">&nbsp;<\/div>\n<\/div>\n<\/div>\n<p>Seg\u00fan ha informado la Secretar\u00eda General de Instituciones Penitenciarias en una nota de prensa, Ortiz ha recordado, adem\u00e1s, la especial \u201clabor pedag\u00f3gica\u201d del personal penitenciario durante la pandemia para que se siguieran adecuadamente los protocolos sanitarios y ha reconocido lo positivo de que el virus tardara hasta 18 meses en llegar a las instalaciones de Huelva.<\/p>\n<p>El que hoy dirige Ra\u00fal Barba fue uno de los tres primeros centros tipo construidos en la d\u00e9cada de los 90 dentro del Plan de Amortizaci\u00f3n y Creaci\u00f3n de Centros Penitenciarios, un proceso que supuso la renovaci\u00f3n de las infraestructuras penitenciarias. Desde este mismo a\u00f1o cuenta, adem\u00e1s, con un m\u00f3dulo mixto, una Unidad Terap\u00e9utica en la que conviven hombres y mujeres.<\/p>\n<p>Durante el acto, en el que han intervenido el director del centro penitenciario, trabajadores e internos de la Unidad Terap\u00e9utica, se ha hecho entrega de la Medalla de Plata al M\u00e9rito Social Penitenciario al secretario general de la Subdelegaci\u00f3n del Gobierno en Huelva, Manuel Jes\u00fas Iglesias Gonz\u00e1lez, y al coronel jefe de la Comandancia de la Guardia Civil de Huelva, Andr\u00e9s L\u00f3pez Garc\u00eda.<\/p>\n<\/div>\n<\/div>\n<h1><span style=\"color: #800000\"> <span style=\"color: #000080\"><strong>D\u00cdA INTERNACIONAL DEL FLAMENCO 16\/11\/2021<\/strong><\/span><\/span><\/h1>\n<h4><span style=\"color: #008000\"> CELEBRAMOS ESTE D\u00cdA CON MUCHA ILUSI\u00d3N Y POR PRIMERA VEZ DESPU\u00c9S DE LA PANDEMIA ( siempre respetando las distancias y con aforo restringido)<\/span><\/h4>\n<h4>Se celebra en el sal\u00f3n de actos del sociocultural<\/h4>\n<h4>&#8211; E N PRIMER LUGAR , PROYECTAMOS UN V\u00cdDEO.<\/h4>\n<div style=\"width: 640px;\" class=\"wp-video\"><video class=\"wp-video-shortcode\" id=\"video-3621-4\" width=\"640\" height=\"360\" preload=\"metadata\" controls=\"controls\"><source type=\"video\/mp4\" src=\"https:\/\/blogsaverroes.juntadeandalucia.es\/cepermiguelhernandezgilabert\/files\/2021\/11\/DIA-INTERNACIONAL-DEL-FLAMENCO.mp4?_=4\" \/><\/p><p><a href=\"https:\/\/blogsaverroes.juntadeandalucia.es\/cepermiguelhernandezgilabert\/files\/2021\/11\/DIA-INTERNACIONAL-DEL-FLAMENCO.mp4\">https:\/\/blogsaverroes.juntadeandalucia.es\/cepermiguelhernandezgilabert\/files\/2021\/11\/DIA-INTERNACIONAL-DEL-FLAMENCO.mp4<\/a><\/video><\/div>\n<div class=\"zona_completa\">\n<div class=\"bRMDJf islir\">\n<h2>&#8211; A continuaci\u00f3n , se lee (por parte de un alumno) un manifiesto.<\/h2>\n<\/div>\n<div aria-label=\"Haz clic para ver la informaci\u00f3n en v\u00eddeo\">\n<div class=\"c7cjWc IpBtuf\">\n<div class=\"h312td\">\n<div class=\"O1vY7\" aria-label=\"Haz clic para ver la informaci\u00f3n en v\u00eddeo\">\n<h2><a href=\"https:\/\/blogsaverroes.juntadeandalucia.es\/cepermiguelhernandezgilabert\/files\/2021\/11\/PRESENTACI\u00d3N-DEL-ACTO.docx\">PRESENTACI\u00d3N DEL ACTO<\/a><\/h2>\n<h2><strong>&#8211; Seguidamente , actuaci\u00f3n de alumnos\/as de la escuela<\/strong><\/h2>\n<\/div>\n<\/div>\n<\/div>\n<\/div>\n<div class=\"publicidad_smartadserver_gigabanner\">\n<h4 id=\"sas_43324\"><a href=\"https:\/\/blogsaverroes.juntadeandalucia.es\/cepermiguelhernandezgilabert\/files\/2021\/11\/D\u00cdA-INTERNACIONAL-DEL-FLAMENCO-161120211.wmv\">D\u00cdA INTERNACIONAL DEL FLAMENCO 161120211<\/a><\/h4>\n<\/div>\n<\/div>\n<h2>&nbsp;<\/h2>\n<h2><strong>&#8211; Terminamos el acto con la proyecci\u00f3n de la pel\u00edcula &#8220;CAMAR\u00d3N&#8221;<\/strong><\/h2>\n<p><a href=\"https:\/\/blogsaverroes.juntadeandalucia.es\/cepermiguelhernandezgilabert\/files\/2021\/11\/aYlIuK0iBiRM7nZi1rZWvE8lE8Uviqeo6deFVh_7yFRGLllLJ4Q5HV9rjHdwwEXlChJb_gs128.jpg\"><img loading=\"lazy\" decoding=\"async\" class=\"alignnone size-full wp-image-4216\" src=\"https:\/\/blogsaverroes.juntadeandalucia.es\/cepermiguelhernandezgilabert\/files\/2021\/11\/aYlIuK0iBiRM7nZi1rZWvE8lE8Uviqeo6deFVh_7yFRGLllLJ4Q5HV9rjHdwwEXlChJb_gs128.jpg\" alt=\"\" width=\"128\" height=\"85\"\/><\/a><\/p>\n<h1>&nbsp;<\/h1>\n<h1>&nbsp;<\/h1>\n<h1><span style=\"color: #993366\"><strong>25 DE NOVIEMBRE &#8220;D\u00cdA CONTRA LA VIOLENCIA HACIA LA MUJER&#8221;.<\/strong><\/span><\/h1>\n<h2><a href=\"https:\/\/wwwcepermiguelhg.blogspot.com\/2021\/11\/25-de-noviembre-dia-contra-la-violencia.html\">VISITAR NUESTRO BLOG DE IGUALDAD<\/a><\/h2>\n<h1><a href=\"https:\/\/www.huelvainformacion.es\/huelva\/educacion-Ribera-alas-arrancan-carcel_0_1635137041.html\">HUELVA INFORMACI\u00d3N-EDUCACI\u00d3N -RIBERA<\/a><\/h1>\n<p><img loading=\"lazy\" decoding=\"async\" class=\"photo\" src=\"https:\/\/www.huelvainformacion.es\/2021\/12\/04\/huelva\/Ismael-Miguel-Hernandez-Gilabert-Ribera_1635146791_148553611_667x375.jpg\" alt=\"Ismael, al fondo, con sus alumnos del Ceper Miguel Hern\u00e1ndez Gilabert en la prisi\u00f3n de La Ribera.\" width=\"667\" height=\"375\"\/><\/p>\n<h1>&nbsp;<\/h1>\n<blockquote>\n<h1><span style=\"color: #ff6600\">30 DE ENERO &#8221; D\u00cdA DE LA PAZ&#8221; 2022<\/span><\/h1>\n<\/blockquote>\n<h3>En nuestro CEPER tambi\u00e9n hay restricciones para celebrar actos con todo el alumnado ,y como el a\u00f1o pasado hemos celebrado este d\u00eda en las escuelas de los m\u00f3dulos.<\/h3>\n<h3>Hemos le\u00eddo un manifiesto , se ha comentado y escuchado propuestas para la paz . Tambi\u00e9n se han coloreado unas palomas de la paz y se han escrito frases.<\/h3>\n<p><a href=\"https:\/\/blogsaverroes.juntadeandalucia.es\/cepermiguelhernandezgilabert\/files\/2022\/01\/foto2-rotated.jpg\"><img loading=\"lazy\" decoding=\"async\" class=\"alignnone size-medium wp-image-4227\" src=\"https:\/\/blogsaverroes.juntadeandalucia.es\/cepermiguelhernandezgilabert\/files\/2022\/01\/foto2-225x300.jpg\" alt=\"\" width=\"225\" height=\"300\" srcset=\"https:\/\/blogsaverroes.juntadeandalucia.es\/cepermiguelhernandezgilabert\/files\/2022\/01\/foto2-225x300.jpg 225w, https:\/\/blogsaverroes.juntadeandalucia.es\/cepermiguelhernandezgilabert\/files\/2022\/01\/foto2-768x1024.jpg 768w, https:\/\/blogsaverroes.juntadeandalucia.es\/cepermiguelhernandezgilabert\/files\/2022\/01\/foto2-300x400.jpg 300w, https:\/\/blogsaverroes.juntadeandalucia.es\/cepermiguelhernandezgilabert\/files\/2022\/01\/foto2-1152x1536.jpg 1152w, https:\/\/blogsaverroes.juntadeandalucia.es\/cepermiguelhernandezgilabert\/files\/2022\/01\/foto2-1536x2048.jpg 1536w, https:\/\/blogsaverroes.juntadeandalucia.es\/cepermiguelhernandezgilabert\/files\/2022\/01\/foto2-rotated.jpg 1200w\" sizes=\"(max-width: 225px) 100vw, 225px\" \/><\/a><\/p>\n<p><a href=\"https:\/\/blogsaverroes.juntadeandalucia.es\/cepermiguelhernandezgilabert\/files\/2022\/01\/foto-1-rotated.jpg\"><img loading=\"lazy\" decoding=\"async\" class=\"alignnone size-medium wp-image-4228\" src=\"https:\/\/blogsaverroes.juntadeandalucia.es\/cepermiguelhernandezgilabert\/files\/2022\/01\/foto-1-225x300.jpg\" alt=\"\" width=\"225\" height=\"300\" srcset=\"https:\/\/blogsaverroes.juntadeandalucia.es\/cepermiguelhernandezgilabert\/files\/2022\/01\/foto-1-225x300.jpg 225w, https:\/\/blogsaverroes.juntadeandalucia.es\/cepermiguelhernandezgilabert\/files\/2022\/01\/foto-1-768x1024.jpg 768w, https:\/\/blogsaverroes.juntadeandalucia.es\/cepermiguelhernandezgilabert\/files\/2022\/01\/foto-1-300x400.jpg 300w, https:\/\/blogsaverroes.juntadeandalucia.es\/cepermiguelhernandezgilabert\/files\/2022\/01\/foto-1-1152x1536.jpg 1152w, https:\/\/blogsaverroes.juntadeandalucia.es\/cepermiguelhernandezgilabert\/files\/2022\/01\/foto-1-1536x2048.jpg 1536w, https:\/\/blogsaverroes.juntadeandalucia.es\/cepermiguelhernandezgilabert\/files\/2022\/01\/foto-1-rotated.jpg 1200w\" sizes=\"(max-width: 225px) 100vw, 225px\" \/><\/a><\/p>\n<p><a href=\"https:\/\/blogsaverroes.juntadeandalucia.es\/cepermiguelhernandezgilabert\/files\/2022\/01\/foto3-rotated.jpg\"><img loading=\"lazy\" decoding=\"async\" class=\"alignnone size-medium wp-image-4229\" src=\"https:\/\/blogsaverroes.juntadeandalucia.es\/cepermiguelhernandezgilabert\/files\/2022\/01\/foto3-225x300.jpg\" alt=\"\" width=\"225\" height=\"300\" srcset=\"https:\/\/blogsaverroes.juntadeandalucia.es\/cepermiguelhernandezgilabert\/files\/2022\/01\/foto3-225x300.jpg 225w, https:\/\/blogsaverroes.juntadeandalucia.es\/cepermiguelhernandezgilabert\/files\/2022\/01\/foto3-768x1024.jpg 768w, https:\/\/blogsaverroes.juntadeandalucia.es\/cepermiguelhernandezgilabert\/files\/2022\/01\/foto3-300x400.jpg 300w, https:\/\/blogsaverroes.juntadeandalucia.es\/cepermiguelhernandezgilabert\/files\/2022\/01\/foto3-1152x1536.jpg 1152w, https:\/\/blogsaverroes.juntadeandalucia.es\/cepermiguelhernandezgilabert\/files\/2022\/01\/foto3-1536x2048.jpg 1536w, https:\/\/blogsaverroes.juntadeandalucia.es\/cepermiguelhernandezgilabert\/files\/2022\/01\/foto3-rotated.jpg 1200w\" sizes=\"(max-width: 225px) 100vw, 225px\" \/><\/a><\/p>\n<h1><span style=\"color: #008000\"> D\u00cdA DE ANDALUC\u00cdA 28 DE FEBRERO 2022 <\/span><a href=\"https:\/\/blogsaverroes.juntadeandalucia.es\/cepermiguelhernandezgilabert\/files\/2021\/02\/wp-1614188372684.gif\"><img decoding=\"async\" class=\"alignnone size-full wp-image-3947\" src=\"https:\/\/blogsaverroes.juntadeandalucia.es\/cepermiguelhernandezgilabert\/files\/2021\/02\/wp-1614188372684.gif\" alt=\"\" width=\"205\" height=\"148\"\/><\/a><\/h1>\n<h2>ACTIVIDADES<\/h2>\n<h4>Se han realizado actividades a nivel de aula. Por las restricciones no hemos podido hacer, el acostumbrado, desayuno andaluz.<\/h4>\n<h1><a href=\"https:\/\/blogsaverroes.juntadeandalucia.es\/cepermiguelhernandezgilabert\/files\/2022\/02\/arbol-andalucia-rotated.jpg\"><img loading=\"lazy\" decoding=\"async\" class=\"alignnone size-medium wp-image-4233\" src=\"https:\/\/blogsaverroes.juntadeandalucia.es\/cepermiguelhernandezgilabert\/files\/2022\/02\/arbol-andalucia-225x300.jpg\" alt=\"\" width=\"225\" height=\"300\" srcset=\"https:\/\/blogsaverroes.juntadeandalucia.es\/cepermiguelhernandezgilabert\/files\/2022\/02\/arbol-andalucia-225x300.jpg 225w, https:\/\/blogsaverroes.juntadeandalucia.es\/cepermiguelhernandezgilabert\/files\/2022\/02\/arbol-andalucia-768x1024.jpg 768w, https:\/\/blogsaverroes.juntadeandalucia.es\/cepermiguelhernandezgilabert\/files\/2022\/02\/arbol-andalucia-300x400.jpg 300w, https:\/\/blogsaverroes.juntadeandalucia.es\/cepermiguelhernandezgilabert\/files\/2022\/02\/arbol-andalucia-1152x1536.jpg 1152w, https:\/\/blogsaverroes.juntadeandalucia.es\/cepermiguelhernandezgilabert\/files\/2022\/02\/arbol-andalucia-1536x2048.jpg 1536w, https:\/\/blogsaverroes.juntadeandalucia.es\/cepermiguelhernandezgilabert\/files\/2022\/02\/arbol-andalucia-rotated.jpg 1200w\" sizes=\"(max-width: 225px) 100vw, 225px\" \/><\/a><span style=\"color: #00ff00\"><span style=\"color: #0000ff\"><a href=\"https:\/\/blogsaverroes.juntadeandalucia.es\/cepermiguelhernandezgilabert\/files\/2022\/02\/arbol-andalucia-rotated.jpg\">FELIZ D\u00cdA DE ANDALUC\u00cdA!!!!<\/a><\/span><\/span><\/h1>\n<p><a href=\"https:\/\/blogsaverroes.juntadeandalucia.es\/cepermiguelhernandezgilabert\/files\/2022\/02\/emi-y-arbol-rotated.jpg\"><img loading=\"lazy\" decoding=\"async\" class=\"alignnone size-medium wp-image-4234\" src=\"https:\/\/blogsaverroes.juntadeandalucia.es\/cepermiguelhernandezgilabert\/files\/2022\/02\/emi-y-arbol-225x300.jpg\" alt=\"\" width=\"225\" height=\"300\" srcset=\"https:\/\/blogsaverroes.juntadeandalucia.es\/cepermiguelhernandezgilabert\/files\/2022\/02\/emi-y-arbol-225x300.jpg 225w, https:\/\/blogsaverroes.juntadeandalucia.es\/cepermiguelhernandezgilabert\/files\/2022\/02\/emi-y-arbol-768x1024.jpg 768w, https:\/\/blogsaverroes.juntadeandalucia.es\/cepermiguelhernandezgilabert\/files\/2022\/02\/emi-y-arbol-300x400.jpg 300w, https:\/\/blogsaverroes.juntadeandalucia.es\/cepermiguelhernandezgilabert\/files\/2022\/02\/emi-y-arbol-1152x1536.jpg 1152w, https:\/\/blogsaverroes.juntadeandalucia.es\/cepermiguelhernandezgilabert\/files\/2022\/02\/emi-y-arbol-1536x2048.jpg 1536w, https:\/\/blogsaverroes.juntadeandalucia.es\/cepermiguelhernandezgilabert\/files\/2022\/02\/emi-y-arbol-rotated.jpg 1200w\" sizes=\"(max-width: 225px) 100vw, 225px\" \/><\/a><\/p>\n<p><a href=\"https:\/\/blogsaverroes.juntadeandalucia.es\/cepermiguelhernandezgilabert\/files\/2022\/02\/bandera-rotated.jpg\"><img loading=\"lazy\" decoding=\"async\" class=\"alignnone size-medium wp-image-4235\" src=\"https:\/\/blogsaverroes.juntadeandalucia.es\/cepermiguelhernandezgilabert\/files\/2022\/02\/bandera-300x225.jpg\" alt=\"\" width=\"300\" height=\"225\" srcset=\"https:\/\/blogsaverroes.juntadeandalucia.es\/cepermiguelhernandezgilabert\/files\/2022\/02\/bandera-300x225.jpg 300w, https:\/\/blogsaverroes.juntadeandalucia.es\/cepermiguelhernandezgilabert\/files\/2022\/02\/bandera-1024x768.jpg 1024w, https:\/\/blogsaverroes.juntadeandalucia.es\/cepermiguelhernandezgilabert\/files\/2022\/02\/bandera-768x576.jpg 768w, https:\/\/blogsaverroes.juntadeandalucia.es\/cepermiguelhernandezgilabert\/files\/2022\/02\/bandera-1536x1152.jpg 1536w, https:\/\/blogsaverroes.juntadeandalucia.es\/cepermiguelhernandezgilabert\/files\/2022\/02\/bandera-2048x1536.jpg 2048w, https:\/\/blogsaverroes.juntadeandalucia.es\/cepermiguelhernandezgilabert\/files\/2022\/02\/bandera-rotated.jpg 1600w\" sizes=\"(max-width: 300px) 100vw, 300px\" \/><\/a><\/p>\n<p><a href=\"https:\/\/blogsaverroes.juntadeandalucia.es\/cepermiguelhernandezgilabert\/files\/2022\/02\/clavel.jpg\"><img loading=\"lazy\" decoding=\"async\" class=\"alignnone size-medium wp-image-4236\" src=\"https:\/\/blogsaverroes.juntadeandalucia.es\/cepermiguelhernandezgilabert\/files\/2022\/02\/clavel-225x300.jpg\" alt=\"\" width=\"225\" height=\"300\" srcset=\"https:\/\/blogsaverroes.juntadeandalucia.es\/cepermiguelhernandezgilabert\/files\/2022\/02\/clavel-225x300.jpg 225w, https:\/\/blogsaverroes.juntadeandalucia.es\/cepermiguelhernandezgilabert\/files\/2022\/02\/clavel-768x1024.jpg 768w, https:\/\/blogsaverroes.juntadeandalucia.es\/cepermiguelhernandezgilabert\/files\/2022\/02\/clavel-300x400.jpg 300w, https:\/\/blogsaverroes.juntadeandalucia.es\/cepermiguelhernandezgilabert\/files\/2022\/02\/clavel-1152x1536.jpg 1152w, https:\/\/blogsaverroes.juntadeandalucia.es\/cepermiguelhernandezgilabert\/files\/2022\/02\/clavel-1536x2048.jpg 1536w, https:\/\/blogsaverroes.juntadeandalucia.es\/cepermiguelhernandezgilabert\/files\/2022\/02\/clavel.jpg 1200w\" sizes=\"(max-width: 225px) 100vw, 225px\" \/><\/a><\/p>\n<p><a href=\"https:\/\/blogsaverroes.juntadeandalucia.es\/cepermiguelhernandezgilabert\/files\/2022\/02\/documento3.jpg\"><img loading=\"lazy\" decoding=\"async\" class=\"alignnone size-medium wp-image-4237\" src=\"https:\/\/blogsaverroes.juntadeandalucia.es\/cepermiguelhernandezgilabert\/files\/2022\/02\/documento3-225x300.jpg\" alt=\"\" width=\"225\" height=\"300\" srcset=\"https:\/\/blogsaverroes.juntadeandalucia.es\/cepermiguelhernandezgilabert\/files\/2022\/02\/documento3-225x300.jpg 225w, https:\/\/blogsaverroes.juntadeandalucia.es\/cepermiguelhernandezgilabert\/files\/2022\/02\/documento3-768x1024.jpg 768w, https:\/\/blogsaverroes.juntadeandalucia.es\/cepermiguelhernandezgilabert\/files\/2022\/02\/documento3-300x400.jpg 300w, https:\/\/blogsaverroes.juntadeandalucia.es\/cepermiguelhernandezgilabert\/files\/2022\/02\/documento3-1152x1536.jpg 1152w, https:\/\/blogsaverroes.juntadeandalucia.es\/cepermiguelhernandezgilabert\/files\/2022\/02\/documento3-1536x2048.jpg 1536w, https:\/\/blogsaverroes.juntadeandalucia.es\/cepermiguelhernandezgilabert\/files\/2022\/02\/documento3.jpg 1200w\" sizes=\"(max-width: 225px) 100vw, 225px\" \/><\/a><\/p>\n<p><a href=\"https:\/\/blogsaverroes.juntadeandalucia.es\/cepermiguelhernandezgilabert\/files\/2022\/02\/abanico.jpg\"><img loading=\"lazy\" decoding=\"async\" class=\"alignnone size-medium wp-image-4238\" src=\"https:\/\/blogsaverroes.juntadeandalucia.es\/cepermiguelhernandezgilabert\/files\/2022\/02\/abanico-225x300.jpg\" alt=\"\" width=\"225\" height=\"300\" srcset=\"https:\/\/blogsaverroes.juntadeandalucia.es\/cepermiguelhernandezgilabert\/files\/2022\/02\/abanico-225x300.jpg 225w, https:\/\/blogsaverroes.juntadeandalucia.es\/cepermiguelhernandezgilabert\/files\/2022\/02\/abanico-768x1024.jpg 768w, https:\/\/blogsaverroes.juntadeandalucia.es\/cepermiguelhernandezgilabert\/files\/2022\/02\/abanico-300x400.jpg 300w, https:\/\/blogsaverroes.juntadeandalucia.es\/cepermiguelhernandezgilabert\/files\/2022\/02\/abanico-1152x1536.jpg 1152w, https:\/\/blogsaverroes.juntadeandalucia.es\/cepermiguelhernandezgilabert\/files\/2022\/02\/abanico-1536x2048.jpg 1536w, https:\/\/blogsaverroes.juntadeandalucia.es\/cepermiguelhernandezgilabert\/files\/2022\/02\/abanico.jpg 1200w\" sizes=\"(max-width: 225px) 100vw, 225px\" \/><\/a><\/p>\n<p><a href=\"https:\/\/blogsaverroes.juntadeandalucia.es\/cepermiguelhernandezgilabert\/files\/2022\/02\/documento2.jpg\"><img loading=\"lazy\" decoding=\"async\" class=\"alignnone size-medium wp-image-4239\" src=\"https:\/\/blogsaverroes.juntadeandalucia.es\/cepermiguelhernandezgilabert\/files\/2022\/02\/documento2-225x300.jpg\" alt=\"\" width=\"225\" height=\"300\" srcset=\"https:\/\/blogsaverroes.juntadeandalucia.es\/cepermiguelhernandezgilabert\/files\/2022\/02\/documento2-225x300.jpg 225w, https:\/\/blogsaverroes.juntadeandalucia.es\/cepermiguelhernandezgilabert\/files\/2022\/02\/documento2-768x1024.jpg 768w, https:\/\/blogsaverroes.juntadeandalucia.es\/cepermiguelhernandezgilabert\/files\/2022\/02\/documento2-300x400.jpg 300w, https:\/\/blogsaverroes.juntadeandalucia.es\/cepermiguelhernandezgilabert\/files\/2022\/02\/documento2-1152x1536.jpg 1152w, https:\/\/blogsaverroes.juntadeandalucia.es\/cepermiguelhernandezgilabert\/files\/2022\/02\/documento2-1536x2048.jpg 1536w, https:\/\/blogsaverroes.juntadeandalucia.es\/cepermiguelhernandezgilabert\/files\/2022\/02\/documento2.jpg 1200w\" sizes=\"(max-width: 225px) 100vw, 225px\" \/><\/a><\/p>\n<p><a href=\"https:\/\/blogsaverroes.juntadeandalucia.es\/cepermiguelhernandezgilabert\/files\/2022\/02\/poema-2-rotated.jpg\"><img loading=\"lazy\" decoding=\"async\" class=\"alignnone size-medium wp-image-4240\" src=\"https:\/\/blogsaverroes.juntadeandalucia.es\/cepermiguelhernandezgilabert\/files\/2022\/02\/poema-2-225x300.jpg\" alt=\"\" width=\"225\" height=\"300\" srcset=\"https:\/\/blogsaverroes.juntadeandalucia.es\/cepermiguelhernandezgilabert\/files\/2022\/02\/poema-2-225x300.jpg 225w, https:\/\/blogsaverroes.juntadeandalucia.es\/cepermiguelhernandezgilabert\/files\/2022\/02\/poema-2-768x1024.jpg 768w, https:\/\/blogsaverroes.juntadeandalucia.es\/cepermiguelhernandezgilabert\/files\/2022\/02\/poema-2-300x400.jpg 300w, https:\/\/blogsaverroes.juntadeandalucia.es\/cepermiguelhernandezgilabert\/files\/2022\/02\/poema-2-1152x1536.jpg 1152w, https:\/\/blogsaverroes.juntadeandalucia.es\/cepermiguelhernandezgilabert\/files\/2022\/02\/poema-2-1536x2048.jpg 1536w, https:\/\/blogsaverroes.juntadeandalucia.es\/cepermiguelhernandezgilabert\/files\/2022\/02\/poema-2-rotated.jpg 1200w\" sizes=\"(max-width: 225px) 100vw, 225px\" \/><\/a><\/p>\n<h3><span style=\"color: #008000\">EL ESTATUTO DE ANDALUC\u00cdA SE HA TRABAJADO EN NIVELES M\u00c1S ALTOS.<\/span><\/h3>\n<h3><span style=\"color: #008000\"> Hemos escuchado y cantado el himno de Andaluc\u00eda.<\/span><\/h3>\n<h1><span style=\"color: #ff00ff\">8 de marzo &#8220;D\u00cdA DE LA MUJER&#8221;<\/span><\/h1>\n<p><a href=\"https:\/\/blogsaverroes.juntadeandalucia.es\/cepermiguelhernandezgilabert\/files\/2022\/03\/DANDARAlucha-por-la-libertad.jpg\"><img loading=\"lazy\" decoding=\"async\" class=\"alignnone size-medium wp-image-4245\" src=\"https:\/\/blogsaverroes.juntadeandalucia.es\/cepermiguelhernandezgilabert\/files\/2022\/03\/DANDARAlucha-por-la-libertad-212x300.jpg\" alt=\"\" width=\"212\" height=\"300\" srcset=\"https:\/\/blogsaverroes.juntadeandalucia.es\/cepermiguelhernandezgilabert\/files\/2022\/03\/DANDARAlucha-por-la-libertad-212x300.jpg 212w, https:\/\/blogsaverroes.juntadeandalucia.es\/cepermiguelhernandezgilabert\/files\/2022\/03\/DANDARAlucha-por-la-libertad-724x1024.jpg 724w, https:\/\/blogsaverroes.juntadeandalucia.es\/cepermiguelhernandezgilabert\/files\/2022\/03\/DANDARAlucha-por-la-libertad-768x1086.jpg 768w, https:\/\/blogsaverroes.juntadeandalucia.es\/cepermiguelhernandezgilabert\/files\/2022\/03\/DANDARAlucha-por-la-libertad-1086x1536.jpg 1086w, https:\/\/blogsaverroes.juntadeandalucia.es\/cepermiguelhernandezgilabert\/files\/2022\/03\/DANDARAlucha-por-la-libertad.jpg 1131w\" sizes=\"(max-width: 212px) 100vw, 212px\" \/><\/a><\/p>\n<h1>DANDARA (lucha por la libertad)<\/h1>\n<h2><a href=\"https:\/\/wwwcepermiguelhg.blogspot.com\/2021\/11\/25-de-noviembre-dia-contra-la-violencia.html\">VISITAR NUESTRO BLOG DE IGUALDAD<\/a><\/h2>\n<h1><span style=\"color: #333399\">D\u00cdA DEL LIBRO<\/span><\/h1>\n<p><a href=\"https:\/\/blogsaverroes.juntadeandalucia.es\/cepermiguelhernandezgilabert\/files\/2022\/04\/20220420_141447_HDR-rotated.jpg\"><img loading=\"lazy\" decoding=\"async\" class=\"alignnone wp-image-4254\" src=\"https:\/\/blogsaverroes.juntadeandalucia.es\/cepermiguelhernandezgilabert\/files\/2022\/04\/20220420_141447_HDR-225x300.jpg\" alt=\"\" width=\"608\" height=\"810\" srcset=\"https:\/\/blogsaverroes.juntadeandalucia.es\/cepermiguelhernandezgilabert\/files\/2022\/04\/20220420_141447_HDR-225x300.jpg 225w, https:\/\/blogsaverroes.juntadeandalucia.es\/cepermiguelhernandezgilabert\/files\/2022\/04\/20220420_141447_HDR-768x1024.jpg 768w, https:\/\/blogsaverroes.juntadeandalucia.es\/cepermiguelhernandezgilabert\/files\/2022\/04\/20220420_141447_HDR-300x400.jpg 300w, https:\/\/blogsaverroes.juntadeandalucia.es\/cepermiguelhernandezgilabert\/files\/2022\/04\/20220420_141447_HDR-1152x1536.jpg 1152w, https:\/\/blogsaverroes.juntadeandalucia.es\/cepermiguelhernandezgilabert\/files\/2022\/04\/20220420_141447_HDR-1536x2048.jpg 1536w, https:\/\/blogsaverroes.juntadeandalucia.es\/cepermiguelhernandezgilabert\/files\/2022\/04\/20220420_141447_HDR-rotated.jpg 1200w\" sizes=\"(max-width: 608px) 100vw, 608px\" \/><\/a><\/p>\n<h3>Lectura a nivel de aula y comentarios de textos. Durante el mes de abril se seguir\u00e1n haciendo m\u00e1s actividades.<\/h3>\n<h1><span style=\"color: #0000ff\"><a style=\"color: #993366\" href=\"https:\/\/blogsaverroes.juntadeandalucia.es\/cepermiguelhernandezgilabert\/files\/2022\/05\/VER-VIDEO.wmv\">SALIDA PROGRAMADA 10\/05\/2022<\/a><\/span><\/h1>\n<h3><span style=\"color: #993366\"><a style=\"color: #993366\" href=\"https:\/\/blogsaverroes.juntadeandalucia.es\/cepermiguelhernandezgilabert\/files\/2022\/05\/VER-VIDEO.wmv\">VER V\u00cdDEO<\/a><\/span><\/h3>\n<p><!--more&amp;lt;a style=--><\/p>\n<p><a style=\"color: #993366\" href=\"https:\/\/blogsaverroes.juntadeandalucia.es\/cepermiguelhernandezgilabert\/files\/2022\/05\/VER-VIDEO.wmv\">EO<\/a><\/p>\n<p><!--more--><\/p>\n<p>EO<\/p>\n<h1>&nbsp;<\/h1>\n<p><a href=\"https:\/\/blogsaverroes.juntadeandalucia.es\/cepermiguelhernandezgilabert\/files\/2022\/05\/IMG-20220510-WA0119.jpg\"><img loading=\"lazy\" decoding=\"async\" class=\"alignnone size-medium wp-image-4265\" src=\"https:\/\/blogsaverroes.juntadeandalucia.es\/cepermiguelhernandezgilabert\/files\/2022\/05\/IMG-20220510-WA0119-158x300.jpg\" alt=\"\" width=\"158\" height=\"300\" srcset=\"https:\/\/blogsaverroes.juntadeandalucia.es\/cepermiguelhernandezgilabert\/files\/2022\/05\/IMG-20220510-WA0119-158x300.jpg 158w, https:\/\/blogsaverroes.juntadeandalucia.es\/cepermiguelhernandezgilabert\/files\/2022\/05\/IMG-20220510-WA0119-538x1024.jpg 538w, https:\/\/blogsaverroes.juntadeandalucia.es\/cepermiguelhernandezgilabert\/files\/2022\/05\/IMG-20220510-WA0119.jpg 705w\" sizes=\"(max-width: 158px) 100vw, 158px\" \/><\/a><\/p>\n<p><a href=\"https:\/\/blogsaverroes.juntadeandalucia.es\/cepermiguelhernandezgilabert\/files\/2022\/05\/JPEG_20220514_000047_7243462042336828630.jpg\"><img loading=\"lazy\" decoding=\"async\" class=\"alignnone size-medium wp-image-4266\" src=\"https:\/\/blogsaverroes.juntadeandalucia.es\/cepermiguelhernandezgilabert\/files\/2022\/05\/JPEG_20220514_000047_7243462042336828630-300x223.jpg\" alt=\"\" width=\"300\" height=\"223\" srcset=\"https:\/\/blogsaverroes.juntadeandalucia.es\/cepermiguelhernandezgilabert\/files\/2022\/05\/JPEG_20220514_000047_7243462042336828630-300x223.jpg 300w, https:\/\/blogsaverroes.juntadeandalucia.es\/cepermiguelhernandezgilabert\/files\/2022\/05\/JPEG_20220514_000047_7243462042336828630-1024x760.jpg 1024w, https:\/\/blogsaverroes.juntadeandalucia.es\/cepermiguelhernandezgilabert\/files\/2022\/05\/JPEG_20220514_000047_7243462042336828630-768x570.jpg 768w, https:\/\/blogsaverroes.juntadeandalucia.es\/cepermiguelhernandezgilabert\/files\/2022\/05\/JPEG_20220514_000047_7243462042336828630-1536x1139.jpg 1536w, https:\/\/blogsaverroes.juntadeandalucia.es\/cepermiguelhernandezgilabert\/files\/2022\/05\/JPEG_20220514_000047_7243462042336828630.jpg 1599w\" sizes=\"(max-width: 300px) 100vw, 300px\" \/><\/a><\/p>\n<p><em><strong>VISITA AL MUELLE DE LAS CARABELAS Y MONASTERIO DE LA R\u00c1BIDA.<\/strong><\/em><\/p>\n<p><em><strong> COMIMOS EN EL CAMPING DE MAZAG\u00d3N , BA\u00d1O Y PASEO POR LA PLAYA.<\/strong><\/em><\/p>\n<p><strong> UN D\u00cdA INOLVIDABLE!!!!!!<\/strong><\/p>\n<p>&nbsp;<\/p>\n<p>&nbsp;<\/p>\n<h1>16 DE NOVIEMBRE &#8221; D\u00cdA DEL FLAMENCO&#8221;<\/h1>\n<p><span style=\"color: #008000\">FELIZ D\u00cdA DEL FLAMENCO \ud83d\ude1b \ud83d\ude44&nbsp;<\/span><\/p>\n<p>&nbsp; Lo hemos celebrado por todo lo alto .<span style=\"color: #0000ff\"> CON UN TABLAO FLAMENCO.&nbsp;<span style=\"color: #000000\">Han participado internos\/as de la prisi\u00f3n y profesora y profesor de m\u00fasica. <a href=\"https:\/\/blogsaverroes.juntadeandalucia.es\/cepermiguelhernandezgilabert\/files\/2022\/11\/JPEG2.jpg\"><img loading=\"lazy\" decoding=\"async\" class=\"alignnone size-medium wp-image-4398\" src=\"https:\/\/blogsaverroes.juntadeandalucia.es\/cepermiguelhernandezgilabert\/files\/2022\/11\/JPEG2-225x300.jpg\" alt=\"\" width=\"225\" height=\"300\" srcset=\"https:\/\/blogsaverroes.juntadeandalucia.es\/cepermiguelhernandezgilabert\/files\/2022\/11\/JPEG2-225x300.jpg 225w, https:\/\/blogsaverroes.juntadeandalucia.es\/cepermiguelhernandezgilabert\/files\/2022\/11\/JPEG2.jpg 581w\" sizes=\"(max-width: 225px) 100vw, 225px\" \/><\/a><a href=\"https:\/\/blogsaverroes.juntadeandalucia.es\/cepermiguelhernandezgilabert\/files\/2022\/11\/JPEG1.jpg\"><img loading=\"lazy\" decoding=\"async\" class=\"alignnone size-medium wp-image-4397\" src=\"https:\/\/blogsaverroes.juntadeandalucia.es\/cepermiguelhernandezgilabert\/files\/2022\/11\/JPEG1-225x300.jpg\" alt=\"\" width=\"225\" height=\"300\" srcset=\"https:\/\/blogsaverroes.juntadeandalucia.es\/cepermiguelhernandezgilabert\/files\/2022\/11\/JPEG1-225x300.jpg 225w, https:\/\/blogsaverroes.juntadeandalucia.es\/cepermiguelhernandezgilabert\/files\/2022\/11\/JPEG1.jpg 581w\" sizes=\"(max-width: 225px) 100vw, 225px\" \/><\/a><\/span><\/span><\/p>\n<p><a href=\"https:\/\/blogsaverroes.juntadeandalucia.es\/cepermiguelhernandezgilabert\/files\/2022\/11\/GITANA.jpg\"><img loading=\"lazy\" decoding=\"async\" class=\"alignnone wp-image-4392\" src=\"https:\/\/blogsaverroes.juntadeandalucia.es\/cepermiguelhernandezgilabert\/files\/2022\/11\/GITANA.jpg\" alt=\"\" width=\"472\" height=\"629\"\/><\/a><\/p>\n<p><a href=\"https:\/\/blogsaverroes.juntadeandalucia.es\/cepermiguelhernandezgilabert\/files\/2022\/11\/JPEG_20221115_161323_8351890317531606823.jpg\"><img loading=\"lazy\" decoding=\"async\" class=\"alignnone size-medium wp-image-4396\" src=\"https:\/\/blogsaverroes.juntadeandalucia.es\/cepermiguelhernandezgilabert\/files\/2022\/11\/JPEG_20221115_161323_8351890317531606823-300x225.jpg\" alt=\"\" width=\"300\" height=\"225\" srcset=\"https:\/\/blogsaverroes.juntadeandalucia.es\/cepermiguelhernandezgilabert\/files\/2022\/11\/JPEG_20221115_161323_8351890317531606823-300x225.jpg 300w, https:\/\/blogsaverroes.juntadeandalucia.es\/cepermiguelhernandezgilabert\/files\/2022\/11\/JPEG_20221115_161323_8351890317531606823-768x576.jpg 768w, https:\/\/blogsaverroes.juntadeandalucia.es\/cepermiguelhernandezgilabert\/files\/2022\/11\/JPEG_20221115_161323_8351890317531606823.jpg 798w\" sizes=\"(max-width: 300px) 100vw, 300px\" \/><\/a><a href=\"https:\/\/blogsaverroes.juntadeandalucia.es\/cepermiguelhernandezgilabert\/files\/2022\/11\/JPEG_20221115_161251_3104797455052507306.jpg\"><img loading=\"lazy\" decoding=\"async\" class=\"alignnone size-medium wp-image-4395\" src=\"https:\/\/blogsaverroes.juntadeandalucia.es\/cepermiguelhernandezgilabert\/files\/2022\/11\/JPEG_20221115_161251_3104797455052507306-225x300.jpg\" alt=\"\" width=\"225\" height=\"300\" srcset=\"https:\/\/blogsaverroes.juntadeandalucia.es\/cepermiguelhernandezgilabert\/files\/2022\/11\/JPEG_20221115_161251_3104797455052507306-225x300.jpg 225w, https:\/\/blogsaverroes.juntadeandalucia.es\/cepermiguelhernandezgilabert\/files\/2022\/11\/JPEG_20221115_161251_3104797455052507306.jpg 577w\" sizes=\"(max-width: 225px) 100vw, 225px\" \/><\/a><a href=\"https:\/\/blogsaverroes.juntadeandalucia.es\/cepermiguelhernandezgilabert\/files\/2022\/11\/JPEG_20221115_160938_3160696525818477901.jpg\"><img loading=\"lazy\" decoding=\"async\" class=\"alignnone size-medium wp-image-4394\" src=\"https:\/\/blogsaverroes.juntadeandalucia.es\/cepermiguelhernandezgilabert\/files\/2022\/11\/JPEG_20221115_160938_3160696525818477901-300x225.jpg\" alt=\"\" width=\"300\" height=\"225\" srcset=\"https:\/\/blogsaverroes.juntadeandalucia.es\/cepermiguelhernandezgilabert\/files\/2022\/11\/JPEG_20221115_160938_3160696525818477901-300x225.jpg 300w, https:\/\/blogsaverroes.juntadeandalucia.es\/cepermiguelhernandezgilabert\/files\/2022\/11\/JPEG_20221115_160938_3160696525818477901-768x576.jpg 768w, https:\/\/blogsaverroes.juntadeandalucia.es\/cepermiguelhernandezgilabert\/files\/2022\/11\/JPEG_20221115_160938_3160696525818477901.jpg 798w\" sizes=\"(max-width: 300px) 100vw, 300px\" \/><\/a><a href=\"https:\/\/blogsaverroes.juntadeandalucia.es\/cepermiguelhernandezgilabert\/files\/2022\/11\/JPEG_20221115_160811_9049428482471809414.jpg\"><img loading=\"lazy\" decoding=\"async\" class=\"alignnone size-medium wp-image-4393\" src=\"https:\/\/blogsaverroes.juntadeandalucia.es\/cepermiguelhernandezgilabert\/files\/2022\/11\/JPEG_20221115_160811_9049428482471809414-225x300.jpg\" alt=\"\" width=\"225\" height=\"300\" srcset=\"https:\/\/blogsaverroes.juntadeandalucia.es\/cepermiguelhernandezgilabert\/files\/2022\/11\/JPEG_20221115_160811_9049428482471809414-225x300.jpg 225w, https:\/\/blogsaverroes.juntadeandalucia.es\/cepermiguelhernandezgilabert\/files\/2022\/11\/JPEG_20221115_160811_9049428482471809414.jpg 577w\" sizes=\"(max-width: 225px) 100vw, 225px\" \/><\/a><\/p>\n<p>&nbsp;<span style=\"color: #993366\">TODAS LAS FOTOS ESTAN HECHAS POR PERSONAL AUTORIZADO<\/span><\/p>\n<p>&nbsp;<\/p>\n<h1><span style=\"color: #666699\">25 DE NOVIEMBRE. D\u00cdA CONTRA LA VIOLENCIA HACIA LA MUJER. 2022<\/span><\/h1>\n<h2><span style=\"color: #339966\"><strong><a style=\"color: #339966\" href=\"https:\/\/wwwcepermiguelhg.blogspot.com\/\">actividades realizadas<\/a><\/strong><\/span><\/h2>\n<p><a href=\"https:\/\/blogsaverroes.juntadeandalucia.es\/cepermiguelhernandezgilabert\/files\/2022\/11\/IMG-20221115-WA00282.jpg\"><img loading=\"lazy\" decoding=\"async\" class=\"alignnone wp-image-4409\" src=\"https:\/\/blogsaverroes.juntadeandalucia.es\/cepermiguelhernandezgilabert\/files\/2022\/11\/IMG-20221115-WA00282-300x236.jpg\" alt=\"\" width=\"563\" height=\"443\" srcset=\"https:\/\/blogsaverroes.juntadeandalucia.es\/cepermiguelhernandezgilabert\/files\/2022\/11\/IMG-20221115-WA00282-300x236.jpg 300w, https:\/\/blogsaverroes.juntadeandalucia.es\/cepermiguelhernandezgilabert\/files\/2022\/11\/IMG-20221115-WA00282-768x603.jpg 768w, https:\/\/blogsaverroes.juntadeandalucia.es\/cepermiguelhernandezgilabert\/files\/2022\/11\/IMG-20221115-WA00282.jpg 1024w\" sizes=\"(max-width: 563px) 100vw, 563px\" \/><\/a><\/p>\n<p>&nbsp;<\/p>\n<p>&nbsp;<\/p>\n<h1><span style=\"color: #ff0000\"><strong>DIA DE PAZ Y LA NO VIOLENCIA.2023<\/strong><\/span><\/h1>\n<p>&nbsp;<\/p>\n<p><a href=\"https:\/\/blogsaverroes.juntadeandalucia.es\/cepermiguelhernandezgilabert\/files\/2023\/02\/imagen-dia-de-la-paz.jpg\"><img loading=\"lazy\" decoding=\"async\" class=\"alignnone wp-image-4432\" src=\"https:\/\/blogsaverroes.juntadeandalucia.es\/cepermiguelhernandezgilabert\/files\/2023\/02\/imagen-dia-de-la-paz.jpg\" alt=\"\" width=\"327\" height=\"435\"\/><\/a><\/p>\n<p>&nbsp;<\/p>\n<h3>Hemos realizado la lectura de un manifiesto ,a nivel de aula.<\/h3>\n<h3>Realizaci\u00f3n de un mural con la contribuci\u00f3n de todo el alumnado : reflexi\u00f3n, debates y plasmaci\u00f3n de pensamientos personales sobre la paz y la no violencia en el mundo.<\/h3>\n<p>&nbsp;<\/p>\n<h1><span style=\"color: #008000\">DIA DE ANDALUCIA 2023.<\/span><\/h1>\n<p><a href=\"https:\/\/blogsaverroes.juntadeandalucia.es\/cepermiguelhernandezgilabert\/files\/2021\/02\/wp-1614188372684.gif\"><img decoding=\"async\" class=\"alignnone size-full wp-image-3947\" src=\"https:\/\/blogsaverroes.juntadeandalucia.es\/cepermiguelhernandezgilabert\/files\/2021\/02\/wp-1614188372684.gif\" alt=\"\" width=\"205\" height=\"148\"\/><\/a><a href=\"https:\/\/blogsaverroes.juntadeandalucia.es\/cepermiguelhernandezgilabert\/files\/2023\/02\/Desktop.jpg\"><img loading=\"lazy\" decoding=\"async\" class=\"alignnone size-medium wp-image-4438\" src=\"https:\/\/blogsaverroes.juntadeandalucia.es\/cepermiguelhernandezgilabert\/files\/2023\/02\/Desktop-300x169.jpg\" alt=\"\" width=\"300\" height=\"169\" srcset=\"https:\/\/blogsaverroes.juntadeandalucia.es\/cepermiguelhernandezgilabert\/files\/2023\/02\/Desktop-300x169.jpg 300w, https:\/\/blogsaverroes.juntadeandalucia.es\/cepermiguelhernandezgilabert\/files\/2023\/02\/Desktop.jpg 480w\" sizes=\"(max-width: 300px) 100vw, 300px\" \/><\/a><\/p>\n<p>&nbsp;<\/p>\n<h3>&nbsp;<span style=\"color: #339966\">&nbsp;&nbsp;&nbsp;&nbsp; Este a\u00f1o hemos celebrado el&nbsp; D\u00cdA DE ANDALUC\u00cdA, como siempre lo hemos hecho, con un desayuno para todo nuestro alumnado.<\/span><\/h3>\n<h3><span style=\"color: #339966\">&nbsp;&nbsp;&nbsp;&nbsp;&nbsp; Dicho desayuno&nbsp; ha consistido en&nbsp; una enorme tarta elaborada por los propios internos, pan con aceite y tomate ,hornazos y dulces (tambi\u00e9n de elaboraci\u00f3n en la cocina de la prisi\u00f3n.)<\/span><\/h3>\n<h3><span style=\"color: #339966\">&nbsp;&nbsp;&nbsp;&nbsp;&nbsp; Igualmente hemos contado con la audici\u00f3n del himno y la actuaci\u00f3n de un cuadro flamenco del mismo centro penitenciario.<\/span><\/h3>\n<h3><span style=\"color: #339966\">&nbsp;&nbsp;&nbsp;&nbsp; Ha sido muy agradable volver a nuestra normalidad y el alumnado ha agradecido todo ello ,as\u00ed como TAMBI\u00c9N&nbsp; HAN ASISTIDO : funcionarios, director de la prisi\u00f3n , la subdirectora de tratamiento&#8230; entre otros.<\/span><\/h3>\n<p>&nbsp;<\/p>\n<p><a href=\"https:\/\/blogsaverroes.juntadeandalucia.es\/cepermiguelhernandezgilabert\/files\/2023\/02\/IMG-20230223-WA0015.jpg\"><img loading=\"lazy\" decoding=\"async\" class=\"alignnone size-medium wp-image-4439\" src=\"https:\/\/blogsaverroes.juntadeandalucia.es\/cepermiguelhernandezgilabert\/files\/2023\/02\/IMG-20230223-WA0015-300x225.jpg\" alt=\"\" width=\"300\" height=\"225\" srcset=\"https:\/\/blogsaverroes.juntadeandalucia.es\/cepermiguelhernandezgilabert\/files\/2023\/02\/IMG-20230223-WA0015-300x225.jpg 300w, https:\/\/blogsaverroes.juntadeandalucia.es\/cepermiguelhernandezgilabert\/files\/2023\/02\/IMG-20230223-WA0015-1024x768.jpg 1024w, https:\/\/blogsaverroes.juntadeandalucia.es\/cepermiguelhernandezgilabert\/files\/2023\/02\/IMG-20230223-WA0015-768x576.jpg 768w, https:\/\/blogsaverroes.juntadeandalucia.es\/cepermiguelhernandezgilabert\/files\/2023\/02\/IMG-20230223-WA0015-1536x1152.jpg 1536w, https:\/\/blogsaverroes.juntadeandalucia.es\/cepermiguelhernandezgilabert\/files\/2023\/02\/IMG-20230223-WA0015.jpg 1600w\" sizes=\"(max-width: 300px) 100vw, 300px\" \/><\/a><a href=\"https:\/\/blogsaverroes.juntadeandalucia.es\/cepermiguelhernandezgilabert\/files\/2023\/02\/IMG-20230223-WA0017-1.jpg\"><img loading=\"lazy\" decoding=\"async\" class=\"alignnone size-medium wp-image-4442\" src=\"https:\/\/blogsaverroes.juntadeandalucia.es\/cepermiguelhernandezgilabert\/files\/2023\/02\/IMG-20230223-WA0017-1-225x300.jpg\" alt=\"\" width=\"225\" height=\"300\" srcset=\"https:\/\/blogsaverroes.juntadeandalucia.es\/cepermiguelhernandezgilabert\/files\/2023\/02\/IMG-20230223-WA0017-1-225x300.jpg 225w, https:\/\/blogsaverroes.juntadeandalucia.es\/cepermiguelhernandezgilabert\/files\/2023\/02\/IMG-20230223-WA0017-1-768x1024.jpg 768w, https:\/\/blogsaverroes.juntadeandalucia.es\/cepermiguelhernandezgilabert\/files\/2023\/02\/IMG-20230223-WA0017-1-1152x1536.jpg 1152w, https:\/\/blogsaverroes.juntadeandalucia.es\/cepermiguelhernandezgilabert\/files\/2023\/02\/IMG-20230223-WA0017-1.jpg 1200w\" sizes=\"(max-width: 225px) 100vw, 225px\" \/><\/a><\/p>\n<h1><span style=\"color: #993366\"><em><strong><img decoding=\"async\" src=\"https:\/\/3.bp.blogspot.com\/-bcJzJI5Mt0w\/XmqXTRRdIAI\/AAAAAAAAKTU\/NAJSqIvwi08XR5JsDUPHxKnUkJjljUdqACK4BGAYYCw\/s1600\/83.gif\"\/><\/strong><\/em><\/span><a href=\"https:\/\/blogsaverroes.juntadeandalucia.es\/cepermiguelhernandezgilabert\/files\/2023\/03\/VIDEO-scaled.jpg\"><img loading=\"lazy\" decoding=\"async\" class=\"alignnone size-medium wp-image-4456\" src=\"https:\/\/blogsaverroes.juntadeandalucia.es\/cepermiguelhernandezgilabert\/files\/2023\/03\/VIDEO-225x300.jpg\" alt=\"\" width=\"225\" height=\"300\" srcset=\"https:\/\/blogsaverroes.juntadeandalucia.es\/cepermiguelhernandezgilabert\/files\/2023\/03\/VIDEO-225x300.jpg 225w, https:\/\/blogsaverroes.juntadeandalucia.es\/cepermiguelhernandezgilabert\/files\/2023\/03\/VIDEO-768x1024.jpg 768w, https:\/\/blogsaverroes.juntadeandalucia.es\/cepermiguelhernandezgilabert\/files\/2023\/03\/VIDEO-1152x1536.jpg 1152w, https:\/\/blogsaverroes.juntadeandalucia.es\/cepermiguelhernandezgilabert\/files\/2023\/03\/VIDEO-1536x2048.jpg 1536w, https:\/\/blogsaverroes.juntadeandalucia.es\/cepermiguelhernandezgilabert\/files\/2023\/03\/VIDEO-scaled.jpg 1200w\" sizes=\"(max-width: 225px) 100vw, 225px\" \/><\/a><a href=\"https:\/\/blogsaverroes.juntadeandalucia.es\/cepermiguelhernandezgilabert\/files\/2023\/03\/VIDEO2-scaled.jpg\"><img loading=\"lazy\" decoding=\"async\" class=\"alignnone size-medium wp-image-4457\" src=\"https:\/\/blogsaverroes.juntadeandalucia.es\/cepermiguelhernandezgilabert\/files\/2023\/03\/VIDEO2-225x300.jpg\" alt=\"\" width=\"225\" height=\"300\" srcset=\"https:\/\/blogsaverroes.juntadeandalucia.es\/cepermiguelhernandezgilabert\/files\/2023\/03\/VIDEO2-225x300.jpg 225w, https:\/\/blogsaverroes.juntadeandalucia.es\/cepermiguelhernandezgilabert\/files\/2023\/03\/VIDEO2-768x1024.jpg 768w, https:\/\/blogsaverroes.juntadeandalucia.es\/cepermiguelhernandezgilabert\/files\/2023\/03\/VIDEO2-1152x1536.jpg 1152w, https:\/\/blogsaverroes.juntadeandalucia.es\/cepermiguelhernandezgilabert\/files\/2023\/03\/VIDEO2-1536x2048.jpg 1536w, https:\/\/blogsaverroes.juntadeandalucia.es\/cepermiguelhernandezgilabert\/files\/2023\/03\/VIDEO2-scaled.jpg 1200w\" sizes=\"(max-width: 225px) 100vw, 225px\" \/><\/a><\/h1>\n<p>&nbsp;<\/p>\n<p>&nbsp;<\/p>\n<p>&nbsp;<\/p>\n<h1><span style=\"color: #800080\">8 DE MARZO 2023. D\u00cdA DE LA MUJER.<\/span><\/h1>\n<h1>&nbsp;<\/h1>\n<h2><a href=\"https:\/\/wwwcepermiguelhg.blogspot.com\/\">VISITA NUESTRO BLOG DE IGUALDAD<\/a><\/h2>\n<p>&nbsp;<\/p>\n<p>&nbsp;<\/p>\n<p>&nbsp;<\/p>\n<h1><strong>D\u00cdA DEL LIBRO&nbsp;&nbsp;&nbsp;&nbsp;<\/strong><\/h1>\n<h1>&nbsp;<\/h1>\n<h1><strong>&nbsp;&nbsp;&nbsp;&nbsp;<br \/>\n<\/strong><\/h1>\n<p><a href=\"https:\/\/blogsaverroes.juntadeandalucia.es\/cepermiguelhernandezgilabert\/files\/2023\/04\/images.jpeg\"><img loading=\"lazy\" decoding=\"async\" class=\"alignnone size-medium wp-image-4467\" src=\"https:\/\/blogsaverroes.juntadeandalucia.es\/cepermiguelhernandezgilabert\/files\/2023\/04\/images-300x156.jpeg\" alt=\"\" width=\"300\" height=\"156\" srcset=\"https:\/\/blogsaverroes.juntadeandalucia.es\/cepermiguelhernandezgilabert\/files\/2023\/04\/images-300x156.jpeg 300w, https:\/\/blogsaverroes.juntadeandalucia.es\/cepermiguelhernandezgilabert\/files\/2023\/04\/images.jpeg 311w\" sizes=\"(max-width: 300px) 100vw, 300px\" \/><\/a><\/p>\n<p>Comentario de textos sobre libros manuales le\u00eddos del mismo autor. Se han trabajado en todos los m\u00f3dulos y niveles.<\/p>\n<p>&nbsp;<\/p>\n<p>&nbsp;<\/p>\n<h1><span style=\"color: #ff0000\">10 DE MAYO SALIDA PROGRAMADA.<\/span><\/h1>\n<p>&nbsp;<\/p>\n<h1><a href=\"https:\/\/blogsaverroes.juntadeandalucia.es\/cepermiguelhernandezgilabert\/files\/2023\/05\/1.jpg\"><img loading=\"lazy\" decoding=\"async\" class=\"alignnone size-medium wp-image-4479\" src=\"https:\/\/blogsaverroes.juntadeandalucia.es\/cepermiguelhernandezgilabert\/files\/2023\/05\/1-300x225.jpg\" alt=\"\" width=\"300\" height=\"225\" srcset=\"https:\/\/blogsaverroes.juntadeandalucia.es\/cepermiguelhernandezgilabert\/files\/2023\/05\/1-300x225.jpg 300w, https:\/\/blogsaverroes.juntadeandalucia.es\/cepermiguelhernandezgilabert\/files\/2023\/05\/1-768x576.jpg 768w, https:\/\/blogsaverroes.juntadeandalucia.es\/cepermiguelhernandezgilabert\/files\/2023\/05\/1.jpg 1024w\" sizes=\"(max-width: 300px) 100vw, 300px\" \/><\/a><a href=\"https:\/\/blogsaverroes.juntadeandalucia.es\/cepermiguelhernandezgilabert\/files\/2023\/05\/xgqrlge3.png\"><img loading=\"lazy\" decoding=\"async\" class=\"alignnone wp-image-4487\" src=\"https:\/\/blogsaverroes.juntadeandalucia.es\/cepermiguelhernandezgilabert\/files\/2023\/05\/xgqrlge3.png\" alt=\"\" width=\"117\" height=\"88\"\/><\/a><a href=\"https:\/\/blogsaverroes.juntadeandalucia.es\/cepermiguelhernandezgilabert\/files\/2023\/05\/3.jpg\"><img loading=\"lazy\" decoding=\"async\" class=\"alignnone size-medium wp-image-4481\" src=\"https:\/\/blogsaverroes.juntadeandalucia.es\/cepermiguelhernandezgilabert\/files\/2023\/05\/3-300x225.jpg\" alt=\"\" width=\"300\" height=\"225\" srcset=\"https:\/\/blogsaverroes.juntadeandalucia.es\/cepermiguelhernandezgilabert\/files\/2023\/05\/3-300x225.jpg 300w, https:\/\/blogsaverroes.juntadeandalucia.es\/cepermiguelhernandezgilabert\/files\/2023\/05\/3-768x576.jpg 768w, https:\/\/blogsaverroes.juntadeandalucia.es\/cepermiguelhernandezgilabert\/files\/2023\/05\/3.jpg 1024w\" sizes=\"(max-width: 300px) 100vw, 300px\" \/><\/a><a href=\"https:\/\/blogsaverroes.juntadeandalucia.es\/cepermiguelhernandezgilabert\/files\/2023\/05\/4.jpg\"><img loading=\"lazy\" decoding=\"async\" class=\"alignnone size-medium wp-image-4482\" src=\"https:\/\/blogsaverroes.juntadeandalucia.es\/cepermiguelhernandezgilabert\/files\/2023\/05\/4-300x225.jpg\" alt=\"\" width=\"300\" height=\"225\" srcset=\"https:\/\/blogsaverroes.juntadeandalucia.es\/cepermiguelhernandezgilabert\/files\/2023\/05\/4-300x225.jpg 300w, https:\/\/blogsaverroes.juntadeandalucia.es\/cepermiguelhernandezgilabert\/files\/2023\/05\/4-768x576.jpg 768w, https:\/\/blogsaverroes.juntadeandalucia.es\/cepermiguelhernandezgilabert\/files\/2023\/05\/4.jpg 1024w\" sizes=\"(max-width: 300px) 100vw, 300px\" \/><\/a><a href=\"https:\/\/blogsaverroes.juntadeandalucia.es\/cepermiguelhernandezgilabert\/files\/2023\/05\/5.jpg\"><img loading=\"lazy\" decoding=\"async\" class=\"alignnone size-medium wp-image-4483\" src=\"https:\/\/blogsaverroes.juntadeandalucia.es\/cepermiguelhernandezgilabert\/files\/2023\/05\/5-225x300.jpg\" alt=\"\" width=\"225\" height=\"300\" srcset=\"https:\/\/blogsaverroes.juntadeandalucia.es\/cepermiguelhernandezgilabert\/files\/2023\/05\/5-225x300.jpg 225w, https:\/\/blogsaverroes.juntadeandalucia.es\/cepermiguelhernandezgilabert\/files\/2023\/05\/5-768x1023.jpg 768w, https:\/\/blogsaverroes.juntadeandalucia.es\/cepermiguelhernandezgilabert\/files\/2023\/05\/5-1153x1536.jpg 1153w, https:\/\/blogsaverroes.juntadeandalucia.es\/cepermiguelhernandezgilabert\/files\/2023\/05\/5.jpg 1200w\" sizes=\"(max-width: 225px) 100vw, 225px\" \/><\/a><a href=\"https:\/\/blogsaverroes.juntadeandalucia.es\/cepermiguelhernandezgilabert\/files\/2023\/05\/6.jpg\"><img loading=\"lazy\" decoding=\"async\" class=\"alignnone size-medium wp-image-4484\" src=\"https:\/\/blogsaverroes.juntadeandalucia.es\/cepermiguelhernandezgilabert\/files\/2023\/05\/6-225x300.jpg\" alt=\"\" width=\"225\" height=\"300\" srcset=\"https:\/\/blogsaverroes.juntadeandalucia.es\/cepermiguelhernandezgilabert\/files\/2023\/05\/6-225x300.jpg 225w, https:\/\/blogsaverroes.juntadeandalucia.es\/cepermiguelhernandezgilabert\/files\/2023\/05\/6-768x1023.jpg 768w, https:\/\/blogsaverroes.juntadeandalucia.es\/cepermiguelhernandezgilabert\/files\/2023\/05\/6-1153x1536.jpg 1153w, https:\/\/blogsaverroes.juntadeandalucia.es\/cepermiguelhernandezgilabert\/files\/2023\/05\/6.jpg 1200w\" sizes=\"(max-width: 225px) 100vw, 225px\" \/><\/a><a href=\"https:\/\/blogsaverroes.juntadeandalucia.es\/cepermiguelhernandezgilabert\/files\/2023\/05\/1-1.jpg\"><img loading=\"lazy\" decoding=\"async\" class=\"alignnone size-medium wp-image-4485\" src=\"https:\/\/blogsaverroes.juntadeandalucia.es\/cepermiguelhernandezgilabert\/files\/2023\/05\/1-1-300x225.jpg\" alt=\"\" width=\"300\" height=\"225\" srcset=\"https:\/\/blogsaverroes.juntadeandalucia.es\/cepermiguelhernandezgilabert\/files\/2023\/05\/1-1-300x225.jpg 300w, https:\/\/blogsaverroes.juntadeandalucia.es\/cepermiguelhernandezgilabert\/files\/2023\/05\/1-1-768x576.jpg 768w, https:\/\/blogsaverroes.juntadeandalucia.es\/cepermiguelhernandezgilabert\/files\/2023\/05\/1-1.jpg 1024w\" sizes=\"(max-width: 300px) 100vw, 300px\" \/><\/a><\/h1>\n<p><a href=\"https:\/\/blogsaverroes.juntadeandalucia.es\/cepermiguelhernandezgilabert\/files\/2023\/05\/Actualizado-recientemente4.jpg\"><img loading=\"lazy\" decoding=\"async\" class=\"alignnone size-medium wp-image-4491\" src=\"https:\/\/blogsaverroes.juntadeandalucia.es\/cepermiguelhernandezgilabert\/files\/2023\/05\/Actualizado-recientemente4-300x169.jpg\" alt=\"\" width=\"300\" height=\"169\" srcset=\"https:\/\/blogsaverroes.juntadeandalucia.es\/cepermiguelhernandezgilabert\/files\/2023\/05\/Actualizado-recientemente4-300x169.jpg 300w, https:\/\/blogsaverroes.juntadeandalucia.es\/cepermiguelhernandezgilabert\/files\/2023\/05\/Actualizado-recientemente4.jpg 480w\" sizes=\"(max-width: 300px) 100vw, 300px\" \/><\/a><\/p>\n<p>&nbsp;<\/p>\n<p>&nbsp;<\/p>\n<p>&nbsp;<\/p>\n<p>&nbsp;<\/p>\n<p>&nbsp;<\/p>\n<p>&nbsp;<\/p>\n<p>&nbsp;<\/p>\n<p>&nbsp;<\/p>\n<p>&nbsp;<\/p>\n","protected":false},"excerpt":{"rendered":"<p>&nbsp; &nbsp; &nbsp; &nbsp; El 25 de noviembre se celebr\u00f3 &#8221; EL D\u00cdA CONTRA LA&nbsp;VIOLENCIA DE G\u00c9NERO&#8221; SE REALIZ\u00d3 UN MURAL REPRESENTATIVO Y SE COLG\u00d3 EN EL M\u00d3DULO DE MUJERES LE\u00cdMOS UN MANIFIESTO NUESTR@S&#46;&#46;&#46;<\/p>\n","protected":false},"author":4732,"featured_media":0,"parent":0,"menu_order":0,"comment_status":"closed","ping_status":"closed","template":"","meta":{"ngg_post_thumbnail":0,"footnotes":"","_mc_calendar":[]},"aioseo_notices":[],"post_mailing_queue_ids":[],"_links":{"self":[{"href":"https:\/\/blogsaverroes.juntadeandalucia.es\/cepermiguelhernandezgilabert\/wp-json\/wp\/v2\/pages\/3621"}],"collection":[{"href":"https:\/\/blogsaverroes.juntadeandalucia.es\/cepermiguelhernandezgilabert\/wp-json\/wp\/v2\/pages"}],"about":[{"href":"https:\/\/blogsaverroes.juntadeandalucia.es\/cepermiguelhernandezgilabert\/wp-json\/wp\/v2\/types\/page"}],"author":[{"embeddable":true,"href":"https:\/\/blogsaverroes.juntadeandalucia.es\/cepermiguelhernandezgilabert\/wp-json\/wp\/v2\/users\/4732"}],"replies":[{"embeddable":true,"href":"https:\/\/blogsaverroes.juntadeandalucia.es\/cepermiguelhernandezgilabert\/wp-json\/wp\/v2\/comments?post=3621"}],"version-history":[{"count":109,"href":"https:\/\/blogsaverroes.juntadeandalucia.es\/cepermiguelhernandezgilabert\/wp-json\/wp\/v2\/pages\/3621\/revisions"}],"predecessor-version":[{"id":4492,"href":"https:\/\/blogsaverroes.juntadeandalucia.es\/cepermiguelhernandezgilabert\/wp-json\/wp\/v2\/pages\/3621\/revisions\/4492"}],"wp:attachment":[{"href":"https:\/\/blogsaverroes.juntadeandalucia.es\/cepermiguelhernandezgilabert\/wp-json\/wp\/v2\/media?parent=3621"}],"curies":[{"name":"wp","href":"https:\/\/api.w.org\/{rel}","templated":true}]}}