{"id":3779,"date":"2020-11-14T15:28:26","date_gmt":"2020-11-14T15:28:26","guid":{"rendered":"https:\/\/blogsaverroes.juntadeandalucia.es\/ceperpedrodeescavias\/?page_id=3779"},"modified":"2020-11-26T10:21:38","modified_gmt":"2020-11-26T10:21:38","slug":"marmolejo","status":"publish","type":"page","link":"https:\/\/blogsaverroes.juntadeandalucia.es\/ceperpedrodeescavias\/marmolejo\/","title":{"rendered":"Marmolejo"},"content":{"rendered":"<div id=\"content\" class=\"site-content\">\n<div class=\"wrap\">\n<div id=\"primary\" class=\"content-area\">\n<article id=\"post-3735\" class=\"post-3735 page type-page status-publish hentry\">\n<div class=\"entry-content\">\n<h2 style=\"text-align: center\"><strong>SEPer \u00abEntreolivos\u00bb<\/strong><\/h2>\n<p><a href=\"https:\/\/blogsaverroes.juntadeandalucia.es\/ceperpedrodeescavias\/files\/2020\/11\/Captura-de-pantalla-2020-11-25-a-las-18.23.26.png\"><img loading=\"lazy\" decoding=\"async\" class=\"alignnone size-full wp-image-3937\" src=\"https:\/\/blogsaverroes.juntadeandalucia.es\/ceperpedrodeescavias\/files\/2020\/11\/Captura-de-pantalla-2020-11-25-a-las-18.23.26.png\" alt=\"\" width=\"1600\" height=\"526\" srcset=\"https:\/\/blogsaverroes.juntadeandalucia.es\/ceperpedrodeescavias\/files\/2020\/11\/Captura-de-pantalla-2020-11-25-a-las-18.23.26.png 1600w, https:\/\/blogsaverroes.juntadeandalucia.es\/ceperpedrodeescavias\/files\/2020\/11\/Captura-de-pantalla-2020-11-25-a-las-18.23.26-300x99.png 300w, https:\/\/blogsaverroes.juntadeandalucia.es\/ceperpedrodeescavias\/files\/2020\/11\/Captura-de-pantalla-2020-11-25-a-las-18.23.26-1024x336.png 1024w, https:\/\/blogsaverroes.juntadeandalucia.es\/ceperpedrodeescavias\/files\/2020\/11\/Captura-de-pantalla-2020-11-25-a-las-18.23.26-768x252.png 768w, https:\/\/blogsaverroes.juntadeandalucia.es\/ceperpedrodeescavias\/files\/2020\/11\/Captura-de-pantalla-2020-11-25-a-las-18.23.26-1536x505.png 1536w, https:\/\/blogsaverroes.juntadeandalucia.es\/ceperpedrodeescavias\/files\/2020\/11\/Captura-de-pantalla-2020-11-25-a-las-18.23.26-24x8.png 24w, https:\/\/blogsaverroes.juntadeandalucia.es\/ceperpedrodeescavias\/files\/2020\/11\/Captura-de-pantalla-2020-11-25-a-las-18.23.26-36x12.png 36w, https:\/\/blogsaverroes.juntadeandalucia.es\/ceperpedrodeescavias\/files\/2020\/11\/Captura-de-pantalla-2020-11-25-a-las-18.23.26-48x16.png 48w\" sizes=\"(max-width: 1600px) 100vw, 1600px\" \/><\/a><\/p>\n<p><a href=\"https:\/\/blogsaverroes.juntadeandalucia.es\/ceperpedrodeescavias\/files\/2020\/11\/Captura-de-pantalla-2020-11-14-a-las-16.43.27.png\"><img loading=\"lazy\" decoding=\"async\" class=\"alignnone size-full wp-image-3788\" src=\"https:\/\/blogsaverroes.juntadeandalucia.es\/ceperpedrodeescavias\/files\/2020\/11\/Captura-de-pantalla-2020-11-14-a-las-16.43.27.png\" alt=\"\" width=\"677\" height=\"348\" srcset=\"https:\/\/blogsaverroes.juntadeandalucia.es\/ceperpedrodeescavias\/files\/2020\/11\/Captura-de-pantalla-2020-11-14-a-las-16.43.27.png 677w, https:\/\/blogsaverroes.juntadeandalucia.es\/ceperpedrodeescavias\/files\/2020\/11\/Captura-de-pantalla-2020-11-14-a-las-16.43.27-300x154.png 300w, https:\/\/blogsaverroes.juntadeandalucia.es\/ceperpedrodeescavias\/files\/2020\/11\/Captura-de-pantalla-2020-11-14-a-las-16.43.27-24x12.png 24w, https:\/\/blogsaverroes.juntadeandalucia.es\/ceperpedrodeescavias\/files\/2020\/11\/Captura-de-pantalla-2020-11-14-a-las-16.43.27-36x19.png 36w, https:\/\/blogsaverroes.juntadeandalucia.es\/ceperpedrodeescavias\/files\/2020\/11\/Captura-de-pantalla-2020-11-14-a-las-16.43.27-48x25.png 48w\" sizes=\"(max-width: 677px) 100vw, 677px\" \/><\/a><\/p>\n<p>C\u00f3digo del Centro:&nbsp; 23500619<\/p>\n<p>Direcci\u00f3n: c\/ Plaza de Bel\u00e9n s\/n[googlemaps https:\/\/www.google.com\/maps\/embed?pb=!1m18!1m12!1m3!1d1292.1266024908211!2d-4.166917086525586!3d38.045221404632365!2m3!1f0!2f0!3f0!3m2!1i1024!2i768!4f13.1!3m3!1m2!1s0xd6c4f3b9d307fa7%3A0x833cf32cd1a0f121!2sPlaza%20N%20S%20de%20Belen%2C%2023770%20Marmolejo%2C%20Ja%C3%A9n!5e0!3m2!1ses!2ses!4v1605368516743!5m2!1ses!2ses&amp;w=600&amp;h=450]<\/p>\n<p>Tel\u00e9fono: <a href=\"tel:953539609\">953539609<\/a><\/p>\n<p>Correo electr\u00f3nico:&nbsp; <a href=\"mailto:23500619.edu@juntadeandalucia.es\">23500619.edu@juntadeandalucia.es<\/a><\/p>\n<p><strong>Horario de atenci\u00f3n al p\u00fablico:<\/strong><\/p>\n<ul>\n<li>Lunes : 10:00 &#8211; 14:00 y 16:00 \u2013 21.30<\/li>\n<li>Martes: 16:00 \u2013 21.00<\/li>\n<li>Mi\u00e9rcoles: 16:00 \u2013 21.00<\/li>\n<li>Jueves: 16:00 \u2013 21.00<\/li>\n<li>Viernes: 16:00 \u2013 21:00<\/li>\n<\/ul>\n<p><strong>Planes que se imparten:<\/strong><\/p>\n<div class=\"page\" title=\"Page 2\">\n<div class=\"layoutArea\">\n<div class=\"column\">\n<ul>\n<li><a href=\"https:\/\/blogsaverroes.juntadeandalucia.es\/ceperpedrodeescavias\/patrimonio\/\">Conocimiento y Conservaci\u00f3n del Patrimonio Cultural y Medio Ambiente de Andaluc\u00eda.<\/a><\/li>\n<li><a href=\"https:\/\/blogsaverroes.juntadeandalucia.es\/ceperpedrodeescavias\/formacionbasica\/\">Formaci\u00f3n b\u00e1sica<\/a><\/li>\n<li><a href=\"https:\/\/blogsaverroes.juntadeandalucia.es\/ceperpedrodeescavias\/taeeso\/\">T\u00edtulo de ESO<\/a><\/li>\n<\/ul>\n<\/div>\n<\/div>\n<\/div>\n<p>&nbsp;<\/p>\n<\/div>\n<\/article>\n<\/div>\n<\/div>\n<\/div>\n<footer id=\"colophon\" class=\"site-footer\" role=\"contentinfo\">\n<div class=\"wrap\">\n<aside class=\"widget-area\" role=\"complementary\" aria-label=\"Pie de p\u00e1gina\">\n<div class=\"widget-column footer-widget-1\">&nbsp;<\/div>\n<\/aside>\n<\/div>\n<\/footer>\n","protected":false},"excerpt":{"rendered":"<p>SEPer \u00abEntreolivos\u00bb C\u00f3digo del Centro:&nbsp; 23500619 Direcci\u00f3n: c\/ Plaza de Bel\u00e9n s\/n[googlemaps https:\/\/www.google.com\/maps\/embed?pb=!1m18!1m12!1m3!1d1292.1266024908211!2d-4.166917086525586!3d38.045221404632365!2m3!1f0!2f0!3f0!3m2!1i1024!2i768!4f13.1!3m3!1m2!1s0xd6c4f3b9d307fa7%3A0x833cf32cd1a0f121!2sPlaza%20N%20S%20de%20Belen%2C%2023770%20Marmolejo%2C%20Ja%C3%A9n!5e0!3m2!1ses!2ses!4v1605368516743!5m2!1ses!2ses&amp;w=600&amp;h=450] Tel\u00e9fono: 953539609 Correo electr\u00f3nico:&nbsp; 23500619.edu@juntadeandalucia.es Horario de atenci\u00f3n al p\u00fablico: Lunes : 10:00 &#8211; 14:00 y 16:00 \u2013 21.30 Martes: 16:00&#46;&#46;&#46;<\/p>\n","protected":false},"author":9142,"featured_media":0,"parent":0,"menu_order":0,"comment_status":"closed","ping_status":"closed","template":"","meta":{"ngg_post_thumbnail":0,"footnotes":"","_mc_calendar":[]},"aioseo_notices":[],"_links":{"self":[{"href":"https:\/\/blogsaverroes.juntadeandalucia.es\/ceperpedrodeescavias\/wp-json\/wp\/v2\/pages\/3779"}],"collection":[{"href":"https:\/\/blogsaverroes.juntadeandalucia.es\/ceperpedrodeescavias\/wp-json\/wp\/v2\/pages"}],"about":[{"href":"https:\/\/blogsaverroes.juntadeandalucia.es\/ceperpedrodeescavias\/wp-json\/wp\/v2\/types\/page"}],"author":[{"embeddable":true,"href":"https:\/\/blogsaverroes.juntadeandalucia.es\/ceperpedrodeescavias\/wp-json\/wp\/v2\/users\/9142"}],"replies":[{"embeddable":true,"href":"https:\/\/blogsaverroes.juntadeandalucia.es\/ceperpedrodeescavias\/wp-json\/wp\/v2\/comments?post=3779"}],"version-history":[{"count":5,"href":"https:\/\/blogsaverroes.juntadeandalucia.es\/ceperpedrodeescavias\/wp-json\/wp\/v2\/pages\/3779\/revisions"}],"predecessor-version":[{"id":3962,"href":"https:\/\/blogsaverroes.juntadeandalucia.es\/ceperpedrodeescavias\/wp-json\/wp\/v2\/pages\/3779\/revisions\/3962"}],"wp:attachment":[{"href":"https:\/\/blogsaverroes.juntadeandalucia.es\/ceperpedrodeescavias\/wp-json\/wp\/v2\/media?parent=3779"}],"curies":[{"name":"wp","href":"https:\/\/api.w.org\/{rel}","templated":true}]}}