{"id":1502,"date":"2021-11-24T18:01:58","date_gmt":"2021-11-24T17:01:58","guid":{"rendered":"https:\/\/blogsaverroes.juntadeandalucia.es\/ceperretamar\/?page_id=1502"},"modified":"2021-12-22T12:11:29","modified_gmt":"2021-12-22T11:11:29","slug":"inside-out","status":"publish","type":"page","link":"https:\/\/blogsaverroes.juntadeandalucia.es\/ceperretamar\/inside-out\/","title":{"rendered":"INSIDE-OUT"},"content":{"rendered":"<p>Una de las actividades realizadas por nuestro grupo de trabajo \u201cEmociones Encerradas\u201d, fue el visionado de la pel\u00edcula <a href=\"https:\/\/www.filmaffinity.com\/es\/film135623.html\">\u201cInside Out\u201d<\/a> en el aula de la UTE (Unidad Terap\u00e9utica) durante la semana del 25N.<\/p>\n<p>Posteriormente, se realiz\u00f3 un debate sobre las diferentes emociones, la manera de controlarlas, de expresarlas y de vivir con ellas. Adem\u00e1s, se hicieron cuatro grupos, entre los que se repartieron las emociones: tristeza, ira, alegr\u00eda y miedo. Cada alumno, intent\u00f3 reflejar con un dibujo y un peque\u00f1o escrito lo que les suscitaba cada emoci\u00f3n.<\/p>\n<p>Aqu\u00ed os dejamos una galer\u00eda de im\u00e1genes de la misma. Esperamos que os guste.<\/p>\nngg_shortcode_0_placeholder\n","protected":false},"excerpt":{"rendered":"<p>Una de las actividades realizadas por nuestro grupo de trabajo \u201cEmociones Encerradas\u201d, fue el visionado de la pel\u00edcula \u201cInside Out\u201d en el aula de la UTE (Unidad Terap\u00e9utica) durante la semana del 25N. Posteriormente, se realiz\u00f3 un debate sobre las&#46;&#46;&#46;<\/p>\n","protected":false},"author":13652,"featured_media":0,"parent":0,"menu_order":0,"comment_status":"closed","ping_status":"closed","template":"","meta":{"ngg_post_thumbnail":0,"footnotes":""},"aioseo_notices":[],"_links":{"self":[{"href":"https:\/\/blogsaverroes.juntadeandalucia.es\/ceperretamar\/wp-json\/wp\/v2\/pages\/1502"}],"collection":[{"href":"https:\/\/blogsaverroes.juntadeandalucia.es\/ceperretamar\/wp-json\/wp\/v2\/pages"}],"about":[{"href":"https:\/\/blogsaverroes.juntadeandalucia.es\/ceperretamar\/wp-json\/wp\/v2\/types\/page"}],"author":[{"embeddable":true,"href":"https:\/\/blogsaverroes.juntadeandalucia.es\/ceperretamar\/wp-json\/wp\/v2\/users\/13652"}],"replies":[{"embeddable":true,"href":"https:\/\/blogsaverroes.juntadeandalucia.es\/ceperretamar\/wp-json\/wp\/v2\/comments?post=1502"}],"version-history":[{"count":4,"href":"https:\/\/blogsaverroes.juntadeandalucia.es\/ceperretamar\/wp-json\/wp\/v2\/pages\/1502\/revisions"}],"predecessor-version":[{"id":1649,"href":"https:\/\/blogsaverroes.juntadeandalucia.es\/ceperretamar\/wp-json\/wp\/v2\/pages\/1502\/revisions\/1649"}],"wp:attachment":[{"href":"https:\/\/blogsaverroes.juntadeandalucia.es\/ceperretamar\/wp-json\/wp\/v2\/media?parent=1502"}],"curies":[{"name":"wp","href":"https:\/\/api.w.org\/{rel}","templated":true}]}}