{"id":1953,"date":"2022-03-16T08:39:02","date_gmt":"2022-03-16T07:39:02","guid":{"rendered":"https:\/\/blogsaverroes.juntadeandalucia.es\/ceperretamar\/?page_id=1953"},"modified":"2022-03-17T13:54:40","modified_gmt":"2022-03-17T12:54:40","slug":"dia-internacional-de-la-mujer","status":"publish","type":"page","link":"https:\/\/blogsaverroes.juntadeandalucia.es\/ceperretamar\/dia-internacional-de-la-mujer\/","title":{"rendered":"D\u00eda Internacional de la MUJER"},"content":{"rendered":"<p><span style=\"color: #000000\">Con motivo de la celebraci\u00f3n del<span style=\"color: #800080\"><strong> 8 de marzo, D\u00eda Internacional de la Mujer<\/strong><\/span>, se han realizado las siguientes actividades:<\/span><\/p>\n<ol>\n<li><span style=\"color: #000000\">Visionado el documental <strong>INSIGNES<\/strong> y posteriormente se ha realizado una serie de actividades.<\/span><\/li>\n<\/ol>\n<p><span style=\"color: #000000\"><strong> <img loading=\"lazy\" decoding=\"async\" class=\"size-medium wp-image-1954 alignleft\" src=\"https:\/\/blogsaverroes.juntadeandalucia.es\/ceperretamar\/files\/2022\/03\/INSIGNES-212x300.png\" alt=\"\" width=\"212\" height=\"300\" srcset=\"https:\/\/blogsaverroes.juntadeandalucia.es\/ceperretamar\/files\/2022\/03\/INSIGNES-212x300.png 212w, https:\/\/blogsaverroes.juntadeandalucia.es\/ceperretamar\/files\/2022\/03\/INSIGNES-724x1024.png 724w, https:\/\/blogsaverroes.juntadeandalucia.es\/ceperretamar\/files\/2022\/03\/INSIGNES-768x1086.png 768w, https:\/\/blogsaverroes.juntadeandalucia.es\/ceperretamar\/files\/2022\/03\/INSIGNES-1086x1536.png 1086w, https:\/\/blogsaverroes.juntadeandalucia.es\/ceperretamar\/files\/2022\/03\/INSIGNES-1448x2048.png 1448w, https:\/\/blogsaverroes.juntadeandalucia.es\/ceperretamar\/files\/2022\/03\/INSIGNES-17x24.png 17w, https:\/\/blogsaverroes.juntadeandalucia.es\/ceperretamar\/files\/2022\/03\/INSIGNES-25x36.png 25w, https:\/\/blogsaverroes.juntadeandalucia.es\/ceperretamar\/files\/2022\/03\/INSIGNES-34x48.png 34w, https:\/\/blogsaverroes.juntadeandalucia.es\/ceperretamar\/files\/2022\/03\/INSIGNES.png 1587w\" sizes=\"(max-width: 212px) 100vw, 212px\" \/><\/strong><\/span><\/p>\n<p>&nbsp;<\/p>\n<p><span style=\"color: #000000\"><strong>Insignes<\/strong> es un documental realizado por el alumnado de Secundaria del I.E.S. Maestro Padilla de Almer\u00eda. Nace con la intenci\u00f3n de poner en valor a referentes femeninos de la provincia de Almer\u00eda que han logrado romper el techo de cristal. Mujeres que son un ejemplo de superaci\u00f3n y que han logrado sobreponerse a las dificultades para erigirse como representantes de diferentes sectores socio-econ\u00f3micos. Un trabajo audiovisual que pretende acercar al alumnado a figuras femeninas que son referentes en distintos \u00e1mbitos.<\/span><\/p>\n<p><span style=\"color: #000000\"><em>\u00abLa educaci\u00f3n es el arma m\u00e1s poderosa que puedes usar para cambiar el mundo\u00bb Nelson Mandela<\/em><\/span><\/p>\n<p><span style=\"color: #000000\"><strong><span style=\"text-decoration: underline\">PROPUESTA DE ACTIVIDADES<\/span><\/strong><\/span><\/p>\n<p><span style=\"color: #000000\">a) Realizar un debate, reflexi\u00f3n tras el visionado del documental insignes.<\/span><br \/>\n<span style=\"color: #000000\">Iniciamos el debate con preguntas tipo: <\/span><\/p>\n<ul>\n<li><span style=\"color: #000000\">\u00bfQu\u00e9 dificultadas crees que han tenido estas mujeres?<\/span><\/li>\n<li><span style=\"color: #000000\"> \u00bfQu\u00e9 diferencias crees que hay entre tu infancia y la de ellas?<\/span><\/li>\n<li><span style=\"color: #000000\">\u00bfCrees que est\u00e1n cambiando los estereotipos de g\u00e9nero?<\/span><\/li>\n<\/ul>\n<p><span style=\"color: #000000\">b) Elige a una mujer de tu entorno que merezca ser reconocida como insigne. No es necesario que trabaje fuera de casa, puede ser tu madre, tu abuela, tu hermana, tu amiga&#8230; alguien especial.<\/span><\/p>\n<p><span style=\"color: #000000\">c) Escribe una breve presentaci\u00f3n en la que justifiques tu elecci\u00f3n y nos presentes a esa mujer.<\/span><\/p>\n<p><iframe loading=\"lazy\" src=\"https:\/\/onedrive.live.com\/embed?cid=CEF7B99B8E68628C&amp;resid=CEF7B99B8E68628C%21122&amp;authkey=AGL3rNlGbs8dVdw&amp;em=2\" scrolling=\"no\" width=\"476\" height=\"288\" frameborder=\"0\"><\/iframe><\/p>\n<p><em>Escritos de alumnado de F.B.N2 e INTER del M\u00f3dulo 8<\/em><\/p>\n<p>&nbsp;<\/p>\n<p><span style=\"color: #000000\">2. En el plan educativo de <span style=\"color: #008000\"><a style=\"color: #008000\" href=\"https:\/\/blogsaverroes.juntadeandalucia.es\/ceperretamar\/oferta-formativa\/cultura-emprendedora\/\"><strong>CULTURA EMPRENDEDORA <\/strong><\/a><\/span>y relacionado con el <strong><span style=\"color: #008000\"><a style=\"color: #008000\" href=\"https:\/\/blogsaverroes.juntadeandalucia.es\/ceperretamar\/aula-dcine\/\">Plan Aula Dcine<\/a><\/span>, <\/strong>se ha proyectado la pel\u00edcula<span style=\"color: #008000\"><a style=\"color: #008000\" href=\"https:\/\/blogsaverroes.juntadeandalucia.es\/ceperretamar\/documentos-audiovisuales\/\"><strong> <em>\u00abEl diablo viste de Prada\u00bb<\/em><\/strong><\/a><\/span> y se ha trabajado la misma a trav\u00e9s de una ficha did\u00e1ctica. (Pod\u00e9is descargar la ficha did\u00e1ctica pinchando sobre el t\u00edtulo de la pel\u00edcula).<\/span><\/p>\n<p>&nbsp;<\/p>\n<p><span style=\"color: #000000\">3. En el plan educativo de <span style=\"color: #008000\"><a style=\"color: #008000\" href=\"https:\/\/blogsaverroes.juntadeandalucia.es\/ceperretamar\/idiomas\/\"><strong>USO B\u00c1SICO DE IDIOMA EXTRANJERO- INGL\u00c9S<\/strong><\/a><\/span>, se ha trabajado la canci\u00f3n<strong> <a href=\"https:\/\/blogsaverroes.juntadeandalucia.es\/ceperretamar\/songs\/\"><span style=\"color: #008000\">\u00abFather Ruler King Computer\u00bb<\/span><\/a><\/strong> del grupo Echobelly. (pod\u00e9is acceder a la actividad detallada pinchando sobre el t\u00edtulo de la canci\u00f3n).<\/span><\/p>\n","protected":false},"excerpt":{"rendered":"<p>Con motivo de la celebraci\u00f3n del 8 de marzo, D\u00eda Internacional de la Mujer, se han realizado las siguientes actividades: Visionado el documental INSIGNES y posteriormente se ha realizado una serie de actividades. &nbsp; Insignes es un documental realizado por&#46;&#46;&#46;<\/p>\n","protected":false},"author":13652,"featured_media":0,"parent":0,"menu_order":0,"comment_status":"closed","ping_status":"closed","template":"","meta":{"ngg_post_thumbnail":0,"footnotes":""},"aioseo_notices":[],"_links":{"self":[{"href":"https:\/\/blogsaverroes.juntadeandalucia.es\/ceperretamar\/wp-json\/wp\/v2\/pages\/1953"}],"collection":[{"href":"https:\/\/blogsaverroes.juntadeandalucia.es\/ceperretamar\/wp-json\/wp\/v2\/pages"}],"about":[{"href":"https:\/\/blogsaverroes.juntadeandalucia.es\/ceperretamar\/wp-json\/wp\/v2\/types\/page"}],"author":[{"embeddable":true,"href":"https:\/\/blogsaverroes.juntadeandalucia.es\/ceperretamar\/wp-json\/wp\/v2\/users\/13652"}],"replies":[{"embeddable":true,"href":"https:\/\/blogsaverroes.juntadeandalucia.es\/ceperretamar\/wp-json\/wp\/v2\/comments?post=1953"}],"version-history":[{"count":27,"href":"https:\/\/blogsaverroes.juntadeandalucia.es\/ceperretamar\/wp-json\/wp\/v2\/pages\/1953\/revisions"}],"predecessor-version":[{"id":2007,"href":"https:\/\/blogsaverroes.juntadeandalucia.es\/ceperretamar\/wp-json\/wp\/v2\/pages\/1953\/revisions\/2007"}],"wp:attachment":[{"href":"https:\/\/blogsaverroes.juntadeandalucia.es\/ceperretamar\/wp-json\/wp\/v2\/media?parent=1953"}],"curies":[{"name":"wp","href":"https:\/\/api.w.org\/{rel}","templated":true}]}}