{"id":2086,"date":"2022-04-26T15:25:07","date_gmt":"2022-04-26T14:25:07","guid":{"rendered":"https:\/\/blogsaverroes.juntadeandalucia.es\/ceperretamar\/?page_id=2086"},"modified":"2022-05-11T12:49:43","modified_gmt":"2022-05-11T11:49:43","slug":"la-mirada-de-almeria","status":"publish","type":"page","link":"https:\/\/blogsaverroes.juntadeandalucia.es\/ceperretamar\/la-mirada-de-almeria\/","title":{"rendered":"LA MIRADA DE ALMER\u00cdA"},"content":{"rendered":"<p><span style=\"color: #000000\"><img loading=\"lazy\" decoding=\"async\" class=\"size-medium wp-image-2056 alignleft\" src=\"https:\/\/blogsaverroes.juntadeandalucia.es\/ceperretamar\/files\/2022\/04\/71W-ngDi2rL-207x300.jpg\" alt=\"\" width=\"207\" height=\"300\" srcset=\"https:\/\/blogsaverroes.juntadeandalucia.es\/ceperretamar\/files\/2022\/04\/71W-ngDi2rL-207x300.jpg 207w, https:\/\/blogsaverroes.juntadeandalucia.es\/ceperretamar\/files\/2022\/04\/71W-ngDi2rL-706x1024.jpg 706w, https:\/\/blogsaverroes.juntadeandalucia.es\/ceperretamar\/files\/2022\/04\/71W-ngDi2rL-768x1114.jpg 768w, https:\/\/blogsaverroes.juntadeandalucia.es\/ceperretamar\/files\/2022\/04\/71W-ngDi2rL-17x24.jpg 17w, https:\/\/blogsaverroes.juntadeandalucia.es\/ceperretamar\/files\/2022\/04\/71W-ngDi2rL-25x36.jpg 25w, https:\/\/blogsaverroes.juntadeandalucia.es\/ceperretamar\/files\/2022\/04\/71W-ngDi2rL-33x48.jpg 33w, https:\/\/blogsaverroes.juntadeandalucia.es\/ceperretamar\/files\/2022\/04\/71W-ngDi2rL.jpg 1026w\" sizes=\"(max-width: 207px) 100vw, 207px\" \/>Con motivo de la celebraci\u00f3n del <a href=\"https:\/\/blogsaverroes.juntadeandalucia.es\/ceperretamar\/23-de-abril-dia-internacional-del-libro\/\"><strong>D\u00eda del Libro, el 23 de abril<\/strong>,<\/a> hemos participado en la&nbsp;PRESENTACI\u00d3N del libro<strong> \u00bb LA MIRADA DE ALMER\u00cdA\u00bb. Historia y vida de 80 empresarios y familias almerienses, <\/strong>del escritor<strong> Manuel Le\u00f3n Gonz\u00e1lez.<\/strong><\/span><\/p>\n<p><span style=\"color: #000000\">Posteriormente, el alumnado matriculado en CULTURA EMPRENDEDORA, ha realizado un resumen de lo que m\u00e1s le ha llamado la atenci\u00f3n de la presentaci\u00f3n del libro. Aqu\u00ed ten\u00e9is algunos ejemplos de esa actividad: <\/span><\/p>\n<p><iframe loading=\"lazy\" src=\"https:\/\/onedrive.live.com\/embed?cid=CEF7B99B8E68628C&amp;resid=CEF7B99B8E68628C%21127&amp;authkey=AHEzSXOBGXif-ZU&amp;em=2\" scrolling=\"no\" width=\"476\" height=\"288\" frameborder=\"0\"><\/iframe><\/p>\n<p><iframe loading=\"lazy\" src=\"https:\/\/onedrive.live.com\/embed?cid=CEF7B99B8E68628C&amp;resid=CEF7B99B8E68628C%21128&amp;authkey=ALo8EC0cn84bTpE&amp;em=2\" scrolling=\"no\" width=\"476\" height=\"288\" frameborder=\"0\"><\/iframe><\/p>\n<p><span style=\"color: #000000\">Adem\u00e1s, se han realizado varios collage de portadas de libros de EMPRENDEDORES que estamos leyendo y trabajando en clase.<\/span><\/p>\n<p><span style=\"color: #000000\">Aqu\u00ed ten\u00e9is algunas de ellas:<\/span><\/p>\nngg_shortcode_0_placeholder\n","protected":false},"excerpt":{"rendered":"<p>Con motivo de la celebraci\u00f3n del D\u00eda del Libro, el 23 de abril, hemos participado en la&nbsp;PRESENTACI\u00d3N del libro \u00bb LA MIRADA DE ALMER\u00cdA\u00bb. Historia y vida de 80 empresarios y familias almerienses, del escritor Manuel Le\u00f3n Gonz\u00e1lez. Posteriormente, el&#46;&#46;&#46;<\/p>\n","protected":false},"author":13652,"featured_media":0,"parent":0,"menu_order":0,"comment_status":"closed","ping_status":"closed","template":"","meta":{"ngg_post_thumbnail":0,"footnotes":""},"aioseo_notices":[],"_links":{"self":[{"href":"https:\/\/blogsaverroes.juntadeandalucia.es\/ceperretamar\/wp-json\/wp\/v2\/pages\/2086"}],"collection":[{"href":"https:\/\/blogsaverroes.juntadeandalucia.es\/ceperretamar\/wp-json\/wp\/v2\/pages"}],"about":[{"href":"https:\/\/blogsaverroes.juntadeandalucia.es\/ceperretamar\/wp-json\/wp\/v2\/types\/page"}],"author":[{"embeddable":true,"href":"https:\/\/blogsaverroes.juntadeandalucia.es\/ceperretamar\/wp-json\/wp\/v2\/users\/13652"}],"replies":[{"embeddable":true,"href":"https:\/\/blogsaverroes.juntadeandalucia.es\/ceperretamar\/wp-json\/wp\/v2\/comments?post=2086"}],"version-history":[{"count":11,"href":"https:\/\/blogsaverroes.juntadeandalucia.es\/ceperretamar\/wp-json\/wp\/v2\/pages\/2086\/revisions"}],"predecessor-version":[{"id":2187,"href":"https:\/\/blogsaverroes.juntadeandalucia.es\/ceperretamar\/wp-json\/wp\/v2\/pages\/2086\/revisions\/2187"}],"wp:attachment":[{"href":"https:\/\/blogsaverroes.juntadeandalucia.es\/ceperretamar\/wp-json\/wp\/v2\/media?parent=2086"}],"curies":[{"name":"wp","href":"https:\/\/api.w.org\/{rel}","templated":true}]}}