{"id":541,"date":"2024-11-13T19:30:49","date_gmt":"2024-11-13T18:30:49","guid":{"rendered":"https:\/\/blogsaverroes.juntadeandalucia.es\/cepertavara\/?page_id=541"},"modified":"2025-06-04T16:18:54","modified_gmt":"2025-06-04T14:18:54","slug":"planes-no-formales","status":"publish","type":"page","link":"https:\/\/blogsaverroes.juntadeandalucia.es\/cepertavara\/oferta_educativa\/planes-no-formales\/","title":{"rendered":"Planes No Formales"},"content":{"rendered":"<p>[et_pb_section fb_built=&#8221;1&#8243; _builder_version=&#8221;4.16&#8243; global_colors_info=&#8221;{}&#8221;][et_pb_row _builder_version=&#8221;4.24.2&#8243; background_size=&#8221;initial&#8221; background_position=&#8221;top_left&#8221; background_repeat=&#8221;repeat&#8221; global_colors_info=&#8221;{}&#8221;][et_pb_column type=&#8221;4_4&#8243; _builder_version=&#8221;4.16&#8243; custom_padding=&#8221;|||&#8221; global_colors_info=&#8221;{}&#8221; custom_padding__hover=&#8221;|||&#8221;][et_pb_text _builder_version=&#8221;4.24.2&#8243; _module_preset=&#8221;default&#8221; hover_enabled=&#8221;0&#8243; global_colors_info=&#8221;{}&#8221; sticky_enabled=&#8221;0&#8243;]<\/p>\n<p>Haz clic encima del plan educativo. Tambi\u00e9n puedes acceder a su descripci\u00f3n completa desde el \u00edndice de la web.<\/p>\n<p>[\/et_pb_text][et_pb_gallery gallery_ids=&#8221;1091,655,656,657&#8243; orientation=&#8221;portrait&#8221; _builder_version=&#8221;4.24.2&#8243; _module_preset=&#8221;default&#8221; title_font_size=&#8221;1px&#8221; caption_font_size=&#8221;1px&#8221; min_height=&#8221;212.2px&#8221; custom_margin=&#8221;-24px||44px|||&#8221; custom_padding=&#8221;0px|||||&#8221; global_colors_info=&#8221;{}&#8221;][\/et_pb_gallery][\/et_pb_column][\/et_pb_row][\/et_pb_section]<\/p>\n","protected":false},"excerpt":{"rendered":"<p>Haz clic encima del plan educativo. Tambi\u00e9n puedes acceder a su descripci\u00f3n completa desde el \u00edndice de la web.<\/p>\n","protected":false},"author":19108,"featured_media":0,"parent":352,"menu_order":1,"comment_status":"closed","ping_status":"closed","template":"","meta":{"_et_pb_use_builder":"on","_et_pb_old_content":"<h3 style=\"text-align: center;\"><span style=\"font-family: tahoma, arial, helvetica, sans-serif;\">Uso B\u00e1sico de las TIC<\/span><\/h3><ul><li><span style=\"font-family: tahoma, arial, helvetica, sans-serif;\">Introducci\u00f3n pr\u00e1ctica a herramientas digitales y navegaci\u00f3n segura.<\/span><img class=\"wp-image-543 alignright\" style=\"background-color: #5fbee3;\" src=\"https:\/\/blogsaverroes.juntadeandalucia.es\/cepertavara\/files\/2024\/11\/icono-tic-300x300.jpeg\" alt=\"\" width=\"162\" height=\"162\"><\/li><li><span style=\"font-family: tahoma, arial, helvetica, sans-serif;\">Adaptado para personas sin experiencia previa en tecnolog\u00eda.<\/span><\/li><li><span style=\"font-family: tahoma, arial, helvetica, sans-serif;\">Enfocado en el uso cotidiano de dispositivos y aplicaciones b\u00e1sicas.<\/span><\/li><\/ul><p><span style=\"font-family: tahoma, arial, helvetica, sans-serif;\">Si deseas mejorar tu autonom\u00eda digital y aprovechar las oportunidades que ofrecen las tecnolog\u00edas actuales, este curso es el ideal para come<\/span><span style=\"font-family: tahoma, arial, helvetica, sans-serif;\">nzar.<\/span><\/p><p><img class=\"wp-image-546 alignleft\" style=\"background-color: #5fbee3;\" src=\"https:\/\/blogsaverroes.juntadeandalucia.es\/cepertavara\/files\/2024\/11\/icono-interculturalidad-300x300.jpeg\" alt=\"\" width=\"162\" height=\"162\"><\/p><h3 style=\"text-align: center;\"><span style=\"font-family: tahoma, arial, helvetica, sans-serif;\">Interculturalidad<\/span><\/h3><ul style=\"text-align: left;\"><li style=\"list-style-type: none;\"><ul><li style=\"list-style-type: none;\"><ul><li style=\"list-style-type: none;\"><ul><li style=\"list-style-type: none;\"><ul><li><span style=\"font-family: tahoma, arial, helvetica, sans-serif;\">Aprende Lengua y Cultura espa\u00f1ola .<\/span><\/li><li><span style=\"font-family: tahoma, arial, helvetica, sans-serif;\">Desarrolla habilidades de comunicaci\u00f3n y entendimiento intercultural.<\/span><\/li><li><span style=\"font-family: tahoma, arial, helvetica, sans-serif;\">Incluye talleres pr\u00e1cticos y actividades participativas.<\/span><\/li><\/ul><\/li><\/ul><\/li><\/ul><\/li><\/ul><\/li><\/ul><p style=\"text-align: left;\"><span style=\"font-family: tahoma, arial, helvetica, sans-serif;\">Este curso es perfecto para personas extranjeras que quieren conocer el idioma local y preparar pruebas de nacionalidad.<\/span><\/p><h3 style=\"text-align: center;\"><span style=\"font-family: tahoma, arial, helvetica, sans-serif;\">Conocimiento del Patrimonio Cultural Andaluz<\/span><\/h3><ul><li><span style=\"font-family: tahoma, arial, helvetica, sans-serif;\">Explora la riqueza hist\u00f3rica y cultural de Andaluc\u00eda.<\/span><\/li><li><span style=\"font-family: tahoma, arial, helvetica, sans-serif;\"><img class=\"wp-image-544 alignright\" src=\"https:\/\/blogsaverroes.juntadeandalucia.es\/cepertavara\/files\/2024\/11\/icono-cultura-andaluza-300x300.jpeg\" alt=\"\" width=\"158\" height=\"158\">Actividades en museos, sitios hist\u00f3ricos y espacios de valor patrimonial.<\/span><\/li><li><span style=\"font-family: tahoma, arial, helvetica, sans-serif;\">Enfoque en la conservaci\u00f3n y apreciaci\u00f3n del patrimonio andaluz.<\/span><\/li><\/ul><p><span style=\"font-family: tahoma, arial, helvetica, sans-serif;\">Para quienes sienten orgullo por Andaluc\u00eda y desean conocer m\u00e1s sobre su legado cultural, esta es una oportunidad \u00fanica de conectar con la historia y tradiciones de nuestra tierra.<\/span><\/p><p>\u00a0<\/p><h3 style=\"text-align: center;\"><img class=\" wp-image-545 alignleft\" src=\"https:\/\/blogsaverroes.juntadeandalucia.es\/cepertavara\/files\/2024\/11\/icono-Hvs-300x300.jpeg\" alt=\"\" width=\"174\" height=\"174\">H\u00e1bitos de Vida Saludable<\/h3><ul><li style=\"list-style-type: none;\"><ul><li style=\"list-style-type: none;\"><ul><li style=\"list-style-type: none;\"><ul><li style=\"list-style-type: none;\"><ul><li style=\"list-style-type: none;\"><ul><li>Fomenta la salud f\u00edsica y mental a trav\u00e9s de actividades pr\u00e1cticas.<\/li><li>Estrategias para mejorar la alimentaci\u00f3n, el ejercicio y la gesti\u00f3n del estr\u00e9s.<\/li><li>Ideal para personas interesadas en mejorar su calidad de vida y bienestar.<\/li><\/ul><\/li><\/ul><\/li><\/ul><\/li><\/ul><\/li><\/ul><\/li><\/ul><p style=\"text-align: left;\">Para quienes buscan una vida m\u00e1s equilibrada y saludable, este curso es un excelente punto de partida para adoptar h\u00e1bitos positivos y duraderos.<\/p>","_et_gb_content_width":"","ngg_post_thumbnail":0,"footnotes":""},"aioseo_notices":[],"_links":{"self":[{"href":"https:\/\/blogsaverroes.juntadeandalucia.es\/cepertavara\/wp-json\/wp\/v2\/pages\/541"}],"collection":[{"href":"https:\/\/blogsaverroes.juntadeandalucia.es\/cepertavara\/wp-json\/wp\/v2\/pages"}],"about":[{"href":"https:\/\/blogsaverroes.juntadeandalucia.es\/cepertavara\/wp-json\/wp\/v2\/types\/page"}],"author":[{"embeddable":true,"href":"https:\/\/blogsaverroes.juntadeandalucia.es\/cepertavara\/wp-json\/wp\/v2\/users\/19108"}],"replies":[{"embeddable":true,"href":"https:\/\/blogsaverroes.juntadeandalucia.es\/cepertavara\/wp-json\/wp\/v2\/comments?post=541"}],"version-history":[{"count":19,"href":"https:\/\/blogsaverroes.juntadeandalucia.es\/cepertavara\/wp-json\/wp\/v2\/pages\/541\/revisions"}],"predecessor-version":[{"id":2054,"href":"https:\/\/blogsaverroes.juntadeandalucia.es\/cepertavara\/wp-json\/wp\/v2\/pages\/541\/revisions\/2054"}],"up":[{"embeddable":true,"href":"https:\/\/blogsaverroes.juntadeandalucia.es\/cepertavara\/wp-json\/wp\/v2\/pages\/352"}],"wp:attachment":[{"href":"https:\/\/blogsaverroes.juntadeandalucia.es\/cepertavara\/wp-json\/wp\/v2\/media?parent=541"}],"curies":[{"name":"wp","href":"https:\/\/api.w.org\/{rel}","templated":true}]}}