{"id":870,"date":"2024-11-26T13:19:45","date_gmt":"2024-11-26T12:19:45","guid":{"rendered":"https:\/\/blogsaverroes.juntadeandalucia.es\/cepertavara\/?page_id=870"},"modified":"2026-03-11T18:15:54","modified_gmt":"2026-03-11T17:15:54","slug":"sep-san-blas-guadalimar","status":"publish","type":"page","link":"https:\/\/blogsaverroes.juntadeandalucia.es\/cepertavara\/sep-san-blas-guadalimar\/","title":{"rendered":"SEP San Blas &#8211; Guadalimar"},"content":{"rendered":"<p>[et_pb_section fb_built=&#8221;1&#8243; _builder_version=&#8221;4.24.2&#8243; _module_preset=&#8221;default&#8221; custom_padding=&#8221;|0px||||&#8221; collapsed=&#8221;off&#8221; global_colors_info=&#8221;{}&#8221;][et_pb_row column_structure=&#8221;1_4,1_2,1_4&#8243; _builder_version=&#8221;4.24.2&#8243; _module_preset=&#8221;default&#8221; global_colors_info=&#8221;{}&#8221;][et_pb_column type=&#8221;1_4&#8243; _builder_version=&#8221;4.24.2&#8243; _module_preset=&#8221;default&#8221; global_colors_info=&#8221;{}&#8221;][et_pb_image src=&#8221;https:\/\/blogsaverroes.juntadeandalucia.es\/cepertavara\/files\/2024\/12\/th.jpeg&#8221; title_text=&#8221;th&#8221; _builder_version=&#8221;4.24.2&#8243; _module_preset=&#8221;default&#8221; global_colors_info=&#8221;{}&#8221;][\/et_pb_image][et_pb_blurb admin_label=&#8221;Anuncio&#8221; _builder_version=&#8221;4.24.2&#8243; _module_preset=&#8221;default&#8221; global_colors_info=&#8221;{}&#8221;]<\/p>\n<p><img loading=\"lazy\" decoding=\"async\" class=\"wp-image-2357 alignnone size-full\" src=\"https:\/\/blogsaverroes.juntadeandalucia.es\/cepertavara\/files\/2025\/11\/Logo-oficial-300x185-1.jpg\" alt=\"\" width=\"300\" height=\"185\" \/><\/p>\n<p><em><strong>SEP San Blas<\/strong><\/em><em><strong>&#8211;<\/strong><\/em><em><strong> Guadalimar<\/strong><\/em><em><strong>(23500279)<\/strong><\/em><\/p>\n<p>23500279.edu@juntadeandalucia.es<em><strong><\/strong><\/em><\/p>\n<p><strong>Puerta de Segura\u00a0<\/strong><\/p>\n<p><em>C\/ Maestra Emilia Garc\u00eda Bell\u00f3n,5<\/em><\/p>\n<p><strong>Puente de G\u00e9nave<\/strong><\/p>\n<p><em>Plaza de la Constituci\u00f3n s\/n<\/em><\/p>\n<p><strong>Telf: 616002311<\/strong><\/p>\n<p>&nbsp;<\/p>\n<p>[\/et_pb_blurb][et_pb_image src=&#8221;https:\/\/blogsaverroes.juntadeandalucia.es\/cepertavara\/files\/2026\/03\/logo-trinity.png&#8221; _builder_version=&#8221;4.24.2&#8243; _module_preset=&#8221;default&#8221; hover_enabled=&#8221;0&#8243; sticky_enabled=&#8221;0&#8243; title_text=&#8221;logo trinity&#8221;][\/et_pb_image][et_pb_blurb title=&#8221;S\u00edguenos en nuestras redes sociales&#8221; _builder_version=&#8221;4.24.2&#8243; _module_preset=&#8221;default&#8221; global_colors_info=&#8221;{}&#8221;]<\/p>\n<p><img loading=\"lazy\" decoding=\"async\" src=\"https:\/\/blogsaverroes.juntadeandalucia.es\/cepertavara\/files\/2026\/03\/sepsanblasguadalimartde_qr-261x300.png\" width=\"261\" height=\"300\" alt=\"\" class=\"wp-image-3153 alignnone size-medium\" \/><\/p>\n<p>[\/et_pb_blurb][et_pb_blog include_categories=&#8221;13,14,32,15,21,20,24,30,37&#8243; _builder_version=&#8221;4.24.2&#8243; _module_preset=&#8221;default&#8221; global_colors_info=&#8221;{}&#8221;][\/et_pb_blog][\/et_pb_column][et_pb_column type=&#8221;1_2&#8243; _builder_version=&#8221;4.24.2&#8243; _module_preset=&#8221;default&#8221; global_colors_info=&#8221;{}&#8221;][et_pb_text _builder_version=&#8221;4.24.2&#8243; _module_preset=&#8221;default&#8221; custom_padding=&#8221;7px|||||&#8221; global_colors_info=&#8221;{}&#8221;]<\/p>\n<p>&#8220;La educaci\u00f3n no es la preparaci\u00f3n para la vida; la educaci\u00f3n es la vida en s\u00ed misma.&#8221; &#8211; John Dewey.\u00a0<\/p>\n<p>&nbsp;<\/p>\n<p>\u00a1Bienvenidos al blog del SEP San Blas Guadalimar!<\/p>\n<p>Nos complace darte la bienvenida a este espacio digital donde compartiremos informaci\u00f3n relevante sobre nuestras actividades, cursos, y novedades del centro.\u00a0<\/p>\n<p>El SEP San Blas Guadalimar es un centro de Educaci\u00f3n Permanente para persona adultas ubicado en la\u00a0 localidad de La Puerta de Segura y con sede tambi\u00e9n en Puente de G\u00e9nave. Este centro ofrece una amplia variedad de programas educativos dirigidos a personas adultas, con el objetivo de fomentar el aprendizaje a lo largo de la vida y mejorar las competencias personales y profesionales de sus usuarios.<\/p>\n<p>Entre los programas que se\u00a0 ofrecen en el centro destacan:<\/p>\n<ul>\n<li><strong>Educaci\u00f3n Secundaria para Adultos (ESPA)<\/strong>: Permite a las personas adultas obtener el t\u00edtulo de Graduado en Educaci\u00f3n Secundaria Obligatoria (ESO).<\/li>\n<li><strong>Cursos de idiomas<\/strong>: Se ofrecen cursos de ingl\u00e9s en diferentes niveles, desde A1 hasta B1.<\/li>\n<li><strong>Uso B\u00e1sico de las TIC: <\/strong>uso de las nuevas tecnolog\u00edas de la informaci\u00f3n y comunicaci\u00f3n.<\/li>\n<li><strong>Planes educativos:<\/strong> H\u00e1bitos de vida Saludable<\/li>\n<li><strong>Talleres:<\/strong> estimulaci\u00f3n cognitiva, memoria.<\/li>\n<li><strong>Espa\u00f1ol para extranjeros<\/strong>: Cursos dise\u00f1ados para personas extranjeras que desean aprender espa\u00f1ol.<\/li>\n<\/ul>\n<p>&nbsp;<\/p>\n<p>Para m\u00e1s informaci\u00f3n, tambi\u00e9n puedes contactar directamente con el centro.<\/p>\n<p>&nbsp;<\/p>\n<p>[\/et_pb_text][et_pb_text _builder_version=&#8221;4.24.2&#8243; _module_preset=&#8221;default&#8221; global_colors_info=&#8221;{}&#8221;]<\/p>\n<p>Aula externa de Puente de G\u00e9nave<\/p>\n<p>[\/et_pb_text][et_pb_code _builder_version=&#8221;4.24.2&#8243; _module_preset=&#8221;default&#8221; width=&#8221;50%&#8221; max_width=&#8221;50%&#8221; link_option_url=&#8221;38\u00b021&#8217;13.0%22N 2\u00b048&#8217;17.9%22W&#8221; global_colors_info=&#8221;{}&#8221;]<iframe loading=\"lazy\" src=\"https:\/\/www.google.com\/maps\/embed?pb=!1m17!1m12!1m3!1d280.5935839612727!2d-2.805283341322411!3d38.35368731925945!2m3!1f0!2f0!3f0!3m2!1i1024!2i768!4f13.1!3m2!1m1!2s!5e1!3m2!1ses!2ses!4v1764784237463!5m2!1ses!2ses\" width=\"600\" height=\"450\"><\/iframe>[\/et_pb_code][\/et_pb_column][et_pb_column type=&#8221;1_4&#8243; _builder_version=&#8221;4.24.2&#8243; _module_preset=&#8221;default&#8221; global_colors_info=&#8221;{}&#8221;][et_pb_code _builder_version=&#8221;4.24.2&#8243; _module_preset=&#8221;default&#8221; global_colors_info=&#8221;{}&#8221;]<iframe loading=\"lazy\" src=\"https:\/\/www.google.com\/maps\/embed?pb=!1m18!1m12!1m3!1d140.2933394638294!2d-2.7396841665642175!3d38.35546918394558!2m3!1f0!2f0!3f0!3m2!1i1024!2i768!4f13.1!3m3!1m2!1s0xd6f40d8f36656cf%3A0xfe6b70a49653b516!2sC%20E%20I%20P%20San%20Blas!5e1!3m2!1ses!2ses!4v1734522266979!5m2!1ses!2ses\" width=\"600\" height=\"450\"><\/iframe>[\/et_pb_code][\/et_pb_column][\/et_pb_row][et_pb_row _builder_version=&#8221;4.24.2&#8243; _module_preset=&#8221;default&#8221; global_colors_info=&#8221;{}&#8221;][et_pb_column type=&#8221;4_4&#8243; _builder_version=&#8221;4.24.2&#8243; _module_preset=&#8221;default&#8221; global_colors_info=&#8221;{}&#8221;][\/et_pb_column][\/et_pb_row][et_pb_row _builder_version=&#8221;4.24.2&#8243; _module_preset=&#8221;default&#8221; collapsed=&#8221;on&#8221; global_colors_info=&#8221;{}&#8221;][et_pb_column type=&#8221;4_4&#8243; _builder_version=&#8221;4.24.2&#8243; _module_preset=&#8221;default&#8221; global_colors_info=&#8221;{}&#8221;][et_pb_blog include_categories=&#8221;24&#8243; _builder_version=&#8221;4.24.2&#8243; _module_preset=&#8221;default&#8221; global_colors_info=&#8221;{}&#8221;][\/et_pb_blog][\/et_pb_column][\/et_pb_row][\/et_pb_section][et_pb_section fb_built=&#8221;1&#8243; _builder_version=&#8221;4.24.2&#8243; _module_preset=&#8221;default&#8221; global_colors_info=&#8221;{}&#8221;][et_pb_row _builder_version=&#8221;4.24.2&#8243; _module_preset=&#8221;default&#8221; global_colors_info=&#8221;{}&#8221;][et_pb_column type=&#8221;4_4&#8243; _builder_version=&#8221;4.24.2&#8243; _module_preset=&#8221;default&#8221; global_colors_info=&#8221;{}&#8221;][et_pb_image src=&#8221;https:\/\/blogsaverroes.juntadeandalucia.es\/cepertavara\/files\/2025\/11\/Logo-oficial-300&#215;185-1.jpg&#8221; _builder_version=&#8221;4.24.2&#8243; _module_preset=&#8221;default&#8221; global_colors_info=&#8221;{}&#8221;][\/et_pb_image][\/et_pb_column][\/et_pb_row][\/et_pb_section]<\/p>\n","protected":false},"excerpt":{"rendered":"<p>SEP San Blas- Guadalimar(23500279) 23500279.edu@juntadeandalucia.es Puerta de Segura\u00a0 C\/ Maestra Emilia Garc\u00eda Bell\u00f3n,5 Puente de G\u00e9nave Plaza de la Constituci\u00f3n s\/n Telf: 616002311 &nbsp;&#8220;La educaci\u00f3n no es la preparaci\u00f3n para la vida; la educaci\u00f3n es la vida en s\u00ed misma.&#8221; &#8211; John Dewey.\u00a0 &nbsp; \u00a1Bienvenidos al blog del SEP San Blas Guadalimar! Nos complace darte [&hellip;]<\/p>\n","protected":false},"author":19108,"featured_media":0,"parent":0,"menu_order":0,"comment_status":"closed","ping_status":"closed","template":"","meta":{"_et_pb_use_builder":"on","_et_pb_old_content":"","_et_gb_content_width":"","ngg_post_thumbnail":0,"footnotes":""},"aioseo_notices":[],"_links":{"self":[{"href":"https:\/\/blogsaverroes.juntadeandalucia.es\/cepertavara\/wp-json\/wp\/v2\/pages\/870"}],"collection":[{"href":"https:\/\/blogsaverroes.juntadeandalucia.es\/cepertavara\/wp-json\/wp\/v2\/pages"}],"about":[{"href":"https:\/\/blogsaverroes.juntadeandalucia.es\/cepertavara\/wp-json\/wp\/v2\/types\/page"}],"author":[{"embeddable":true,"href":"https:\/\/blogsaverroes.juntadeandalucia.es\/cepertavara\/wp-json\/wp\/v2\/users\/19108"}],"replies":[{"embeddable":true,"href":"https:\/\/blogsaverroes.juntadeandalucia.es\/cepertavara\/wp-json\/wp\/v2\/comments?post=870"}],"version-history":[{"count":19,"href":"https:\/\/blogsaverroes.juntadeandalucia.es\/cepertavara\/wp-json\/wp\/v2\/pages\/870\/revisions"}],"predecessor-version":[{"id":3157,"href":"https:\/\/blogsaverroes.juntadeandalucia.es\/cepertavara\/wp-json\/wp\/v2\/pages\/870\/revisions\/3157"}],"wp:attachment":[{"href":"https:\/\/blogsaverroes.juntadeandalucia.es\/cepertavara\/wp-json\/wp\/v2\/media?parent=870"}],"curies":[{"name":"wp","href":"https:\/\/api.w.org\/{rel}","templated":true}]}}