{"id":2611,"date":"2021-01-22T12:03:37","date_gmt":"2021-01-22T12:03:37","guid":{"rendered":"https:\/\/blogsaverroes.juntadeandalucia.es\/cepertrecerosas\/?page_id=2611"},"modified":"2021-05-09T11:23:55","modified_gmt":"2021-05-09T11:23:55","slug":"ac_curso-19-20","status":"publish","type":"page","link":"https:\/\/blogsaverroes.juntadeandalucia.es\/cepertrecerosas\/ac_curso-19-20\/","title":{"rendered":"A.C. curso 19-20"},"content":{"rendered":"<section id=\"h.p_9bLWDA-Ku6KT\" class=\"yaqOZd\">\n<div class=\"mYVXT\">\n<div class=\"LS81yb VICjCf\">\n<div class=\"hJDwNd-AhqUyc-ibL1re purZT-AhqUyc-ibL1re pSzOP-AhqUyc-ibL1re JNdkSc\">\n<div class=\"JNdkSc-SmKAyb\">\n<div class=\"\">\n<div class=\"oKdM2c Kzv0Me\">\n<div id=\"h.p_u0l_pb1lvVXW\" class=\"hJDwNd-AhqUyc-ibL1re purZT-AhqUyc-ibL1re pSzOP-AhqUyc-ibL1re jXK9ad D2fZ2 OjCsFc wHaque\">\n<div class=\"jXK9ad-SmKAyb\">\n<div class=\"tyJCtd baZpAe\">\n<div class=\"t3iYD\"><a href=\"https:\/\/blogsaverroes.juntadeandalucia.es\/cepertrecerosas\/files\/2021\/01\/unnamed-8.jpg\"><img loading=\"lazy\" decoding=\"async\" class=\"alignnone wp-image-2617\" src=\"https:\/\/blogsaverroes.juntadeandalucia.es\/cepertrecerosas\/files\/2021\/01\/unnamed-8-300x251.jpg\" alt=\"\" width=\"451\" height=\"377\" srcset=\"https:\/\/blogsaverroes.juntadeandalucia.es\/cepertrecerosas\/files\/2021\/01\/unnamed-8-300x251.jpg 300w, https:\/\/blogsaverroes.juntadeandalucia.es\/cepertrecerosas\/files\/2021\/01\/unnamed-8-1024x858.jpg 1024w, https:\/\/blogsaverroes.juntadeandalucia.es\/cepertrecerosas\/files\/2021\/01\/unnamed-8-768x644.jpg 768w, https:\/\/blogsaverroes.juntadeandalucia.es\/cepertrecerosas\/files\/2021\/01\/unnamed-8-24x20.jpg 24w, https:\/\/blogsaverroes.juntadeandalucia.es\/cepertrecerosas\/files\/2021\/01\/unnamed-8-36x30.jpg 36w, https:\/\/blogsaverroes.juntadeandalucia.es\/cepertrecerosas\/files\/2021\/01\/unnamed-8-48x40.jpg 48w, https:\/\/blogsaverroes.juntadeandalucia.es\/cepertrecerosas\/files\/2021\/01\/unnamed-8.jpg 1280w\" sizes=\"(max-width: 451px) 100vw, 451px\" \/><\/a><\/div>\n<\/div>\n<\/div>\n<\/div>\n<\/div>\n<\/div>\n<\/div>\n<\/div>\n<div class=\"hJDwNd-AhqUyc-EehZO purZT-AhqUyc-II5mzb pSzOP-AhqUyc-qWD73c JNdkSc yYI8W \">\n<div class=\"JNdkSc-SmKAyb\">\n<div class=\"\">\n<div class=\"oKdM2c Kzv0Me\">\n<div id=\"h.p_ovQsJ_Huu6K3\" class=\"hJDwNd-AhqUyc-EehZO jXK9ad D2fZ2 OjCsFc GNzUNc\">\n<div class=\"jXK9ad-SmKAyb\">\n<div class=\"tyJCtd mGzaTb baZpAe\">\n<div class=\"CjVfdc\">\n<p><strong>VISITAS A LAS BODEGAS LUSTAU<\/strong><\/p>\n<\/div>\n<\/div>\n<\/div>\n<\/div>\n<\/div>\n<div class=\"oKdM2c\">\n<div id=\"h.p_aYiIMYsRu6LF\" class=\"hJDwNd-AhqUyc-EehZO jXK9ad D2fZ2 wHaque GNzUNc\">\n<div class=\"jXK9ad-SmKAyb\">\n<div class=\"tyJCtd mGzaTb baZpAe\">\n<p id=\"h.p_LG5SDgBpu6LN\" class=\"CDt4Ke zfr3Q\">El 9 y 10 de enero, el alumnado de Patrimonio visit\u00f3 como complemento a la unidad del vino del bloque dedicado a Jerez ,las instalaciones de la bodega Lustau. Las explicaciones sobre el proceso natural de crianza del vino de Jerez, as\u00ed como algunos apuntes sobre la arquitectura e historia de la bodega corrieron a cargo de la gu\u00eda de la propia bodega.<\/p>\n<\/div>\n<\/div>\n<\/div>\n<\/div>\n<\/div>\n<\/div>\n<\/div>\n<\/div>\n<\/div>\n<\/section>\n<section id=\"h.p_kpzMCvN8vSK-\" class=\"yaqOZd\">\n<div class=\"IFuOkc\"><a href=\"https:\/\/blogsaverroes.juntadeandalucia.es\/cepertrecerosas\/files\/2021\/01\/unnamed-1-1.jpg\"><img loading=\"lazy\" decoding=\"async\" class=\"alignnone wp-image-2618\" src=\"https:\/\/blogsaverroes.juntadeandalucia.es\/cepertrecerosas\/files\/2021\/01\/unnamed-1-1-300x251.jpg\" alt=\"\" width=\"451\" height=\"377\" srcset=\"https:\/\/blogsaverroes.juntadeandalucia.es\/cepertrecerosas\/files\/2021\/01\/unnamed-1-1-300x251.jpg 300w, https:\/\/blogsaverroes.juntadeandalucia.es\/cepertrecerosas\/files\/2021\/01\/unnamed-1-1-1024x858.jpg 1024w, https:\/\/blogsaverroes.juntadeandalucia.es\/cepertrecerosas\/files\/2021\/01\/unnamed-1-1-768x644.jpg 768w, https:\/\/blogsaverroes.juntadeandalucia.es\/cepertrecerosas\/files\/2021\/01\/unnamed-1-1-24x20.jpg 24w, https:\/\/blogsaverroes.juntadeandalucia.es\/cepertrecerosas\/files\/2021\/01\/unnamed-1-1-36x30.jpg 36w, https:\/\/blogsaverroes.juntadeandalucia.es\/cepertrecerosas\/files\/2021\/01\/unnamed-1-1-48x40.jpg 48w, https:\/\/blogsaverroes.juntadeandalucia.es\/cepertrecerosas\/files\/2021\/01\/unnamed-1-1.jpg 1280w\" sizes=\"(max-width: 451px) 100vw, 451px\" \/><\/a><\/div>\n<div class=\"mYVXT\">\n<div class=\"LS81yb VICjCf\">\n<div class=\"hJDwNd-AhqUyc-EehZO purZT-AhqUyc-II5mzb pSzOP-AhqUyc-qWD73c JNdkSc yYI8W \">\n<div class=\"JNdkSc-SmKAyb\">\n<div class=\"\">\n<div class=\"oKdM2c Kzv0Me\">\n<div id=\"h.p_3erV1IJavSLB\" class=\"hJDwNd-AhqUyc-EehZO jXK9ad D2fZ2 OjCsFc GNzUNc\">\n<div class=\"jXK9ad-SmKAyb\">\n<div class=\"tyJCtd mGzaTb baZpAe\">\n<div class=\"CjVfdc\">\n<p><strong>VISITA IFAPA RANCHO DE LA MERCED<\/strong><\/p>\n<\/div>\n<\/div>\n<\/div>\n<\/div>\n<\/div>\n<div class=\"oKdM2c\">\n<div id=\"h.p_IE9pYHuEvSLF\" class=\"hJDwNd-AhqUyc-EehZO jXK9ad D2fZ2 wHaque GNzUNc\">\n<div class=\"jXK9ad-SmKAyb\">\n<div class=\"tyJCtd mGzaTb baZpAe\">\n<p id=\"h.p_WSXFxAo8vSLI\" class=\"CDt4Ke zfr3Q\">Los d\u00edas 20 y 21 de febrero el alumnado de Patrimonio de primero, segundo y tercer curso visit\u00f3 el Centro IFAPA Rancho de la Merced. Fue una interesante, amena y did\u00e1ctica visita de sus instalaciones bodegueras y vi\u00f1a con degustaci\u00f3n de &#8220;tintilla&#8221; incluida al final de la misma. Queremos dar las gracias desde el centro al responsable de la visita, Miguel Lara, por su dedicaci\u00f3n y entusiasmo en las explicaciones, as\u00ed como por el trato recibido.<\/p>\n<\/div>\n<\/div>\n<\/div>\n<\/div>\n<\/div>\n<\/div>\n<\/div>\n<\/div>\n<\/div>\n<\/section>\n<section id=\"h.p_d9q5ANa0vS_3\" class=\"yaqOZd\">\n<div class=\"IFuOkc\"><a href=\"https:\/\/blogsaverroes.juntadeandalucia.es\/cepertrecerosas\/files\/2021\/01\/unnamed-2-1.jpg\"><img loading=\"lazy\" decoding=\"async\" class=\"alignnone wp-image-2619\" src=\"https:\/\/blogsaverroes.juntadeandalucia.es\/cepertrecerosas\/files\/2021\/01\/unnamed-2-1-300x252.jpg\" alt=\"\" width=\"452\" height=\"380\" srcset=\"https:\/\/blogsaverroes.juntadeandalucia.es\/cepertrecerosas\/files\/2021\/01\/unnamed-2-1-300x252.jpg 300w, https:\/\/blogsaverroes.juntadeandalucia.es\/cepertrecerosas\/files\/2021\/01\/unnamed-2-1-768x644.jpg 768w, https:\/\/blogsaverroes.juntadeandalucia.es\/cepertrecerosas\/files\/2021\/01\/unnamed-2-1-24x20.jpg 24w, https:\/\/blogsaverroes.juntadeandalucia.es\/cepertrecerosas\/files\/2021\/01\/unnamed-2-1-36x30.jpg 36w, https:\/\/blogsaverroes.juntadeandalucia.es\/cepertrecerosas\/files\/2021\/01\/unnamed-2-1-48x40.jpg 48w, https:\/\/blogsaverroes.juntadeandalucia.es\/cepertrecerosas\/files\/2021\/01\/unnamed-2-1.jpg 916w\" sizes=\"(max-width: 452px) 100vw, 452px\" \/><\/a><\/div>\n<div class=\"mYVXT\">\n<div class=\"LS81yb VICjCf\">\n<div class=\"hJDwNd-AhqUyc-EehZO purZT-AhqUyc-II5mzb pSzOP-AhqUyc-qWD73c JNdkSc yYI8W \">\n<div class=\"JNdkSc-SmKAyb\">\n<div class=\"\">\n<div class=\"oKdM2c Kzv0Me\">\n<div id=\"h.p_XQZIR1z8vS_6\" class=\"hJDwNd-AhqUyc-EehZO jXK9ad D2fZ2 OjCsFc GNzUNc\">\n<div class=\"jXK9ad-SmKAyb\">\n<div class=\"tyJCtd mGzaTb baZpAe\">\n<div class=\"CjVfdc\">\n<p><strong>ASISTENCIA DOCUMENTAL &#8220;EL VINO, EL MUNDO Y NOSOTROS&#8221;<\/strong><\/p>\n<\/div>\n<\/div>\n<\/div>\n<\/div>\n<\/div>\n<div class=\"oKdM2c\">\n<div id=\"h.p_w-_1ONKhvS_9\" class=\"hJDwNd-AhqUyc-EehZO jXK9ad D2fZ2 wHaque GNzUNc\">\n<div class=\"jXK9ad-SmKAyb\">\n<div class=\"tyJCtd mGzaTb baZpAe\">\n<p id=\"h.p_6MVj3LYtvS_-\" class=\"CDt4Ke zfr3Q\">Hoy, jueves 5 de marzo, el alumnado y profesorado de Patrimonio hemos visto en pase privado en cines Yelmo el documental &#8220;El vino, el mundo y nosotros&#8221;, premiado en el el Festival Internacional de Cine de la vi\u00f1a y el vino, producida y realizada por el jerezano Antonio Lobo.<\/p>\n<\/div>\n<\/div>\n<\/div>\n<\/div>\n<\/div>\n<\/div>\n<\/div>\n<\/div>\n<\/div>\n<\/section>\n<section id=\"h.p_sgJzHE99_SVZ\" class=\"yaqOZd\">\n<div class=\"IFuOkc\"><a href=\"https:\/\/blogsaverroes.juntadeandalucia.es\/cepertrecerosas\/files\/2021\/01\/unnamed-3-1.jpg\"><img loading=\"lazy\" decoding=\"async\" class=\"alignnone wp-image-2620\" src=\"https:\/\/blogsaverroes.juntadeandalucia.es\/cepertrecerosas\/files\/2021\/01\/unnamed-3-1-300x251.jpg\" alt=\"\" width=\"452\" height=\"378\" srcset=\"https:\/\/blogsaverroes.juntadeandalucia.es\/cepertrecerosas\/files\/2021\/01\/unnamed-3-1-300x251.jpg 300w, https:\/\/blogsaverroes.juntadeandalucia.es\/cepertrecerosas\/files\/2021\/01\/unnamed-3-1-1024x858.jpg 1024w, https:\/\/blogsaverroes.juntadeandalucia.es\/cepertrecerosas\/files\/2021\/01\/unnamed-3-1-768x644.jpg 768w, https:\/\/blogsaverroes.juntadeandalucia.es\/cepertrecerosas\/files\/2021\/01\/unnamed-3-1-24x20.jpg 24w, https:\/\/blogsaverroes.juntadeandalucia.es\/cepertrecerosas\/files\/2021\/01\/unnamed-3-1-36x30.jpg 36w, https:\/\/blogsaverroes.juntadeandalucia.es\/cepertrecerosas\/files\/2021\/01\/unnamed-3-1-48x40.jpg 48w, https:\/\/blogsaverroes.juntadeandalucia.es\/cepertrecerosas\/files\/2021\/01\/unnamed-3-1.jpg 1280w\" sizes=\"(max-width: 452px) 100vw, 452px\" \/><\/a><\/div>\n<div class=\"mYVXT\">\n<div class=\"LS81yb VICjCf\">\n<div class=\"hJDwNd-AhqUyc-EehZO purZT-AhqUyc-II5mzb pSzOP-AhqUyc-qWD73c JNdkSc yYI8W \">\n<div class=\"JNdkSc-SmKAyb\">\n<div class=\"\">\n<div class=\"oKdM2c Kzv0Me\">\n<div id=\"h.p_I5Pgjr5-_SVi\" class=\"hJDwNd-AhqUyc-EehZO jXK9ad D2fZ2 OjCsFc GNzUNc\">\n<div class=\"jXK9ad-SmKAyb\">\n<div class=\"tyJCtd mGzaTb baZpAe\">\n<div class=\"CjVfdc\">\n<p><strong>VISITA POTABILIZADORA CUARTILLOS<\/strong><\/p>\n<\/div>\n<\/div>\n<\/div>\n<\/div>\n<\/div>\n<div class=\"oKdM2c\">\n<div id=\"h.p_Rr3Qi4_G_SVp\" class=\"hJDwNd-AhqUyc-EehZO jXK9ad D2fZ2 wHaque GNzUNc\">\n<div class=\"jXK9ad-SmKAyb\">\n<div class=\"tyJCtd mGzaTb baZpAe\">\n<p id=\"h.p_TOkkh9eJ_SVt\" class=\"CDt4Ke zfr3Q\" dir=\"ltr\">La actividad consisti\u00f3 en mostrar el ciclo del agua, el proceso de potabilizaci\u00f3n, distribuci\u00f3n y control de la misma hasta llegar apta para el consumo a nuestros domicilios.<\/p>\n<p id=\"h.p_Fs1WGIPEgPIt\" class=\"CDt4Ke zfr3Q\" dir=\"ltr\">Se ofreci\u00f3 al alumnado visitante: H\u00e1bitos de vida saludable y Formaci\u00f3n B\u00e1sica la proyecci\u00f3n de un video y un recorrido guiado por sus instalaciones completado con la entrega de un material did\u00e1ctico adaptado.<\/p>\n<\/div>\n<\/div>\n<\/div>\n<\/div>\n<\/div>\n<\/div>\n<\/div>\n<\/div>\n<\/div>\n<\/section>\n<section id=\"h.p_7Q8UzU7O_TLV\" class=\"yaqOZd\">\n<div class=\"IFuOkc\"><a href=\"https:\/\/blogsaverroes.juntadeandalucia.es\/cepertrecerosas\/files\/2021\/01\/unnamed-4-1.jpg\"><img loading=\"lazy\" decoding=\"async\" class=\"alignnone wp-image-2621\" src=\"https:\/\/blogsaverroes.juntadeandalucia.es\/cepertrecerosas\/files\/2021\/01\/unnamed-4-1-300x225.jpg\" alt=\"\" width=\"453\" height=\"340\" srcset=\"https:\/\/blogsaverroes.juntadeandalucia.es\/cepertrecerosas\/files\/2021\/01\/unnamed-4-1-300x225.jpg 300w, https:\/\/blogsaverroes.juntadeandalucia.es\/cepertrecerosas\/files\/2021\/01\/unnamed-4-1-1024x768.jpg 1024w, https:\/\/blogsaverroes.juntadeandalucia.es\/cepertrecerosas\/files\/2021\/01\/unnamed-4-1-768x576.jpg 768w, https:\/\/blogsaverroes.juntadeandalucia.es\/cepertrecerosas\/files\/2021\/01\/unnamed-4-1-24x18.jpg 24w, https:\/\/blogsaverroes.juntadeandalucia.es\/cepertrecerosas\/files\/2021\/01\/unnamed-4-1-36x27.jpg 36w, https:\/\/blogsaverroes.juntadeandalucia.es\/cepertrecerosas\/files\/2021\/01\/unnamed-4-1-48x36.jpg 48w, https:\/\/blogsaverroes.juntadeandalucia.es\/cepertrecerosas\/files\/2021\/01\/unnamed-4-1.jpg 1280w\" sizes=\"(max-width: 453px) 100vw, 453px\" \/><\/a><\/div>\n<div class=\"mYVXT\">\n<div class=\"LS81yb VICjCf\">\n<div class=\"hJDwNd-AhqUyc-OiUrBf purZT-AhqUyc-II5mzb pSzOP-AhqUyc-qWD73c JNdkSc yYI8W \">\n<div class=\"JNdkSc-SmKAyb\">\n<div class=\"\">\n<div class=\"oKdM2c Kzv0Me\">\n<div id=\"h.p_rc2vtLVz_TLj\" class=\"hJDwNd-AhqUyc-OiUrBf jXK9ad D2fZ2 OjCsFc GNzUNc\">\n<div class=\"jXK9ad-SmKAyb\">\n<div class=\"tyJCtd mGzaTb baZpAe\">\n<div class=\"CjVfdc\">\n<p><strong>VISITA CHAP\u00cdN<\/strong><\/p>\n<\/div>\n<\/div>\n<\/div>\n<\/div>\n<\/div>\n<div class=\"oKdM2c\">\n<div id=\"h.p_IzIlGxLL_TLo\" class=\"hJDwNd-AhqUyc-OiUrBf jXK9ad D2fZ2 wHaque GNzUNc\">\n<div class=\"jXK9ad-SmKAyb\">\n<div class=\"tyJCtd mGzaTb baZpAe\">\n<p id=\"h.p_PS5kfDE__TLq\" class=\"CDt4Ke zfr3Q\" dir=\"ltr\">Visita guiada por los t\u00e9cnicos del \u00c1rea Municipal de Deportes a las instalaciones deportivas que integran el Complejo Deportivo Chap\u00edn. Esta visita comprendi\u00f3 un recorrido por las distintas instalaciones. Se realiz\u00f3 una introducci\u00f3n a la historia del Complejo, exponiendo su estructura, funcionalidad y otros datos t\u00e9cnicos de las mismas, Palacio Municipal de Deportes y Estadio Chap\u00edn. El alumnado asistente fue el de H\u00e1bitos de vida saludable y Formaci\u00f3n B\u00e1sica. Se realiz\u00f3 el d\u00eda 18 de febrero<\/p>\n<\/div>\n<\/div>\n<\/div>\n<\/div>\n<\/div>\n<\/div>\n<\/div>\n<div class=\"hJDwNd-AhqUyc-ibL1re JNdkSc L6cTce-purZT L6cTce-pSzOP\">\n<div class=\"JNdkSc-SmKAyb\">\n<div class=\"\"><a href=\"https:\/\/blogsaverroes.juntadeandalucia.es\/cepertrecerosas\/files\/2021\/01\/unnamed-5-1.jpg\"><img loading=\"lazy\" decoding=\"async\" class=\"alignnone wp-image-2622\" src=\"https:\/\/blogsaverroes.juntadeandalucia.es\/cepertrecerosas\/files\/2021\/01\/unnamed-5-1-300x251.jpg\" alt=\"\" width=\"451\" height=\"377\" srcset=\"https:\/\/blogsaverroes.juntadeandalucia.es\/cepertrecerosas\/files\/2021\/01\/unnamed-5-1-300x251.jpg 300w, https:\/\/blogsaverroes.juntadeandalucia.es\/cepertrecerosas\/files\/2021\/01\/unnamed-5-1-1024x858.jpg 1024w, https:\/\/blogsaverroes.juntadeandalucia.es\/cepertrecerosas\/files\/2021\/01\/unnamed-5-1-768x644.jpg 768w, https:\/\/blogsaverroes.juntadeandalucia.es\/cepertrecerosas\/files\/2021\/01\/unnamed-5-1-24x20.jpg 24w, https:\/\/blogsaverroes.juntadeandalucia.es\/cepertrecerosas\/files\/2021\/01\/unnamed-5-1-36x30.jpg 36w, https:\/\/blogsaverroes.juntadeandalucia.es\/cepertrecerosas\/files\/2021\/01\/unnamed-5-1-48x40.jpg 48w, https:\/\/blogsaverroes.juntadeandalucia.es\/cepertrecerosas\/files\/2021\/01\/unnamed-5-1.jpg 1280w\" sizes=\"(max-width: 451px) 100vw, 451px\" \/><\/a><\/div>\n<\/div>\n<\/div>\n<\/div>\n<\/div>\n<\/section>\n<section id=\"h.p_N02092Npg0kA\" class=\"yaqOZd\">\n<div class=\"mYVXT\">\n<div class=\"LS81yb VICjCf\">\n<div class=\"hJDwNd-AhqUyc-EehZO purZT-AhqUyc-II5mzb pSzOP-AhqUyc-qWD73c JNdkSc yYI8W \">\n<div class=\"JNdkSc-SmKAyb\">\n<div class=\"\">\n<div class=\"oKdM2c Kzv0Me\">\n<div id=\"h.p_3fJG4GNSg0kD\" class=\"hJDwNd-AhqUyc-EehZO jXK9ad D2fZ2 OjCsFc GNzUNc\">\n<div class=\"jXK9ad-SmKAyb\">\n<div class=\"tyJCtd mGzaTb baZpAe\">\n<div class=\"CjVfdc\">\n<p><strong>VISITA A MONTESIERRA<\/strong><\/p>\n<\/div>\n<\/div>\n<\/div>\n<\/div>\n<\/div>\n<div class=\"oKdM2c\">\n<div id=\"h.p_Nt38vRqEg0kG\" class=\"hJDwNd-AhqUyc-EehZO jXK9ad D2fZ2 wHaque GNzUNc\">\n<div class=\"jXK9ad-SmKAyb\">\n<div class=\"tyJCtd mGzaTb baZpAe\">\n<p id=\"h.p_b6i6gqYIg0kG\" class=\"CDt4Ke zfr3Q\" dir=\"ltr\">El 6 de febrero el alumnado de H\u00e1bitos de vida saludable y Formaci\u00f3n B\u00e1sica de nuestro Centro visit\u00f3 las instalaciones de Montesierra. El alumnado conoci\u00f3 la cadena de transformaci\u00f3n y elaboraci\u00f3n de productos c\u00e1rnicos derivados del cerdo, desde la cr\u00eda de los animales en las dehesas andaluzas hasta la llegada de los productos a la mesa.<\/p>\n<\/div>\n<\/div>\n<\/div>\n<\/div>\n<\/div>\n<\/div>\n<\/div>\n<\/div>\n<\/div>\n<\/section>\n","protected":false},"excerpt":{"rendered":"<p>VISITAS A LAS BODEGAS LUSTAU El 9 y 10 de enero, el alumnado de Patrimonio visit\u00f3 como complemento a la unidad del vino del&#46;&#46;&#46;<\/p>\n","protected":false},"author":11972,"featured_media":3147,"parent":0,"menu_order":0,"comment_status":"closed","ping_status":"closed","template":"","meta":{"ngg_post_thumbnail":0,"footnotes":"","_mc_calendar":[]},"aioseo_notices":[],"_links":{"self":[{"href":"https:\/\/blogsaverroes.juntadeandalucia.es\/cepertrecerosas\/wp-json\/wp\/v2\/pages\/2611"}],"collection":[{"href":"https:\/\/blogsaverroes.juntadeandalucia.es\/cepertrecerosas\/wp-json\/wp\/v2\/pages"}],"about":[{"href":"https:\/\/blogsaverroes.juntadeandalucia.es\/cepertrecerosas\/wp-json\/wp\/v2\/types\/page"}],"author":[{"embeddable":true,"href":"https:\/\/blogsaverroes.juntadeandalucia.es\/cepertrecerosas\/wp-json\/wp\/v2\/users\/11972"}],"replies":[{"embeddable":true,"href":"https:\/\/blogsaverroes.juntadeandalucia.es\/cepertrecerosas\/wp-json\/wp\/v2\/comments?post=2611"}],"version-history":[{"count":8,"href":"https:\/\/blogsaverroes.juntadeandalucia.es\/cepertrecerosas\/wp-json\/wp\/v2\/pages\/2611\/revisions"}],"predecessor-version":[{"id":3046,"href":"https:\/\/blogsaverroes.juntadeandalucia.es\/cepertrecerosas\/wp-json\/wp\/v2\/pages\/2611\/revisions\/3046"}],"wp:featuredmedia":[{"embeddable":true,"href":"https:\/\/blogsaverroes.juntadeandalucia.es\/cepertrecerosas\/wp-json\/wp\/v2\/media\/3147"}],"wp:attachment":[{"href":"https:\/\/blogsaverroes.juntadeandalucia.es\/cepertrecerosas\/wp-json\/wp\/v2\/media?parent=2611"}],"curies":[{"name":"wp","href":"https:\/\/api.w.org\/{rel}","templated":true}]}}