{"id":1125,"date":"2022-04-25T12:05:33","date_gmt":"2022-04-25T11:05:33","guid":{"rendered":"https:\/\/blogsaverroes.juntadeandalucia.es\/ceperzaidin\/?page_id=1125"},"modified":"2025-09-15T12:13:31","modified_gmt":"2025-09-15T11:13:31","slug":"ingles","status":"publish","type":"page","link":"https:\/\/blogsaverroes.juntadeandalucia.es\/ceperzaidin\/ingles\/","title":{"rendered":"INGL\u00c9S: NIVELES 1, 2 Y 3 (Jes\u00fas Ardoy y Luis Manuel Garc\u00eda)"},"content":{"rendered":"<header class=\"entry-header page-header\">\n<ul>\n<li>Los niveles 1 de tarde y 3 de ma\u00f1anas ser\u00e1n impartidos por Luis Manuel Garc\u00eda<\/li>\n<li>Los niveles 1 de ma\u00f1ana, 2 de ma\u00f1ana y tarde y 3 de tarde ser\u00e1n impartidos por Jes\u00fas Ardoy<\/li>\n<\/ul>\n<h1 class=\"entry-title \"><span style=\"font-size: 14pt\">Plan de uso b\u00e1sico de un Idioma Extranjero<\/span><\/h1>\n<\/header>\n<div class=\"entry-content\">\n<p>La oferta educativa de nuestro centro para el aprendizaje de idiomas extranjeros est\u00e1 centrada en el idioma ingl\u00e9s.<\/p>\n<p>Estructurado en cuatro niveles AI, AII, AIII y B1. Existen varios grupos en turno de ma\u00f1ana y tarde, ya que el centro cuenta con dos profesores especialistas en esta materia.<\/p>\n<p>El objetivo b\u00e1sico de los mismos es posibilitar a las personas mayores el conocimiento b\u00e1sico de la lengua inglesa.<\/p>\n<p>Es un plan educativo de \u201cense\u00f1anzas no formales\u201d, por lo que no se obtiene ninguna titulaci\u00f3n oficial.&nbsp;<\/p>\n<p><img loading=\"lazy\" decoding=\"async\" class=\"aligncenter size-medium wp-image-1962\" src=\"https:\/\/blogsaverroes.juntadeandalucia.es\/ceperzaidin\/files\/2025\/09\/uk-flag-1443709_960_720-300x150.jpg\" alt=\"\" width=\"300\" height=\"150\" srcset=\"https:\/\/blogsaverroes.juntadeandalucia.es\/ceperzaidin\/files\/2025\/09\/uk-flag-1443709_960_720-300x150.jpg 300w, https:\/\/blogsaverroes.juntadeandalucia.es\/ceperzaidin\/files\/2025\/09\/uk-flag-1443709_960_720-768x384.jpg 768w, https:\/\/blogsaverroes.juntadeandalucia.es\/ceperzaidin\/files\/2025\/09\/uk-flag-1443709_960_720.jpg 960w\" sizes=\"(max-width: 300px) 100vw, 300px\" \/><\/p>\n<p>&nbsp;<\/p>\n<\/div>\n","protected":false},"excerpt":{"rendered":"<p>Los niveles 1 de tarde y 3 de ma\u00f1anas ser\u00e1n impartidos por Luis Manuel Garc\u00eda Los niveles 1 de ma\u00f1ana, 2 de ma\u00f1ana y tarde y 3 de tarde ser\u00e1n impartidos por Jes\u00fas Ardoy Plan&#46;&#46;&#46;<\/p>\n","protected":false},"author":14743,"featured_media":0,"parent":0,"menu_order":0,"comment_status":"closed","ping_status":"closed","template":"","meta":{"ngg_post_thumbnail":0,"footnotes":""},"aioseo_notices":[],"_links":{"self":[{"href":"https:\/\/blogsaverroes.juntadeandalucia.es\/ceperzaidin\/wp-json\/wp\/v2\/pages\/1125"}],"collection":[{"href":"https:\/\/blogsaverroes.juntadeandalucia.es\/ceperzaidin\/wp-json\/wp\/v2\/pages"}],"about":[{"href":"https:\/\/blogsaverroes.juntadeandalucia.es\/ceperzaidin\/wp-json\/wp\/v2\/types\/page"}],"author":[{"embeddable":true,"href":"https:\/\/blogsaverroes.juntadeandalucia.es\/ceperzaidin\/wp-json\/wp\/v2\/users\/14743"}],"replies":[{"embeddable":true,"href":"https:\/\/blogsaverroes.juntadeandalucia.es\/ceperzaidin\/wp-json\/wp\/v2\/comments?post=1125"}],"version-history":[{"count":9,"href":"https:\/\/blogsaverroes.juntadeandalucia.es\/ceperzaidin\/wp-json\/wp\/v2\/pages\/1125\/revisions"}],"predecessor-version":[{"id":2136,"href":"https:\/\/blogsaverroes.juntadeandalucia.es\/ceperzaidin\/wp-json\/wp\/v2\/pages\/1125\/revisions\/2136"}],"wp:attachment":[{"href":"https:\/\/blogsaverroes.juntadeandalucia.es\/ceperzaidin\/wp-json\/wp\/v2\/media?parent=1125"}],"curies":[{"name":"wp","href":"https:\/\/api.w.org\/{rel}","templated":true}]}}