{"id":2363,"date":"2025-05-13T12:33:29","date_gmt":"2025-05-13T10:33:29","guid":{"rendered":"https:\/\/blogsaverroes.juntadeandalucia.es\/cepguadix\/?page_id=2363"},"modified":"2025-05-13T12:35:30","modified_gmt":"2025-05-13T10:35:30","slug":"zona-montes-orientales","status":"publish","type":"page","link":"https:\/\/blogsaverroes.juntadeandalucia.es\/cepguadix\/zona-montes-orientales\/","title":{"rendered":"ZONA MONTES ORIENTALES"},"content":{"rendered":"<div class=\"pt-cv-wrapper\"><div class=\"pt-cv-view pt-cv-grid pt-cv-colsys\" id=\"pt-cv-view-dc7105ayhm\"><div data-id=\"pt-cv-page-1\" class=\"pt-cv-page\" data-cvc=\"2\"><div class=\"col-md-6 col-sm-12 col-xs-12 pt-cv-content-item pt-cv-1-col\" ><div class='pt-cv-ifield'><a href=\"https:\/\/blogsaverroes.juntadeandalucia.es\/cepguadix\/2026\/04\/24\/robotica-impresion-3d-ia\/\" class=\"_self pt-cv-href-thumbnail pt-cv-thumb-default\" target=\"_self\" ><img loading=\"lazy\" decoding=\"async\" width=\"150\" height=\"150\" src=\"https:\/\/blogsaverroes.juntadeandalucia.es\/cepguadix\/files\/2025\/06\/ICONO-CDD.png\" class=\"pt-cv-thumbnail\" alt=\"\" \/><\/a>\n<div class=\"pt-cv-taxoterm above_title\"><a href='https:\/\/blogsaverroes.juntadeandalucia.es\/cepguadix\/category\/curso-escolar\/25-26\/' title='25-26' class='pt-cv-tax-25-26'>25-26<\/a><a href='https:\/\/blogsaverroes.juntadeandalucia.es\/cepguadix\/tag\/ia\/' title='IA' class='pt-cv-tax-ia'>IA<\/a><a href='https:\/\/blogsaverroes.juntadeandalucia.es\/cepguadix\/tag\/impresion-3d\/' title='impresi\u00f3n 3D' class='pt-cv-tax-impresion-3d'>impresi\u00f3n 3D<\/a><a href='https:\/\/blogsaverroes.juntadeandalucia.es\/cepguadix\/category\/etapa\/infantil\/' title='Infantil' class='pt-cv-tax-infantil'>Infantil<\/a><a href='https:\/\/blogsaverroes.juntadeandalucia.es\/cepguadix\/category\/etapa\/primaria\/' title='Primaria' class='pt-cv-tax-primaria'>Primaria<\/a><a href='https:\/\/blogsaverroes.juntadeandalucia.es\/cepguadix\/tag\/robotica\/' title='rob\u00f3tica' class='pt-cv-tax-robotica'>rob\u00f3tica<\/a><a href='https:\/\/blogsaverroes.juntadeandalucia.es\/cepguadix\/category\/etapa\/secundaria\/' title='Secundaria' class='pt-cv-tax-secundaria'>Secundaria<\/a><a href='https:\/\/blogsaverroes.juntadeandalucia.es\/cepguadix\/category\/tematica\/tic\/' title='TIC' class='pt-cv-tax-tic'>TIC<\/a><a href='https:\/\/blogsaverroes.juntadeandalucia.es\/cepguadix\/category\/zona\/zona-montes-orientales\/' title='Zona Montes Orientales' class='pt-cv-tax-zona-montes-orientales'>Zona Montes Orientales<\/a><\/div>\n<h4 class=\"pt-cv-title\"><a href=\"https:\/\/blogsaverroes.juntadeandalucia.es\/cepguadix\/2026\/04\/24\/robotica-impresion-3d-ia\/\" class=\"_self\" target=\"_self\" >ROB\u00d3TICA, INTELIGENCIA ARTIFICAL E IMPRESI\u00d3N 3D COMO RECURSO EDUCATIVO EN EL AULA<\/a><\/h4>\n<div class=\"pt-cv-content\">Centro: CEIP Hermanos Coronel Vel\u00e1zquez Localidad: P\u00ed\u00f1ar Etapa: Infantil, Primaria y Secundaria DESCRIPCI\u00d3N: Durante el presente curso escolar, el centro ...<br \/><div class=\"pt-cv-rmwrap\"><a href=\"https:\/\/blogsaverroes.juntadeandalucia.es\/cepguadix\/2026\/04\/24\/robotica-impresion-3d-ia\/\" class=\"_self pt-cv-readmore btn btn-success\" target=\"_self\">Leer M\u00e1s<\/a><\/div><\/div><\/div><\/div>\n<div class=\"col-md-6 col-sm-12 col-xs-12 pt-cv-content-item pt-cv-1-col\" ><div class='pt-cv-ifield'><a href=\"https:\/\/blogsaverroes.juntadeandalucia.es\/cepguadix\/2026\/04\/21\/razonamiento-matematico\/\" class=\"_self pt-cv-href-thumbnail pt-cv-thumb-default\" target=\"_self\" ><img loading=\"lazy\" decoding=\"async\" width=\"150\" height=\"150\" src=\"https:\/\/blogsaverroes.juntadeandalucia.es\/cepguadix\/files\/2025\/06\/ICONO-CIENTIFICO-TECNOLOGICO.png\" class=\"pt-cv-thumbnail\" alt=\"\" \/><\/a>\n<div class=\"pt-cv-taxoterm above_title\"><a href='https:\/\/blogsaverroes.juntadeandalucia.es\/cepguadix\/category\/curso-escolar\/25-26\/' title='25-26' class='pt-cv-tax-25-26'>25-26<\/a><a href='https:\/\/blogsaverroes.juntadeandalucia.es\/cepguadix\/category\/tematica\/cientifico-tecnologica\/' title='Cient\u00edfico-tecnol\u00f3gica' class='pt-cv-tax-cientifico-tecnologica'>Cient\u00edfico-tecnol\u00f3gica<\/a><a href='https:\/\/blogsaverroes.juntadeandalucia.es\/cepguadix\/category\/etapa\/infantil\/' title='Infantil' class='pt-cv-tax-infantil'>Infantil<\/a><a href='https:\/\/blogsaverroes.juntadeandalucia.es\/cepguadix\/tag\/matematicas\/' title='matem\u00e1ticas' class='pt-cv-tax-matematicas'>matem\u00e1ticas<\/a><a href='https:\/\/blogsaverroes.juntadeandalucia.es\/cepguadix\/category\/etapa\/primaria\/' title='Primaria' class='pt-cv-tax-primaria'>Primaria<\/a><a href='https:\/\/blogsaverroes.juntadeandalucia.es\/cepguadix\/tag\/razonamiento-matematico\/' title='razonamiento matem\u00e1tico' class='pt-cv-tax-razonamiento-matematico'>razonamiento matem\u00e1tico<\/a><a href='https:\/\/blogsaverroes.juntadeandalucia.es\/cepguadix\/category\/etapa\/secundaria\/' title='Secundaria' class='pt-cv-tax-secundaria'>Secundaria<\/a><a href='https:\/\/blogsaverroes.juntadeandalucia.es\/cepguadix\/category\/zona\/zona-montes-orientales\/' title='Zona Montes Orientales' class='pt-cv-tax-zona-montes-orientales'>Zona Montes Orientales<\/a><\/div>\n<h4 class=\"pt-cv-title\"><a href=\"https:\/\/blogsaverroes.juntadeandalucia.es\/cepguadix\/2026\/04\/21\/razonamiento-matematico\/\" class=\"_self\" target=\"_self\" >RAZONAMIENTO MATEM\u00c1TICO Y RESOLUCI\u00d3N DE PROBLEMAS<\/a><\/h4>\n<div class=\"pt-cv-content\">Centro: CEIP Hermanos Coronel Vel\u00e1zquez Localidad: P\u00ed\u00f1ar Etapa: Infantil, Primaria, Primer ciclo de Secundaria DESCRIPCI\u00d3N: Este curso escolar, el CEIP ...<br \/><div class=\"pt-cv-rmwrap\"><a href=\"https:\/\/blogsaverroes.juntadeandalucia.es\/cepguadix\/2026\/04\/21\/razonamiento-matematico\/\" class=\"_self pt-cv-readmore btn btn-success\" target=\"_self\">Leer M\u00e1s<\/a><\/div><\/div><\/div><\/div>\n<div class=\"col-md-6 col-sm-12 col-xs-12 pt-cv-content-item pt-cv-1-col\" ><div class='pt-cv-ifield'><a href=\"https:\/\/blogsaverroes.juntadeandalucia.es\/cepguadix\/2025\/05\/30\/promoviendo-emociones\/\" class=\"_self pt-cv-href-thumbnail pt-cv-thumb-default\" target=\"_self\" ><img loading=\"lazy\" decoding=\"async\" width=\"150\" height=\"150\" src=\"https:\/\/blogsaverroes.juntadeandalucia.es\/cepguadix\/files\/2026\/04\/ICONO-CONVIVENCIA.png\" class=\"pt-cv-thumbnail\" alt=\"\" \/><\/a>\n<div class=\"pt-cv-taxoterm above_title\"><a href='https:\/\/blogsaverroes.juntadeandalucia.es\/cepguadix\/category\/curso-escolar\/24-25\/' title='24-25' class='pt-cv-tax-24-25'>24-25<\/a><a href='https:\/\/blogsaverroes.juntadeandalucia.es\/cepguadix\/category\/tematica\/convivencia\/' title='Convivencia' class='pt-cv-tax-convivencia'>Convivencia<\/a><a href='https:\/\/blogsaverroes.juntadeandalucia.es\/cepguadix\/tag\/educacion-emocional\/' title='educaci\u00f3n emocional' class='pt-cv-tax-educacion-emocional'>educaci\u00f3n emocional<\/a><a href='https:\/\/blogsaverroes.juntadeandalucia.es\/cepguadix\/category\/etapa\/primaria\/' title='Primaria' class='pt-cv-tax-primaria'>Primaria<\/a><a href='https:\/\/blogsaverroes.juntadeandalucia.es\/cepguadix\/category\/zona\/zona-guadix\/' title='Zona Guadix' class='pt-cv-tax-zona-guadix'>Zona Guadix<\/a><a href='https:\/\/blogsaverroes.juntadeandalucia.es\/cepguadix\/category\/zona\/zona-iznalloz\/' title='Zona Iznalloz' class='pt-cv-tax-zona-iznalloz'>Zona Iznalloz<\/a><a href='https:\/\/blogsaverroes.juntadeandalucia.es\/cepguadix\/category\/zona\/zona-marquesado\/' title='Zona Marquesado' class='pt-cv-tax-zona-marquesado'>Zona Marquesado<\/a><a href='https:\/\/blogsaverroes.juntadeandalucia.es\/cepguadix\/category\/zona\/zona-montes-orientales\/' title='Zona Montes Orientales' class='pt-cv-tax-zona-montes-orientales'>Zona Montes Orientales<\/a><a href='https:\/\/blogsaverroes.juntadeandalucia.es\/cepguadix\/category\/zona\/zona-rio-fardes\/' title='Zona R\u00edo Fardes' class='pt-cv-tax-zona-rio-fardes'>Zona R\u00edo Fardes<\/a><\/div>\n<h4 class=\"pt-cv-title\"><a href=\"https:\/\/blogsaverroes.juntadeandalucia.es\/cepguadix\/2025\/05\/30\/promoviendo-emociones\/\" class=\"_self\" target=\"_self\" >PROMOVIENDO EMOCIONES<\/a><\/h4>\n<div class=\"pt-cv-content\">Centro: E.O.E. Guadix Localidad: Guadix Etapa: Primaria DESCRIPCI\u00d3N: Nuestro GT trata sobre la promoci\u00f3n de emociones en el alumnado, no ...<br \/><div class=\"pt-cv-rmwrap\"><a href=\"https:\/\/blogsaverroes.juntadeandalucia.es\/cepguadix\/2025\/05\/30\/promoviendo-emociones\/\" class=\"_self pt-cv-readmore btn btn-success\" target=\"_self\">Leer M\u00e1s<\/a><\/div><\/div><\/div><\/div>\n<div class=\"col-md-6 col-sm-12 col-xs-12 pt-cv-content-item pt-cv-1-col\" ><div class='pt-cv-ifield'><a href=\"https:\/\/blogsaverroes.juntadeandalucia.es\/cepguadix\/2024\/10\/21\/celebramos-los-erasmus-days\/\" class=\"_self pt-cv-href-thumbnail pt-cv-thumb-default\" target=\"_self\" ><img loading=\"lazy\" decoding=\"async\" width=\"150\" height=\"150\" src=\"https:\/\/blogsaverroes.juntadeandalucia.es\/cepguadix\/files\/2026\/04\/ICONO-INTERNACIONALIZACION-v2.png\" class=\"pt-cv-thumbnail\" alt=\"\" \/><\/a>\n<div class=\"pt-cv-taxoterm above_title\"><a href='https:\/\/blogsaverroes.juntadeandalucia.es\/cepguadix\/category\/curso-escolar\/24-25\/' title='24-25' class='pt-cv-tax-24-25'>24-25<\/a><a href='https:\/\/blogsaverroes.juntadeandalucia.es\/cepguadix\/category\/etapa\/bachillerato\/' title='Bachillerato' class='pt-cv-tax-bachillerato'>Bachillerato<\/a><a href='https:\/\/blogsaverroes.juntadeandalucia.es\/cepguadix\/category\/etapa\/eper\/' title='Educaci\u00f3n Permanente' class='pt-cv-tax-eper'>Educaci\u00f3n Permanente<\/a><a href='https:\/\/blogsaverroes.juntadeandalucia.es\/cepguadix\/category\/etapa\/fp\/' title='FP' class='pt-cv-tax-fp'>FP<\/a><a href='https:\/\/blogsaverroes.juntadeandalucia.es\/cepguadix\/category\/etapa\/infantil\/' title='Infantil' class='pt-cv-tax-infantil'>Infantil<\/a><a href='https:\/\/blogsaverroes.juntadeandalucia.es\/cepguadix\/category\/tematica\/internacional\/' title='Internacionalizaci\u00f3n' class='pt-cv-tax-internacional'>Internacionalizaci\u00f3n<\/a><a href='https:\/\/blogsaverroes.juntadeandalucia.es\/cepguadix\/category\/etapa\/primaria\/' title='Primaria' class='pt-cv-tax-primaria'>Primaria<\/a><a href='https:\/\/blogsaverroes.juntadeandalucia.es\/cepguadix\/category\/etapa\/regimen-especial\/' title='R\u00e9gimen Especial' class='pt-cv-tax-regimen-especial'>R\u00e9gimen Especial<\/a><a href='https:\/\/blogsaverroes.juntadeandalucia.es\/cepguadix\/category\/etapa\/secundaria\/' title='Secundaria' class='pt-cv-tax-secundaria'>Secundaria<\/a><a href='https:\/\/blogsaverroes.juntadeandalucia.es\/cepguadix\/category\/zona\/zona-guadix\/' title='Zona Guadix' class='pt-cv-tax-zona-guadix'>Zona Guadix<\/a><a href='https:\/\/blogsaverroes.juntadeandalucia.es\/cepguadix\/category\/zona\/zona-iznalloz\/' title='Zona Iznalloz' class='pt-cv-tax-zona-iznalloz'>Zona Iznalloz<\/a><a href='https:\/\/blogsaverroes.juntadeandalucia.es\/cepguadix\/category\/zona\/zona-marquesado\/' title='Zona Marquesado' class='pt-cv-tax-zona-marquesado'>Zona Marquesado<\/a><a href='https:\/\/blogsaverroes.juntadeandalucia.es\/cepguadix\/category\/zona\/zona-montes-orientales\/' title='Zona Montes Orientales' class='pt-cv-tax-zona-montes-orientales'>Zona Montes Orientales<\/a><a href='https:\/\/blogsaverroes.juntadeandalucia.es\/cepguadix\/category\/zona\/zona-rio-fardes\/' title='Zona R\u00edo Fardes' class='pt-cv-tax-zona-rio-fardes'>Zona R\u00edo Fardes<\/a><\/div>\n<h4 class=\"pt-cv-title\"><a href=\"https:\/\/blogsaverroes.juntadeandalucia.es\/cepguadix\/2024\/10\/21\/celebramos-los-erasmus-days\/\" class=\"_self\" target=\"_self\" >CELEBRAMOS LOS ERASMUS DAYS<\/a><\/h4>\n<div class=\"pt-cv-content\">Entre el 14 y el 18 de octubre se celebran los Erasmus Days, una celebraci\u00f3n internacional para dar a conocer ...<br \/><div class=\"pt-cv-rmwrap\"><a href=\"https:\/\/blogsaverroes.juntadeandalucia.es\/cepguadix\/2024\/10\/21\/celebramos-los-erasmus-days\/\" class=\"_self pt-cv-readmore btn btn-success\" target=\"_self\">Leer M\u00e1s<\/a><\/div><\/div><\/div><\/div>\n<div class=\"col-md-6 col-sm-12 col-xs-12 pt-cv-content-item pt-cv-1-col\" ><div class='pt-cv-ifield'><a href=\"https:\/\/blogsaverroes.juntadeandalucia.es\/cepguadix\/2024\/06\/25\/recreos-inclusivos\/\" class=\"_self pt-cv-href-thumbnail pt-cv-thumb-default\" target=\"_self\" ><img loading=\"lazy\" decoding=\"async\" width=\"150\" height=\"150\" src=\"https:\/\/blogsaverroes.juntadeandalucia.es\/cepguadix\/files\/2026\/04\/ICONO-CONVIVENCIA.png\" class=\"pt-cv-thumbnail\" alt=\"\" \/><\/a>\n<div class=\"pt-cv-taxoterm above_title\"><a href='https:\/\/blogsaverroes.juntadeandalucia.es\/cepguadix\/category\/curso-escolar\/23-24\/' title='23-24' class='pt-cv-tax-23-24'>23-24<\/a><a href='https:\/\/blogsaverroes.juntadeandalucia.es\/cepguadix\/tag\/convivencia\/' title='Convivencia' class='pt-cv-tax-convivencia'>Convivencia<\/a><a href='https:\/\/blogsaverroes.juntadeandalucia.es\/cepguadix\/category\/tematica\/convivencia\/' title='Convivencia' class='pt-cv-tax-convivencia'>Convivencia<\/a><a href='https:\/\/blogsaverroes.juntadeandalucia.es\/cepguadix\/category\/etapa\/secundaria\/' title='Secundaria' class='pt-cv-tax-secundaria'>Secundaria<\/a><a href='https:\/\/blogsaverroes.juntadeandalucia.es\/cepguadix\/category\/zona\/zona-montes-orientales\/' title='Zona Montes Orientales' class='pt-cv-tax-zona-montes-orientales'>Zona Montes Orientales<\/a><\/div>\n<h4 class=\"pt-cv-title\"><a href=\"https:\/\/blogsaverroes.juntadeandalucia.es\/cepguadix\/2024\/06\/25\/recreos-inclusivos\/\" class=\"_self\" target=\"_self\" >RECREOS INCLUSIVOS<\/a><\/h4>\n<div class=\"pt-cv-content\">Centro: IES Isabel La Cat\u00f3lica Localidad: Guadahortuna Etapa: Secundaria DESCRIPCI\u00d3N: Tomando los recreos inclusivos como centro de inter\u00e9s, hemos querido ...<br \/><div class=\"pt-cv-rmwrap\"><a href=\"https:\/\/blogsaverroes.juntadeandalucia.es\/cepguadix\/2024\/06\/25\/recreos-inclusivos\/\" class=\"_self pt-cv-readmore btn btn-success\" target=\"_self\">Leer M\u00e1s<\/a><\/div><\/div><\/div><\/div>\n<div class=\"col-md-6 col-sm-12 col-xs-12 pt-cv-content-item pt-cv-1-col\" ><div class='pt-cv-ifield'><a href=\"https:\/\/blogsaverroes.juntadeandalucia.es\/cepguadix\/2024\/06\/20\/lecturas-en-la-biblioteca-virtual\/\" class=\"_self pt-cv-href-thumbnail pt-cv-thumb-default\" target=\"_self\" ><img loading=\"lazy\" decoding=\"async\" width=\"152\" height=\"150\" src=\"https:\/\/blogsaverroes.juntadeandalucia.es\/cepguadix\/files\/2026\/04\/ICONO-COMUNICACION-LINGUISTICA-V5-Editada.png\" class=\"pt-cv-thumbnail\" alt=\"\" \/><\/a>\n<div class=\"pt-cv-taxoterm above_title\"><a href='https:\/\/blogsaverroes.juntadeandalucia.es\/cepguadix\/category\/curso-escolar\/23-24\/' title='23-24' class='pt-cv-tax-23-24'>23-24<\/a><a href='https:\/\/blogsaverroes.juntadeandalucia.es\/cepguadix\/category\/tematica\/lectura\/' title='C. Ling\u00fc\u00edstica' class='pt-cv-tax-lectura'>C. Ling\u00fc\u00edstica<\/a><a href='https:\/\/blogsaverroes.juntadeandalucia.es\/cepguadix\/tag\/comprension-lectora\/' title='comprensi\u00f3n lectora' class='pt-cv-tax-comprension-lectora'>comprensi\u00f3n lectora<\/a><a href='https:\/\/blogsaverroes.juntadeandalucia.es\/cepguadix\/category\/etapa\/primaria\/' title='Primaria' class='pt-cv-tax-primaria'>Primaria<\/a><a href='https:\/\/blogsaverroes.juntadeandalucia.es\/cepguadix\/category\/zona\/zona-montes-orientales\/' title='Zona Montes Orientales' class='pt-cv-tax-zona-montes-orientales'>Zona Montes Orientales<\/a><\/div>\n<h4 class=\"pt-cv-title\"><a href=\"https:\/\/blogsaverroes.juntadeandalucia.es\/cepguadix\/2024\/06\/20\/lecturas-en-la-biblioteca-virtual\/\" class=\"_self\" target=\"_self\" >LECTURAS EN LA BIBLIOTECA VIRTUAL<\/a><\/h4>\n<div class=\"pt-cv-content\">Centro: CEIP La Santa Cruz Localidad: Moreda Etapa: Infantil y Primaria DESCRIPCI\u00d3N: El C.E.I.P La Santa Cruz se encuentra en ...<br \/><div class=\"pt-cv-rmwrap\"><a href=\"https:\/\/blogsaverroes.juntadeandalucia.es\/cepguadix\/2024\/06\/20\/lecturas-en-la-biblioteca-virtual\/\" class=\"_self pt-cv-readmore btn btn-success\" target=\"_self\">Leer M\u00e1s<\/a><\/div><\/div><\/div><\/div>\n<div class=\"col-md-6 col-sm-12 col-xs-12 pt-cv-content-item pt-cv-1-col\" ><div class='pt-cv-ifield'><a href=\"https:\/\/blogsaverroes.juntadeandalucia.es\/cepguadix\/2024\/06\/20\/cultura-de-centro\/\" class=\"_self pt-cv-href-thumbnail pt-cv-thumb-default\" target=\"_self\" ><img loading=\"lazy\" decoding=\"async\" width=\"150\" height=\"150\" src=\"https:\/\/blogsaverroes.juntadeandalucia.es\/cepguadix\/files\/2026\/04\/ICONO-CONVIVENCIA.png\" class=\"pt-cv-thumbnail\" alt=\"\" \/><\/a>\n<div class=\"pt-cv-taxoterm above_title\"><a href='https:\/\/blogsaverroes.juntadeandalucia.es\/cepguadix\/category\/curso-escolar\/23-24\/' title='23-24' class='pt-cv-tax-23-24'>23-24<\/a><a href='https:\/\/blogsaverroes.juntadeandalucia.es\/cepguadix\/category\/tematica\/convivencia\/' title='Convivencia' class='pt-cv-tax-convivencia'>Convivencia<\/a><a href='https:\/\/blogsaverroes.juntadeandalucia.es\/cepguadix\/tag\/convivencia\/' title='Convivencia' class='pt-cv-tax-convivencia'>Convivencia<\/a><a href='https:\/\/blogsaverroes.juntadeandalucia.es\/cepguadix\/category\/etapa\/infantil\/' title='Infantil' class='pt-cv-tax-infantil'>Infantil<\/a><a href='https:\/\/blogsaverroes.juntadeandalucia.es\/cepguadix\/category\/etapa\/primaria\/' title='Primaria' class='pt-cv-tax-primaria'>Primaria<\/a><a href='https:\/\/blogsaverroes.juntadeandalucia.es\/cepguadix\/category\/zona\/zona-montes-orientales\/' title='Zona Montes Orientales' class='pt-cv-tax-zona-montes-orientales'>Zona Montes Orientales<\/a><\/div>\n<h4 class=\"pt-cv-title\"><a href=\"https:\/\/blogsaverroes.juntadeandalucia.es\/cepguadix\/2024\/06\/20\/cultura-de-centro\/\" class=\"_self\" target=\"_self\" >CULTURA DE CENTRO<\/a><\/h4>\n<div class=\"pt-cv-content\">Centro: CEIP Ntra. Sra. del Amparo Localidad: Darro Etapa: Infantil y Primaria DESCRIPCI\u00d3N: Actuaciones encaminadas a mejorar la convivencia entre ...<br \/><div class=\"pt-cv-rmwrap\"><a href=\"https:\/\/blogsaverroes.juntadeandalucia.es\/cepguadix\/2024\/06\/20\/cultura-de-centro\/\" class=\"_self pt-cv-readmore btn btn-success\" target=\"_self\">Leer M\u00e1s<\/a><\/div><\/div><\/div><\/div><\/div><\/div><\/div>\n","protected":false},"excerpt":{"rendered":"","protected":false},"author":5139,"featured_media":0,"parent":0,"menu_order":0,"comment_status":"closed","ping_status":"closed","template":"","meta":{"ngg_post_thumbnail":0,"footnotes":""},"aioseo_notices":[],"_links":{"self":[{"href":"https:\/\/blogsaverroes.juntadeandalucia.es\/cepguadix\/wp-json\/wp\/v2\/pages\/2363"}],"collection":[{"href":"https:\/\/blogsaverroes.juntadeandalucia.es\/cepguadix\/wp-json\/wp\/v2\/pages"}],"about":[{"href":"https:\/\/blogsaverroes.juntadeandalucia.es\/cepguadix\/wp-json\/wp\/v2\/types\/page"}],"author":[{"embeddable":true,"href":"https:\/\/blogsaverroes.juntadeandalucia.es\/cepguadix\/wp-json\/wp\/v2\/users\/5139"}],"replies":[{"embeddable":true,"href":"https:\/\/blogsaverroes.juntadeandalucia.es\/cepguadix\/wp-json\/wp\/v2\/comments?post=2363"}],"version-history":[{"count":2,"href":"https:\/\/blogsaverroes.juntadeandalucia.es\/cepguadix\/wp-json\/wp\/v2\/pages\/2363\/revisions"}],"predecessor-version":[{"id":2368,"href":"https:\/\/blogsaverroes.juntadeandalucia.es\/cepguadix\/wp-json\/wp\/v2\/pages\/2363\/revisions\/2368"}],"wp:attachment":[{"href":"https:\/\/blogsaverroes.juntadeandalucia.es\/cepguadix\/wp-json\/wp\/v2\/media?parent=2363"}],"curies":[{"name":"wp","href":"https:\/\/api.w.org\/{rel}","templated":true}]}}