{"id":452,"date":"2017-12-13T08:46:25","date_gmt":"2017-12-13T08:46:25","guid":{"rendered":"https:\/\/blogsaverroes.juntadeandalucia.es\/cepguadix\/?page_id=452"},"modified":"2017-12-13T08:46:25","modified_gmt":"2017-12-13T08:46:25","slug":"cientifico-tecnologica","status":"publish","type":"page","link":"https:\/\/blogsaverroes.juntadeandalucia.es\/cepguadix\/cientifico-tecnologica\/","title":{"rendered":"Cient\u00edfico-Tecnol\u00f3gica"},"content":{"rendered":"<div class=\"pt-cv-wrapper\"><div class=\"pt-cv-view pt-cv-grid pt-cv-colsys\" id=\"pt-cv-view-0855e7b8py\"><div data-id=\"pt-cv-page-1\" class=\"pt-cv-page\" data-cvc=\"2\"><div class=\"col-md-6 col-sm-6 col-xs-12 pt-cv-content-item pt-cv-1-col\" ><div class='pt-cv-ifield'><a href=\"https:\/\/blogsaverroes.juntadeandalucia.es\/cepguadix\/2026\/04\/21\/razonamiento-matematico\/\" class=\"_self pt-cv-href-thumbnail pt-cv-thumb-default\" target=\"_self\" ><img loading=\"lazy\" decoding=\"async\" width=\"150\" height=\"150\" src=\"https:\/\/blogsaverroes.juntadeandalucia.es\/cepguadix\/files\/2025\/06\/ICONO-CIENTIFICO-TECNOLOGICO.png\" class=\"pt-cv-thumbnail\" alt=\"\" \/><\/a>\n<h4 class=\"pt-cv-title\"><a href=\"https:\/\/blogsaverroes.juntadeandalucia.es\/cepguadix\/2026\/04\/21\/razonamiento-matematico\/\" class=\"_self\" target=\"_self\" >RAZONAMIENTO MATEM\u00c1TICO Y RESOLUCI\u00d3N DE PROBLEMAS<\/a><\/h4>\n<div class=\"pt-cv-content\">Centro: CEIP Hermanos Coronel Vel\u00e1zquez Localidad: P\u00ed\u00f1ar Etapa: Infantil, Primaria, Primer ciclo de Secundaria DESCRIPCI\u00d3N: Este curso escolar, el CEIP ...<br \/><div class=\"pt-cv-rmwrap\"><a href=\"https:\/\/blogsaverroes.juntadeandalucia.es\/cepguadix\/2026\/04\/21\/razonamiento-matematico\/\" class=\"_self pt-cv-readmore btn btn-success\" target=\"_self\">Leer M\u00e1s<\/a><\/div><\/div><\/div><\/div>\n<div class=\"col-md-6 col-sm-6 col-xs-12 pt-cv-content-item pt-cv-1-col\" ><div class='pt-cv-ifield'><a href=\"https:\/\/blogsaverroes.juntadeandalucia.es\/cepguadix\/2025\/06\/02\/matematicas-divertidas\/\" class=\"_self pt-cv-href-thumbnail pt-cv-thumb-default\" target=\"_self\" ><img loading=\"lazy\" decoding=\"async\" width=\"150\" height=\"150\" src=\"https:\/\/blogsaverroes.juntadeandalucia.es\/cepguadix\/files\/2025\/06\/ICONO-CIENTIFICO-TECNOLOGICO.png\" class=\"pt-cv-thumbnail\" alt=\"\" \/><\/a>\n<h4 class=\"pt-cv-title\"><a href=\"https:\/\/blogsaverroes.juntadeandalucia.es\/cepguadix\/2025\/06\/02\/matematicas-divertidas\/\" class=\"_self\" target=\"_self\" >MATEM\u00c1TICAS DIVERTIDAS<\/a><\/h4>\n<div class=\"pt-cv-content\">Centro: CEIP San Juan de \u00c1vila Localidad: Iznalloz Etapa: Infantil y Primaria DESCRIPCI\u00d3N: El grupo de trabajo surgi\u00f3 por la ...<br \/><div class=\"pt-cv-rmwrap\"><a href=\"https:\/\/blogsaverroes.juntadeandalucia.es\/cepguadix\/2025\/06\/02\/matematicas-divertidas\/\" class=\"_self pt-cv-readmore btn btn-success\" target=\"_self\">Leer M\u00e1s<\/a><\/div><\/div><\/div><\/div>\n<div class=\"col-md-6 col-sm-6 col-xs-12 pt-cv-content-item pt-cv-1-col\" ><div class='pt-cv-ifield'><a href=\"https:\/\/blogsaverroes.juntadeandalucia.es\/cepguadix\/2025\/05\/31\/medicion-de-alturas-innaccesibles-aplicando-el-teorema-de-tales\/\" class=\"_self pt-cv-href-thumbnail pt-cv-thumb-default\" target=\"_self\" ><img loading=\"lazy\" decoding=\"async\" width=\"150\" height=\"150\" src=\"https:\/\/blogsaverroes.juntadeandalucia.es\/cepguadix\/files\/2025\/06\/ICONO-CIENTIFICO-TECNOLOGICO.png\" class=\"pt-cv-thumbnail\" alt=\"\" \/><\/a>\n<h4 class=\"pt-cv-title\"><a href=\"https:\/\/blogsaverroes.juntadeandalucia.es\/cepguadix\/2025\/05\/31\/medicion-de-alturas-innaccesibles-aplicando-el-teorema-de-tales\/\" class=\"_self\" target=\"_self\" >MEDICI\u00d3N DE ALTURAS INNACCESIBLES APLICANDO EL TEOREMA DE TALES<\/a><\/h4>\n<div class=\"pt-cv-content\">Centro: IES Padre Poveda Localidad: Guadix Etapa: Secundaria DESCRIPCI\u00d3N: La actividad consiste en la medici\u00f3n de alturas \u201cinaccesibles\u201d por parte ...<br \/><div class=\"pt-cv-rmwrap\"><a href=\"https:\/\/blogsaverroes.juntadeandalucia.es\/cepguadix\/2025\/05\/31\/medicion-de-alturas-innaccesibles-aplicando-el-teorema-de-tales\/\" class=\"_self pt-cv-readmore btn btn-success\" target=\"_self\">Leer M\u00e1s<\/a><\/div><\/div><\/div><\/div>\n<div class=\"col-md-6 col-sm-6 col-xs-12 pt-cv-content-item pt-cv-1-col\" ><div class='pt-cv-ifield'><a href=\"https:\/\/blogsaverroes.juntadeandalucia.es\/cepguadix\/2025\/05\/30\/creacion-de-un-banco-de-recursos-para-trabajar-la-competencia-matematica\/\" class=\"_self pt-cv-href-thumbnail pt-cv-thumb-default\" target=\"_self\" ><img loading=\"lazy\" decoding=\"async\" width=\"150\" height=\"150\" src=\"https:\/\/blogsaverroes.juntadeandalucia.es\/cepguadix\/files\/2025\/06\/ICONO-CIENTIFICO-TECNOLOGICO.png\" class=\"pt-cv-thumbnail\" alt=\"\" \/><\/a>\n<h4 class=\"pt-cv-title\"><a href=\"https:\/\/blogsaverroes.juntadeandalucia.es\/cepguadix\/2025\/05\/30\/creacion-de-un-banco-de-recursos-para-trabajar-la-competencia-matematica\/\" class=\"_self\" target=\"_self\" >CREACI\u00d3N DE UN BANCO DE RECURSOS PARA TRABAJAR LA COMPETENCIA MATEM\u00c1TICA<\/a><\/h4>\n<div class=\"pt-cv-content\">Centro: CEIP Crist\u00f3bal de Arce Localidad: La Peza Etapa: Infantil y Primaria DESCRIPCI\u00d3N: A lo largo de estos meses el ...<br \/><div class=\"pt-cv-rmwrap\"><a href=\"https:\/\/blogsaverroes.juntadeandalucia.es\/cepguadix\/2025\/05\/30\/creacion-de-un-banco-de-recursos-para-trabajar-la-competencia-matematica\/\" class=\"_self pt-cv-readmore btn btn-success\" target=\"_self\">Leer M\u00e1s<\/a><\/div><\/div><\/div><\/div>\n<div class=\"col-md-6 col-sm-6 col-xs-12 pt-cv-content-item pt-cv-1-col\" ><div class='pt-cv-ifield'><a href=\"https:\/\/blogsaverroes.juntadeandalucia.es\/cepguadix\/2025\/05\/30\/somos-ecoinfluencers\/\" class=\"_self pt-cv-href-thumbnail pt-cv-thumb-default\" target=\"_self\" ><img loading=\"lazy\" decoding=\"async\" width=\"150\" height=\"150\" src=\"https:\/\/blogsaverroes.juntadeandalucia.es\/cepguadix\/files\/2025\/06\/ICONO-CIENTIFICO-TECNOLOGICO.png\" class=\"pt-cv-thumbnail\" alt=\"\" \/><\/a>\n<h4 class=\"pt-cv-title\"><a href=\"https:\/\/blogsaverroes.juntadeandalucia.es\/cepguadix\/2025\/05\/30\/somos-ecoinfluencers\/\" class=\"_self\" target=\"_self\" >SOMOS ECOINFLUENCERS<\/a><\/h4>\n<div class=\"pt-cv-content\">Centro: IES Ribera del Fardes Localidad: Purullena Etapa: Secundaria DESCRIPCI\u00d3N: En el presente GT se plantea continuar con la realizaci\u00f3n ...<br \/><div class=\"pt-cv-rmwrap\"><a href=\"https:\/\/blogsaverroes.juntadeandalucia.es\/cepguadix\/2025\/05\/30\/somos-ecoinfluencers\/\" class=\"_self pt-cv-readmore btn btn-success\" target=\"_self\">Leer M\u00e1s<\/a><\/div><\/div><\/div><\/div>\n<div class=\"col-md-6 col-sm-6 col-xs-12 pt-cv-content-item pt-cv-1-col\" ><div class='pt-cv-ifield'><a href=\"https:\/\/blogsaverroes.juntadeandalucia.es\/cepguadix\/2025\/05\/30\/implementacion-y-seguimiento-de-las-instrucciones-de-razonamiento-matematico-en-el-ies-ribera-del-fardes\/\" class=\"_self pt-cv-href-thumbnail pt-cv-thumb-default\" target=\"_self\" ><img loading=\"lazy\" decoding=\"async\" width=\"150\" height=\"150\" src=\"https:\/\/blogsaverroes.juntadeandalucia.es\/cepguadix\/files\/2025\/06\/ICONO-CIENTIFICO-TECNOLOGICO.png\" class=\"pt-cv-thumbnail\" alt=\"\" \/><\/a>\n<h4 class=\"pt-cv-title\"><a href=\"https:\/\/blogsaverroes.juntadeandalucia.es\/cepguadix\/2025\/05\/30\/implementacion-y-seguimiento-de-las-instrucciones-de-razonamiento-matematico-en-el-ies-ribera-del-fardes\/\" class=\"_self\" target=\"_self\" >IMPLEMENTACI\u00d3N Y SEGUIMIENTO DE LAS INSTRUCCIONES DE RAZONAMIENTO MATEM\u00c1TICO EN EL IES RIBERA DEL FARDES<\/a><\/h4>\n<div class=\"pt-cv-content\">Centro: IES Ribera del Fardes Localidad: Purullena Etapa: Secundaria DESCRIPCI\u00d3N: Este curso 2024- 2025 se ha implementado por primer a\u00f1o ...<br \/><div class=\"pt-cv-rmwrap\"><a href=\"https:\/\/blogsaverroes.juntadeandalucia.es\/cepguadix\/2025\/05\/30\/implementacion-y-seguimiento-de-las-instrucciones-de-razonamiento-matematico-en-el-ies-ribera-del-fardes\/\" class=\"_self pt-cv-readmore btn btn-success\" target=\"_self\">Leer M\u00e1s<\/a><\/div><\/div><\/div><\/div>\n<div class=\"col-md-6 col-sm-6 col-xs-12 pt-cv-content-item pt-cv-1-col\" ><div class='pt-cv-ifield'><a href=\"https:\/\/blogsaverroes.juntadeandalucia.es\/cepguadix\/2025\/05\/29\/interdisciplinariedad-en-el-cpr-zalabi\/\" class=\"_self pt-cv-href-thumbnail pt-cv-thumb-default\" target=\"_self\" ><img loading=\"lazy\" decoding=\"async\" width=\"150\" height=\"150\" src=\"https:\/\/blogsaverroes.juntadeandalucia.es\/cepguadix\/files\/2025\/06\/ICONO-CIENTIFICO-TECNOLOGICO.png\" class=\"pt-cv-thumbnail\" alt=\"\" \/><\/a>\n<h4 class=\"pt-cv-title\"><a href=\"https:\/\/blogsaverroes.juntadeandalucia.es\/cepguadix\/2025\/05\/29\/interdisciplinariedad-en-el-cpr-zalabi\/\" class=\"_self\" target=\"_self\" >INTERDISCIPLINARIEDAD EN EL CPR ZALAB\u00cd<\/a><\/h4>\n<div class=\"pt-cv-content\">Centro: CPR Zalab\u00ed Localidad: Valle del Zalab\u00ed Etapa: Educaci\u00f3n Infantil y Primaria DESCRIPCI\u00d3N: Desde hace ya varios cursos, en nuestro ...<br \/><div class=\"pt-cv-rmwrap\"><a href=\"https:\/\/blogsaverroes.juntadeandalucia.es\/cepguadix\/2025\/05\/29\/interdisciplinariedad-en-el-cpr-zalabi\/\" class=\"_self pt-cv-readmore btn btn-success\" target=\"_self\">Leer M\u00e1s<\/a><\/div><\/div><\/div><\/div>\n<div class=\"col-md-6 col-sm-6 col-xs-12 pt-cv-content-item pt-cv-1-col\" ><div class='pt-cv-ifield'><a href=\"https:\/\/blogsaverroes.juntadeandalucia.es\/cepguadix\/2025\/05\/29\/matematicas-en-educacion-infantil\/\" class=\"_self pt-cv-href-thumbnail pt-cv-thumb-default\" target=\"_self\" ><img loading=\"lazy\" decoding=\"async\" width=\"150\" height=\"150\" src=\"https:\/\/blogsaverroes.juntadeandalucia.es\/cepguadix\/files\/2025\/06\/ICONO-CIENTIFICO-TECNOLOGICO.png\" class=\"pt-cv-thumbnail\" alt=\"\" \/><\/a>\n<h4 class=\"pt-cv-title\"><a href=\"https:\/\/blogsaverroes.juntadeandalucia.es\/cepguadix\/2025\/05\/29\/matematicas-en-educacion-infantil\/\" class=\"_self\" target=\"_self\" >MATEM\u00c1TICAS EN EDUCACI\u00d3N INFANTIL<\/a><\/h4>\n<div class=\"pt-cv-content\">Centro: CPR Zalab\u00ed Localidad: Valle del Zalab\u00ed Etapa: Educaci\u00f3n Infantil DESCRIPCI\u00d3N: Somos un grupo de docentes especialistas en Educaci\u00f3n Infantil ...<br \/><div class=\"pt-cv-rmwrap\"><a href=\"https:\/\/blogsaverroes.juntadeandalucia.es\/cepguadix\/2025\/05\/29\/matematicas-en-educacion-infantil\/\" class=\"_self pt-cv-readmore btn btn-success\" target=\"_self\">Leer M\u00e1s<\/a><\/div><\/div><\/div><\/div>\n<div class=\"col-md-6 col-sm-6 col-xs-12 pt-cv-content-item pt-cv-1-col\" ><div class='pt-cv-ifield'><a href=\"https:\/\/blogsaverroes.juntadeandalucia.es\/cepguadix\/2025\/05\/28\/sistema-aumentativo-y-alternativo-de-comunicacion-saac-en-el-centro\/\" class=\"_self pt-cv-href-thumbnail pt-cv-thumb-default\" target=\"_self\" ><img loading=\"lazy\" decoding=\"async\" width=\"150\" height=\"150\" src=\"https:\/\/blogsaverroes.juntadeandalucia.es\/cepguadix\/files\/2025\/06\/ICONO-CIENTIFICO-TECNOLOGICO.png\" class=\"pt-cv-thumbnail\" alt=\"\" \/><\/a>\n<h4 class=\"pt-cv-title\"><a href=\"https:\/\/blogsaverroes.juntadeandalucia.es\/cepguadix\/2025\/05\/28\/sistema-aumentativo-y-alternativo-de-comunicacion-saac-en-el-centro\/\" class=\"_self\" target=\"_self\" >SISTEMA AUMENTATIVO Y ALTERNATIVO DE COMUNICACI\u00d3N (SAAC) EN EL CENTRO<\/a><\/h4>\n<div class=\"pt-cv-content\">Centro: CEIP Medina Olmos Localidad: Guadix Etapa: Primaria DESCRIPCI\u00d3N: El CEIP Medina Olmos es un centro con dos aulas de ...<br \/><div class=\"pt-cv-rmwrap\"><a href=\"https:\/\/blogsaverroes.juntadeandalucia.es\/cepguadix\/2025\/05\/28\/sistema-aumentativo-y-alternativo-de-comunicacion-saac-en-el-centro\/\" class=\"_self pt-cv-readmore btn btn-success\" target=\"_self\">Leer M\u00e1s<\/a><\/div><\/div><\/div><\/div>\n<div class=\"col-md-6 col-sm-6 col-xs-12 pt-cv-content-item pt-cv-1-col\" ><div class='pt-cv-ifield'><a href=\"https:\/\/blogsaverroes.juntadeandalucia.es\/cepguadix\/2025\/05\/28\/ciencia-para-todos\/\" class=\"_self pt-cv-href-thumbnail pt-cv-thumb-default\" target=\"_self\" ><img loading=\"lazy\" decoding=\"async\" width=\"150\" height=\"150\" src=\"https:\/\/blogsaverroes.juntadeandalucia.es\/cepguadix\/files\/2025\/06\/ICONO-CIENTIFICO-TECNOLOGICO.png\" class=\"pt-cv-thumbnail\" alt=\"\" \/><\/a>\n<h4 class=\"pt-cv-title\"><a href=\"https:\/\/blogsaverroes.juntadeandalucia.es\/cepguadix\/2025\/05\/28\/ciencia-para-todos\/\" class=\"_self\" target=\"_self\" >CIENCIA PARA TODOS<\/a><\/h4>\n<div class=\"pt-cv-content\">Centro: IES Acci Localidad: Guadix Etapa: Secundaria y Bachillerato DESCRIPCI\u00d3N: Dentro del Grupo de Trabajo: \u201cCiencia para todos\u201d se han ...<br \/><div class=\"pt-cv-rmwrap\"><a href=\"https:\/\/blogsaverroes.juntadeandalucia.es\/cepguadix\/2025\/05\/28\/ciencia-para-todos\/\" class=\"_self pt-cv-readmore btn btn-success\" target=\"_self\">Leer M\u00e1s<\/a><\/div><\/div><\/div><\/div><\/div><\/div>\n<div class=\" pt-cv-pagination-wrapper\"><ul class=\"pt-cv-pagination pt-cv-ajax pagination\" data-totalpages=\"2\" data-currentpage=\"1\" data-sid=\"0855e7b8py\" data-unid=\"\" data-isblock=\"\" data-postid=\"\"><li class=\"active\"><a href=\"#\">1<\/a><\/li>\n\t<li ><a class=\"\" href=\"https:\/\/blogsaverroes.juntadeandalucia.es\/cepguadix\/wp-json\/wp\/v2\/pages\/452\/?_page=2\">2<\/a><\/li>\n\t<li ><a class=\" \" href=\"https:\/\/blogsaverroes.juntadeandalucia.es\/cepguadix\/wp-json\/wp\/v2\/pages\/452\/?_page=2\">&rsaquo;<\/a><\/li>\n\t<\/ul><img loading=\"lazy\" decoding=\"async\" width=\"15\" height=\"15\" class=\"pt-cv-spinner\" alt=\"Cargando...\" src=\"data:image\/gif;base64,R0lGODlhDwAPALMPAMrKygwMDJOTkz09PZWVla+vr3p6euTk5M7OzuXl5TMzMwAAAJmZmWZmZszMzP\/\/\/yH\/C05FVFNDQVBFMi4wAwEAAAAh+QQFCgAPACwAAAAADwAPAAAEQvDJaZaZOIcV8iQK8VRX4iTYoAwZ4iCYoAjZ4RxejhVNoT+mRGP4cyF4Pp0N98sBGIBMEMOotl6YZ3S61Bmbkm4mAgAh+QQFCgAPACwAAAAADQANAAAENPDJSRSZeA418itN8QiK8BiLITVsFiyBBIoYqnoewAD4xPw9iY4XLGYSjkQR4UAUD45DLwIAIfkEBQoADwAsAAAAAA8ACQAABC\/wyVlamTi3nSdgwFNdhEJgTJoNyoB9ISYoQmdjiZPcj7EYCAeCF1gEDo4Dz2eIAAAh+QQFCgAPACwCAAAADQANAAAEM\/DJBxiYeLKdX3IJZT1FU0iIg2RNKx3OkZVnZ98ToRD4MyiDnkAh6BkNC0MvsAj0kMpHBAAh+QQFCgAPACwGAAAACQAPAAAEMDC59KpFDll73HkAA2wVY5KgiK5b0RRoI6MuzG6EQqCDMlSGheEhUAgqgUUAFRySIgAh+QQFCgAPACwCAAIADQANAAAEM\/DJKZNLND\/kkKaHc3xk+QAMYDKsiaqmZCxGVjSFFCxB1vwy2oOgIDxuucxAMTAJFAJNBAAh+QQFCgAPACwAAAYADwAJAAAEMNAs86q1yaWwwv2Ig0jUZx3OYa4XoRAfwADXoAwfo1+CIjyFRuEho60aSNYlOPxEAAAh+QQFCgAPACwAAAIADQANAAAENPA9s4y8+IUVcqaWJ4qEQozSoAzoIyhCK2NFU2SJk0hNnyEOhKR2AzAAj4Pj4GE4W0bkJQIAOw==\" \/><div class=\"clear pt-cv-clear-pagination\"><\/div><\/div><\/div>\n","protected":false},"excerpt":{"rendered":"","protected":false},"author":5139,"featured_media":0,"parent":0,"menu_order":0,"comment_status":"closed","ping_status":"closed","template":"","meta":{"ngg_post_thumbnail":0,"footnotes":""},"aioseo_notices":[],"_links":{"self":[{"href":"https:\/\/blogsaverroes.juntadeandalucia.es\/cepguadix\/wp-json\/wp\/v2\/pages\/452"}],"collection":[{"href":"https:\/\/blogsaverroes.juntadeandalucia.es\/cepguadix\/wp-json\/wp\/v2\/pages"}],"about":[{"href":"https:\/\/blogsaverroes.juntadeandalucia.es\/cepguadix\/wp-json\/wp\/v2\/types\/page"}],"author":[{"embeddable":true,"href":"https:\/\/blogsaverroes.juntadeandalucia.es\/cepguadix\/wp-json\/wp\/v2\/users\/5139"}],"replies":[{"embeddable":true,"href":"https:\/\/blogsaverroes.juntadeandalucia.es\/cepguadix\/wp-json\/wp\/v2\/comments?post=452"}],"version-history":[{"count":1,"href":"https:\/\/blogsaverroes.juntadeandalucia.es\/cepguadix\/wp-json\/wp\/v2\/pages\/452\/revisions"}],"predecessor-version":[{"id":453,"href":"https:\/\/blogsaverroes.juntadeandalucia.es\/cepguadix\/wp-json\/wp\/v2\/pages\/452\/revisions\/453"}],"wp:attachment":[{"href":"https:\/\/blogsaverroes.juntadeandalucia.es\/cepguadix\/wp-json\/wp\/v2\/media?parent=452"}],"curies":[{"name":"wp","href":"https:\/\/api.w.org\/{rel}","templated":true}]}}