{"id":770,"date":"2024-01-21T19:18:09","date_gmt":"2024-01-21T18:18:09","guid":{"rendered":"https:\/\/blogsaverroes.juntadeandalucia.es\/cepmotril\/?page_id=770"},"modified":"2024-01-24T11:40:49","modified_gmt":"2024-01-24T10:40:49","slug":"nuestro-proyecto","status":"publish","type":"page","link":"https:\/\/blogsaverroes.juntadeandalucia.es\/cepmotril\/?page_id=770","title":{"rendered":"Nuestro Proyecto"},"content":{"rendered":"<p>&nbsp;<\/p>\n<p style=\"text-align: center\"><strong><img decoding=\"async\" class=\"alignnone size-medium wp-image-801\" src=\"https:\/\/blogsaverroes.juntadeandalucia.es\/cepmotril\/files\/2024\/01\/WhatsApp-Image-2024-01-20-at-12.27.06-3-300x73.jpeg\" alt=\"\" width=\"300\" height=\"73\"><\/strong><\/p>\n<p style=\"text-align: center\"><strong>OS PRESENTAMOS UN RESUMEN DE NUESTRO PROYECTOR ERASMUS<\/strong><\/p>\n<p style=\"text-align: center\"><img decoding=\"async\" class=\"wp-image-781 aligncenter\" src=\"https:\/\/blogsaverroes.juntadeandalucia.es\/cepmotril\/files\/2024\/01\/Captura-de-Pantalla-2024-01-21-a-las-19.28.01-300x120.png\" alt=\"\" width=\"258\" height=\"103\"><\/p>\n<p><img fetchpriority=\"high\" fetchpriority=\"high\" decoding=\"async\" class=\" wp-image-780 aligncenter\" src=\"https:\/\/blogsaverroes.juntadeandalucia.es\/cepmotril\/files\/2024\/01\/Captura-de-Pantalla-2024-01-21-a-las-19.28.15-300x184.png\" alt=\"\" width=\"339\" height=\"208\"><\/p>\n<p style=\"text-align: center\">Os dejamos tambi\u00e9n un enlace a un espacio web que hemos creado al respecto, para fomentar la difusi\u00f3n del mismo:<\/p>\n<p style=\"text-align: center\"><a href=\"https:\/\/shorturl.at\/mNPU0\">https:\/\/shorturl.at\/mNPU0<\/a><\/p>\n<p style=\"text-align: center\">Se ha organizado entorno a tres visitas de obserbaci\u00f3n &#8220;JOB SHADOWING&#8221;, y tres cursos de formaci\u00f3n estructurados.<\/p>\n<div class=\"oKdM2c ZZyype Kzv0Me\">\n<div id=\"h.25d61a0a74f2336a_33\" class=\"hJDwNd-AhqUyc-OwsYgb Ft7HRd-AhqUyc-OwsYgb jXK9ad D2fZ2 zu5uec OjCsFc dmUFtb\">\n<div class=\"jXK9ad-SmKAyb\">\n<div class=\"tyJCtd mGzaTb Depvyb baZpAe\">\n<div>&nbsp;<\/div>\n<div class=\"CjVfdc\" style=\"text-align: center\"><strong><span class=\"puwcIf C9DxTc \">JOBSHADOWING 1:&nbsp;<\/span><\/strong><\/div>\n<div id=\"h.5epwh7um25ac\" class=\"Ap4VC yMxPgf aP9Z7e\">&nbsp;<\/div>\n<div class=\"CjVfdc\" style=\"text-align: center\"><strong><span class=\"puwcIf C9DxTc \">ACADEMIA DE NUEVA AQUITANIA (BURDEOS, FRANCIA)<\/span><\/strong><\/div>\n<\/div>\n<\/div>\n<\/div>\n<\/div>\n<div class=\"oKdM2c ZZyype\" style=\"text-align: center\">\n<div id=\"h.25d61a0a74f2336a_35\" class=\"hJDwNd-AhqUyc-OwsYgb Ft7HRd-AhqUyc-OwsYgb jXK9ad D2fZ2 zu5uec wHaque g5GTcb\">\n<div class=\"jXK9ad-SmKAyb\">\n<div class=\"tyJCtd mGzaTb Depvyb baZpAe\">\n<p class=\"zfr3Q CDt4Ke \" dir=\"ltr\"><span class=\"C9DxTc \">En Burdeos nuestro anfitri\u00f3n fue la Academia de Nueva Aquitania, el equivalente a la nuestra Consejer\u00eda de Desarrollo Educativo y Formaci\u00f3n Profesional.<\/span><\/p>\n<p class=\"zfr3Q CDt4Ke \" dir=\"ltr\"><span class=\"C9DxTc \">Movilidad organizada con el servicio de inspecci\u00f3n y de proyectos europeos de la Academia, pudimos conocer de modo directo distintos colegios de primaria y secundaria:&nbsp; \u00e9l\u00e9mentaire, college, lyc\u00e9e y lyc\u00e9e profesionnel.<\/span><\/p>\n<p class=\"zfr3Q CDt4Ke \" dir=\"ltr\"><span class=\"C9DxTc \">Adem\u00e1s de recibir una formaci\u00f3n sobre el sistema educativo franc\u00e9s pudimos visitar distintos centros con proyectos de innovaci\u00f3n para la lucha contra el abandono escolar.<\/span><\/p>\n<\/div>\n<\/div>\n<\/div>\n<\/div>\n<section id=\"h.25d61a0a74f2336a_37\" class=\"yaqOZd cJgDec nyKByd\">\n<div class=\"mYVXT\">\n<div class=\"LS81yb VICjCf j5pSsc db35Fc\">\n<div class=\"hJDwNd-AhqUyc-OwsYgb Ft7HRd-AhqUyc-OwsYgb purZT-AhqUyc-II5mzb ZcASvf-AhqUyc-II5mzb pSzOP-AhqUyc-qWD73c Ktthjf-AhqUyc-qWD73c JNdkSc SQVYQc yYI8W HQwdzb\">\n<div class=\"JNdkSc-SmKAyb LkDMRd\">\n<div>&nbsp;<\/div>\n<div class=\"\">\n<div class=\"oKdM2c ZZyype Kzv0Me\">\n<div id=\"h.25d61a0a74f2336a_43\" class=\"hJDwNd-AhqUyc-OwsYgb Ft7HRd-AhqUyc-OwsYgb jXK9ad D2fZ2 zu5uec OjCsFc dmUFtb\">\n<div class=\"jXK9ad-SmKAyb\">\n<div class=\"tyJCtd mGzaTb Depvyb baZpAe\">\n<div style=\"text-align: center\">\n<div style=\"width: 1080px;\" class=\"wp-video\"><!--[if lt IE 9]><script>document.createElement('video');<\/script><![endif]-->\n<video class=\"wp-video-shortcode\" id=\"video-770-1\" width=\"1080\" height=\"608\" preload=\"metadata\" controls=\"controls\"><source type=\"video\/mp4\" src=\"https:\/\/blogsaverroes.juntadeandalucia.es\/cepmotril\/files\/2024\/01\/Bourdeux.mp4?_=1\" \/><a href=\"https:\/\/blogsaverroes.juntadeandalucia.es\/cepmotril\/files\/2024\/01\/Bourdeux.mp4\">https:\/\/blogsaverroes.juntadeandalucia.es\/cepmotril\/files\/2024\/01\/Bourdeux.mp4<\/a><\/video><\/div>\n<\/div>\n<div style=\"text-align: center\">&nbsp;<\/div>\n<div class=\"CjVfdc\" style=\"text-align: center\"><strong><span class=\"puwcIf C9DxTc \">JOBSHADOWING&nbsp;<\/span><span class=\"puwcIf C9DxTc \">2<\/span><span class=\"puwcIf C9DxTc \">:<\/span><\/strong><\/div>\n<div id=\"h.g4sq8u6npzqu\" class=\"Ap4VC yMxPgf aP9Z7e\" style=\"text-align: center\">&nbsp;<\/div>\n<div class=\"CjVfdc\" style=\"text-align: center\"><strong><span class=\"puwcIf C9DxTc \">LANDESINSTITUT F\u00dcR P\u00c4DAGOGIK&nbsp;<\/span><span class=\"puwcIf C9DxTc \">(SAARBR\u00dcCKEN, ALEMANIA)<\/span><\/strong><\/div>\n<\/div>\n<\/div>\n<\/div>\n<\/div>\n<div class=\"oKdM2c ZZyype\" style=\"text-align: center\">\n<div id=\"h.25d61a0a74f2336a_45\" class=\"hJDwNd-AhqUyc-OwsYgb Ft7HRd-AhqUyc-OwsYgb jXK9ad D2fZ2 zu5uec wHaque g5GTcb\">\n<div class=\"jXK9ad-SmKAyb\">\n<div class=\"tyJCtd mGzaTb Depvyb baZpAe\">\n<p class=\"zfr3Q CDt4Ke \" dir=\"ltr\"><span class=\"C9DxTc \">En&nbsp;<\/span><span class=\"C9DxTc \">Saarbr\u00fccken&nbsp;<\/span><span class=\"C9DxTc \">nuestro&nbsp;<\/span><span class=\"C9DxTc \">enlace&nbsp;<\/span><span class=\"C9DxTc \">fue el equivalente al<\/span><span class=\"C9DxTc \"> Centro de Formaci\u00f3n del Profesorado en el L\u00e4nder del Sarre<\/span><span class=\"C9DxTc \">&nbsp;nuestra Consejer\u00eda de Desarrollo Educativo y Formaci\u00f3n Profesional.<\/span><\/p>\n<p class=\"zfr3Q CDt4Ke \" dir=\"ltr\"><span class=\"C9DxTc \">Tuvimos oportunidad de conocer el modelo de formaci\u00f3n alem\u00e1n, distintos proyectos: atenci\u00f3n alumnado inmigrante y proyectos NEAE. Por supuesto pudimos tomar contacto directo con centros educativos de la zona, con visitas a los centros interactuando con equipos directivos, profesorado y alumnado.<\/span><\/p>\n<\/div>\n<\/div>\n<\/div>\n<\/div>\n<\/div>\n<\/div>\n<\/div>\n<\/div>\n<\/div>\n<\/section>\n<div class=\"IFuOkc\" style=\"text-align: center\">\n<div style=\"width: 1080px;\" class=\"wp-video\"><video class=\"wp-video-shortcode\" id=\"video-770-2\" width=\"1080\" height=\"608\" preload=\"metadata\" controls=\"controls\"><source type=\"video\/mp4\" src=\"https:\/\/blogsaverroes.juntadeandalucia.es\/cepmotril\/files\/2024\/01\/Alemania.mp4?_=2\" \/><a href=\"https:\/\/blogsaverroes.juntadeandalucia.es\/cepmotril\/files\/2024\/01\/Alemania.mp4\">https:\/\/blogsaverroes.juntadeandalucia.es\/cepmotril\/files\/2024\/01\/Alemania.mp4<\/a><\/video><\/div>\n<\/div>\n<div style=\"text-align: center\">&nbsp;<\/div>\n<section id=\"h.1ae4a8553671b9b5_10\" class=\"yaqOZd WxWicb\">\n<div class=\"mYVXT\">\n<div class=\"LS81yb VICjCf j5pSsc db35Fc\">\n<div class=\"hJDwNd-AhqUyc-uQSCkd Ft7HRd-AhqUyc-uQSCkd purZT-AhqUyc-II5mzb ZcASvf-AhqUyc-II5mzb pSzOP-AhqUyc-qWD73c Ktthjf-AhqUyc-qWD73c JNdkSc SQVYQc\">\n<div class=\"JNdkSc-SmKAyb LkDMRd\">\n<div class=\"\">\n<div class=\"oKdM2c ZZyype Kzv0Me\">\n<div id=\"h.1ae4a8553671b9b5_13\" class=\"hJDwNd-AhqUyc-uQSCkd Ft7HRd-AhqUyc-uQSCkd jXK9ad D2fZ2 zu5uec OjCsFc dmUFtb wHaque g5GTcb\">\n<div class=\"jXK9ad-SmKAyb\">\n<div class=\"tyJCtd baZpAe\">\n<div class=\"iwQgFb\" role=\"presentation\">&nbsp;<\/div>\n<\/div>\n<\/div>\n<\/div>\n<\/div>\n<\/div>\n<\/div>\n<\/div>\n<\/div>\n<\/div>\n<\/section>\n<section id=\"h.25d61a0a74f2336a_46\" class=\"yaqOZd cJgDec nyKByd\">\n<div class=\"mYVXT\">\n<div class=\"LS81yb VICjCf j5pSsc db35Fc\">\n<div class=\"hJDwNd-AhqUyc-OwsYgb Ft7HRd-AhqUyc-OwsYgb purZT-AhqUyc-II5mzb ZcASvf-AhqUyc-II5mzb pSzOP-AhqUyc-qWD73c Ktthjf-AhqUyc-qWD73c JNdkSc SQVYQc yYI8W HQwdzb\">\n<div class=\"JNdkSc-SmKAyb LkDMRd\">\n<div class=\"\">\n<div class=\"oKdM2c ZZyype Kzv0Me\" style=\"text-align: center\">\n<div id=\"h.1b63de9d098317d2_80\" class=\"hJDwNd-AhqUyc-OwsYgb Ft7HRd-AhqUyc-OwsYgb jXK9ad D2fZ2 zu5uec OjCsFc dmUFtb\">\n<div class=\"jXK9ad-SmKAyb\">\n<div class=\"tyJCtd mGzaTb Depvyb baZpAe\">\n<div class=\"CjVfdc\"><strong><span class=\"puwcIf C9DxTc \">JOBSHADOWING&nbsp;<\/span><span class=\"puwcIf C9DxTc \">3<\/span><span class=\"puwcIf C9DxTc \">:<\/span><\/strong><\/div>\n<div id=\"h.ip2dh7h5j4c2\" class=\"Ap4VC yMxPgf aP9Z7e\">&nbsp;<\/div>\n<div class=\"CjVfdc\"><strong><span class=\"puwcIf C9DxTc \">REGIONAL DIRECTORATE OF EDUCATION OF WESTERN GREECE (PATRAS, GRECIA)<\/span><\/strong><\/div>\n<\/div>\n<\/div>\n<\/div>\n<\/div>\n<div class=\"oKdM2c ZZyype\">\n<div id=\"h.25d61a0a74f2336a_54\" class=\"hJDwNd-AhqUyc-OwsYgb Ft7HRd-AhqUyc-OwsYgb jXK9ad D2fZ2 zu5uec wHaque g5GTcb\">\n<div class=\"jXK9ad-SmKAyb\">\n<div class=\"tyJCtd mGzaTb Depvyb baZpAe\">\n<p class=\"zfr3Q CDt4Ke \" dir=\"ltr\" style=\"text-align: center\"><span class=\"C9DxTc \">En Patras la movilidad se organiz\u00f3 en coordinaci\u00f3n con la responsable de proyectos europeos del directorio regional de educaci\u00f3n de la Grecia Occidental, de nuevo el equivalente a la nuestra consejer\u00eda. En el transcurso de la actividad de nuevo tuvimos oportunidad de trabajar a dos niveles:&nbsp;<\/span><\/p>\n<p class=\"zfr3Q CDt4Ke \" dir=\"ltr\" style=\"text-align: center\"><span class=\"C9DxTc \">&#8211; Con las instituciones responsables de la administraci\u00f3n educativa, en primaria y secundaria, inspectores y responsables de formaci\u00f3n.<\/span><\/p>\n<p class=\"zfr3Q CDt4Ke \" dir=\"ltr\" style=\"text-align: center\"><span class=\"C9DxTc \">&#8211; Contacto directo con centros educativos de educaci\u00f3n primaria y secundaria.<\/span><\/p>\n<\/div>\n<\/div>\n<\/div>\n<\/div>\n<\/div>\n<p dir=\"ltr\">&nbsp;<\/p>\n<div style=\"width: 1080px;\" class=\"wp-video\"><video class=\"wp-video-shortcode\" id=\"video-770-3\" width=\"1080\" height=\"608\" preload=\"metadata\" controls=\"controls\"><source type=\"video\/mp4\" src=\"https:\/\/blogsaverroes.juntadeandalucia.es\/cepmotril\/files\/2024\/01\/Grecia-1.mp4?_=3\" \/><a href=\"https:\/\/blogsaverroes.juntadeandalucia.es\/cepmotril\/files\/2024\/01\/Grecia-1.mp4\">https:\/\/blogsaverroes.juntadeandalucia.es\/cepmotril\/files\/2024\/01\/Grecia-1.mp4<\/a><\/video><\/div>\n<p dir=\"ltr\" style=\"text-align: center\"><strong>ACTIVIDAD FORMATIVA N\u00ba1.<\/strong><\/p>\n<p dir=\"ltr\" style=\"text-align: center\">Nuestro compa\u00f1ero Jose I\u00e1\u00f1ez asisti\u00f3 a un curso en Florencia, Italia, denominado:&nbsp;<\/p>\n<\/div>\n<div class=\"oKdM2c ZZyype Kzv0Me\">\n<div id=\"h.625b01aacb145fc9_36\" class=\"hJDwNd-AhqUyc-OwsYgb Ft7HRd-AhqUyc-OwsYgb jXK9ad D2fZ2 zu5uec OjCsFc dmUFtb\">\n<div class=\"jXK9ad-SmKAyb\">\n<div class=\"tyJCtd mGzaTb Depvyb baZpAe\">\n<div class=\"CjVfdc\" style=\"text-align: center\"><span class=\"puwcIf C9DxTc \">A SATISFYING SCHOOL EXPERIENCE:&nbsp;<\/span>STRATEGIES AND SKILLS FOR TEACHERS&nbsp;<span class=\"puwcIf C9DxTc \">EUROPASS &#8211; TEACHER ACADEMY,&nbsp;<\/span><span class=\"puwcIf C9DxTc \">FLORENCIA<\/span><\/div>\n<div>&nbsp;<\/div>\n<\/div>\n<\/div>\n<\/div>\n<\/div>\n<p dir=\"ltr\"><img loading=\"lazy\" loading=\"lazy\" decoding=\"async\" class=\"size-medium wp-image-808 aligncenter\" src=\"https:\/\/blogsaverroes.juntadeandalucia.es\/cepmotril\/files\/2024\/01\/Captura-de-Pantalla-2024-01-21-a-las-21.15.02-230x300.png\" alt=\"\" width=\"230\" height=\"300\" srcset=\"https:\/\/blogsaverroes.juntadeandalucia.es\/cepmotril\/files\/2024\/01\/Captura-de-Pantalla-2024-01-21-a-las-21.15.02-230x300.png 230w, https:\/\/blogsaverroes.juntadeandalucia.es\/cepmotril\/files\/2024\/01\/Captura-de-Pantalla-2024-01-21-a-las-21.15.02.png 444w\" sizes=\"(max-width: 230px) 100vw, 230px\" \/>&nbsp;<\/p>\n<p dir=\"ltr\"><img loading=\"lazy\" loading=\"lazy\" decoding=\"async\" class=\"size-medium wp-image-809 aligncenter\" src=\"https:\/\/blogsaverroes.juntadeandalucia.es\/cepmotril\/files\/2024\/01\/Captura-de-Pantalla-2024-01-21-a-las-21.15.11-300x222.png\" alt=\"\" width=\"300\" height=\"222\"><\/p>\n<p dir=\"ltr\" style=\"text-align: center\"><strong>ACTIVIDAD FORMATIVA N\u00ba2.<\/strong><\/p>\n<p dir=\"ltr\" style=\"text-align: center\">Nuestro compa\u00f1ero Javier Mesa asisti\u00f3 a un curso en Santorini, Grecia, &nbsp;llamado:<\/p>\n<p dir=\"ltr\" style=\"text-align: center\"><span class=\"puwcIf C9DxTc \">WEBSITE THAT TELLS A STORY: A PROJECT WEBSITE SETUP<\/span><span class=\"puwcIf C9DxTc \">&nbsp;,&nbsp;<\/span>PRICALICA ACADEMY! SANTORINI<\/p>\n<\/div>\n<div style=\"width: 720px;\" class=\"wp-video\"><video class=\"wp-video-shortcode\" id=\"video-770-4\" width=\"720\" height=\"1280\" preload=\"metadata\" controls=\"controls\"><source type=\"video\/mp4\" src=\"https:\/\/blogsaverroes.juntadeandalucia.es\/cepmotril\/files\/2024\/01\/Curso-en-Santorini.mp4?_=4\" \/><a href=\"https:\/\/blogsaverroes.juntadeandalucia.es\/cepmotril\/files\/2024\/01\/Curso-en-Santorini.mp4\">https:\/\/blogsaverroes.juntadeandalucia.es\/cepmotril\/files\/2024\/01\/Curso-en-Santorini.mp4<\/a><\/video><\/div>\n<div class=\"hJDwNd-AhqUyc-OwsYgb Ft7HRd-AhqUyc-OwsYgb purZT-AhqUyc-II5mzb ZcASvf-AhqUyc-II5mzb pSzOP-AhqUyc-qWD73c Ktthjf-AhqUyc-qWD73c JNdkSc SQVYQc yYI8W HQwdzb\">\n<p dir=\"ltr\">&nbsp;<\/p>\n<p dir=\"ltr\" style=\"text-align: center\"><strong>ACTIVIDAD FORMATIVA N\u00ba3.<\/strong><\/p>\n<p dir=\"ltr\" style=\"text-align: center\">Nuestro compa\u00f1ero Jose Miguel Fern\u00e1ndez asisti\u00f3 a un curso en Oporto, Portugal, llamado:<\/p>\n<div class=\"oKdM2c ZZyype Kzv0Me\">\n<div id=\"h.625b01aacb145fc9_53\" class=\"hJDwNd-AhqUyc-qWD73c Ft7HRd-AhqUyc-qWD73c jXK9ad D2fZ2 zu5uec OjCsFc dmUFtb\">\n<div class=\"jXK9ad-SmKAyb\">\n<div class=\"tyJCtd mGzaTb Depvyb baZpAe\">\n<div class=\"CjVfdc\" style=\"text-align: center\"><span class=\"puwcIf C9DxTc \">IN ENGLISSH, PELASE!<\/span><span class=\"puwcIf C9DxTc \"> (OPORTO, PORTUGAL)<\/span>LEARNING TOGETHER! OPORTO&nbsp;<\/div>\n<\/div>\n<\/div>\n<div>&nbsp;<\/div>\n<\/div>\n<\/div>\n<\/div>\n<div style=\"width: 1080px;\" class=\"wp-video\"><video class=\"wp-video-shortcode\" id=\"video-770-5\" width=\"1080\" height=\"1080\" preload=\"metadata\" controls=\"controls\"><source type=\"video\/mp4\" src=\"https:\/\/blogsaverroes.juntadeandalucia.es\/cepmotril\/files\/2024\/01\/Bye-Bye-Porto-See-you-Formato-Cuadrado.mp4?_=5\" \/><a href=\"https:\/\/blogsaverroes.juntadeandalucia.es\/cepmotril\/files\/2024\/01\/Bye-Bye-Porto-See-you-Formato-Cuadrado.mp4\">https:\/\/blogsaverroes.juntadeandalucia.es\/cepmotril\/files\/2024\/01\/Bye-Bye-Porto-See-you-Formato-Cuadrado.mp4<\/a><\/video><\/div>\n<p dir=\"ltr\">&nbsp;<\/p>\n<\/div>\n<\/div>\n<\/section>\n","protected":false},"excerpt":{"rendered":"<p>&nbsp; OS PRESENTAMOS UN RESUMEN DE NUESTRO PROYECTOR ERASMUS Os dejamos tambi\u00e9n un enlace a un espacio web que hemos creado al respecto, para fomentar la difusi\u00f3n del mismo: https:\/\/shorturl.at\/mNPU0 Se ha organizado entorno a tres visitas de obserbaci\u00f3n &#8220;JOB SHADOWING&#8221;, y tres cursos de formaci\u00f3n estructurados. &nbsp; JOBSHADOWING 1:&nbsp; &nbsp; ACADEMIA DE NUEVA AQUITANIA [&hellip;]<\/p>\n","protected":false},"author":15224,"featured_media":0,"parent":0,"menu_order":0,"comment_status":"closed","ping_status":"closed","template":"","meta":{"_et_pb_use_builder":"","_et_pb_old_content":"","_et_gb_content_width":"","ngg_post_thumbnail":0,"footnotes":""},"aioseo_notices":[],"_links":{"self":[{"href":"https:\/\/blogsaverroes.juntadeandalucia.es\/cepmotril\/index.php?rest_route=\/wp\/v2\/pages\/770"}],"collection":[{"href":"https:\/\/blogsaverroes.juntadeandalucia.es\/cepmotril\/index.php?rest_route=\/wp\/v2\/pages"}],"about":[{"href":"https:\/\/blogsaverroes.juntadeandalucia.es\/cepmotril\/index.php?rest_route=\/wp\/v2\/types\/page"}],"author":[{"embeddable":true,"href":"https:\/\/blogsaverroes.juntadeandalucia.es\/cepmotril\/index.php?rest_route=\/wp\/v2\/users\/15224"}],"replies":[{"embeddable":true,"href":"https:\/\/blogsaverroes.juntadeandalucia.es\/cepmotril\/index.php?rest_route=%2Fwp%2Fv2%2Fcomments&post=770"}],"version-history":[{"count":10,"href":"https:\/\/blogsaverroes.juntadeandalucia.es\/cepmotril\/index.php?rest_route=\/wp\/v2\/pages\/770\/revisions"}],"predecessor-version":[{"id":821,"href":"https:\/\/blogsaverroes.juntadeandalucia.es\/cepmotril\/index.php?rest_route=\/wp\/v2\/pages\/770\/revisions\/821"}],"wp:attachment":[{"href":"https:\/\/blogsaverroes.juntadeandalucia.es\/cepmotril\/index.php?rest_route=%2Fwp%2Fv2%2Fmedia&parent=770"}],"curies":[{"name":"wp","href":"https:\/\/api.w.org\/{rel}","templated":true}]}}