{"id":41,"date":"2020-01-09T12:45:03","date_gmt":"2020-01-09T11:45:03","guid":{"rendered":"http:\/\/blogsaverroes.juntadeandalucia.es\/pre\/nuevoceip2v2\/?page_id=41"},"modified":"2025-03-11T13:37:13","modified_gmt":"2025-03-11T12:37:13","slug":"el-centro","status":"publish","type":"page","link":"https:\/\/blogsaverroes.juntadeandalucia.es\/ceprbuenavistasevilla\/el-centro\/","title":{"rendered":"El centro"},"content":{"rendered":"<p>[et_pb_section fb_built=&#8221;1&#8243; _builder_version=&#8221;4.16&#8243; global_colors_info=&#8221;{}&#8221;][et_pb_row _builder_version=&#8221;4.16&#8243; background_size=&#8221;initial&#8221; background_position=&#8221;top_left&#8221; background_repeat=&#8221;repeat&#8221; global_colors_info=&#8221;{}&#8221;][et_pb_column type=&#8221;4_4&#8243; _builder_version=&#8221;4.16&#8243; custom_padding=&#8221;|||&#8221; global_colors_info=&#8221;{}&#8221; custom_padding__hover=&#8221;|||&#8221;][et_pb_image src=&#8221;https:\/\/blogsaverroes.juntadeandalucia.es\/ceprbuenavistasevilla\/files\/2022\/08\/b9c1cbf1-a6b3-499e-8719-d908b19e2934.jpg&#8221; title_text=&#8221;b9c1cbf1-a6b3-499e-8719-d908b19e2934&#8243; admin_label=&#8221;Imagen de la portada&#8221; _builder_version=&#8221;4.16&#8243; z_index_tablet=&#8221;500&#8243; box_shadow_horizontal_tablet=&#8221;0px&#8221; box_shadow_vertical_tablet=&#8221;0px&#8221; box_shadow_blur_tablet=&#8221;40px&#8221; box_shadow_spread_tablet=&#8221;0px&#8221; global_colors_info=&#8221;{}&#8221;][\/et_pb_image][et_pb_text admin_label=&#8221;Texto descriptivo&#8221; _builder_version=&#8221;4.16&#8243; z_index_tablet=&#8221;500&#8243; text_text_shadow_horizontal_length_tablet=&#8221;0px&#8221; text_text_shadow_vertical_length_tablet=&#8221;0px&#8221; text_text_shadow_blur_strength_tablet=&#8221;1px&#8221; link_text_shadow_horizontal_length_tablet=&#8221;0px&#8221; link_text_shadow_vertical_length_tablet=&#8221;0px&#8221; link_text_shadow_blur_strength_tablet=&#8221;1px&#8221; ul_text_shadow_horizontal_length_tablet=&#8221;0px&#8221; ul_text_shadow_vertical_length_tablet=&#8221;0px&#8221; ul_text_shadow_blur_strength_tablet=&#8221;1px&#8221; ol_text_shadow_horizontal_length_tablet=&#8221;0px&#8221; ol_text_shadow_vertical_length_tablet=&#8221;0px&#8221; ol_text_shadow_blur_strength_tablet=&#8221;1px&#8221; quote_text_shadow_horizontal_length_tablet=&#8221;0px&#8221; quote_text_shadow_vertical_length_tablet=&#8221;0px&#8221; quote_text_shadow_blur_strength_tablet=&#8221;1px&#8221; header_text_shadow_horizontal_length_tablet=&#8221;0px&#8221; header_text_shadow_vertical_length_tablet=&#8221;0px&#8221; header_text_shadow_blur_strength_tablet=&#8221;1px&#8221; header_2_text_shadow_horizontal_length_tablet=&#8221;0px&#8221; header_2_text_shadow_vertical_length_tablet=&#8221;0px&#8221; header_2_text_shadow_blur_strength_tablet=&#8221;1px&#8221; header_3_text_shadow_horizontal_length_tablet=&#8221;0px&#8221; header_3_text_shadow_vertical_length_tablet=&#8221;0px&#8221; header_3_text_shadow_blur_strength_tablet=&#8221;1px&#8221; header_4_text_shadow_horizontal_length_tablet=&#8221;0px&#8221; header_4_text_shadow_vertical_length_tablet=&#8221;0px&#8221; header_4_text_shadow_blur_strength_tablet=&#8221;1px&#8221; header_5_text_shadow_horizontal_length_tablet=&#8221;0px&#8221; header_5_text_shadow_vertical_length_tablet=&#8221;0px&#8221; header_5_text_shadow_blur_strength_tablet=&#8221;1px&#8221; header_6_text_shadow_horizontal_length_tablet=&#8221;0px&#8221; header_6_text_shadow_vertical_length_tablet=&#8221;0px&#8221; header_6_text_shadow_blur_strength_tablet=&#8221;1px&#8221; box_shadow_horizontal_tablet=&#8221;0px&#8221; box_shadow_vertical_tablet=&#8221;0px&#8221; box_shadow_blur_tablet=&#8221;40px&#8221; box_shadow_spread_tablet=&#8221;0px&#8221; global_colors_info=&#8221;{}&#8221;]<\/p>\n<h2>Nuestra Historia<\/h2>\n<p>Nuestro centro se encuentra ubicado en el barrio de San Jer\u00f3nimo en la zona de Distrito Norte de la ciudad, entre el barrio de Pino Montano y el Cementerio de San Fernando. Est\u00e1 delimitado por localidades de la Vega del Guadalquivir (La Algaba, Santiponce o La Rinconada).<\/p>\n<p>Actualmente muy bien comunicado con la zona centro de Sevilla capital. Recibe su nombre del Monasterio del siglo XV con el que colindamos. Es un barrio que en la actualidad cuenta con muy variados y \u00f3ptimos recursos: biblioteca, Centro C\u00edvico, Centros Deportivos, Huertos ecol\u00f3gicos, parque de Col\u00f3n, Asociaci\u00f3n de Vecinos y otras instituciones que demuestran el compromiso y lucha constante de sus habitantes por conseguir mejorar la zona. Es un barrio que mantiene sus propias tradiciones muy arraigadas tales como: la Vel\u00e1 de San Jer\u00f3nimo en el mes de septiembre, la cabalgata de Reyes Magos el 6 de enero, Carnavales en el mes de febrero y procesi\u00f3n de Semana Santa el s\u00e1bado de pasi\u00f3n.<\/p>\n<p>A nivel de ense\u00f1anza, nuestro centro cuenta con dos l\u00edneas en todos los niveles de primaria, aunque es cierto que la escolarizaci\u00f3n ha disminuido en algunos cursos. Ofrecemos ense\u00f1anza de educaci\u00f3n primaria desde primero a sexto y seguimos luchando por ofrecer a nuestras familias todos los recursos posibles que hagan m\u00e1s f\u00e1cil la conciliaci\u00f3n familiar.<\/p>\n<p>[\/et_pb_text][\/et_pb_column][\/et_pb_row][et_pb_row column_structure=&#8221;1_3,1_3,1_3&#8243; _builder_version=&#8221;4.16&#8243; background_size=&#8221;initial&#8221; background_position=&#8221;top_left&#8221; background_repeat=&#8221;repeat&#8221; global_colors_info=&#8221;{}&#8221;][et_pb_column type=&#8221;1_3&#8243; _builder_version=&#8221;4.16&#8243; custom_padding=&#8221;|||&#8221; global_colors_info=&#8221;{}&#8221; custom_padding__hover=&#8221;|||&#8221;][et_pb_blurb title=&#8221;Innovaci\u00f3n&#8221; use_icon=&#8221;on&#8221; font_icon=&#8221;&#xe01c;||divi||400&#8243; image_icon_background_color=&#8221;#5d58ef&#8221; image_icon_width=&#8221;48px&#8221; admin_label=&#8221;Informaci\u00f3n innovaci\u00f3n (icono, titulo y texto)&#8221; _builder_version=&#8221;4.16&#8243; image_icon_custom_padding=&#8221;25px|25px|25px|25px|false|false&#8221; text_orientation=&#8221;center&#8221; z_index_tablet=&#8221;500&#8243; header_text_shadow_horizontal_length_tablet=&#8221;0px&#8221; header_text_shadow_vertical_length_tablet=&#8221;0px&#8221; header_text_shadow_blur_strength_tablet=&#8221;1px&#8221; body_text_shadow_horizontal_length_tablet=&#8221;0px&#8221; body_text_shadow_vertical_length_tablet=&#8221;0px&#8221; body_text_shadow_blur_strength_tablet=&#8221;1px&#8221; body_link_text_shadow_horizontal_length_tablet=&#8221;0px&#8221; body_link_text_shadow_vertical_length_tablet=&#8221;0px&#8221; body_link_text_shadow_blur_strength_tablet=&#8221;1px&#8221; body_ul_text_shadow_horizontal_length_tablet=&#8221;0px&#8221; body_ul_text_shadow_vertical_length_tablet=&#8221;0px&#8221; body_ul_text_shadow_blur_strength_tablet=&#8221;1px&#8221; body_ol_text_shadow_horizontal_length_tablet=&#8221;0px&#8221; body_ol_text_shadow_vertical_length_tablet=&#8221;0px&#8221; body_ol_text_shadow_blur_strength_tablet=&#8221;1px&#8221; body_quote_text_shadow_horizontal_length_tablet=&#8221;0px&#8221; body_quote_text_shadow_vertical_length_tablet=&#8221;0px&#8221; body_quote_text_shadow_blur_strength_tablet=&#8221;1px&#8221; border_radii_image=&#8221;on|100%|100%|100%|100%&#8221; box_shadow_horizontal_tablet=&#8221;0px&#8221; box_shadow_vertical_tablet=&#8221;0px&#8221; box_shadow_blur_tablet=&#8221;40px&#8221; box_shadow_spread_tablet=&#8221;0px&#8221; box_shadow_horizontal_image_tablet=&#8221;0px&#8221; box_shadow_vertical_image_tablet=&#8221;0px&#8221; box_shadow_blur_image_tablet=&#8221;40px&#8221; box_shadow_spread_image_tablet=&#8221;0px&#8221; text_shadow_horizontal_length_tablet=&#8221;0px&#8221; text_shadow_vertical_length_tablet=&#8221;0px&#8221; text_shadow_blur_strength_tablet=&#8221;1px&#8221; use_circle=&#8221;on&#8221; circle_color=&#8221;#5d58ef&#8221; global_colors_info=&#8221;{}&#8221; image_icon_background_color__sticky_enabled=&#8221;#241f59&#8243; image_icon_background_color__sticky=&#8221;#241f59&#8243;]<\/p>\n<p>Nuevas tecnolog\u00edas en el centro<\/p>\n<p>[\/et_pb_blurb][\/et_pb_column][et_pb_column type=&#8221;1_3&#8243; _builder_version=&#8221;4.16&#8243; custom_padding=&#8221;|||&#8221; global_colors_info=&#8221;{}&#8221; custom_padding__hover=&#8221;|||&#8221;][et_pb_blurb title=&#8221;centro impulsor de paz&#8221; use_icon=&#8221;on&#8221; font_icon=&#8221;&#xf209;||fa||400&#8243; image_icon_background_color=&#8221;#ff236c&#8221; image_icon_width=&#8221;48px&#8221; admin_label=&#8221;Informaci\u00f3n centro biling\u00fce (icono, titulo y texto)&#8221; _builder_version=&#8221;4.16&#8243; image_icon_custom_padding=&#8221;25px|25px|25px|25px|false|false&#8221; text_orientation=&#8221;center&#8221; z_index_tablet=&#8221;500&#8243; header_text_shadow_horizontal_length_tablet=&#8221;0px&#8221; header_text_shadow_vertical_length_tablet=&#8221;0px&#8221; header_text_shadow_blur_strength_tablet=&#8221;1px&#8221; body_text_shadow_horizontal_length_tablet=&#8221;0px&#8221; body_text_shadow_vertical_length_tablet=&#8221;0px&#8221; body_text_shadow_blur_strength_tablet=&#8221;1px&#8221; body_link_text_shadow_horizontal_length_tablet=&#8221;0px&#8221; body_link_text_shadow_vertical_length_tablet=&#8221;0px&#8221; body_link_text_shadow_blur_strength_tablet=&#8221;1px&#8221; body_ul_text_shadow_horizontal_length_tablet=&#8221;0px&#8221; body_ul_text_shadow_vertical_length_tablet=&#8221;0px&#8221; body_ul_text_shadow_blur_strength_tablet=&#8221;1px&#8221; body_ol_text_shadow_horizontal_length_tablet=&#8221;0px&#8221; body_ol_text_shadow_vertical_length_tablet=&#8221;0px&#8221; body_ol_text_shadow_blur_strength_tablet=&#8221;1px&#8221; body_quote_text_shadow_horizontal_length_tablet=&#8221;0px&#8221; body_quote_text_shadow_vertical_length_tablet=&#8221;0px&#8221; body_quote_text_shadow_blur_strength_tablet=&#8221;1px&#8221; border_radii_image=&#8221;on|100%|100%|100%|100%&#8221; box_shadow_horizontal_tablet=&#8221;0px&#8221; box_shadow_vertical_tablet=&#8221;0px&#8221; box_shadow_blur_tablet=&#8221;40px&#8221; box_shadow_spread_tablet=&#8221;0px&#8221; box_shadow_horizontal_image_tablet=&#8221;0px&#8221; box_shadow_vertical_image_tablet=&#8221;0px&#8221; box_shadow_blur_image_tablet=&#8221;40px&#8221; box_shadow_spread_image_tablet=&#8221;0px&#8221; text_shadow_horizontal_length_tablet=&#8221;0px&#8221; text_shadow_vertical_length_tablet=&#8221;0px&#8221; text_shadow_blur_strength_tablet=&#8221;1px&#8221; use_circle=&#8221;on&#8221; circle_color=&#8221;#ff236c&#8221; global_colors_info=&#8221;{}&#8221; image_icon_background_color__sticky_enabled=&#8221;#241f59&#8243; image_icon_background_color__sticky=&#8221;#241f59&#8243;]<\/p>\n<p>Velamos por una convivencia basada en el respeto<\/p>\n<p>[\/et_pb_blurb][\/et_pb_column][et_pb_column type=&#8221;1_3&#8243; _builder_version=&#8221;4.16&#8243; custom_padding=&#8221;|||&#8221; global_colors_info=&#8221;{}&#8221; custom_padding__hover=&#8221;|||&#8221;][et_pb_blurb title=&#8221;Contacta&#8221; use_icon=&#8221;on&#8221; font_icon=&#8221;&#xe010;||divi||400&#8243; image_icon_background_color=&#8221;#ffc259&#8243; image_icon_width=&#8221;48px&#8221; admin_label=&#8221;Informaci\u00f3n de contacto (icono, titulo y texto)&#8221; _builder_version=&#8221;4.16&#8243; image_icon_custom_padding=&#8221;25px|25px|25px|25px|false|false&#8221; text_orientation=&#8221;center&#8221; z_index_tablet=&#8221;500&#8243; header_text_shadow_horizontal_length_tablet=&#8221;0px&#8221; header_text_shadow_vertical_length_tablet=&#8221;0px&#8221; header_text_shadow_blur_strength_tablet=&#8221;1px&#8221; body_text_shadow_horizontal_length_tablet=&#8221;0px&#8221; body_text_shadow_vertical_length_tablet=&#8221;0px&#8221; body_text_shadow_blur_strength_tablet=&#8221;1px&#8221; body_link_text_shadow_horizontal_length_tablet=&#8221;0px&#8221; body_link_text_shadow_vertical_length_tablet=&#8221;0px&#8221; body_link_text_shadow_blur_strength_tablet=&#8221;1px&#8221; body_ul_text_shadow_horizontal_length_tablet=&#8221;0px&#8221; body_ul_text_shadow_vertical_length_tablet=&#8221;0px&#8221; body_ul_text_shadow_blur_strength_tablet=&#8221;1px&#8221; body_ol_text_shadow_horizontal_length_tablet=&#8221;0px&#8221; body_ol_text_shadow_vertical_length_tablet=&#8221;0px&#8221; body_ol_text_shadow_blur_strength_tablet=&#8221;1px&#8221; body_quote_text_shadow_horizontal_length_tablet=&#8221;0px&#8221; body_quote_text_shadow_vertical_length_tablet=&#8221;0px&#8221; body_quote_text_shadow_blur_strength_tablet=&#8221;1px&#8221; border_radii_image=&#8221;on|100%|100%|100%|100%&#8221; box_shadow_horizontal_tablet=&#8221;0px&#8221; box_shadow_vertical_tablet=&#8221;0px&#8221; box_shadow_blur_tablet=&#8221;40px&#8221; box_shadow_spread_tablet=&#8221;0px&#8221; box_shadow_horizontal_image_tablet=&#8221;0px&#8221; box_shadow_vertical_image_tablet=&#8221;0px&#8221; box_shadow_blur_image_tablet=&#8221;40px&#8221; box_shadow_spread_image_tablet=&#8221;0px&#8221; text_shadow_horizontal_length_tablet=&#8221;0px&#8221; text_shadow_vertical_length_tablet=&#8221;0px&#8221; text_shadow_blur_strength_tablet=&#8221;1px&#8221; use_circle=&#8221;on&#8221; circle_color=&#8221;#ffc259&#8243; global_colors_info=&#8221;{}&#8221; image_icon_background_color__sticky_enabled=&#8221;#241f59&#8243; image_icon_background_color__sticky=&#8221;#241f59&#8243;]<\/p>\n<p>Tenemos abierto nuestro buz\u00f3n de sugerencias<\/p>\n<p>[\/et_pb_blurb][\/et_pb_column][\/et_pb_row][\/et_pb_section]<\/p>\n","protected":false},"excerpt":{"rendered":"<p>Nuestra Historia Nuestro centro se encuentra ubicado en el barrio de San Jer\u00f3nimo en la zona de Distrito Norte de la ciudad, entre el barrio de Pino Montano y el Cementerio de San Fernando. Est\u00e1 delimitado por localidades de la Vega del Guadalquivir (La Algaba, Santiponce o La Rinconada). Actualmente muy bien comunicado con la [&hellip;]<\/p>\n","protected":false},"author":15383,"featured_media":0,"parent":0,"menu_order":0,"comment_status":"closed","ping_status":"closed","template":"","meta":{"_et_pb_use_builder":"on","_et_pb_old_content":"","_et_gb_content_width":"","ngg_post_thumbnail":0,"footnotes":""},"aioseo_notices":[],"_links":{"self":[{"href":"https:\/\/blogsaverroes.juntadeandalucia.es\/ceprbuenavistasevilla\/wp-json\/wp\/v2\/pages\/41"}],"collection":[{"href":"https:\/\/blogsaverroes.juntadeandalucia.es\/ceprbuenavistasevilla\/wp-json\/wp\/v2\/pages"}],"about":[{"href":"https:\/\/blogsaverroes.juntadeandalucia.es\/ceprbuenavistasevilla\/wp-json\/wp\/v2\/types\/page"}],"author":[{"embeddable":true,"href":"https:\/\/blogsaverroes.juntadeandalucia.es\/ceprbuenavistasevilla\/wp-json\/wp\/v2\/users\/15383"}],"replies":[{"embeddable":true,"href":"https:\/\/blogsaverroes.juntadeandalucia.es\/ceprbuenavistasevilla\/wp-json\/wp\/v2\/comments?post=41"}],"version-history":[{"count":11,"href":"https:\/\/blogsaverroes.juntadeandalucia.es\/ceprbuenavistasevilla\/wp-json\/wp\/v2\/pages\/41\/revisions"}],"predecessor-version":[{"id":1498,"href":"https:\/\/blogsaverroes.juntadeandalucia.es\/ceprbuenavistasevilla\/wp-json\/wp\/v2\/pages\/41\/revisions\/1498"}],"wp:attachment":[{"href":"https:\/\/blogsaverroes.juntadeandalucia.es\/ceprbuenavistasevilla\/wp-json\/wp\/v2\/media?parent=41"}],"curies":[{"name":"wp","href":"https:\/\/api.w.org\/{rel}","templated":true}]}}