{"id":871,"date":"2020-12-18T08:57:29","date_gmt":"2020-12-18T07:57:29","guid":{"rendered":"https:\/\/blogsaverroes.juntadeandalucia.es\/pre\/plantilla-pencil\/?page_id=871"},"modified":"2026-02-13T11:20:52","modified_gmt":"2026-02-13T10:20:52","slug":"comedor-escolar","status":"publish","type":"page","link":"https:\/\/blogsaverroes.juntadeandalucia.es\/ceprhermanoscarvajales\/comedor-escolar\/","title":{"rendered":"Comedor escolar"},"content":{"rendered":"<p><img loading=\"lazy\" decoding=\"async\" class=\"alignnone size-medium\" src=\"https:\/\/images.cooltext.com\/5717885.png\" width=\"1021\" height=\"135\"><\/p>\n<p><span style=\"font-size: 24pt;color: #ff6600\"><strong>NOVEDAD (13\/02\/2026)<\/strong><\/span><\/p>\n<p><em><strong>YA EST\u00c1 DISPONIBLE LA APP PARA DESCARGAR (<a href=\"https:\/\/blogsaverroes.juntadeandalucia.es\/ceprhermanoscarvajales\/files\/2026\/02\/APP-COLEGIOS-ANDALUCIA_.pdf\">APP COLEGIOS ANDALUCIA_)<\/a><\/strong><\/em><\/p>\n<p>&nbsp;<\/p>\n<p>Dentro del <span style=\"color: #ab1818\"><strong>Plan de Apertura del centro<\/strong><\/span>, contamos con un servicio de comedor escolar que permite conciliar la vida laboral de las familias. El servicio de comedor funciona <span style=\"color: #cf2d2d;font-size: 14pt\"><strong>de lunes a viernes <\/strong><span style=\"color: #000000\">desde las<\/span><strong> 14.00 <\/strong><span style=\"color: #000000\">hasta las<\/span><strong> 16.00<\/strong><\/span>. Durante este curso 2025-2026 la gesti\u00f3n del comedor la lleva el c\u00e1terin corresponde al<span style=\"font-size: 18pt;color: #ff0000\"><strong> Grupo Mediterr\u00e1nea<\/strong><\/span>.&nbsp;Cualquier duda que tengan los usuarios por favor que la remitan a:&nbsp;<a href=\"mailto:administracion.jaen@mediterranea-group.com\">administracion.jaen@mediterranea-group.com<\/a><\/p>\n<p style=\"text-align: center\">INFORMACI\u00d3N IMPORTANTE CON <span style=\"font-size: 18pt;color: #ff9900\"><strong>CARTA DE PRESENTACI\u00d3N 25-26<\/strong><\/span>: <a href=\"https:\/\/drive.google.com\/file\/d\/12uxR1ipongNOqukcCiM79PouR6ABz9Ia\/view?usp=sharing\">ACCESO<\/a><\/p>\n<p>En el siguiente enlace y la imagen podr\u00e1 consultar las <span style=\"color: #339966;font-size: 14pt\"><strong>normas b\u00e1sicas<\/strong><\/span>:&nbsp;<a href=\"https:\/\/blogsaverroes.juntadeandalucia.es\/ceprhermanoscarvajales\/files\/2025\/02\/Normas-del-comedor.pdf\">Normas<\/a><\/p>\n<p><a href=\"https:\/\/blogsaverroes.juntadeandalucia.es\/ceprhermanoscarvajales\/files\/2025\/02\/normas-comedor.png\"><img loading=\"lazy\" decoding=\"async\" class=\"aligncenter wp-image-1321\" src=\"https:\/\/blogsaverroes.juntadeandalucia.es\/ceprhermanoscarvajales\/files\/2025\/02\/normas-comedor.png\" alt=\"\" width=\"766\" height=\"407\" srcset=\"https:\/\/blogsaverroes.juntadeandalucia.es\/ceprhermanoscarvajales\/files\/2025\/02\/normas-comedor.png 704w, https:\/\/blogsaverroes.juntadeandalucia.es\/ceprhermanoscarvajales\/files\/2025\/02\/normas-comedor-300x159.png 300w\" sizes=\"(max-width: 766px) 100vw, 766px\" \/><\/a><\/p>\n<p><img loading=\"lazy\" decoding=\"async\" class=\"alignnone \" src=\"https:\/\/images.cooltext.com\/5726056.png\" width=\"803\" height=\"60\"><\/p>\n<p style=\"text-align: center\"><span style=\"color: #ff0000\"><strong><span style=\"font-size: 14pt\">**IMPORTANTE:<\/span><\/strong><\/span><\/p>\n<p>Ya se encuentra operativa<span style=\"font-size: 14pt;color: #ff0000\"><strong> la web de familias<\/strong><\/span>, pero debes tener en cuenta:<\/p>\n<ol>\n<li><strong>Lee detenidamente el manual<\/strong> para su correcto registro en la web.<\/li>\n<li>Si no puedes registrarte <strong>prueba con el DNI del otro tutor<\/strong>.<\/li>\n<li>Comprueba en el correo electr\u00f3nico que hayas registrado en la matricula (revisa todas las posibles direcciones &nbsp; de correo que tengas), si has recibido la <strong>contrase\u00f1a<\/strong>.<\/li>\n<li>Si sigues sin poder registrarte, es porque tu correo electr\u00f3nico no se encuentra registrado en la ficha del alumno, &nbsp; por lo cual <strong>env\u00eda un mail a la direcci\u00f3n de correo<\/strong> que te proporcionamos en la carta de presentaci\u00f3n.<\/li>\n<\/ol>\n<p style=\"text-align: center\"><a href=\"https:\/\/blogsaverroes.juntadeandalucia.es\/ceprhermanoscarvajales\/comedor-escolar\/registro-web-familias\/\" rel=\"attachment wp-att-1385\"><span style=\"font-size: 14pt\">REGISTRO WEB FAMILIAS<\/span><\/a><\/p>\n<p>&nbsp;<\/p>\n<p>Tenemos <span style=\"font-size: 14pt;color: #3366ff\"><strong>autorizadas 17<\/strong><\/span> por la Consejer\u00eda de Educaci\u00f3n, pero si ambos tutores legales justifican su imposibilidad para atender al ni\u00f1o\/a por motivos laborales <span style=\"font-size: 14pt;color: #ff0000\"><strong>se podr\u00e1 aumentar el n\u00famero de plazas<\/strong><\/span>.&nbsp;<\/p>\n<p><a href=\"http:\/\/colectividadeshgonzalez.com\/escuelas-infantiles-colegios\/\"><img loading=\"lazy\" decoding=\"async\" class=\"aligncenter\" src=\"https:\/\/www.mediterranea-group.com\/wp-content\/uploads\/2021\/05\/mediterranea__group-300x83.png\" width=\"440\" height=\"122\"><\/a><\/p>\n","protected":false},"excerpt":{"rendered":"<p>NOVEDAD (13\/02\/2026) YA EST\u00c1 DISPONIBLE LA APP PARA DESCARGAR (APP COLEGIOS ANDALUCIA_) &nbsp; Dentro del Plan de Apertura del centro, contamos con un servicio de comedor escolar que permite conciliar la vida laboral de&#46;&#46;&#46;<\/p>\n","protected":false},"author":7051,"featured_media":0,"parent":0,"menu_order":0,"comment_status":"closed","ping_status":"closed","template":"","meta":{"ngg_post_thumbnail":0,"footnotes":"","_mc_calendar":[]},"aioseo_notices":[],"_links":{"self":[{"href":"https:\/\/blogsaverroes.juntadeandalucia.es\/ceprhermanoscarvajales\/wp-json\/wp\/v2\/pages\/871"}],"collection":[{"href":"https:\/\/blogsaverroes.juntadeandalucia.es\/ceprhermanoscarvajales\/wp-json\/wp\/v2\/pages"}],"about":[{"href":"https:\/\/blogsaverroes.juntadeandalucia.es\/ceprhermanoscarvajales\/wp-json\/wp\/v2\/types\/page"}],"author":[{"embeddable":true,"href":"https:\/\/blogsaverroes.juntadeandalucia.es\/ceprhermanoscarvajales\/wp-json\/wp\/v2\/users\/7051"}],"replies":[{"embeddable":true,"href":"https:\/\/blogsaverroes.juntadeandalucia.es\/ceprhermanoscarvajales\/wp-json\/wp\/v2\/comments?post=871"}],"version-history":[{"count":7,"href":"https:\/\/blogsaverroes.juntadeandalucia.es\/ceprhermanoscarvajales\/wp-json\/wp\/v2\/pages\/871\/revisions"}],"predecessor-version":[{"id":2309,"href":"https:\/\/blogsaverroes.juntadeandalucia.es\/ceprhermanoscarvajales\/wp-json\/wp\/v2\/pages\/871\/revisions\/2309"}],"wp:attachment":[{"href":"https:\/\/blogsaverroes.juntadeandalucia.es\/ceprhermanoscarvajales\/wp-json\/wp\/v2\/media?parent=871"}],"curies":[{"name":"wp","href":"https:\/\/api.w.org\/{rel}","templated":true}]}}