{"id":2457,"date":"2017-02-26T15:48:22","date_gmt":"2017-02-26T14:48:22","guid":{"rendered":"http:\/\/blogsaverroes.juntadeandalucia.es\/ceprjosenogales\/?page_id=2457"},"modified":"2021-05-17T10:53:49","modified_gmt":"2021-05-17T09:53:49","slug":"transporte-escolar","status":"publish","type":"page","link":"https:\/\/blogsaverroes.juntadeandalucia.es\/ceprjosenogales\/transporte-escolar\/","title":{"rendered":"Transporte escolar"},"content":{"rendered":"<div class=\"inner_cuerpo\">\n<p style=\"text-align: justify\"><a href=\"http:\/\/blogsaverroes.juntadeandalucia.es\/ceprjosenogales\/files\/2014\/12\/autobus.png\"><img loading=\"lazy\" decoding=\"async\" class=\"wp-image-534 alignright\" src=\"http:\/\/blogsaverroes.juntadeandalucia.es\/ceprjosenogales\/files\/2014\/12\/autobus.png\" alt=\"\" width=\"166\" height=\"121\" srcset=\"https:\/\/blogsaverroes.juntadeandalucia.es\/ceprjosenogales\/files\/2014\/12\/autobus-300x216.png 300w, https:\/\/blogsaverroes.juntadeandalucia.es\/ceprjosenogales\/files\/2014\/12\/autobus-700x504.png 700w, https:\/\/blogsaverroes.juntadeandalucia.es\/ceprjosenogales\/files\/2014\/12\/autobus-332x239.png 332w\" sizes=\"(max-width: 166px) 100vw, 166px\" \/><\/a>La prestaci\u00f3n gratuita del servicio complementario de transporte escolar tiene como finalidad garantizar la igualdad de todas las personas en el ejercicio del derecho a la educaci\u00f3n, facilitando el desplazamiento gratuito del alumnado del segundo ciclo de educaci\u00f3n infantil, de educaci\u00f3n primaria, de educaci\u00f3n especial, de educaci\u00f3n secundaria obligatoria, de bachillerato y de formaci\u00f3n profesional inicial, desde su localidad de residencia al centro docente asignado por la Administraci\u00f3n educativa.<\/p>\n<p style=\"text-align: justify\">La Agencia P\u00fablica Andaluza de Educaci\u00f3n tiene encomendada la gesti\u00f3n de las rutas de transporte escolar mediante las cuales se facilita transporte gratuito a aquellos alumnos y alumnas que tengan que desplazarse fuera de su localidad de residencia por la inexistencia en la misma de la etapa educativa que le corresponde, o bien que resida en n\u00facleos dispersos de poblaci\u00f3n, asumi\u00e9ndose bajo compromisos de calidad, seguridad y accesibilidad para el alumnado beneficiario de este tipo de servicio complementario a la ense\u00f1anza.<\/p>\n<p style=\"text-align: justify\">Adem\u00e1s de garantizar esta prestaci\u00f3n gratuita, la Consejer\u00eda de Educaci\u00f3n concede ayudas individualizadas al alumnado de aquellas ense\u00f1anzas que, por su especificidad y dificultad de generalizaci\u00f3n, se impartan en centros docentes p\u00fablicos alejados de sus localidades y donde no es posible ofrecer servicio de transporte.<\/p>\n<h3 style=\"text-align: justify\"><strong>Rutas de transporte<\/strong><\/h3>\n<p>Actualmente nuestro Colegio recibe alumnos\/as de:<\/p>\n<p><img loading=\"lazy\" decoding=\"async\" class=\"aligncenter size-full wp-image-3813\" src=\"https:\/\/blogsaverroes.juntadeandalucia.es\/ceprjosenogales\/files\/2021\/05\/transporte.jpg\" alt=\"\" width=\"585\" height=\"271\" srcset=\"https:\/\/blogsaverroes.juntadeandalucia.es\/ceprjosenogales\/files\/2021\/05\/transporte.jpg 585w, https:\/\/blogsaverroes.juntadeandalucia.es\/ceprjosenogales\/files\/2021\/05\/transporte-300x139.jpg 300w\" sizes=\"(max-width: 585px) 100vw, 585px\" \/><\/p>\n<h3><strong>Solicitudes<\/strong><\/h3>\n<p style=\"text-align: justify\">El servicio de transporte escolar se solicita en el mes de <strong>junio<\/strong> en la matriculaci\u00f3n del alumnado. Se puede solicitar en cualquier momento del curso por cambio en el domicilio familiar del alumno\/a.<\/p>\n<\/div>\n<div class=\"inner_cuerpo\">\n<table style=\"background-color: #cfcdca;height: 91px\" width=\"659\" cellpadding=\"10\" border=\"15\">\n<tbody>\n<tr>\n<td>&nbsp;Desc\u00e1rgate el formulario, rell\u00e9nalo y entr\u00e9galo en la secretar\u00eda del Colegio:<\/p>\n<ul style=\"list-style-type: square\">\n<li style=\"text-align: left\">Solicitud de inscripci\u00f3n: <a href=\"http:\/\/blogsaverroes.juntadeandalucia.es\/ceprjosenogales\/files\/2017\/02\/TransporteEscolar2012_13_ANEXO_III.pdf\" target=\"_blank\" rel=\"noopener noreferrer\">ANEXO_III<\/a><\/li>\n<\/ul>\n<ul style=\"list-style-type: square\">\n<li style=\"text-align: left\">Comunicaci\u00f3n a la familia (por el Centro): <a href=\"http:\/\/blogsaverroes.juntadeandalucia.es\/ceprjosenogales\/files\/2017\/02\/TransporteEscolar2012_13_ANEXO_IV.pdf\" target=\"_blank\" rel=\"noopener noreferrer\">ANEXO_IV<\/a><a href=\"http:\/\/blogsaverroes.juntadeandalucia.es\/ceprjosenogales\/files\/2015\/03\/download_pdf_1.png\"><img loading=\"lazy\" decoding=\"async\" class=\"wp-image-2424 alignright\" src=\"http:\/\/blogsaverroes.juntadeandalucia.es\/ceprjosenogales\/files\/2015\/03\/download_pdf_1.png\" alt=\"\" width=\"43\" height=\"43\" srcset=\"https:\/\/blogsaverroes.juntadeandalucia.es\/ceprjosenogales\/files\/2015\/03\/download_pdf_1.png 256w, https:\/\/blogsaverroes.juntadeandalucia.es\/ceprjosenogales\/files\/2015\/03\/download_pdf_1-150x150.png 150w, https:\/\/blogsaverroes.juntadeandalucia.es\/ceprjosenogales\/files\/2015\/03\/download_pdf_1-100x100.png 100w, https:\/\/blogsaverroes.juntadeandalucia.es\/ceprjosenogales\/files\/2015\/03\/download_pdf_1-24x24.png 24w, https:\/\/blogsaverroes.juntadeandalucia.es\/ceprjosenogales\/files\/2015\/03\/download_pdf_1-36x36.png 36w, https:\/\/blogsaverroes.juntadeandalucia.es\/ceprjosenogales\/files\/2015\/03\/download_pdf_1-48x48.png 48w\" sizes=\"(max-width: 43px) 100vw, 43px\" \/><\/a><\/li>\n<\/ul>\n<\/td>\n<\/tr>\n<\/tbody>\n<\/table>\n<\/div>\n<h3><strong>Ayudas<br \/>\n<\/strong><\/h3>\n<p style=\"text-align: justify\">Excepcionalmente, se podr\u00e1n conceder ayudas individualizadas para colaborar en los gastos de transporte del alumnado beneficiario del servicio entre su domicilio y la parada establecida de la ruta escolar m\u00e1s cercana a dicho domicilio, cuando el desplazamiento sea superior a dos kil\u00f3metros, de conformidad con lo dispuesto en el art\u00edculo 17.3 del Decreto 287\/2009, de 30 de junio.<\/p>\n<p style=\"text-align: justify\">Enlace a la p\u00e1gina de la Consejer\u00eda de Educaci\u00f3n: <a href=\"http:\/\/www.juntadeandalucia.es\/educacion\/portals\/web\/becas-y-ayudas\/ayudas-al-transporte\" target=\"_blank\" rel=\"noopener noreferrer\">Ayudas al transporte escolar.<\/a><\/p>\n<h3><strong>Normativa<\/strong><\/h3>\n<table>\n<tbody>\n<tr>\n<td style=\"text-align: justify;background-color: #ebe8e8\"><a href=\"http:\/\/www.juntadeandalucia.es\/educacion\/portals\/abaco-portlet\/content\/e350f9d5-e934-4fc0-a059-2060ecb058b5\" target=\"_blank\" rel=\"noopener noreferrer\">ORDEN de 29 de diciembre de 2011<\/a>, por la que se modifica la Orden de 3 de diciembre de 2010, por la que se regula la organizaci\u00f3n y gesti\u00f3n del servicio de transporte p\u00fablico regular de uso especial de escolares por carretera y las ayudas individualizadas reguladas en el Decreto 287\/2009, de 30 de junio, por el que se regula la prestaci\u00f3n gratuita del servicio complementario de transporte escolar para el alumnado de los centros docentes sostenidos con fondos p\u00fablicos (BOJA 19-01-2012).<\/td>\n<\/tr>\n<tr>\n<td style=\"text-align: justify\"><a href=\"http:\/\/www.juntadeandalucia.es\/educacion\/portals\/abaco-portlet\/content\/d1ed9ff5-3c45-4c79-9cd0-688729f7dc95\" target=\"_blank\" rel=\"noopener noreferrer\">ORDEN de 3 de diciembre de 2010<\/a>, por la que se regula la organizaci\u00f3n y gesti\u00f3n del servicio de transporte p\u00fablico regular de uso especial de escolares por carretera y las ayudas individualizadas reguladas en el Decreto 287\/2009, de 30 de junio, por el que se regula la prestaci\u00f3n gratuita del servicio complementario de transporte escolar para el alumnado de los centros docentes sostenidos con fondos p\u00fablicos (BOJA 07-01-2011)<\/td>\n<\/tr>\n<tr>\n<td style=\"text-align: justify;background-color: #ebe8e8\"><a href=\"http:\/\/www.juntadeandalucia.es\/educacion\/portals\/abaco-portlet\/content\/542dd3b8-9171-433a-8320-b1a7f2e5068e\" target=\"_blank\" rel=\"noopener noreferrer\">DECRETO 287\/2009, de 30 de junio<\/a>, por el que se regula la prestaci\u00f3n gratuita del servicio complementario de transporte escolar para el alumnado de los Centros docentes sostenidos con fondos p\u00fablicos (BOJA 03-07-2009).<\/td>\n<\/tr>\n<\/tbody>\n<\/table>\n<h3><strong>Empresa<\/strong><\/h3>\n<h3>Alcaide E Hijos SL<\/h3>\n<div class=\"mod\">\n<div class=\"_eFb\">\n<div class=\"_mr kno-fb-ctx\"><span class=\"_xdb\">Direcci\u00f3n: <\/span><span class=\"_Xbe\">Calle San Roque, 29, 21200 Aracena, Huelva<\/span><\/div>\n<\/div>\n<\/div>\n<div class=\"mod\">\n<div class=\"_eFb\">\n<div class=\"_mr kno-fb-ctx\"><span class=\"_xdb\">Tel\u00e9fono: <\/span><span class=\"_Xbe _ZWk kno-fv\">959 12 88 62<\/span><\/div>\n<\/div>\n<\/div>\n<div class=\"mod\">\n<div class=\"_eFb\">\n<div class=\"_mr kno-fb-ctx\"><span class=\"_xdb\">Provincia: <\/span><span class=\"_Xbe kno-fv\">Provincia de Huelva<\/span><\/div>\n<\/div>\n<\/div>\n","protected":false},"excerpt":{"rendered":"<p>La prestaci\u00f3n gratuita del servicio complementario de transporte escolar tiene como finalidad garantizar la igualdad de todas las personas en el ejercicio del derecho a la educaci\u00f3n, facilitando el desplazamiento gratuito del alumnado del&#46;&#46;&#46;<\/p>\n","protected":false},"author":2158,"featured_media":0,"parent":0,"menu_order":0,"comment_status":"closed","ping_status":"closed","template":"","meta":{"ngg_post_thumbnail":0,"footnotes":"","_mc_calendar":[]},"aioseo_notices":[],"_links":{"self":[{"href":"https:\/\/blogsaverroes.juntadeandalucia.es\/ceprjosenogales\/wp-json\/wp\/v2\/pages\/2457"}],"collection":[{"href":"https:\/\/blogsaverroes.juntadeandalucia.es\/ceprjosenogales\/wp-json\/wp\/v2\/pages"}],"about":[{"href":"https:\/\/blogsaverroes.juntadeandalucia.es\/ceprjosenogales\/wp-json\/wp\/v2\/types\/page"}],"author":[{"embeddable":true,"href":"https:\/\/blogsaverroes.juntadeandalucia.es\/ceprjosenogales\/wp-json\/wp\/v2\/users\/2158"}],"replies":[{"embeddable":true,"href":"https:\/\/blogsaverroes.juntadeandalucia.es\/ceprjosenogales\/wp-json\/wp\/v2\/comments?post=2457"}],"version-history":[{"count":18,"href":"https:\/\/blogsaverroes.juntadeandalucia.es\/ceprjosenogales\/wp-json\/wp\/v2\/pages\/2457\/revisions"}],"predecessor-version":[{"id":3815,"href":"https:\/\/blogsaverroes.juntadeandalucia.es\/ceprjosenogales\/wp-json\/wp\/v2\/pages\/2457\/revisions\/3815"}],"wp:attachment":[{"href":"https:\/\/blogsaverroes.juntadeandalucia.es\/ceprjosenogales\/wp-json\/wp\/v2\/media?parent=2457"}],"curies":[{"name":"wp","href":"https:\/\/api.w.org\/{rel}","templated":true}]}}