{"id":2649,"date":"2017-03-05T12:31:12","date_gmt":"2017-03-05T11:31:12","guid":{"rendered":"http:\/\/blogsaverroes.juntadeandalucia.es\/ceprjosenogales\/?page_id=2649"},"modified":"2019-03-06T12:48:16","modified_gmt":"2019-03-06T11:48:16","slug":"consejo-escolar","status":"publish","type":"page","link":"https:\/\/blogsaverroes.juntadeandalucia.es\/ceprjosenogales\/consejo-escolar\/","title":{"rendered":"Consejo Escolar"},"content":{"rendered":"<h3>Consejo Escolar<\/h3>\n<p>Fecha de constituci\u00f3n del Consejo: 03\/12\/2018<\/p>\n<table cellspacing=\"0\" border=\"0\">\n<colgroup width=\"35\"><\/colgroup>\n<colgroup width=\"192\"><\/colgroup>\n<colgroup width=\"250\"><\/colgroup>\n<tbody>\n<tr style=\"height: 24.9px\">\n<td style=\"height: 24.9px;width: 47.35px\" align=\"left\">&nbsp;<\/td>\n<td style=\"text-align: center;height: 24.9px;width: 264.267px\" bgcolor=\"#CCCCCC\" align=\"left\"><b>Sector<\/b><\/td>\n<td style=\"text-align: center;height: 24.9px;width: 344.383px\" bgcolor=\"#CCCCCC\" align=\"left\"><b>Miembro<\/b><\/td>\n<\/tr>\n<tr style=\"height: 24px\">\n<td style=\"height: 24px;width: 47.35px\" align=\"left\">&nbsp;<\/td>\n<td style=\"height: 24px;width: 264.267px\" align=\"left\">Directora<\/td>\n<td style=\"height: 24px;width: 344.383px\" align=\"left\">Villa Delgado, Amalia Mar\u00eda<\/td>\n<\/tr>\n<tr style=\"height: 24px\">\n<td style=\"height: 24px;width: 47.35px\" align=\"left\">&nbsp;<\/td>\n<td style=\"height: 24px;width: 264.267px\" align=\"left\">Jefa de Estudios<\/td>\n<td style=\"height: 24px;width: 344.383px\" align=\"left\">Duque Romero, Mar\u00eda Jes\u00fas<\/td>\n<\/tr>\n<tr style=\"height: 24px\">\n<td style=\"height: 24px;width: 47.35px\" align=\"left\">&nbsp;<\/td>\n<td style=\"height: 24px;width: 264.267px\" align=\"left\">Secretario<\/td>\n<td style=\"height: 24px;width: 344.383px\" align=\"left\">Gamero Borrego, Jos\u00e9 Ricardo<\/td>\n<\/tr>\n<tr style=\"height: 24px\">\n<td style=\"height: 24px;width: 47.35px\" align=\"left\">&nbsp;<\/td>\n<td style=\"height: 24px;width: 264.267px\" align=\"left\">Profesorado<\/td>\n<td style=\"height: 24px;width: 344.383px\" align=\"left\">Bort Hern\u00e1ndez, Encarnaci\u00f3n<\/td>\n<\/tr>\n<tr style=\"height: 24px\">\n<td style=\"height: 24px;width: 47.35px\" align=\"left\">&nbsp;<\/td>\n<td style=\"height: 24px;width: 264.267px\" align=\"left\">Profesorado<\/td>\n<td style=\"height: 24px;width: 344.383px\" align=\"left\">Bretones Dur\u00e1n, \u00c1ngela Mar\u00eda<\/td>\n<\/tr>\n<tr style=\"height: 24px\">\n<td style=\"height: 24px;width: 47.35px\" align=\"left\">&nbsp;<\/td>\n<td style=\"height: 24px;width: 264.267px\" align=\"left\">Profesorado<\/td>\n<td style=\"height: 24px;width: 344.383px\" align=\"left\">Fern\u00e1ndez Cayetano, M\u00aa \u00c1ngeles<\/td>\n<\/tr>\n<tr style=\"height: 24px\">\n<td style=\"height: 24px;width: 47.35px\" align=\"left\">&nbsp;<\/td>\n<td style=\"height: 24px;width: 264.267px\" align=\"left\">Profesorado<\/td>\n<td style=\"height: 24px;width: 344.383px\" align=\"left\">Galv\u00e1n M\u00ednguez, Pablo David<\/td>\n<\/tr>\n<tr style=\"height: 24px\">\n<td style=\"height: 24px;width: 47.35px\" align=\"left\">&nbsp;<\/td>\n<td style=\"height: 24px;width: 264.267px\" align=\"left\">Profesorado<\/td>\n<td style=\"height: 24px;width: 344.383px\" align=\"left\">Jaramillo Duque, Mar\u00eda \u00c1ngeles<\/td>\n<\/tr>\n<tr style=\"height: 24px\">\n<td style=\"height: 24px;width: 47.35px\" align=\"left\">&nbsp;<\/td>\n<td style=\"height: 24px;width: 264.267px\" align=\"left\">Profesorado<\/td>\n<td style=\"height: 24px;width: 344.383px\" align=\"left\">Mu\u00f1oz Acedo, Mar\u00eda del Carmen<\/td>\n<\/tr>\n<tr style=\"height: 24px\">\n<td style=\"height: 24px;width: 47.35px\" align=\"left\">&nbsp;<\/td>\n<td style=\"height: 24px;width: 264.267px\" align=\"left\">Profesorado<\/td>\n<td style=\"height: 24px;width: 344.383px\" align=\"left\">Parrilla Bueno, Marcos Manuel<\/td>\n<\/tr>\n<tr style=\"height: 24px\">\n<td style=\"height: 24px;width: 47.35px\" align=\"left\">&nbsp;<\/td>\n<td style=\"height: 24px;width: 264.267px\" align=\"left\">Profesorado<\/td>\n<td style=\"height: 24px;width: 344.383px\" align=\"left\">S\u00e1nchez Lorenzo, Jos\u00e9<\/td>\n<\/tr>\n<tr style=\"height: 24px\">\n<td style=\"height: 24px;width: 47.35px\" align=\"left\">&nbsp;<\/td>\n<td style=\"height: 24px;width: 264.267px\" align=\"left\">Madres\/Padres\/Tutores<\/td>\n<td style=\"height: 24px;width: 344.383px\" align=\"left\">And\u00fajar Bautista, Francisco Javier<\/td>\n<\/tr>\n<tr style=\"height: 24px\">\n<td style=\"height: 24px;width: 47.35px\" align=\"left\">&nbsp;<\/td>\n<td style=\"height: 24px;width: 264.267px\" align=\"left\">Madres\/Padres\/Tutores<\/td>\n<td style=\"height: 24px;width: 344.383px\" align=\"left\">Del Pozo Barr\u00f3n, Carlos<\/td>\n<\/tr>\n<tr style=\"height: 24px\">\n<td style=\"height: 24px;width: 47.35px\" align=\"left\">&nbsp;<\/td>\n<td style=\"height: 24px;width: 264.267px\" align=\"left\">Madres\/Padres\/Tutores<\/td>\n<td style=\"height: 24px;width: 344.383px\" align=\"left\">Garc\u00eda Fern\u00e1ndez, Mar\u00eda Pilar<\/td>\n<\/tr>\n<tr style=\"height: 24px\">\n<td style=\"height: 24px;width: 47.35px\" align=\"left\">&nbsp;<\/td>\n<td style=\"height: 24px;width: 264.267px\" align=\"left\">Madres\/Padres\/Tutores<\/td>\n<td style=\"height: 24px;width: 344.383px\" align=\"left\">Mart\u00edn Del Cid, Antonio<\/td>\n<\/tr>\n<tr style=\"height: 24px\">\n<td style=\"height: 24px;width: 47.35px\" align=\"left\">&nbsp;<\/td>\n<td style=\"height: 24px;width: 264.267px\" align=\"left\">Madres\/Padres\/Tutores<\/td>\n<td style=\"height: 24px;width: 344.383px\" align=\"left\">Parrillo S\u00e1nchez, Ra\u00fal<\/td>\n<\/tr>\n<tr style=\"height: 24px\">\n<td style=\"height: 24px;width: 47.35px\" align=\"left\">&nbsp;<\/td>\n<td style=\"height: 24px;width: 264.267px\" align=\"left\">Madres\/Padres\/Tutores<\/td>\n<td style=\"height: 24px;width: 344.383px\" align=\"left\">Prieto Moreno, Javier<\/td>\n<\/tr>\n<tr style=\"height: 24px\">\n<td style=\"height: 24px;width: 47.35px\" align=\"left\">&nbsp;<\/td>\n<td style=\"height: 24px;width: 264.267px\" align=\"left\">Madres\/Padres\/Tutores<\/td>\n<td style=\"height: 24px;width: 344.383px\" align=\"left\">Rivero Romero, Mar\u00eda Luisa<\/td>\n<\/tr>\n<tr style=\"height: 24px\">\n<td style=\"height: 24px;width: 47.35px\" align=\"left\">&nbsp;<\/td>\n<td style=\"height: 24px;width: 264.267px\" align=\"left\">Madres\/Padres\/Tutores<\/td>\n<td style=\"height: 24px;width: 344.383px\" align=\"left\">V\u00e1zquez Andrade, David<\/td>\n<\/tr>\n<tr style=\"height: 24px\">\n<td style=\"height: 24px;width: 47.35px\" align=\"left\">&nbsp;<\/td>\n<td style=\"height: 24px;width: 264.267px\" align=\"left\">A.M.P.A.<\/td>\n<td style=\"height: 24px;width: 344.383px\" align=\"left\">Bejarano Canterla, Josefa<\/td>\n<\/tr>\n<tr style=\"height: 24px\">\n<td style=\"height: 24px;width: 47.35px\" align=\"left\">&nbsp;<\/td>\n<td style=\"height: 24px;width: 264.267px\" align=\"left\">P.A.S.<\/td>\n<td style=\"height: 24px;width: 344.383px\" align=\"left\">P\u00e9rez Barrero, Rosario<\/td>\n<\/tr>\n<tr style=\"height: 24px\">\n<td style=\"height: 24px;width: 47.35px\" align=\"left\">&nbsp;<\/td>\n<td style=\"height: 24px;width: 264.267px\" align=\"left\">Ayuntamiento<\/td>\n<td style=\"height: 24px;width: 344.383px\" align=\"left\">Torres Asensio, Ana Bel\u00e9n<\/td>\n<\/tr>\n<tr style=\"height: 24px\">\n<td style=\"height: 24px;width: 47.35px\" align=\"left\">&nbsp;<\/td>\n<td style=\"height: 24px;width: 264.267px\" align=\"left\">P.A.E.<\/td>\n<td style=\"height: 24px;width: 344.383px\" align=\"left\">Murga Salas, Jos\u00e9<\/td>\n<\/tr>\n<\/tbody>\n<\/table>\n<h3>Comisi\u00f3n Permanente<\/h3>\n<table>\n<tbody>\n<tr style=\"background-color: #cccccc\">\n<td>&nbsp;&nbsp;&nbsp;&nbsp;&nbsp;&nbsp;<\/td>\n<td>Sector<\/td>\n<td>Miembros<\/td>\n<\/tr>\n<tr>\n<td>&nbsp;<\/td>\n<td style=\"text-align: left\">Directora<\/td>\n<td style=\"text-align: left\">Villa Delgado, Amalia Mar\u00eda<\/td>\n<\/tr>\n<tr>\n<td>&nbsp;<\/td>\n<td style=\"text-align: left\">Jefa de Estudios<\/td>\n<td style=\"text-align: left\">Duque Romero, Mar\u00eda Jes\u00fas<\/td>\n<\/tr>\n<tr>\n<td>&nbsp;<\/td>\n<td style=\"text-align: left\">Profesorado<\/td>\n<td style=\"text-align: left\">&nbsp;<\/td>\n<\/tr>\n<tr>\n<td>&nbsp;<\/td>\n<td style=\"text-align: left\">Madres\/Padres\/Tutores<\/td>\n<td style=\"text-align: left\">&nbsp;<\/td>\n<\/tr>\n<\/tbody>\n<\/table>\n<h3>Comisi\u00f3n de Convivencia<\/h3>\n<table>\n<tbody>\n<tr style=\"background-color: #cccccc\">\n<td>&nbsp;&nbsp; &nbsp; &nbsp;<\/td>\n<td>Sector<\/td>\n<td>Miembros<\/td>\n<\/tr>\n<tr>\n<td>&nbsp;<\/td>\n<td style=\"text-align: left\">Directora<\/td>\n<td style=\"text-align: left\">Villa Delgado, Amalia Mar\u00eda<\/td>\n<\/tr>\n<tr>\n<td>&nbsp;<\/td>\n<td style=\"text-align: left\">Jefa de Estudios<\/td>\n<td style=\"text-align: left\">Duque Romero, Mar\u00eda Jes\u00fas<\/td>\n<\/tr>\n<tr>\n<td>&nbsp;<\/td>\n<td style=\"text-align: left\">Profesorado<\/td>\n<td style=\"text-align: left\">&nbsp;<\/td>\n<\/tr>\n<tr>\n<td>&nbsp;<\/td>\n<td style=\"text-align: left\">Profesorado<\/td>\n<td style=\"text-align: left\">&nbsp;<\/td>\n<\/tr>\n<tr>\n<td>&nbsp;<\/td>\n<td style=\"text-align: left\">Madres\/Padres\/Tutores<\/td>\n<td style=\"text-align: left\">&nbsp;<\/td>\n<\/tr>\n<tr>\n<td>&nbsp;<\/td>\n<td style=\"text-align: left\">Madres\/Padres\/Tutores<\/td>\n<td style=\"text-align: left\">&nbsp;<\/td>\n<\/tr>\n<tr>\n<td>&nbsp;<\/td>\n<td style=\"text-align: left\">Madres\/Padres\/Tutores<\/td>\n<td style=\"text-align: left\">&nbsp;<\/td>\n<\/tr>\n<tr>\n<td>&nbsp;<\/td>\n<td style=\"text-align: left\">A.M.P.A.&nbsp;<\/td>\n<td style=\"text-align: left\">Bejarano Canterla, Josefa&nbsp;<\/td>\n<\/tr>\n<\/tbody>\n<\/table>\n<h3>Comisi\u00f3n de gratuidad de libros<\/h3>\n<table>\n<tbody>\n<tr style=\"background-color: #cccccc\">\n<td>&nbsp;&nbsp;&nbsp;&nbsp;&nbsp;<\/td>\n<td style=\"text-align: left\">Sector<\/td>\n<td style=\"text-align: left\">Miembros<\/td>\n<\/tr>\n<tr>\n<td>&nbsp;<\/td>\n<td style=\"text-align: left\">Secretario<\/td>\n<td style=\"text-align: left\">Gamero Borrego, Jos\u00e9 Ricardo<\/td>\n<\/tr>\n<tr>\n<td>&nbsp;<\/td>\n<td style=\"text-align: left\">Profesorado<\/td>\n<td style=\"text-align: left\">&nbsp;<\/td>\n<\/tr>\n<tr>\n<td>&nbsp;<\/td>\n<td style=\"text-align: left\">Madres\/Padres\/Tutores<\/td>\n<td style=\"text-align: left\">&nbsp;<\/td>\n<\/tr>\n<\/tbody>\n<\/table>\n<h3>Comisi\u00f3n de salud y riesgos laborales<\/h3>\n<table>\n<tbody>\n<tr style=\"background-color: #cccccc\">\n<td>&nbsp;<\/td>\n<td style=\"text-align: left\">Sector<\/td>\n<td style=\"text-align: left\">Miembros<\/td>\n<\/tr>\n<tr>\n<td>&nbsp;<\/td>\n<td style=\"text-align: left\">Directora<\/td>\n<td style=\"text-align: left\">Villa Delgado, Amalia Mar\u00eda<\/td>\n<\/tr>\n<tr>\n<td>&nbsp;<\/td>\n<td style=\"text-align: left\">Secretario<\/td>\n<td style=\"text-align: left\">Gamero Borrego, Jos\u00e9 Ricardo<\/td>\n<\/tr>\n<tr>\n<td>&nbsp;&nbsp;&nbsp;&nbsp;&nbsp;<\/td>\n<td style=\"text-align: left\">Profesorado<\/td>\n<td style=\"text-align: left\">&nbsp;<\/td>\n<\/tr>\n<tr>\n<td>&nbsp;<\/td>\n<td style=\"text-align: left\">Madres\/Padres\/Tutores<\/td>\n<td style=\"text-align: left\">&nbsp;<\/td>\n<\/tr>\n<tr>\n<td>&nbsp;<\/td>\n<td style=\"text-align: left\">P.A.E.<\/td>\n<td style=\"text-align: left\">P\u00e9rez Barrero, Rosario<\/td>\n<\/tr>\n<\/tbody>\n<\/table>\n<h3>Comisi\u00f3n de Evaluaci\u00f3n<\/h3>\n<table>\n<tbody>\n<tr style=\"background-color: #cccccc\">\n<td>&nbsp;&nbsp;&nbsp;&nbsp;&nbsp;<\/td>\n<td style=\"text-align: left\">Sector<\/td>\n<td style=\"text-align: left\">Miembros<\/td>\n<\/tr>\n<tr>\n<td>&nbsp;<\/td>\n<td style=\"text-align: left\">Directora<\/td>\n<td style=\"text-align: left\">Villa Delgado, Amalia Mar\u00eda<\/td>\n<\/tr>\n<tr>\n<td>&nbsp;<\/td>\n<td style=\"text-align: left\">Jefa de Estudios<\/td>\n<td style=\"text-align: left\">Duque Romero, Mar\u00eda Jes\u00fas<\/td>\n<\/tr>\n<tr>\n<td>&nbsp;<\/td>\n<td style=\"text-align: left\">Secretario<\/td>\n<td style=\"text-align: left\">Gamero Borrego, Jos\u00e9 Ricardo<\/td>\n<\/tr>\n<tr>\n<td>&nbsp;<\/td>\n<td style=\"text-align: left\">Profesorado<\/td>\n<td style=\"text-align: left\">&nbsp;<\/td>\n<\/tr>\n<tr>\n<td>&nbsp;<\/td>\n<td style=\"text-align: left\">Madres\/Padres\/Tutores<\/td>\n<td style=\"text-align: left\">&nbsp;<\/td>\n<\/tr>\n<tr>\n<td>&nbsp;<\/td>\n<td style=\"text-align: left\">Ayuntamiento<\/td>\n<td style=\"text-align: left\">&nbsp;<\/td>\n<\/tr>\n<tr>\n<td>&nbsp;<\/td>\n<td style=\"text-align: left\">P.A.S.<\/td>\n<td style=\"text-align: left\">P\u00e9rez Barrero, Rosario<\/td>\n<\/tr>\n<tr>\n<td>&nbsp;<\/td>\n<td style=\"text-align: left\">P.A.E.<\/td>\n<td style=\"text-align: left\">Murga Salas, Jos\u00e9<\/td>\n<\/tr>\n<\/tbody>\n<\/table>\n<h3>Comisi\u00f3n de Igualdad<\/h3>\n<table>\n<tbody>\n<tr style=\"background-color: #cccccc\">\n<td>&nbsp;<\/td>\n<td>Sector<\/td>\n<td>Miembros<\/td>\n<\/tr>\n<tr>\n<td>&nbsp;&nbsp;&nbsp;&nbsp;&nbsp;<\/td>\n<td style=\"text-align: left\">Profesorado<\/td>\n<td style=\"text-align: left\">&nbsp;<\/td>\n<\/tr>\n<tr>\n<td>&nbsp;<\/td>\n<td style=\"text-align: left\">Madres\/Padres\/Tutores<\/td>\n<td style=\"text-align: left\">&nbsp;<\/td>\n<\/tr>\n<\/tbody>\n<\/table>\n<p>&nbsp;<\/p>\n","protected":false},"excerpt":{"rendered":"<p>Consejo Escolar Fecha de constituci\u00f3n del Consejo: 03\/12\/2018 &nbsp; Sector Miembro &nbsp; Directora Villa Delgado, Amalia Mar\u00eda &nbsp; Jefa de Estudios Duque Romero, Mar\u00eda Jes\u00fas &nbsp; Secretario Gamero Borrego, Jos\u00e9 Ricardo &nbsp; Profesorado Bort&#46;&#46;&#46;<\/p>\n","protected":false},"author":2158,"featured_media":0,"parent":0,"menu_order":0,"comment_status":"closed","ping_status":"closed","template":"","meta":{"ngg_post_thumbnail":0,"footnotes":"","_mc_calendar":[]},"aioseo_notices":[],"_links":{"self":[{"href":"https:\/\/blogsaverroes.juntadeandalucia.es\/ceprjosenogales\/wp-json\/wp\/v2\/pages\/2649"}],"collection":[{"href":"https:\/\/blogsaverroes.juntadeandalucia.es\/ceprjosenogales\/wp-json\/wp\/v2\/pages"}],"about":[{"href":"https:\/\/blogsaverroes.juntadeandalucia.es\/ceprjosenogales\/wp-json\/wp\/v2\/types\/page"}],"author":[{"embeddable":true,"href":"https:\/\/blogsaverroes.juntadeandalucia.es\/ceprjosenogales\/wp-json\/wp\/v2\/users\/2158"}],"replies":[{"embeddable":true,"href":"https:\/\/blogsaverroes.juntadeandalucia.es\/ceprjosenogales\/wp-json\/wp\/v2\/comments?post=2649"}],"version-history":[{"count":21,"href":"https:\/\/blogsaverroes.juntadeandalucia.es\/ceprjosenogales\/wp-json\/wp\/v2\/pages\/2649\/revisions"}],"predecessor-version":[{"id":3116,"href":"https:\/\/blogsaverroes.juntadeandalucia.es\/ceprjosenogales\/wp-json\/wp\/v2\/pages\/2649\/revisions\/3116"}],"wp:attachment":[{"href":"https:\/\/blogsaverroes.juntadeandalucia.es\/ceprjosenogales\/wp-json\/wp\/v2\/media?parent=2649"}],"curies":[{"name":"wp","href":"https:\/\/api.w.org\/{rel}","templated":true}]}}