{"id":870,"date":"2015-03-16T07:24:27","date_gmt":"2015-03-16T07:24:27","guid":{"rendered":"http:\/\/blogsaverroes.juntadeandalucia.es\/pre\/ceip\/?page_id=103"},"modified":"2020-05-27T19:48:52","modified_gmt":"2020-05-27T18:48:52","slug":"aula-matinal","status":"publish","type":"page","link":"https:\/\/blogsaverroes.juntadeandalucia.es\/ceprjosenogales\/aula-matinal\/","title":{"rendered":"Aula Matinal"},"content":{"rendered":"<p><img loading=\"lazy\" decoding=\"async\" class=\" size-medium wp-image-226 alignleft\" src=\"http:\/\/blogsaverroes.juntadeandalucia.es\/pre\/ceip\/files\/2015\/03\/aula_matinal-300x186.jpg\" alt=\"aula_matinal\" width=\"300\" height=\"186\" srcset=\"https:\/\/blogsaverroes.juntadeandalucia.es\/ceprjosenogales\/files\/2015\/03\/aula_matinal-300x186.jpg 300w, https:\/\/blogsaverroes.juntadeandalucia.es\/ceprjosenogales\/files\/2015\/03\/aula_matinal-700x433.jpg 700w, https:\/\/blogsaverroes.juntadeandalucia.es\/ceprjosenogales\/files\/2015\/03\/aula_matinal-332x206.jpg 332w, https:\/\/blogsaverroes.juntadeandalucia.es\/ceprjosenogales\/files\/2015\/03\/aula_matinal.jpg 709w\" sizes=\"(max-width: 300px) 100vw, 300px\" \/><\/p>\n<h4>&nbsp;<\/h4>\n<h4>&nbsp;<\/h4>\n<h4>&nbsp;<\/h4>\n<table style=\"height: 36px\" width=\"186\">\n<tbody>\n<tr>\n<td>&nbsp;<\/td>\n<\/tr>\n<\/tbody>\n<\/table>\n<div class=\"inner_cuerpo\">\n<p style=\"text-align: justify\">Es una actividad&nbsp; para dar respuesta a la demanda originada por las exigencias laborales de los padres y madres, quienes se ven en la necesidad de delegar el cuidado de sus hijos e hijas durante el horario de 7:30 h.&nbsp; a 9:00 h., momento en el que da comienzo la actividad escolar. Durante este per\u00edodo de tiempo, los ni\u00f1os y ni\u00f1as realizan diversas actividades de car\u00e1cter l\u00fadico y educativo adecuadas a su edad y desarrollo madurativo. Entre otras muchas, se realizan actividades pl\u00e1sticas, dibujo, lectura, psicomotricidad, juegos populares, etc.<\/p>\n<p style=\"text-align: justify\">La atenci\u00f3n al alumnado de aula matinal se realiza por personal cualificado, entre cuyas funciones est\u00e1n las medidas de vigilancia y atenci\u00f3n educativa que precisen los menores en funci\u00f3n de su edad y necesidades.<\/p>\n<\/div>\n<h3><strong>Solicitudes<\/strong><\/h3>\n<p style=\"text-align: justify\">El servicio de aula matinal se solicita en el mes de <strong>junio<\/strong> en la matriculaci\u00f3n del alumnado y la solicitud de bonificaciones al precio p\u00fablico de dicho servicio se realiza a principios del mes de <strong>septiembre<\/strong> para posibilitar que los ingresos de referencia para el c\u00e1lculo de la bonificaci\u00f3n sea el del a\u00f1o inmediatamente anterior, y adecuarse en lo posible a la capacidad econ\u00f3mica real de las familias.<\/p>\n<p style=\"text-align: justify\">Tambi\u00e9n puede&nbsp;utilizarse&nbsp;<strong>cualquier d\u00eda<\/strong> previa inscripci\u00f3n y domiciliaci\u00f3n bancaria.<\/p>\n<table style=\"background-color: #cfcdca\" cellpadding=\"10\" border=\"15\">\n<tbody>\n<tr>\n<td>Desc\u00e1rgate los formularios, rell\u00e9nalos y entr\u00e9galos en la secretar\u00eda del Colegio:<\/p>\n<ul style=\"list-style-type: square\">\n<li style=\"text-align: left\">Solicitud de inscripci\u00f3n: <a href=\"https:\/\/www.juntadeandalucia.es\/educacion\/portals\/delegate\/content\/6c4342f7-1581-4c26-bc7e-2e49b4b64cee\/Anexo%20II.-%20Servicio%20de%20Aula%20Matinal,%20Comedor%20Escolar%20y%20actividades%20Extraescolares\" target=\"_blank\" rel=\"noopener noreferrer\">Anexo_II<\/a><\/li>\n<li style=\"text-align: left\">Solicitud de bonificaci\u00f3n: <a href=\"https:\/\/www.juntadeandalucia.es\/educacion\/portals\/delegate\/content\/fcc8b9c5-53ad-46ca-9098-80d7b3c81097\/Anexo%20V.-%20Gratuidad\/bonificaci%C3%B3n%20del%20precio%20p%C3%BAblico%20por%20los%20servicios%20complementarios%20de%20Aula%20Matinal,%20Comedor%20Escolar%20y%20Actividades%20Extraescolares\" target=\"_blank\" rel=\"noopener noreferrer\">Anexo_V<\/a><\/li>\n<li style=\"text-align: left\">Solicitud de baja en el servicio: <a href=\"http:\/\/blogsaverroes.juntadeandalucia.es\/ceprjosenogales\/files\/2015\/03\/solicitud_baja_paf.pdf\">Anexo baja<\/a><a href=\"http:\/\/blogsaverroes.juntadeandalucia.es\/ceprjosenogales\/files\/2015\/03\/download_pdf_1.png\"><img loading=\"lazy\" decoding=\"async\" class=\"wp-image-2424 alignright\" src=\"http:\/\/blogsaverroes.juntadeandalucia.es\/ceprjosenogales\/files\/2015\/03\/download_pdf_1.png\" alt=\"\" width=\"43\" height=\"43\" srcset=\"https:\/\/blogsaverroes.juntadeandalucia.es\/ceprjosenogales\/files\/2015\/03\/download_pdf_1.png 256w, https:\/\/blogsaverroes.juntadeandalucia.es\/ceprjosenogales\/files\/2015\/03\/download_pdf_1-150x150.png 150w, https:\/\/blogsaverroes.juntadeandalucia.es\/ceprjosenogales\/files\/2015\/03\/download_pdf_1-100x100.png 100w, https:\/\/blogsaverroes.juntadeandalucia.es\/ceprjosenogales\/files\/2015\/03\/download_pdf_1-24x24.png 24w, https:\/\/blogsaverroes.juntadeandalucia.es\/ceprjosenogales\/files\/2015\/03\/download_pdf_1-36x36.png 36w, https:\/\/blogsaverroes.juntadeandalucia.es\/ceprjosenogales\/files\/2015\/03\/download_pdf_1-48x48.png 48w\" sizes=\"(max-width: 43px) 100vw, 43px\" \/><\/a><\/li>\n<\/ul>\n<\/td>\n<\/tr>\n<\/tbody>\n<\/table>\n<h3><strong>Normativa<\/strong><\/h3>\n<div class=\"portlet-content\">\n<div class=\" portlet-content-container\">\n<div class=\"portlet-body\">\n<div class=\"contenido_portlet \">\n<div class=\"portlet_normativas\">\n<div class=\"listadoNormativas normativas-selected\">\n<div class=\"wrapper-listado\">\n<ul class=\"listado\">\n<li class=\"item item_listado clearfix item\">\n<div class=\"inner-item\">\n<div class=\"wrapper_fecha\">\n<p class=\"fecha\"><span class=\"fecha-dia\">15<\/span> de <span class=\"fecha-mes\">mayo<\/span> de <span class=\"fecha-anyo\">2017<\/span><\/p>\n<\/div>\n<p class=\"titulo\" style=\"text-align: justify\"><a title=\"Resoluci\u00f3n de 15 de mayo de 2017, de la Direcci\u00f3n General de Planificaci\u00f3n y Centros, por la que se establece el calendario de actuaciones en el procedimiento de admisi\u00f3n del alumnado en los servicios complementarios de aula matinal, comedor escolar y actividades extraescolares para el curso escolar 2017\/18.\" href=\"http:\/\/portals.ced.junta-andalucia.es\/educacion\/portals\/web\/ced\/servicios-complementarios\/-\/normativas\/detalle\/resolucion-de-15-de-mayo-de-2017-de-la-direccion-general-de-planificacion-y-centros-por-la-que-se-establece-el\"> Resoluci\u00f3n de 15 de mayo de 2017, de la Direcci\u00f3n General de Planificaci\u00f3n y Centros, por la que se establece el calendario de actuaciones en el procedimiento de admisi\u00f3n del alumnado en los servicios complementarios de aula matinal, comedor escolar y actividades extraescolares para el curso escolar 2017\/18. <\/a><\/p>\n<\/div>\n<\/li>\n<li class=\"item item_listado clearfix item\">\n<div class=\"inner-item\">\n<div class=\"wrapper_fecha\">\n<p class=\"fecha\"><span class=\"fecha-dia\">17<\/span> de <span class=\"fecha-mes\">abril<\/span> de <span class=\"fecha-anyo\">2017<\/span><\/p>\n<\/div>\n<p class=\"titulo\" style=\"text-align: justify\"><a title=\"Orden de 17 abril de 2017, por la que se regula la organizaci\u00f3n y el funcionamiento de los servicios complementarios de aula matinal, comedor escolar y actividades extraescolares, as\u00ed como el uso de las instalaciones de los centros docentes p\u00fablicos de la Comunidad Aut\u00f3noma de Andaluc\u00eda fuera del horario escolar.\" href=\"http:\/\/portals.ced.junta-andalucia.es\/educacion\/portals\/web\/ced\/servicios-complementarios\/-\/normativas\/detalle\/orden-de-17-abril-de-2017-por-la-que-se-regula-la-organizacion-y-el-funcionamiento-de-los-servicios-complementarios-de\"> Orden de 17 abril de 2017, por la que se regula la organizaci\u00f3n y el funcionamiento de los servicios complementarios de aula matinal, comedor escolar y actividades extraescolares, as\u00ed como el uso de las instalaciones de los centros docentes p\u00fablicos de la Comunidad Aut\u00f3noma de Andaluc\u00eda fuera del horario escolar. <\/a><\/p>\n<\/div>\n<\/li>\n<li class=\"item item_listado clearfix item\">\n<div class=\"inner-item\">\n<div class=\"wrapper_fecha\">\n<p class=\"fecha\"><span class=\"fecha-dia\">16<\/span> de <span class=\"fecha-mes\">enero<\/span> de <span class=\"fecha-anyo\">2017<\/span><\/p>\n<\/div>\n<p class=\"titulo\" style=\"text-align: justify\"><a title=\"Decreto 6\/2017, de 16 de enero, por el que se regulan los servicios complementarios de aula matinal, comedor escolar y actividades extraescolares, as\u00ed como el uso de las instalaciones de los centros docentes p\u00fablicos de la Comunidad Aut\u00f3noma de Andaluc\u00eda fuera del horario escolar.\" href=\"http:\/\/portals.ced.junta-andalucia.es\/educacion\/portals\/web\/ced\/servicios-complementarios\/-\/normativas\/detalle\/decreto-6-2017-de-16-de-enero-por-el-que-se-regulan-los-servicios-complementarios-de-aula-matinal-comedor-escolar-y\"> Decreto 6\/2017, de 16 de enero, por el que se regulan los servicios complementarios de aula matinal, comedor escolar y actividades extraescolares, as\u00ed como el uso de las instalaciones de los centros docentes p\u00fablicos de la Comunidad Aut\u00f3noma de Andaluc\u00eda fuera del horario escolar. <\/a><\/p>\n<\/div>\n<\/li>\n<\/ul>\n<\/div>\n<\/div>\n<\/div>\n<\/div>\n<\/div>\n<\/div>\n<\/div>\n<h3><strong>Empresa<\/strong><\/h3>\n<p>La empresa encargada del Aula matinal en nuestro Colegio es:<\/p>\n<div><a href=\"http:\/\/www.coperaula.com\/index.html\" target=\"_blank\" rel=\"noopener noreferrer\"><span class=\"ff1\"><span class=\"fs26\"><b><span class=\"cf3\"><img loading=\"lazy\" decoding=\"async\" class=\"alignnone\" src=\"http:\/\/www.coperaula.com\/images\/head.png\" alt=\"http:\/\/www.coperaula.com\/images\/head.png\" width=\"121\" height=\"47\"><\/span><\/b><\/span><\/span><\/a><\/div>\n<blockquote>\n<div><span class=\"ff1\"><span class=\"fs12 cf1\">C \/ Rasc\u00f3n 33 Local<\/span><\/span><\/div>\n<div><span class=\"ff1\"><span class=\"fs12 cf1\">21001 Huelva<\/span><\/span><\/div>\n<\/blockquote>\n<blockquote>\n<div><span class=\"ff1\"><span class=\"fs12 cf1\"><strong>Tel\u00e9fono:<\/strong><b> <\/b>959 81 92 23 &#8211; 959 81 92 24<br \/>\n<\/span><\/span><\/div>\n<\/blockquote>\n<blockquote>\n<div><span class=\"ff1\"><span class=\"fs12 cf1\"><strong>Fax:<\/strong> 959 81 92 25 <\/span><\/span><\/div>\n<\/blockquote>\n<blockquote>\n<div><span class=\"ff1\"><span class=\"fs12 cf1\"><strong>email:<\/strong> administracion@coperaula.com<\/span><\/span><\/div>\n<\/blockquote>\n<p>&nbsp;<\/p>\n","protected":false},"excerpt":{"rendered":"<p>&nbsp; &nbsp; &nbsp; &nbsp; Es una actividad&nbsp; para dar respuesta a la demanda originada por las exigencias laborales de los padres y madres, quienes se ven en la necesidad de delegar el cuidado de&#46;&#46;&#46;<\/p>\n","protected":false},"author":1,"featured_media":0,"parent":0,"menu_order":0,"comment_status":"closed","ping_status":"open","template":"","meta":{"ngg_post_thumbnail":0,"footnotes":"","_mc_calendar":[]},"aioseo_notices":[],"_links":{"self":[{"href":"https:\/\/blogsaverroes.juntadeandalucia.es\/ceprjosenogales\/wp-json\/wp\/v2\/pages\/870"}],"collection":[{"href":"https:\/\/blogsaverroes.juntadeandalucia.es\/ceprjosenogales\/wp-json\/wp\/v2\/pages"}],"about":[{"href":"https:\/\/blogsaverroes.juntadeandalucia.es\/ceprjosenogales\/wp-json\/wp\/v2\/types\/page"}],"author":[{"embeddable":true,"href":"https:\/\/blogsaverroes.juntadeandalucia.es\/ceprjosenogales\/wp-json\/wp\/v2\/users\/1"}],"replies":[{"embeddable":true,"href":"https:\/\/blogsaverroes.juntadeandalucia.es\/ceprjosenogales\/wp-json\/wp\/v2\/comments?post=870"}],"version-history":[{"count":29,"href":"https:\/\/blogsaverroes.juntadeandalucia.es\/ceprjosenogales\/wp-json\/wp\/v2\/pages\/870\/revisions"}],"predecessor-version":[{"id":2352,"href":"https:\/\/blogsaverroes.juntadeandalucia.es\/ceprjosenogales\/wp-json\/wp\/v2\/pages\/870\/revisions\/2352"}],"wp:attachment":[{"href":"https:\/\/blogsaverroes.juntadeandalucia.es\/ceprjosenogales\/wp-json\/wp\/v2\/media?parent=870"}],"curies":[{"name":"wp","href":"https:\/\/api.w.org\/{rel}","templated":true}]}}