{"id":2455,"date":"2018-04-22T12:09:37","date_gmt":"2018-04-22T12:09:37","guid":{"rendered":"https:\/\/blogsaverroes.juntadeandalucia.es\/cepvirgendelavilla\/?page_id=2455"},"modified":"2024-10-31T09:48:58","modified_gmt":"2024-10-31T09:48:58","slug":"nuestra-historia","status":"publish","type":"page","link":"https:\/\/blogsaverroes.juntadeandalucia.es\/cepvirgendelavilla\/nuestra-historia\/","title":{"rendered":"NUESTRA HISTORIA"},"content":{"rendered":"<p style=\"text-align: justify\">&nbsp;Nuestro Centro Educativo est\u00e1 situado actualmente en la zona sur de Martos en las postrimer\u00edas de la ladera de la Pe\u00f1a, ocupando la parte llana de la localidad, pero \u00e9sta no ha sido siempre su ubicaci\u00f3n.&nbsp;<\/p>\n<p><a href=\"https:\/\/blogsaverroes.juntadeandalucia.es\/cepvirgendelavilla\/files\/2024\/10\/20190507_092610.jpg\"><img loading=\"lazy\" decoding=\"async\" class=\"aligncenter size-medium wp-image-2657\" src=\"https:\/\/blogsaverroes.juntadeandalucia.es\/cepvirgendelavilla\/files\/2024\/10\/20190507_092610-300x225.jpg\" alt=\"\" width=\"300\" height=\"225\" srcset=\"https:\/\/blogsaverroes.juntadeandalucia.es\/cepvirgendelavilla\/files\/2024\/10\/20190507_092610-300x225.jpg 300w, https:\/\/blogsaverroes.juntadeandalucia.es\/cepvirgendelavilla\/files\/2024\/10\/20190507_092610-1024x768.jpg 1024w, https:\/\/blogsaverroes.juntadeandalucia.es\/cepvirgendelavilla\/files\/2024\/10\/20190507_092610-768x576.jpg 768w, https:\/\/blogsaverroes.juntadeandalucia.es\/cepvirgendelavilla\/files\/2024\/10\/20190507_092610-1536x1152.jpg 1536w, https:\/\/blogsaverroes.juntadeandalucia.es\/cepvirgendelavilla\/files\/2024\/10\/20190507_092610-2048x1536.jpg 2048w, https:\/\/blogsaverroes.juntadeandalucia.es\/cepvirgendelavilla\/files\/2024\/10\/20190507_092610.jpg 1600w\" sizes=\"(max-width: 300px) 100vw, 300px\" \/><\/a><\/p>\n","protected":false},"excerpt":{"rendered":"<p>&nbsp;Nuestro Centro Educativo est\u00e1 situado actualmente en la zona sur de Martos en las postrimer\u00edas de la ladera de la Pe\u00f1a, ocupando la parte llana de la localidad, pero \u00e9sta no ha sido siempre&#46;&#46;&#46;<\/p>\n","protected":false},"author":6203,"featured_media":0,"parent":0,"menu_order":0,"comment_status":"closed","ping_status":"closed","template":"","meta":{"ngg_post_thumbnail":0,"footnotes":"","_mc_calendar":[]},"aioseo_notices":[],"_links":{"self":[{"href":"https:\/\/blogsaverroes.juntadeandalucia.es\/cepvirgendelavilla\/wp-json\/wp\/v2\/pages\/2455"}],"collection":[{"href":"https:\/\/blogsaverroes.juntadeandalucia.es\/cepvirgendelavilla\/wp-json\/wp\/v2\/pages"}],"about":[{"href":"https:\/\/blogsaverroes.juntadeandalucia.es\/cepvirgendelavilla\/wp-json\/wp\/v2\/types\/page"}],"author":[{"embeddable":true,"href":"https:\/\/blogsaverroes.juntadeandalucia.es\/cepvirgendelavilla\/wp-json\/wp\/v2\/users\/6203"}],"replies":[{"embeddable":true,"href":"https:\/\/blogsaverroes.juntadeandalucia.es\/cepvirgendelavilla\/wp-json\/wp\/v2\/comments?post=2455"}],"version-history":[{"count":2,"href":"https:\/\/blogsaverroes.juntadeandalucia.es\/cepvirgendelavilla\/wp-json\/wp\/v2\/pages\/2455\/revisions"}],"predecessor-version":[{"id":2866,"href":"https:\/\/blogsaverroes.juntadeandalucia.es\/cepvirgendelavilla\/wp-json\/wp\/v2\/pages\/2455\/revisions\/2866"}],"wp:attachment":[{"href":"https:\/\/blogsaverroes.juntadeandalucia.es\/cepvirgendelavilla\/wp-json\/wp\/v2\/media?parent=2455"}],"curies":[{"name":"wp","href":"https:\/\/api.w.org\/{rel}","templated":true}]}}