{"id":2693,"date":"2024-10-29T18:27:37","date_gmt":"2024-10-29T18:27:37","guid":{"rendered":"https:\/\/blogsaverroes.juntadeandalucia.es\/cepvirgendelavilla\/?page_id=2693"},"modified":"2024-10-30T16:30:32","modified_gmt":"2024-10-30T16:30:32","slug":"ensenanzas","status":"publish","type":"page","link":"https:\/\/blogsaverroes.juntadeandalucia.es\/cepvirgendelavilla\/ensenanzas\/","title":{"rendered":"ENSE\u00d1ANZAS"},"content":{"rendered":"<p style=\"text-align: justify\" data-sourcepos=\"3:1-3:357\">El<strong> CEPr Virgen de la Villa de Martos. Ja\u00e9n<\/strong>&nbsp;ofrece una educaci\u00f3n integral a ni\u00f1os y ni\u00f1as desde los 6 hasta los 12 a\u00f1os, cubriendo los primeros cursos de la educaci\u00f3n obligatoria. Su objetivo principal es proporcionar una base s\u00f3lida en conocimientos, habilidades y valores para que los estudiantes puedan desenvolverse con \u00e9xito en la sociedad.<\/p>\n<p style=\"text-align: justify\" data-sourcepos=\"5:1-5:113\"><strong>Las ense\u00f1anzas impartidas en nuestro colegio abarcan diversas \u00e1reas del conocimiento, entre las que destacan:<\/strong><\/p>\n<ul style=\"text-align: justify\" data-sourcepos=\"7:1-13:0\">\n<li data-sourcepos=\"7:1-7:174\"><strong>Lengua castellana y literatura:<\/strong> Se fomenta la comprensi\u00f3n lectora, la expresi\u00f3n escrita y oral, y el conocimiento de la lengua espa\u00f1ola en sus diversas manifestaciones.<\/li>\n<li data-sourcepos=\"8:1-8:147\"><strong>Matem\u00e1ticas:<\/strong> Se desarrollan las competencias matem\u00e1ticas b\u00e1sicas, como el c\u00e1lculo, la resoluci\u00f3n de problemas, la geometr\u00eda y la estad\u00edstica.<\/li>\n<li data-sourcepos=\"9:1-9:216\"><strong>Conocimiento del medio natural, social y cultural:<\/strong> Se estudia el entorno natural, la sociedad y la cultura, tanto a nivel local como global, fomentando el respeto por el medio ambiente y la diversidad cultural.<\/li>\n<li data-sourcepos=\"10:1-10:203\"><strong>Lengua extranjera:<\/strong> Se introduce el aprendizaje de una lengua extranjera, generalmente el ingl\u00e9s, para favorecer la comunicaci\u00f3n intercultural y preparar a los estudiantes para un mundo globalizado.<\/li>\n<li data-sourcepos=\"11:1-11:121\"><strong>Educaci\u00f3n f\u00edsica:<\/strong> Se promueve la actividad f\u00edsica y la salud, a trav\u00e9s de diversas disciplinas deportivas y juegos.<\/li>\n<li data-sourcepos=\"12:1-13:0\"><strong>Artes pl\u00e1sticas y visuales, m\u00fasica:<\/strong> Se fomenta la creatividad, la expresi\u00f3n art\u00edstica y la sensibilidad est\u00e9tica.<\/li>\n<li data-sourcepos=\"12:1-13:0\"><strong>Rob\u00f3tica<\/strong>.<\/li>\n<li data-sourcepos=\"12:1-13:0\"><strong>Biling\u00fcismo<\/strong>.<\/li>\n<\/ul>\n<p style=\"text-align: justify\" data-sourcepos=\"14:1-14:110\"><strong>Adem\u00e1s de estas \u00e1reas, se trabaja para&nbsp; desarrollo de competencias clave como:<\/strong><\/p>\n<ul style=\"text-align: justify\" data-sourcepos=\"16:1-21:0\">\n<li data-sourcepos=\"16:1-16:139\"><strong>Comunicaci\u00f3n ling\u00fc\u00edstica:<\/strong> Capacidad para expresarse de forma oral y escrita, comprender textos y comunicarse en diferentes contextos.<\/li>\n<li data-sourcepos=\"17:1-17:192\"><strong>Competencia matem\u00e1tica y competencias b\u00e1sicas en ciencia y tecnolog\u00eda:<\/strong> Capacidad para utilizar el razonamiento matem\u00e1tico, resolver problemas y comprender el mundo natural y tecnol\u00f3gico.<\/li>\n<li data-sourcepos=\"18:1-18:154\"><strong>Competencias en el aprendizaje aut\u00f3nomo:<\/strong> Capacidad para aprender de forma aut\u00f3noma, gestionar el propio aprendizaje y adquirir nuevos conocimientos.<\/li>\n<li data-sourcepos=\"19:1-19:153\"><strong>Competencias sociales y c\u00edvicas:<\/strong> Capacidad para relacionarse con los dem\u00e1s, participar en la vida social y c\u00edvica, y respetar los derechos humanos.<\/li>\n<li data-sourcepos=\"20:1-21:0\"><strong>Competencia cultural y art\u00edstica:<\/strong> Capacidad para apreciar y comprender las diferentes manifestaciones culturales y art\u00edsticas, y expresarse creativamente.<\/li>\n<\/ul>\n<p style=\"text-align: justify\" data-sourcepos=\"22:1-22:55\"><strong>La educaci\u00f3n en nuestro colegio se caracteriza por:<\/strong><\/p>\n<ul style=\"text-align: justify\" data-sourcepos=\"24:1-29:0\">\n<li data-sourcepos=\"24:1-24:128\"><strong>Un enfoque competencial:<\/strong> Se busca que los estudiantes adquieran las competencias necesarias para desenvolverse en la vida.<\/li>\n<li data-sourcepos=\"25:1-25:172\"><strong>La atenci\u00f3n a la diversidad:<\/strong> Se adapta la ense\u00f1anza a las necesidades de cada alumno, teniendo en cuenta sus ritmos de aprendizaje y sus caracter\u00edsticas individuales.<\/li>\n<li data-sourcepos=\"26:1-26:102\"><strong>El trabajo cooperativo:<\/strong> Se fomenta el trabajo en equipo y la colaboraci\u00f3n entre los estudiantes.<\/li>\n<li data-sourcepos=\"27:1-27:123\"><strong>La utilizaci\u00f3n de recursos tecnol\u00f3gicos:<\/strong> Se incorporan las nuevas tecnolog\u00edas en el proceso de ense\u00f1anza-aprendizaje.<\/li>\n<li data-sourcepos=\"28:1-29:0\"><strong>La promoci\u00f3n de valores:<\/strong> Se educa en valores como la tolerancia, la solidaridad, la igualdad y el respeto.<\/li>\n<\/ul>\n","protected":false},"excerpt":{"rendered":"<p>El CEPr Virgen de la Villa de Martos. Ja\u00e9n&nbsp;ofrece una educaci\u00f3n integral a ni\u00f1os y ni\u00f1as desde los 6 hasta los 12 a\u00f1os, cubriendo los primeros cursos de la educaci\u00f3n obligatoria. Su objetivo principal&#46;&#46;&#46;<\/p>\n","protected":false},"author":6203,"featured_media":0,"parent":0,"menu_order":0,"comment_status":"closed","ping_status":"closed","template":"page-template-full.php","meta":{"ngg_post_thumbnail":0,"footnotes":"","_mc_calendar":[]},"aioseo_notices":[],"_links":{"self":[{"href":"https:\/\/blogsaverroes.juntadeandalucia.es\/cepvirgendelavilla\/wp-json\/wp\/v2\/pages\/2693"}],"collection":[{"href":"https:\/\/blogsaverroes.juntadeandalucia.es\/cepvirgendelavilla\/wp-json\/wp\/v2\/pages"}],"about":[{"href":"https:\/\/blogsaverroes.juntadeandalucia.es\/cepvirgendelavilla\/wp-json\/wp\/v2\/types\/page"}],"author":[{"embeddable":true,"href":"https:\/\/blogsaverroes.juntadeandalucia.es\/cepvirgendelavilla\/wp-json\/wp\/v2\/users\/6203"}],"replies":[{"embeddable":true,"href":"https:\/\/blogsaverroes.juntadeandalucia.es\/cepvirgendelavilla\/wp-json\/wp\/v2\/comments?post=2693"}],"version-history":[{"count":3,"href":"https:\/\/blogsaverroes.juntadeandalucia.es\/cepvirgendelavilla\/wp-json\/wp\/v2\/pages\/2693\/revisions"}],"predecessor-version":[{"id":2753,"href":"https:\/\/blogsaverroes.juntadeandalucia.es\/cepvirgendelavilla\/wp-json\/wp\/v2\/pages\/2693\/revisions\/2753"}],"wp:attachment":[{"href":"https:\/\/blogsaverroes.juntadeandalucia.es\/cepvirgendelavilla\/wp-json\/wp\/v2\/media?parent=2693"}],"curies":[{"name":"wp","href":"https:\/\/api.w.org\/{rel}","templated":true}]}}