{"id":257,"date":"2025-07-05T10:21:46","date_gmt":"2025-07-05T08:21:46","guid":{"rendered":"https:\/\/blogsaverroes.juntadeandalucia.es\/chemaef\/?page_id=257"},"modified":"2025-07-05T10:28:37","modified_gmt":"2025-07-05T08:28:37","slug":"referentes-de-evaluacion","status":"publish","type":"page","link":"https:\/\/blogsaverroes.juntadeandalucia.es\/chemaef\/referentes-de-evaluacion\/","title":{"rendered":"Referentes de evaluaci\u00f3n"},"content":{"rendered":"<h2 data-start=\"242\" data-end=\"321\"><img loading=\"lazy\" decoding=\"async\" class=\"alignnone size-full wp-image-258 aligncenter\" src=\"https:\/\/blogsaverroes.juntadeandalucia.es\/chemaef\/files\/2025\/07\/Sin-titulo-1.jpg\" alt=\"\" width=\"284\" height=\"177\" \/><\/h2>\n<h2 data-start=\"242\" data-end=\"321\">\ud83c\udfaf Referentes de evaluaci\u00f3n en Educaci\u00f3n F\u00edsica: \u00bfQu\u00e9 nos dice la normativa?<\/h2>\n<p data-start=\"323\" data-end=\"744\">Cuando hablamos de <strong data-start=\"342\" data-end=\"376\">evaluaci\u00f3n en Educaci\u00f3n F\u00edsica<\/strong>, no solo pensamos en una nota final. Evaluar es <strong data-start=\"425\" data-end=\"456\">observar, acompa\u00f1ar y guiar<\/strong> el proceso de aprendizaje del alumnado. Pero, \u00bfen qu\u00e9 debemos basarnos? \u00bfQu\u00e9 debemos tener como referencia para valorar si nuestros estudiantes est\u00e1n aprendiendo? La normativa educativa vigente nos da la respuesta: <strong data-start=\"672\" data-end=\"743\">los criterios de evaluaci\u00f3n y los descriptores del perfil de salida<\/strong>.<\/p>\n<h3 data-start=\"746\" data-end=\"791\">\ud83d\udcd8 \u00bfQu\u00e9 son los referentes de evaluaci\u00f3n?<\/h3>\n<p data-start=\"793\" data-end=\"1083\">Los <strong data-start=\"797\" data-end=\"825\">referentes de evaluaci\u00f3n<\/strong> son los <strong data-start=\"834\" data-end=\"918\">criterios que orientan qu\u00e9 observar, c\u00f3mo hacerlo y qu\u00e9 nivel de logro se espera<\/strong> en el alumnado. No son inventados por el docente: est\u00e1n definidos en la legislaci\u00f3n educativa vigente. En Andaluc\u00eda, estos referentes est\u00e1n claramente marcados por:<\/p>\n<ul data-start=\"1085\" data-end=\"1282\">\n<li data-start=\"1085\" data-end=\"1159\">\n<p data-start=\"1087\" data-end=\"1159\">El <strong data-start=\"1090\" data-end=\"1110\">Decreto 101\/2023<\/strong>, de 9 de mayo (curr\u00edculo de Educaci\u00f3n Primaria).<\/p>\n<\/li>\n<li data-start=\"1160\" data-end=\"1226\">\n<p data-start=\"1162\" data-end=\"1226\">La <strong data-start=\"1165\" data-end=\"1196\">Orden de 30 de mayo de 2023<\/strong>, que desarrolla el curr\u00edculo.<\/p>\n<\/li>\n<li data-start=\"1227\" data-end=\"1282\">\n<p data-start=\"1229\" data-end=\"1282\">La <strong data-start=\"1232\" data-end=\"1242\">LOMLOE<\/strong> (Ley Org\u00e1nica 3\/2020), a nivel estatal.<\/p>\n<\/li>\n<\/ul>\n<h3 data-start=\"1284\" data-end=\"1350\">\ud83d\udccc \u00bfCu\u00e1les son los principales referentes en Educaci\u00f3n F\u00edsica?<\/h3>\n<ol data-start=\"1352\" data-end=\"2252\">\n<li data-start=\"1352\" data-end=\"1816\">\n<p data-start=\"1355\" data-end=\"1816\"><strong data-start=\"1355\" data-end=\"1386\">Los criterios de evaluaci\u00f3n<\/strong>:<br data-start=\"1387\" data-end=\"1390\" \/>Son el eje de toda evaluaci\u00f3n. Definen <strong data-start=\"1432\" data-end=\"1471\">qu\u00e9 se espera que el alumnado logre<\/strong> al finalizar cada curso o ciclo. Est\u00e1n redactados en t\u00e9rminos competenciales y ligados a las competencias espec\u00edficas del \u00e1rea.<br data-start=\"1599\" data-end=\"1602\" \/>\ud83d\udc49 Por ejemplo: \u201cVivenciar y emplear los componentes cualitativos y cuantitativos de la motricidad de forma l\u00fadica en diferentes situaciones y contextos, mejorando progresivamente su control y dominio corporal\u201d.<\/p>\n<\/li>\n<li data-start=\"1818\" data-end=\"2066\">\n<p data-start=\"1821\" data-end=\"2066\"><strong data-start=\"1821\" data-end=\"1862\">Los descriptores del perfil de salida<\/strong>:<br data-start=\"1863\" data-end=\"1866\" \/>Relacionados con las <strong data-start=\"1890\" data-end=\"1912\">competencias clave<\/strong> europeas. Nos ayudan a conectar lo que ense\u00f1amos en EF con el desarrollo integral del alumnado (aprendizaje para la vida, salud, relaciones, autonom\u00eda\u2026).<\/p>\n<\/li>\n<li data-start=\"2068\" data-end=\"2252\">\n<p data-start=\"2071\" data-end=\"2252\"><strong data-start=\"2071\" data-end=\"2094\">Los saberes b\u00e1sicos<\/strong>:<br data-start=\"2095\" data-end=\"2098\" \/>Son los contenidos que permiten alcanzar las competencias espec\u00edficas. No se eval\u00faan de forma aislada, sino como <strong data-start=\"2214\" data-end=\"2251\">parte del desarrollo competencial<\/strong>.<\/p>\n<\/li>\n<\/ol>\n<h3 data-start=\"2254\" data-end=\"2297\">\ud83e\udded \u00bfY c\u00f3mo se aplican estos referentes?<\/h3>\n<p data-start=\"2299\" data-end=\"2347\">En nuestras situaciones de aprendizaje, debemos:<\/p>\n<ul data-start=\"2348\" data-end=\"2659\">\n<li data-start=\"2348\" data-end=\"2406\">\n<p data-start=\"2350\" data-end=\"2406\">Partir siempre de <strong data-start=\"2368\" data-end=\"2405\">criterios de evaluaci\u00f3n concretos<\/strong>.<\/p>\n<\/li>\n<li data-start=\"2407\" data-end=\"2466\">\n<p data-start=\"2409\" data-end=\"2466\">Relacionarlos con <strong data-start=\"2427\" data-end=\"2455\">competencias espec\u00edficas<\/strong> y saberes.<\/p>\n<\/li>\n<li data-start=\"2467\" data-end=\"2556\">\n<p data-start=\"2469\" data-end=\"2556\">Dise\u00f1ar actividades significativas que permitan <strong data-start=\"2517\" data-end=\"2555\">observar evidencias de aprendizaje<\/strong>.<\/p>\n<\/li>\n<li data-start=\"2557\" data-end=\"2659\">\n<p data-start=\"2559\" data-end=\"2659\">Establecer <strong data-start=\"2570\" data-end=\"2586\">instrumentos<\/strong> (r\u00fabricas, listas de observaci\u00f3n, diarios\u2026) que recojan esa informaci\u00f3n.<\/p>\n<\/li>\n<\/ul>\n<h3 data-start=\"2661\" data-end=\"2706\">\ud83e\udde0 \u00bfY los referentes para el profesorado?<\/h3>\n<p data-start=\"2708\" data-end=\"2887\">El marco normativo tambi\u00e9n nos invita a evaluar nuestra propia pr\u00e1ctica. La <strong data-start=\"2784\" data-end=\"2810\">autoevaluaci\u00f3n docente<\/strong> y la reflexi\u00f3n sobre los resultados del grupo clase son claves para mejorar.<\/p>\n<h3 data-start=\"2894\" data-end=\"2912\">\ud83d\udcdd En resumen:<\/h3>\n<p data-start=\"2894\" data-end=\"2912\"><span style=\"font-size: 12pt\">Los <strong>criterios de evaluaci\u00f3n<\/strong> y los <strong>descriptores del perfil de salida<\/strong> son nuestros faros. Evaluamos para ayudar a nuestro alumnado a crecer, y lo hacemos con rigor, coherencia y siempre desde una mirada inclusiva y formativa.<\/span><\/p>\n<p data-start=\"2894\" data-end=\"2912\">\n<table style=\"border-collapse: collapse;width: 100%\">\n<tbody>\n<tr>\n<td style=\"width: 100%;text-align: center\"><span style=\"font-size: 18pt\"><strong>CRITERIOS DE EVALUACI\u00d3N EF POR CURSO<\/strong><\/span><\/td>\n<\/tr>\n<tr>\n<td style=\"width: 100%;text-align: center\"><a href=\"https:\/\/blogsaverroes.juntadeandalucia.es\/chemaef\/files\/2025\/07\/REFERENTE-DE-EVALUACION-EF-1o-PRIMARIA.pdf\">REFERENTE DE EVALUACIO\u0301N EF 1\u00ba PRIMARIA<\/a><\/td>\n<\/tr>\n<tr>\n<td style=\"width: 100%;text-align: center\"><a href=\"https:\/\/blogsaverroes.juntadeandalucia.es\/chemaef\/files\/2025\/07\/REFERENTE-DE-EVALUACION-EF-2o-PRIMARIA.pdf\">REFERENTE DE EVALUACIO\u0301N EF 2\u00ba PRIMARIA<\/a><\/td>\n<\/tr>\n<tr>\n<td style=\"width: 100%;text-align: center\"><a href=\"https:\/\/blogsaverroes.juntadeandalucia.es\/chemaef\/files\/2025\/07\/REFERENTE-DE-EVALUACION-EF-3o-PRIMARIA.pdf\">REFERENTE DE EVALUACIO\u0301N EF 3\u00ba PRIMARIA<\/a><\/td>\n<\/tr>\n<tr>\n<td style=\"width: 100%;text-align: center\"><a href=\"https:\/\/blogsaverroes.juntadeandalucia.es\/chemaef\/files\/2025\/07\/REFERENTE-DE-EVALUACION-EF-4o-PRIMARIA.pdf\">REFERENTE DE EVALUACIO\u0301N EF 4\u00ba PRIMARIA<\/a><\/td>\n<\/tr>\n<tr>\n<td style=\"width: 100%;text-align: center\"><a href=\"https:\/\/blogsaverroes.juntadeandalucia.es\/chemaef\/files\/2025\/07\/REFERENTE-DE-EVALUACION-EF-5o-PRIMARIA.pdf\">REFERENTE DE EVALUACIO\u0301N EF 5\u00ba PRIMARIA<\/a><\/td>\n<\/tr>\n<tr>\n<td style=\"width: 100%;text-align: center\"><a href=\"https:\/\/blogsaverroes.juntadeandalucia.es\/chemaef\/files\/2025\/07\/REFERENTE-DE-EVALUACION-EF-6o-PRIMARIA.pdf\">REFERENTE DE EVALUACIO\u0301N EF 6\u00ba PRIMARIA<\/a><\/td>\n<\/tr>\n<\/tbody>\n<\/table>\n<p>&nbsp;<\/p>\n<table style=\"border-collapse: collapse;width: 100%\">\n<tbody>\n<tr>\n<td style=\"width: 100%;text-align: center\"><strong><span style=\"font-size: 18pt\">DESCRIPTORES DEL PERFIL DE SALIDA<\/span><\/strong><\/td>\n<\/tr>\n<tr>\n<td style=\"width: 100%;text-align: center\"><a href=\"https:\/\/blogsaverroes.juntadeandalucia.es\/chemaef\/files\/2025\/07\/Perfil-de-salida-por-ciclos.pdf\">Perfil de salida por ciclos<\/a><\/td>\n<\/tr>\n<\/tbody>\n<\/table>\n","protected":false},"excerpt":{"rendered":"<p>\ud83c\udfaf Referentes de evaluaci\u00f3n en Educaci\u00f3n F\u00edsica: \u00bfQu\u00e9 nos dice la normativa? Cuando hablamos de evaluaci\u00f3n en Educaci\u00f3n F\u00edsica, no solo pensamos en una nota final. Evaluar es observar, acompa\u00f1ar y guiar el proceso&#46;&#46;&#46;<\/p>\n","protected":false},"author":19722,"featured_media":0,"parent":0,"menu_order":0,"comment_status":"closed","ping_status":"closed","template":"","meta":{"footnotes":""},"aioseo_notices":[],"_links":{"self":[{"href":"https:\/\/blogsaverroes.juntadeandalucia.es\/chemaef\/wp-json\/wp\/v2\/pages\/257"}],"collection":[{"href":"https:\/\/blogsaverroes.juntadeandalucia.es\/chemaef\/wp-json\/wp\/v2\/pages"}],"about":[{"href":"https:\/\/blogsaverroes.juntadeandalucia.es\/chemaef\/wp-json\/wp\/v2\/types\/page"}],"author":[{"embeddable":true,"href":"https:\/\/blogsaverroes.juntadeandalucia.es\/chemaef\/wp-json\/wp\/v2\/users\/19722"}],"replies":[{"embeddable":true,"href":"https:\/\/blogsaverroes.juntadeandalucia.es\/chemaef\/wp-json\/wp\/v2\/comments?post=257"}],"version-history":[{"count":5,"href":"https:\/\/blogsaverroes.juntadeandalucia.es\/chemaef\/wp-json\/wp\/v2\/pages\/257\/revisions"}],"predecessor-version":[{"id":271,"href":"https:\/\/blogsaverroes.juntadeandalucia.es\/chemaef\/wp-json\/wp\/v2\/pages\/257\/revisions\/271"}],"wp:attachment":[{"href":"https:\/\/blogsaverroes.juntadeandalucia.es\/chemaef\/wp-json\/wp\/v2\/media?parent=257"}],"curies":[{"name":"wp","href":"https:\/\/api.w.org\/{rel}","templated":true}]}}