{"id":1114,"date":"2025-07-04T19:46:32","date_gmt":"2025-07-04T18:46:32","guid":{"rendered":"https:\/\/blogsaverroes.juntadeandalucia.es\/colegio-picasso\/?page_id=1114"},"modified":"2025-09-15T21:51:20","modified_gmt":"2025-09-15T20:51:20","slug":"claustro-de-profesores","status":"publish","type":"page","link":"https:\/\/blogsaverroes.juntadeandalucia.es\/colegio-picasso\/claustro-de-profesores\/","title":{"rendered":"Claustro de profesores"},"content":{"rendered":"<p>[et_pb_section fb_built=&#8221;1&#8243; _builder_version=&#8221;4.16&#8243; global_colors_info=&#8221;{}&#8221;][et_pb_row _builder_version=&#8221;4.16&#8243; background_size=&#8221;initial&#8221; background_position=&#8221;top_left&#8221; background_repeat=&#8221;repeat&#8221; global_colors_info=&#8221;{}&#8221;][et_pb_column type=&#8221;4_4&#8243; _builder_version=&#8221;4.16&#8243; custom_padding=&#8221;|||&#8221; global_colors_info=&#8221;{}&#8221; custom_padding__hover=&#8221;|||&#8221;][et_pb_image src=&#8221;https:\/\/blogsaverroes.juntadeandalucia.es\/colegio-picasso\/files\/2025\/08\/plano-medio-personas-sentadas-en-sillas-300&#215;209.jpg&#8221; title_text=&#8221;plano-medio-personas-sentadas-en-sillas&#8221; align=&#8221;center&#8221; _builder_version=&#8221;4.24.2&#8243; _module_preset=&#8221;default&#8221; background_color=&#8221;#7CDA24&#8243; background_enable_pattern_style=&#8221;on&#8221; background_pattern_style=&#8221;confetti&#8221; width=&#8221;92%&#8221; max_width=&#8221;94%&#8221; module_alignment=&#8221;center&#8221; min_height=&#8221;251px&#8221; height=&#8221;257px&#8221; hover_enabled=&#8221;0&#8243; box_shadow_style=&#8221;preset1&#8243; global_colors_info=&#8221;{}&#8221; sticky_enabled=&#8221;0&#8243;][\/et_pb_image][et_pb_text _builder_version=&#8221;4.24.2&#8243; background_size=&#8221;initial&#8221; background_position=&#8221;top_left&#8221; background_repeat=&#8221;repeat&#8221; width=&#8221;86%&#8221; width_tablet=&#8221;86%&#8221; width_phone=&#8221;86%&#8221; width_last_edited=&#8221;on|phone&#8221; max_width=&#8221;87%&#8221; max_width_tablet=&#8221;87%&#8221; max_width_phone=&#8221;87%&#8221; max_width_last_edited=&#8221;on|phone&#8221; module_alignment=&#8221;center&#8221; hover_enabled=&#8221;0&#8243; module_alignment_tablet=&#8221;center&#8221; module_alignment_phone=&#8221;center&#8221; module_alignment_last_edited=&#8221;on|phone&#8221; global_colors_info=&#8221;{}&#8221; max_height__hover_enabled=&#8221;on|desktop&#8221; sticky_enabled=&#8221;0&#8243;]<\/p>\n<p>&nbsp;<\/p>\n<p>&nbsp;<\/p>\n<table style=\"border-collapse: collapse;width: 100%;height: 795px\">\n<tbody>\n<tr style=\"height: 23px\">\n<td style=\"width: 50%;text-align: center;height: 23px\"><strong>TUTORES<\/strong><\/td>\n<td style=\"width: 50%;text-align: center;height: 23px\"><strong>PROFESORES ESPECIALISTAS<\/strong><\/td>\n<\/tr>\n<tr style=\"height: 23px\">\n<td style=\"width: 50%;height: 23px\"><em><strong>PRIMER CICLO<\/strong><\/em><\/td>\n<td style=\"width: 50%;height: 23px\"><em><strong>EDUCACI\u00d3N F\u00cdSICA:<\/strong><\/em><\/td>\n<\/tr>\n<tr style=\"height: 23px\">\n<td style=\"width: 50%;height: 23px\">1\u00baA\u00a0 \u00a0Ana Paz<\/td>\n<td style=\"width: 50%;height: 69px\" rowspan=\"4\">\n<p>Juan Antonio L\u00f3pez<\/p>\n<p>Pablo L\u00f3pez<\/p>\n<p>Daniel Moreno<\/p>\n<\/td>\n<\/tr>\n<tr>\n<td style=\"width: 50%\"><\/td>\n<\/tr>\n<tr style=\"height: 23px\">\n<td style=\"width: 50%;height: 23px\">1\u00baB\u00a0 \u00a0Mariajo Mi\u00f1ana<\/td>\n<\/tr>\n<tr style=\"height: 23px\">\n<td style=\"width: 50%;height: 23px\">2\u00baA\u00a0 \u00a0 <strong>Mar\u00eda Isabel Jim\u00e9nez (Coord.)<\/strong><\/td>\n<\/tr>\n<tr style=\"height: 23px\">\n<td style=\"width: 50%;height: 23px\">2\u00baB\u00a0 \u00a0 Teresa G\u00e1lvez<\/td>\n<td style=\"width: 50%;height: 23px\"><em><strong>M\u00daSICA :<\/strong><\/em><\/td>\n<\/tr>\n<tr style=\"height: 23px\">\n<td style=\"width: 50%;height: 23px\"><em><strong>SEGUNDO CICLO<\/strong><\/em><\/td>\n<td style=\"width: 50%;height: 46px\" rowspan=\"2\">\n<p>Raquel Carnero<\/p>\n<p>Ver\u00f3nica Casanova<\/p>\n<p>Isabel Jim\u00e9nez<\/p>\n<\/td>\n<\/tr>\n<tr style=\"height: 23px\">\n<td style=\"width: 50%;height: 23px\">3\u00baA\u00a0 \u00a0Isabel Jim\u00e9nez<\/td>\n<\/tr>\n<tr style=\"height: 23px\">\n<td style=\"width: 50%;height: 23px\">3\u00baB\u00a0 \u00a0<strong>Sonia P\u00e9rez (Coord.)<\/strong><\/td>\n<td style=\"width: 50%;height: 23px\"><em><strong>PEDAGOG\u00cdA TERAP\u00c9UTICA:<\/strong><\/em><\/td>\n<\/tr>\n<tr style=\"height: 23px\">\n<td style=\"width: 50%;height: 23px\">4\u00baA\u00a0 \u00a0 Daniel Moreno<\/td>\n<td style=\"width: 50%;height: 69px\" rowspan=\"3\">\n<p><strong>Isabel Teresa G\u00f3mez ( Coord.)<\/strong><\/p>\n<p>Ana Isabel Rodr\u00edguez<\/p>\n<p>Luc\u00eda Garc\u00eda (aula FBO)<\/p>\n<\/td>\n<\/tr>\n<tr style=\"height: 23px\">\n<td style=\"width: 50%;height: 23px\">4\u00baB\u00a0 \u00a0 Inmaculada Corpas<\/td>\n<\/tr>\n<tr style=\"height: 23px\">\n<td style=\"width: 50%;height: 23px\"><em><strong>TERCER CICLO<\/strong><\/em><\/td>\n<\/tr>\n<tr style=\"height: 23px\">\n<td style=\"width: 50%;height: 23px\">5\u00baA\u00a0 M. Pilar M\u00e9ndez<\/td>\n<td style=\"width: 50%;height: 23px\"><em><strong>AUDICI\u00d3N Y LENGUAJE:<\/strong><\/em><\/td>\n<\/tr>\n<tr style=\"height: 23px\">\n<td style=\"width: 50%;height: 23px\">5\u00baB\u00a0 \u00a0Pablo L\u00f3pez<\/td>\n<td rowspan=\"2\" style=\"height: 46px\">Mar\u00eda Jos\u00e9 Delgado<\/td>\n<\/tr>\n<tr style=\"height: 23px\">\n<td style=\"width: 50%;height: 23px\">5\u00baC\u00a0 Ver\u00f3nica Casanova<\/td>\n<\/tr>\n<tr style=\"height: 23px\">\n<td style=\"width: 50%;height: 23px\">6\u00baA\u00a0 \u00a0 Yolanda Parra<\/td>\n<td style=\"width: 50%;height: 23px\"><em><strong>ORIENTACI\u00d3N:<\/strong><\/em><\/td>\n<\/tr>\n<tr style=\"height: 23px\">\n<td style=\"width: 50%;height: 23px\">6\u00baB\u00a0 \u00a0 Raquel Carnero<\/td>\n<td style=\"width: 50%;height: 92px\" rowspan=\"2\">\n<p>Mar\u00eda Pilar Guti\u00e9rrez<\/p>\n<p>Delia G\u00f3mez<\/p>\n<\/td>\n<\/tr>\n<tr style=\"height: 69px\">\n<td style=\"width: 50%;height: 69px\">6\u00baC\u00a0 \u00a0 Jos\u00e9 Mar\u00eda Romero<\/td>\n<\/tr>\n<tr style=\"height: 72px\">\n<td style=\"width: 50%;height: 72px\"><strong>COORDINACI\u00d3N PLANES y PROGRAMAS<\/strong><\/td>\n<td style=\"width: 50%;height: 72px\"><em><strong>PROFESOR ZTS:<\/strong><\/em><\/td>\n<\/tr>\n<tr style=\"height: 48px\">\n<td style=\"width: 50%;height: 48px\">Becrea: Yolanda Parra<\/td>\n<td style=\"width: 50%;height: 48px\">\u00a0Carlos Otero<\/td>\n<\/tr>\n<tr style=\"height: 48px\">\n<td style=\"width: 50%;height: 48px\">Igualdad: Yolanda Parra<\/td>\n<td style=\"width: 50%;height: 48px\"><strong><em>RELIGI\u00d3N CAT\u00d3LICA:<\/em><\/strong><\/td>\n<\/tr>\n<tr style=\"height: 48px\">\n<td style=\"width: 50%;height: 48px\">TDE: M. Pilar M\u00e9ndez<\/td>\n<td style=\"width: 50%;height: 48px\">\u00a0Juan Carlos Mart\u00ednez<\/td>\n<\/tr>\n<tr style=\"height: 23px\">\n<td style=\"width: 50%;height: 23px\">STEAM: Raquel Carnero<\/td>\n<td style=\"width: 50%;height: 23px\"><em><strong>RELIGI\u00d3N EVANG\u00c9LICA<\/strong><\/em><\/td>\n<\/tr>\n<tr style=\"height: 24px\">\n<td style=\"width: 50%;height: 24px\"><em><strong>\u00a0INGL\u00c9S:<\/strong><\/em><\/td>\n<td style=\"width: 50%;height: 24px\">Lidia Campillo<\/td>\n<\/tr>\n<tr style=\"height: 24px\">\n<td style=\"width: 50%;height: 24px\"><strong>Marina Mi\u00f1ana (Coord.)<\/strong><\/td>\n<td style=\"width: 50%;height: 24px\"><\/td>\n<\/tr>\n<tr style=\"height: 24px\">\n<td style=\"width: 50%;height: 24px\"><strong><em>FRANC\u00c9S:<\/em><\/strong><\/td>\n<td style=\"width: 50%;height: 24px\"><strong><em>PTIS :<\/em><\/strong><\/td>\n<\/tr>\n<tr style=\"height: 24px\">\n<td style=\"width: 50%;height: 24px\">Juana Cabezos<\/td>\n<td style=\"width: 50%;height: 24px\">\u00a0Gonzalo\u00a0 Hoyos<\/td>\n<\/tr>\n<\/tbody>\n<\/table>\n<p>[\/et_pb_text][\/et_pb_column][\/et_pb_row][et_pb_row _builder_version=&#8221;4.24.2&#8243; _module_preset=&#8221;default&#8221; background_color=&#8221;rgba(223,183,88,0.78)&#8221; background_enable_pattern_style=&#8221;on&#8221; background_pattern_style=&#8221;confetti&#8221; background_enable_mask_style=&#8221;on&#8221; background_mask_style=&#8221;wave&#8221; global_colors_info=&#8221;{}&#8221;][et_pb_column type=&#8221;4_4&#8243; _builder_version=&#8221;4.24.2&#8243; _module_preset=&#8221;default&#8221; global_colors_info=&#8221;{}&#8221;][\/et_pb_column][\/et_pb_row][\/et_pb_section]<\/p>\n","protected":false},"excerpt":{"rendered":"<p>&nbsp; &nbsp; TUTORES PROFESORES ESPECIALISTAS PRIMER CICLO EDUCACI\u00d3N F\u00cdSICA: 1\u00baA\u00a0 \u00a0Ana Paz Juan Antonio L\u00f3pez Pablo L\u00f3pez Daniel Moreno 1\u00baB\u00a0 \u00a0Mariajo Mi\u00f1ana 2\u00baA\u00a0 \u00a0 Mar\u00eda Isabel Jim\u00e9nez (Coord.) 2\u00baB\u00a0 \u00a0 Teresa G\u00e1lvez M\u00daSICA : SEGUNDO CICLO Raquel Carnero Ver\u00f3nica Casanova Isabel Jim\u00e9nez 3\u00baA\u00a0 \u00a0Isabel Jim\u00e9nez 3\u00baB\u00a0 \u00a0Sonia P\u00e9rez (Coord.) PEDAGOG\u00cdA TERAP\u00c9UTICA: 4\u00baA\u00a0 \u00a0 Daniel Moreno [&hellip;]<\/p>\n","protected":false},"author":18218,"featured_media":0,"parent":0,"menu_order":0,"comment_status":"closed","ping_status":"closed","template":"","meta":{"_et_pb_use_builder":"on","_et_pb_old_content":"<p>\u00a0<\/p><p><img class=\" wp-image-1351 aligncenter\" src=\"https:\/\/blogsaverroes.juntadeandalucia.es\/colegio-picasso\/files\/2025\/07\/DLFE-1959680-300x269.jpg\" alt=\"\" width=\"330\" height=\"296\"><\/p><p>\u00a0<\/p><table style=\"border-collapse: collapse; width: 100%; height: 639px;\"><tbody><tr style=\"height: 23px;\"><td style=\"width: 50%; text-align: center; height: 23px;\"><strong>TUTORES<\/strong><\/td><td style=\"width: 50%; text-align: center; height: 23px;\"><strong>PROFESORES ESPECIALISTAS<\/strong><\/td><\/tr><tr style=\"height: 23px;\"><td style=\"width: 50%; height: 23px;\">PRIMER CICLO<\/td><td style=\"width: 50%; height: 23px;\">EDUCACI\u00d3N F\u00cdSICA:<\/td><\/tr><tr style=\"height: 23px;\"><td style=\"width: 50%; height: 23px;\">1\u00baA<\/td><td style=\"width: 50%; height: 69px;\" rowspan=\"3\">\u00a0<\/td><\/tr><tr style=\"height: 23px;\"><td style=\"width: 50%; height: 23px;\">1\u00baB<\/td><\/tr><tr style=\"height: 23px;\"><td style=\"width: 50%; height: 23px;\">2\u00baA<\/td><\/tr><tr style=\"height: 23px;\"><td style=\"width: 50%; height: 23px;\">2\u00baB<\/td><td style=\"width: 50%; height: 23px;\">M\u00daSICA<\/td><\/tr><tr style=\"height: 23px;\"><td style=\"width: 50%; height: 23px;\">SEGUNDO CICLO<\/td><td style=\"width: 50%; height: 46px;\" rowspan=\"2\">\u00a0<\/td><\/tr><tr style=\"height: 23px;\"><td style=\"width: 50%; height: 23px;\">3\u00baA<\/td><\/tr><tr style=\"height: 23px;\"><td style=\"width: 50%; height: 23px;\">3\u00baB<\/td><td style=\"width: 50%; height: 23px;\">PEDAGOG\u00cdA TERAP\u00c9UTICA<\/td><\/tr><tr style=\"height: 23px;\"><td style=\"width: 50%; height: 23px;\">4\u00baA<\/td><td style=\"width: 50%; height: 69px;\" rowspan=\"3\">\u00a0<\/td><\/tr><tr style=\"height: 23px;\"><td style=\"width: 50%; height: 23px;\">4\u00baB<\/td><\/tr><tr style=\"height: 23px;\"><td style=\"width: 50%; height: 23px;\">TERCER CICLO<\/td><\/tr><tr style=\"height: 23px;\"><td style=\"width: 50%; height: 23px;\">5\u00baA<\/td><td style=\"width: 50%; height: 23px;\">AUDICI\u00d3N Y LENGUAJE<\/td><\/tr><tr style=\"height: 23px;\"><td style=\"width: 50%; height: 23px;\">5\u00baB<\/td><td rowspan=\"2\">\u00a0<\/td><\/tr><tr style=\"height: 23px;\"><td style=\"width: 50%; height: 23px;\">5\u00baC<\/td><\/tr><tr style=\"height: 23px;\"><td style=\"width: 50%; height: 23px;\">6\u00baA<\/td><td style=\"width: 50%; height: 23px;\">ORIENTACI\u00d3N<\/td><\/tr><tr style=\"height: 23px;\"><td style=\"width: 50%; height: 23px;\">6\u00baB<\/td><td style=\"width: 50%; height: 23px;\" rowspan=\"2\">\u00a0<\/td><\/tr><tr><td style=\"width: 50%;\">6\u00baC<\/td><\/tr><tr><td style=\"width: 50%;\">COORDINACI\u00d3N PLANES y PROGRAMAS<\/td><td style=\"width: 50%;\">PROFESOR ZTS<\/td><\/tr><tr><td style=\"width: 50%;\">\u00a0<\/td><td style=\"width: 50%;\">\u00a0<\/td><\/tr><tr><td style=\"width: 50%;\">\u00a0<\/td><td style=\"width: 50%;\">RELIGI\u00d3N CAT\u00d3LICA<\/td><\/tr><tr><td style=\"width: 50%;\">\u00a0<\/td><td style=\"width: 50%;\">\u00a0<\/td><\/tr><tr style=\"height: 23px;\"><td style=\"width: 50%; height: 23px;\">\u00a0<\/td><td style=\"width: 50%; height: 23px;\">RELIGI\u00d3N EVANG\u00c9LICA<\/td><\/tr><tr><td style=\"width: 50%;\">\u00a0<\/td><td style=\"width: 50%;\">\u00a0<\/td><\/tr><tr><td style=\"width: 50%;\">\u00a0<\/td><td style=\"width: 50%;\">PTIS<\/td><\/tr><tr><td style=\"width: 50%;\">\u00a0<\/td><td style=\"width: 50%;\">\u00a0<\/td><\/tr><\/tbody><\/table>","_et_gb_content_width":"","ngg_post_thumbnail":0,"footnotes":""},"aioseo_notices":[],"_links":{"self":[{"href":"https:\/\/blogsaverroes.juntadeandalucia.es\/colegio-picasso\/wp-json\/wp\/v2\/pages\/1114"}],"collection":[{"href":"https:\/\/blogsaverroes.juntadeandalucia.es\/colegio-picasso\/wp-json\/wp\/v2\/pages"}],"about":[{"href":"https:\/\/blogsaverroes.juntadeandalucia.es\/colegio-picasso\/wp-json\/wp\/v2\/types\/page"}],"author":[{"embeddable":true,"href":"https:\/\/blogsaverroes.juntadeandalucia.es\/colegio-picasso\/wp-json\/wp\/v2\/users\/18218"}],"replies":[{"embeddable":true,"href":"https:\/\/blogsaverroes.juntadeandalucia.es\/colegio-picasso\/wp-json\/wp\/v2\/comments?post=1114"}],"version-history":[{"count":26,"href":"https:\/\/blogsaverroes.juntadeandalucia.es\/colegio-picasso\/wp-json\/wp\/v2\/pages\/1114\/revisions"}],"predecessor-version":[{"id":2433,"href":"https:\/\/blogsaverroes.juntadeandalucia.es\/colegio-picasso\/wp-json\/wp\/v2\/pages\/1114\/revisions\/2433"}],"wp:attachment":[{"href":"https:\/\/blogsaverroes.juntadeandalucia.es\/colegio-picasso\/wp-json\/wp\/v2\/media?parent=1114"}],"curies":[{"name":"wp","href":"https:\/\/api.w.org\/{rel}","templated":true}]}}