{"id":1633,"date":"2025-02-17T13:06:46","date_gmt":"2025-02-17T12:06:46","guid":{"rendered":"https:\/\/blogsaverroes.juntadeandalucia.es\/colegioacapulco\/?page_id=1633"},"modified":"2025-02-18T13:15:53","modified_gmt":"2025-02-18T12:15:53","slug":"proyecto-innovacion-musica-2024-2025","status":"publish","type":"page","link":"https:\/\/blogsaverroes.juntadeandalucia.es\/colegioacapulco\/proyecto-innovacion-musica-2024-2025\/","title":{"rendered":"Innovaci\u00f3n m\u00fasica"},"content":{"rendered":"<p style=\"text-align: center\"><span style=\"text-decoration: underline\"><span style=\"font-size: 12pt;color: #0000ff;text-decoration: underline\"><strong><span style=\"color: #000000;text-decoration: underline\">Durante el curso escolar 2024-2025 se est\u00e1 llevando a cabo en nuestro centro el proyecto de innovaci\u00f3n musical titulado:&nbsp;<\/span> <\/strong><\/span><\/span><\/p>\n<p style=\"text-align: center\"><span style=\"text-decoration: underline\"><span style=\"font-size: 12pt;color: #0000ff;text-decoration: underline\"><strong>&#8220;La creaci\u00f3n musical en el aula de Educaci\u00f3n Primaria. Descubriendo la creatividad a trav\u00e9s de la Orquesta Orff&#8221;<\/strong><\/span><\/span><\/p>\n<p style=\"text-align: center\"><span style=\"font-size: 12pt\"><strong><span style=\"color: #000000\">1) El primer paso del proyecto, compra de los instrumentos musicales con el presupuesto asignado, ya se ha realizado:<\/span><\/strong><\/span><\/p>\n<p><img loading=\"lazy\" decoding=\"async\" class=\"aligncenter size-large wp-image-1677\" src=\"https:\/\/blogsaverroes.juntadeandalucia.es\/colegioacapulco\/files\/2025\/02\/INSTRUMENTOS-MUSICA-INNOVACION-CEIP-ACAPULCO-1024x768.jpeg\" alt=\"\" width=\"1024\" height=\"768\" srcset=\"https:\/\/blogsaverroes.juntadeandalucia.es\/colegioacapulco\/files\/2025\/02\/INSTRUMENTOS-MUSICA-INNOVACION-CEIP-ACAPULCO-980x735.jpeg 980w, https:\/\/blogsaverroes.juntadeandalucia.es\/colegioacapulco\/files\/2025\/02\/INSTRUMENTOS-MUSICA-INNOVACION-CEIP-ACAPULCO-480x360.jpeg 480w\" sizes=\"(min-width: 0px) and (max-width: 480px) 480px, (min-width: 481px) and (max-width: 980px) 980px, (min-width: 981px) 1024px, 100vw\" \/><\/p>\n<p style=\"text-align: center\"><span style=\"color: #000000;font-size: 12pt\"><strong>2) La segunda fase de puesta en pr\u00e1ctica y comienzo del uso&nbsp; y aprendizaje de los instrumentos y actividades did\u00e1cticas planeadas ya se est\u00e1n empezando a implementar:<\/strong><\/span><\/p>\n<p><img loading=\"lazy\" decoding=\"async\" class=\"aligncenter size-full wp-image-1661\" src=\"https:\/\/blogsaverroes.juntadeandalucia.es\/colegioacapulco\/files\/2025\/02\/CEIP-ACAPULCO-FUENGIROLA-PROYECTO-INNOVACION-MUSICA-2025-1.jpg\" alt=\"\" width=\"1024\" height=\"680\" srcset=\"https:\/\/blogsaverroes.juntadeandalucia.es\/colegioacapulco\/files\/2025\/02\/CEIP-ACAPULCO-FUENGIROLA-PROYECTO-INNOVACION-MUSICA-2025-1.jpg 1024w, https:\/\/blogsaverroes.juntadeandalucia.es\/colegioacapulco\/files\/2025\/02\/CEIP-ACAPULCO-FUENGIROLA-PROYECTO-INNOVACION-MUSICA-2025-1-980x651.jpg 980w, https:\/\/blogsaverroes.juntadeandalucia.es\/colegioacapulco\/files\/2025\/02\/CEIP-ACAPULCO-FUENGIROLA-PROYECTO-INNOVACION-MUSICA-2025-1-480x319.jpg 480w\" sizes=\"(min-width: 0px) and (max-width: 480px) 480px, (min-width: 481px) and (max-width: 980px) 980px, (min-width: 981px) 1024px, 100vw\" \/> <img loading=\"lazy\" decoding=\"async\" class=\"aligncenter size-large wp-image-1662\" src=\"https:\/\/blogsaverroes.juntadeandalucia.es\/colegioacapulco\/files\/2025\/02\/CEIP-ACAPULCO-FUENGIROLA-PROYECTO-INNOVACION-MUSICA-2025_2-1.jpg\" alt=\"\" width=\"1024\" height=\"680\" srcset=\"https:\/\/blogsaverroes.juntadeandalucia.es\/colegioacapulco\/files\/2025\/02\/CEIP-ACAPULCO-FUENGIROLA-PROYECTO-INNOVACION-MUSICA-2025_2-1.jpg 1024w, https:\/\/blogsaverroes.juntadeandalucia.es\/colegioacapulco\/files\/2025\/02\/CEIP-ACAPULCO-FUENGIROLA-PROYECTO-INNOVACION-MUSICA-2025_2-1-980x651.jpg 980w, https:\/\/blogsaverroes.juntadeandalucia.es\/colegioacapulco\/files\/2025\/02\/CEIP-ACAPULCO-FUENGIROLA-PROYECTO-INNOVACION-MUSICA-2025_2-1-480x319.jpg 480w\" sizes=\"(min-width: 0px) and (max-width: 480px) 480px, (min-width: 481px) and (max-width: 980px) 980px, (min-width: 981px) 1024px, 100vw\" \/> <img loading=\"lazy\" decoding=\"async\" class=\"aligncenter size-large wp-image-1663\" src=\"https:\/\/blogsaverroes.juntadeandalucia.es\/colegioacapulco\/files\/2025\/02\/CEIP-ACAPULCO-FUENGIROLA-PROYECTO-INNOVACION-MUSICA-2025_3-1.jpg\" alt=\"\" width=\"1024\" height=\"680\" srcset=\"https:\/\/blogsaverroes.juntadeandalucia.es\/colegioacapulco\/files\/2025\/02\/CEIP-ACAPULCO-FUENGIROLA-PROYECTO-INNOVACION-MUSICA-2025_3-1.jpg 1024w, https:\/\/blogsaverroes.juntadeandalucia.es\/colegioacapulco\/files\/2025\/02\/CEIP-ACAPULCO-FUENGIROLA-PROYECTO-INNOVACION-MUSICA-2025_3-1-980x651.jpg 980w, https:\/\/blogsaverroes.juntadeandalucia.es\/colegioacapulco\/files\/2025\/02\/CEIP-ACAPULCO-FUENGIROLA-PROYECTO-INNOVACION-MUSICA-2025_3-1-480x319.jpg 480w\" sizes=\"(min-width: 0px) and (max-width: 480px) 480px, (min-width: 481px) and (max-width: 980px) 980px, (min-width: 981px) 1024px, 100vw\" \/> <img loading=\"lazy\" decoding=\"async\" class=\"aligncenter size-large wp-image-1664\" src=\"https:\/\/blogsaverroes.juntadeandalucia.es\/colegioacapulco\/files\/2025\/02\/CEIP-ACAPULCO-FUENGIROLA-PROYECTO-INNOVACION-MUSICA-2025_4-1.jpg\" alt=\"\" width=\"1024\" height=\"680\" srcset=\"https:\/\/blogsaverroes.juntadeandalucia.es\/colegioacapulco\/files\/2025\/02\/CEIP-ACAPULCO-FUENGIROLA-PROYECTO-INNOVACION-MUSICA-2025_4-1.jpg 1024w, https:\/\/blogsaverroes.juntadeandalucia.es\/colegioacapulco\/files\/2025\/02\/CEIP-ACAPULCO-FUENGIROLA-PROYECTO-INNOVACION-MUSICA-2025_4-1-980x651.jpg 980w, https:\/\/blogsaverroes.juntadeandalucia.es\/colegioacapulco\/files\/2025\/02\/CEIP-ACAPULCO-FUENGIROLA-PROYECTO-INNOVACION-MUSICA-2025_4-1-480x319.jpg 480w\" sizes=\"(min-width: 0px) and (max-width: 480px) 480px, (min-width: 481px) and (max-width: 980px) 980px, (min-width: 981px) 1024px, 100vw\" \/> <img loading=\"lazy\" decoding=\"async\" class=\"aligncenter size-large wp-image-1665\" src=\"https:\/\/blogsaverroes.juntadeandalucia.es\/colegioacapulco\/files\/2025\/02\/CEIP-ACAPULCO-FUENGIROLA-PROYECTO-INNOVACION-MUSICA-2025_5-1.jpg\" alt=\"\" width=\"1024\" height=\"680\" srcset=\"https:\/\/blogsaverroes.juntadeandalucia.es\/colegioacapulco\/files\/2025\/02\/CEIP-ACAPULCO-FUENGIROLA-PROYECTO-INNOVACION-MUSICA-2025_5-1.jpg 1024w, https:\/\/blogsaverroes.juntadeandalucia.es\/colegioacapulco\/files\/2025\/02\/CEIP-ACAPULCO-FUENGIROLA-PROYECTO-INNOVACION-MUSICA-2025_5-1-980x651.jpg 980w, https:\/\/blogsaverroes.juntadeandalucia.es\/colegioacapulco\/files\/2025\/02\/CEIP-ACAPULCO-FUENGIROLA-PROYECTO-INNOVACION-MUSICA-2025_5-1-480x319.jpg 480w\" sizes=\"(min-width: 0px) and (max-width: 480px) 480px, (min-width: 481px) and (max-width: 980px) 980px, (min-width: 981px) 1024px, 100vw\" \/> <img loading=\"lazy\" decoding=\"async\" class=\"aligncenter size-large wp-image-1666\" src=\"https:\/\/blogsaverroes.juntadeandalucia.es\/colegioacapulco\/files\/2025\/02\/CEIP-ACAPULCO-FUENGIROLA-PROYECTO-INNOVACION-MUSICA-2025_6-1.jpg\" alt=\"\" width=\"1024\" height=\"680\" srcset=\"https:\/\/blogsaverroes.juntadeandalucia.es\/colegioacapulco\/files\/2025\/02\/CEIP-ACAPULCO-FUENGIROLA-PROYECTO-INNOVACION-MUSICA-2025_6-1.jpg 1024w, https:\/\/blogsaverroes.juntadeandalucia.es\/colegioacapulco\/files\/2025\/02\/CEIP-ACAPULCO-FUENGIROLA-PROYECTO-INNOVACION-MUSICA-2025_6-1-980x651.jpg 980w, https:\/\/blogsaverroes.juntadeandalucia.es\/colegioacapulco\/files\/2025\/02\/CEIP-ACAPULCO-FUENGIROLA-PROYECTO-INNOVACION-MUSICA-2025_6-1-480x319.jpg 480w\" sizes=\"(min-width: 0px) and (max-width: 480px) 480px, (min-width: 481px) and (max-width: 980px) 980px, (min-width: 981px) 1024px, 100vw\" \/> <img loading=\"lazy\" decoding=\"async\" class=\"aligncenter size-large wp-image-1667\" src=\"https:\/\/blogsaverroes.juntadeandalucia.es\/colegioacapulco\/files\/2025\/02\/CEIP-ACAPULCO-FUENGIROLA-PROYECTO-INNOVACION-MUSICA-2025_7-1.jpg\" alt=\"\" width=\"1024\" height=\"680\" srcset=\"https:\/\/blogsaverroes.juntadeandalucia.es\/colegioacapulco\/files\/2025\/02\/CEIP-ACAPULCO-FUENGIROLA-PROYECTO-INNOVACION-MUSICA-2025_7-1.jpg 1024w, https:\/\/blogsaverroes.juntadeandalucia.es\/colegioacapulco\/files\/2025\/02\/CEIP-ACAPULCO-FUENGIROLA-PROYECTO-INNOVACION-MUSICA-2025_7-1-980x651.jpg 980w, https:\/\/blogsaverroes.juntadeandalucia.es\/colegioacapulco\/files\/2025\/02\/CEIP-ACAPULCO-FUENGIROLA-PROYECTO-INNOVACION-MUSICA-2025_7-1-480x319.jpg 480w\" sizes=\"(min-width: 0px) and (max-width: 480px) 480px, (min-width: 481px) and (max-width: 980px) 980px, (min-width: 981px) 1024px, 100vw\" \/> <img loading=\"lazy\" decoding=\"async\" class=\"aligncenter size-large wp-image-1668\" src=\"https:\/\/blogsaverroes.juntadeandalucia.es\/colegioacapulco\/files\/2025\/02\/CEIP-ACAPULCO-FUENGIROLA-PROYECTO-INNOVACION-MUSICA-2025_8-1.jpg\" alt=\"\" width=\"1024\" height=\"680\" srcset=\"https:\/\/blogsaverroes.juntadeandalucia.es\/colegioacapulco\/files\/2025\/02\/CEIP-ACAPULCO-FUENGIROLA-PROYECTO-INNOVACION-MUSICA-2025_8-1.jpg 1024w, https:\/\/blogsaverroes.juntadeandalucia.es\/colegioacapulco\/files\/2025\/02\/CEIP-ACAPULCO-FUENGIROLA-PROYECTO-INNOVACION-MUSICA-2025_8-1-980x651.jpg 980w, https:\/\/blogsaverroes.juntadeandalucia.es\/colegioacapulco\/files\/2025\/02\/CEIP-ACAPULCO-FUENGIROLA-PROYECTO-INNOVACION-MUSICA-2025_8-1-480x319.jpg 480w\" sizes=\"(min-width: 0px) and (max-width: 480px) 480px, (min-width: 481px) and (max-width: 980px) 980px, (min-width: 981px) 1024px, 100vw\" \/> <img loading=\"lazy\" decoding=\"async\" class=\"aligncenter size-large wp-image-1669\" src=\"https:\/\/blogsaverroes.juntadeandalucia.es\/colegioacapulco\/files\/2025\/02\/CEIP-ACAPULCO-FUENGIROLA-PROYECTO-INNOVACION-MUSICA-2025_9-1.jpg\" alt=\"\" width=\"1024\" height=\"680\" srcset=\"https:\/\/blogsaverroes.juntadeandalucia.es\/colegioacapulco\/files\/2025\/02\/CEIP-ACAPULCO-FUENGIROLA-PROYECTO-INNOVACION-MUSICA-2025_9-1.jpg 1024w, https:\/\/blogsaverroes.juntadeandalucia.es\/colegioacapulco\/files\/2025\/02\/CEIP-ACAPULCO-FUENGIROLA-PROYECTO-INNOVACION-MUSICA-2025_9-1-980x651.jpg 980w, https:\/\/blogsaverroes.juntadeandalucia.es\/colegioacapulco\/files\/2025\/02\/CEIP-ACAPULCO-FUENGIROLA-PROYECTO-INNOVACION-MUSICA-2025_9-1-480x319.jpg 480w\" sizes=\"(min-width: 0px) and (max-width: 480px) 480px, (min-width: 481px) and (max-width: 980px) 980px, (min-width: 981px) 1024px, 100vw\" \/> <img loading=\"lazy\" decoding=\"async\" class=\"aligncenter size-large wp-image-1670\" src=\"https:\/\/blogsaverroes.juntadeandalucia.es\/colegioacapulco\/files\/2025\/02\/CEIP-ACAPULCO-FUENGIROLA-PROYECTO-INNOVACION-MUSICA-2025_10-1.jpg\" alt=\"\" width=\"1024\" height=\"680\" srcset=\"https:\/\/blogsaverroes.juntadeandalucia.es\/colegioacapulco\/files\/2025\/02\/CEIP-ACAPULCO-FUENGIROLA-PROYECTO-INNOVACION-MUSICA-2025_10-1.jpg 1024w, https:\/\/blogsaverroes.juntadeandalucia.es\/colegioacapulco\/files\/2025\/02\/CEIP-ACAPULCO-FUENGIROLA-PROYECTO-INNOVACION-MUSICA-2025_10-1-980x651.jpg 980w, https:\/\/blogsaverroes.juntadeandalucia.es\/colegioacapulco\/files\/2025\/02\/CEIP-ACAPULCO-FUENGIROLA-PROYECTO-INNOVACION-MUSICA-2025_10-1-480x319.jpg 480w\" sizes=\"(min-width: 0px) and (max-width: 480px) 480px, (min-width: 481px) and (max-width: 980px) 980px, (min-width: 981px) 1024px, 100vw\" \/><\/p>\n<p style=\"text-align: center\"><span style=\"color: #000000\"><strong><span style=\"font-size: 12pt\">3) Durante los pr\u00f3ximos meses se seguir\u00e1n desarrollando los objetivos y actividades previstas en el proyecto de innovaci\u00f3n.<\/span><\/strong><\/span><\/p>\n","protected":false},"excerpt":{"rendered":"<p>Durante el curso escolar 2024-2025 se est\u00e1 llevando a cabo en nuestro centro el proyecto de innovaci\u00f3n musical titulado:&nbsp; &#8220;La creaci\u00f3n musical en el aula de Educaci\u00f3n Primaria. Descubriendo la creatividad a trav\u00e9s de la Orquesta Orff&#8221; 1) El primer paso del proyecto, compra de los instrumentos musicales con el presupuesto asignado, ya se ha [&hellip;]<\/p>\n","protected":false},"author":19840,"featured_media":1634,"parent":0,"menu_order":0,"comment_status":"closed","ping_status":"closed","template":"","meta":{"_et_pb_use_builder":"","_et_pb_old_content":"","_et_gb_content_width":"","ngg_post_thumbnail":0,"footnotes":""},"aioseo_notices":[],"_links":{"self":[{"href":"https:\/\/blogsaverroes.juntadeandalucia.es\/colegioacapulco\/wp-json\/wp\/v2\/pages\/1633"}],"collection":[{"href":"https:\/\/blogsaverroes.juntadeandalucia.es\/colegioacapulco\/wp-json\/wp\/v2\/pages"}],"about":[{"href":"https:\/\/blogsaverroes.juntadeandalucia.es\/colegioacapulco\/wp-json\/wp\/v2\/types\/page"}],"author":[{"embeddable":true,"href":"https:\/\/blogsaverroes.juntadeandalucia.es\/colegioacapulco\/wp-json\/wp\/v2\/users\/19840"}],"replies":[{"embeddable":true,"href":"https:\/\/blogsaverroes.juntadeandalucia.es\/colegioacapulco\/wp-json\/wp\/v2\/comments?post=1633"}],"version-history":[{"count":9,"href":"https:\/\/blogsaverroes.juntadeandalucia.es\/colegioacapulco\/wp-json\/wp\/v2\/pages\/1633\/revisions"}],"predecessor-version":[{"id":1681,"href":"https:\/\/blogsaverroes.juntadeandalucia.es\/colegioacapulco\/wp-json\/wp\/v2\/pages\/1633\/revisions\/1681"}],"wp:featuredmedia":[{"embeddable":true,"href":"https:\/\/blogsaverroes.juntadeandalucia.es\/colegioacapulco\/wp-json\/wp\/v2\/media\/1634"}],"wp:attachment":[{"href":"https:\/\/blogsaverroes.juntadeandalucia.es\/colegioacapulco\/wp-json\/wp\/v2\/media?parent=1633"}],"curies":[{"name":"wp","href":"https:\/\/api.w.org\/{rel}","templated":true}]}}