{"id":452,"date":"2020-03-04T08:34:09","date_gmt":"2020-03-04T07:34:09","guid":{"rendered":"http:\/\/blogsaverroes.juntadeandalucia.es\/pre\/nuevoceipv2\/?page_id=452"},"modified":"2025-01-27T13:57:57","modified_gmt":"2025-01-27T12:57:57","slug":"aulamultisensorial","status":"publish","type":"page","link":"https:\/\/blogsaverroes.juntadeandalucia.es\/colegioacapulco\/aulamultisensorial\/","title":{"rendered":"Aula Multisensorial"},"content":{"rendered":"<div class=\"BoYVve\">\n<div data-feature-id=\"0xd72e3ac00000001:0x84c3e76a0e09f696\" data-post-id=\"4497066085236077819\" data-content-id=\"CIHM0ogKEICAgIC9wc23EA\" data-platform=\"2\" data-cta-type=\"5\" data-post-type=\"1\" data-language-code=\"es-ES\">\n<div class=\"ILesAc Ah6Oed\">\n<div>&nbsp;<\/div>\n<div>&nbsp;<\/div>\n<div class=\"ILesAc Ah6Oed\" style=\"text-align: left\"><span style=\"text-decoration: underline;font-size: 18pt;color: #000000\"><strong><span class=\"A5yTVb \">\u00a1\u00a1\u00a1NUESTRA AULA MULTISENSORIAL OPERATIVA&nbsp; AL COMPLETO!!!<\/span><\/strong><\/span><\/div>\n<div style=\"text-align: left\">&nbsp;<\/div>\n<div class=\"ILesAc Ah6Oed\" style=\"text-align: left\"><span style=\"font-size: 12pt;font-family: arial, helvetica, sans-serif\"><strong><span class=\"A5yTVb \" style=\"color: #000000\"><span style=\"text-decoration: underline\">Desde Marzo de 2024 nuestro centro cuenta un <span style=\"color: #0000ff;text-decoration: underline\">Aula Multisensorial dotada de materiales y recursos muy espec\u00edficos con el fin de seguir ayudando a nuestro alumnado del Aula Espec\u00edfica<\/span><\/span>, vistos los inmejorables resultados de las terapias desarrolladas este curso y el curso pasado gracias a la concesi\u00f3n del Programa Impulsa en 2023 y del Programa M\u00e1s Equidad en 2024.<\/span><\/strong><\/span><\/div>\n<div style=\"text-align: left\">&nbsp;<\/div>\n<div class=\"ILesAc Ah6Oed\" style=\"text-align: left\"><span style=\"font-size: 12pt;font-family: arial, helvetica, sans-serif\"><strong><span class=\"A5yTVb \" style=\"color: #000000\"> La instalaci\u00f3n y recursos del Aula Multisensorial han sido pagados con fondos propios del colegio en nuestro continuo esfuerzo por mejorar las instalaciones del centro y ofrecer las mejores y mayores oportunidades educativas a nuestro alumnado y familias. <\/span><\/strong><\/span><\/div>\n<div style=\"text-align: left\">&nbsp;<\/div>\n<div class=\"ILesAc Ah6Oed\" style=\"text-align: left\"><span style=\"font-size: 12pt;font-family: arial, helvetica, sans-serif\"><strong><span class=\"A5yTVb \" style=\"color: #000000\">Este aula estar\u00e1 a disposici\u00f3n de todo el alumnado del centro como un recurso educativo m\u00e1s a disposici\u00f3n de tutor@s, especialistas de Educaci\u00f3n F\u00edsica, M\u00fasica, etc.<\/span><\/strong><\/span><\/div>\n<div style=\"text-align: left\">&nbsp;<\/div>\n<div>\n<div style=\"width: 1024px;\" class=\"wp-video\"><!--[if lt IE 9]><script>document.createElement('video');<\/script><![endif]-->\n<video class=\"wp-video-shortcode\" id=\"video-452-1\" width=\"1024\" height=\"680\" preload=\"auto\" controls=\"controls\"><source type=\"video\/mp4\" src=\"https:\/\/blogsaverroes.juntadeandalucia.es\/colegioacapulco\/files\/2024\/10\/COLEGIO-ACAPULCO-FUENGIROLA-AULA-MULTISENSORIAL-06-V1.mp4?_=1\" \/><a href=\"https:\/\/blogsaverroes.juntadeandalucia.es\/colegioacapulco\/files\/2024\/10\/COLEGIO-ACAPULCO-FUENGIROLA-AULA-MULTISENSORIAL-06-V1.mp4\">https:\/\/blogsaverroes.juntadeandalucia.es\/colegioacapulco\/files\/2024\/10\/COLEGIO-ACAPULCO-FUENGIROLA-AULA-MULTISENSORIAL-06-V1.mp4<\/a><\/video><\/div>\n<p>&nbsp;<\/p>\n<\/div>\n<\/div>\n<\/div>\n<\/div>\n<div class=\"MGZn0b LjdlXb\">\n<p><img loading=\"lazy\" decoding=\"async\" class=\"size-large wp-image-1357 alignleft\" src=\"https:\/\/blogsaverroes.juntadeandalucia.es\/colegioacapulco\/files\/2024\/10\/COLEGIO-ACAPULCO-FUENGIROLA-AULA-MULTISENSORIAL-0-1024x669.jpg\" alt=\"\" width=\"1024\" height=\"669\" srcset=\"https:\/\/blogsaverroes.juntadeandalucia.es\/colegioacapulco\/files\/2024\/10\/COLEGIO-ACAPULCO-FUENGIROLA-AULA-MULTISENSORIAL-0-1024x669.jpg 1024w, https:\/\/blogsaverroes.juntadeandalucia.es\/colegioacapulco\/files\/2024\/10\/COLEGIO-ACAPULCO-FUENGIROLA-AULA-MULTISENSORIAL-0-980x641.jpg 980w, https:\/\/blogsaverroes.juntadeandalucia.es\/colegioacapulco\/files\/2024\/10\/COLEGIO-ACAPULCO-FUENGIROLA-AULA-MULTISENSORIAL-0-480x314.jpg 480w\" sizes=\"(min-width: 0px) and (max-width: 480px) 480px, (min-width: 481px) and (max-width: 980px) 980px, (min-width: 981px) 1024px, 100vw\" \/> <img loading=\"lazy\" decoding=\"async\" class=\"size-large wp-image-1358 alignleft\" src=\"https:\/\/blogsaverroes.juntadeandalucia.es\/colegioacapulco\/files\/2024\/10\/COLEGIO-ACAPULCO-FUENGIROLA-AULA-MULTISENSORIAL-0_2-1024x669.jpg\" alt=\"\" width=\"1024\" height=\"669\" srcset=\"https:\/\/blogsaverroes.juntadeandalucia.es\/colegioacapulco\/files\/2024\/10\/COLEGIO-ACAPULCO-FUENGIROLA-AULA-MULTISENSORIAL-0_2-1024x669.jpg 1024w, https:\/\/blogsaverroes.juntadeandalucia.es\/colegioacapulco\/files\/2024\/10\/COLEGIO-ACAPULCO-FUENGIROLA-AULA-MULTISENSORIAL-0_2-980x641.jpg 980w, https:\/\/blogsaverroes.juntadeandalucia.es\/colegioacapulco\/files\/2024\/10\/COLEGIO-ACAPULCO-FUENGIROLA-AULA-MULTISENSORIAL-0_2-480x314.jpg 480w\" sizes=\"(min-width: 0px) and (max-width: 480px) 480px, (min-width: 481px) and (max-width: 980px) 980px, (min-width: 981px) 1024px, 100vw\" \/> <img loading=\"lazy\" decoding=\"async\" class=\"size-large wp-image-1359 alignleft\" src=\"https:\/\/blogsaverroes.juntadeandalucia.es\/colegioacapulco\/files\/2024\/10\/COLEGIO-ACAPULCO-FUENGIROLA-AULA-MULTISENSORIAL-0_3-1024x669.jpg\" alt=\"\" width=\"1024\" height=\"669\" srcset=\"https:\/\/blogsaverroes.juntadeandalucia.es\/colegioacapulco\/files\/2024\/10\/COLEGIO-ACAPULCO-FUENGIROLA-AULA-MULTISENSORIAL-0_3-1024x669.jpg 1024w, https:\/\/blogsaverroes.juntadeandalucia.es\/colegioacapulco\/files\/2024\/10\/COLEGIO-ACAPULCO-FUENGIROLA-AULA-MULTISENSORIAL-0_3-980x641.jpg 980w, https:\/\/blogsaverroes.juntadeandalucia.es\/colegioacapulco\/files\/2024\/10\/COLEGIO-ACAPULCO-FUENGIROLA-AULA-MULTISENSORIAL-0_3-480x314.jpg 480w\" sizes=\"(min-width: 0px) and (max-width: 480px) 480px, (min-width: 481px) and (max-width: 980px) 980px, (min-width: 981px) 1024px, 100vw\" \/> <img loading=\"lazy\" decoding=\"async\" class=\"size-large wp-image-1360 alignleft\" src=\"https:\/\/blogsaverroes.juntadeandalucia.es\/colegioacapulco\/files\/2024\/10\/COLEGIO-ACAPULCO-FUENGIROLA-AULA-MULTISENSORIAL-0_4-1024x669.jpg\" alt=\"\" width=\"1024\" height=\"669\" srcset=\"https:\/\/blogsaverroes.juntadeandalucia.es\/colegioacapulco\/files\/2024\/10\/COLEGIO-ACAPULCO-FUENGIROLA-AULA-MULTISENSORIAL-0_4-1024x669.jpg 1024w, https:\/\/blogsaverroes.juntadeandalucia.es\/colegioacapulco\/files\/2024\/10\/COLEGIO-ACAPULCO-FUENGIROLA-AULA-MULTISENSORIAL-0_4-980x641.jpg 980w, https:\/\/blogsaverroes.juntadeandalucia.es\/colegioacapulco\/files\/2024\/10\/COLEGIO-ACAPULCO-FUENGIROLA-AULA-MULTISENSORIAL-0_4-480x314.jpg 480w\" sizes=\"(min-width: 0px) and (max-width: 480px) 480px, (min-width: 481px) and (max-width: 980px) 980px, (min-width: 981px) 1024px, 100vw\" \/> <img loading=\"lazy\" decoding=\"async\" class=\"size-large wp-image-1361 alignleft\" src=\"https:\/\/blogsaverroes.juntadeandalucia.es\/colegioacapulco\/files\/2024\/10\/COLEGIO-ACAPULCO-FUENGIROLA-AULA-MULTISENSORIAL-0_5-1024x669.jpg\" alt=\"\" width=\"1024\" height=\"669\" srcset=\"https:\/\/blogsaverroes.juntadeandalucia.es\/colegioacapulco\/files\/2024\/10\/COLEGIO-ACAPULCO-FUENGIROLA-AULA-MULTISENSORIAL-0_5-1024x669.jpg 1024w, https:\/\/blogsaverroes.juntadeandalucia.es\/colegioacapulco\/files\/2024\/10\/COLEGIO-ACAPULCO-FUENGIROLA-AULA-MULTISENSORIAL-0_5-980x641.jpg 980w, https:\/\/blogsaverroes.juntadeandalucia.es\/colegioacapulco\/files\/2024\/10\/COLEGIO-ACAPULCO-FUENGIROLA-AULA-MULTISENSORIAL-0_5-480x314.jpg 480w\" sizes=\"(min-width: 0px) and (max-width: 480px) 480px, (min-width: 481px) and (max-width: 980px) 980px, (min-width: 981px) 1024px, 100vw\" \/><img loading=\"lazy\" decoding=\"async\" class=\"size-large wp-image-1362 alignleft\" src=\"https:\/\/blogsaverroes.juntadeandalucia.es\/colegioacapulco\/files\/2024\/10\/COLEGIO-ACAPULCO-FUENGIROLA-AULA-MULTISENSORIAL-0_6-1024x669.jpg\" alt=\"\" width=\"1024\" height=\"669\" srcset=\"https:\/\/blogsaverroes.juntadeandalucia.es\/colegioacapulco\/files\/2024\/10\/COLEGIO-ACAPULCO-FUENGIROLA-AULA-MULTISENSORIAL-0_6-1024x669.jpg 1024w, https:\/\/blogsaverroes.juntadeandalucia.es\/colegioacapulco\/files\/2024\/10\/COLEGIO-ACAPULCO-FUENGIROLA-AULA-MULTISENSORIAL-0_6-980x641.jpg 980w, https:\/\/blogsaverroes.juntadeandalucia.es\/colegioacapulco\/files\/2024\/10\/COLEGIO-ACAPULCO-FUENGIROLA-AULA-MULTISENSORIAL-0_6-480x314.jpg 480w\" sizes=\"(min-width: 0px) and (max-width: 480px) 480px, (min-width: 481px) and (max-width: 980px) 980px, (min-width: 981px) 1024px, 100vw\" \/><img loading=\"lazy\" decoding=\"async\" class=\"size-large wp-image-1363 alignleft\" src=\"https:\/\/blogsaverroes.juntadeandalucia.es\/colegioacapulco\/files\/2024\/10\/COLEGIO-ACAPULCO-FUENGIROLA-AULA-MULTISENSORIAL-0_8-1024x669.jpg\" alt=\"\" width=\"1024\" height=\"669\" srcset=\"https:\/\/blogsaverroes.juntadeandalucia.es\/colegioacapulco\/files\/2024\/10\/COLEGIO-ACAPULCO-FUENGIROLA-AULA-MULTISENSORIAL-0_8-1024x669.jpg 1024w, https:\/\/blogsaverroes.juntadeandalucia.es\/colegioacapulco\/files\/2024\/10\/COLEGIO-ACAPULCO-FUENGIROLA-AULA-MULTISENSORIAL-0_8-980x641.jpg 980w, https:\/\/blogsaverroes.juntadeandalucia.es\/colegioacapulco\/files\/2024\/10\/COLEGIO-ACAPULCO-FUENGIROLA-AULA-MULTISENSORIAL-0_8-480x314.jpg 480w\" sizes=\"(min-width: 0px) and (max-width: 480px) 480px, (min-width: 481px) and (max-width: 980px) 980px, (min-width: 981px) 1024px, 100vw\" \/><\/p>\n<div style=\"width: 1024px;\" class=\"wp-video\"><video class=\"wp-video-shortcode\" id=\"video-452-2\" width=\"1024\" height=\"669\" preload=\"metadata\" controls=\"controls\"><source type=\"video\/mp4\" src=\"https:\/\/blogsaverroes.juntadeandalucia.es\/colegioacapulco\/files\/2024\/10\/COLEGIO-ACAPULCO-FUENGIROLA-AULA-MULTISENSORIAL-06V2.mp4?_=2\" \/><a href=\"https:\/\/blogsaverroes.juntadeandalucia.es\/colegioacapulco\/files\/2024\/10\/COLEGIO-ACAPULCO-FUENGIROLA-AULA-MULTISENSORIAL-06V2.mp4\">https:\/\/blogsaverroes.juntadeandalucia.es\/colegioacapulco\/files\/2024\/10\/COLEGIO-ACAPULCO-FUENGIROLA-AULA-MULTISENSORIAL-06V2.mp4<\/a><\/video><\/div>\n<\/div>\n","protected":false},"excerpt":{"rendered":"<p>&nbsp; &nbsp; \u00a1\u00a1\u00a1NUESTRA AULA MULTISENSORIAL OPERATIVA&nbsp; AL COMPLETO!!! &nbsp; Desde Marzo de 2024 nuestro centro cuenta un Aula Multisensorial dotada de materiales y recursos muy espec\u00edficos con el fin de seguir ayudando a nuestro alumnado del Aula Espec\u00edfica, vistos los inmejorables resultados de las terapias desarrolladas este curso y el curso pasado gracias a la [&hellip;]<\/p>\n","protected":false},"author":7051,"featured_media":1355,"parent":0,"menu_order":0,"comment_status":"closed","ping_status":"closed","template":"","meta":{"_et_pb_use_builder":"off","_et_pb_old_content":"","_et_gb_content_width":"","ngg_post_thumbnail":0,"footnotes":""},"aioseo_notices":[],"_links":{"self":[{"href":"https:\/\/blogsaverroes.juntadeandalucia.es\/colegioacapulco\/wp-json\/wp\/v2\/pages\/452"}],"collection":[{"href":"https:\/\/blogsaverroes.juntadeandalucia.es\/colegioacapulco\/wp-json\/wp\/v2\/pages"}],"about":[{"href":"https:\/\/blogsaverroes.juntadeandalucia.es\/colegioacapulco\/wp-json\/wp\/v2\/types\/page"}],"author":[{"embeddable":true,"href":"https:\/\/blogsaverroes.juntadeandalucia.es\/colegioacapulco\/wp-json\/wp\/v2\/users\/7051"}],"replies":[{"embeddable":true,"href":"https:\/\/blogsaverroes.juntadeandalucia.es\/colegioacapulco\/wp-json\/wp\/v2\/comments?post=452"}],"version-history":[{"count":18,"href":"https:\/\/blogsaverroes.juntadeandalucia.es\/colegioacapulco\/wp-json\/wp\/v2\/pages\/452\/revisions"}],"predecessor-version":[{"id":1592,"href":"https:\/\/blogsaverroes.juntadeandalucia.es\/colegioacapulco\/wp-json\/wp\/v2\/pages\/452\/revisions\/1592"}],"wp:featuredmedia":[{"embeddable":true,"href":"https:\/\/blogsaverroes.juntadeandalucia.es\/colegioacapulco\/wp-json\/wp\/v2\/media\/1355"}],"wp:attachment":[{"href":"https:\/\/blogsaverroes.juntadeandalucia.es\/colegioacapulco\/wp-json\/wp\/v2\/media?parent=452"}],"curies":[{"name":"wp","href":"https:\/\/api.w.org\/{rel}","templated":true}]}}