{"id":2500,"date":"2017-01-11T12:10:02","date_gmt":"2017-01-11T11:10:02","guid":{"rendered":"http:\/\/blogsaverroes.juntadeandalucia.es\/colegiocervantesalgodonales\/?page_id=2500"},"modified":"2021-02-15T19:22:15","modified_gmt":"2021-02-15T18:22:15","slug":"proyecto-educativo-2","status":"publish","type":"page","link":"https:\/\/blogsaverroes.juntadeandalucia.es\/colegiocervantesalgodonales\/proyecto-educativo-2\/","title":{"rendered":"Proyecto Educativo"},"content":{"rendered":"<p><span style=\"font-size: 18pt\"><strong>PROYECTO EDUCATIVO<\/strong><\/span><\/p>\n<p>La finalidad de la Educaci\u00f3n B\u00e1sica es proporcionar a todas las ni\u00f1as y ni\u00f1os una formaci\u00f3n que permita afianzar su desarrollo personal y su propio bienestar, adquirir las habilidades culturales b\u00e1sicas relativas a la expresi\u00f3n y comprensi\u00f3n oral, a la lectura, a la escritura y al c\u00e1lculo, as\u00ed como desarrollar habilidades sociales, h\u00e1bitos de trabajo y estudio, el sentido art\u00edstico, la creatividad y la afectividad.<\/p>\n<p>Se entiende por curr\u00edculo el conjunto de objetivos, competencias clave, contenidos, m\u00e9todos pedag\u00f3gicos y criterios de evaluaci\u00f3n de esta etapa educativa.<\/p>\n<p>El curr\u00edculo de la Educaci\u00f3n B\u00e1sica se orientar\u00e1 a:<\/p>\n<ol>\n<li>a) Desarrollar las aptitudes y las capacidades del alumnado.<\/li>\n<li>b) Procurar que el alumnado vaya adquiriendo los aprendizajes esenciales para entender la sociedad en la que vive, para actuar en ella y para comprender la evoluci\u00f3n de la humanidad a lo largo de su historia.<\/li>\n<li>c) Facilitar que el alumnado adquiera unos saberes coherentes, posibilitados por una visi\u00f3n interdisciplinar de los contenidos.<\/li>\n<li>d) Permitir una organizaci\u00f3n flexible, variada e individualizada de la ordenaci\u00f3n de los contenidos y de su ense\u00f1anza, facilitando la atenci\u00f3n a la diversidad como pauta ordinaria de la acci\u00f3n educativa del profesorado.<\/li>\n<li>e) Atender las necesidades educativas especiales y la sobredotaci\u00f3n intelectual, propiciando adaptaciones curriculares espec\u00edficas para el alumnado.<\/li>\n<\/ol>\n<p><strong>1.- Definici\u00f3n y estudio del contexto.<\/strong><\/p>\n<p>&nbsp;&nbsp;&nbsp;&nbsp;&nbsp;&nbsp;&nbsp;&nbsp;&nbsp;&nbsp;<\/p>\n<ol>\n<li><strong>a) Definici\u00f3n del proyecto educativo.<\/strong><\/li>\n<\/ol>\n<p>El&nbsp; proyecto educativo es el conjunto de se\u00f1as de identidad de nuestro centro y&nbsp; expresa la educaci\u00f3n que deseamos y que se va a desarrollar en unas condiciones concretas; por ello contempla los valores, los objetivos y las prioridades de actuaci\u00f3n, y&nbsp; desde un punto de vista cultural, hacen que nuestro centro sea un elemento dinamizador de la cultura en Algodonales.<\/p>\n<ol>\n<li><strong>b) Estudio de contexto de nuestro centro.<\/strong><\/li>\n<\/ol>\n<p><strong>Algodonales<\/strong>&nbsp;es una localidad de la&nbsp;<a href=\"http:\/\/cadizpedia.wikanda.es\/wiki\/Provincia_de_C%C3%A1diz\">provincia de C\u00e1diz<\/a>. Se encuentra situada en el extremo nororiental de la <a href=\"http:\/\/cadizpedia.wikanda.es\/wiki\/Provincia_de_C%C3%A1diz\">provincia<\/a>. Se emplaza en la sierra de C\u00e1diz, concretamente en la llamada&nbsp;<a href=\"http:\/\/cadizpedia.wikanda.es\/w\/index.php?title=Sierra_de_Lijar&amp;action=edit&amp;redlink=1\">Sierra de Lijar<\/a>, entre los r\u00edos <a href=\"http:\/\/cadizpedia.wikanda.es\/wiki\/Guadalete\">Guadalete<\/a>&nbsp;y&nbsp;<a href=\"http:\/\/cadizpedia.wikanda.es\/w\/index.php?title=Guadalporc%C3%BAn&amp;action=edit&amp;redlink=1\">Guadalporc\u00fan<\/a>&nbsp;y es la entrada norte del&nbsp;<a href=\"http:\/\/cadizpedia.wikanda.es\/w\/index.php?title=Parque_Natural_de_Grazalema&amp;action=edit&amp;redlink=1\">Parque Natural de Grazalema<\/a>. Por su ubicaci\u00f3n, gravita en torno a tres n\u00facleos de poblaci\u00f3n a donde sus habitantes acuden para recibir los servicios de los que carecen: Jerez, Sevilla y Ronda<\/p>\n<p>Las poblaciones m\u00e1s cercanas son&nbsp;<a href=\"http:\/\/cadizpedia.wikanda.es\/wiki\/Zahara_de_la_Sierra\">Zahara de la Sierra<\/a>&nbsp;y&nbsp;<a href=\"http:\/\/cadizpedia.wikanda.es\/wiki\/Olvera\">Olvera<\/a>.<\/p>\n<p>Actualmente, la econom\u00eda de la localidad se basa en la agricultura (cereales, vi\u00f1edo&#8230;), as\u00ed como ganader\u00eda y turismo rural y de aventura, como el vuelo libre. Su poblaci\u00f3n, por tanto, vive de estos recursos que ofrece el pueblo. La mayor\u00eda de las familias tienen un nivel socioecon\u00f3mico medio- bajo.<\/p>\n<p>Nuestro centro, El C.E.Pr. \u201cMiguel de Cervantes\u201d est\u00e1 situado en el centro de la localidad, a unos doscientos metros de la Plaza del pueblo, en la calle Arco n\u00ba 27 y es popularmente conocido como \u201cEl colegio abajo el arco\u201d.<\/p>\n<p>En la actualidad dispone de una matr\u00edcula de alrededor de 170 &nbsp;alumnos\/as que se distribuyen en dos l\u00edneas de 1\u00ba a 6\u00ba de ense\u00f1anza primaria, con una media de casi&nbsp; 20 alumnos\/as por aula. Adem\u00e1s, estamos inscritos en el Plan de Apertura de Centros Escolares ofreciendo servicios a la comunidad educativa como son: Aula Matinal,&nbsp; Plan de Actividades Extraescolares &nbsp;Escuelas Deportivas y PROA (Programa de Refuerzo, Orientaci\u00f3n y Apoyo).<\/p>\n<p><strong>2.- Objetivos particulares del Centro.<\/strong><\/p>\n<p><strong><u>El&nbsp; Centro se define como una \u201c ESCUELA ACTIVA, INTEGRADORA Y PLURALISTA\u201d y &nbsp;propone los siguientes objetivos:<\/u><\/strong><\/p>\n<p>1.- Fomentar una educaci\u00f3n para la paz, la tolerancia, el respeto al medio ambiente y la coeducaci\u00f3n, respetando y aceptando a todos\/as los\/as compa\u00f1eros\/as, favoreciendo un clima de buenas relaciones entre toda la Comunidad Educativa.<\/p>\n<p>2.- Prestar atenci\u00f3n a las condiciones de \u201cSalud- higiene\u201d, haciendo hincapi\u00e9 en una alimentaci\u00f3n sana y en la prevenci\u00f3n de enfermedades.<\/p>\n<p>3.- Potenciar los valores y la creatividad mediante la lectura, procurando una mayor participaci\u00f3n de los padres\/madres en la tarea educativa.<\/p>\n<p>4.- Fomentar la realizaci\u00f3n de actividades extraescolares, apoyando los proyectos de \u201cPuertas Abiertas\u201d y&nbsp;&nbsp; \u201cEscuelas Deportivas\u201d.<\/p>\n<p>5.- Adaptar&nbsp; las programaciones al alumnado que presente dificultades, favoreciendo&nbsp; la mayor integraci\u00f3n de todo el alumnado.<\/p>\n<p>9.- Educar en forma integral, intentando siempre formar personas, eliminando el sexismo y desarrollando un&nbsp; lenguaje y comportamiento coeducativo.<\/p>\n<p>10.- Educar en valores.<\/p>\n<p><strong>3.- El Proyecto educativo aborda los siguientes aspectos:<\/strong><\/p>\n<p><strong>&nbsp;<\/strong><\/p>\n<table width=\"99%\">\n<tbody>\n<tr>\n<td width=\"28%\">Proyecto Educativo<\/td>\n<td width=\"19%\">Apartado&nbsp; a)<\/td>\n<td width=\"52%\">Objetivos propios para la mejora del rendimiento escolar<\/td>\n<\/tr>\n<\/tbody>\n<\/table>\n<p><strong><u>&nbsp;<\/u><\/strong><\/p>\n<table>\n<tbody>\n<tr>\n<td width=\"707\">Su aprobaci\u00f3n corresponde al Consejo Escolar<\/td>\n<\/tr>\n<\/tbody>\n<\/table>\n<p><strong>&nbsp;<\/strong><\/p>\n<ol>\n<li>Mejorar la <strong>competencia ling\u00fc\u00edstica<\/strong> a trav\u00e9s de planes que desarrollen: la lectura, la expresi\u00f3n oral y escrita y los aspectos ortogr\u00e1ficos de la lengua.<\/li>\n<\/ol>\n<ul>\n<li>Trabajar un vocabulario b\u00e1sico y ampliarlo de forma progresiva. Aplicar en diferentes contextos el vocabulario nuevo aprendido.<\/li>\n<li>Aplicar el Plan de Expresi\u00f3n Escrita y Oral del Centro. \u201cEl l\u00e1piz Rojo\u201d<\/li>\n<li>Afianzar el plan de animaci\u00f3n a la lectura del Centro: biblioteca general y de aula, celebraci\u00f3n del d\u00eda del libro, juegos de lectura\u2026<\/li>\n<li>Afianzar las reglas ortogr\u00e1ficas ya aprendidas mediante actividades motivadoras.<\/li>\n<li>Contar con un vocabulario ortogr\u00e1fico formado por palabras de uso frecuente que sirva de base para el aprendizaje de la ortograf\u00eda reglada.<\/li>\n<li>Escuchar textos diferentes de una forma comprensiva.<\/li>\n<li>Expresarse oralmente con claridad en diferentes contextos.<\/li>\n<li>Escribir diferentes tipos de textos.<\/li>\n<li>Utilizar un vocabulario expresivo b\u00e1sico como pilar de las producciones escritas del alumnado.<\/li>\n<li>Hacer que el alumnado resuma.<\/li>\n<\/ul>\n<ol>\n<li>Mejorar la <strong>competencia matem\u00e1tica<\/strong> del alumnado mediante la puesta en pr\u00e1ctica de un plan que mejore la resoluci\u00f3n de problemas, la mejora del razonamiento y del c\u00e1lculo mental. Asimismo, utilizar metodolog\u00eda, material y recursos matem\u00e1ticos que ayuden a comprender los conceptos. La puesta en pr\u00e1ctica de la metodolog\u00eda ABN en nuestro centro ayudar\u00e1 a conseguir este objetivo.<\/li>\n<li>Mejorar la <strong>competencia del \u00e1rea extranjera de ingl\u00e9s<\/strong> potenciando y aumentando el n\u00famero de apoyos que recibe esta asignatura en cada nivel siempre que contemos con los recursos especializados.<\/li>\n<\/ol>\n<p>&nbsp;<\/p>\n<p><strong><u>JUSTIFICACI\u00d3N DE LA APLICACI\u00d3N DE LA METODOLOG\u00cdA ABN<\/u><\/strong><\/p>\n<p>El razonamiento y la aplicaci\u00f3n de las matem\u00e1ticas es un eje en el aprendizaje que nos ocupa dentro de su contexto funcional. Esto nos ha llevado a plasmar continuas mejoras basadas en el razonamiento para resolver problemas y en nuevas estrategias de c\u00e1lculo. Por ello, en nuestro Centro se acuerda aplicar el m\u00e9todo de c\u00e1lculo ABN (abierto basado en n\u00fameros) en contraposici\u00f3n al tradicional cerrado basado en cifras. El m\u00e9todo ABN ha sido creado por Jaime Mart\u00ednez Montero y en su blog nos ofrece toda la informaci\u00f3n, justificaci\u00f3n, v\u00eddeos, experiencias\u2026 en relaci\u00f3n a dicho m\u00e9todo (http:\/\/algoritmosabn.blogspot.com.es).<\/p>\n<p>1.- <strong>No se trabaja con cifras, sino con n\u00fameros<\/strong>: Cambio del modelo-soporte:<\/p>\n<p>&#8211; Del \u00e1baco a la tabla del cien y a la recta num\u00e9rica.<\/p>\n<p>1.1 <strong>Eliminaci\u00f3n de los inconvenientes del c\u00e1lculo con cifras<\/strong>:<\/p>\n<p>&#8211; Nueva conceptualizaci\u00f3n.<\/p>\n<p>-Se acabaron las llevadas.<\/p>\n<p>-Ruptura de la rigidez de las operaciones b\u00e1sicas, sus algoritmos y formatos.<\/p>\n<p>-Fin de los problemas con ceros y decimales en productos y divisiones.<\/p>\n<p>-Procesamiento del c\u00e1lculo de izquierda a derecha.<\/p>\n<p>-C\u00e1lculo natural y espont\u00e1neo, sin la dicotom\u00eda c\u00e1lculo mec\u00e1nico-c\u00e1lculo mental.<\/p>\n<ol start=\"2\">\n<li><strong>Tratamiento interactivo y realista de los n\u00fameros<\/strong>. <strong>Enfoques polis\u00e9micos<\/strong>.<\/li>\n<\/ol>\n<p>&#8211; Algo m\u00e1s que unidades, decenas y centenas. La conexi\u00f3n entre la realidad multiforme y su reflejo en la escritura fija.<\/p>\n<p>-Los procesos de descomposici\u00f3n. Su relaci\u00f3n con las operaciones, los problemas y otros t\u00f3picos matem\u00e1ticos.<\/p>\n<p>Los procesos de composici\u00f3n. Su relaci\u00f3n con las operaciones, los problemas y otros t\u00f3picos matem\u00e1ticos.<\/p>\n<ol start=\"3\">\n<li><strong>Utilizaci\u00f3n de algoritmos abiertos, y en una gran variedad de formatos<\/strong>. Las posibilidades de adaptaci\u00f3n, tanto para la sobredotaci\u00f3n como para la infradotaci\u00f3n. Algoritmos abiertos y formatos flexibles. Hay un total de trece formatos para todo el c\u00e1lculo: sumas, restas por detracci\u00f3n y comparaci\u00f3n, restas en escalera ascendente, restas en escalera descendente, multirrestas, sumirrestas, reparto igualatorio, producto extendido, producto posicional, divisi\u00f3n, divisi\u00f3n posicional, divisi\u00f3n mixta, ra\u00edz cuadrada.<\/li>\n<li><strong>La transparencia de formatos y algoritmos<\/strong>. Los diferentes formatos permiten seguir los pasos que ha dado el ni\u00f1o en la resoluci\u00f3n de la operaci\u00f3n, as\u00ed como detectar el punto exacto o fallo del proceso que se ha producido.<\/li>\n<li><strong>La reversibilidad de las operaciones<\/strong>.<\/li>\n<\/ol>\n<p>En las estructuras aditivas.<\/p>\n<p>-En la suma, se simult\u00e1nea la suma y la resta.<\/p>\n<p>-Resta en escalera ascendente: la suma hecha resta.<\/p>\n<p>-Resta en escalera descendente: suma y resta.<\/p>\n<p>-Resta por detracci\u00f3n y comparaci\u00f3n: resta pura.<\/p>\n<p>-Sumirresta y doble resta: la posibilidad de simultanear ambas operaciones. -Reparto igualatorio: Simultaneidad de las operaciones de suma y resta.<\/p>\n<p>En las estructuras multiplicativas.<\/p>\n<p>-Se pasa de la multiplicaci\u00f3n a la divisi\u00f3n y viceversa. Se emplea la t\u00e9cnica de los formatos y algoritmos incompletos.<\/p>\n<p>-Las equivalencias a trav\u00e9s de las preguntas.<\/p>\n<p>&nbsp;<\/p>\n<ol start=\"6\">\n<li><strong>Enfoque realista y referenciado<\/strong>.<\/li>\n<\/ol>\n<p>Construcci\u00f3n del concepto con materiales manipulables. Contextualizaci\u00f3n de los c\u00e1lculos en enunciados de problemas.<\/p>\n<p>&nbsp;<\/p>\n<ol start=\"7\">\n<li><strong>Conducta del relato y de la verbalizaci\u00f3n de lo que se hace<\/strong>.<\/li>\n<\/ol>\n<p>El relato como el indicador de que se ha captado el sentido del c\u00e1lculo.<\/p>\n<p>El relato como indicador de la descomposici\u00f3n del proceso en partes m\u00e1s peque\u00f1as.<\/p>\n<p>El relato como medio para la interacci\u00f3n del texto del problema con los c\u00e1lculos que llevan a su resoluci\u00f3n.<\/p>\n<p>&nbsp;<\/p>\n<ol start=\"8\">\n<li><strong>Derivaciones. Conexiones<\/strong>.<\/li>\n<\/ol>\n<p>&nbsp;<\/p>\n<p>Las preguntas sobrevenidas sobre c\u00e1lculo y problemas.<\/p>\n<p>La explotaci\u00f3n de los resultados. Patrones y relaciones entre los t\u00e9rminos de las operaciones.<\/p>\n<ol>\n<li>Mejorar el <strong>\u00e1mbito competencial de conocimiento e interacci\u00f3n con el medio f\u00edsico y natural<\/strong>. Prestar especial atenci\u00f3n a as dimensiones \u201cmetodolog\u00eda cient\u00edfica\u201d y \u201cconocimientos cient\u00edficos\u201d. Elaborar y difundir un banco de proyectos o experiencias sencillas (que puedan hacerse en clase) para realizar en cada una de las unidades did\u00e1cticas.<\/li>\n<li>Aplicar <strong>t\u00e9cnicas de estudio<\/strong> que favorezcan la adquisici\u00f3n de los conceptos trabajados, especialmente en el tercer ciclo.<\/li>\n<li>Extender y afianzar el conocimiento de la lengua inglesa.<\/li>\n<li>Utilizar las potencialidades de los recursos ofrecidos por las nuevas tecnolog\u00edas en todas las \u00e1reas.<\/li>\n<li>Trabajar en base a la <strong>adquisici\u00f3n de las competencias clave<\/strong> en cada \u00e1rea.<\/li>\n<li>Consensuar y adoptar criterios m\u00ednimos y generales para todo el centro en cuanto a presentaci\u00f3n de trabajos &nbsp;&nbsp;&nbsp;&nbsp;&nbsp;&nbsp;&nbsp;&nbsp;&nbsp;&nbsp; y cuadernos.<\/li>\n<li>Ayudar al alumnado a lograr una planificaci\u00f3n de su tiempo de estudio: tiempo semanal dedicado a cada una de las materias teniendo en cuenta el grado de dificultad y el trabajo que implican.<\/li>\n<li>Inculcar al alumnado que el orden es esencial para que aprenda a organizar su propio material de trabajo (fichas. Cuadernos, agenda\u2026)<\/li>\n<li>Aumentar la implicaci\u00f3n de las familias en el proceso de ense\u00f1anza- aprendizaje del alumnado.<\/li>\n<li>Aumentar el n\u00famero de compromisos educativos con las familias del alumnado que se esfuerza poco.<\/li>\n<\/ol>\n<table>\n<tbody>\n<tr>\n<td width=\"187\">Proyecto Educativo<\/td>\n<td width=\"123\">Apartado&nbsp; b)<\/td>\n<td width=\"397\">L\u00edneas generales de actuaci\u00f3n pedag\u00f3gica.<\/td>\n<\/tr>\n<\/tbody>\n<\/table>\n<p>&nbsp;<\/p>\n<table>\n<tbody>\n<tr>\n<td width=\"707\">Su aprobaci\u00f3n corresponde al Claustro<\/td>\n<\/tr>\n<\/tbody>\n<\/table>\n<p>&nbsp;<\/p>\n<p><strong>&nbsp; El&nbsp; Centro se define como una escuela activa, integradora y pluralista.<\/strong><\/p>\n<ul>\n<li><strong>Activa<\/strong>: Busca la participaci\u00f3n del alumnado.<\/li>\n<li><strong>Integradora<\/strong>: Act\u00faa sobre todos los aspectos humanos y educativos prescindiendo de &nbsp;<\/li>\n<li><strong>Pluralista<\/strong>: Respeta las ideas siempre que se integren en un funcionamiento democr\u00e1tico.<\/li>\n<\/ul>\n<p>&nbsp;<\/p>\n<p>&nbsp; 1.- <strong>Actuaciones para la Convivencia:<\/strong><\/p>\n<p>&nbsp;&nbsp;&nbsp;&nbsp;&nbsp; &nbsp;&nbsp;&nbsp;&nbsp;&nbsp; &nbsp;&#8211;&nbsp; Potenciar la solidaridad, libertad, respeto a los dem\u00e1s y actitud de di\u00e1logo.<\/p>\n<p>&nbsp;&nbsp;&nbsp;&nbsp;&nbsp; &nbsp;&nbsp;&nbsp;&nbsp;&nbsp; &nbsp;&#8211; &nbsp;Acatar la voluntad de los padres y madres &nbsp;respecto a la ense\u00f1anza de la religi\u00f3n.<\/p>\n<p>&nbsp;&nbsp;&nbsp;&nbsp;&nbsp; &nbsp;&nbsp;&nbsp;&nbsp;&nbsp; &nbsp;&#8211; &nbsp;Motivar y favorecer un clima de buenas relaciones entre familia-alumnado-profesorado.<\/p>\n<p>&nbsp;&nbsp;&nbsp;&nbsp;&nbsp; &nbsp;&nbsp;&nbsp;&nbsp;&nbsp; &nbsp;&#8211; &nbsp;Promover la participaci\u00f3n de los alumnos\/as en la vida de su entorno.<\/p>\n<p>&nbsp;&nbsp;&nbsp;&nbsp;&nbsp; &nbsp;&nbsp;&nbsp;&nbsp;&nbsp; &nbsp;&#8211; &nbsp;Desarrollar h\u00e1bitos de defensa y conservaci\u00f3n del medio ambiente.<\/p>\n<p>&nbsp;&nbsp;&nbsp;&nbsp;&nbsp; &nbsp;&nbsp;&nbsp;&nbsp;&nbsp; &nbsp;&#8211; &nbsp;Respetar y aceptar a todos los compa\u00f1eros\/as.<\/p>\n<p>&nbsp;&nbsp;&nbsp;&nbsp;&nbsp; &nbsp;&nbsp;&nbsp;&nbsp;&nbsp; &nbsp;&#8211; &nbsp;Integrar y aceptar al alumnado con necesidades educativas especiales.<\/p>\n<p>&nbsp;&nbsp;&nbsp;&nbsp; &nbsp;&nbsp;&nbsp;&nbsp;&nbsp;&nbsp; &nbsp;&#8211; &nbsp;Fomentar la igualdad de derechos entre sexos.<\/p>\n<p>&nbsp;&nbsp;&nbsp;&nbsp;&nbsp; &nbsp;&nbsp;&nbsp;&nbsp;&nbsp; &nbsp;&#8211; &nbsp;Prestar atenci\u00f3n a las condiciones de \u201cSalud- Higiene\u201d.<\/p>\n<p>&nbsp;&nbsp;&nbsp;&nbsp;&nbsp; &nbsp;&nbsp;&nbsp;&nbsp;&nbsp; &nbsp;&#8211; Estar muy atentos a situaciones de acoso escolar- ciberacoso &nbsp;y velar para que no ocurran iniciando&nbsp; &nbsp; &nbsp; &nbsp; &nbsp; &nbsp; &nbsp; &nbsp; &nbsp; los pertinentes protocolos, cuando se detecten, seg\u00fan la normativa vigente.<\/p>\n<p>&nbsp;&nbsp;&nbsp;<\/p>\n<p><strong>2.- Actuaciones para la Gesti\u00f3n:<\/strong><\/p>\n<p>&nbsp;&nbsp;&nbsp;&nbsp;&nbsp;&nbsp;&nbsp;&nbsp;&nbsp;&nbsp;&nbsp; &nbsp; &#8211; Participaci\u00f3n de profesorado- familia- Alumnado y personal no docente en los \u00d3rganos &nbsp;de Control y &nbsp;&nbsp;&nbsp;&nbsp;&nbsp;&nbsp;&nbsp;&nbsp;&nbsp;&nbsp;&nbsp; &nbsp;&nbsp;Gesti\u00f3n del Centro.<\/p>\n<p>&nbsp;&nbsp;&nbsp;&nbsp;&nbsp;&nbsp;&nbsp;&nbsp;&nbsp;&nbsp;&nbsp; &nbsp;&nbsp;&#8211; Fomentar la realizaci\u00f3n de actividades extraescolares y la participaci\u00f3n de los padres y madres &nbsp;en&nbsp; &nbsp; &nbsp; &nbsp; &nbsp; &nbsp; &nbsp; &nbsp; &nbsp; dichas&nbsp; actividades.<\/p>\n<p>&nbsp;&nbsp;&nbsp;&nbsp;&nbsp;&nbsp;&nbsp;&nbsp;&nbsp;&nbsp;&nbsp; &nbsp; &#8211; Fomentar la participaci\u00f3n&nbsp; de &nbsp;delegados\/as de curso y de padres\/madres en la &nbsp;organizaci\u00f3n y&nbsp; &nbsp; &nbsp; &nbsp; &nbsp; &nbsp; &nbsp; &nbsp; &nbsp; &nbsp; &nbsp; &nbsp; &nbsp;funcionamiento del aula.<\/p>\n<p>&nbsp;&nbsp;&nbsp;&nbsp;&nbsp;&nbsp;&nbsp;&nbsp;&nbsp;&nbsp;&nbsp; &nbsp; -Garantizar una gesti\u00f3n transparente del presupuesto del centro.<\/p>\n<p>&nbsp;<\/p>\n<p><strong>3.- Actuaciones Pedag\u00f3gicas:<\/strong><\/p>\n<ul>\n<li>Fomentar un clima escolar que favorezca el esfuerzo y el trabajo<\/li>\n<li>Desarrollo de actuaciones que propicien una formaci\u00f3n integral, en conocimientos y valores de los alumnos\/as, con el fin de contribuir a la formaci\u00f3n de ciudadanos libres, cr\u00edticos y democr\u00e1ticos.<\/li>\n<li>Fomentar en los\/as alumnos\/as una actitud investigadora y curiosa que sea la base de su formaci\u00f3n.<\/li>\n<li>Inserci\u00f3n del alumnado en el entorno en que vive.<\/li>\n<li>Potenciar la lectura como base del conocimiento.<\/li>\n<li>Potenciar el desarrollo de programas y proyectos.<\/li>\n<li>Cuidar el Centro y hacer buena utilizaci\u00f3n de sus instalaciones.<\/li>\n<li>Preparar al alumnado para participar en la vida cultural y social.<\/li>\n<li>Adaptaci\u00f3n de las programaciones a aquellos\/as alumnos\/as que presenten dificultades de aprendizaje atendiendo de manera adecuada la diversidad del alumnado potenciando el Plan de Atenci\u00f3n a la Diversidad del centro.<\/li>\n<li>Completar la formaci\u00f3n integral del alumnado a trav\u00e9s de la iniciaci\u00f3n, conocimiento y uso funcional de las nuevas tecnolog\u00edas.<\/li>\n<li>Lograr una buena formaci\u00f3n en lengua extranjera.<\/li>\n<li>Continuar con el Plan de Apertura y con el Programa de Refuerzo, Orientaci\u00f3n y Ayuda (PROA).<\/li>\n<li>El desarrollo del curr\u00edculo en cada \u00e1rea ir\u00e1 encaminado a la adquisici\u00f3n de las competencias clave.<\/li>\n<li>Se potenciar\u00e1 la lectura comprensiva y expresi\u00f3n escrita y oral en todas las \u00e1reas y etapas mediante<strong>:<\/strong><\/li>\n<li>Pr\u00e1ctica de lectura individual y colectiva, al menos media hora diaria en todas las \u00e1reas.<\/li>\n<li>Pr\u00e1ctica de un vocabulario expresivo y ortogr\u00e1fico com\u00fan.<\/li>\n<li>Lecturas en voz alta del profesorado como modelo a imitar: entonaci\u00f3n, pausas, etc.<\/li>\n<li>Exposiciones orales de temas, adecuados a cada nivel.<\/li>\n<li>Escucha de audiciones y realizaci\u00f3n de res\u00famenes (orales y\/o escritos).<\/li>\n<li>Trabajando colectivamente las lecturas analizando el vocabulario desconocido.<\/li>\n<li>Desarrollo en el aula del Plan de Animaci\u00f3n a la lectura<\/li>\n<li>Lectura en clase de las propias producciones del alumnado.<\/li>\n<li>Se har\u00e1 un tratamiento transversal de la educaci\u00f3n en valores, priorizando la igualdad de g\u00e9nero.<\/li>\n<li>Primaremos el trabajo en equipo del profesorado en busca de actuaciones comunes de ense\u00f1anza-aprendizaje y metodolog\u00edas; para ello, se establece en el centro la coordinaci\u00f3n necesaria para llevar a cabo el Plan de Expresi\u00f3n Escrita y la metodolog\u00eda ABN.<\/li>\n<li>Se potenciar\u00e1 el trabajo cooperativo interniveles en base a establecer un seguimiento com\u00fan de las programaciones did\u00e1cticas y del proceso de ense\u00f1anza-aprendizaje en cada nivel.<\/li>\n<li>Se potenciar\u00e1 el trabajo cooperativo del alumnado en la realizaci\u00f3n de determinadas actividades de clase.<\/li>\n<li>En cuanto a la planificaci\u00f3n de actividades complementarias y extraescolares, \u00e9stas se determinar\u00e1n atendiendo a su finalidad educativa (visitas a lugares culturales, a espacios medioambientales, de ense\u00f1anza del patrimonio hist\u00f3rico-art\u00edstico, que favorezcan la convivencia de nuestra comunidad.).<\/li>\n<li>Se aprovechar\u00e1, en la medida de nuestras posibilidades, la oferta de actividades culturales, concursos literarios o art\u00edsticos promovidos por las instituciones de la zona.<\/li>\n<li>Se fomentar\u00e1 la colaboraci\u00f3n familiar en las tareas y aprendizaje de nuestro alumnado.<\/li>\n<li>Insistiremos en que nuestro alumnado valore las producciones propias y las de los dem\u00e1s.<\/li>\n<li>Se impartir\u00e1 una ense\u00f1anza activa y motivadora, haciendo un uso continuado e intensivo de los recursos de las nuevas tecnolog\u00edas y dem\u00e1s material escolar que ayude a la adquisici\u00f3n de los conceptos.<\/li>\n<li>Se propiciar\u00e1 una utilizaci\u00f3n activa de las TICs por parte del alumnado.<\/li>\n<li>Se propiciar\u00e1n experiencias de aprendizaje activas y motivadoras.<\/li>\n<li>Potenciaremos la colaboraci\u00f3n intercentros de la localidad , en especial con el centro de Infantil \u201cPr\u00edncipe de Asturias\u201d en base a establecer la coordinaci\u00f3n necesaria para el trabajo de la metodolog\u00eda ABN.<\/li>\n<\/ul>\n<p><strong><u>&nbsp;<\/u><\/strong><\/p>\n<p><strong><u>PROGRAMACIONES DE CICLO Y UNIDADES DID\u00c1CTICAS INTEGRADAS<\/u><\/strong><\/p>\n<p><strong><u>LA PROGRAMACI\u00d3N<\/u><\/strong><\/p>\n<p>La <strong>programaci\u00f3n anual <\/strong>estar\u00e1 dise\u00f1ada para los ciclos con todos los elementos del mapa de desarrollo y del mapa de desempe\u00f1o que marca la Orden de 17 de marzo de 2015 (<strong>tomando como referencia el criterio de evaluaci\u00f3n <\/strong>y, a partir de ah\u00ed, orienta y precisa el nivel de complejidad para alcanzar los objetivos. Representan los fines y las intenciones educativas: \u201cQu\u00e9 ense\u00f1ar?\u201d y \u201cQu\u00e9 evaluar\u201d). Adem\u00e1s de los elementos conocidos, se introducen los <strong>indicadores <\/strong>(concretan los criterios de evaluaci\u00f3n y el grado de adquisici\u00f3n de las competencias clave; permitiendo conocer el nivel de logro de las capacidades contempladas en los objetivos y est\u00e1ndares). En este curso, se tomar\u00e1 como referencia la globalidad del ciclo para ir dise\u00f1ando una programaci\u00f3n particular de cada nivel.<\/p>\n<p>En el tercer nivel de concreci\u00f3n estar\u00e1n las <strong>Unidades Did\u00e1cticas Integradas<\/strong>. Recordamos que integrar se refiere a relacionar, de manera coordinada, las competencias clave y dem\u00e1s elementos del curr\u00edculum para conseguir un aprendizaje significativo y funcional. No necesariamente hay que globalizar \u00e1reas (hay que diferenciar conceptos como \u201cglobalizaci\u00f3n\u201d, \u201cinterdisciplinariedad\u201d o \u201cintegrar\u201d). La UDI tiene varios elementos a considerar, pero antes hay que aclarar la clasificaci\u00f3n entre <strong>ejercicios, actividades y tareas<\/strong>:<\/p>\n<p>&nbsp;<\/p>\n<p><strong>Ejercicios: <\/strong>Acci\u00f3n para comprobar el dominio de un conocimiento con contenido concreto y puntual. Utilidad en s\u00ed mismo para asegurar alg\u00fan conocimiento descontextualizado aunque sin contribuir a la adquisici\u00f3n de las competencias clave (cuentas, caligraf\u00eda, copiar frases o textos, memorizar\u2026)<\/p>\n<p>&nbsp;<\/p>\n<p><strong>Actividades: <\/strong>Acci\u00f3n para adquirir un conocimiento nuevo o utilizar los ya adquiridos para alcanzar uno nuevo. M\u00e1s contextualizadas que los ejercicios ya que pueden contribuir al desarrollo de las competencias clave. Deben estar dise\u00f1adas para trabajar competencias (usar un ordenador, lectura comprensiva, relacionar, comparar, analizar, seleccionar, dictados, descripciones\u2026)<\/p>\n<p>&nbsp;<\/p>\n<p><strong>Tareas: <\/strong>Acci\u00f3n o acciones orientadas a resolver una situaci\u00f3n-problema de manera contextualizada para elaborar un producto final, involucrando al saber ser, saber hacer y conocer. Incluye varios procesos mentales, recursos\u2026 que se ponen en pr\u00e1ctica a lo largo del proceso y que contribuyen al desarrollo de competencias (exponer una unidad trabajada, lo relacionado con efem\u00e9rides que implique muchas actividades de diversa \u00edndole, simular un programa de noticias, representaciones que impliquen una preparaci\u00f3n\u2026)<\/p>\n<p>Hacer hincapi\u00e9 que, a diferencia de como a veces puede concebirse, trabajar por competencias no tiene por qu\u00e9 ser siempre trabajar con \u201cmacroproyectos\u201d que impliquen a muchas \u00e1reas. <strong>El enfoque competencial se da en el d\u00eda a d\u00eda mediante un adecuado enfoque <\/strong>(ejemplo al producir en el lengua, aplicar situaciones en mates, comportarse en el d\u00eda a d\u00eda, expresarse, saber buscar y seleccionar, preguntar dudas, identificar errores, ser cr\u00edtico, organizarse el material\u2026)<\/p>\n<table width=\"100%\">\n<tbody>\n<tr>\n<td>&nbsp;<\/td>\n<\/tr>\n<\/tbody>\n<\/table>\n<p><strong>Cuadro de desarrollo curricular.<\/strong><\/p>\n<p>&nbsp; &nbsp; &nbsp; &nbsp;&nbsp;<\/p>\n<p>&nbsp;&nbsp;&nbsp;&nbsp;&nbsp;&nbsp;&nbsp;&nbsp;&nbsp;&nbsp;&nbsp; <strong>Criterios de evaluaci\u00f3n<\/strong> \u00bfQU\u00c9 ENSE\u00d1AR? &#8211; \u00bfQU\u00c9 EVALUAR? Como eje principal<\/p>\n<p>&nbsp;&nbsp;&nbsp;&nbsp;&nbsp;&nbsp;&nbsp;&nbsp;&nbsp;&nbsp;&nbsp; <strong>Metodolog\u00eda<\/strong> \u00bfC\u00d3MO ENSE\u00d1AR?<\/p>\n<p>&nbsp;&nbsp;&nbsp;&nbsp;&nbsp;&nbsp;&nbsp;&nbsp;&nbsp;&nbsp;&nbsp; <strong>Contenidos<\/strong> \u00bfQU\u00c9 ENSE\u00d1AR? &#8211; \u00bfQU\u00c9 DEBE SABER?<\/p>\n<p>&nbsp;&nbsp;&nbsp;&nbsp;&nbsp;&nbsp;&nbsp;&nbsp;&nbsp;&nbsp;&nbsp; <strong>Competencias<\/strong> \u00bfPARA QU\u00c9 ENSE\u00d1AR? Integrar lo aprendido para dar respuesta a situaciones<\/p>\n<p>&nbsp;&nbsp;&nbsp;&nbsp;&nbsp;&nbsp;&nbsp;&nbsp;&nbsp;&nbsp;&nbsp; <strong>Indicadores<\/strong> \u00bfQU\u00c9 EVALUAR? Concretando criterios y competencias. Evidencian niveles de logro.<\/p>\n<p><strong><u>LA UNIDAD DID\u00c1CTICA INTEGRADA Y SUS ELEMENTOS<\/u><\/strong><\/p>\n<p><strong>&nbsp;&nbsp;&nbsp; Identificaci\u00f3n <\/strong><\/p>\n<p>La introducci\u00f3n de la propia unidad adem\u00e1s del curso, su justificaci\u00f3n, \u00e1rea o \u00e1reas y su temporalizaci\u00f3n general<\/p>\n<p><strong>&nbsp;&nbsp; Concreci\u00f3n curricular (Elementos curriculares que fijan la unidad) <\/strong><\/p>\n<p>&nbsp;&nbsp;&nbsp;&nbsp;&nbsp;&nbsp;&nbsp;&nbsp;&nbsp;&nbsp;&nbsp; &#8211; Criterios de evaluaci\u00f3n (se comienza por criterios de evaluaci\u00f3n para hacer m\u00e1s pr\u00e1ctica la relaci\u00f3n &nbsp;&nbsp;&nbsp;&nbsp;&nbsp;&nbsp;&nbsp;&nbsp;&nbsp;&nbsp;&nbsp; metodol\u00f3gica entre evaluaci\u00f3n formativa y metodolog\u00eda. As\u00ed, adem\u00e1s, lo propone la Orden 17\/03\/2015)<\/p>\n<p>&nbsp;&nbsp;&nbsp;&nbsp;&nbsp;&nbsp;&nbsp;&nbsp;&nbsp;&nbsp;&nbsp; &#8211; Objetivos (s\u00f3lo citar los objetivos de Etapa)<\/p>\n<p>&nbsp;&nbsp;&nbsp;&nbsp;&nbsp;&nbsp;&nbsp;&nbsp;&nbsp;&nbsp;&nbsp; &#8211; Contenidos<\/p>\n<p>&nbsp;&nbsp;&nbsp;&nbsp;&nbsp;&nbsp;&nbsp;&nbsp;&nbsp;&nbsp;&nbsp; &#8211; Indicadores de evaluaci\u00f3n (relacionados con las competencias clave)<\/p>\n<p>&nbsp;&nbsp;&nbsp;&nbsp;&nbsp;&nbsp;&nbsp;&nbsp;&nbsp;&nbsp;&nbsp; &#8211; Competencias clave<\/p>\n<p><strong>Transposici\u00f3n did\u00e1ctica (C\u00f3mo se trabajan en la pr\u00e1ctica los elementos curriculares<\/strong><\/p>\n<p>&nbsp;&nbsp;&nbsp;&nbsp;&nbsp;&nbsp;&nbsp;&nbsp;&nbsp;&nbsp;&nbsp; &#8211; T\u00edtulo y descripci\u00f3n de la tarea final (como producto final de actividades que integra lo aprendido de&nbsp; &nbsp; &nbsp; &nbsp; &nbsp; &nbsp; &nbsp; &nbsp; &nbsp; &nbsp;manera significativa. Transferencia de saberes a la vida cotidiana: saber, saber hacer y saber ser)<\/p>\n<p>&nbsp;&nbsp;&nbsp;&nbsp;&nbsp;&nbsp;&nbsp;&nbsp;&nbsp;&nbsp;&nbsp; &#8211; Actividades (diferentes actividades tipo marcando sesiones, siendo \u00e9stas la secuenciaci\u00f3n de dichas &nbsp;&nbsp;&nbsp;&nbsp;&nbsp;&nbsp;&nbsp;&nbsp;&nbsp;&nbsp;&nbsp; actividades) y ejercicios. Importante contar con actividades del PLC<\/p>\n<p>&nbsp;&nbsp;&nbsp;&nbsp;&nbsp;&nbsp;&nbsp;&nbsp;&nbsp;&nbsp;&nbsp; &#8211; Atenci\u00f3n a la diversidad (c\u00f3mo se tratar\u00e1 el alumnado diagnosticado con NEAE. Podemos poner&nbsp; &nbsp; &nbsp; &nbsp; &nbsp; &nbsp; &nbsp; &nbsp; &nbsp; &nbsp; &nbsp; siempre algo similar)<\/p>\n<p>&nbsp;&nbsp;&nbsp;&nbsp;&nbsp;&nbsp;&nbsp;&nbsp;&nbsp;&nbsp;&nbsp; &#8211; Procesos cognitivos que se ponen en marcha<\/p>\n<p>&nbsp;&nbsp;&nbsp;&nbsp;&nbsp;&nbsp;&nbsp;&nbsp;&nbsp;&nbsp;&nbsp; &#8211; Metodolog\u00eda<\/p>\n<p><strong>Valoraci\u00f3n de lo aprendido (Referentes para la evaluaci\u00f3n) <\/strong><\/p>\n<p>&nbsp;&nbsp;&nbsp;&nbsp;&nbsp;&nbsp;&nbsp;&nbsp;&nbsp;&nbsp;&nbsp; &#8211; Indicadores de logro<\/p>\n<p>&nbsp;&nbsp;&nbsp;&nbsp;&nbsp;&nbsp;&nbsp;&nbsp;&nbsp;&nbsp;&nbsp; &#8211; Instrumentos y t\u00e9cnicas de evaluaci\u00f3n. Se incorpora la r\u00fabrica como instrumento de evaluaci\u00f3n.<\/p>\n<p>&nbsp;&nbsp;&nbsp;&nbsp;&nbsp;&nbsp;&nbsp;&nbsp;&nbsp;&nbsp;&nbsp; &#8211; Opcional: actividades complementarias, rutinas de clase &#8230;<\/p>\n<table>\n<tbody>\n<tr>\n<td width=\"187\">&nbsp;<\/p>\n<p>Proyecto educativo<\/td>\n<td width=\"113\">&nbsp;<\/p>\n<p>Apartado c)<\/td>\n<td width=\"407\">Coordinaci\u00f3n y concreci\u00f3n de los contenidos curriculares, as\u00ed como el tratamiento transversal en las \u00e1reas de la educaci\u00f3n en valores y otras ense\u00f1anzas, integrando la igualdad de g\u00e9nero como objetivo primordial.<\/td>\n<\/tr>\n<\/tbody>\n<\/table>\n<p>&nbsp;<\/p>\n<table>\n<tbody>\n<tr>\n<td width=\"707\">Su aprobaci\u00f3n corresponde al Claustro<\/td>\n<\/tr>\n<\/tbody>\n<\/table>\n<p><strong>&nbsp;<\/strong><\/p>\n<p>Atendiendo a lo dispuesto en el <strong>Decreto 97\/2015 de 3 de marzo<\/strong>, el curr\u00edculo de Educaci\u00f3n Primaria responder\u00e1 a los siguientes principios:<\/p>\n<ol>\n<li>a) La funcionalidad de los aprendizajes.<\/li>\n<li>b) La integraci\u00f3n de las ense\u00f1anzas desde un enfoque globalizado.<\/li>\n<li>c) La igualdad como principio transversal que garantiza a todo el alumnado el derecho a alcanzar el m\u00e1ximo desarrollo desde el respeto a la diversidad e interculturalidad.<\/li>\n<li>d) La autonom\u00eda tanto personal como en el desarrollo de los aprendizajes.<\/li>\n<li>e) La participaci\u00f3n e implicaci\u00f3n corresponsable de todos los sectores de la comunidad educativa.<\/li>\n<li>f) La flexibilidad y la autonom\u00eda de los centros para concretar y adecuar, en funci\u00f3n de sus caracter\u00edsticas, los elementos del curr\u00edculo y las actuaciones organizativas.<\/li>\n<\/ol>\n<p>El curr\u00edculo incluir\u00e1 contenidos propios de Andaluc\u00eda, relacionados con:<\/p>\n<ol>\n<li>a) El conocimiento y el respeto a los valores recogidos en el Estatuto de Autonom\u00eda para Andaluc\u00eda.<\/li>\n<li>b) El medio natural, la historia, la cultura y otros hechos diferenciadores de nuestra Comunidad para que sean conocidos, valorados y respetados como patrimonio propio, en el marco de la cultura espa\u00f1ola y universal.<\/li>\n<\/ol>\n<p><strong>Art\u00edculo seis<\/strong>. El curr\u00edculo de la Educaci\u00f3n Primaria deber\u00e1 incluir, de acuerdo con lo recogido en el art\u00edculo 2.2 del Real Decreto 126\/2014, de 28 de febrero, las siguientes competencias clave:<\/p>\n<ol>\n<li>Comunicaci\u00f3n ling\u00fc\u00edstica<\/li>\n<li>Competencia matem\u00e1tica y competencias b\u00e1sicas en ciencia y tecnolog\u00eda.<\/li>\n<li>Competencia digital.<\/li>\n<li>Aprender a aprender.<\/li>\n<li>Competencias sociales y c\u00edvicas.<\/li>\n<li>Sentido de iniciativa y esp\u00edritu emprendedor. g) Conciencia y expresiones culturales.<\/li>\n<\/ol>\n<p><strong>Art\u00edculo 10. \u00c1reas de conocimiento. <\/strong><\/p>\n<ol>\n<li>En la etapa de Educaci\u00f3n Primaria las \u00e1reas se agrupar\u00e1n en tres bloques de asignaturas: troncales, espec\u00edficas y de libre configuraci\u00f3n auton\u00f3mica.<\/li>\n<li>Los alumnos y alumnas deben cursar las siguientes \u00e1reas del bloque de asignaturas troncales en cada uno de los cursos:<\/li>\n<\/ol>\n<p>&nbsp;<\/p>\n<ol>\n<li>a) Ciencias de la Naturaleza.<\/li>\n<li>b) Ciencias Sociales.<\/li>\n<li>c) Lengua Castellana y Literatura.<\/li>\n<li>d) Matem\u00e1ticas.<\/li>\n<li>e) Primera Lengua Extranjera.<\/li>\n<li>El alumnado debe cursar las siguientes \u00e1reas del bloque de asignaturas espec\u00edficas en cada uno de los cursos:<\/li>\n<li>a) Educaci\u00f3n F\u00edsica.<\/li>\n<li>b) Religi\u00f3n, o Valores Sociales y C\u00edvicos, a elecci\u00f3n de los padres, madres o tutores legales del alumnado.<\/li>\n<li>c) Educaci\u00f3n Art\u00edstica.<\/li>\n<li>d) Segunda Lengua Extranjera.<\/li>\n<li>En el caso de que el alumnado presente dificultades de aprendizaje en la adquisici\u00f3n de la competencia en comunicaci\u00f3n ling\u00fc\u00edstica que le impidan seguir con aprovechamiento su proceso de aprendizaje, podr\u00e1 cursar en lugar de la Segunda Lengua Extranjera, refuerzo del \u00e1rea de Lengua Castellana y Literatura.<\/li>\n<li>Dentro del bloque de asignaturas de libre configuraci\u00f3n auton\u00f3mica, los alumnos y alumnas deben cursar en quinto curso de Educaci\u00f3n Primaria el \u00e1rea de Educaci\u00f3n para la Ciudadan\u00eda y los Derechos Humano y en sexto curso el \u00e1rea de Cultura y Pr\u00e1ctica Digital.<\/li>\n<\/ol>\n<p>Las \u00e1reas de <strong>Matem\u00e1ticas<\/strong>, <strong>Lengua Castellana<\/strong> <strong>y Literatura<\/strong> y <strong>Primera Lengua Extranjera<\/strong>, dado su car\u00e1cter instrumental para la adquisici\u00f3n de otros saberes, recibir\u00e1n especial consideraci\u00f3n en el horario del centro.<\/p>\n<p><strong><u>CONTENIDOS CURRICULARES DE LAS DISTINTAS \u00c1REAS<\/u><\/strong><\/p>\n<p>Para la coordinaci\u00f3n y la concreci\u00f3n de los contenidos curriculares, estos se han organizado en torno a <strong>bloques<\/strong> dentro de cada \u00e1rea y se presentan secuenciados en tres ciclos a lo largo de la etapa.<\/p>\n<p>Desde esta perspectiva, a continuaci\u00f3n, presentaremos la estructura de cada una de las \u00e1reas alrededor de sus distintos bloques que sirven de pilares fundamentales para la coordinaci\u00f3n de los contenidos curriculares, teniendo en cuenta que, aunque estos bloques se repiten en todos los ciclos, son los contenidos concretos de cada bloque los que evolucionan de acuerdo al desarrollo psicoevolutivo del alumnado y la significatividad l\u00f3gica de los mismos a lo largo de la etapa.<\/p>\n<p>Finalmente, la concreci\u00f3n de los contenidos en los niveles del ciclo, tal y como se establece en el art\u00edculo 5.3 de la Orden de 17 de marzo de 2015, por la que se desarrolla el curr\u00edculo correspondiente a la Educaci\u00f3n Primaria en Andaluc\u00eda, seremos los centros docentes los que, en el ejercicio de nuestra autonom\u00eda, estableceremos la secuenciaci\u00f3n adecuada del curr\u00edculo para cada nivel, <strong>como quedar\u00e1n reflejadas en las programaciones did\u00e1cticas de cada \u00e1rea que los equipos docentes elaborar\u00e1n a comienzos de cada curso<\/strong>.<\/p>\n<ul>\n<li><strong><u>\u00c1rea de Ciencias de la Naturaleza<\/u><\/strong><\/li>\n<\/ul>\n<p><strong><em>Bloque 1. Iniciaci\u00f3n a la actividad cient\u00edfica<\/em><\/strong>. Dado su car\u00e1cter transversal,&nbsp; los contenidos de este bloque se desarrollar\u00e1n de una manera integrada. Pretende que el alumnado se inicie en el conocimiento y la utilizaci\u00f3n de algunas de las estrategias y las t\u00e9cnicas habituales en la actividad cient\u00edfica, tal como la observaci\u00f3n, la identificaci\u00f3n y el an\u00e1lisis de problemas, la recogida, organizaci\u00f3n y el tratamiento de datos, la emisi\u00f3n de hip\u00f3tesis, el dise\u00f1o y desarrollo de la experimentaci\u00f3n, la b\u00fasqueda de soluciones, y la utilizaci\u00f3n de fuentes de informaci\u00f3n. Tambi\u00e9n deber\u00e1 ir adquiriendo autonom\u00eda en la planificaci\u00f3n y la ejecuci\u00f3n de acciones y tareas y desarrollar\u00e1 iniciativas en la toma de decisiones en cada uno de los proyectos que vaya desarrollando a lo largo de la etapa de la Educaci\u00f3n Primaria. Asimismo desarrollar\u00e1 estrategias para realizar trabajos de forma individual y en equipo, mostrando habilidades para la resoluci\u00f3n pac\u00edfica de conflictos. Deber\u00e1 conocer y respetar las normas de uso y de seguridad de los instrumentos y de los materiales de trabajo.<\/p>\n<p><strong><em>Bloque 2. El ser humano y la salud<\/em><\/strong>. Integra conocimientos, habilidades y destrezas para, desde el conocimiento del propio cuerpo, prevenir conductas de riesgo y tomar iniciativas para desarrollar y fortalecer comportamientos responsables y estilos de vida saludables.<\/p>\n<p><strong><em>Bloque 3. Los seres vivos<\/em><\/strong>. Se orienta al conocimiento de las m\u00faltiples formas de vida del entorno y al estudio y valoraci\u00f3n de los principales ecosistemas en los que se desarrollan con objeto de promover la adquisici\u00f3n de comportamientos en la vida cotidiana de defensa y recuperaci\u00f3n del equilibrio ecol\u00f3gico, desarrollando valores de responsabilidad y respeto hacia el medio.<\/p>\n<p><strong><em>Bloque 4. Materia y energ\u00eda<\/em><\/strong>. Integra contenidos relativos a los fen\u00f3menos f\u00edsicos, las sustancias y los cambios qu\u00edmicos que pondr\u00e1n los cimientos a aprendizajes posteriores y al uso racional de recursos.<\/p>\n<p><strong><em>Bloque 5. La tecnolog\u00eda, objetos y m\u00e1quinas<\/em><\/strong><em>.<\/em> Incluye como novedad los contenidos que se refieren a la alfabetizaci\u00f3n en las tecnolog\u00edas de la informaci\u00f3n y la comunicaci\u00f3n, as\u00ed como otros relacionados con la construcci\u00f3n de aparatos con una finalidad previamente establecida, a partir del conocimiento de las propiedades elementales de sus componentes.<\/p>\n<ul>\n<li><strong><u>\u00c1rea de Ciencias Sociales<\/u><\/strong><\/li>\n<\/ul>\n<p>Los contenidos propuestos permiten la identificaci\u00f3n de los aspectos principales que componen el \u00e1rea y su organizaci\u00f3n debe entenderse como una propuesta de organizaci\u00f3n did\u00e1ctica.<\/p>\n<p><strong><em>Bloque 1. Contenidos comunes<\/em><\/strong>.&nbsp; Se presentar\u00e1n distintas t\u00e9cnicas de trabajo con las que abordar el \u00e1rea. El progreso tecnol\u00f3gico y modelos de desarrollo. El uso de las tecnolog\u00edas de la informaci\u00f3n y la comunicaci\u00f3n. Ser\u00e1 especialmente relevante aprender a hacer trabajo de campo, en contacto directo con el objeto de estudio.<\/p>\n<p><strong><em>Bloque 2. El mundo en que vivimos<\/em><\/strong>. Sus contenidos se estructurar\u00e1n alrededor de los siguientes aspectos: El universo, la representaci\u00f3n de la Tierra y la orientaci\u00f3n en el espacio. De la geograf\u00eda del entorno, a la de Andaluc\u00eda y Espa\u00f1a. Los espacios naturales y su conservaci\u00f3n. El agua y el consumo responsable. El clima y el cambio clim\u00e1tico. El paisaje y la intervenci\u00f3n humana en el medio. Los paisajes andaluces. De igual modo se desarrollar\u00e1n las habilidades necesarias para interpretar diferentes tipos de textos, cuadros, gr\u00e1ficos, esquemas, representaciones cartogr\u00e1ficas, fotograf\u00edas e im\u00e1genes sint\u00e9ticas para identificar y localizar objetos y hechos geogr\u00e1ficos explicando su distribuci\u00f3n a distintas escalas. Se identificar\u00e1n los elementos del paisaje (relieve, clima, hidrograf\u00eda&#8230;) y se describir\u00e1n y caracterizar\u00e1n los principales medios naturales y su localizaci\u00f3n. Por \u00faltimo, se analizar\u00e1 la influencia humana en el medio y sus consecuencias ambientales.<\/p>\n<p><strong><em>Bloque 3. Vivir en sociedad<\/em><\/strong><em>.<\/em> Este bloque dar\u00e1 respuesta a contenidos como: Las caracter\u00edsticas de los distintos grupos sociales, respetando y valorando sus diferencias, qui\u00e9nes son sus integrantes, c\u00f3mo se distribuyen en el espacio f\u00edsico, de qu\u00e9 manera se distribuye el trabajo entre sus miembros, c\u00f3mo se producen y reparten los bienes de consumo, la vida econ\u00f3mica de los ciudadanos. La capacidad emprendedora de los miembros de la sociedad y el estudio de la empresa, que comprender\u00e1 la funci\u00f3n dinamizadora de la actividad empresarial en la sociedad. La organizaci\u00f3n social, pol\u00edtica y territorial y el conocimiento de las instituciones europeas. La poblaci\u00f3n, los sectores de producci\u00f3n, as\u00ed como la educaci\u00f3n financiera elemental. El uso responsable de los recursos. El an\u00e1lisis del agua, como uno de los recursos m\u00e1s relevantes en nuestra Comunidad Aut\u00f3noma y m\u00e1s significativos para esta etapa, y como eje para abordar el an\u00e1lisis del uso de otros recursos que nos afectan especialmente, tales como el consumo energ\u00e9tico y las fuentes de energ\u00eda renovables.<\/p>\n<p><strong><em>Bloque 4. Las huellas del tiempo<\/em><\/strong><em>.<\/em> Incluye entre otros: La comprensi\u00f3n de conceptos como el tiempo hist\u00f3rico y su medida, la capacidad de ordenar temporalmente algunos hechos hist\u00f3ricos y otros hechos relevantes utilizando para ello las nociones b\u00e1sicas de sucesi\u00f3n, duraci\u00f3n y simultaneidad. Grandes etapas hist\u00f3ricas de la humanidad, cinco edades de la historia, asociadas a los hechos que marcan sus inicios y sus finales. Condiciones hist\u00f3ricas, eventos y figuras de los diferentes periodos. La construcci\u00f3n hist\u00f3rica, social y cultural de Andaluc\u00eda. Se debe desarrollar mediante proyectos que aborden la formulaci\u00f3n de problemas de progresiva complejidad, desde planteamientos descriptivos hacia problemas que demanden an\u00e1lisis y valoraciones de car\u00e1cter global. Es importante para el alumnado adquirir las referencias hist\u00f3ricas que permitan elaborar una interpretaci\u00f3n personal del mundo, a trav\u00e9s de unos conocimientos b\u00e1sicos de historia de Espa\u00f1a y de la Comunidad Aut\u00f3noma, con respeto y valoraci\u00f3n de los aspectos comunes y la riqueza de la diversidad.<\/p>\n<ul>\n<li><strong><u>\u00c1rea de Lengua Castellana y Literatura<\/u><\/strong><\/li>\n<\/ul>\n<p>El eje del curr\u00edculo de esta \u00e1rea es desarrollar las habilidades, destrezas y procedimientos encaminados a potenciar las capacidades de expresi\u00f3n y comprensi\u00f3n, oral y escrita, en contextos sociales significativos, as\u00ed como en el \u00e1mbito de la comunicaci\u00f3n literaria. Esto exige una motivaci\u00f3n hacia la intenci\u00f3n comunicativa, una reflexi\u00f3n sobre los mecanismos de usos orales y escritos de su propia lengua, y la capacidad de interpretar, valorar, expresar y formar sus propias opiniones a trav\u00e9s de la lectura y la escritura.<\/p>\n<p><strong><em>Bloque 1. Comunicaci\u00f3n oral: hablar y escuchar<\/em><\/strong><em>.<\/em> Este bloque especifica los contenidos de la dimensi\u00f3n oral de la competencia comunicativa. Es imprescindible en esta etapa que el alumnado adquiera las destrezas orales que les garanticen su uso eficaz en los \u00e1mbitos personal, familiar, educativo, social y profesional a lo largo de su vida. Su aprendizaje debe permitirles expresar con precisi\u00f3n su pensamiento, opiniones, emociones y sentimientos, realizando discursos progresivamente m\u00e1s complejos y adecuados a una variedad de situaciones comunicativas, as\u00ed como escuchar activamente e interpretar el pensamiento de las dem\u00e1s personas. El alumnado debe aprender a respetar y a valorar la riqueza de las hablas andaluzas ya que es en el c\u00f3digo oral donde principalmente se manifiesta la modalidad ling\u00fc\u00edstica andaluza.<\/p>\n<p><strong><em>Bloque 2 y Bloque 3. Comunicaci\u00f3n escrita: leer y escribir<\/em><\/strong><em>.<\/em> La lectura y la escritura son herramientas esenciales para la adquisici\u00f3n de aprendizajes. Los procesos cognitivos que se desarrollan a trav\u00e9s de estas facilitan el conocimiento del mundo, de los dem\u00e1s y de s\u00ed mismos. Se ha de consolidar en esta etapa el dominio de la graf\u00eda, la relaci\u00f3n grafema-fonema, las normas ortogr\u00e1ficas convencionales, la creatividad, etc., teniendo en cuenta que este proceso se debe ampliar a las tecnolog\u00edas de la informaci\u00f3n y la comunicaci\u00f3n, complementando los aprendizajes de la escritura y lectura en este medio.<\/p>\n<p>Mediante los contenidos del <strong><em>bloque 2: Leer<\/em><\/strong>, se busca que el alumnado adquiera las estrategias necesarias para entender diferentes tipos de textos escritos, continuos y discontinuos, de diferentes g\u00e9neros, reconstruyendo las ideas expl\u00edcitas e infiriendo las ideas impl\u00edcitas con la finalidad de elaborar una interpretaci\u00f3n cr\u00edtica de lo le\u00eddo.<\/p>\n<p>Mediante los contenidos del <strong><em>bloque 3: Escribir<\/em><\/strong><em>,<\/em> se pretende la adquisici\u00f3n de los procesos de planificaci\u00f3n de la escritura: identificaci\u00f3n del tema y las ideas, redacci\u00f3n de borradores, revisi\u00f3n y redacci\u00f3n final que est\u00e1n presentes en la tarea de escribir, aplicando la evaluaci\u00f3n a cada uno de los procesos y no solo al producto final. Se fomentar\u00e1 la creatividad y la expresi\u00f3n personal, utilizando la escritura adem\u00e1s de como instrumento de aprendizaje y comunicaci\u00f3n, como una v\u00eda de expresi\u00f3n genuina personal.<\/p>\n<p><strong><em>Bloque 4: Conocimiento de la lengua<\/em><\/strong><em>.<\/em> Su objetivo es dar respuesta a la necesidad de reflexionar sobre los mecanismos ling\u00fc\u00edsticos que regulan la comunicaci\u00f3n. Esta reflexi\u00f3n debe entenderse siempre en un sentido funcional. Se propiciar\u00e1 el conocimiento y la reflexi\u00f3n de la lengua, necesarios para apropiarse de las reglas gramaticales y ortogr\u00e1ficas, y la reflexi\u00f3n sobre el uso imprescindible de una correcta comunicaci\u00f3n del alumnado en todas las esferas de la vida. Por ello, la reflexi\u00f3n metaling\u00fc\u00edstica en Educaci\u00f3n Primaria estar\u00e1 integrada en las actividades y las tareas de hablar, escuchar, leer y escribir e intervendr\u00e1 en los procesos de la comprensi\u00f3n y la expresi\u00f3n para mejorar las actividades de planificaci\u00f3n, producci\u00f3n de textos y su revisi\u00f3n.<\/p>\n<p><strong><em>Bloque 5: Educaci\u00f3n literaria<\/em><\/strong><em>. <\/em>La lectura e interpretaci\u00f3n de textos literarios requieren escuchar, leer y producir textos donde se tratar\u00e1n, en lugar destacado, las producciones literarias andaluzas, orales y escritas, especialmente las de proyecci\u00f3n universal. La educaci\u00f3n literaria se entiende como un acercamiento a la literatura desde las expresiones m\u00e1s sencillas. La lectura, la exploraci\u00f3n de la escritura, el recitado, las tertulias dial\u00f3gicas, la pr\u00e1ctica de juegos ret\u00f3ricos, las canciones, el teatro o la escucha de textos propios de la literatura oral, entre otras pr\u00e1cticas, deben contribuir al desarrollo de habilidades y destrezas literarias e incorporarlas a otros \u00e1mbitos como la expresi\u00f3n art\u00edstica y al valor del patrimonio de las obras literarias, con especial atenci\u00f3n al valor cultural de Andaluc\u00eda. Los contenidos de este bloque se refieren, por una parte, al conocimiento y a la aplicaci\u00f3n de las convenciones literarias b\u00e1sicas, especialmente relacionadas con la poes\u00eda, el teatro y la narrativa, y, por otra, al conocimiento de informaciones significativas acerca del contexto ling\u00fc\u00edstico, hist\u00f3rico y cultural donde se han producido las obras literarias, prestando especial atenci\u00f3n a la literatura andaluza.<\/p>\n<ul>\n<li><strong><u>\u00c1reas de Lenguas Extranjeras<\/u><\/strong><\/li>\n<\/ul>\n<p>El curr\u00edculo de lenguas extranjeras para la etapa de Educaci\u00f3n Primaria se estructura en cuatro grandes bloques de contenidos que ordenan los elementos de an\u00e1lisis de una realidad compleja, en relaci\u00f3n con cuatro centros de atenci\u00f3n con caracter\u00edsticas y necesidades espec\u00edficas en cuanto al proceso de ense\u00f1anza y aprendizaje: la comprensi\u00f3n y la producci\u00f3n de textos orales y escritos.<\/p>\n<p>Aunque el lenguaje oral y el escrito son dos manifestaciones diferentes de una misma capacidad y en los procesos tanto de aprendizaje como de uso, el hablante se apoya en uno u otro indistintamente. Cada uno exige diferentes habilidades y conocimientos por los que los contenidos se refieren a ellos por separado.<\/p>\n<p><strong>El <em>bloque 1, Comprensi\u00f3n de textos orales<\/em><\/strong>, busca que el alumnado vaya adquiriendo las habilidades necesarias para identificar la informaci\u00f3n esencial en conversaciones breves y sencillas en las que participan, que traten sobre temas familiares o de su inter\u00e9s, como por ejemplo uno mismo, la familia, la escuela, la descripci\u00f3n de objeto o un lugar. As\u00ed como identificar lo que se le dice en mensajes habituales y sencillos (instrucciones, indicaciones, saludos, avisos, peticiones). En este mismo bloque se abordar\u00e1 que los alumnos y las alumnas comprendan el sentido general y lo esencial de mensajes, anuncios publicitarios sobre productos que le interesan (juegos, ordenadores, CD&#8230;). En definitiva, distinguir temas de la vida cotidiana.<\/p>\n<p>Este primer bloque adquiere, en esta etapa, especial relevancia. La limitada presencia de lenguas extranjeras en el contexto social hace que el modelo ling\u00fc\u00edstico aportado por la escuela sea la primera fuente de conocimiento y aprendizaje del idioma. Los discursos utilizados en el aula son al mismo tiempo veh\u00edculo y objeto de aprendizaje, por lo que el curr\u00edculo ha atendido tanto al conocimiento de los elementos ling\u00fc\u00edsticos como a la capacidad de utilizarlos para el desempe\u00f1o de tareas comunicativas.<\/p>\n<p>Por otra parte, el modelo ling\u00fc\u00edstico aportado debe provenir de un cierto n\u00famero de hablantes para recoger en la mayor medida posible, la variaci\u00f3n y los matices que un modelo ling\u00fc\u00edstico ambiental ofrece a los hablantes. De ah\u00ed la presencia en el curr\u00edculo del uso de los medios audiovisuales convencionales y de las tecnolog\u00edas de la informaci\u00f3n y la comunicaci\u00f3n.<\/p>\n<p><strong>El <em>bloque 2, Producci\u00f3n de textos orales<\/em>, <em>expresi\u00f3n e interacci\u00f3n<\/em><\/strong>, desarrolla estrategias b\u00e1sicas para producir textos orales. El aprendizaje de la lengua extranjera debe tomarse desde la naturalidad del contacto diario a trav\u00e9s de la expresi\u00f3n y comunicaci\u00f3n oral, por consiguiente la interacci\u00f3n, el di\u00e1logo y la escucha son vitales.<\/p>\n<p>El alumnado necesita tener acceso vivo a la comunicaci\u00f3n hablada, partiendo de un contexto interactivo y pr\u00e1ctico en donde pueda obtener y comprender informaci\u00f3n sobre la estructura y funcionamiento de la lengua extranjera. Dentro del \u00e1rea, y en especial en este bloque, un estilo de ense\u00f1anza interactivo supone trabajar mediante dramatizaciones, di\u00e1logos, juegos e investigaciones en distintos contextos de la vida diaria y escolar.<\/p>\n<p>Se prestar\u00e1 especial atenci\u00f3n a la comprensi\u00f3n de conversaciones muy breves que requieren un intercambio directo de informaci\u00f3n en \u00e1reas de necesidad inmediata sobre temas familiares (uno mismo, el entorno inmediato, personas, lugares, objetos, actividades, gustos y opiniones). Adem\u00e1s se persigue que el alumnado sea capaz de interactuar utilizando t\u00e9cnicas ling\u00fc\u00edsticas verbales o no verbales (gestos o contacto f\u00edsico) para iniciar, mantener o concluir una breve conversaci\u00f3n; aplicando los conocimientos adquiridos sobre producciones orales adecuadas al contexto.<\/p>\n<p><strong><em>Bloque 3, Comprensi\u00f3n de textos escritos<\/em><\/strong>. Este bloque desarrolla estrategias b\u00e1sicas adecuadas a la comprensi\u00f3n de l\u00e9xico escrito, relativo a situaciones cotidianas y temas habituales concretos, relacionados con sus experiencias, necesidades e intereses, en los que el tema tratado y el tipo de texto les resulten familiares.<\/p>\n<p>De igual modo, se trabajar\u00e1 la comprensi\u00f3n del sentido general de un texto, identificaci\u00f3n del tema, de las ideas principales e informaci\u00f3n espec\u00edfica, tanto de textos en formato impreso como en soporte digital, tales como instrucciones, indicaciones e informaci\u00f3n b\u00e1sica en noticias, art\u00edculos, postales, tarjetas, notas, letreros y carteles en calles, cines, museos y otros servicios y lugares p\u00fablicos.<\/p>\n<p>La comprensi\u00f3n de textos escritos implica poner en marcha una serie de estrategias de lectura que deben practicarse en el aula y proyectarse en todas las esferas de la vida y en todo tipo de lecturas.<\/p>\n<p>Los contenidos del <strong><em>bloque 4, Producci\u00f3n de textos escritos: expresi\u00f3n e interacci\u00f3n<\/em><\/strong><em>,<\/em> contemplan la construcci\u00f3n, en papel o en soporte electr\u00f3nico, de textos cortos y sencillos, compuestos de frases simples aisladas, utilizando las reglas ortogr\u00e1ficas b\u00e1sicas y los principales signos de puntuaci\u00f3n para hablar de s\u00ed mismos, de su entorno m\u00e1s inmediato y de aspectos de su vida cotidiana, en situaciones familiares y predecibles, as\u00ed como, aplicar patrones gr\u00e1ficos para escribir palabras, frases, notas, correos, chats o SMS, para felicitar a alguien, dar instrucciones, etc.<\/p>\n<p>El punto de partida ser\u00e1n las situaciones de uso cotidiano escolar y social que fomenten la inferencia de reglas de funcionamiento de la lengua, que permitan a las ni\u00f1as y a los ni\u00f1os establecer e interrelacionar los elementos de la lengua extranjera, dado que se comportan como en las lenguas que conocen, y tener estrategias que le ayuden a aprender mejor, de manera que adquieran confianza en sus propias capacidades y creatividad.<\/p>\n<ul>\n<li><strong><u>Matem\u00e1ticas<\/u><\/strong><\/li>\n<\/ul>\n<p>Los contenidos se han organizado en cinco grandes bloques: Procesos, m\u00e9todos y actitudes en matem\u00e1ticas; N\u00fameros; Medida; Geometr\u00eda y Estad\u00edstica y probabilidad. Pero esta agrupaci\u00f3n no determina m\u00e9todos concretos, s\u00f3lo es una forma de organizar los contenidos que han de ser abordados de una manera enlazada atendiendo a configuraci\u00f3n c\u00edclica de la ense\u00f1anza del \u00e1rea, construyendo unos contenidos sobre los otros, como una estructura de relaciones observables de forma que se facilite su comprensi\u00f3n y aplicaci\u00f3n en contextos cada vez m\u00e1s enriquecedores y complejos. No se trata de crear compartimentos estancos: en todos los bloques se deben utilizan t\u00e9cnicas num\u00e9ricas y geom\u00e9tricas y en cualquiera de ellos puede ser \u00fatil confeccionar una tabla, generar una gr\u00e1fica o suscitar una situaci\u00f3n de incertidumbre. La ense\u00f1anza de las matem\u00e1ticas atender\u00e1 a esta configuraci\u00f3n c\u00edclica de los contenidos, de manera que est\u00e9n siempre relacionados y se puedan construir unos sobre otros. La resoluci\u00f3n de problemas act\u00faa como eje central que recorre transversalmente todos los bloques y por ello hay que dedicarle una especial atenci\u00f3n.<\/p>\n<p><strong><em>Bloque 1. \u201cProcesos, m\u00e9todos y actitudes matem\u00e1ticas\u201d<\/em><\/strong><em>.<\/em> Se ha formulado con la intenci\u00f3n de que sea la columna vertebral del resto de los bloques y de esta manera forme parte del quehacer diario en el aula para trabajar el resto de los contenidos. Identificar problemas de la vida cotidiana, reconocer los datos y relaciones relevantes, formular conjeturas, desarrollar estrategias de resoluci\u00f3n exacta o aproximada, comprobar conjeturas y resultados, organizar y comunicar los resultados, son procesos y contenidos comunes aplicables a todos los campos de las matem\u00e1ticas. La decisi\u00f3n de crear este bloque tiene una doble finalidad. En primer lugar, situarlo en el otorgarle la atenci\u00f3n y dedicaci\u00f3n que merece en el quehacer del aula: las operaciones, las medidas, los c\u00e1lculos&#8230; adquieren su verdadero sentido cuando sirven para resolver problemas. Pero adem\u00e1s de un contenido, la resoluci\u00f3n de problemas es tambi\u00e9n un m\u00e9todo, una manera de entender el trabajo matem\u00e1tico diario. A lo largo de la etapa se pretende que el alumnado sea capaz de describir y analizar situaciones de cambio, encontrar patrones, regularidades y leyes matem\u00e1ticas en contextos num\u00e9ricos, geom\u00e9tricos y funcionales, valorando su utilidad para hacer predicciones.<\/p>\n<p><strong><em>Bloque 2. \u201cN\u00fameros\u201d.<\/em><\/strong> Busca alcanzar una eficaz alfabetizaci\u00f3n num\u00e9rica, entendida como la capacidad para enfrentarse con \u00e9xito a situaciones en las que intervengan los n\u00fameros y sus relaciones. El desarrollo del sentido num\u00e9rico ser\u00e1 entendido como el dominio reflexivo de las relaciones num\u00e9ricas que se pueden expresar en capacidades como: habilidad para descomponer n\u00fameros de forma natural, comprender y utilizar las estructura del sistema de numeraci\u00f3n decimal, utilizar las propiedades de las operaciones y las relaciones entre ellas para realizar c\u00e1lculos mentales y razonados.<\/p>\n<p>Es importante resaltar que para lograr esta competencia no basta con dominar los algoritmos de c\u00e1lculo escrito; se precisa tambi\u00e9n desarrollar estrategias de c\u00e1lculo mental y aproximativo, y actuar con confianza ante los n\u00fameros y las cantidades; utilizarlos siempre que sea pertinente e identificar las relaciones b\u00e1sicas que se dan entre ellos. Los n\u00fameros han de ser usados en diferentes contextos, sabiendo que la comprensi\u00f3n de los procesos desarrollados y el significado de los resultados es un contenido previo y prioritario, que va m\u00e1s all\u00e1 de la mera destreza de c\u00e1lculo. Interesa principalmente la habilidad para el c\u00e1lculo con diferentes procedimientos y la decisi\u00f3n en cada caso sobre el que sea m\u00e1s adecuado. A lo largo de la etapa, se pretende que el alumnado calcule con fluidez y haga estimaciones razonables, tratando de lograr un equilibrio entre comprensi\u00f3n conceptual y competencia en el c\u00e1lculo.<\/p>\n<p><strong><em>Bloque 3. \u201cMedida\u201d.<\/em><\/strong> Busca facilitar la comprensi\u00f3n de los mensajes en los que se cuantifican magnitudes. Para poder desarrollar adecuadamente el bloque relativo a la medida es necesario conocer y manejar de manera significativa los distintos tipos de n\u00fameros y operaciones, junto a estrategias de aproximaci\u00f3n y estimaci\u00f3n. A partir del conocimiento de diferentes magnitudes se pasa a la realizaci\u00f3n de mediciones y a la utilizaci\u00f3n de un n\u00famero progresivamente mayor de unidades. Debe considerarse la necesidad de la medici\u00f3n, manejando la medida en situaciones diversas, as\u00ed como estableciendo los mecanismos para efectuar la elecci\u00f3n de unidad, relaciones entre unidades y grado de fiabilidad. La medici\u00f3n en situaciones reales sei\u00e1 un objetivo prioritario a conseguir, emple\u00e1ndose para ello todo tipo de unidades: corporales (pie, palmo, brazo, etc.), arbitrarias (cuerdas, baldosas,&#8230;) y las m\u00e1s normalizadas, es decir, el sistema m\u00e9trico decimal.<\/p>\n<p><strong><em>Bloque 4. \u201cGeometr\u00eda<\/em><\/strong><em>\u201d.<\/em> El alumnado aprender\u00e1 sobre formas y estructuras geom\u00e9tricas. La geometr\u00eda se centra sobre todo en la clasificaci\u00f3n, descripci\u00f3n y an\u00e1lisis de relaciones y propiedades de las figuras en el plano y en el espacio La Geometr\u00eda recoge los contenidos relacionados con la orientaci\u00f3n y representaci\u00f3n espacial, la localizaci\u00f3n, la descripci\u00f3n y el conocimiento de objetos en el espacio; as\u00ed como el estudio de formas planas y tridimensionales. La geometr\u00eda es describir, analizar propiedades, clasificar y razonar, y no s\u00f3lo definir. El aprendizaje de la geometr\u00eda requiere pensar y hacer, y debe ofrecer continuas oportunidades para clasificar de acuerdo a criterios libremente elegidos, construir, dibujar, modelizar, medir, desarrollando la capacidad para visualizar relaciones geom\u00e9tricas. Actividades con juegos pueden desarrollar la capacidad de describir la situaci\u00f3n y posici\u00f3n de objetos en el espacio, estableciendo sistemas de referencia y modelos de representaci\u00f3n. El entorno cotidiano es una fuente de estudio de diversas situaciones f\u00edsicas reales que evitan el nivel de abstracci\u00f3n de muchos conceptos geom\u00e9tricos, trabajando sus elementos, propiedades, etc. La geometr\u00eda se presta a establecer relaciones constantes con el resto de los bloques y con otros \u00e1mbitos como el mundo del arte o de la ciencia, pero tambi\u00e9n asignando un papel relevante a los aspectos manipulativos, a trav\u00e9s del uso de diversos materiales (geoplanos y mecanos, tramas de puntos, libros de espejos, material para formar poliedros, etc.) y de la actividad personal realizando plegados, construcciones, etc. para llegar al concepto a trav\u00e9s de modelos reales. A este mismo fin puede contribuir el uso de programas inform\u00e1ticos de geometr\u00eda.<\/p>\n<p><strong><em>Bloque 5. \u201cEstad\u00edstica y probabilidad\u201d.<\/em><\/strong> La principal finalidad de este bloque tem\u00e1tico es que las ni\u00f1as y ni\u00f1os comiencen a interpretar los fen\u00f3menos ambientales y sociales de su entorno cercano a trav\u00e9s de las matem\u00e1ticas. Los alumnos y alumnas deben ser conscientes de los fen\u00f3menos de distinta naturaleza que suceden a su alrededor y que frecuentemente en los medios de comunicaci\u00f3n, adem\u00e1s de formar parte de su aprendizaje en esta etapa educativa. En este contexto, las matem\u00e1ticas deben entenderse como una disciplina que ayuda a interpretar la realidad y a actuar sobre ella de forma responsable, cr\u00edtica y positiva.<\/p>\n<p>En la actualidad, las m\u00faltiples aplicaciones de la estad\u00edstica y la probabilidad invaden pr\u00e1cticamente todos los campos de la actividad humana y su amplio reconocimiento social es constatado por su creciente presencia en el aprendizaje de otras materias, en comunicaciones de \u00edndole period\u00edstica, en el mercado laboral y en el ambiente cultural. De hecho, es por eso por lo que la promoci\u00f3n de su aprendizaje en todos los niveles educativos se inserta como una imprescindible meta de car\u00e1cter cultural que ha de iniciarse de manera natural desde la educaci\u00f3n primaria. Este bloque se inicia con contenidos referidos a la recogida y tratamiento matem\u00e1tico de informaci\u00f3n, haciendo especial hincapi\u00e9 en su representaci\u00f3n gr\u00e1fica y supone, adem\u00e1s, un primer acercamiento a los fen\u00f3menos aleatorios. As\u00ed mismo, estos contenidos tienen su aplicaci\u00f3n y continuidad en otras \u00e1reas de esta etapa donde los datos estad\u00edsticos (poblaciones, encuestas, superficies de pa\u00edses, etc.) son utilizados con frecuencia en informaciones que aparecen en la vida cotidiana. Tienen especial importancia en este bloque los contenidos que favorecen la presentaci\u00f3n de los datos de forma ordenada y gr\u00e1fica, y permiten descubrir que las matem\u00e1ticas facilitan la resoluci\u00f3n de problemas de la vida diaria. A su vez, los contenidos de este bloque deben iniciar en el uso cr\u00edtico de la informaci\u00f3n recibida por diferentes medios. Adem\u00e1s, son muy adecuados para potenciar el trabajo en equipo y el desarrollo del sentido cr\u00edtico. Los distintos juegos de azar que el alumno conoce (parch\u00eds, cara y cruz,&#8230;) pueden ser una buena herramienta para acercarse al mundo de los fen\u00f3menos aleatorios.<\/p>\n<ul>\n<li><strong><u>Educaci\u00f3n Art\u00edstica<\/u><\/strong><\/li>\n<\/ul>\n<p>El \u00e1rea de Educaci\u00f3n Art\u00edstica est\u00e1 integrada por dos lenguajes, el pl\u00e1stico y el musical que configuran dos disciplinas, educaci\u00f3n pl\u00e1stica y educaci\u00f3n musical. Cada una de estas disciplinas se subdivide en tres bloques.<\/p>\n<p>La educaci\u00f3n pl\u00e1stica dividida en:<\/p>\n<ul>\n<li>Bloque 1: \u00abEducaci\u00f3n audiovisual\u00bb.<\/li>\n<li>Bloque 2: \u00abDibujo geom\u00e9trico\u201d.<\/li>\n<li>Bloque 3: \u00abExpresi\u00f3n art\u00edstica\u00bb.<\/li>\n<\/ul>\n<p>La educaci\u00f3n musical se divide en:<\/p>\n<ul>\n<li>Bloque 4: \u00abEscucha \u00ab<\/li>\n<li>Bloque 5: \u00abLa interpretaci\u00f3n musical \u00ab<\/li>\n<li>Bloque 6: \u00abLa m\u00fasica, el movimiento y la danza\u201d.<\/li>\n<\/ul>\n<p>El primero de los lenguajes, la educaci\u00f3n pl\u00e1stica, est\u00e1 referido al estudio de la imagen tanto visual como audiovisual, al desarrollo desde el punto de vista gr\u00e1fico de los saberes adquiridos desde el \u00e1rea de Matem\u00e1ticas, en relaci\u00f3n con la geometr\u00eda de nuestro entorno y al conjunto de conceptos y procedimientos que tradicionalmente han estado asociados a la expresi\u00f3n art\u00edstica.<\/p>\n<p>El segundo de los lenguajes, la educaci\u00f3n musical, hace referencia a la escucha, al desarrollo de habilidades para la interpretaci\u00f3n musical y al desarrollo de capacidades expresivas y creativas desde el conocimiento y la pr\u00e1ctica de la danza desde nuestra cultura.<\/p>\n<ul>\n<li><strong><u>Educaci\u00f3n F\u00edsica<\/u><\/strong><\/li>\n<\/ul>\n<p>Para alcanzar las competencias clave en el \u00e1rea de Educaci\u00f3n F\u00edsica, los contenidos se organizan en torno a 4 bloques:<\/p>\n<p><strong><em>Bloque 1, \u00abEl cuerpo y sus habilidades perceptivo motrices\u00bb:<\/em><\/strong> desarrolla los contenidos b\u00e1sicos de la etapa que servir\u00e1n para posteriores aprendizajes m\u00e1s complejos, donde seguir desarrollando una amplia competencia motriz. Se trabajar\u00e1 la autoestima y el autoconocimiento de forma constructiva y con miras a un desarrollo integral del alumnado.<\/p>\n<p><strong><em>Bloque 2, \u00abLa educaci\u00f3n f\u00edsica como favorecedora de salud\u00bb<\/em><\/strong><strong>:<\/strong> est\u00e1 centrado en la consolidaci\u00f3n de h\u00e1bitos de vida saludable, de protocolos de seguridad antes, durante y despu\u00e9s de la actividad f\u00edsica y en la reflexi\u00f3n cada vez m\u00e1s aut\u00f3noma frente a h\u00e1bitos perjudiciales. Este bloque tendr\u00e1 un claro componente transversal.<\/p>\n<p><strong><em>Bloque 3, \u00abLa expresi\u00f3n corporal: expresi\u00f3n y creaci\u00f3n art\u00edstica\u00bb:<\/em><\/strong> se refiere al uso del movimiento para comunicarse y expresarse, con creatividad e imaginaci\u00f3n.<\/p>\n<p><strong><em>Bloque 4, \u00abEl juego y el deporte escolar\u00bb:<\/em><\/strong> desarrolla contenidos sobre la realizaci\u00f3n de diferentes tipos de juegos y deportes entendidos como manifestaciones culturales y sociales de la motricidad humana. El juego, adem\u00e1s de ser un recurso recurrente dentro del \u00e1rea, tiene una dimensi\u00f3n cultural y antropol\u00f3gica.<\/p>\n<ul>\n<li><strong><u>Cultura y Pr\u00e1ctica Digital<\/u><\/strong><\/li>\n<\/ul>\n<p>Los contenidos del \u00e1rea se han organizado en torno a tres bloques:<\/p>\n<p><strong><em>Bloque 1: Cultura digital<\/em><\/strong>, que aborda aspectos relevantes de la sociedad de la comunicaci\u00f3n, sus posibilidades, limitaciones, beneficios y peligros. As\u00ed como la seguridad y uso responsable y \u00e9tico de los medos digitales. Se articula en los siguientes aspectos:<\/p>\n<ol>\n<li>Sociedad y tecnolog\u00eda: An\u00e1lisis y valoraci\u00f3n de elementos tecnol\u00f3gicos que condicionan y han modificado aspectos fundamentales de la sociedad actual.<\/li>\n<li>Comunicaci\u00f3n e interacci\u00f3n: Uso de soportes tecnol\u00f3gicos. Posibilidades y limitaciones. Redes sociales. Plataformas. Blog. Web 2.0. Conectividad m\u00f3vil.<\/li>\n<li>Identidad digital: Uso y abuso de y en las redes sociales. Seguridad en Internet. Normas para la comunicaci\u00f3n responsable y \u00e9tica en los medios digitales.<\/li>\n<\/ol>\n<p>&nbsp;<\/p>\n<p><strong><em>Bloque 2: Pr\u00e1ctica tecnol\u00f3gica<\/em><\/strong>, donde se incluye el conocimiento y uso de herramientas aplicaciones comunes que el alumnado ya utiliza o que podr\u00eda utilizar en su vida cotidiana y escolar. No se trata de ense\u00f1arles la herramienta, sino su uso adecuado. Los aspectos a tratar ser\u00edan:<\/p>\n<ol>\n<li>APP para m\u00f3viles y tabletas: Aplicaciones para m\u00f3viles y tabletas que facilitan la comunicaci\u00f3n interpersonal y la gesti\u00f3n de tareas cotidianas.<\/li>\n<li>Aplicaciones web 2.0: Comunidades virtuales. Blog. Wikis. Redes sociales.<\/li>\n<li>Internet: Utilizaci\u00f3n de Internet para cuestiones cotidianas (recorridos de viajes, consultas de eventos, obtenci\u00f3n de entradas a espect\u00e1culos, noticias, el tiempo, etc.).<\/li>\n<\/ol>\n<p>&nbsp;<\/p>\n<p><strong><em>Bloque 3: Educaci\u00f3n en l\u00ednea<\/em><\/strong>, orientado a la utilizaci\u00f3n educativa de las posibilidades digitales de la sociedad actual. Aspectos que lo componen:<\/p>\n<ol>\n<li>Entornos digitales de aprendizaje: Espacios virtuales. Plataformas e-learning. Wikis. Repositorios. Mensajer\u00eda. Comunidades de aprendizaje y trabajo colaborativo.<\/li>\n<li>Producci\u00f3n propia: Elaboraci\u00f3n de blog y otros recursos web para la comunicaci\u00f3n. Mantenimiento del contenido de la plataforma del centro en Internet.<\/li>\n<\/ol>\n<ul>\n<li><strong><u>Educaci\u00f3n para la Ciudadan\u00eda y los Derechos Humanos<\/u><\/strong><\/li>\n<\/ul>\n<p>El curr\u00edculo del \u00e1rea de educaci\u00f3n para la ciudadan\u00eda y los derechos humanos se estructura en tres grandes bloques de contenidos:<\/p>\n<p><strong><em>Bloque 1. Individuos y relaciones interpersonales y sociales<\/em><\/strong><em>. <\/em>Este bloque desarrolla los aspectos personales: la autonom\u00eda y la identidad, el reconocimiento de las emociones propias y de las dem\u00e1s personas, con propuestas que permitan relaciones basadas en el reconocimiento de la dignidad y respeto al otro, aunque mantenga opiniones y creencias distintas a las propias.<\/p>\n<p>Primar\u00e1n actividades individuales o de grupo que atiendan a la diversidad y a los derechos de las personas, a partir de situaciones cotidianas que aborden la igualdad de hombres y mujeres en la familia y en el mundo laboral. Un aspecto prioritario, relacionado con la autonom\u00eda personal, es siempre la asunci\u00f3n de las propias responsabilidades.<\/p>\n<p><strong><em>Bloque 2. La vida en comunidad<\/em><\/strong><em>.<\/em> Se tratar\u00e1n los valores c\u00edvicos en que se fundamenta la sociedad democr\u00e1tica (respeto, tolerancia, solidaridad, justicia, igualdad, ayuda mutua, cooperaci\u00f3n y cultura de la paz), abordando la convivencia y el conflicto en los grupos de pertenencia (familia, centro escolar, amigos, localidad) y el ejercicio de los derechos y los deberes que corresponden a cada persona en el seno de esos grupos, identificando la diversidad, rechazando la discriminaci\u00f3n y valorando la participaci\u00f3n y sus cauces. Asimismo, desde el reconocimiento de la diversidad cultural y religiosa presente en el entorno inmediato y asumiendo la igualdad de todas las mujeres y hombres en cuanto a derechos y deberes, se trabajar\u00e1 el respeto cr\u00edtico por las costumbres y los modos de vida distintos al propio y se proporcionar\u00e1n elementos para identificar y rechazar situaciones de marginaci\u00f3n, discriminaci\u00f3n e injusticia social.<\/p>\n<p><strong><em>Bloque 3. Vivir en sociedad<\/em><\/strong><em>. <\/em>Propone un planteamiento social m\u00e1s amplio: la necesidad y el conocimiento de las normas y los principios de convivencia establecidos por la Constituci\u00f3n, el conocimiento y la valoraci\u00f3n de los servicios p\u00fablicos y de los bienes comunes, as\u00ed como las obligaciones de las administraciones p\u00fablicas y de los ciudadanos en su mantenimiento. Algunos de los servicios p\u00fablicos y de los bienes comunes reciben un tratamiento espec\u00edfico adecuado a la edad de este alumnado; es el caso de la protecci\u00f3n civil, la seguridad, la defensa al servicio de la paz y la educaci\u00f3n vial.<\/p>\n<ul>\n<li><strong><u>Valores Sociales y \u00c9ticos<\/u><\/strong><\/li>\n<\/ul>\n<p>El \u00e1rea de Valores Sociales y c\u00edvicos se desarrolla y organiza en torno a tres bloques de contenidos:<\/p>\n<p><strong><em>Bloque 1. La identidad y la dignidad de la persona<\/em><\/strong>. Identidad, autonom\u00eda y responsabilidad personal. La dignidad humana. La mejora de la autoestima. Desarrollo y regulaci\u00f3n de los sentimientos y las emociones.<\/p>\n<p>Hay que orientar la actividad a la construcci\u00f3n de un estilo personal, bas\u00e1ndose en la respetabilidad y la dignidad personal. Desarrollar el propio potencial, manteniendo una motivaci\u00f3n intr\u00ednseca y esforz\u00e1ndose para el logro de \u00e9xitos individuales y compartidos. Se debe intentar que el alumnado tome decisiones de forma independiente, manejando las dificultades para superar frustraciones y sentimientos negativos ante los problemas. El proceso de ense\u00f1anza debe potenciar la formaci\u00f3n de una imagen positiva, tomando decisiones meditadas y responsables, basadas en un buen autoconcepto y un pensamiento efectivo e independiente, empleando las emociones de forma positiva y desarrollando la autonom\u00eda y la capacidad de emprendimiento para conseguir logros personales.<\/p>\n<p><strong><em>Bloque 2. La comprensi\u00f3n y el respeto en las relaciones interpersonales<\/em><\/strong>. Normas para el mantenimiento de las conversaciones respetuosas. El trabajo en grupo cooperativo y solidario. Habilidades b\u00e1sicas necesarias para el desarrollo de una escucha activa y eficaz. La asertividad en la convivencia diaria. Relaciones personales basadas en tolerancia, respeto e igualdad. La asimilaci\u00f3n y la valoraci\u00f3n de las diferencias individuales y sociales.<\/p>\n<p>Trabajar la expresi\u00f3n de opiniones, sentimientos y emociones utilizando coordinadamente el lenguaje verbal y no verbal. Utilizar habilidades de escucha con empat\u00eda, empleando la asertividad; iniciar, mantener y finalizar conversaciones con una manera de hablar adecuada a los interlocutores y al contexto, teniendo en cuenta los factores que inhiben la comunicaci\u00f3n y los que permiten lograr cercan\u00eda.<\/p>\n<p>Es necesario dialogar para llegar a pensamientos compartidos con otras personas, encontrar el mejor argumento estableciendo relaciones interpersonales positivas, empleando habilidades sociales y actuando con tolerancia y, sobre todo, comprendiendo y aceptando las diferencias.<\/p>\n<p>Analizar cr\u00edticamente las consecuencias de los prejuicios sociales, reflexionando sobre los problemas que provocan y su efecto en las personas que los sufren. Contribuir a la mejora del clima del grupo mostrando actitudes cooperativas y estableciendo relaciones respetuosas.<\/p>\n<p><strong><em>Bloque 3. La convivencia y los valores sociales<\/em><\/strong><strong>.<\/strong> Habilidades sociales. Detecci\u00f3n y expresi\u00f3n de las propias necesidades y de las de los dem\u00e1s. La importancia de saber dar y recibir ayuda. Las desigualdades sociales. El valor de la amistad. Normas de convivencia. Resoluci\u00f3n de conflictos de forma pac\u00edfica. Respeto y conservaci\u00f3n del medio ambiente. Educaci\u00f3n vial.<\/p>\n<p>Hay que educar y ense\u00f1ar para la vida y para los problemas cotidianos, poniendo de manifiesto una actitud abierta hacia los dem\u00e1s y compartiendo puntos de vista y sentimientos. Trabajar en equipo favoreciendo la interdependencia positiva y mostrando conductas solidarias. Practicar el altruismo en el entorno cercano sensibilizando sobre su valor. Implicarse en la elaboraci\u00f3n y el respeto de las normas de la comunidad educativa empleando el sistema de valores personal que se construye a partir de los valores universales Participar activamente en la vida c\u00edvica de forma pac\u00edfica y democr\u00e1tica transformando el conflicto en oportunidad, conociendo y empleando las fases de la mediaci\u00f3n y usando el lenguaje positivo en la comunicaci\u00f3n de pensamientos, intenciones y posicionamientos personales.<\/p>\n<p>Comprender el sentido de la responsabilidad y la justicia social empleando la capacidad de reflexi\u00f3n, s\u00edntesis y estructuraci\u00f3n, creando un sistema propio de valores, asumiendo los derechos y los deberes como alumno o alumna, realizando juicios morales de situaciones escolares y resolviendo dilemas morales con supuestos pr\u00e1cticos. Es necesario que los alumnos y las alumnas comprendan lo que es un dilema moral y resolver dilemas morales para detectar prejuicios relativos a las diferencias culturales, respetando los valores universales y comprendiendo la necesidad de garantizar los derechos b\u00e1sicos de todas las personas.<\/p>\n<p>Reconocer la declaraci\u00f3n de igualdad de derechos y la no discriminaci\u00f3n por raz\u00f3n de nacimiento, raza, sexo, religi\u00f3n, opini\u00f3n o cualquier otra condici\u00f3n o circunstancia personal o social, aplic\u00e1ndola al an\u00e1lisis del entorno social. Expresar la relevancia de preservar los derechos de libre expresi\u00f3n y opini\u00f3n, libertad de pensamiento, de conciencia y de religi\u00f3n realizando trabajos de an\u00e1lisis y s\u00edntesis, comprendiendo la importancia de los derechos del ni\u00f1o valorando las conductas que los protegen para conseguir comprender la correlaci\u00f3n entre derechos y deberes, valorando situaciones reales en relaci\u00f3n con los derechos del ni\u00f1o respetando la igualdad de derechos de ni\u00f1os y ni\u00f1as en el contexto social.<\/p>\n<p>Comprender y valorar la igualdad de derechos de hombres y mujeres, la corresponsabilidad en las tareas dom\u00e9sticas y el cuidado de la familia, argumentando en base a procesos de reflexi\u00f3n, s\u00edntesis y estructuraci\u00f3n, de manera que se asuman y respeten los valores socialmente reconocidos y recogidos en la Constituci\u00f3n espa\u00f1ola, as\u00ed como los derechos y los deberes definidos en la misma.<\/p>\n<ul>\n<li><strong><u>Religi\u00f3n Cat\u00f3lica<\/u><\/strong><\/li>\n<\/ul>\n<p>El desarrollo del curr\u00edculo se estructura en cuatro grandes bloques que pretenden recoger el saber antropol\u00f3gico cristiano acumulado a lo largo de los siglos. Esos bloques parten del <em>sentido religioso del hombre<\/em>, contin\u00faan con el estudio de<em> la revelaci\u00f3n: Dios interviene en la historia<\/em>; Dios se manifiesta al hombre y lo hace en una historia concreta, con personajes y situaciones que el alumnado debe conocer y que contribuir\u00e1n a su comprensi\u00f3n del mundo. Dicha revelaci\u00f3n culmina en <em>Jesucristo, cumplimiento de la Historia de la Salvaci\u00f3n; <\/em>es decir, Jesucristo y el mensaje evang\u00e9lico, centro del tercer bloque del curr\u00edculo y eje vertebrador de la asignatura. Por \u00faltimo, se estudia <em>la permanencia de Jesucristo en la historia: la Iglesia<\/em>. Conviene subrayar, por tanto, que lejos de una finalidad catequ\u00e9tica o de adoctrinamiento, la ense\u00f1anza de la religi\u00f3n cat\u00f3lica ilustra a los estudiantes sobre la identidad del cristianismo y la vida cristiana.<\/p>\n<p>En la elaboraci\u00f3n de las programaciones did\u00e1cticas, se incorporar\u00e1n los <strong>N\u00daCLEOS TEM\u00c1TICOS DEL CURR\u00cdCULO PROPIOS DE ANDALUC\u00cdA<\/strong> (Decreto 97\/2015 de 3 de marzo &#8211; &nbsp;Orden 17 de marzo de 2015).<\/p>\n<p><strong><u>Tratamiento transversal en las \u00e1reas de la educaci\u00f3n en valores.<\/u><\/strong><\/p>\n<p>De acuerdo con el Decreto 97\/15, por el que se establece la ordenaci\u00f3n y las ense\u00f1anzas correspondientes a la educaci\u00f3n primaria en Andaluc\u00eda se potenciar\u00e1:<\/p>\n<ol>\n<li>La prevenci\u00f3n y la resoluci\u00f3n pac\u00edfica de conflictos, as\u00ed como los valores que preparan al alumnado para asumir una vida responsable en una sociedad libre y democr\u00e1tica.<\/li>\n<li>La adquisici\u00f3n de h\u00e1bitos de vida saludable que favorezcan un adecuado bienestar f\u00edsico, mental y social.<\/li>\n<li>La utilizaci\u00f3n responsable del tiempo libre y del ocio, as\u00ed como el respeto al medio ambiente.<\/li>\n<li>La igualdad efectiva entre hombres y mujeres, la prevenci\u00f3n de la violencia de g\u00e9nero y la no discriminaci\u00f3n por cualquier condici\u00f3n personal o social.<\/li>\n<li>El esp\u00edritu emprendedor a partir del desarrollo de la creatividad, la autonom\u00eda, la iniciativa, el trabajo en equipo, la autoconfianza y el sentido cr\u00edtico.<\/li>\n<li>La utilizaci\u00f3n adecuada de las herramientas tecnol\u00f3gicas de la sociedad del conocimiento.<\/li>\n<li>El conocimiento y el respeto a los valores recogidos en el Estatuto de Autonom\u00eda para Andaluc\u00eda.<\/li>\n<li>El medio natural, la historia, la cultura y otros hechos diferenciadores de nuestra Comunidad para que sean conocidos, valorados y respetados como patrimonio propio, en el marco de la cultura espa\u00f1ola y universal.<\/li>\n<\/ol>\n<p>Del mismo modo, y de acuerdo a la Orden de 17 de marzo de 2015 por la que se desarrolla el curr\u00edculo correspondiente a la Educaci\u00f3n Primaria en Andaluc\u00eda, tambi\u00e9n se potenciar\u00e1:<\/p>\n<ol>\n<li>La toma de conciencia sobre temas y problemas que afectan a todas las personas en un mundo globalizado, entre los que se considerar\u00e1n:\n<ul>\n<li>la salud<\/li>\n<li>la pobreza en el mundo,<\/li>\n<li>el agotamiento de los recursos naturales,<\/li>\n<li>la superpoblaci\u00f3n,<\/li>\n<li>la contaminaci\u00f3n,<\/li>\n<li>el calentamiento de la Tierra,<\/li>\n<li>la violencia,<\/li>\n<li>el racismo,<\/li>\n<li>la emigraci\u00f3n y<\/li>\n<li>la desigualdad entre las personas, pueblos y naciones.<\/li>\n<li>El consumo responsable<\/li>\n<\/ul>\n<\/li>\n<li>El an\u00e1lisis de las formas de exclusi\u00f3n social que dificultan la igualdad de los seres humanos, con especial dedicaci\u00f3n a la desigualdad de las mujeres.<\/li>\n<li>La adopci\u00f3n de una perspectiva que permita apreciar la contribuci\u00f3n al desarrollo de la humanidad de las diferentes sociedades, civilizaciones y culturas.<\/li>\n<li>El an\u00e1lisis y la valoraci\u00f3n de las contribuciones m\u00e1s importantes para el progreso humano en los campos de la salud, el bienestar, las comunicaciones, la difusi\u00f3n del conocimiento, las formas de gobierno y las maneras de satisfacer las necesidades humanas b\u00e1sicas.<\/li>\n<\/ol>\n<p>Estos valores se trabajar\u00e1n de forma transversal en todas las \u00e1reas del curr\u00edculo y de forma espec\u00edfica en al menos en cuatro \u00e1reas del curr\u00edculo como son Valores Sociales y Culturales .Educaci\u00f3n para la Ciudadan\u00eda y los Derechos Humanos, Ciencias Naturales y Ciencias Sociales. Los equipos de ciclo planificar\u00e1n y programar\u00e1n las actividades a realizar a lo largo del a\u00f1o y, en cualquier caso, se realizar\u00e1n:<\/p>\n<ul>\n<li>Lecturas informativas<\/li>\n<li>Visualizaci\u00f3n de v\u00eddeos de concienciaci\u00f3n<\/li>\n<li>Organizaci\u00f3n de debates<\/li>\n<li>Realizaci\u00f3n de trabajos que favorezcan el trabajo cooperativo<\/li>\n<li>Organizaci\u00f3n de exposiciones<\/li>\n<li>Charlas de profesionales<\/li>\n<li>Celebraci\u00f3n de efem\u00e9rides\u2026<\/li>\n<\/ul>\n<p><strong>Modos en que se incorporar\u00e1 el car\u00e1cter transversal al curr\u00edculo:<\/strong><\/p>\n<p><strong>Coeducaci\u00f3n<\/strong><\/p>\n<ul>\n<li>En el desarrollo del curr\u00edculo se contemplar\u00e1 la presencia de contenidos y actividades que promuevan y contribuyan a la superaci\u00f3n de las desigualdades por raz\u00f3n del g\u00e9nero y que permitan apreciar la aportaci\u00f3n de las mujeres al desarrollo de nuestra&nbsp; sociedad y al conocimiento acumulado por la humanidad.<\/li>\n<li>Se velar\u00e1, en especial, por integrar en el centro el leguaje no sexista, tanto en la organizaci\u00f3n administrativa como en las intervenciones did\u00e1cticas del profesorado, sobre todo.<\/li>\n<\/ul>\n<ul>\n<li>Se analizar\u00e1 reflexiva y cr\u00edticamente el lenguaje de la clase, los libros de textos, recursos de Internet y\/o cualquier otro documento, asumiendo otras alternativas para su uso.<\/li>\n<li>Se revisar\u00e1n los materiales educativos y curriculares para detectar posibles prejuicios o estereotipos, desenmascararlos y eliminarlos de nuestra pr\u00e1ctica educativa.<\/li>\n<\/ul>\n<p><strong>Educaci\u00f3n para el consumo<\/strong><\/p>\n<ul>\n<li>Se partir\u00e1 del entorno socio-cultural del alumnado para analizar la problem\u00e1tica relacionada con el consumo, de modo que aprendan a captar y rechazar productos que puedan atentar contra su adecuada alimentaci\u00f3n, higiene, conservaci\u00f3n del medio ambiente, etc<\/li>\n<\/ul>\n<p><strong>Educaci\u00f3n Ambiental<\/strong><\/p>\n<ul>\n<li>Se partir\u00e1 de la situaci\u00f3n ambiental del entorno pr\u00f3ximo, analizando la realidad actual, para que el alumnado se involucre en la resoluci\u00f3n de los problemas ambientales desarrollando una actitud cr\u00edtica y reivindicativa.<\/li>\n<li>Se trabajar\u00e1n los problemas ambientales que sufre el mundo ( desertizaci\u00f3n, agotamiento de combustibles f\u00f3siles, escasez de agua..) para que el alumnado los conozca y tome conciencia de ellos y coopere en la soluci\u00f3n de los mismos y prevenga los que pudiesen venir en el futuro<\/li>\n<\/ul>\n<p><strong>Educaci\u00f3n para la salud<\/strong><\/p>\n<ul>\n<li>Se realizar\u00e1n actividades que hagan reflexionar al alumnado sobre h\u00e1bitos, valores y conductas adquiridas en el medio socio familiar y provocar en \u00e9l cambios que conduzcan hacia actitudes y comportamientos m\u00e1s saludables.<\/li>\n<li>Se determinar\u00e1n temas problem\u00e1ticos de salud para que, a partir de ellos, alumnas y alumnos enjuicien y obtengan conclusiones.<\/li>\n<\/ul>\n<p><strong>Educaci\u00f3n<\/strong> <strong>Vial<\/strong><\/p>\n<ul>\n<li>Se partir\u00e1 del entorno f\u00edsico pr\u00f3ximo para analizar las situaciones de tr\u00e1fico m\u00e1s habituales para, a partir de aqu\u00ed, conocer las normas de educaci\u00f3n peatonal y con medios mec\u00e1nicos.<\/li>\n<li>Se incluir\u00e1n contenidos y actividades para dar a conocer el significado de las se\u00f1ales de tr\u00e1fico y&nbsp; las normas de circulaci\u00f3n peatonal para adquirir h\u00e1bitos de prudencia en el uso de las v\u00edas como peat\u00f3n y como usuario.<\/li>\n<\/ul>\n<p><strong>Educaci\u00f3n para la convivencia y la paz<\/strong><\/p>\n<ul>\n<li>Se partir\u00e1 de los problemas del entorno-vital del alumnado para analizar y sacar conclusiones de los problemas de convivencia.<\/li>\n<li>Se les ayudar\u00e1 a tomar sus propias decisiones respetando la pluralidad y las minor\u00edas, haciendo que desee y busque una buena convivencia<\/li>\n<li>Se partir\u00e1 de los propios valores del alumnado para el conocimiento y elecci\u00f3n, si fuera necesario, de otros nuevos.<\/li>\n<\/ul>\n<p><strong><u>Integraci\u00f3n de la igualdad de g\u00e9nero como un objetivo primordial.<\/u><\/strong><\/p>\n<p>La intervenci\u00f3n global en el marco educativo desde la igualdad de g\u00e9nero tiene su base en el Plan de Igualdad entre Hombres y Mujeres en Educaci\u00f3n que viene marcada por tres principios:<\/p>\n<ul>\n<li><strong>Visibilidad:<\/strong> Hacer visibles las diferencias entre ni\u00f1os y ni\u00f1as, para facilitar el reconocimiento de las desigualdades y discriminaciones que aquellas pueden producir y producen. Visibilizar a las mujeres a trav\u00e9s de su contribuci\u00f3n al desarrollo de las sociedades, valorando el trabajo que tradicionalmente han realizado; un uso no discriminatorio del lenguaje; la reflexi\u00f3n sobre la injusticia de los privilegios en una sociedad democr\u00e1tica y de la pervivencia de papeles sociales discriminatorios en funci\u00f3n del sexo.<\/li>\n<li><strong>Transversalidad:<\/strong> Los principios de igualdad entre hombres y mujeres deben estar presentes en el conjunto de acciones emprendidas por los centros educativos. Este enfoque transversal supone la inclusi\u00f3n de la perspectiva de g\u00e9nero en la elaboraci\u00f3n, desarrollo y seguimiento de todas las actuaciones que afecten, directa o indirectamente, a la comunidad educativa.<\/li>\n<li><strong>Inclusi\u00f3n:<\/strong> Las medidas y las actuaciones educativas se dirigen al conjunto de la comunidad, porque educar en igualdad entre hombres y mujeres requiere una intervenci\u00f3n tanto sobre unos y como sobre otras para corregir as\u00ed los desajustes producidos por cambios desiguales en los papeles tradicionales, conciliar intereses y crear relaciones de g\u00e9nero m\u00e1s igualitarias.<\/li>\n<\/ul>\n<p>&nbsp;En la elaboraci\u00f3n de las UDIs se tendr\u00e1 en cuenta la inclusi\u00f3n&nbsp; de estos elementos transversales en el modo y en el tiempo que establezcan los distintos Equipos de Ciclo.<\/p>\n<p><strong><u>DESARROLLO CURRICULAR DE LAS DISTINTAS \u00c1REAS <\/u><\/strong><\/p>\n<p>El desarrollo curricular se realizar\u00e1 &nbsp;conforme al anexo I de la Orden 12\/2019, de 27 de julio,<\/p>\n<table>\n<tbody>\n<tr>\n<td width=\"187\">Proyecto educativo<\/td>\n<td width=\"113\">Apartado d)<\/td>\n<td width=\"407\">Los criterios pedag\u00f3gicos para la determinaci\u00f3n del horario de las personas responsables de los \u00f3rganos de coordinaci\u00f3n docente, de conformidad con el n\u00ba total de horas que, a tales efectos, se establezca por Orden de la Consejer\u00eda competente en materia de educaci\u00f3n.<\/td>\n<\/tr>\n<\/tbody>\n<\/table>\n<p>&nbsp;<\/p>\n<table>\n<tbody>\n<tr>\n<td width=\"707\">Su aprobaci\u00f3n corresponde al Claustro<\/td>\n<\/tr>\n<\/tbody>\n<\/table>\n<p><strong>&nbsp;<\/strong><\/p>\n<p><strong>De conformidad con lo establecido en el Cap\u00edtulo IV de la Orden de 20 de agosto de 2010&nbsp; en su art\u00edculo 10.1, las personas encargadas de elaborar los horarios del centro son:<\/strong><\/p>\n<p><strong>&nbsp;&nbsp;&nbsp;&nbsp;&nbsp;&nbsp;&nbsp;&nbsp;&nbsp;&nbsp;&nbsp; &nbsp;La Jefatura de Estudios <\/strong>elaborar\u00e1, en colaboraci\u00f3n con los restantes miembros del equipo directivo, el horario general del centro, el horario lectivo del alumnado y el horario individual del profesorado y con los criterios incluidos en el proyecto educativo y velar\u00e1 por su estricto cumplimiento. En la elaboraci\u00f3n de los horarios la Jefatura de Estudios tendr\u00e1 muy en cuenta la necesidad de apoyo de los primeros niveles en la metodolog\u00eda ABN.<\/p>\n<p><strong>&nbsp;&nbsp;&nbsp;&nbsp;&nbsp;&nbsp;&nbsp;&nbsp;&nbsp;&nbsp;&nbsp; &nbsp; La Secretar\u00eda <\/strong>elaborar\u00e1, en colaboraci\u00f3n con los restantes miembros del equipo directivo, el horario del Personal de Administraci\u00f3n y Servicios y de Atenci\u00f3n Educativa Complementaria y velar\u00e1 por su estricto cumplimiento. El horario de este personal se atendr\u00e1 a lo establecido en la normativa vigente sobre la jornada y el horario del personal de la Administraci\u00f3n general de la Junta de Andaluc\u00eda y, en su caso, del personal laboral.<\/p>\n<p><strong>&nbsp; &nbsp;&nbsp;&nbsp;&nbsp;&nbsp;&nbsp;&nbsp;&nbsp;&nbsp; &nbsp;El Director o Directora <\/strong>del centro aprobar\u00e1 los horarios, una vez comprobado que se han respetado los criterios incluidos en el proyecto educativo y que se exponen:<\/p>\n<p><strong><u>CRITERIOS PEDAG\u00d3GICOS PARA LA DETERMINACI\u00d3N DEL HORARIO DE DEDICACI\u00d3N DE LAS PERSONAS RESPONSABLES DE LOS \u00d3RGANOS DE COORDINACI\u00d3N DOCENTE<\/u><\/strong><\/p>\n<p>La Orden de 20 de agosto de 2010, por la que se regula la organizaci\u00f3n y el funcionamiento de los centros de educaci\u00f3n Infantil y Primaria, y establece el horario de dedicaci\u00f3n de las personas responsables de los \u00f3rganos de coordinaci\u00f3n docente en funci\u00f3n del n\u00famero de unidades. A nuestro Centro le corresponde el que sigue:<\/p>\n<ol>\n<li>Coordinadores\/as de ciclo: 1 hora semanal.<\/li>\n<li>Coordinador\/a del Equipo de Orientaci\u00f3n: 1 hora semanal.<\/li>\n<\/ol>\n<p>Las reuniones de los \u00f3rganos de coordinaci\u00f3n docente tendr\u00e1n lugar los lunes en sesi\u00f3n de tarde, entre las 15: 30 horas y las 18:30 horas, de acuerdo con el Plan de Reuniones establecido por la Jefatura de Estudios. Sin perjuicio de que se celebren reuniones en horario de ma\u00f1ana de 8:30 horas a 8:55 horas. Dichas reuniones ser\u00e1n convocadas por&nbsp; los\/as respectivos\/as coordinadores\/as.<\/p>\n<p>Para la designaci\u00f3n de los\/as coordinadores\/as de ciclo y Equipo de Orientaci\u00f3n se tendr\u00e1n en cuenta los siguientes criterios:<\/p>\n<p>1.- Ser maestro\/a con destino definitivo en el Centro.<\/p>\n<p>2.-Tener la confianza del Equipo Directivo.<\/p>\n<p>3.- Compromiso e implicaci\u00f3n para el desempe\u00f1o del cargo.<\/p>\n<p>4.- Experiencia en el cargo por haberlo desarrollado en otras ocasiones en el centro o en otros.<\/p>\n<p>En base a lo establecido en la Orden de 3 de septiembre de 2010, por la que se establece el horario de dedicaci\u00f3n del profesorado responsable de la coordinaci\u00f3n de los planes y programas espec\u00edficos, el profesorado responsable de dichos planes que se desarrollan en el Centro dedicar\u00e1 semanalmente a la coordinaci\u00f3n el siguiente n\u00famero de horas:<\/p>\n<ul>\n<li>Transformaci\u00f3n Digital Educativa (TDE): 2 horas.<\/li>\n<li>Plan de Apertura de Centros Docentes: 3 horas.<\/li>\n<\/ul>\n<p>&nbsp;&nbsp;&nbsp; En el centro se contempla la reducci\u00f3n horaria a otros coordinadores\/as de planes:<\/p>\n<ul>\n<li>Coordinaci\u00f3n del proyecto \u201cEscuela, Espacio de Paz\u201d: 1 hora semanal.<\/li>\n<li>Plan de Lectura y Biblioteca: 3 sesiones semanales de 1 hora o de 45 minutos o alternando, seg\u00fan horario del\/la coordinador\/a para cada curso escolar.<\/li>\n<li>Coordinaci\u00f3n del Plan de Igualdad entre Hombres y Mujeres: 1 hora semanal en su horario lectivo y 1 hora semanal en su horario no lectivo.<\/li>\n<li>Coordinador\/a del Plan Andaluz de Salud Laboral y Prevenci\u00f3n de Riesgos Laborales: 1 hora semanal, que podr\u00e1 establecerse en horario no lectivo.<\/li>\n<\/ul>\n<p>Para el nombramiento de los coordinadores y coordinadoras &nbsp;de&nbsp; los planes y proyectos estrat\u00e9gicos, se tendr\u00e1n en cuenta los siguientes criterios, siempre que sea posible:<\/p>\n<ol>\n<li>Compromiso e implicaci\u00f3n para asumir la coordinaci\u00f3n del mismo.<\/li>\n<li>Experiencia en el cargo por haberlo desarrollado en otras ocasiones en nuestro centro o en otros.<\/li>\n<li>Siempre que sea posible, en el caso del Plan de Lectura y Biblioteca se designar\u00e1 a una persona que tenga experiencia y formaci\u00f3n en la organizaci\u00f3n de las bibliotecas escolares.<\/li>\n<li>La posibilidad de tener formaci\u00f3n espec\u00edfica.<\/li>\n<\/ol>\n<table>\n<tbody>\n<tr>\n<td width=\"196\">Proyecto educativo<\/td>\n<td width=\"132\">Apartado e)<\/td>\n<td width=\"379\">Los procedimientos y criterios de evaluaci\u00f3n y promoci\u00f3n del alumnado.<\/td>\n<\/tr>\n<\/tbody>\n<\/table>\n<p>&nbsp;<\/p>\n<table>\n<tbody>\n<tr>\n<td width=\"707\">Su aprobaci\u00f3n corresponde al Claustro<\/td>\n<\/tr>\n<\/tbody>\n<\/table>\n<p>&nbsp;<\/p>\n<p>La evaluaci\u00f3n del proceso de aprendizaje de conformidad con lo dispuesto en los apartados 1,2 y 3 del decreto 97\/2015, de 3 de marzo y en la orden de 4 de marzo de 2015 &nbsp;la evaluaci\u00f3n del proceso de aprendizaje del alumnado ser\u00e1 <strong>continua y global<\/strong>, tendr\u00e1 en cuenta&nbsp; su progreso en el conjunto de las \u00e1reas, tendr\u00e1 un car\u00e1cter <strong>criterial<\/strong> y <strong>formativo<\/strong>, y tendr\u00e1 en cuenta el grado de adquisici\u00f3n de las competencias clave y el logro de los objetivos de etapa<\/p>\n<p>La evaluaci\u00f3n <strong>continua<\/strong> permitir\u00e1 detectar las dificultades en el momento en el que se produzcan, averiguando sus causas y, en consecuencia, se adoptar\u00e1n las medidas necesarias que permitan continuar con el proceso de aprendizaje del alumnado.<\/p>\n<p>La evaluaci\u00f3n <strong>criterial<\/strong> tomar\u00e1 como referentes los criterios de evaluaci\u00f3n de las diferentes \u00e1reas curriculares, de acuerdo con lo establecido en el Anexo I de la Orden de 17 de marzo de 2015, por la que se desarrolla el curr\u00edculo correspondiente a la Educaci\u00f3n Primaria en Andaluc\u00eda.<\/p>\n<p>La evaluaci\u00f3n <strong>formativa <\/strong>propiciar\u00e1 la mejora constante del proceso de ense\u00f1anza-aprendizaje. Dicha evaluaci\u00f3n aportar\u00e1 la informaci\u00f3n necesaria, al inicio de dicho proceso y durante su desarrollo, para adoptar las decisiones que mejor favorezcan la consecuci\u00f3n de los objetivos educativos y la adquisici\u00f3n de las competencias clave; todo ello teniendo en cuenta las caracter\u00edsticas propias del alumnado.<\/p>\n<p>Los referentes para la evaluaci\u00f3n ser\u00e1n:<\/p>\n<ol start=\"2015\">\n<li>Los criterios de evaluaci\u00f3n y su concreci\u00f3n en indicadores de aprendizaje evaluables, tal como aparecen recogidos en el Anexo I de la Orden de 17 de marzo de 2015.<\/li>\n<li>Las programaciones did\u00e1cticas que se elaborar\u00e1n de acuerdo con lo establecido en el art\u00edculo 7 del Decreto 97\/2015 de 3 de marzo<\/li>\n<\/ol>\n<p><strong>Los criterios de evaluaci\u00f3n<\/strong> de las \u00e1reas ser\u00e1n el referente fundamental para valorar:<\/p>\n<ul>\n<li>El grado de desempe\u00f1o de las competencias clave<\/li>\n<li>El desarrollo de los objetivos de la etapa.<\/li>\n<li>El alumnado ser\u00e1 informado a comienzos de curso y en el transcurso del mismo de los criterios de evaluaci\u00f3n que se le van a aplicar.<\/li>\n<\/ul>\n<p>&nbsp;<strong><u>PASOS INICIALES.<\/u><\/strong><\/p>\n<p>&nbsp; a). &nbsp;&nbsp;&nbsp;&nbsp; En la primera quincena de septiembre se efectuar\u00e1 la transmisi\u00f3n de informaci\u00f3n entre tutores\/as con respecto al alumnado de cada tutor\u00eda abordando distintos aspectos: dificultades de aprendizaje, comportamiento, responsabilidad, ambiente familiar, conocimientos\u2026<\/p>\n<p>&nbsp; b). &nbsp;&nbsp;&nbsp;&nbsp; Revisar el expediente acad\u00e9mico del alumnado para alcanzar un conocimiento exhaustivo del alumnado.<\/p>\n<p>&nbsp; c). &nbsp;&nbsp;&nbsp;&nbsp; En la segunda quincena de septiembre llevar a cabo una <strong>Evaluaci\u00f3n inicial <\/strong>con pruebas escritas y orales (observando durante la misma el trabajo, comportamiento y responsabilidad del alumnado) y valorar los resultados. A partir de ellos se fijar\u00e1n los refuerzos educativos&nbsp; y se&nbsp; elaborar\u00e1n los correspondientes&nbsp; programas de refuerzo para atender al alumnado con dificultades de aprendizaje. Se determinar\u00e1, asimismo, el alumnado que ser\u00e1 atendido por el profesorado especialista en PT y AL y se propondr\u00e1 al que acudir\u00e1 al Programa de Acompa\u00f1amiento Escolar (PROA).<\/p>\n<p>&nbsp;<strong><u>CRITERIOS GENERALES DE EVALUACI\u00d3N PARA TODO EL CENTRO.<\/u><\/strong><\/p>\n<ol>\n<li>Se tiene en cuenta la capacidad del alumno\/a.<\/li>\n<li>Se valora su esfuerzo, atenci\u00f3n e inter\u00e9s mostrado.<\/li>\n<li>Se toma en consideraci\u00f3n el trabajo de casa y su responsabilidad en relaci\u00f3n al&nbsp;<\/li>\n<li>Se tiene en cuenta la actitud en clase, la relaci\u00f3n y el trato con los\/as compa\u00f1eros\/as, as\u00ed como el trabajo individual y en grupo.<\/li>\n<li>Se valora que el alumnado lleve al d\u00eda su tarea y que sea suficientemente ordenado.<\/li>\n<li>Se comprueba y se valora en sus cuadernos, el trabajo bien hecho: presentaci\u00f3n, limpieza, orden, ejercicios realizados, cuidado y correcci\u00f3n de los mismos.<\/li>\n<li>Se tiene en cuenta si participa en clase y se valora c\u00f3mo realiza los ejercicios en el encerado.<\/li>\n<li>Se contrastan los datos de la evaluaci\u00f3n continua con pruebas de evaluaci\u00f3n de rendimiento referidas a un per\u00edodo de ense\u00f1anza.<\/li>\n<li>Se tienen en cuenta circunstancias adversas que hayan podido condicionar el rendimiento del alumnado (enfermedad, cambio de residencia, desgracia familiar,&#8230;).<\/li>\n<li>Se tienen en cuenta los avances de los ni\u00f1os\/ as con relaci\u00f3n al comienzo del aprendizaje, aunque no superen los objetivos m\u00ednimos establecidos.<\/li>\n<li>Evaluar teniendo como referencia los criterios e indicadores de evaluaci\u00f3n de cada bloque tem\u00e1tico.<\/li>\n<li>Empleo de diversos instrumentos de evaluaci\u00f3n de los aprendizajes del alumnado, acordes con el <strong>enfoque competencial de los aprendizajes<\/strong>: observaci\u00f3n directa, pruebas escritas y orales\u2026Empleo de la <strong>r\u00fabrica <\/strong>como instrumento de evaluaci\u00f3n cuantitativa.<\/li>\n<li>Para evaluar los aprendizajes no s\u00f3lo se tendr\u00e1n en cuenta las pruebas escritas y orales, sino tambi\u00e9n el nivel de realizaci\u00f3n de las tareas y esfuerzo personal en funci\u00f3n de los niveles de ponderaci\u00f3n que se establezcan en los siguientes cuadros.<\/li>\n<\/ol>\n<table>\n<tbody>\n<tr>\n<td colspan=\"3\" width=\"669\"><strong>&nbsp;<\/strong><\/p>\n<p><strong>PRIMER CICLO <\/strong><\/td>\n<\/tr>\n<tr>\n<td width=\"215\"><strong>&nbsp;<\/strong><\/p>\n<p><strong>ACTITUDES (30%)<\/strong><\/td>\n<td width=\"236\"><strong>&nbsp;<\/strong><\/p>\n<p><strong>CUADERNOS Y TRABAJOS <\/strong><\/p>\n<p><strong>(50% en 1\u00ba; 40 % en 2\u00ba)<\/strong><\/td>\n<td width=\"217\"><strong>&nbsp;<\/strong><\/p>\n<p><strong>TAREAS COMPETENCIALES <\/strong><\/p>\n<p><strong>(20% en 1\u00ba ; 30% en 2\u00ba)<\/strong><\/td>\n<\/tr>\n<tr>\n<td width=\"215\">&nbsp;<\/p>\n<p>-Trae el material de clase.<\/p>\n<p>&#8211; Respeta las normas de trabajo y convivencia de clase.<\/p>\n<p>&#8211; Aprovecha el tiempo de clase.<\/p>\n<p>&#8211; Participa en clase y pregunta aquello que no comprende o tiene dudas.<\/p>\n<p>&#8211; Tiene una actitud positiva.<\/p>\n<p>&#8211; Termina las tareas propuestas a lo largo de la jornada<\/td>\n<td width=\"236\"><strong>&nbsp;<\/strong><\/p>\n<p><strong>Correcci\u00f3n de cuadernos<\/strong>:<\/p>\n<p>&#8211; Presentaci\u00f3n:<\/p>\n<p>\u00b7&nbsp;&nbsp;&nbsp;&nbsp;&nbsp;&nbsp;&nbsp;&nbsp; Orden y limpieza<\/p>\n<p>\u00b7&nbsp;&nbsp;&nbsp;&nbsp;&nbsp;&nbsp;&nbsp;&nbsp; Caligraf\u00eda clara y legible.<\/p>\n<p>\u00b7&nbsp;&nbsp;&nbsp;&nbsp;&nbsp;&nbsp;&nbsp;&nbsp; Presencia de m\u00e1rgenes.<\/p>\n<p>\u00b7&nbsp;&nbsp;&nbsp;&nbsp;&nbsp;&nbsp;&nbsp;&nbsp; T\u00edtulos y subt\u00edtulos<\/p>\n<p>-Redacci\u00f3n:<\/p>\n<ul>\n<li>Ortograf\u00eda<\/li>\n<li>Errores gramaticales<\/li>\n<\/ul>\n<p>-Correcta realizaci\u00f3n de actividades.<\/td>\n<td width=\"217\">&nbsp;<\/p>\n<p>&#8211; Observaci\u00f3n diaria del trabajo.<\/p>\n<p>&#8211; Pruebas escritas.<\/p>\n<p>&#8211; Pruebas orales.<\/p>\n<p>&#8211; Preguntas de clase.<\/p>\n<p>&#8211; Actividades de refuerzo y apoyo para el alumnado con dificultades de aprendizaje y de proacci\u00f3n para el aventajado.<\/td>\n<\/tr>\n<\/tbody>\n<\/table>\n<p>&nbsp;<\/p>\n<table>\n<tbody>\n<tr>\n<td colspan=\"3\" width=\"669\"><strong>&nbsp;<\/strong><\/p>\n<p><strong>SEGUNDO CICLO Y TERCER CICLO<\/strong><\/td>\n<\/tr>\n<tr>\n<td width=\"215\"><strong>&nbsp;<\/strong><\/p>\n<p><strong>ACTITUDES (20%)<\/strong><\/td>\n<td width=\"236\"><strong>&nbsp;<\/strong><\/p>\n<p><strong>CUADERNOS Y TRABAJOS 20%)<\/strong><\/td>\n<td width=\"217\"><strong>&nbsp;<\/strong><\/p>\n<p><strong>TAREAS COMPETENCIALES (60%)<\/strong><\/td>\n<\/tr>\n<tr>\n<td width=\"215\">&nbsp;<\/p>\n<p>-Trae el material de clase.<\/p>\n<p>&#8211; Respeta las normas de trabajo y convivencia de clase.<\/p>\n<p>&#8211; Aprovecha el tiempo de clase.<\/p>\n<p>&#8211; Participa en clase y pregunta aquello que no comprende o tiene dudas.<\/p>\n<p>&#8211; Tiene una actitud positiva.<\/p>\n<p>&#8211; Termina las tareas propuestas a lo largo de la jornada<\/td>\n<td width=\"236\"><strong>&nbsp;<\/strong><\/p>\n<p><strong>Correcci\u00f3n de cuadernos<\/strong>:<\/p>\n<p>&#8211; Presentaci\u00f3n:<\/p>\n<p>\u00b7&nbsp;&nbsp;&nbsp;&nbsp;&nbsp;&nbsp;&nbsp;&nbsp; Orden y limpieza<\/p>\n<p>\u00b7&nbsp;&nbsp;&nbsp;&nbsp;&nbsp;&nbsp;&nbsp;&nbsp; Caligraf\u00eda clara y legible.<\/p>\n<p>\u00b7&nbsp;&nbsp;&nbsp;&nbsp;&nbsp;&nbsp;&nbsp;&nbsp; Presencia de m\u00e1rgenes.<\/p>\n<p>\u00b7&nbsp;&nbsp;&nbsp;&nbsp;&nbsp;&nbsp;&nbsp;&nbsp; T\u00edtulos y subt\u00edtulos<\/p>\n<p>-Redacci\u00f3n:<\/p>\n<ul>\n<li>Ortograf\u00eda<\/li>\n<li>Errores gramaticales<\/li>\n<\/ul>\n<p>-Correcta realizaci\u00f3n de actividades.<\/td>\n<td width=\"217\">&nbsp;<\/p>\n<p>&#8211; Observaci\u00f3n diaria del trabajo.<\/p>\n<p>&#8211; Pruebas escritas.<\/p>\n<p>&#8211; Pruebas orales.<\/p>\n<p>&#8211; Preguntas de clase.<\/p>\n<p>&#8211; Actividades de refuerzo y apoyo para el alumnado con dificultades de aprendizaje y de proacci\u00f3n para el aventajado.<\/td>\n<\/tr>\n<\/tbody>\n<\/table>\n<p>&nbsp;<\/p>\n<ol>\n<li>Atendiendo a lo dispuesto en la orden de 4 de marzo de 2015, el resultado de la <strong>evaluaci\u00f3n de las \u00e1reas<\/strong> se expresar\u00e1 en los siguientes niveles: Insuficiente (IN), para las calificaciones negativas; Suficiente (SU); Bien (BI); Notable (NT), o Sobresaliente (SB), para las calificaciones positivas. El nivel obtenido ser\u00e1 indicativo de una progresi\u00f3n y aprendizaje adecuados, o de la conveniencia de la aplicaci\u00f3n de medidas para que el alumnado consiga los aprendizajes previstos. Dichos t\u00e9rminos ir\u00e1n acompa\u00f1ados de una calificaci\u00f3n num\u00e9rica, sin emplear decimales, en una escala de uno a diez, con las siguientes correspondencias:<\/li>\n<\/ol>\n<ul>\n<li>Insuficiente: 1, 2, 3 o 4.<\/li>\n<li>Suficiente: 5.<\/li>\n<li>Bien: 6.<\/li>\n<li>Notable: 7 u 8.<\/li>\n<li>Sobresaliente: 9 o 10<\/li>\n<\/ul>\n<p>&nbsp;<\/p>\n<p>4.-<strong> <u>CRITERIOS DE PROMOCI\u00d3N DEL CENTRO<\/u>.<\/strong><\/p>\n<p>En los t\u00e9rminos de lo establecido en el art\u00edculo 13.1 del Decreto 97\/2015, de 3 de marzo, al finalizar cada uno de los ciclos, y como consecuencia del proceso de evaluaci\u00f3n, el Equipo Docente adoptar\u00e1 de manera colegiada las decisiones correspondientes sobre la promoci\u00f3n del alumnado, tomando especialmente en consideraci\u00f3n la informaci\u00f3n y el criterio del maestro tutor o la maestra tutora.<\/p>\n<ol>\n<li><strong>Grado de consecuci\u00f3n de los criterios de evaluaci\u00f3n de cada nivel y ciclo<\/strong> establecidos en nuestra programaci\u00f3n que miden tanto la consecuci\u00f3n de los objetivos como la adquisici\u00f3n o niveles de desempe\u00f1o de las competencias clave. En cuanto a la promoci\u00f3n de ciclo se tendr\u00e1 en cuenta:<\/li>\n<\/ol>\n<p>&nbsp;&nbsp;&nbsp;&nbsp;&nbsp;&nbsp;&nbsp;&nbsp;&nbsp;&nbsp;&nbsp; 1\u00ba.- El Equipo Docente toma la decisi\u00f3n.<\/p>\n<p>&nbsp;&nbsp;&nbsp;&nbsp;&nbsp;&nbsp;&nbsp;&nbsp;&nbsp;&nbsp;&nbsp; 2\u00ba.- Si no hay acuerdo dentro del Equipo de Docente prevalecer\u00e1 la decisi\u00f3n del tutor\/a.<\/p>\n<p>&nbsp;&nbsp;&nbsp;&nbsp;&nbsp;&nbsp;&nbsp;&nbsp;&nbsp;&nbsp;&nbsp; 3\u00ba.- Cuando se decida la no promoci\u00f3n del alumno\/a, la familia ser\u00e1 informada. La decisi\u00f3n de la no &nbsp;&nbsp;&nbsp;&nbsp;&nbsp;&nbsp;&nbsp;&nbsp;&nbsp;&nbsp;&nbsp; promoci\u00f3n se adoptar\u00e1&nbsp; tras haber agotado el resto de medidas ordinarias. Como medida excepcional se podr\u00e1 &nbsp;&nbsp;&nbsp;&nbsp;&nbsp;&nbsp;&nbsp;&nbsp;&nbsp;&nbsp;&nbsp; producir en el primer curso del ciclo.<\/p>\n<p>&nbsp;&nbsp;&nbsp;&nbsp;&nbsp;&nbsp;&nbsp;&nbsp;&nbsp;&nbsp;&nbsp; 6\u00ba.- La opini\u00f3n familiar se tendr\u00e1 en cuenta, pero no ser\u00e1 determinante.<\/p>\n<p>&nbsp;&nbsp;&nbsp;&nbsp;&nbsp;&nbsp;&nbsp;&nbsp;&nbsp;&nbsp;&nbsp; 7\u00aa.- Se tendr\u00e1 muy en cuenta la informaci\u00f3n y el criterio del tutor o tutora.<\/p>\n<p>&nbsp;&nbsp;&nbsp;&nbsp;&nbsp;&nbsp;&nbsp;&nbsp;&nbsp;&nbsp;&nbsp; 8\u00aa.- Alumnado con ACNS O ACS: un a\u00f1o m\u00e1s en la Etapa cuando favorezca el <strong>desarrollo de las &nbsp;&nbsp;&nbsp;&nbsp;&nbsp;&nbsp;&nbsp;&nbsp;&nbsp;&nbsp;&nbsp;&nbsp; competencias clave <\/strong>(adem\u00e1s de la integraci\u00f3n socioeducativa).<\/p>\n<p>&nbsp;El alumnado que promocione sin haber superado todas las \u00e1reas deber\u00e1 seguir los programas o medidas de refuerzo que establezca el Equipo Docente.<\/p>\n<ol>\n<li><strong>Criterios de promoci\u00f3n<\/strong><\/li>\n<\/ol>\n<p>Priorizaremos la repetici\u00f3n en el primer ciclo para aquel alumnado que no haya alcanzado el dominio de la lectoescritura y no haya adquirido un m\u00ednimo dominio de la competencia matem\u00e1tica.<\/p>\n<ul>\n<li>La posible repetici\u00f3n se llevara a cabo en el 2\u00ba curso de cada ciclo. S\u00f3lo se repetir\u00e1 en el 1\u00ba curso de cada ciclo cuando existan circunstancias excepcionales que, a juicio del Equipo Docente, impidan el normal desarrollo de las ense\u00f1anzas del alumnado en cuesti\u00f3n.<\/li>\n<li>Se producir\u00e1 la repetici\u00f3n del alumnado cuando ocurra alguna de las siguientes circunstancias:<\/li>\n<li>Tenga suspensas tres \u00e1reas instrumentales: Lengua, Matem\u00e1ticas e Ingl\u00e9s.<\/li>\n<li>Tenga suspensas lengua y matem\u00e1ticas. Si tiene suspensas dos \u00e1reas instrumentales, no siendo \u00e9stas lengua y matem\u00e1ticas, ser\u00e1 el Equipo Docente quien tenga la decisi\u00f3n de la promoci\u00f3n:<\/li>\n<li>Lengua e Ingl\u00e9s\/\/Matem\u00e1ticas e Ingl\u00e9s.<\/li>\n<\/ul>\n<p>&nbsp;En este caso el alumnado podr\u00eda pasar al ciclo siguiente si el Equipo Docente considera que dicho alumnado ofrece posibilidades de mejora en el ciclo siguiente, pero nunca a final de 6\u00ba curso.<\/p>\n<ul>\n<li>Tenga 1 \u00e1rea instrumental m\u00e1s dos \u00e1reas no instrumentales<\/li>\n<li>Con dos \u00e1reas que no sean instrumentales se podr\u00e1 promocionar al ciclo siguiente con el correspondiente programa de refuerzo en aprendizajes no adquiridos.<\/li>\n<li>Tenga suspensas tres \u00e1reas que no sean \u00e1reas instrumentales .En este caso la promoci\u00f3n se someter\u00e1 a criterio del Equipo Docente, pero nunca a final de sexto curso.<\/li>\n<\/ul>\n<p>Se tendr\u00e1 en cuenta a la hora de adoptar la decisi\u00f3n de promoci\u00f3n:<\/p>\n<p>1.- Conveniencia del desarraigo de su grupo a nivel afectivo y emocional.<\/p>\n<p>2.-Valoraci\u00f3n de la disposici\u00f3n positiva en el proceso ense\u00f1anza \/ aprendizaje por parte del alumnado.<\/p>\n<p>3.-Valoraci\u00f3n del grado de madurez para continuar con \u00e9xito en el ciclo siguiente.<\/p>\n<p>Cuando no se cumplan las condiciones se\u00f1aladas anteriormente, teniendo en cuenta, entre otros, los resultados de la evaluaci\u00f3n continua, as\u00ed como las evaluaciones individualizadas, el alumno o la alumna permanecer\u00e1&nbsp; un a\u00f1o m\u00e1s en la etapa. La repetici\u00f3n se considerar\u00e1 una medida de car\u00e1cter excepcional y se tomar\u00e1 tras haber agotado el resto de medidas ordinarias de refuerzo y apoyo para solventar las dificultades de aprendizaje del alumno o la alumna.<\/p>\n<p>Excepcionalmente, y s\u00f3lo en el caso de que los aprendizajes no alcanzados impidan al alumno o la alumna seguir con aprovechamiento el siguiente curso, la medida de repetici\u00f3n se adoptar\u00e1&nbsp; en el primer curso del ciclo en el que se encuentre.<\/p>\n<p>La permanencia de un a\u00f1o m\u00e1s en un mismo curso deber\u00e1 ir acompa\u00f1ada de un plan espec\u00edfico de refuerzo o de recuperaci\u00f3n y apoyo. El Centro organizar\u00e1 este plan de acuerdo con la normativa aplicable recogida en nuestro Plan de Atenci\u00f3n a la Diversidad.<\/p>\n<ol>\n<li>Respecto al alumnado con necesidades espec\u00edficas de apoyo educativo se contemplar\u00e1 la superaci\u00f3n de los objetivos reflejados en sus respectivas ACNS o ACS as\u00ed como los anteriores criterios de promoci\u00f3n. Se adoptar\u00e1n medidas de atenci\u00f3n a la diversidad en funci\u00f3n de los niveles de desempe\u00f1o de las competencias clave.<\/li>\n<\/ol>\n<p>De acuerdo con lo recogido en el art\u00edculo 18.3 del Decreto 97\/2015, de 3 de marzo, el Equipo Docente, asesorado por el equipo de orientaci\u00f3n educativa, o\u00eddos el padre, la madre o quienes ejerzan la tutela legal del alumnado, podr\u00e1 adoptar la decisi\u00f3n de que la escolarizaci\u00f3n del alumnado con necesidades educativas especiales con adaptaci\u00f3n curricular significativa pueda prolongarse un a\u00f1o m\u00e1s de lo establecido con car\u00e1cter general, siempre que ello favorezca el desarrollo de las competencias clave, su integraci\u00f3n socioeducativa y, en su caso, el tr\u00e1nsito a la etapa educativa siguiente.<\/p>\n<p>De acuerdo con lo establecido en el art\u00edculo 18.6 del Decreto 97\/2015, de 3 de marzo, la escolarizaci\u00f3n del alumnado con altas capacidades intelectuales podr\u00e1 flexibilizar de conformidad con la normativa vigente, de forma que pueda anticiparse su incorporaci\u00f3n a la etapa y\/o reducirse la duraci\u00f3n de la misma, cuando se prevea que dicha medida es lo m\u00e1s adecuado para el desarrollo de su equilibrio personal y su socializaci\u00f3n.<\/p>\n<p><strong>5.- <u>OTROS CRITERIOS COMUNES<\/u><\/strong><\/p>\n<ul>\n<li>Si en una prueba escrita alguien copia, o lo intenta, se le podr\u00e1 retirar y quedar suspenso en dicha prueba, si el profesorado afectado lo considera conveniente.<\/li>\n<li>Cuando un alumno o alumna a no realice una prueba escrita en una fecha previamente determinada, la repetici\u00f3n de \u00e9sta quedar\u00e1 a criterio de la profesora o profesor del \u00e1rea en concreto.<\/li>\n<li>La realizaci\u00f3n de controles o pruebas objetivas se ajustar\u00e1 al tiempo prefijado de antemano.<\/li>\n<\/ul>\n<p><strong>&nbsp;<\/strong><\/p>\n<table>\n<tbody>\n<tr>\n<td width=\"177\">Proyecto educativo<\/td>\n<td width=\"113\">Apartado f)<\/td>\n<td width=\"416\">La forma de atenci\u00f3n a la diversidad del alumnado.<\/td>\n<\/tr>\n<\/tbody>\n<\/table>\n<p><strong>Se adjunta al plan de atenci\u00f3n a la diversidad.<\/strong><\/p>\n<table>\n<tbody>\n<tr>\n<td width=\"177\">Proyecto educativo<\/td>\n<td width=\"123\">Apartado g)<\/td>\n<td width=\"407\">La organizaci\u00f3n de las actividades de refuerzo y recuperaci\u00f3n<strong>.<\/strong><\/td>\n<\/tr>\n<\/tbody>\n<\/table>\n<p><strong>Est\u00e1n&nbsp; recogidas en&nbsp; el plan de atenci\u00f3n a la diversidad <\/strong><\/p>\n<table>\n<tbody>\n<tr>\n<td width=\"707\">El plan de Atenci\u00f3n a la Diversidad<\/td>\n<\/tr>\n<\/tbody>\n<\/table>\n<p>&nbsp;<\/p>\n<ol>\n<li><strong> INTRODUCI\u00d3N<\/strong><\/li>\n<\/ol>\n<p><strong>&nbsp;&nbsp;&nbsp;&nbsp;&nbsp;&nbsp;&nbsp;&nbsp;&nbsp;&nbsp;&nbsp; <\/strong>La educaci\u00f3n constituye uno de los pilares b\u00e1sicos en el desarrollo del individuo. Por ello, en la b\u00fasqueda de una mejora en la calidad de la misma, dedicamos un continuo esfuerzo a incrementar las medidas de atenci\u00f3n al alumnado con necesidades espec\u00edficas de apoyo&nbsp; educativo. El conocimiento de \u00e9stas exigen una respuesta educativa que ayude a superar las dificultades y favorecer el desarrollo integral del alumnado.<\/p>\n<p>El Plan de atenci\u00f3n a la Diversidad de nuestro centro tiene como referencia legal la <strong>Orden de 25 de julio de 2008<\/strong>, por la que se regula la atenci\u00f3n a la diversidad del alumnado que cursa la educaci\u00f3n b\u00e1sica en los centros docentes p\u00fablicos de Andaluc\u00eda, y&nbsp; las <strong>Instrucciones de 8 de marzo de 2017<\/strong>, de la Direcci\u00f3n General de Participaci\u00f3n y Equidad por las que se actualiza el Protocolo de Detecci\u00f3n, Identificaci\u00f3n del Alumnado con Necesidades Espec\u00edficas y Organizaci\u00f3n de la Respuesta Educativa para el alumnado que cursa la educaci\u00f3n b\u00e1sica en los centros docentes p\u00fablicos de Andaluc\u00eda. El fin \u00faltimo de este Plan es asegurar los aprendizajes b\u00e1sicos que permitan al alumnado seguir con el aprovechamiento de las ense\u00f1anzas de educaci\u00f3n primaria.<\/p>\n<ol>\n<li><strong>CRITERIOS GENERALES DEL APOYO Y MEDIDAS ORGANIZATIVAS<\/strong><\/li>\n<\/ol>\n<p>&#8211; El centro dispondr\u00e1 las medidas de atenci\u00f3n a la diversidad, tanto organizativas como curriculares, que nos permitan una organizaci\u00f3n flexible de las ense\u00f1anzas y una atenci\u00f3n personalizada al alumnado en funci\u00f3n de sus necesidades.<\/p>\n<p>&#8211; Las medidas de atenci\u00f3n a la diversidad que se apliquen estar\u00e1n orientadas a responder a las necesidades educativas concretas del alumnado, a conseguir que alcance el m\u00e1ximo desarrollo posible de sus capacidades personales y a la adquisici\u00f3n de las competencias b\u00e1sicas y de los objetivos del curr\u00edculo establecidos.<\/p>\n<p>&#8211; Se establecer\u00e1n los mecanismos adecuados y las medidas de apoyo y refuerzo precisas que permitan detectar las dificultades de aprendizaje tan pronto como se produzcan y superar el retraso escolar que pudiera presentar el alumnado, asegurando la coordinaci\u00f3n de todos los miembros del equipo docente que atienda al alumno\/a.<\/p>\n<p>&#8211; Se prestar\u00e1 especial atenci\u00f3n a las estrategias de apoyo y refuerzo de las \u00e1reas o materias instrumentales de Lengua castellana y literatura y&nbsp; Matem\u00e1ticas.<\/p>\n<p>&#8211; El profesorado tendr\u00e1 en consideraci\u00f3n en las programaciones de los contenidos y de las actividades las diversas situaciones escolares y las caracter\u00edsticas espec\u00edficas del alumnado al que atiende.<\/p>\n<p>&#8211; La atenci\u00f3n al alumnado que presente necesidades espec\u00edficas de apoyo educativo se realizar\u00e1 ordinariamente dentro de su propio grupo. Cuando dicha atenci\u00f3n requiera un tiempo o espacio diferente, se har\u00e1 sin que suponga discriminaci\u00f3n o exclusi\u00f3n de dicho alumnado. En concreto, la organizaci\u00f3n acad\u00e9mica para la atenci\u00f3n a la diversidad comprender\u00e1 las siguientes medidas:<\/p>\n<ol>\n<li>a) Agrupamientos flexibles para la atenci\u00f3n al alumnado en un grupo espec\u00edfico. Esta medida, que tendr\u00e1 un car\u00e1cter temporal y abierto, deber\u00e1 facilitar la integraci\u00f3n del alumnado en su grupo ordinario.<\/li>\n<li>b) Desdoblamientos de grupos en las \u00e1reas y materias instrumentales, con la finalidad de reforzar su ense\u00f1anza.<\/li>\n<li>c) Apoyo en grupos ordinarios mediante un segundo profesor o profesora dentro del aula, preferentemente para reforzar los aprendizajes instrumentales.<\/li>\n<li>d) Modelo flexible de horario lectivo semanal, que se seguir\u00e1 para responder a las necesidades educativas concretas del alumnado.<\/li>\n<\/ol>\n<p>2.-&nbsp; <strong>DETECCI\u00d3N, IDENTIFICACI\u00d3N DEL ALUMNADO CON NEE Y ORGANIZACI\u00d3N DE LA RESPUESTA EDUCATIVA.<\/strong><\/p>\n<p>A.-<strong>PLAN DE DETECCI\u00d3N TEMPRANA<\/strong><\/p>\n<p>Siguiendo las Instrucciones del 8 de marzo de 2017, de la Direcci\u00f3n General de Participaci\u00f3n y Equidad, por la que se establece el protocolo de Detecci\u00f3n, Identificaci\u00f3n del alumnado con neae y Organizaci\u00f3n de la respuesta educativa, podemos decir que:<\/p>\n<p>La finalidad de este Plan es la prevenci\u00f3n y detecci\u00f3n temprana de indicios de neae en el alumnado de nuestro centro.<\/p>\n<p>Esos indicios son:<\/p>\n<ul>\n<li>Rendimiento inferior o superior al resto del alumnado de su grupo clase.<\/li>\n<li>Diferencia significativa con respecto a la media en cualquiera de los \u00e1mbitos del desarrollo o en el ritmo y\/o estilo de aprendizaje.<\/li>\n<li>Existencia de un contexto familiar poco favorecedor del desarrollo del alumnado.<\/li>\n<li>Que lo anterior no se explique por factores transitorios o coyunturales.<\/li>\n<\/ul>\n<p>B.-<strong>DESTINATARIOS<\/strong>.<\/p>\n<p>Los destinatarios de este Plan son el alumnado con indicios de NEAE.<\/p>\n<p>C.-<strong>DETECCI\u00d3N DEL ALUMNADO CON NEAE<\/strong><\/p>\n<p>La detecci\u00f3n&nbsp; de esos indicios se puede hacer en:<\/p>\n<p>1.- <strong>Contexto Educativo<\/strong>: Mediante:<\/p>\n<p>&#8211; Programas de tr\u00e1nsito.<\/p>\n<p>&#8211; Evaluaci\u00f3n inicial.<\/p>\n<p>&#8211; Evaluaciones trimestrales.<\/p>\n<p>&#8211; En cualquier otro momento.<\/p>\n<p>2.- <strong>Contexto Familiar<\/strong>: Mediante:<\/p>\n<p>&#8211; Entrevistas.<\/p>\n<p>&#8211; Pruebas m\u00e9dicas&nbsp; y \/ diagn\u00f3sticos y\/o informes externos al centro. Cuando la familia presente al tutor o tutora esta documentaci\u00f3n, le indicar\u00e1 que deber\u00e1 ser presentada en la secretaria del centro para su registro y posterior archivo y custodia en el expediente acad\u00e9mico del alumno o alumna por parte del centro.<\/p>\n<p>Una vez detectados los indicios, el procedimiento a seguir es el siguiente:<\/p>\n<ol>\n<li><strong>Reuni\u00f3n del equipo docente.<\/strong><\/li>\n<\/ol>\n<p>Una vez detectados indicios de NEAE en el alumno o alumna, el tutor o tutora reunir\u00e1 al equipo docente. A esta reuni\u00f3n deber\u00e1 asistir, al menos, una persona en representaci\u00f3n del equipo de orientaci\u00f3n del centro .En esta reuni\u00f3n se han de abordar los siguientes aspectos:<\/p>\n<ol>\n<li>a) <strong>An\u00e1lisis de los indicios de NEAE detectados<\/strong>. El equipo docente junto con la representaci\u00f3n del equipo de orientaci\u00f3n de centro analizar\u00e1n y valorar\u00e1n conjuntamente los indicios detectados. Se adoptan, en su caso, medidas<\/li>\n<li>b) <strong>Valoraci\u00f3n de la eficacia de las medidas que se vienen aplicando<\/strong>: Comprobaci\u00f3n de la efectividad de las medidas educativas que se aplican en el grupo clase con el alumno o alumna o, en el caso de no haber aplicado a\u00fan ninguna medida decidir estrategias de intervenci\u00f3n para atender a sus necesidades educativas.<\/li>\n<li>c) <strong>Toma de decisiones sobre la continuaci\u00f3n de las medidas aplicadas<\/strong> o medidas y estrategias a aplicar, si se constata que \u00e9stas no estaban siendo aplicadas o si su aplicaci\u00f3n resulta insuficiente tras la valoraci\u00f3n de su eficacia.<\/li>\n<li>d) <strong>Establecer un cronograma de seguimiento de las medidas adoptadas<\/strong>, que depender\u00e1 de las \u00e1reas implicadas, la etapa y la edad del alumno o alumna. Este cronograma deber\u00e1 contemplar una serie de indicadores y criterios de seguimiento que permitir\u00e1n la valoraci\u00f3n de la efectividad de las medidas y estrategias adoptadas, as\u00ed mismo se establecer\u00e1n plazos y fechas de reuniones para la realizaci\u00f3n de dicho seguimiento.<\/li>\n<\/ol>\n<p>Las consideraciones del equipo docente ser\u00e1n recogidas en un <strong>acta<\/strong> que elaborar\u00e1 el tutor o tutora, que incluir\u00e1 todos los aspectos tratados en la reuni\u00f3n y firmar\u00e1n todos los asistentes a la misma. Del contenido de esta reuni\u00f3n se dar\u00e1 traslado a la Jefatura de Estudios.<\/p>\n<ol start=\"2\">\n<li><strong>Reuni\u00f3n con la familia<\/strong>.<\/li>\n<\/ol>\n<p>Tras esta reuni\u00f3n el tutor o tutora mantendr\u00e1 una entrevista con la familia del alumno o alumna con objeto de informarles de las decisiones y acuerdos adoptados, as\u00ed como de las medidas y estrategias que se van a aplicar y el <strong>cronograma de seguimiento<\/strong>. As\u00ed mismo en esta entrevista tambi\u00e9n se establecer\u00e1n los mecanismos y actuaciones para la participaci\u00f3n de la familia.<\/p>\n<p>La aplicaci\u00f3n de esas medidas se har\u00e1 en un per\u00edodo no inferior a 3 meses. EXCEPCIONALMENTE, si se agravan las circunstancias que dieron lugar a la intervenci\u00f3n o si hay indicios evidentes de NEAE que requieren la aplicaci\u00f3n de atenci\u00f3n espec\u00edfica, ese tiempo se acortar\u00e1. Si transcurridos esos 3 meses, se evidencia que las medidas han sido insuficientes o no se aprecia mejora, se proceder\u00e1 a la solicitud de la realizaci\u00f3n de la <strong>evaluaci\u00f3n psicopedag\u00f3gica<\/strong>.<\/p>\n<p>D.-<strong>PROCEDIMIENTO DE SOLICITUD DE EVALUACI\u00d3N PSICOPEDAG\u00d3GICA:<\/strong><\/p>\n<p>1.-<strong>Se re\u00fane el equipo docente y un representante del Equipo de Orientaci\u00f3n del centro<\/strong>. El tutor cumplimentar\u00e1 el \u201cProtocolo de acceso a la valoraci\u00f3n psicopedag\u00f3gica\u201d y lo entrega en Jefatura de Estudios, que se reunir\u00e1 con el orientador\/a de referencia para aplicar los criterios de priorizaci\u00f3n. Esos criterios se establecen en el Equipo de Orientaci\u00f3n del centro y se aprueban en ETCP.<\/p>\n<p>Los <strong>criterios de priorizaci\u00f3n de las solicitudes<\/strong> de evaluaci\u00f3n psicopedag\u00f3gica ser\u00e1n los siguientes:<\/p>\n<ul>\n<li><strong>Naturaleza y gravedad<\/strong> de las necesidades detectadas. Tendr\u00e1 prioridad el alumnado escolarizado en el 1\u00ba y 2\u00ba curso de educaci\u00f3n primaria.<\/li>\n<li><strong>Existencia de valoraciones<\/strong> previas tanto educativas como de otras Administraciones.<\/li>\n<li><strong>Otros criterios<\/strong> que determine el Equipo de Orientaci\u00f3n de centro y aprobados en ETCP.<\/li>\n<\/ul>\n<p>2.-<strong>Toma de decisiones<\/strong>: Una vez aplicados los criterios de priorizaci\u00f3n, el o la profesional de la orientaci\u00f3n realizar\u00e1 un an\u00e1lisis de las intervenciones realizadas hasta el momento, as\u00ed como de las circunstancias que han motivado dicha solicitud.<\/p>\n<p>Tras la finalizaci\u00f3n de dicho an\u00e1lisis, el o la profesional de la orientaci\u00f3n:<\/p>\n<p>En caso que no se haya llevado a cabo de forma correcta y completa el procedimiento a seguir tras la detecci\u00f3n de indicios de NEAE, lo pondr\u00e1 en conocimiento de la Jefatura de Estudios para que se tomen las medidas oportunas.<\/p>\n<p>Podr\u00e1 concluir que el alumno o la alumna no precisa la realizaci\u00f3n de evaluaci\u00f3n psicopedag\u00f3gica. En este caso, elaborar\u00e1 un informe en el que se expondr\u00e1n las actuaciones realizadas que justifiquen la decisi\u00f3n de no realizar la evaluaci\u00f3n psicopedag\u00f3gica, as\u00ed como una propuesta de las medidas generales de atenci\u00f3n a la diversidad que conformar\u00e1n la respuesta educativa al alumno o alumna. Este informe se entregar\u00e1 al tutor o tutora para que coordine, junto con el equipo docente, la aplicaci\u00f3n de dichas medidas generales e informar\u00e1 a la familia de la decisi\u00f3n adoptada y de la respuesta educativa propuesta. El contenido de este informe, as\u00ed como la valoraci\u00f3n de la eficacia de las medidas generales aplicadas quedar\u00e1n reflejadas en el informe de final de curso, ciclo y\/o etapa.<\/p>\n<p>&nbsp;Si concluye que el alumno o la alumna presenta indicios de NEAE, requerir\u00e1 la realizaci\u00f3n de la correspondiente evaluaci\u00f3n psicopedag\u00f3gica. En tal caso, se actuar\u00e1 de acuerdo con el procedimiento preceptivo.<\/p>\n<p>3.-<strong>ORGANIZACI\u00d3N DE LA RESPUESTA EDUCATIVA PARA EL ALUMNADO CON INDICIOS DE NEAE.-<\/strong><\/p>\n<ol>\n<li><strong>A) ORGANIZACI\u00d3N DE LA RESPUESTA EDUCATIVA ORDINARIA.-<\/strong><\/li>\n<\/ol>\n<p>Para llevar a cabo la organizaci\u00f3n de la respuesta educativa del alumnado se llevar\u00e1n a cabo medidas de car\u00e1cter general, a trav\u00e9s de recursos personales y materiales generales, tales como:<\/p>\n<p><strong>&#8211;&nbsp;&nbsp;&nbsp;&nbsp;&nbsp;&nbsp;&nbsp;&nbsp;&nbsp;&nbsp; <\/strong>Programas preventivos.<\/p>\n<p>&#8211;&nbsp;&nbsp;&nbsp;&nbsp;&nbsp;&nbsp;&nbsp;&nbsp;&nbsp;&nbsp; Adecuaci\u00f3n de las programaciones did\u00e1cticas a las necesidades del alumnado.<\/p>\n<p>&#8211;&nbsp;&nbsp;&nbsp;&nbsp;&nbsp;&nbsp;&nbsp;&nbsp;&nbsp;&nbsp; Acciones personalizadas de seguimiento y acci\u00f3n tutorial.<\/p>\n<p>&#8211;&nbsp;&nbsp;&nbsp;&nbsp;&nbsp;&nbsp;&nbsp;&nbsp;&nbsp;&nbsp; Actividades de refuerzo.<\/p>\n<p>&#8211;&nbsp;&nbsp;&nbsp;&nbsp;&nbsp;&nbsp;&nbsp;&nbsp;&nbsp;&nbsp; Actividades de profundizaci\u00f3n.<\/p>\n<p>&#8211;&nbsp;&nbsp;&nbsp;&nbsp;&nbsp;&nbsp;&nbsp;&nbsp;&nbsp;&nbsp; Agrupamientos flexibles.<\/p>\n<p>&#8211;&nbsp;&nbsp;&nbsp;&nbsp;&nbsp;&nbsp;&nbsp;&nbsp;&nbsp;&nbsp; Desdoblamientos de grupos.<\/p>\n<p>&#8211;&nbsp;&nbsp;&nbsp;&nbsp;&nbsp;&nbsp;&nbsp;&nbsp;&nbsp;&nbsp; Programas de enriquecimiento.<\/p>\n<p>&#8211; &nbsp;&nbsp;&nbsp;&nbsp;&nbsp;&nbsp;&nbsp;&nbsp;&nbsp; Agrupamiento de diferentes asignaturas en \u00e1mbitos de conocimiento.<\/p>\n<p>&#8211;&nbsp;&nbsp;&nbsp;&nbsp;&nbsp;&nbsp;&nbsp;&nbsp;&nbsp;&nbsp; Apoyo de un 2\u00ba profesor\/a.<\/p>\n<p>&#8211;&nbsp;&nbsp;&nbsp;&nbsp;&nbsp;&nbsp;&nbsp;&nbsp;&nbsp;&nbsp; Repetici\u00f3n.<\/p>\n<p>&#8211;&nbsp;&nbsp;&nbsp;&nbsp;&nbsp;&nbsp;&nbsp;&nbsp;&nbsp;&nbsp; Programa de refuerzo de aprendizajes no adquiridos.<\/p>\n<p>&#8211;&nbsp;&nbsp;&nbsp;&nbsp;&nbsp;&nbsp;&nbsp;&nbsp;&nbsp;&nbsp; Cursar refuerzo del \u00e1rea de Lengua castellana y Literatura en lugar de la Segunda Lengua Extranjera para el alumnado que presente dificultades en la adquisici\u00f3n de la competencia en comunicaci\u00f3n ling\u00fc\u00edstica.<\/p>\n<p>En lo referente a la atenci\u00f3n educativa para cada alumno o alumna, se consideran medidas y programas generales de atenci\u00f3n a la diversidad, los siguientes:<\/p>\n<p>\u25aa <strong>Programas de refuerzo<\/strong> para la recuperaci\u00f3n de aprendizajes no adquiridos.<\/p>\n<p>\u25aa <strong>Planes espec\u00edficos personalizados<\/strong> para el alumnado que no promocione de curso.<\/p>\n<p>\u25aa La permanencia de un a\u00f1o m\u00e1s en el mismo curso, una vez agotadas el resto de medidas generales.<\/p>\n<p>Entre estas medidas tambi\u00e9n hay que tener en cuenta<\/p>\n<p>&#8211;&nbsp;&nbsp;&nbsp;&nbsp;&nbsp;&nbsp;&nbsp;&nbsp;&nbsp;&nbsp; La organizaci\u00f3n del espacio; colocar al alumnado cerca del profesorado, espacios correctamente iluminados, ubicaci\u00f3n accesible del material, pasillos lo m\u00e1s amplios posibles,\u2026<\/p>\n<p>&#8211;&nbsp;&nbsp;&nbsp;&nbsp;&nbsp;&nbsp;&nbsp;&nbsp;&nbsp;&nbsp; La organizaci\u00f3n del tiempo; flexibilidad horaria para permitir que las actividades se realicen a distintos ritmos.<\/p>\n<p>&#8211;&nbsp;&nbsp;&nbsp;&nbsp;&nbsp;&nbsp;&nbsp;&nbsp;&nbsp;&nbsp; La diversificaci\u00f3n de los procedimientos e instrumentos de evaluaci\u00f3n; uso de m\u00e9todos alternativos o complementarios de evaluaci\u00f3n a las pruebas escritas,&nbsp; adaptaci\u00f3n de las pruebas escritas, etc.<\/p>\n<p>El seguimiento de las medidas generales para el alumnado con indicios de neae se realizar\u00e1 en base al cronograma establecido en el Acta de Detecci\u00f3n y Seguimiento de Alumnado con Indicios&nbsp; de NEAE, en las reuniones de equipo docente.<\/p>\n<ol>\n<li><strong>B) ORGANIZACI\u00d3N DE LA RESPUESTA EDUCATIVA DIFERENTE A LA ORDINARIA<\/strong><\/li>\n<\/ol>\n<p>Cuando el alumnado con indicios de neae no ha obtenido resultados positivos o incluso ha empeorado con la aplicaci\u00f3n de las medidas de car\u00e1cter general, se llevar\u00e1 a cabo la aplicaci\u00f3n de medidas de car\u00e1cter espec\u00edfico, que pueden implicar o no recursos espec\u00edficos (tanto materiales como personales). Estas medidas pueden ser de car\u00e1cter educativo o de car\u00e1cter asistencial. Las que nuestro alumnado precisa en este momento son las educativas.<\/p>\n<p><strong>&#8211;&nbsp;&nbsp;&nbsp;&nbsp;&nbsp;&nbsp;&nbsp;&nbsp;&nbsp;&nbsp; Medidas espec\u00edficas de car\u00e1cter educativo: <\/strong>En la etapa de E. Primaria, que es en la que se encuentra nuestro alumnado, las medidas educativas con car\u00e1cter espec\u00edfico son:<\/p>\n<ul>\n<li>Adaptaci\u00f3n de acceso al curr\u00edculum.<\/li>\n<li>Adaptaci\u00f3n curricular no significativa.<\/li>\n<li>Adaptaci\u00f3n curricular&nbsp;<\/li>\n<li>Programas espec\u00edficos.<\/li>\n<li>Adaptaci\u00f3n curricular para alumnado con altas capacidades.<\/li>\n<li>Flexibilizaci\u00f3n.<\/li>\n<li>Permanencia extraordinaria.(S\u00f3lo nee)<\/li>\n<\/ul>\n<p>Haciendo un peque\u00f1o resumen podemos decir que:<\/p>\n<ol>\n<li><strong> de acceso al curr\u00edculum <\/strong><\/li>\n<\/ol>\n<ul>\n<li>Alumnado con NEE<\/li>\n<li>Propuesta por orientador\/a (dictamen)<\/li>\n<li>Aplicaci\u00f3n y seguimiento: profesorado de \u00e1rea.<\/li>\n<\/ul>\n<p><strong>A.C.&nbsp; no significativa&nbsp;&nbsp;&nbsp;&nbsp; <\/strong><\/p>\n<ul>\n<li>Alumnado con neae (desfase de 1 curso)&nbsp;<\/li>\n<li>Requiere Evaluaci\u00f3n Psicopedag\u00f3gica.<\/li>\n<li>El responsable de la elaboraci\u00f3n en S\u00e9neca: tutor, salvo el apartado \u201cpropuesta curricular\u201d, que la har\u00e1 el profesorado de \u00e1rea.<\/li>\n<li>Para 1 curso acad\u00e9mico. Cumplimentada y bloqueada antes del 1\u00ba trimestre.<\/li>\n<li>Seguimiento, al menos, trimestral para valorar eficacia y hacer modificaciones.<\/li>\n<li>Evaluaci\u00f3n, promoci\u00f3n y titulaci\u00f3n: Las mismas que para el resto del alumnado del curs<\/li>\n<\/ul>\n<p><strong>A.C. significativa&nbsp;&nbsp; <\/strong><\/p>\n<ul>\n<li>Alumnado con nee (desfase superior a 2 cursos)&nbsp;<\/li>\n<li>Propuesta por orientador\/a (dictamen)<\/li>\n<li>Requiere Evaluaci\u00f3n Psicopedag\u00f3gica<\/li>\n<li>El responsable de la elaboraci\u00f3n en S\u00e9neca: El maestro\/a de P.T con la colaboraci\u00f3n del profesorado de \u00e1rea y asesoramiento del EOE.<\/li>\n<li>La aplicaci\u00f3n: Profesorado de \u00e1rea con la colaboraci\u00f3n de PT y asesoramiento del EOE.<\/li>\n<li>Evaluaci\u00f3n: Se eval\u00faa su ACS por parte del profesorado de \u00e1rea y PT.<\/li>\n<li>Promoci\u00f3n y titulaci\u00f3n: Seg\u00fan determine su ACS.<\/li>\n<li>En E. Primaria para 2 cursos (en el resto 1 curso). Cumplimentada y bloqueada antes del 1\u00ba trimestre por maestro\/a PT.<\/li>\n<li>En S\u00e9neca, en el apartado que corresponda del expediente del alumnado tiene que constar que tiene ACS.<\/li>\n<\/ul>\n<p><strong>Programas espec\u00edficos: <\/strong>Son actuaciones que se planifican para favorecer el desarrollo de la atenci\u00f3n, memoria, inteligencia, metacognici\u00f3n, conciencia fonol\u00f3gica, autonom\u00eda personal,&nbsp; estimulaci\u00f3n y\/o rehabilitaci\u00f3n del lenguaje y la comunicaci\u00f3n,&nbsp; habilidades sociales, habilidades adaptativas, autocontrol, autoconcepto y autoestima, etc.<\/p>\n<ul>\n<li>Alumnado con neae<\/li>\n<li>Requiere Evaluaci\u00f3n Psicopedag\u00f3gica<\/li>\n<li>El responsable de la elaboraci\u00f3n y aplicaci\u00f3n: El maestro\/a T&nbsp; y A.L con la colaboraci\u00f3n del profesorado de \u00e1rea y asesoramiento del EOE.<\/li>\n<li>Para 1 curso acad\u00e9mico, pudiendo ser su duraci\u00f3n inferior, en funci\u00f3n de las neae del alumnado.<\/li>\n<li>Elaborado antes del 1\u00ba trimestre; se har\u00e1 un seguimiento trimestral para valorar eficacia y hacer modificaciones oportunas.<\/li>\n<\/ul>\n<p><strong>A.C. Individualizadas<\/strong><\/p>\n<ul>\n<li>Alumnado con NEE escolarizados en aulas o centros espec\u00edficos (modalidad C o D).<\/li>\n<\/ul>\n<p><strong>A.C. Para alumnado con altas capacidades&nbsp; <\/strong><\/p>\n<ul>\n<li>Flexibilizaci\u00f3n: Para alumnado con altas capacidades<\/li>\n<\/ul>\n<p>4.-<strong>PLANIFICACI\u00d3N DE LA ATENCI\u00d3N EDUCATIVA DIFERERENTE A LA ORDINARIA<\/strong><\/p>\n<p><strong>&#8211;&nbsp;&nbsp;&nbsp;&nbsp;&nbsp;&nbsp;&nbsp;&nbsp;&nbsp;&nbsp; A nivel de centro: <\/strong>En el Plan de Atenci\u00f3n a la Diversidad tiene que estar reflejado c\u00f3mo llevar a cabo la atenci\u00f3n diferente a la ordinaria para el alumnado NEAE. Equipo directivo y Equipo de Orientaci\u00f3n (papel de cada equipo en lo referente a la realizaci\u00f3n del Plan de Atenci\u00f3n a la Diversidad).<\/p>\n<p><strong>&#8211;&nbsp;&nbsp;&nbsp;&nbsp;&nbsp;&nbsp;&nbsp;&nbsp;&nbsp;&nbsp; A nivel de aula: <\/strong>El Equipo docente, coordinado por el tutor\/a, ser\u00e1 el encargado de la atenci\u00f3n al alumnado neae, para ello, el alumnado neae ser\u00e1 atendido preferentemente dentro de su grupo de referencia. Entre otras cosas, las programaciones deben ser flexibles y las instrucciones dan una propuesta de planificaci\u00f3n de la programaci\u00f3n, que es:<\/p>\n<p>&nbsp;<\/p>\n<table width=\"747\">\n<tbody>\n<tr>\n<td width=\"135\"><strong>Actividades<\/strong><\/p>\n<p><strong>comunes<\/strong><\/td>\n<td width=\"208\"><strong>Actividades<\/strong><\/p>\n<p><strong>de refuerzo o ampliaci\u00f3n<\/strong><\/td>\n<td width=\"255\"><strong>Actividades<\/strong><\/p>\n<p><strong>adaptadas<\/strong><\/td>\n<td width=\"148\"><strong>Actividades<\/strong><\/p>\n<p><strong>espec\u00edficas<\/strong><\/td>\n<\/tr>\n<tr>\n<td width=\"135\">&nbsp;<\/p>\n<p>Para todo el grupo<\/p>\n<p>&nbsp;<\/td>\n<td width=\"208\">&nbsp;<\/p>\n<p>Para cualquier alumno\/a<\/td>\n<td width=\"255\">&nbsp;<\/p>\n<p>Para alumnado NEAE con<\/p>\n<p>ACNS o ALTAS CAPACIDADES<\/p>\n<p>(desarrolladas por tutor\/a)<\/p>\n<p>&nbsp;<\/td>\n<td width=\"148\">&nbsp;<\/p>\n<p>Para alumnado neae<\/p>\n<p>con ACS<\/p>\n<p>(desarrolladas por<\/p>\n<p>PT\/AL en el aula<\/p>\n<p>ordinaria o en el aula<\/p>\n<p>de PT\/AL)<\/td>\n<\/tr>\n<\/tbody>\n<\/table>\n<p><strong>&nbsp;<\/strong><\/p>\n<p><strong>&nbsp;<\/strong><\/p>\n<p>5.-<strong>ATENCI\u00d3N EDUCATIVA DIFERENTE A LA ORDINARIA PARA CADA TIPO DE NEAE.<\/strong><\/p>\n<p>Alumnado con NEE: Este alumnado necesita tanto Medidas Espec\u00edficas Educativas, que pueden ser: AAC, ACNS, ACS, PE, Permanencia extraordinaria, como Medidas Espec\u00edficas Asistenciales (en el caso de nuestro alumnado actual no necesitan de estas medidas, aunque pueden ser subsidiarios) y Recursos Espec\u00edficos, personales (PT,AL, ONCE,\u2026) y materiales (material adaptado, barreras arquitect\u00f3nicas, ayudas para el desplazamiento,\u2026).<\/p>\n<p>Nuestro alumnado con NEE, est\u00e1 escolarizado en Modalidad B, es decir, grupo ordinario con apoyos en per\u00edodos variables, as\u00ed que la atenci\u00f3n espec\u00edfica de este alumnado consistir\u00e1 en la aplicaci\u00f3n de esas medidas Espec\u00edficas.<\/p>\n<p>La organizaci\u00f3n del trabajo con este alumnado requiere unos mecanismos de coordinaci\u00f3n&nbsp; que se har\u00e1n:<\/p>\n<p>&#8211;&nbsp;&nbsp;&nbsp;&nbsp;&nbsp;&nbsp;&nbsp;&nbsp;&nbsp;&nbsp; Al inicio de cada curso,&nbsp; se reunir\u00e1 el equipo docente y equipo de orientaci\u00f3n donde hay alumnos nee.<\/p>\n<p>&#8211;&nbsp;&nbsp;&nbsp;&nbsp;&nbsp;&nbsp;&nbsp;&nbsp;&nbsp;&nbsp; Reuniones peri\u00f3dicas de seguimiento del equipo docente.<\/p>\n<p>&#8211;&nbsp;&nbsp;&nbsp;&nbsp;&nbsp;&nbsp;&nbsp;&nbsp;&nbsp;&nbsp; En las sesiones de evaluaci\u00f3n.<\/p>\n<p>Adem\u00e1s el tutor\/a, informar\u00e1 a la familia y al alumno\/a.<\/p>\n<p><strong>Alumnado con DIA<\/strong>: Las Medidas Espec\u00edficas Educativas son: ACNS y PE.<\/p>\n<p>No son subsidiarios de Medidas Espec\u00edficas Asistenciales ni de Recursos Materiales Espec\u00edficos. La respuesta educativa se determina en su informe de evaluaci\u00f3n psicopedag\u00f3gica Requiere de los mismos mecanismos de coordinaci\u00f3n que con el alumnado con NEE.<\/p>\n<p>6.-<strong> PROGRAMAS Y ACTUACIONES<\/strong><\/p>\n<p>En funci\u00f3n de la diversidad del alumnado el centro podr\u00e1 desarrollar:<\/p>\n<p>6.1. <strong>Refuerzo de \u00e1reas o materias instrumentales b\u00e1sicas<\/strong>.<\/p>\n<ul>\n<li>Actividades motivadoras que buscan alternativas al programa curricular de las materias instrumentales. Entre \u00e9stas, se consideran actividades que favorezcan la expresi\u00f3n y comunicaci\u00f3n oral y escrita, as\u00ed como el dominio de la competencia matem\u00e1tica, a trav\u00e9s de la resoluci\u00f3n de problemas cotidianos.<\/li>\n<li>Dirigido a:<\/li>\n<\/ul>\n<ol>\n<li>a) El alumnado que no promociona de curso.<\/li>\n<li>b) El alumnado que aun promocionando de curso, no ha superado alguna de las \u00e1reas o materias instrumentales del curso anterior.<\/li>\n<li>c) Aquellos en quienes se detecten, en cualquier momento del ciclo o del curso, dificultades en las \u00e1reas o materias instrumentales<\/li>\n<\/ol>\n<ul>\n<li>El alumnado que supere los d\u00e9ficits de aprendizaje detectados abandonar\u00e1 el programa de forma inmediata.<\/li>\n<li>El profesorado que imparta los programas de refuerzo de \u00e1reas o materias instrumentales b\u00e1sicas realizar\u00e1 a lo largo del curso escolar el seguimiento de la evoluci\u00f3n de su alumnado e informar\u00e1 peri\u00f3dicamente de dicha evoluci\u00f3n a las familias. A tales efectos, y sin perjuicio de otras actuaciones, en las sesiones de evaluaci\u00f3n se acordar\u00e1 la informaci\u00f3n que sobre el proceso personal de aprendizaje seguido se transmitir\u00e1 al alumnado y sus familias.<\/li>\n<\/ul>\n<p>&nbsp;&nbsp;&nbsp;&nbsp;&nbsp;&nbsp;&nbsp;&nbsp;&nbsp;&nbsp;&nbsp; Del contenido de los programas&nbsp; se informar\u00e1 al alumnado y a sus padres y madres o tutores legales al comienzo del curso escolar o, en su caso, en el momento de incorporaci\u00f3n del alumnado a los mismos.<\/p>\n<p>6.2. <strong>Refuerzo para la recuperaci\u00f3n de los aprendizajes no adquiridos<\/strong>.<\/p>\n<p>&nbsp;&nbsp;&nbsp;&nbsp;&nbsp;&nbsp;&nbsp;&nbsp;&nbsp;&nbsp;&nbsp; El alumnado que promocione sin haber superado todas las \u00e1reas o materias seguir\u00e1 un programa de refuerzo destinado a la recuperaci\u00f3n de los aprendizajes no adquiridos y deber\u00e1 superar la evaluaci\u00f3n correspondiente a dicho programa.<\/p>\n<p>&nbsp;&nbsp;&nbsp;&nbsp;&nbsp;&nbsp;&nbsp;&nbsp;&nbsp;&nbsp;&nbsp; El programa incluir\u00e1&nbsp; actividades programadas para realizar el seguimiento, el asesoramiento y la atenci\u00f3n personalizada a este alumnado, as\u00ed como las estrategias y criterios de evaluaci\u00f3n.<\/p>\n<p>&nbsp;&nbsp;&nbsp;&nbsp;&nbsp;&nbsp;&nbsp;&nbsp;&nbsp;&nbsp;&nbsp; El profesorado responsable de estos programas ser\u00e1 el tutor o tutora, o los maestros y maestras especialistas.<\/p>\n<p>6.3. <strong>Programas de adaptaci\u00f3n curricular<\/strong>.<\/p>\n<p>Est\u00e1n dirigidos al alumnado que se encuentre en alguna de las situaciones siguientes:<\/p>\n<ol>\n<li>a) Alumnado con necesidades educativas especiales.<\/li>\n<li>b) Alumnado que se incorpora tard\u00edamente al sistema educativo.<\/li>\n<li>c) Alumnado con dificultades graves de aprendizaje.<\/li>\n<li>d) Alumnado con necesidades de compensaci\u00f3n educativa.<\/li>\n<li>e) Alumnado con altas capacidades intelectuales.<\/li>\n<\/ol>\n<p>La escolarizaci\u00f3n del alumnado que se incorpora tard\u00edamente al sistema educativo se realizar\u00e1 atendiendo a sus circunstancias, conocimientos, edad e historial acad\u00e9mico. Cuando presenten graves carencias en la lengua espa\u00f1ola, recibir\u00e1n una atenci\u00f3n espec\u00edfica que ser\u00e1, en todo caso, simult\u00e1nea a su escolarizaci\u00f3n en los grupos ordinarios, con los que compartir\u00e1n el mayor tiempo posible del horario semanal.<\/p>\n<p>Quienes presenten un desfase en su nivel de competencia curricular de m\u00e1s de un ciclo podr\u00e1n ser escolarizados, respectivamente, en un curso inferior o en uno o dos cursos inferiores al que les corresponder\u00eda por edad.<\/p>\n<p>Los programas de adaptaci\u00f3n curricular podr\u00e1n ser de tres tipos:<\/p>\n<p>1.- <strong>Adaptaciones curriculares no significativas (ACNS)<\/strong>:<\/p>\n<p>Cuando el desfase curricular con respecto al grupo de edad del alumnado es poco importante. Ir\u00e1n dirigidas al alumnado que presente desfase en su nivel de competencia curricular respecto del grupo en el que est\u00e1 escolarizado, por presentar dificultades graves de aprendizaje o de acceso al curr\u00edculo asociadas a discapacidad o trastornos graves de conducta, por encontrarse en situaci\u00f3n social desfavorecida o por haberse incorporado tard\u00edamente al sistema educativo. Afectar\u00e1 a los elementos del curr\u00edculo que se consideren necesarios, metodolog\u00eda y contenidos, pero sin modificar los objetivos de la etapa educativa ni los criterios de evaluaci\u00f3n. Ser\u00e1n propuestas y elaboradas por el equipo docente, bajo la coordinaci\u00f3n del profesor o profesora tutor y con el asesoramiento del equipo de orientaci\u00f3n. En dichas adaptaciones constar\u00e1n las \u00e1reas o materias en las que se va a aplicar, la metodolog\u00eda, la organizaci\u00f3n de los contenidos y la organizaci\u00f3n de tiempos y espacios.<\/p>\n<p>2.- <strong>Adaptaciones curriculares significativas (ACS)<\/strong>:<\/p>\n<p>Cuando el desfase curricular con respecto al grupo de edad del alumnado haga necesaria la modificaci\u00f3n de los elementos del curr\u00edculo, incluidos los objetivos de la etapa y los criterios de evaluaci\u00f3n. Las adaptaciones curriculares significativas ir\u00e1n dirigidas al alumnado con necesidades educativas especiales.<\/p>\n<p>Requerir\u00e1n una evaluaci\u00f3n psicopedag\u00f3gica previa, realizada por el \/la orientador\/a, con la colaboraci\u00f3n del profesorado que atiende al alumnado. El responsable de la elaboraci\u00f3n de las adaptaciones curriculares significativas ser\u00e1 el profesorado especialista en educaci\u00f3n especial, PT, con la colaboraci\u00f3n del profesorado del \u00e1rea o materia encargado de impartirla y contar\u00e1 con el asesoramiento del\/ la orientador\/a.<\/p>\n<p>Quedar\u00e1n recogidas en un documento, que estar\u00e1 disponible en la aplicaci\u00f3n inform\u00e1tica \u00abS\u00e9neca\u00bb.<\/p>\n<p>3.- <strong>Adaptaciones curriculares para el alumnado con altas capacidades intelectuales <\/strong>(ACAI).<\/p>\n<p>Las adaptaciones curriculares para el alumnado con altas capacidades&nbsp; contemplar\u00e1n medidas extraordinarias orientadas a ampliar y enriquecer los contenidos del curr\u00edculo ordinario y medidas excepcionales de flexibilizaci\u00f3n del per\u00edodo de escolarizaci\u00f3n.<\/p>\n<p>Dichas adaptaciones curriculares requieren una evaluaci\u00f3n psicopedag\u00f3gica previa, realizada por el Equipo de Orientaci\u00f3n de la zona.<\/p>\n<p>Las adaptaciones curriculares para el alumnado con altas capacidades intelectuales establecer\u00e1n una propuesta curricular por \u00e1reas o materias, en la que se recoja la ampliaci\u00f3n y enriquecimiento de los contenidos y las actividades espec\u00edficas de profundizaci\u00f3n.<\/p>\n<p>&nbsp;&nbsp;&nbsp;&nbsp;&nbsp;&nbsp;&nbsp;&nbsp;&nbsp;&nbsp;&nbsp; La elaboraci\u00f3n y aplicaci\u00f3n de las adaptaciones curriculares ser\u00e1 responsabilidad del profesor o profesora del \u00e1rea o materia correspondiente, con el asesoramiento del Equipo de Orientaci\u00f3n de la zona.<\/p>\n<p>La Consejer\u00eda competente en materia de educaci\u00f3n, a propuesta de la direcci\u00f3n del centro, previo tr\u00e1mite de audiencia al padre, madre o tutores legales, podr\u00e1 adoptar las siguientes medidas de flexibilizaci\u00f3n de la escolarizaci\u00f3n de este alumnado:<\/p>\n<ol>\n<li>a) Anticipaci\u00f3n en un a\u00f1o de la escolarizaci\u00f3n en el primer curso de la educaci\u00f3n primaria.<\/li>\n<li>b) Reducci\u00f3n de un a\u00f1o de permanencia en la educaci\u00f3n primaria.<\/li>\n<\/ol>\n<p>6.4. <strong>Actuaciones.<\/strong><\/p>\n<p>Una vez realizada la evaluaci\u00f3n inicial&nbsp; en el mes de septiembre cada tutor\/a decidir\u00e1 el alumnado necesitado de apoyo. El profesor tutor mantendr\u00e1 con el maestro\/a encargado del apoyo en su curso, una entrevista en la que se elaborar\u00e1 un plan de trabajo personalizado del alumnado afectado, teniendo en cuenta las directrices del EOE de la zona. En este sentido se elaborar\u00e1 un programa personalizado de refuerzo adaptado a las necesidades del alumnado, teniendo en cuenta el \u00e1rea, los objetivos a trabajados, contenidos, metodolog\u00eda, actividades tipo y criterios&nbsp; de evaluaci\u00f3n.<\/p>\n<p>Las actividades de apoyo se llevar\u00e1n a cabo de modo flexible, de manera que cuando no sea necesario que el alumnado salga del aula por estar desarroll\u00e1ndose actividades que pueda seguir, el maestro\/a de apoyo (siempre de acuerdo con el profesor de aula) se integrar\u00e1 en el trabajo dentro de la clase aportando su apoyo al alumnado que sea objeto del mismo. Por otra parte, cuando en clase se realicen actividades que el alumno\/a, por sus circunstancias individuales de desfase no pueda seguir, los maestros\/as decidir\u00e1n la actuaci\u00f3n fuera del aula.<\/p>\n<p>El maestro\/a de apoyo realizar\u00e1 un seguimiento personalizado de cada uno de los alumnos en el que se incluir\u00e1n los siguientes datos: nombre y apellidos, edad, curso escolar, tutor, maestro de apoyo, n\u00famero de sesiones, materias, etc.<\/p>\n<p>Al finalizar cada curso escolar el maestro\/a de apoyo realizar\u00e1 un informe individualizado del alumno donde recoger\u00e1 los avances producidos y las incidencias a lo largo del curso, as\u00ed como el n\u00famero de sesiones realizadas.<\/p>\n<ol start=\"7\">\n<li><strong>PROGRAMA DE REFUERZO DE \u00c1REAS O MATERIAS INSTRUMENTALES B\u00c1SICAS<\/strong>.<\/li>\n<\/ol>\n<p>7.1. &nbsp;<strong>Apoyos educativos: recursos humanos<\/strong><\/p>\n<p>Los apoyos educativos se determinar\u00e1n una vez concluida la evaluaci\u00f3n inicial del alumnado. En ETCP, cada coordinador\/a de ciclo propondr\u00e1 al alumnado que va ser objeto de dichos apoyos una vez recabada la informaci\u00f3n pertinente del profesorado tutor. Asimismo, se determinar\u00e1 el alumnado propuesto para formar parte del PROA.<\/p>\n<p>El\/la profesor\/a designado\/a para llevar a cabo el PRORE atender\u00e1 al alumnado con dificultades de aprendizaje y ejecutar\u00e1 el programa de refuerzo establecido para cada alumno\/a. Cada tutor\/a elegir\u00e1 al alumnado que va a ser atendido por este\/a profesor\/a en funci\u00f3n de las necesidades de la tutor\u00eda. Asimismo, podr\u00e1 atender a grupos flexibles que se formen en las distintas unidades en funci\u00f3n de las necesidades de atenci\u00f3n a la diversidad de cada curso escolar. Cumplimentar\u00e1 el correspondiente registro de atenci\u00f3n del alumnado proporcionado por la Jefatura de Estudios conforme a anexo IV.&nbsp; &nbsp; &nbsp; &nbsp;<\/p>\n<p>La Jefatura de Estudios tendr\u00e1 en cuenta los siguientes criterios a la hora de confeccionar los distintos horarios de apoyo y refuerzo.<\/p>\n<ol>\n<li>a) Nivel de dificultad de aprendizaje que presenta el alumnado.<\/li>\n<li>b) Primar\u00e1 la atenci\u00f3n del alumnado de primer ciclo.<\/li>\n<li>c) Se tratar\u00e1, si es posible, la equidad en el reparto de los distintos apoyos entre las diversas tutor\u00edas.<\/li>\n<li>d) Se formar\u00e1n grupos flexibles cuando las necesidades de una tutor\u00eda as\u00ed lo aconsejen.<\/li>\n<\/ol>\n<table width=\"640\">\n<tbody>\n<tr>\n<td colspan=\"4\" width=\"640\"><strong>ALUMNADO ATENDIDO POR PROFESORADO PRORE<\/strong><\/td>\n<\/tr>\n<tr>\n<td rowspan=\"2\" width=\"111\">&nbsp;<\/p>\n<p>D\u00cdAS<\/td>\n<td colspan=\"3\" width=\"529\"><strong>TRAMOS HORARIOS<\/strong><\/td>\n<\/tr>\n<tr>\n<td width=\"189\"><strong>9:00 \u2013 10:00<\/strong><\/td>\n<td width=\"178\"><strong>10:00 \u2013 11:00<\/strong><\/td>\n<td width=\"162\"><strong>11:00 \u2013 11:45<\/strong><\/td>\n<\/tr>\n<tr>\n<td width=\"111\">Lunes<\/td>\n<td width=\"189\">&nbsp;<\/td>\n<td width=\"178\">&nbsp;<\/td>\n<td width=\"162\">&nbsp;<\/td>\n<\/tr>\n<tr>\n<td width=\"111\">Martes<\/td>\n<td width=\"189\">&nbsp;<\/td>\n<td width=\"178\">&nbsp;<\/td>\n<td width=\"162\">&nbsp;<\/td>\n<\/tr>\n<tr>\n<td width=\"111\">Mi\u00e9rcoles<\/td>\n<td width=\"189\">&nbsp;<\/td>\n<td width=\"178\">&nbsp;<\/td>\n<td width=\"162\">&nbsp;<\/td>\n<\/tr>\n<tr>\n<td width=\"111\">Jueves<\/td>\n<td width=\"189\">&nbsp;<\/td>\n<td width=\"178\">&nbsp;<\/td>\n<td width=\"162\">&nbsp;<\/td>\n<\/tr>\n<tr>\n<td width=\"111\">Viernes<\/td>\n<td width=\"189\">&nbsp;<\/td>\n<td width=\"178\">&nbsp;<\/td>\n<td width=\"162\">&nbsp;<\/td>\n<\/tr>\n<tr>\n<td width=\"111\">&nbsp;<\/td>\n<td width=\"189\"><strong>11:45 \u2013 12:15<\/strong><\/td>\n<td width=\"178\"><strong>12:15 \u2013 13:15<\/strong><\/td>\n<td width=\"162\"><strong>13:15 \u2013 14:00<\/strong><\/td>\n<\/tr>\n<tr>\n<td width=\"111\">Lunes<\/td>\n<td rowspan=\"5\" width=\"189\"><strong>&nbsp;<\/strong><\/p>\n<p><strong>&nbsp;<\/strong><\/p>\n<p><strong>RECREO<\/strong><\/td>\n<td width=\"178\"><strong>&nbsp;<\/strong><\/td>\n<td width=\"162\"><strong>&nbsp;<\/strong><\/td>\n<\/tr>\n<tr>\n<td width=\"111\">Martes<\/td>\n<td width=\"178\"><strong>&nbsp;<\/strong><\/td>\n<td width=\"162\"><strong>&nbsp;<\/strong><\/td>\n<\/tr>\n<tr>\n<td width=\"111\">Mi\u00e9rcoles<\/td>\n<td width=\"178\"><strong>&nbsp;<\/strong><\/td>\n<td width=\"162\"><strong>&nbsp;<\/strong><\/td>\n<\/tr>\n<tr>\n<td width=\"111\">Jueves<\/td>\n<td width=\"178\"><strong>&nbsp;<\/strong><\/td>\n<td width=\"162\"><strong>&nbsp;<\/strong><\/td>\n<\/tr>\n<tr>\n<td width=\"111\">Viernes<\/td>\n<td width=\"178\"><strong>&nbsp;<\/strong><\/td>\n<td width=\"162\"><strong>&nbsp;<\/strong><\/td>\n<\/tr>\n<\/tbody>\n<\/table>\n<p>&nbsp;<\/p>\n<p>En el caso de que en el centro no haya cupo para liberar a un\/a profesor\/a para realizar las labores de apoyo educativo destinando las 25 horas lectivas, las mismas ser\u00e1n cubiertas como m\u00e1ximo por tres profesores\/as.<\/p>\n<p>De igual modo, el profesorado tutor realizar\u00e1 labores de apoyo educativo cuando en su tutor\u00eda desarrolle su docencia el profesorado especialista. En funci\u00f3n de las disponibilidades horarias de este profesorado la Jefatura de Estudios elaborar\u00e1 un cuadrante donde figuren todos los apoyos desarrollados por el mismo.<\/p>\n<p>Cada profesor\/a cumplimentar\u00e1 el correspondiente registro de atenci\u00f3n del alumnado proporcionado por la Jefatura de Estudios conforme a anexo V.<\/p>\n<table width=\"640\">\n<tbody>\n<tr>\n<td colspan=\"4\" width=\"640\"><strong>APOYO EDUCATIVO PROFESORADO TUTOR<\/strong><\/td>\n<\/tr>\n<tr>\n<td rowspan=\"2\" width=\"111\">&nbsp;<\/p>\n<p>D\u00cdAS<\/td>\n<td colspan=\"3\" width=\"529\"><strong>TRAMOS HORARIOS<\/strong><\/td>\n<\/tr>\n<tr>\n<td width=\"189\"><strong>9:00 \u2013 10:00<\/strong><\/td>\n<td width=\"178\"><strong>10:00 \u2013 11:00<\/strong><\/td>\n<td width=\"162\"><strong>11:00 \u2013 11:45<\/strong><\/td>\n<\/tr>\n<tr>\n<td width=\"111\">Lunes<\/td>\n<td width=\"189\">&nbsp;<\/td>\n<td width=\"178\">&nbsp;<\/td>\n<td width=\"162\">&nbsp;<\/td>\n<\/tr>\n<tr>\n<td width=\"111\">Martes<\/td>\n<td width=\"189\">&nbsp;<\/td>\n<td width=\"178\">&nbsp;<\/td>\n<td width=\"162\">&nbsp;<\/td>\n<\/tr>\n<tr>\n<td width=\"111\">Mi\u00e9rcoles<\/td>\n<td width=\"189\">&nbsp;<\/td>\n<td width=\"178\">&nbsp;<\/td>\n<td width=\"162\">&nbsp;<\/td>\n<\/tr>\n<tr>\n<td width=\"111\">Jueves<\/td>\n<td width=\"189\">&nbsp;<\/td>\n<td width=\"178\">&nbsp;<\/td>\n<td width=\"162\">&nbsp;<\/td>\n<\/tr>\n<tr>\n<td width=\"111\">Viernes<\/td>\n<td width=\"189\">&nbsp;<\/td>\n<td width=\"178\">&nbsp;<\/td>\n<td width=\"162\">&nbsp;<\/td>\n<\/tr>\n<tr>\n<td width=\"111\">&nbsp;<\/td>\n<td width=\"189\"><strong>11:45 \u2013 12:15<\/strong><\/td>\n<td width=\"178\"><strong>12:15 \u2013 13:15<\/strong><\/td>\n<td width=\"162\"><strong>13:15 \u2013 14:00<\/strong><\/td>\n<\/tr>\n<tr>\n<td width=\"111\">Lunes<\/td>\n<td rowspan=\"5\" width=\"189\"><strong>&nbsp;<\/strong><\/p>\n<p><strong>&nbsp;<\/strong><\/p>\n<p><strong>RECREO<\/strong><\/td>\n<td width=\"178\"><strong>&nbsp;<\/strong><\/td>\n<td width=\"162\"><strong>&nbsp;<\/strong><\/td>\n<\/tr>\n<tr>\n<td width=\"111\">Martes<\/td>\n<td width=\"178\"><strong>&nbsp;<\/strong><\/td>\n<td width=\"162\"><strong>&nbsp;<\/strong><\/td>\n<\/tr>\n<tr>\n<td width=\"111\">Mi\u00e9rcoles<\/td>\n<td width=\"178\"><strong>&nbsp;<\/strong><\/td>\n<td width=\"162\"><strong>&nbsp;<\/strong><\/td>\n<\/tr>\n<tr>\n<td width=\"111\">Jueves<\/td>\n<td width=\"178\"><strong>&nbsp;<\/strong><\/td>\n<td width=\"162\"><strong>&nbsp;<\/strong><\/td>\n<\/tr>\n<tr>\n<td width=\"111\">Viernes<\/td>\n<td width=\"178\"><strong>&nbsp;<\/strong><\/td>\n<td width=\"162\"><strong>&nbsp;<\/strong><\/td>\n<\/tr>\n<\/tbody>\n<\/table>\n<p>&nbsp;<\/p>\n<p>7.2 &nbsp;<strong>Recursos materiales<\/strong>.<\/p>\n<ol>\n<li>a) <strong>Espacios<\/strong><\/li>\n<\/ol>\n<p>&nbsp;&nbsp;&nbsp;&nbsp;&nbsp;&nbsp;&nbsp;&nbsp;&nbsp;&nbsp;&nbsp; El apoyo educativo al alumnado se llevar\u00e1 a cabo ordinariamente en su grupo. Cuando las circunstancias aconsejen una intervenci\u00f3n m\u00e1s espec\u00edfica, se llevar\u00e1 acabo fuera del aula, en los espacios disponibles.<\/p>\n<ol>\n<li>b) <strong>Documentos y herramientas<\/strong>.<\/li>\n<\/ol>\n<p>1.-<strong> Plan de Atenci\u00f3n a la Diversidad<\/strong>. El primer documento para organizar los refuerzos ser\u00e1 este Plan, en el cual se detalla el alumnado al que van dirigidos y dem\u00e1s estrategias de intervenci\u00f3n.<\/p>\n<p>2.-<strong>Programaci\u00f3n de aula<\/strong>. Al programar cada una de las Unidades Did\u00e1cticas de Lengua, Ingl\u00e9s y Matem\u00e1ticas, se prever\u00e1n las actividades de refuerzo al alumnado correspondiente y otras medidas a tener en cuenta.<\/p>\n<p>3.-<strong>Programaci\u00f3n diaria<\/strong>. En el plan de trabajo diario, el profesorado responsable del apoyo dejar\u00e1 constancia de las actividades concretas con cada alumno\/a (tanto las previstas como aquellas que resulten de las modificaciones hechas en la programaci\u00f3n como adaptaci\u00f3n a la realidad diaria). Adem\u00e1s, se llevar\u00e1 un diario de clase, en el cual se anotar\u00e1n los aspectos y circunstancias relevantes del alumnado.<\/p>\n<p>4.-<strong>Fichas de seguimiento para el control de contenidos<\/strong>. Para cada alumno\/a se habr\u00e1 establecido el nivel de competencia que tenga en las instrumentales, referido a objetivos m\u00ednimos. A partir de ah\u00ed, se llevar\u00e1 un seguimiento para reflejar los logros que vaya adquiriendo. Cuando se considere que ha superado su programa individualizado, dejar\u00e1 de recibir apoyo.<\/p>\n<p>5.-<strong>Materiales y recursos<\/strong>. Con el alumnado de refuerzo se utilizar\u00e1 material adecuado (manipulativo, bibliogr\u00e1fico, audiovisual, etc) que contribuya a un mejor tratamiento de los contenidos, lo cual se prever\u00e1 en su plan de trabajo diario.<\/p>\n<p>&nbsp;<\/p>\n<p>7.3. <strong>Programas concretos y alumnado al que se dirige<\/strong>.<\/p>\n<p><strong>Anexo I.&nbsp; PROGRAMA DE RECUPERACI\u00d3N DE APRENDIZAJES NO ADQUIRIDOS<\/strong><\/p>\n<p>Dirigido al alumnado que promocione sin haber superado todas las \u00e1reas o materias seguir\u00e1 un programa de refuerzo destinado a la recuperaci\u00f3n de los aprendizajes no adquiridos y deber\u00e1 superar la evaluaci\u00f3n correspondiente a dicho programa.<\/p>\n<p>&nbsp;Los programas de refuerzo para la recuperaci\u00f3n de los aprendizajes no adquiridos incluir\u00e1n el conjunto de actividades programadas para realizar el seguimiento, el asesoramiento y la atenci\u00f3n personalizada al alumnado con \u00e1reas o materias pendientes de cursos anteriores, as\u00ed como las estrategias y criterios de evaluaci\u00f3n.<\/p>\n<p>Los responsables de estos procesos de recuperaci\u00f3n ser\u00e1n los maestros\/as tutores\/as o los especialistas de las distintas \u00e1reas. Las actuaciones se realizar\u00e1n en la propia clase.<\/p>\n<p>Como criterio general, estos aprendizajes estar\u00e1n integrados en la programaci\u00f3n de la misma \u00e1rea del curso actual, de manera que unos contenidos y otros est\u00e9n interrelacionados, para que no supongan una aglomeraci\u00f3n innecesaria y sean tratados de forma equilibrada.<\/p>\n<p>La metodolog\u00eda ser\u00e1 eminentemente pr\u00e1ctica, buscando siempre que el alumnado adquiera las competencias correspondientes, utilizando los materiales y recursos a nuestro alcance, especialmente las TIC.<\/p>\n<p>La evaluaci\u00f3n ser\u00e1 continua, en paralelo con la del \u00e1rea del curso actual, dejando constancia de los avances en las fichas de seguimiento de clase.<\/p>\n<p>&nbsp;<\/p>\n<p><strong>Anexo&nbsp; II. PROGRAMA DE REFUERZO EN APRENDIZAJES NO ADQUIRIDOS<\/strong><\/p>\n<p>&nbsp;&nbsp;&nbsp; &nbsp;&nbsp;&nbsp;&nbsp;&nbsp;&nbsp;&nbsp; Este programa va dirigido para el alumnado que tiene alg\u00fan \u00e1rea pendiente o permanece un a\u00f1o m\u00e1s en el mismo nivel.<\/p>\n<p>&nbsp;<\/p>\n<p><strong>Anexo III. PLAN ESPEC\u00cdFICO PERSONALIZADO. <\/strong><\/p>\n<p>&nbsp;&nbsp;&nbsp;&nbsp;&nbsp; &nbsp;&nbsp;&nbsp;&nbsp;&nbsp; &nbsp;Dirigido al alumnado repetidor. Se le aplicar\u00e1 el programa de refuerzo conforme al anexo I<\/p>\n<p>&nbsp;<\/p>\n<p>8.- <strong>CRITERIOS PARA EL ESTABLECIMIENTO DE COMPROMISOS EDUCATIVOS CON LAS FAMILIAS<\/strong><\/p>\n<ul>\n<li><strong>COMPROMISOS EDUCATIVOS<\/strong><\/li>\n<\/ul>\n<p>En virtud de lo establecido en el art\u00edculo 121.5 de la Ley Org\u00e1nica 2\/2006, de 3 de mayo, de Educaci\u00f3n (LOE), modificada por la Ley Org\u00e1nica 8\/2013, de 9 de diciembre, para la mejora de la calidad educativa (LOMCE), en el art\u00edculo 31 de la Ley 17\/2007, de 10 de diciembre, de Educaci\u00f3n de Andaluc\u00eda (LEA), en el art\u00edculo 21.3.i del Decreto 328\/ 2010, de 13 de julio, por el que se aprueba el Reglamento Org\u00e1nico de las escuelas infantiles de segundo grado, de los colegios de educaci\u00f3n primaria, de los colegios de educaci\u00f3n infantil y primaria, y de los centros p\u00fablicos espec\u00edficos de educaci\u00f3n especial, as\u00ed como en el Cap\u00edtulo III, art\u00edculo 15.2.h y art\u00edculo 18 de la Orden de 20 de junio de 2011, por la que se adoptan medidas para la promoci\u00f3n de la convivencia en los centros docentes sostenidos con fondos p\u00fablicos y se regula el derecho de las familias a participar en el proceso educativo de sus hijos e hijas, desde el centro se llevar\u00e1n a cabo compromisos educativos con los alumnos\/as y sus familias, con el objetivo de incidir positivamente en el proceso educativo del alumnado. Todas las familias tienen derecho a suscribir estos compromisos con el centro, y podr\u00e1 hacerse siempre que se considere oportuno, no obstante, se prestar\u00e1 especial atenci\u00f3n a la hora de ponerlos en marcha cuando el alumnado tenga tres o m\u00e1s \u00e1reas no superadas tras la primera y segunda evaluaci\u00f3n, as\u00ed como cuando el alumnado presente dificultades de aprendizaje, y se pretenda estimular y apoyar su proceso educativo y estrechar la colaboraci\u00f3n de sus familias con el profesorado que lo atiende.<\/p>\n<p>Si se acordase la firma de un compromiso educativo se har\u00e1 conforme al anexo VI<\/p>\n<p>&nbsp;<\/p>\n<ol start=\"9\">\n<li><strong> PLAN DE LAS UNIDADES DE APOYO A LA INTEGRACI\u00d3N.<\/strong><strong>&nbsp;<\/strong><\/li>\n<\/ol>\n<p><strong>BLOQUE 1: PLAN DE APOYO DE PEDAGOG\u00cdA TERAP\u00c9UTICA.<\/strong><strong>&nbsp;<\/strong><\/p>\n<ol>\n<li><strong> INTRODUCCI\u00d3N.<\/strong><strong>&nbsp;<\/strong><\/li>\n<\/ol>\n<p>Con el Plan de Apoyo de Pedagog\u00eda Terap\u00e9utica, se pretende dar respuesta, a las necesidades tanto temporales como permanentes de nuestros alumnos y&nbsp; alumnas.&nbsp;&nbsp;<\/p>\n<p>La actuaci\u00f3n va a depender fundamentalmente de la Programaci\u00f3n de Aula, que va a ser el referente m\u00e1s cercano para la elaboraci\u00f3n de las adaptaciones curriculares no significativas que requieren nuestros alumnos&nbsp; y que,&nbsp; nos va ayudar a configurar nuestro modelo de intervenci\u00f3n con el alumnado con &nbsp;necesidad espec\u00edfica de apoyo educativo.<\/p>\n<p>&nbsp;<\/p>\n<ol>\n<li><strong>ORGANIZACI\u00d3N DEL APOYO.<\/strong><\/li>\n<\/ol>\n<p>A la hora de organizar el apoyo es necesario tener en cuenta las <strong>CARACTER\u00cdSTICAS Y PERFILES DEL ALUMNADO CON NECESIDAD ESPEC\u00cdFICA DE&nbsp; APOYO EDUCATIVO<\/strong>. Distinguimos:<\/p>\n<ol>\n<li>A) Alumnado que precisa de Adaptaciones curriculares no significativas, seg\u00fan su Informe de Evaluaci\u00f3n Psicopedag\u00f3gica realizado por E.O.E.<\/li>\n<li>B) Alumnado que precisa de Adaptaciones curriculares no significativas, seg\u00fan su Informe de Compensaci\u00f3n Educativa.<\/li>\n<li><strong>C)<\/strong> Alumnado que precisa de Adaptaciones curriculares significativas, seg\u00fan su Informe de Evaluaci\u00f3n Psicopedag\u00f3gica realizado por E.O.E.<\/li>\n<\/ol>\n<p>III.- <strong>MODALIDADES DEL APOYO<\/strong><strong>&nbsp;<\/strong><\/p>\n<ol>\n<li><strong> A) APOYO DIRECTO<\/strong><strong>&nbsp;<\/strong><\/li>\n<\/ol>\n<p>&nbsp;&nbsp; En la intervenci\u00f3n con los alumnos\/as&nbsp; podemos distinguir las siguientes modalidades de apoyo:&nbsp;&nbsp;<\/p>\n<p>&nbsp;En primer lugar, resaltar que el alumnado va a recibir apoyo en las \u00e1reas instrumentales. Se tendr\u00e1&nbsp; en cuenta que estos alumnos\/as van a precisar una Adaptaci\u00f3n Curricular No Significativa, en estas \u00e1reas, sin que exista un ciclo de desfase curricular y que&nbsp; necesitan priorizar los contenidos curriculares del nivel o ciclo en el que est\u00e1n escolarizados. Podemos distinguir las siguientes modalidades de intervenci\u00f3n.<\/p>\n<ul>\n<li><strong>Dentro o Fuera del aula ordinaria<\/strong>.<\/li>\n<\/ul>\n<p>La atenci\u00f3n educativa&nbsp; se realizar\u00e1 preferentemente dentro del grupo clase por el profesorado especialista en educaci\u00f3n especial, PT, cuando la organizaci\u00f3n del centro lo permita. Se llevar\u00e1 a cabo fuera del aula s\u00f3lo aquellos PE o aspectos relacionados con la ACS&nbsp; que necesiten de una especializaci\u00f3n y de un entorno de trabajo y\/o recursos que permitan desarrollar los objetivos planteados en dichos programas y\/o adaptaciones. En estos casos, preservando siempre el principio de inclusi\u00f3n social y afectiva, hay que procurar que el n\u00famero de sesiones que recibe un alumno o alumna fuera de su grupo clase no suponga una p\u00e9rdida de la referencia de su grupo ordinario tal y como establece la modalidad en la que se escolariza.<\/p>\n<ul>\n<li><strong>Individual o en Peque\u00f1o grupo<\/strong>.<\/li>\n<\/ul>\n<p>Los agrupamientos se realizar\u00e1n teniendo en cuenta que el alumnado tenga un nivel de competencia curricular similar, y as\u00ed rentabilizar el trabajo del\/la maestro\/a de apoyo a la integraci\u00f3n. Esto permite poder realizar actividades tanto individuales como en peque\u00f1o grupo.<\/p>\n<ol>\n<li>B) <strong>APOYO INDIRECTO.<\/strong><\/li>\n<\/ol>\n<p>&nbsp;&nbsp;&nbsp;&nbsp; Hay que resaltar la importancia de este apoyo. Considerado como todas aquellas ayudas y orientaciones que el\/la maestro\/a de PT, como especialista aporta al maestro\/a tutor\/a, al claustro o a las familias, en lo que respecta a la actuaci\u00f3n en el aula o en lugares comunes ( recreos, excursiones,&#8230;) o en casa, &nbsp;con el alumnado con necesidad espec\u00edfica de apoyo educativo, y en general con todo el alumnado, a veces para prevenir algunas dificultades de aprendizaje.<\/p>\n<p>IV.-<strong>HORARIO<\/strong><\/p>\n<p>La configuraci\u00f3n del horario como recurso del centro y apoyo a los alumnos\/as con necesidad espec\u00edfica de apoyo educativo, se basa en los siguientes criterios:<\/p>\n<ul>\n<li>S\u00f3lo se har\u00e1n apoyos fuera del aula de referencia en aquellos casos en que sea totalmente imprescindible, por la especificidad de la intervenci\u00f3n.<\/li>\n<li>Que tenga en cuenta la compatibilidad de los horarios de las aulas en las que se encuentran escolarizados , as\u00ed como con el de los especialistas.<\/li>\n<li>Tener en cuenta no sacar del aula en las actividades m\u00e1s integradoras y sacarlos en aquellas que menos afecten a su socializaci\u00f3n, haciendo coincidir las salidas del alumnado en las horas de Lengua Castellana y Matem\u00e1ticas, siempre que sea posible.<\/li>\n<li>Que los apoyos se establezcan en relaci\u00f3n al n\u00famero de alumnos\/as que hay que atender y a sus necesidades, prioritariamente en las \u00e1reas instrumentales.<\/li>\n<li>Que ofrezcan una atenci\u00f3n individualizada, en funci\u00f3n de las necesidades de cada alumno.&nbsp; &nbsp; &nbsp; &nbsp; &nbsp;&nbsp;<\/li>\n<\/ul>\n<p>El horario ser\u00e1 flexible, variar\u00e1 en funci\u00f3n de determinadas circunstancias: incorporaci\u00f3n de nuevos alumnos\/as, alumnado que ya no necesita el apoyo a lo largo del curso,\u2026<\/p>\n<p>V.- <strong>AGRUPAMIENTOS<\/strong><\/p>\n<p>Los agrupamientos se realizan en funci\u00f3n del nivel de competencia curricular, edad cronol\u00f3gica, estilos de aprendizaje y motivaci\u00f3n afines, necesidades educativas especiales similares y ayudas que precisan. Otros aspectos&nbsp; que se han tenido en cuenta son la socializaci\u00f3n y caracteres compatibles.<\/p>\n<p>VI.<strong>COMPETENCIAS B\u00c1SICAS<\/strong><\/p>\n<p>&nbsp;&nbsp;&nbsp;&nbsp; Los objetivos que se plantean en la programaci\u00f3n de las sesiones de Apoyo a la Integraci\u00f3n, &nbsp;contribuyen de manera directa o indirecta a la consecuci\u00f3n de las competencias b\u00e1sicas:<\/p>\n<p><strong>Competencia social y ciudadana<\/strong>: cuando en las sesiones de apoyo se realicen actividades cooperativas y grupales y cada alumno\/a participe en ellas aportando su trabajo, opini\u00f3n y esfuerzo.<\/p>\n<p><strong>Competencia digital y de tratamiento de la informaci\u00f3n<\/strong>: cuando la metodolog\u00eda elegida o la principal herramienta de trabajo sea el ordenador personal y el uso de software educativo interactivo, dada la cantidad de recursos educativos en la web.<\/p>\n<p><strong>Competencia emocional<\/strong>: Se contribuye al autoconcepto y desarrollo de la autoestima del ni\u00f1o\/a. Cada paso dado con esfuerzo, cada logro, mejora la visi\u00f3n que el ni\u00f1o\/a tiene de s\u00ed mismo y de sus capacidades.<\/p>\n<p><strong>Competencia matem\u00e1tica<\/strong>: Ya que se trabajan tanto directa como indirectamente conceptos de espacio y tiempo que ayudan al alumno\/a a organizar su pensamiento y a expresarse con mayor precisi\u00f3n.<\/p>\n<p><strong>Competencia de autonom\u00eda e iniciativa personal<\/strong>: Cuando se autoeval\u00faan, los alumnos\/as aprenden de sus propios errores, extraen conclusiones y valoran sus posibilidades de mejora.<\/p>\n<p><strong>Competencia para aprender a aprender<\/strong>: Mediante la autoevaluaci\u00f3n, &nbsp;el alumno\/a revisa el trabajo realizado con el fin de mejorarlo, de esa manera est\u00e1 tambi\u00e9n desarrollando esta competencia.<\/p>\n<p><strong>Competencia cultural y art\u00edstica:<\/strong> El alumnado&nbsp; trabaja esta competencia en las sesiones de apoyo siempre que se hace uso de manifestaciones culturales como los cuentos, canciones y m\u00fasicas, retah\u00edlas, refranes, poemas.<\/p>\n<p>&nbsp;<\/p>\n<p>VII.- <strong>OBJETIVOS GENERALES<\/strong><\/p>\n<p>Los objetivos planteados est\u00e1n dirigidos a los diferentes colectivos que conforman la comunidad educativa:<\/p>\n<ul>\n<li><strong>EN RELACI\u00d3N AL CENTRO<\/strong>:<\/li>\n<li>Colaborar con los tutores\/as en la detecci\u00f3n y prevenci\u00f3n de neae.<\/li>\n<li>Colaboraci\u00f3n con los tutores\/as en la elaboraci\u00f3n, evaluaci\u00f3n y seguimiento de ACI.<\/li>\n<li>Asesorar en las medidas de atenci\u00f3n a la diversidad para as\u00ed responder a las necesidades educativas que presente nuestro alumnado actual y en los cursos sucesivos.<\/li>\n<li>Detectar necesidades de formaci\u00f3n en el profesorado.<\/li>\n<li>Participar en la selecci\u00f3n, realizaci\u00f3n y adaptaci\u00f3n&nbsp; de materiales para llevar a cabo las ACS.<\/li>\n<li>Asesorar acerca de material did\u00e1ctico, recursos y t\u00e9cnicas espec\u00edficas, as\u00ed como en adaptaciones metodol\u00f3gicas y organizativas del aula.<\/li>\n<li>Servir de nexo entre el profesorado del centro y el EOE.<\/li>\n<li>Garantizar la m\u00e1xima coordinaci\u00f3n entre todos los profesionales que atienden a los\/as alumnos\/as.<\/li>\n<li>Participar en la evaluaci\u00f3n y promoci\u00f3n de los acnees, y decidir sobre la conveniencia de retirar o modificar los recursos espec\u00edficos.<\/li>\n<li>Dinamizar la integraci\u00f3n de los acnees en el centro y en las diversas actividades que en \u00e9l se propongan.<\/li>\n<li>Mantener reuniones peri\u00f3dicas con EOE.<\/li>\n<li>Asesorar para establecer criterios comunes de actuaci\u00f3n para mejorar la atenci\u00f3n educativa de los acnees.<\/li>\n<li>Participar en los grupos de trabajo que se propongan en el centro.<\/li>\n<\/ul>\n<p>&nbsp;<\/p>\n<ul>\n<li><strong>EN RELACI\u00d3N AL ALUMNADO<\/strong><\/li>\n<li>La consecuci\u00f3n de los objetivos plasmados en su AC.<\/li>\n<li>Trabajar aquellos prerrequisitos b\u00e1sicos para el aprendizaje (atenci\u00f3n, percepci\u00f3n, memoria,..) y favorecer la motivaci\u00f3n hacia el aprendizaje.<\/li>\n<li>Desarrollar la capacidad de comprensi\u00f3n y expresi\u00f3n oral y escrita<\/li>\n<li>Desarrollar t\u00e9cnicas espec\u00edficas para la adquisici\u00f3n del c\u00e1lculo y la resoluci\u00f3n de problemas de la vida diaria<\/li>\n<li>Garantizar la integraci\u00f3n social y escolar.<\/li>\n<li>Fomentar actitudes participativas y el desarrollo de habilidades sociales.<\/li>\n<li>Contribuir al desarrollo de la madurez emocional y de la personalidad de nuestros\/as alumnos\/as y revalorizaci\u00f3n de la autoestima.<\/li>\n<li>Desarrollar aprendizajes b\u00e1sicos funcionales que les permitan vivir en una situaci\u00f3n lo m\u00e1s normalizada y aut\u00f3noma posible.<\/li>\n<\/ul>\n<p>&nbsp;<\/p>\n<ul>\n<li><strong>EN RELACI\u00d3N A LAS FAMILIAS<\/strong><\/li>\n<li>Fomentar actitudes participativas en las actividades propuestas y dise\u00f1adas para sus hijos.<\/li>\n<li>Garantizar un conocimiento real y positivo de las posibilidades y limitaciones de sus hijos.<\/li>\n<\/ul>\n<p>&nbsp;<\/p>\n<p>VIII.- <strong>CONTENIDOS<\/strong><\/p>\n<p>Priorizamos los contenidos referidos a:<\/p>\n<ul>\n<li>Enriquecimiento de los aspectos cognitivos b\u00e1sicos: memoria, atenci\u00f3n y razonamiento.<\/li>\n<li>Lenguaje y comunicaci\u00f3n<\/li>\n<li>Expresi\u00f3n y comprensi\u00f3n oral y escrita.<\/li>\n<li>Adquisici\u00f3n de independencia y autonom\u00eda, en la realizaci\u00f3n de tareas escolares.<\/li>\n<li>Razonamiento l\u00f3gico- matem\u00e1tico.<\/li>\n<li>Habilidades sociales.<\/li>\n<li>Autoestima y auto-concepto positivo.<\/li>\n<li>Habilidades y \/ o estrategias que favorezcan el aprendizaje aut\u00f3nomo.<\/li>\n<li>Aprender a aprender.<\/li>\n<\/ul>\n<p>IX.- <strong>METODOLOG\u00cdA<\/strong><\/p>\n<p>&nbsp;&nbsp;&nbsp; Los principios metodol\u00f3gicos que se recogen en el actual planteamiento curricular y que responden a los principios de Aprendizaje Significativo son v\u00e1lidos para nuestros alumnos\/as. Dicho de otro modo, los acnees de nuestro centro requieren, al igual que sus compa\u00f1eros, aprender de forma significativa, ser elementos activos en su proceso de aprendizaje, aprender a realizar aprendizajes significativos por s\u00ed mismos y contar con la mediaci\u00f3n del profesor y otros compa\u00f1eros para aprender, si bien es cierto que necesitar\u00e1n m\u00e1s ayuda o una ayuda diferente para conseguirlo.<\/p>\n<p>&nbsp; &nbsp; &nbsp; &nbsp; &nbsp; &nbsp;Algunos aspectos a tener en cuenta en las opciones metodol\u00f3gicas para esto ni\u00f1os\/as son:&nbsp;<\/p>\n<ul>\n<li>Buscar aprendizajes funcionales y favorecer la contextualizaci\u00f3n y generalizaci\u00f3n de los aprendizajes.<\/li>\n<li>Favorecer la estructuraci\u00f3n de aprendizajes.<\/li>\n<li>Mejorar la motivaci\u00f3n ante las tareas de aprendizaje de cada alumno\/a y conseguir una forma de trabajo m\u00e1s aut\u00f3noma y reflexiva.<\/li>\n<li>Determinar los m\u00e9todos, t\u00e9cnicas y estrategias de aprendizaje m\u00e1s adecuadas para estos alumnos\/as en relaci\u00f3n al aprendizaje de determinados contenidos y para la generalizaci\u00f3n de los aprendizajes.<\/li>\n<li>Utilizaci\u00f3n de m\u00e9todos y recursos variados que conduzcan a la creatividad y el uso de estrategias propias de b\u00fasqueda.<\/li>\n<li>Realizaci\u00f3n de actividades que favorezcan la cooperaci\u00f3n, comunicaci\u00f3n, socializaci\u00f3n y autonom\u00eda.<\/li>\n<li>Se favorecer\u00e1 una metodolog\u00eda multisensorial, de manera que la informaci\u00f3n sea recibida por diversos canales: visual, auditivo, perceptivo y manipulativo.<\/li>\n<li>Se favorecer\u00e1 el uso de la TIC como recurso did\u00e1ctico motivador.<\/li>\n<\/ul>\n<p>&nbsp;<\/p>\n<p>X.- <strong>EVALUACI\u00d3N<\/strong><\/p>\n<ul>\n<li><strong>\u00bfQu\u00e9 evaluar?<\/strong><\/li>\n<\/ul>\n<p>&nbsp;La evaluaci\u00f3n se har\u00e1 en funci\u00f3n de los criterios de evaluaci\u00f3n establecidos en&nbsp; las&nbsp; programaciones de &nbsp;aula del alumnado.<\/p>\n<ul>\n<li><strong>\u00bfCu\u00e1ndo evaluar?<\/strong><\/li>\n<\/ul>\n<p>&nbsp;-La evaluaci\u00f3n ser\u00e1:<\/p>\n<ul>\n<li><strong>Inicial<\/strong>. Nos permite obtener informaci\u00f3n de partida (Nivel de Competencia curricular, estilo de aprendizaje) que nos orienta sobre la modalidad de apoyo y agrupamientos del alumnado.<\/li>\n<li><strong>Continua<\/strong>. Nos permite obtener informaci\u00f3n acerca del desarrollo del proceso de ense\u00f1anza y aprendizaje. Todo el trabajo ser\u00e1 revisado peri\u00f3dicamente con el fin de modificar en caso necesario o continuar con la respuesta educativa adoptada.<\/li>\n<li><strong>Final<\/strong>. Para la apreciaci\u00f3n del grado de desarrollo de las capacidades de los objetivos propuestos para cada alumno\/a y comprobar la efectividad o no de las medidas educativas adoptadas.&nbsp; &nbsp; &nbsp; &nbsp;<\/li>\n<\/ul>\n<ul>\n<li><strong>\u00bfC\u00f3mo evaluar?<\/strong><\/li>\n<\/ul>\n<p>&nbsp;Los procedimientos e instrumentos de evaluaci\u00f3n ser\u00e1n variados&nbsp; seg\u00fan las necesidades del alumnado: observaci\u00f3n sistem\u00e1tica, el trabajo diario, la producci\u00f3n oral y pruebas escritas.<\/p>\n<p>&nbsp;<\/p>\n<ol>\n<li><strong>AUTOEVALUACI\u00d3N<\/strong><\/li>\n<\/ol>\n<p>&nbsp;&nbsp;&nbsp;&nbsp;&nbsp;&nbsp;&nbsp;&nbsp;&nbsp;&nbsp;&nbsp; &nbsp;La evaluaci\u00f3n de la pr\u00e1ctica docente es necesaria como parte del proceso de adaptaciones en el aula y \/ o individuales, ya que partimos del concepto de Necesidades Educativas Especiales relativo y cambiante, donde hay que conocer tanto a los alumnos\/as y sus estilos de aprendizaje como el estilo de ense\u00f1anza del maestro\/a, pues son los elementos interactivos de un mismo proceso, y nos ayudar\u00e1 a tomar las decisiones m\u00e1s adecuadas en relaci\u00f3n al grupo y a cada uno de ellos.<\/p>\n<p>Instrumentos de autoevaluaci\u00f3n:<\/p>\n<ul>\n<li>Reflexi\u00f3n sobre la actuaci\u00f3n, los materiales did\u00e1cticos utilizados, metodolog\u00eda empleada\u2026<\/li>\n<li>Observaci\u00f3n del clima social en el aula de apoyo con los alumnos\/as y fuera de ella con los dem\u00e1s profesionales del centro.<\/li>\n<\/ul>\n<p>&nbsp;<\/p>\n<p>XI.- <strong>COORDINACIONES<\/strong><\/p>\n<p>A.<strong>&#8211; Coordinaci\u00f3n y colaboraci\u00f3n con el profesorado en la acci\u00f3n tutorial.<\/strong><strong>&nbsp;<\/strong><\/p>\n<p>&nbsp;&nbsp;&nbsp; Como objetivo principal nos planteamos establecer una coordinaci\u00f3n real entre los tutores y orientador\/a, con el fin de elaborar un programa de trabajo coordinado. Se realizar\u00e1 a trav\u00e9s de reuniones.<\/p>\n<p>&nbsp;&nbsp;&nbsp;&nbsp; En estas reuniones:<\/p>\n<ul>\n<li>Se valorar\u00e1n conjuntamente las pruebas de evaluaci\u00f3n inicial del Nivel de Competencia Curricular.<\/li>\n<li>Colaborar con el tutor\/a en la identificaci\u00f3n de necesidades educativas de los alumnos\/as.<\/li>\n<li>Revisar la programaci\u00f3n de aula y adaptaciones a cada alumno\/a.<\/li>\n<li>Orientar sobre metodolog\u00eda a utilizar y organizar el aula para favorecer la atenci\u00f3n al alumnado con dificultades de aprendizaje .As\u00ed como de posibles&nbsp; materiales did\u00e1cticos y recursos m\u00e1s adecuados a las necesidades de los alumnos\/as.<\/li>\n<li>Revisar el trabajo realizado por cada alumno\/a, tanto en su aula ordinaria como en el aula de apoyo, llevando un seguimiento continuo del alumno\/a, que nos permita en caso necesario realizar las modificaciones que veamos conveniente en nuestro plan de actuaci\u00f3n.<\/li>\n<li>Establecer pautas de actuaci\u00f3n con la familia, para la informaci\u00f3n y orientaci\u00f3n a los padres sobre el proceso de e \/a de sus hijos.<\/li>\n<\/ul>\n<p><strong>&nbsp;<\/strong><\/p>\n<ol>\n<li><strong> Coordinaci\u00f3n con el Equipo de Orientaci\u00f3n Educativa.<\/strong><strong>&nbsp;<\/strong><\/li>\n<\/ol>\n<p><strong>&nbsp;&nbsp;&nbsp;&nbsp;&nbsp;&nbsp;&nbsp;&nbsp;&nbsp;&nbsp;&nbsp; <\/strong>&nbsp; El orientador\/a del&nbsp; E.O.E&nbsp; acude al centro seg\u00fan horario establecido por la direcci\u00f3n del EOE. Se mantienen reuniones peri\u00f3dicas.<\/p>\n<p>&nbsp;&nbsp;&nbsp;&nbsp;&nbsp;&nbsp;&nbsp;&nbsp;&nbsp;&nbsp;&nbsp; &nbsp;&nbsp; En el centro y a propuesta del E.O.E, llevamos a cabo tres programas relacionados con el Area de Necesidades Educativas Especiales :<\/p>\n<p>&nbsp;_ Identificaci\u00f3n de las&nbsp; neae en el alumnado.<\/p>\n<p>&nbsp;_ Atenci\u00f3n Directa al alumnado con neae.<\/p>\n<p>&nbsp;_ Informaci\u00f3n y Asesoramiento al profesorado y familias sobre la respuesta educativa al alumnado con neae.<\/p>\n<p>&nbsp;<\/p>\n<ol>\n<li><strong> Coordinaci\u00f3n con la Familia.<\/strong><strong>&nbsp;<\/strong><\/li>\n<\/ol>\n<p>&nbsp;&nbsp;&nbsp;&nbsp;&nbsp;&nbsp;&nbsp;&nbsp;&nbsp;&nbsp;&nbsp; &nbsp;El tutor y la maestra de PT, mantienen reuniones peri\u00f3dicas con los padres, con el fin de intercambiar informaci\u00f3n relevante sobre el proceso de ense\u00f1anza\/ aprendizaje del alumnado, para establecer pautas de actuaci\u00f3n conjuntas que faciliten la generalizaci\u00f3n de los aprendizajes en el contexto social y familiar (estrategias de aprendizaje, autonom\u00eda,&#8230;). Y en algunos casos, para mejorar las expectativas que tienen sobre su hijo\/a.<\/p>\n<p><strong>&nbsp;<\/strong><\/p>\n<p><strong>BLOQUE 2: PLAN DE APOYO DE AUDICI\u00d3N Y LENGUAJE<\/strong><\/p>\n<ol>\n<li><strong> INTRODUCCI\u00d3N<\/strong><strong>&nbsp;<\/strong><\/li>\n<\/ol>\n<p><strong>&nbsp;&nbsp;&nbsp;&nbsp; <\/strong>El plan de apoyo de Audici\u00f3n y Lenguaje en este Centro va destinado a los alumnos\/as con necesidades espec\u00edficas de Logopedia del Centro. Hay que indicar que esta plaza es de car\u00e1cter itinerante dentro de la localidad y la atenci\u00f3n est\u00e1 compartida con otros centros de la zona. Ante la existencia de esta limitaci\u00f3n de tiempo se ve la necesidad de se\u00f1alar unos criterios de priorizaci\u00f3n y justificaci\u00f3n a la hora de organizar los apoyos con el alumnado, siendo:<\/p>\n<ul>\n<li>Alumnos\/as con alteraciones o trastornos del lenguaje que condicionan negativamente el logro de los objetivos educativos fundamentales<\/li>\n<li>Alumnado con necesidades educativas espec\u00edficas en el \u00e1rea de lenguaje\/comunicaci\u00f3n asociadas a discapacidad.<\/li>\n<li>Alumnado con necesidades educativas espec\u00edficas en el \u00e1rea lenguaje\/comunicaci\u00f3n asociadas a retrasos o trastornos en el \u00e1rea del lenguaje\/comunicaci\u00f3n.<\/li>\n<li>\u00c1mbito del lenguaje oral y escrito<\/li>\n<li>\u00c1mbito del habla.<\/li>\n<li>\u00c1mbito de la comunicaci\u00f3n.<\/li>\n<li>Estimulaci\u00f3n del lenguaje oral con enfoque preventivo.<\/li>\n<\/ul>\n<p>La atenci\u00f3n a los alumnos\/as podr\u00e1 ser:<\/p>\n<ul>\n<li><strong>Atenci\u00f3n directa<\/strong>: sistem\u00e1tica, individual o en grupo<\/li>\n<li><strong>Atenci\u00f3n indirecta<\/strong>: se dar\u00e1n orientaciones al tutor y a la familia y se realizar\u00e1 un seguimiento del caso con periodicidad.&nbsp;<\/li>\n<\/ul>\n<p>Ser\u00e1n atendidos alumnos\/as con diversa problem\u00e1tica:<\/p>\n<ul>\n<li>Dislalias evolutivas<\/li>\n<li>Retraso del habla<\/li>\n<li>Rotacismo<\/li>\n<li>Dislalias funcionales<\/li>\n<li>Retraso Simple del Lenguaje (RSL).<\/li>\n<li>Par\u00e1lisis Cerebral Infantil.<\/li>\n<li>\u2026<\/li>\n<\/ul>\n<p>El apoyo con los alumnos\/as se llevar\u00e1 cabo en el aula de AL de forma individual para trabajar aspectos formales del lenguaje, en peque\u00f1os&nbsp; grupos y en su aula de referencia para el desarrollo de habilidades sociales y conversacionales, as\u00ed como pragm\u00e1tica y morfosintaxis. Se elaborar\u00e1 a principio de curso el horario del aula de Al, respetando la permanencia del alumno\/a en su aula de referencia en aquellas asignaturas donde se prevea que va a interaccionar con sus compa\u00f1eros\/as y compartir as\u00ed una parte importante de contenido y actividades.<\/p>\n<p>Las sesiones de trabajo en el aula de AL se llevar\u00e1n a cabo de forma individual o en peque\u00f1o grupo (como he comentado anteriormente), con el objetivo de mejorar la integraci\u00f3n, normalizaci\u00f3n y autoestima de los ni\u00f1os\/as en sesiones de 40-45 minutos seg\u00fan cada caso y entre una, dos tres o incluso cuatro sesiones semanales. Es importante resaltar la flexibilidad del horario, el cual se adaptar\u00e1 en todo momento a las necesidades de los alumnos\/as.<\/p>\n<p>&nbsp;&nbsp;&nbsp;&nbsp; En los casos en los que el alumno\/a acude, al aula de PT, la coordinaci\u00f3n debe ser mucho m\u00e1s estrecha para no solaparnos ni en horas ni en materias, y de este modo conseguir que el alumno\/a logre un aprendizaje lo m\u00e1s global, significativo y funcional.<\/p>\n<p>Los grupos de alumnos\/as se realizar\u00e1n seg\u00fan similitud de diagn\u00f3stico o de la necesidad educativa de intervenir, pero tambi\u00e9n tendremos en cuenta la edad mental, cronol\u00f3gica y el curso escolar.<\/p>\n<p>&nbsp;<\/p>\n<p>II.<strong>OBJETIVOS GENERALES<\/strong><\/p>\n<ul>\n<li>El objetivo general es la prevenci\u00f3n, evaluaci\u00f3n y seguimiento de los trastornos de la comunicaci\u00f3n y el lenguaje. Comprende a todas aquellas funciones y procesos asociados a la comprensi\u00f3n y a la producci\u00f3n del lenguaje oral y escrito, as\u00ed como a la comunicaci\u00f3n no verbal.<\/li>\n<li>Detectar las necesidades logop\u00e9dicas del Centro<\/li>\n<li>Realizar una evaluaci\u00f3n y diagn\u00f3stico de los alumnos\/as con necesidades de este apoyo<\/li>\n<li>Determinar el tratamiento logop\u00e9dico m\u00e1s apropiado a cada alumno\/a<\/li>\n<li>Intervenir directamente sobre los alumnos\/as que presenten trastornos del lenguaje y la comunicaci\u00f3n<\/li>\n<li>Colaborar en la elaboraci\u00f3n de adaptaciones curriculares para los alumnos\/as con necesidades de apoyo espec\u00edfico en el \u00e1mbito de su competencia.<\/li>\n<li>Realizar un seguimiento de todos los alumnos que reciben este apoyo en coordinaci\u00f3n con todos los profesionales implicados<\/li>\n<li>Informar y\/o orientar a los padres y\/o tutores de los alumnos\/as que intervengo con el fin de intercambiar informaci\u00f3n, asesorar sobre la metodolog\u00eda y\/o recursos a utilizar para dar respuesta a aspectos puntuales del desarrollo de la comunicaci\u00f3n y el lenguaje de los alumnos\/as.<\/li>\n<li>Elaborar informes de evaluaci\u00f3n inicial, as\u00ed como los informes trimestrales a las familias<\/li>\n<li>Coordinarme con la profesora de Pedagog\u00eda Terap\u00e9utica (PT), con la logopeda y el orientador del Equipo de Orientaci\u00f3n Espec\u00edfico (EOE) .<\/li>\n<\/ul>\n<p>&nbsp;<\/p>\n<p>&nbsp;&nbsp;&nbsp;&nbsp;&nbsp;&nbsp;&nbsp;&nbsp;&nbsp;&nbsp;&nbsp; III. <strong>OBJETIVOS ESPEC\u00cdFICOS<\/strong><\/p>\n<ul>\n<li>Favorecer el proceso de integraci\u00f3n escolar del alumno\/a.<\/li>\n<li>Desarrollar la capacidad de utilizaci\u00f3n del lenguaje verbal de forma adecuada ante las diferentes situaciones &nbsp;&nbsp;&nbsp;&nbsp;&nbsp;&nbsp;&nbsp;&nbsp;&nbsp;&nbsp;&nbsp; de comunicaci\u00f3n.<\/li>\n<li>Corregir las anomal\u00edas o retrasos en el desarrollo y adquisici\u00f3n de nuevas destrezas ling\u00fc\u00edsticas.<\/li>\n<li>Desarrollar las capacidades de representaci\u00f3n y simbolizaci\u00f3n que son b\u00e1sicas para el desarrollo del lenguaje y, en el que las situaciones de juego permite la&nbsp; expresi\u00f3n de tales procesos.<\/li>\n<li>Desarrollar las capacidades que permiten al alumno\/a crear y mantener relaciones sociales con sus compa\u00f1eros\/as, pues permitir\u00e1 el desarrollo de la pragm\u00e1tica del lenguaje, mediante los di\u00e1logos y&nbsp; &nbsp; &nbsp; &nbsp; &nbsp; conversaciones entre iguales.<\/li>\n<li>Desarrollar las capacidades de comunicaci\u00f3n escrita.<\/li>\n<\/ul>\n<p>&nbsp;<\/p>\n<p>IV.<strong>COMPETENCIAS B\u00c1SICAS<\/strong><\/p>\n<p>&nbsp;&nbsp;&nbsp;&nbsp; Los objetivos que se plantean en la programaci\u00f3n de las sesiones de Apoyo de Audici\u00f3n y Lenguaje contribuyen de manera directa y clara a la consecuci\u00f3n de la competencia en comunicaci\u00f3n ling\u00fc\u00edstica, especialmente al Bloque de Contenido n\u00ba 1: Escuchar, Hablar, Conversar. Con algunos alumnos tambi\u00e9n se trabaja el Bloque de Contenido n\u00ba 2: \u201cComunicaci\u00f3n escrita\u201d<\/p>\n<p>De manera indirecta, en algunas sesiones se van a trabajar tambi\u00e9n las siguientes competencias b\u00e1sicas:<\/p>\n<p><strong>Competencia social y ciudadana<\/strong>: cuando en las sesiones de apoyo se realicen actividades cooperativas y grupales y cada alumno\/a participe en ellas aportando su trabajo, opini\u00f3n y esfuerzo\u2026Cuando el trabajo del \u00e1mbito pragm\u00e1tico del lenguaje ofrece al ni\u00f1o\/a una herramienta social que le permite interactuar mejor; cuando el ni\u00f1o\/a aprende a respetar y utilizar normas de comunicaci\u00f3n: prestar atenci\u00f3n, escuchar a los dem\u00e1s, pedir y respetar el turno y tiempo de intervenci\u00f3n, aprender normas de cortes\u00eda como los saludos y despedidas, agradecimientos, formas de pedir disculpas o&nbsp; pedir las cosas, etc. Cuando favorecemos la comunicaci\u00f3n del ni\u00f1o\/a con el mundo.<\/p>\n<p><strong>Competencia digital y de tratamiento de la informaci\u00f3n<\/strong>: cuando la metodolog\u00eda elegida o la principal herramienta de trabajo sea el ordenador personal y el uso de software educativo interactivo. Cada vez es mayor el n\u00famero de recursos logop\u00e9dicos y de tipo educativo que Internet pone en manos de los maestros de audici\u00f3n y lenguaje para trabajar en el apoyo: juegos interactivos, fichas de trabajo, im\u00e1genes, m\u00fasica de relajaci\u00f3n, sonidos para trabajar discriminaci\u00f3n auditiva, paneles de comunicaci\u00f3n, etc. El ni\u00f1o\/a al trabajar con estos recursos est\u00e1 adquiriendo algunas capacidades como el uso del rat\u00f3n, conexi\u00f3n y desconexi\u00f3n de perif\u00e9ricos, arrastre de im\u00e1genes, utilizaci\u00f3n de la impresora para editar fichas, etc. Se pretende que el ni\u00f1o\/a haga un uso cr\u00edtico de las nuevas tecnolog\u00edas y que progresivamente alcance autonom\u00eda en la b\u00fasqueda de informaci\u00f3n, y en la utilizaci\u00f3n del ordenador como una herramienta de aprendizaje.<\/p>\n<p><strong>Competencia emocional<\/strong>: el progreso en la adquisici\u00f3n de la competencia ling\u00fc\u00edstica contribuye al autoconcepto y desarrollo de la autoestima del ni\u00f1o\/a. Cada paso dado con esfuerzo, cada logro, mejora la visi\u00f3n que el ni\u00f1o\/a tiene de s\u00ed mismo y de sus capacidades. En las sesiones se encaminar\u00e1 a los ni\u00f1os hacia el autocontrol en la expresi\u00f3n de las emociones, la capacidad para expresar sus sentimientos con respeto hacia los dem\u00e1s.<\/p>\n<p><strong>Competencia matem\u00e1tica<\/strong>: en la estimulaci\u00f3n del vocabulario, siempre que se trabajen conceptos de espacio y tiempo que ayudan al alumno\/a a organizar su pensamiento y a expresarse con mayor precisi\u00f3n, se propiciar\u00e1 la adquisici\u00f3n de esta competencia.<\/p>\n<p><strong>Competencia de autonom\u00eda e iniciativa personal<\/strong>: se trabaja la adquisici\u00f3n de esta competencia siempre que invito a mis alumnos\/as, en la sesi\u00f3n de apoyo logop\u00e9dico, a revisar sus propios trabajos, autoevaluarse, valorando de forma realista sus capacidades, el esfuerzo desarrollado en la sesi\u00f3n, y los resultados obtenidos. Cuando se autoeval\u00faan, los alumnos\/as aprenden de sus propios errores, extraen conclusiones y valoran sus posibilidades de mejora.<\/p>\n<p><strong>Competencia para aprender a aprender<\/strong>: utilizando la t\u00e9cnica anteriormente descrita de autoevaluaci\u00f3n, y el alumno\/a revisa el trabajo realizado con el fin de mejorarlo, est\u00e1 tambi\u00e9n desarrollando esta competencia.<\/p>\n<p><strong>Competencia cultural y art\u00edstica:<\/strong> los alumnos\/as trabajan esta competencia en las sesiones de apoyo siempre que se hace uso de manifestaciones culturales como los cuentos, canciones y m\u00fasicas, retah\u00edlas, refranes, poemas.<\/p>\n<p>&nbsp;<\/p>\n<ol>\n<li><strong>CONTENIDOS<\/strong><\/li>\n<\/ol>\n<p>&nbsp;&nbsp;&nbsp;&nbsp; Los contenidos que se trabajan se adecuan de forma individual al alumno\/a con necesidad de apoyo logop\u00e9dico, seg\u00fan el tipo de alteraci\u00f3n que presente, ya sea de habla o de lenguaje.<\/p>\n<p>&nbsp;&nbsp;&nbsp;&nbsp; Los contenidos siempre van referidos al desarrollo del lenguaje en los niveles fon\u00e9tico-fonol\u00f3gico, sem\u00e1ntico, morfosint\u00e1ctico y\/o pragm\u00e1tico.<\/p>\n<ol>\n<li>A) <strong>Nivel fon\u00e9tico-fonol\u00f3gico<\/strong><\/li>\n<\/ol>\n<ul>\n<li>Pr\u00e1xias buco-linguo-faciales: motricidad y coordinaci\u00f3n de los \u00f3rganos articulatorios<\/li>\n<li>Respiraci\u00f3n: conducta respiratoria y soplo. Respiraci\u00f3n costo-diafragm\u00e1tica.<\/li>\n<li>Relajaci\u00f3n<\/li>\n<li>Cualidades de la voz: altura, intensidad y timbre<\/li>\n<li>Articulaci\u00f3n de los fonemas de la lengua<\/li>\n<li>Percepci\u00f3n y discriminaci\u00f3n auditiva. Diferenciaci\u00f3n de los sonidos de la lengua. Habilidades metafonol\u00f3gicas, segmentaci\u00f3n del lenguaje.<\/li>\n<li>Elementos ling\u00fc\u00edsticos y no ling\u00fc\u00edsticos de la comunicaci\u00f3n oral: pronunciaci\u00f3n, ritmo y entonaci\u00f3n, gesto, postura y movimiento corporal<\/li>\n<\/ul>\n<ol>\n<li>B) <strong>Nivel sem\u00e1ntico<\/strong><\/li>\n<\/ol>\n<ul>\n<li>El vocabulario: ampliaci\u00f3n. Sentido propio y figurado.<\/li>\n<li>Familias l\u00e9xicas y campos sem\u00e1nticos<\/li>\n<li>Homonimia, sinonimia, antonimia y polisemia<\/li>\n<li>Modismos, locuciones y frases hechas<\/li>\n<\/ul>\n<ol>\n<li>C) <strong>Nivel morfosint\u00e1ctico<\/strong><\/li>\n<\/ol>\n<ul>\n<li>Estructuras b\u00e1sicas de la lengua: palabra, oraci\u00f3n y texto<\/li>\n<li>La palabra: clases, flexiones, concordancias<\/li>\n<li>La oraci\u00f3n y sus elementos. Oraciones simples. Oraciones coordinadas y subordinadas<\/li>\n<li>Exploraci\u00f3n de las estructuras b\u00e1sicas de la lengua a partir de transformaciones diversas: supresiones, expansiones\u2026 consecuencias de los cambios realizados sobre el sentido del mensaje<\/li>\n<li>Valoraci\u00f3n de la importancia de la claridad y el orden de las ideas para dar cohesi\u00f3n al discurso y lograr con ello una mejor comunicaci\u00f3n<\/li>\n<\/ul>\n<ol>\n<li>D) <strong>Nivel pragm\u00e1tico<\/strong><\/li>\n<\/ol>\n<ul>\n<li>Uso del lenguaje en distintas situaciones e intenciones comunicativas: expresar sentimientos, narrar, describir, informar, convencer, imaginar, solicitar informaci\u00f3n\u2026<\/li>\n<li>Desarrollo de la capacidad de participaci\u00f3n en las situaciones de interacci\u00f3n verbal habituales: di\u00e1logos, conversaciones, debates\u2026Adecuaci\u00f3n de la propia expresi\u00f3n<\/li>\n<li>Normas, recursos y estrategias en el intercambio comunicativo: atenci\u00f3n y escucha, concentraci\u00f3n, turnos de palabra, adecuaci\u00f3n de la respuesta\u2026<\/li>\n<li>Valoraci\u00f3n y utilizaci\u00f3n de la lengua oral como instrumento para satisfacer las propias necesidades de comunicaci\u00f3n, y para planificar y realizar tareas concretas<\/li>\n<\/ul>\n<p>&nbsp;<\/p>\n<ol>\n<li>E) <strong>Lectura y Escritura<\/strong><\/li>\n<\/ol>\n<ul>\n<li>Descodificaci\u00f3n y codificaci\u00f3n<\/li>\n<li>Acento, entonaci\u00f3n y pausas<\/li>\n<li>Direcci\u00f3n y sentido de la escritura, linealidad, distribuci\u00f3n en el papel, separaci\u00f3n de palabras<\/li>\n<li>Lectura de textos en voz alta empleando la pronunciaci\u00f3n, el ritmo y la entonaci\u00f3n adecuados<\/li>\n<li>Utilizaci\u00f3n de estrategias que permiten resolver dudas en la comprensi\u00f3n de textos<\/li>\n<li>Comprensi\u00f3n de textos e interpretaci\u00f3n de mensajes no expl\u00edcitos en los textos<\/li>\n<li>Resumen de textos escritos<\/li>\n<li>Expresi\u00f3n escrita: narrar, describir, informar, expresar sentimientos\u2026<\/li>\n<\/ul>\n<p>&nbsp;<\/p>\n<ol>\n<li><strong>METODOLOG\u00cdA<\/strong><\/li>\n<\/ol>\n<p>&nbsp;&nbsp;&nbsp;&nbsp; Los procedimientos para realizar el apoyo ser\u00e1n variados, pero sin perder de vista el objetivo principal del lenguaje que es, desarrollar la capacidad comunicativa del alumno\/a ense\u00f1\u00e1ndole a usar el lenguaje&nbsp; en distintas situaciones y contextos, as\u00ed como ayudarle a la formaci\u00f3n de un pensamiento claro y organizado para recordar, planificar y sistematizar el resultado de las acciones.<\/p>\n<p>&nbsp;&nbsp;&nbsp;&nbsp; Algunas de las tareas principales en relaci\u00f3n con la metodolog\u00eda dirigida al desarrollo de la expresi\u00f3n oral son:<\/p>\n<ul>\n<li>Crear un clima favorable y motivador, en el que el ni\u00f1o\/a es aceptado con su lenguaje, se encuentra seguro y se eliminan bloqueos e inhibiciones.<\/li>\n<li>Fomentar el intercambio y la comunicaci\u00f3n, ya que es a trav\u00e9s de la interacci\u00f3n verbal como se desarrolla el lenguaje.<\/li>\n<li>Potenciar la acci\u00f3n del ni\u00f1o\/a\/ sobre la realidad, para que a partir de esa actividad construya su propia representaci\u00f3n simb\u00f3lica del mundo y la manifieste externamente por medio del lenguaje.<\/li>\n<\/ul>\n<p>&nbsp;&nbsp;&nbsp;&nbsp; La adquisici\u00f3n del vocabulario se realiza as\u00ed por integraci\u00f3n-asimilaci\u00f3n de las palabras en situaciones diferentes, por repeticiones sucesivas de la asociaci\u00f3n del t\u00e9rmino o significante con el referente o significado.<\/p>\n<p>Cualquier tipo de actividad puede servir de pretexto para impulsar el comportamiento ling\u00fc\u00edstico. Cuanto m\u00e1s diferentes sean los materiales y recursos empleados, y m\u00e1s variadas las situaciones planteadas, m\u00e1s diversos y ricos ser\u00e1n los modelos ling\u00fc\u00edsticos que surjan de la actividad.<\/p>\n<p>&nbsp;<\/p>\n<p>VII. <strong>EVALUACI\u00d3<\/strong>N<\/p>\n<p>&nbsp;&nbsp;&nbsp;&nbsp; La evaluaci\u00f3n ser\u00e1 continua. En la evaluaci\u00f3n inicial se obtendr\u00e1 informaci\u00f3n de los alumnos\/as mediante entrevistas a sus padres y a los profesores, pruebas estandarizadas y observaci\u00f3n directa. Se realizar\u00e1 un informe logop\u00e9dico en el que quedar\u00e1n reflejados los resultados obtenidos.<\/p>\n<p>&nbsp;&nbsp;&nbsp;&nbsp; La evaluaci\u00f3n formativa se realizar\u00e1 a lo largo de todo el proceso de aprendizaje, en \u00e9l se valorar\u00e1 el trabajo diario de los ni\u00f1os\/as, su esfuerzo e inter\u00e9s, las actitudes ante las tareas propuestas, su participaci\u00f3n y desenvolvimiento en las actividades de grupo y el grado de consecuci\u00f3n de los objetivos marcados. Es decir, no solo se eval\u00faan los contenidos conceptuales, sino tambi\u00e9n los procedimentales y actitudinales con el fin de ir adapt\u00e1ndonos a las nuevas necesidades que se van planteando y proporcionar as\u00ed, al alumnado las propuestas educativas m\u00e1s adecuadas en cada caso.<\/p>\n<p>&nbsp;&nbsp;&nbsp;&nbsp; Cada trimestre se llevar\u00e1 a cabo un seguimiento individual en el que se reflejar\u00e1n los objetivos conseguidos hasta el momento. Al final de curso se realizar\u00e1 una evaluaci\u00f3n final y se volver\u00e1n a pasar las pruebas iniciales para hacer un an\u00e1lisis comparativo con la evaluaci\u00f3n inicial y as\u00ed observar su evoluci\u00f3n.<\/p>\n<p>&nbsp;&nbsp;&nbsp;&nbsp; Se evaluar\u00e1 el grado de consecuci\u00f3n de los objetivos del programa de Audici\u00f3n y Lenguaje relacionados con:<\/p>\n<ul>\n<li>La coordinaci\u00f3n con los distintos profesionales del Equipo de Orientaci\u00f3n<\/li>\n<li>La eficacia de las reuniones de coordinaci\u00f3n con los profesores para realizar el seguimiento de los alumnos\/as<\/li>\n<li>La colaboraci\u00f3n en la realizaci\u00f3n de ACs con los profesores implicados<\/li>\n<li>Las reuniones de coordinaci\u00f3n y seguimiento con las familias<\/li>\n<\/ul>\n<p>&nbsp;<\/p>\n<p>IX.- <strong>HORARIO<\/strong><\/p>\n<p>El alumnado atendido por la especialista en AL se trasladar\u00e1 a la siguiente tabla:<\/p>\n<table width=\"640\">\n<tbody>\n<tr>\n<td colspan=\"4\" width=\"640\"><strong>ALUMNADO ATENDIDO POR LA ESPECIALISTA EN AL<\/strong><\/td>\n<\/tr>\n<tr>\n<td rowspan=\"2\" width=\"111\">&nbsp;<\/p>\n<p>D\u00cdAS<\/td>\n<td colspan=\"3\" width=\"529\"><strong>TRAMOS HORARIOS<\/strong><\/td>\n<\/tr>\n<tr>\n<td width=\"189\"><strong>9:00 \u2013 10:00<\/strong><\/td>\n<td width=\"178\"><strong>10:00 \u2013 11:00<\/strong><\/td>\n<td width=\"162\"><strong>11:00 \u2013 11:45<\/strong><\/td>\n<\/tr>\n<tr>\n<td width=\"111\">Lunes<\/td>\n<td width=\"189\">&nbsp;<\/td>\n<td width=\"178\">&nbsp;<\/td>\n<td width=\"162\">&nbsp;<\/td>\n<\/tr>\n<tr>\n<td width=\"111\">Martes<\/td>\n<td width=\"189\">&nbsp;<\/td>\n<td width=\"178\">&nbsp;<\/td>\n<td width=\"162\">&nbsp;<\/td>\n<\/tr>\n<tr>\n<td width=\"111\">Mi\u00e9rcoles<\/td>\n<td width=\"189\">&nbsp;<\/td>\n<td width=\"178\">&nbsp;<\/td>\n<td width=\"162\">&nbsp;<\/td>\n<\/tr>\n<tr>\n<td width=\"111\">Jueves<\/td>\n<td width=\"189\">&nbsp;<\/td>\n<td width=\"178\">&nbsp;<\/td>\n<td width=\"162\">&nbsp;<\/td>\n<\/tr>\n<tr>\n<td width=\"111\">Viernes<\/td>\n<td width=\"189\">&nbsp;<\/td>\n<td width=\"178\">&nbsp;<\/td>\n<td width=\"162\">&nbsp;<\/td>\n<\/tr>\n<tr>\n<td width=\"111\">&nbsp;<\/td>\n<td width=\"189\"><strong>11:45 \u2013 12:15<\/strong><\/td>\n<td width=\"178\"><strong>12:15 \u2013 13:15<\/strong><\/td>\n<td width=\"162\"><strong>13:15 \u2013 14:00<\/strong><\/td>\n<\/tr>\n<tr>\n<td width=\"111\">Lunes<\/td>\n<td rowspan=\"5\" width=\"189\"><strong>&nbsp;<\/strong><\/p>\n<p><strong>&nbsp;<\/strong><\/p>\n<p><strong>RECREO<\/strong><\/td>\n<td width=\"178\"><strong>&nbsp;<\/strong><\/td>\n<td width=\"162\"><strong>&nbsp;<\/strong><\/td>\n<\/tr>\n<tr>\n<td width=\"111\">Martes<\/td>\n<td width=\"178\"><strong>&nbsp;<\/strong><\/td>\n<td width=\"162\"><strong>&nbsp;<\/strong><\/td>\n<\/tr>\n<tr>\n<td width=\"111\">Mi\u00e9rcoles<\/td>\n<td width=\"178\"><strong>&nbsp;<\/strong><\/td>\n<td width=\"162\"><strong>&nbsp;<\/strong><\/td>\n<\/tr>\n<tr>\n<td width=\"111\">Jueves<\/td>\n<td width=\"178\"><strong>&nbsp;<\/strong><\/td>\n<td width=\"162\"><strong>&nbsp;<\/strong><\/td>\n<\/tr>\n<tr>\n<td width=\"111\">Viernes<\/td>\n<td width=\"178\"><strong>&nbsp;<\/strong><\/td>\n<td width=\"162\"><strong>&nbsp;<\/strong><\/td>\n<\/tr>\n<\/tbody>\n<\/table>\n<p><strong>&nbsp;<\/strong><\/p>\n<table>\n<tbody>\n<tr>\n<td width=\"177\">Proyecto educativo<\/td>\n<td width=\"123\">Apartado h)<\/td>\n<td width=\"407\">El plan de orientaci\u00f3n y acci\u00f3n tutorial (POAT).<\/td>\n<\/tr>\n<\/tbody>\n<\/table>\n<table>\n<tbody>\n<tr>\n<td width=\"707\"><strong>Su aprobaci\u00f3n corresponde al Consejo escolar<\/strong><\/td>\n<\/tr>\n<\/tbody>\n<\/table>\n<p><strong>&nbsp;<\/strong><\/p>\n<p><strong><u>0.- INTRODUCCI\u00d3N<\/u><\/strong><\/p>\n<p>El Plan de Orientaci\u00f3n y Acci\u00f3n Tutorial (POAT) constituye el instrumento pedag\u00f3gico que articula las actuaciones del equipo docente, relacionadas con los objetivos de la orientaci\u00f3n y acci\u00f3n tutorial que se propongan, en coherencia con el Proyecto Educativo.<\/p>\n<p>La orientaci\u00f3n educativa ha pasado a ser considerada un pilar b\u00e1sico y esencial del sistema educativo, que incide en la calidad de los procesos que en \u00e9l se desarrollan y en una educaci\u00f3n de calidad e igualdad.<\/p>\n<p>Contempla tres \u00e1mbitos de actuaci\u00f3n en la ayuda que proporciona al alumnado: el personal, el escolar y el vocacional.<\/p>\n<p>Es una responsabilidad que debe ser compartida entre el Equipo de Orientaci\u00f3n Educativa (EOE) y&nbsp; el Profesorado. Tambi\u00e9n contempla actuaciones con las familias, en un intento de coordinar los esfuerzos de todos los agentes implicados en la educaci\u00f3n del alumnado en la b\u00fasqueda de su desarrollo integral.<\/p>\n<p>1.-<strong><u> OBJETIVOS DEL CENTRO EN RELACI\u00d3N CON LA ORIENTACI\u00d3N Y ACCI\u00d3N TUTORIAL<\/u><\/strong><\/p>\n<ul>\n<li>Favorecer la adaptaci\u00f3n del alumnado al contexto escolar y la integraci\u00f3n del mismo en el grupo clase, fomentando la participaci\u00f3n en las actividades del centro.<\/li>\n<li>Realizar un seguimiento personalizado del proceso de aprendizaje del alumnado, haciendo especial hincapi\u00e9 en la prevenci\u00f3n y, en su caso, detecci\u00f3n temprana de las dificultades en el aprendizaje, y promoviendo las medidas correctoras oportunas tan pronto como dichas dificultades aparezcan.<\/li>\n<li>Potenciar el desarrollo de h\u00e1bitos b\u00e1sicos de autonom\u00eda, as\u00ed como la adquisici\u00f3n de aprendizajes instrumentales b\u00e1sicos, estrategias de aprendizaje y t\u00e9cnicas de trabajo intelectual.<\/li>\n<li>Iniciar la adquisici\u00f3n de habilidades y conocimientos que favorezcan la posterior toma de decisiones, ofreciendo asesoramiento y orientaci\u00f3n al alumnado sobre sus posibilidades acad\u00e9micas y profesionales.<\/li>\n<li>Establecer v\u00ednculos de colaboraci\u00f3n y cooperaci\u00f3n entre el centro, las familias del alumnado y el entorno.<\/li>\n<li>Facilitar la socializaci\u00f3n, la adaptaci\u00f3n escolar y la transici\u00f3n entre etapas educativas del conjunto del alumnado<\/li>\n<li>Favorecer la coordinaci\u00f3n en el proceso educativo del alumnado, incluida la evaluaci\u00f3n y la toma de decisiones acerca de la promoci\u00f3n de los alumnos de acuerdo con los criterios del Proyecto Educativo, garantizando la coordinaci\u00f3n del profesorado.<\/li>\n<li>Facilitar informaci\u00f3n a padres, profesorado y alumnado de las actividades relacionadas con el rendimiento acad\u00e9mico.<\/li>\n<li>Conocer al alumnado que integran los distintos grupos, obteniendo la informaci\u00f3n necesaria tanto a nivel grupal como individual para el desarrollo de una acci\u00f3n tutorial \u00f3ptima.<\/li>\n<\/ul>\n<p>2.-<strong><u> FUNCIONES Y DESIGNACI\u00d3N DE TUTOR\u00cdAS.<\/u><\/strong><\/p>\n<p>El <strong>Decreto 328\/2010, de 13 de julio, por el que se aprueba el Reglamento Org\u00e1nico de las escuelas infantiles de segundo ciclo, de los colegios de educaci\u00f3n primaria, de los colegios de educaci\u00f3n infantil y primaria, y de los centros p\u00fablicos espec\u00edficos de educaci\u00f3n especial, <\/strong>recoge el T\u00edtulo V, Cap\u00edtulo VI, Art\u00edculos 89 y 90, tanto las funciones de la tutor\u00eda en Educaci\u00f3n Primaria como la forma de designarlos:<\/p>\n<ul>\n<li><strong>Designaci\u00f3n<\/strong><\/li>\n<\/ul>\n<p>Cada unidad o grupo de alumnos y alumnas tendr\u00e1 un tutor o tutora que ser\u00e1 nombrado por la direcci\u00f3n del centro, a propuesta de la Jefatura de Estudios, de entre el profesorado que imparta docencia en el mismo.<\/p>\n<p>En el caso del alumnado con necesidades educativas especiales escolarizado en un grupo ordinario, la tutor\u00eda ser\u00e1 ejercida de manera compartida entre el maestro o maestra que ejerza la tutor\u00eda del grupo donde est\u00e9 integrado y el profesorado especialista.<\/p>\n<p>&nbsp;Se tendr\u00e1 en cuenta que aquellos maestros y maestras que, durante un curso escolar, hayan tenido asignado el primer curso de cualquier ciclo de la educaci\u00f3n primaria permanecer\u00e1n en el mismo ciclo hasta su finalizaci\u00f3n por parte del grupo de alumnos y alumnas con que lo inici\u00f3, siempre que contin\u00faen prestando servicio en el centro.<\/p>\n<p>&nbsp;Los tutores y tutoras ejercer\u00e1n la direcci\u00f3n y la orientaci\u00f3n del aprendizaje del alumnado y el apoyo en su proceso educativo en colaboraci\u00f3n con las familias.<\/p>\n<p>El nombramiento del profesorado que ejerza la tutor\u00eda se efectuar\u00e1 para un a\u00f1o acad\u00e9mico.<\/p>\n<p>&nbsp;&nbsp;&nbsp;&nbsp;&nbsp;&nbsp;&nbsp;&nbsp;&nbsp;&nbsp;&nbsp; 2.1 <strong>Funciones de los\/as tutores\/as<\/strong><\/p>\n<ol>\n<li>a) Desarrollar las actividades previstas en el plan de orientaci\u00f3n y acci\u00f3n tutorial.<\/li>\n<li>b) Conocer las aptitudes e intereses de cada alumno o alumna, con objeto de orientarle en su proceso de aprendizaje y en la toma de decisiones personales y acad\u00e9micas.<\/li>\n<li>c) Coordinar la intervenci\u00f3n educativa de todos los maestros y maestras que componen el equipo docente del grupo de alumnos y alumnas a su cargo.<\/li>\n<li>d) Coordinar las adaptaciones curriculares no significativas propuestas y elaboradas por el equipo docente.<\/li>\n<li>e) Garantizar la coordinaci\u00f3n de las actividades de ense\u00f1anza y aprendizaje que se propongan al alumnado a su cargo.<\/li>\n<li>f) Organizar y presidir las reuniones del equipo docente y las sesiones de evaluaci\u00f3n de su grupo de alumnos y alumnas.<\/li>\n<li>g) Coordinar el proceso de evaluaci\u00f3n continua del alumnado y adoptar, junto con el equipo docente, las decisiones que procedan acerca de la evaluaci\u00f3n y promoci\u00f3n del alumnado, de conformidad con la normativa que resulte de aplicaci\u00f3n.<\/li>\n<li>h) Cumplimentar la documentaci\u00f3n personal y acad\u00e9mica del alumnado a su cargo.<\/li>\n<li>i) Recoger la opini\u00f3n del alumnado a su cargo sobre el proceso de ense\u00f1anza y aprendizaje desarrollado en las distintas \u00e1reas que conforman el curr\u00edculo.<\/li>\n<li>j) Informar al alumnado sobre el desarrollo de su aprendizaje, as\u00ed como a sus padres, madres o representantes legales.<\/li>\n<li>k) Facilitar la cooperaci\u00f3n educativa entre el profesorado del equipo docente y los padres y madres o representantes legales del alumnado. Dicha cooperaci\u00f3n incluir\u00e1 la atenci\u00f3n a la tutor\u00eda electr\u00f3nica a trav\u00e9s de la cual los padres, madres o representantes legales del alumnado menor de edad podr\u00e1n intercambiar informaci\u00f3n relativa a la evoluci\u00f3n escolar de sus hijos e hijas con el profesorado que tenga asignada la tutor\u00eda de los mismos de conformidad con lo que a tales efectos se establezca por Orden de la persona titular de la Consejer\u00eda competente en materia de educaci\u00f3n.<\/li>\n<li>l) Mantener una relaci\u00f3n permanente con los padres, madres o representantes legales del alumnado, a fin de facilitar el ejercicio de los derechos reconocidos en el art\u00edculo 10. A tales efectos, el horario dedicado a las entrevistas con los padres, madres o representantes legales del alumnado se fijar\u00e1 de forma que se posibilite la asistencia de los mismos y, en todo caso, en sesi\u00f3n de tarde.<\/li>\n<li>m) Facilitar la integraci\u00f3n de los alumnos y alumnas en el grupo y fomentar su participaci\u00f3n en las actividades del centro.<\/li>\n<li>n) Colaborar, en la forma que se determine en el reglamento de organizaci\u00f3n y funcionamiento, en la gesti\u00f3n del programa de gratuidad de libros de texto.<\/li>\n<\/ol>\n<p>\u00f1) Cualesquiera otras que le sean atribuidas en el plan de orientaci\u00f3n y acci\u00f3n tutorial del centro o por Orden de la persona titular de la Consejer\u00eda competente en materia de educaci\u00f3n.<\/p>\n<ol start=\"3\">\n<li><strong><u> PROGRAMAS A DESARROLLAR PARA EL LOGRO DE LOS OBJETIVOS. <\/u><\/strong><\/li>\n<\/ol>\n<p>3.1<strong> Criterios para la orientaci\u00f3n y tutor\u00eda del alumnado establecidos por el Claustro<\/strong><\/p>\n<ul>\n<li>Cada profesor\/a desde su \u00e1rea, debe tutelar el proceso de aprendizaje de cada alumno o alumna.<\/li>\n<li>Atender\u00e1 las necesidades educativas espec\u00edficas de cada alumno o alumna en su \u00e1rea.<\/li>\n<li>Atender\u00e1 a la formaci\u00f3n integral de cada alumno o alumna, m\u00e1s all\u00e1 de la mera instrucci\u00f3n en conocimientos sobre cada disciplina.<\/li>\n<li>Apoyar\u00e1 al alumnado sobre la mejor manera de estudiar cada \u00e1rea.<\/li>\n<li>Facilitar\u00e1 que todo el alumnado est\u00e9 integrado en el grupo.<\/li>\n<li>Habr\u00e1 coordinaci\u00f3n entre el Orientador\/a, Profesor\/a tutor\/a y Equipos Docentes para aportar informaci\u00f3n y apoyo.<\/li>\n<li>Se favorecer\u00e1 la autoestima del alumnado.<\/li>\n<li>Se atender\u00e1n las demandas y sugerencias del alumnado.<\/li>\n<li>Se orientar\u00e1 en la formaci\u00f3n en valores.<\/li>\n<li>Se potenciar\u00e1 la colaboraci\u00f3n de todo el profesorado para la atenci\u00f3n del alumnado.<\/li>\n<\/ul>\n<p>3.2<strong> Programa de actividades de tutor\u00eda<\/strong><\/p>\n<table width=\"716\">\n<tbody>\n<tr>\n<td width=\"121\"><strong>Temporalizaci\u00f3n<\/strong><\/td>\n<td width=\"198\"><strong>Acciones con el alumnado<\/strong><\/td>\n<td width=\"227\"><strong>Acciones con el profesorado<\/strong><\/td>\n<td width=\"170\"><strong>Acciones con las familias<\/strong><\/td>\n<\/tr>\n<tr>\n<td width=\"121\"><strong>Septiembre<\/strong><\/td>\n<td width=\"198\">&nbsp;<\/p>\n<p>&#8211; Recepci\u00f3n y acogida del alumnado. Integraci\u00f3n del alumnado nuevo.<\/p>\n<p><em>&nbsp;<\/em><\/p>\n<p><em>&#8211; <\/em>Organizar el funcionamiento del aula: normas de clase, derechos, deberes, horarios\u2026<\/p>\n<p>&nbsp;<\/p>\n<p>&#8211; Actividades de repaso. Evaluaci\u00f3n inicial.<\/p>\n<p>\u00b7&nbsp;&nbsp;&nbsp;&nbsp;&nbsp;&nbsp;&nbsp;&nbsp; Pruebas iniciales.<\/p>\n<p>\u00b7&nbsp;&nbsp;&nbsp;&nbsp;&nbsp;&nbsp;&nbsp;&nbsp; Observaci\u00f3n directa.<\/p>\n<p>\u00b7&nbsp;&nbsp;&nbsp;&nbsp;&nbsp;&nbsp;&nbsp;&nbsp; Expediente acad\u00e9mico del alumnado.<\/p>\n<p>&nbsp;<\/p>\n<p>&nbsp;<\/td>\n<td width=\"227\">&nbsp;<\/p>\n<p>&#8211; Plan de reuniones elaborado por la Jefatura de Estudios.<\/p>\n<p><strong>&nbsp;<\/strong><\/p>\n<p><strong>&nbsp;&#8211; <\/strong>Examen del expediente personal del alumnado: an\u00e1lisis de los informes individualizados. Entrevista con anterior tutor\/a del grupo, si es posible.<\/p>\n<p>&nbsp;<\/p>\n<p>-Fijar l\u00edneas de actuaci\u00f3n comunes.<\/p>\n<p>&nbsp;<\/p>\n<p>-Transmitir a todo el profesorado del grupo todas aquellas informaciones relevantes&nbsp; sobre el alumnado.<\/p>\n<p>&nbsp;<\/p>\n<p>Trabajo en el Equipo de Ciclo: Planificaci\u00f3n de las actividades de repaso y del proceso de evaluaci\u00f3n inicial.<\/td>\n<td width=\"170\">&nbsp;<\/p>\n<p>&#8211;<strong>Tutor\u00edas<\/strong>: reuni\u00f3n general con los padres \/ madres reuni\u00f3n de comienzos de curso.<\/p>\n<p>&nbsp;<\/p>\n<p>&#8211; Cumplimentaci\u00f3n del Acta de Tutor\u00eda General.<\/p>\n<p>&nbsp;<\/p>\n<p>&#8211; Entrevistas: Recopilaci\u00f3n de informaci\u00f3n con las familias de alumnado de nueva incorporaci\u00f3n.<\/td>\n<\/tr>\n<tr>\n<td width=\"121\"><strong>Octubre<\/strong><\/td>\n<td width=\"198\">&nbsp;<\/p>\n<p>-Elecci\u00f3n de delegado\/a \u2013subdelegado\/a.<\/p>\n<p>&nbsp;<\/p>\n<p>-Comienzo de la decoraci\u00f3n del aula, a criterio de cada tutor\/a.<\/p>\n<p>&nbsp;<\/p>\n<p>-T\u00e9cnicas de Estudio.<\/p>\n<p>&nbsp;<\/p>\n<p>&nbsp;<\/p>\n<p>&nbsp;<\/p>\n<p>&nbsp;<\/p>\n<p>&nbsp;<\/td>\n<td width=\"227\">&nbsp;<\/p>\n<p>-Plan de reuniones elaborado por la Jefatura de Estudios.<\/p>\n<p>&nbsp;<\/p>\n<p>&#8211;<strong>Equipo docente<\/strong>: evaluaci\u00f3n inicial.<\/p>\n<p>\u00b7&nbsp;&nbsp;&nbsp;&nbsp;&nbsp;&nbsp;&nbsp;&nbsp; An\u00e1lisis de los resultados.<\/p>\n<p>\u00b7&nbsp;&nbsp;&nbsp;&nbsp;&nbsp;&nbsp;&nbsp;&nbsp; Determinaci\u00f3n del alumnado objeto de apoyo educativo\/PROA.<\/p>\n<p>\u00b7&nbsp;&nbsp;&nbsp;&nbsp;&nbsp;&nbsp;&nbsp;&nbsp; Informaci\u00f3n relevante del alumnado del grupo para su transmisi\u00f3n a las familias.<\/p>\n<p>\u00b7&nbsp;&nbsp;&nbsp;&nbsp;&nbsp;&nbsp;&nbsp;&nbsp; Transmisi\u00f3n de los resultados y an\u00e1lisis de los resultados a la coordinaci\u00f3n de ciclo para su exposici\u00f3n en ETCP.<\/p>\n<p>\u00b7&nbsp;&nbsp;&nbsp;&nbsp;&nbsp;&nbsp;&nbsp;&nbsp; Derivaci\u00f3n al EOE alumnado con NEE y NEAE-Protocolos de derivaci\u00f3n.<\/p>\n<p>&nbsp;<\/p>\n<p>-Determinaci\u00f3n de los programas de intervenci\u00f3n ofrecidos por el EOE de la zona.<\/p>\n<p>&nbsp;<\/p>\n<p>-Trabajo de ciclo: elaboraci\u00f3n de las programaciones did\u00e1cticas.<\/p>\n<p>&nbsp;<\/p>\n<p>-Coordinaci\u00f3n peri\u00f3dica con el equipo docente.<\/p>\n<p><strong>&nbsp;<\/strong><\/td>\n<td width=\"170\">&nbsp;<\/p>\n<p>&#8211;<strong>Tutor\u00edas<\/strong>. Cumplimentaci\u00f3n del acta de tutor\u00eda.<\/td>\n<\/tr>\n<tr>\n<td width=\"121\"><strong>Noviembre<\/strong><\/td>\n<td width=\"198\">&nbsp;<\/p>\n<p>-Dar a conocer el Plan de Autoprotecci\u00f3n.<\/p>\n<p>&nbsp;<\/p>\n<p>-T\u00e9cnicas de estudio<\/p>\n<p>&nbsp;<\/p>\n<p>-Ensayo simulacro Plan de Autoprotecci\u00f3n.<\/td>\n<td width=\"227\">&nbsp;<\/p>\n<p>-Plan de reuniones elaborado por la Jefatura de Estudios.<\/p>\n<p>&nbsp;<\/p>\n<p>&nbsp;<\/p>\n<p>-Trabajo en equipo de ciclo.<\/p>\n<p>&nbsp;<\/p>\n<p>-Coordinaci\u00f3n peri\u00f3dica con el equipo docente.<\/p>\n<p>&nbsp;<\/td>\n<td width=\"170\">&nbsp;<\/p>\n<p>&#8211;<strong>Tutor\u00edas<\/strong>. Cumplimentaci\u00f3n del acta de tutor\u00eda.<\/td>\n<\/tr>\n<tr>\n<td width=\"121\"><strong>Diciembre<\/strong><\/td>\n<td width=\"198\">&nbsp;<\/p>\n<p>-Evaluaci\u00f3n del proceso de ense\u00f1anza-aprendizaje<\/td>\n<td width=\"227\">&nbsp;<\/p>\n<p>-Plan de reuniones elaborado por la Jefatura de Estudios.<\/p>\n<p>&nbsp;<\/p>\n<p>&#8211; Coordinar calendario pruebas de evaluaci\u00f3n del grupo: Coordinaci\u00f3n peri\u00f3dica con el equipo docente.<\/p>\n<p>&nbsp;<\/p>\n<p>&#8211;<strong>Equipo docente<\/strong>: Sesi\u00f3n de evaluaci\u00f3n primer trimestre.<\/p>\n<p>\u00b7&nbsp;&nbsp;&nbsp;&nbsp;&nbsp;&nbsp;&nbsp;&nbsp; Informaci\u00f3n relevante del alumnado del grupo para su transmisi\u00f3n a las familias.<\/p>\n<p>\u00b7&nbsp;&nbsp;&nbsp;&nbsp;&nbsp;&nbsp;&nbsp;&nbsp; Transmisi\u00f3n de los resultados y an\u00e1lisis de los resultados a la coordinaci\u00f3n de ciclo para su exposici\u00f3n en ETCP.<\/p>\n<p>\u00b7&nbsp;&nbsp;&nbsp;&nbsp;&nbsp;&nbsp;&nbsp;&nbsp; Derivaci\u00f3n al EOE alumnado con NEE y NEAE-Protocolos de derivaci\u00f3n.<\/p>\n<p>&nbsp;<\/td>\n<td width=\"170\">&nbsp;<\/p>\n<p>&#8211;<strong>Tutor\u00edas<\/strong>: Entrega de boletines de notas correspondientes a la primera evaluaci\u00f3n. Informaci\u00f3n &nbsp;sobre el rendimiento acad\u00e9mico y disciplinario del alumnado.<\/p>\n<p>&nbsp;<\/p>\n<p>&nbsp;<\/p>\n<p>&nbsp;<\/p>\n<p>&nbsp;<\/td>\n<\/tr>\n<tr>\n<td width=\"121\"><strong>Enero<\/strong><\/td>\n<td width=\"198\">&nbsp;<\/p>\n<p>-T\u00e9cnicas de estudio<\/p>\n<p>&nbsp;<\/p>\n<p>-Ensayo simulacro Plan de Autoprotecci\u00f3n.<\/td>\n<td width=\"227\">&nbsp;<\/p>\n<p>-Plan de reuniones elaborado por la Jefatura de Estudios.<\/p>\n<p>&nbsp;<\/p>\n<p>&#8211; An\u00e1lisis y valoraci\u00f3n de los resultados acad\u00e9micos de la primera evaluaci\u00f3n.<\/p>\n<p>&nbsp;<\/p>\n<p>-Coordinaci\u00f3n peri\u00f3dica con el equipo docente.<\/p>\n<p>&nbsp;<\/td>\n<td width=\"170\">&nbsp;<\/p>\n<p>&#8211;<strong>Tutor\u00edas<\/strong>. Cumplimentaci\u00f3n del acta de tutor\u00eda.<\/p>\n<p>&nbsp;<\/p>\n<p>&nbsp;<\/p>\n<p>&nbsp;<\/td>\n<\/tr>\n<tr>\n<td width=\"121\"><strong>Febrero<\/strong><\/td>\n<td width=\"198\">&nbsp;<\/p>\n<p>-T\u00e9cnicas de estudio<\/td>\n<td width=\"227\">&nbsp;<\/p>\n<p>-Plan de reuniones elaborado por la Jefatura de Estudios.<\/p>\n<p>&nbsp;<\/p>\n<p>-Coordinaci\u00f3n peri\u00f3dica con el equipo docente.<\/p>\n<p>&nbsp;<\/td>\n<td width=\"170\">&nbsp;<\/p>\n<p>&#8211;<strong>Tutor\u00edas<\/strong>. Cumplimentaci\u00f3n del acta de tutor\u00eda.<\/p>\n<p>&nbsp;<\/td>\n<\/tr>\n<tr>\n<td width=\"121\"><strong>Marzo<\/strong><\/td>\n<td width=\"198\">&nbsp;<\/p>\n<p>-T\u00e9cnicas de estudio<\/p>\n<p>&nbsp;<\/p>\n<p>-Ensayo simulacro Plan de Autoprotecci\u00f3n.<\/td>\n<td width=\"227\">&nbsp;<\/p>\n<p>-Plan de reuniones elaborado por la Jefatura de Estudios.<\/p>\n<p>&nbsp;<\/p>\n<p>-Coordinaci\u00f3n peri\u00f3dica con el equipo docente. Coordinar calendario pruebas de evaluaci\u00f3n del grupo.<\/p>\n<p>&nbsp;<\/p>\n<p>&#8211;<strong>Equipo docente<\/strong> :Sesi\u00f3n de evaluaci\u00f3n segundo trimestre:<\/p>\n<p>&nbsp;<\/p>\n<p>\u00b7&nbsp;&nbsp;&nbsp;&nbsp;&nbsp;&nbsp;&nbsp;&nbsp; Transmisi\u00f3n de informaci\u00f3n relevante del alumnado del grupo para su transmisi\u00f3n a las familias.<\/p>\n<p>\u00b7&nbsp;&nbsp;&nbsp;&nbsp;&nbsp;&nbsp;&nbsp;&nbsp; Transmisi\u00f3n de los resultados y an\u00e1lisis de los resultados a la coordinaci\u00f3n de ciclo para su exposici\u00f3n en ETCP<\/p>\n<p>\u00b7&nbsp;&nbsp;&nbsp;&nbsp;&nbsp;&nbsp;&nbsp;&nbsp; Derivaci\u00f3n al EOE alumnado con NEE y NEAE-Protocolos de derivaci\u00f3n con vistas al curso siguiente.<\/p>\n<p>&nbsp;<\/p>\n<p>-An\u00e1lisis y valoraci\u00f3n de los resultados acad\u00e9micos de la segunda evaluaci\u00f3n.<\/p>\n<p>&nbsp;<\/td>\n<td width=\"170\">&nbsp;<\/p>\n<p>&#8211;<strong>Tutor\u00edas<\/strong>: Entrega de boletines de notas correspondientes a la segunda&nbsp; evaluaci\u00f3n. Informaci\u00f3n sobre el rendimiento acad\u00e9mico y disciplinario del<\/p>\n<p>Alumnado.<\/p>\n<p>&nbsp;<\/p>\n<p>&nbsp;<\/td>\n<\/tr>\n<tr>\n<td width=\"121\"><strong>Abril<\/strong><\/td>\n<td width=\"198\">&nbsp;<\/p>\n<p>-T\u00e9cnicas de estudio<\/p>\n<p>&nbsp;<\/p>\n<p>-Ensayo simulacro Plan de Autoprotecci\u00f3n.<\/p>\n<p>&nbsp;<\/td>\n<td width=\"227\">&nbsp;<\/p>\n<p>-Plan de reuniones elaborado por la Jefatura de Estudios.<\/p>\n<p>&nbsp;<\/p>\n<p>-Coordinaci\u00f3n peri\u00f3dica con el equipo docente<\/td>\n<td width=\"170\">&nbsp;<\/p>\n<p>&#8211;<strong>Tutor\u00edas<\/strong>. Cumplimentaci\u00f3n del acta de tutor\u00eda.<\/p>\n<p>&nbsp;<\/td>\n<\/tr>\n<tr>\n<td width=\"121\"><strong>Mayo<\/strong><\/td>\n<td width=\"198\">&nbsp;<\/p>\n<p>&#8211; T\u00e9cnicas de estudio<\/p>\n<p>&nbsp;<\/td>\n<td width=\"227\">&nbsp;<\/p>\n<p>-Plan de reuniones elaborado por la Jefatura de Estudios.<\/p>\n<p>&nbsp;<\/p>\n<p>-Coordinaci\u00f3n peri\u00f3dica con el equipo docente<\/p>\n<p>&nbsp;<\/td>\n<td width=\"170\">&nbsp;<\/p>\n<p>&#8211;<strong>Tutor\u00edas<\/strong>. Cumplimentaci\u00f3n del acta de tutor\u00eda.<\/p>\n<p>&nbsp;<\/td>\n<\/tr>\n<tr>\n<td width=\"121\"><strong>Junio<\/strong><\/td>\n<td width=\"198\">&nbsp;<\/p>\n<p>-Decisiones sobre la promoci\u00f3n del alumnado.<\/p>\n<p>&nbsp;<\/p>\n<p>-Actividades de repaso y refuerzo periodo vacacional.<\/p>\n<p>&nbsp;<\/td>\n<td width=\"227\">&nbsp;<\/p>\n<p>-Plan de reuniones elaborado por la Jefatura de Estudios.<\/p>\n<p>&nbsp;<\/p>\n<p>-Coordinaci\u00f3n peri\u00f3dica con el equipo docente. Coordinar calendario pruebas de evaluaci\u00f3n del grupo.<\/p>\n<p>&nbsp;<\/p>\n<p>&#8211;<strong>Equipo docente<\/strong>: Sesi\u00f3n de evaluaci\u00f3n del tercer trimestre.<\/p>\n<p>&nbsp;<\/p>\n<p>\u00b7&nbsp;&nbsp;&nbsp;&nbsp;&nbsp;&nbsp;&nbsp;&nbsp; Informaci\u00f3n relevante del alumnado del grupo para su transmisi\u00f3n a las familias.<\/p>\n<p>\u00b7&nbsp;&nbsp;&nbsp;&nbsp;&nbsp;&nbsp;&nbsp;&nbsp; Transmisi\u00f3n de los resultados y an\u00e1lisis de los resultados a la coordinaci\u00f3n de ciclo para su exposici\u00f3n en ETCP.<\/p>\n<p>&nbsp;<\/p>\n<p>-An\u00e1lisis y valoraci\u00f3n de los resultados acad\u00e9micos del tercer trimestre.<\/p>\n<p>&nbsp;<\/p>\n<p>-Cumplimentaci\u00f3n documentaci\u00f3n acad\u00e9mica en S\u00e9neca.<\/p>\n<p>&nbsp;<\/td>\n<td width=\"170\">&nbsp;<\/p>\n<p>&#8211;<strong>Tutor\u00edas<\/strong>: Entrega de boletines de notas correspondientes a la segunda&nbsp; evaluaci\u00f3n. Informaci\u00f3n sobre el rendimiento acad\u00e9mico y disciplinario del<\/p>\n<p>alumnado<\/td>\n<\/tr>\n<\/tbody>\n<\/table>\n<p><strong>&nbsp;<\/strong><\/p>\n<p>3.3<strong> Identificaci\u00f3n y respuesta a alumnado de necesidades espec\u00edficas de apoyo educativo.<\/strong><\/p>\n<table>\n<tbody>\n<tr>\n<td width=\"272\"><strong>Actuaciones<\/strong><\/td>\n<td width=\"246\"><strong>Estrategias y\/o recursos<\/strong><\/td>\n<td width=\"190\"><strong>Responsables<\/strong><\/td>\n<\/tr>\n<tr>\n<td width=\"272\">&nbsp;<\/p>\n<p>-Informaci\u00f3n a la familia sobre la necesidad de una valoraci\u00f3n psicopedag\u00f3gica.<\/td>\n<td width=\"246\">&nbsp;<\/p>\n<p>&#8211; Tutor\u00eda con madres\/padres\/tutores\/as legales<\/td>\n<td width=\"190\"><strong>&nbsp;<\/strong><\/p>\n<p>-Tutor\/a<\/p>\n<p>-Orientador\/a<\/td>\n<\/tr>\n<tr>\n<td width=\"272\">&nbsp;<\/p>\n<p>-Derivaci\u00f3n del alumnado para la realizaci\u00f3n de la valoraci\u00f3n psicopedag\u00f3gica y coordinaci\u00f3n de la recogida de informaci\u00f3n aportada por el profesorado que forma parte del Equipo Docente.<\/td>\n<td width=\"246\">&nbsp;<\/p>\n<p>-Protocolo de derivaci\u00f3n<\/td>\n<td width=\"190\"><strong>&nbsp;<\/strong><\/p>\n<p>&nbsp;<\/p>\n<p>-Tutor\/a<\/p>\n<p>&nbsp;<\/td>\n<\/tr>\n<tr>\n<td width=\"272\">&nbsp;<\/p>\n<p>-Participaci\u00f3n en la valoraci\u00f3n psicopedag\u00f3gica: niveles de competencia curricular, estilo de aprendizaje\u2026<\/td>\n<td width=\"246\">&nbsp;<\/p>\n<p>-Protocolo de derivaci\u00f3n<\/td>\n<td width=\"190\">&nbsp;<\/p>\n<p>-Tutor\/a<\/p>\n<p>-Profesorado<\/td>\n<\/tr>\n<tr>\n<td width=\"272\">&nbsp;<\/p>\n<p>-An\u00e1lisis de la valoraci\u00f3n psicopedag\u00f3gica: toma de decisiones sobre las medidas educativas adoptar.<\/td>\n<td width=\"246\">&nbsp;<\/p>\n<p>-Reuni\u00f3n Equipo Docente<\/td>\n<td width=\"190\">&nbsp;<\/p>\n<p>-Tutor\/a<\/p>\n<p>-Profesorado<\/p>\n<p>-Orientador\/a<\/p>\n<p>-Jefe\/a de Estudios<\/p>\n<p>&nbsp;<\/td>\n<\/tr>\n<tr>\n<td width=\"272\">&nbsp;<\/p>\n<p>-Informaci\u00f3n a la familia sobre la valoraci\u00f3n psicopedag\u00f3gica y las medidas a adoptar en el \u00e1mbito educativo y familiar.<\/td>\n<td width=\"246\">&nbsp;<\/p>\n<p>-Entrevistas con las madres\/padres\/tutores\/as legales.<\/p>\n<p>-Orientaciones sobre la intervenci\u00f3n en el \u00e1mbito familiar.<\/td>\n<td width=\"190\"><strong>&nbsp;<\/strong><\/p>\n<p>&nbsp;<\/p>\n<p>-Tutor\/a<\/p>\n<p>-Orientador\/a<\/p>\n<p>&nbsp;<\/p>\n<p><strong>&nbsp;<\/strong><\/td>\n<\/tr>\n<tr>\n<td width=\"272\">&nbsp;<\/p>\n<p>-Coordinaci\u00f3n para la elaboraci\u00f3n de las adaptaciones curriculares cuando proceda (ACNS, ACS).<\/td>\n<td width=\"246\">&nbsp;<\/p>\n<p>-Reuniones de trabajo<\/td>\n<td width=\"190\"><strong>&nbsp;<\/strong><\/p>\n<p>&nbsp;<\/p>\n<p>-Tutor\/a<\/p>\n<p>&nbsp;<\/p>\n<p><strong>&nbsp;<\/strong><\/td>\n<\/tr>\n<tr>\n<td width=\"272\">-Realizaci\u00f3n de las ACNS y ACS en la aplicaci\u00f3n S\u00e9neca.<\/td>\n<td width=\"246\">-Reuniones de trabajo<\/td>\n<td width=\"190\">-Tutor\/a<\/p>\n<p><strong>&#8211;<\/strong>Profesorado<\/td>\n<\/tr>\n<tr>\n<td width=\"272\">Coordinaci\u00f3n entre el profesorado que atiende al alumnado<\/td>\n<td width=\"246\">-Reuniones equipos docentes<\/td>\n<td width=\"190\">-Tutor\/a<\/p>\n<p><strong>&#8211;<\/strong>Profesorado<\/td>\n<\/tr>\n<tr>\n<td width=\"272\">-Seguimiento de la evoluci\u00f3n del alumnado<\/td>\n<td width=\"246\">&nbsp;<\/td>\n<td width=\"190\">-Tutor\/a<\/p>\n<p><strong>&#8211;<\/strong>Profesorado<\/p>\n<p>-Orientador\/a<\/p>\n<p>-Jefe\/a de Estudios<\/td>\n<\/tr>\n<\/tbody>\n<\/table>\n<p><strong>&nbsp;<\/strong><\/p>\n<p>4.-<strong> <u>L\u00cdNEAS GENERALES PARA LA ACOGIDA Y EL TR\u00c1NSITO ENTRE ETAPAS<\/u><\/strong><\/p>\n<ol>\n<li>A) <strong>MEDIDAS DE ACOGIDA PARA EL ALUMNADO DE NUEVO INGRESO EN EDUCACI\u00d3N PRIMARIA<\/strong><\/li>\n<\/ol>\n<p><strong><u>Actividades de primera toma de contacto<\/u><\/strong><\/p>\n<table>\n<tbody>\n<tr>\n<td width=\"432\"><strong>Actividad<\/strong><\/td>\n<td width=\"180\"><strong>Agentes<\/strong><\/td>\n<td width=\"95\"><strong>Temporizaci\u00f3n<\/strong><\/td>\n<\/tr>\n<tr>\n<td width=\"432\">&nbsp;<\/p>\n<p>-Visita de los alumnos\/as de Ed. Infantil de cinco a\u00f1os del CEI adscrito \u201cPr\u00edncipe de Asturias\u201d al centro para la celebraci\u00f3n del D\u00eda de Navidad.( Siempre que las circunstancias lo permitan).<\/p>\n<p>&nbsp;<\/td>\n<td width=\"180\">&nbsp;<\/p>\n<p>&#8211; Maestros\/as de Ed. Infantil y de primer ciclo de primaria.<\/p>\n<p>-Equipo Directivo.<\/td>\n<td width=\"95\">&nbsp;<\/p>\n<p>-Diciembre.<\/td>\n<\/tr>\n<tr>\n<td width=\"432\">&nbsp;<\/p>\n<p>-Visita de los alumnos\/as de Ed. Infantil de cinco a\u00f1os del CEI adscrito \u201cPr\u00edncipe de Asturias\u201d al centro para la celebraci\u00f3n del D\u00eda de Andaluc\u00eda para participar en el desayuno andaluz ( Siempre que las circunstancias lo permitan).<\/p>\n<p>&nbsp;<\/td>\n<td width=\"180\">&nbsp;<\/p>\n<p>&#8211; Maestros\/as de Ed. Infantil y de primer ciclo de primaria.<\/p>\n<p>-Equipo Directivo.<\/td>\n<td width=\"95\">&nbsp;<\/p>\n<p>-Febrero.<\/p>\n<p>&nbsp;<\/p>\n<p>&nbsp;<\/td>\n<\/tr>\n<tr>\n<td width=\"432\">&nbsp;<\/p>\n<p>-Visita de los alumnos\/as de Ed. Infantil de cinco a\u00f1os del CEI \u201cPr\u00edncipe de Asturias\u201d al centro para:<\/p>\n<p>\u00b7&nbsp;&nbsp;&nbsp;&nbsp;&nbsp;&nbsp;&nbsp; Conocer las aulas de primer ciclo.<\/p>\n<p>\u00b7&nbsp;&nbsp;&nbsp;&nbsp;&nbsp;&nbsp;&nbsp; Participar en actividades organizadas por el profesorado de primer ciclo.<\/p>\n<p>&nbsp;<\/td>\n<td width=\"180\">&nbsp;<\/p>\n<p>&#8211; Maestros\/as de Ed. Infantil y de primer ciclo de primaria.<\/p>\n<p>-Equipo Directivo.<\/td>\n<td width=\"95\">&nbsp;<\/p>\n<p>&nbsp;<\/p>\n<p>-Mayo\/junio<\/td>\n<\/tr>\n<\/tbody>\n<\/table>\n<p><strong>&nbsp;<\/strong><\/p>\n<p><strong>&nbsp;<\/strong><\/p>\n<p><strong>&nbsp;<\/strong><\/p>\n<p><strong><u>Actividades de acogida a familias<\/u><\/strong><\/p>\n<table>\n<tbody>\n<tr>\n<td width=\"432\"><strong>Actividad<\/strong><\/td>\n<td width=\"180\"><strong>Agentes<\/strong><\/td>\n<td width=\"95\"><strong>Temporizaci\u00f3n<\/strong><\/td>\n<\/tr>\n<tr>\n<td width=\"432\">&nbsp;<\/p>\n<p>&#8211;&nbsp;&nbsp;&nbsp;&nbsp;&nbsp;&nbsp;&nbsp;&nbsp;&nbsp; <strong>Charlas a padres\/madres<\/strong>:<\/p>\n<p>&#8211;&nbsp;&nbsp;&nbsp;&nbsp;&nbsp;&nbsp;&nbsp;&nbsp;&nbsp; Presentaci\u00f3n de los miembros del Equipo Directivo y de los maestros\/as de primer ciclo.<\/p>\n<p>&#8211;&nbsp;&nbsp;&nbsp;&nbsp;&nbsp;&nbsp;&nbsp;&nbsp;&nbsp; Informaci\u00f3n de la vida del centro y las normas del mismo<\/p>\n<p>&nbsp;<\/td>\n<td width=\"180\">&nbsp;<\/p>\n<p>&#8211;&nbsp;&nbsp;&nbsp;&nbsp;&nbsp;&nbsp;&nbsp;&nbsp;&nbsp; Maestros\/as de primer ciclo de &nbsp;primaria, Equipo directivo, Miembros del EOE, AMPA y familias.<\/td>\n<td width=\"95\">&nbsp;<\/p>\n<p>-Mayo\/junio<\/td>\n<\/tr>\n<tr>\n<td width=\"432\">&nbsp;<\/p>\n<p>&#8211;&nbsp;&nbsp;&nbsp;&nbsp;&nbsp;&nbsp;&nbsp;&nbsp;&nbsp; Reuni\u00f3n inicial con las familias: Asesoramiento sobre h\u00e1bitos de trabajo y desarrollo evolutivo de sus hijos\/as.<\/p>\n<p>&#8211;&nbsp;&nbsp;&nbsp;&nbsp;&nbsp;&nbsp;&nbsp;&nbsp;&nbsp; Elecci\u00f3n del delegado\/a y subdelegada del grupo clase.<\/p>\n<p>&nbsp;<\/td>\n<td width=\"180\">&nbsp;<\/p>\n<p>&#8211;&nbsp;&nbsp;&nbsp;&nbsp;&nbsp;&nbsp;&nbsp;&nbsp;&nbsp; Tutores\/as<\/td>\n<td width=\"95\">-Septiembre\/Octubre<\/p>\n<p>&nbsp;<\/td>\n<\/tr>\n<\/tbody>\n<\/table>\n<p><strong><u>&nbsp;<\/u><\/strong><\/p>\n<p><strong><u>Actividades de acogida al alumnado<\/u><\/strong><\/p>\n<table>\n<tbody>\n<tr>\n<td width=\"432\"><strong>Actividades<\/strong><\/td>\n<td width=\"132\"><strong>Agentes<\/strong><\/td>\n<td width=\"142\"><strong>Temporizaci\u00f3n<\/strong><\/td>\n<\/tr>\n<tr>\n<td width=\"432\"><strong>&nbsp;<\/strong><\/p>\n<p><strong>a)&nbsp;&nbsp;&nbsp;&nbsp;&nbsp; <\/strong><strong>Antes de comenzar las clases lectivas<\/strong><\/p>\n<p>&nbsp;<\/p>\n<p>-Los tutores\/as examinar\u00e1n los informes individualizados del curso anterior e informar\u00e1n al profesorado especialista<\/p>\n<p>&nbsp;<\/p>\n<p>-Organizaci\u00f3n del aula: disposici\u00f3n de pupitres, carteler\u00eda\u2026<\/p>\n<p>&nbsp;<\/p>\n<p><strong>b)&nbsp;&nbsp;&nbsp;&nbsp;&nbsp; <\/strong><strong>En los primeros d\u00edas de clase<\/strong><\/p>\n<p><strong>&nbsp;<\/strong><\/p>\n<p><strong>Primer Ciclo de Primaria.<\/strong><\/p>\n<p><strong>&nbsp;<\/strong><\/p>\n<p>&#8211; Actividades a desarrollar en el aula:<\/p>\n<p>&nbsp;<\/p>\n<p>\u00b7&nbsp;&nbsp;&nbsp;&nbsp;&nbsp;&nbsp;&nbsp;&nbsp; Cada alumno\/a se sienta en el pupitre asignado por el \/la tutor\/a.<\/p>\n<p>\u00b7&nbsp;&nbsp;&nbsp;&nbsp;&nbsp;&nbsp;&nbsp;&nbsp; Presentaci\u00f3n del profesorado tutor y especialista.<\/p>\n<p>\u00b7&nbsp;&nbsp;&nbsp;&nbsp;&nbsp;&nbsp;&nbsp;&nbsp; Si el tutor\/a es nuevo\/a pasa lista para ir conociendo al alumnado del grupo.<\/p>\n<p>\u00b7&nbsp;&nbsp;&nbsp;&nbsp;&nbsp;&nbsp;&nbsp;&nbsp; Se establecen las normas de centro y aula.<\/p>\n<p>\u00b7&nbsp;&nbsp;&nbsp;&nbsp;&nbsp;&nbsp;&nbsp;&nbsp; Actividades de cohesi\u00f3n grupal: saludos, encuentros y presentaci\u00f3n de compa\u00f1eros y compa\u00f1eras de nueva incorporaci\u00f3n.<\/p>\n<p>\u00b7&nbsp;&nbsp;&nbsp;&nbsp;&nbsp;&nbsp;&nbsp;&nbsp; Tarea de concienciaci\u00f3n al alumnado para cumplir con las medidas higi\u00e9nicas y de limitaci\u00f3n de contactos para hacer frente al COVID-19 o a cualquier otro virus.<\/p>\n<p>\u00b7&nbsp;&nbsp;&nbsp;&nbsp;&nbsp;&nbsp;&nbsp;&nbsp; Conocimiento del centro y sus dependencias, en el caso del alumnado de primero.<\/p>\n<p>\u00b7&nbsp;&nbsp;&nbsp;&nbsp;&nbsp;&nbsp;&nbsp;&nbsp; Nombramiento del delegado\/a y subdelegado\/a de clase.<\/p>\n<p>\u00b7&nbsp;&nbsp;&nbsp;&nbsp;&nbsp;&nbsp;&nbsp;&nbsp; Horario de clase.<\/p>\n<p>&nbsp;<\/p>\n<p>&nbsp;<\/p>\n<p><strong>Segundo Ciclo de Primaria<\/strong><\/p>\n<p><strong>&nbsp;<\/strong><\/p>\n<p>-Actividades a desarrollar en el aula:<\/p>\n<p>&nbsp;<\/p>\n<p>\u00b7&nbsp;&nbsp;&nbsp;&nbsp;&nbsp;&nbsp;&nbsp;&nbsp; Cada alumno\/a se sienta en el pupitre asignado por el \/la tutor\/a.<\/p>\n<p>\u00b7&nbsp;&nbsp;&nbsp;&nbsp;&nbsp;&nbsp;&nbsp;&nbsp; Saludos en clase.<\/p>\n<p>\u00b7&nbsp;&nbsp;&nbsp;&nbsp;&nbsp;&nbsp;&nbsp;&nbsp; Si el tutor\/a es nuevo\/a, se presenta y pasa lista para ir conociendo al alumnado de su grupo.<\/p>\n<p>\u00b7&nbsp;&nbsp;&nbsp;&nbsp;&nbsp;&nbsp;&nbsp;&nbsp; Presentaci\u00f3n al grupo, si lo hubiere, del alumnado de nuevo ingreso.<\/p>\n<p>\u00b7&nbsp;&nbsp;&nbsp;&nbsp;&nbsp;&nbsp;&nbsp;&nbsp; Se establecen las normas de clase y se recuerdan las normas del centro.<\/p>\n<p>\u00b7&nbsp;&nbsp;&nbsp;&nbsp;&nbsp;&nbsp;&nbsp;&nbsp; El tutor\/a reparte el horario de clase del grupo y reparte el listado de material escolar.<\/p>\n<p>\u00b7&nbsp;&nbsp;&nbsp;&nbsp;&nbsp;&nbsp;&nbsp;&nbsp; Nombramiento del delegado\/a y subdelegado\/a de clase<\/p>\n<p>\u00b7&nbsp;&nbsp;&nbsp;&nbsp;&nbsp;&nbsp;&nbsp;&nbsp; Tarea de concienciaci\u00f3n al alumnado para cumplir con las medidas higi\u00e9nicas y de limitaci\u00f3n de contactos para hacer frente al COVID-19 o a cualquier otro virus.<\/p>\n<p><strong>&nbsp;<\/strong><\/p>\n<p><strong>Tercer Ciclo de Primaria<\/strong><\/p>\n<p>&nbsp;<\/p>\n<p>-Actividades a desarrollar en el aula:<\/p>\n<p>&nbsp;<\/p>\n<p>\u00b7&nbsp;&nbsp;&nbsp;&nbsp;&nbsp;&nbsp;&nbsp;&nbsp; Se presenta el\/la tutor\/a, si es nuevo\/a.<\/p>\n<p>\u00b7&nbsp;&nbsp;&nbsp;&nbsp;&nbsp;&nbsp;&nbsp;&nbsp; Saludos de bienvenida<\/p>\n<p>\u00b7&nbsp;&nbsp;&nbsp;&nbsp;&nbsp;&nbsp;&nbsp;&nbsp; Cada alumno\/a se sienta en el pupitre asignado por el tutor\/a. Se puede dar opci\u00f3n a que se sienten seg\u00fan preferencia.<\/p>\n<p>\u00b7&nbsp;&nbsp;&nbsp;&nbsp;&nbsp;&nbsp;&nbsp;&nbsp; Conversamos sobre nuestras vacaciones.<\/p>\n<p>\u00b7&nbsp;&nbsp;&nbsp;&nbsp;&nbsp;&nbsp;&nbsp;&nbsp; Entrega de la lista de material necesario para el curso.<\/p>\n<p>\u00b7&nbsp;&nbsp;&nbsp;&nbsp;&nbsp;&nbsp;&nbsp;&nbsp; Se entrega el horario.<\/p>\n<p>\u00b7&nbsp;&nbsp;&nbsp;&nbsp;&nbsp;&nbsp;&nbsp;&nbsp; Elecci\u00f3n de los\/as delegados\/as y subdelegados\/as de clase.<\/p>\n<p>\u00b7&nbsp;&nbsp;&nbsp;&nbsp;&nbsp;&nbsp;&nbsp;&nbsp; Exposici\u00f3n de las actividades extraescolares que se van a realizar y de los criterios de evaluaci\u00f3n y promoci\u00f3n establecidos.<\/p>\n<p>\u00b7&nbsp;&nbsp;&nbsp;&nbsp;&nbsp;&nbsp;&nbsp;&nbsp; Tarea de concienciaci\u00f3n al alumnado para cumplir con las medidas higi\u00e9nicas y de limitaci\u00f3n de contactos para hacer frente al COVID-19 o a cualquier otro virus.<\/p>\n<p>&nbsp;<\/td>\n<td width=\"132\">&nbsp;<\/p>\n<p>-Maestros\/as, familias y alumnos\/as.<\/td>\n<td width=\"142\">&nbsp;<\/p>\n<p>-Septiembre\/octubre<\/td>\n<\/tr>\n<tr>\n<td width=\"432\">&nbsp;<\/p>\n<p>&#8211; <strong>Evaluaci\u00f3n inicial<\/strong>:<\/p>\n<p>\u00b7&nbsp;&nbsp;&nbsp;&nbsp;&nbsp;&nbsp;&nbsp;&nbsp; Se valoran las aptitudes y habilidades b\u00e1sicas de los alumnos\/as. Se determina el nivel competencial del alumnado.<\/p>\n<p>\u00b7&nbsp;&nbsp;&nbsp;&nbsp;&nbsp;&nbsp;&nbsp;&nbsp; Para el alumnado que se incorpore una vez comenzado el curso:<\/p>\n<p>&#8211;&nbsp;&nbsp;&nbsp;&nbsp;&nbsp;&nbsp;&nbsp;&nbsp;&nbsp; Se esperar\u00e1 a recibir la documentaci\u00f3n oportuna del centro de procedencia: Historial Acad\u00e9mico e Informe por traslado. En el caso de que necesite apoyo y refuerzo educativo se actuar\u00e1 seg\u00fan lo previsto en el Plan de Atenci\u00f3n a la Diversidad. Ello implicar\u00e1, en todo caso que se re\u00fana el equipo decente correspondiente para:<\/p>\n<p>&#8211;&nbsp;&nbsp;&nbsp;&nbsp;&nbsp;&nbsp;&nbsp;&nbsp;&nbsp; Determinar o no la necesidad de realizar una adaptaci\u00f3n curricular.<\/p>\n<p>&#8211;&nbsp;&nbsp;&nbsp;&nbsp;&nbsp;&nbsp;&nbsp;&nbsp;&nbsp; Realizar, en su caso, propuestas de apoyo educativo que se estimen oportunas, de las que se informar\u00e1 inmediatamente a la Jefatura de Estudios.<\/p>\n<p>&#8211;&nbsp;&nbsp;&nbsp;&nbsp;&nbsp;&nbsp;&nbsp;&nbsp;&nbsp; De las decisiones adoptadas, el tutor\/a dar\u00e1 cuenta a las familias.<\/td>\n<td width=\"132\">&nbsp;<\/p>\n<p>-Maestros\/as<\/td>\n<td width=\"142\">&nbsp;<\/p>\n<p>-Septiembre\/octubre<\/td>\n<\/tr>\n<\/tbody>\n<\/table>\n<p><strong><u>&nbsp;<\/u><\/strong><\/p>\n<p><strong><u>Actividades y medidas a organizar por el centro<\/u><\/strong><\/p>\n<table>\n<tbody>\n<tr>\n<td width=\"432\"><strong>Actividad<\/strong><\/td>\n<td width=\"132\"><strong>Agentes<\/strong><\/td>\n<td width=\"142\"><strong>Temporizaci\u00f3n<\/strong><\/td>\n<\/tr>\n<tr>\n<td width=\"432\">&nbsp;<\/p>\n<p>-Reuni\u00f3n de coordinaci\u00f3n del primer ciclo de Primaria: unificaci\u00f3n de criterios pedag\u00f3gicos, an\u00e1lisis de los informes individualizados de Educaci\u00f3n Infantil, ajuste de la respuesta educativa de los alumnos\/as y propuesta de desarrollo de programas durante el curso.<\/p>\n<p>&nbsp;<\/p>\n<p>&nbsp;<\/p>\n<p>&nbsp;<\/td>\n<td width=\"132\">&nbsp;<\/p>\n<p>-Maestros\/as de primer ciclo, EOE y Equipo Directivo.<\/td>\n<td width=\"142\">&nbsp;<\/p>\n<p>-Septiembre\/Octubre<\/td>\n<\/tr>\n<tr>\n<td width=\"432\">&nbsp;<\/p>\n<p>&#8211; <strong>En el caso de alumnado extranjero<\/strong>:<\/p>\n<p>\u00b7&nbsp;&nbsp;&nbsp;&nbsp;&nbsp;&nbsp;&nbsp;&nbsp; Crear un ambiente escolar en el que el nuevo alumnado y sus familias se sientan bien acogidos.<\/p>\n<p>\u00b7&nbsp;&nbsp;&nbsp;&nbsp;&nbsp;&nbsp;&nbsp;&nbsp; Ense\u00f1arle las instalaciones del centro.<\/p>\n<p>\u00b7&nbsp;&nbsp;&nbsp;&nbsp;&nbsp;&nbsp;&nbsp;&nbsp; Establecer en clase un clima lo m\u00e1s agradable posible que favorezca su adaptaci\u00f3n y la interrelaci\u00f3n con el resto de compa\u00f1eros\/as.<\/p>\n<p>\u00b7&nbsp;&nbsp;&nbsp;&nbsp;&nbsp;&nbsp;&nbsp;&nbsp; Evitar en todo momento la tendencia al autoaislamiento. Para ello se designar\u00e1 alumnado que tratar\u00e1 en todo momento de empatizar con el nuevo alumnado.<\/td>\n<td width=\"132\">-Equipo Directivo<\/p>\n<p>-Tutores\/as.<\/td>\n<td width=\"142\">-Septiembre\/Octubre<\/td>\n<\/tr>\n<tr>\n<td width=\"432\">&nbsp;<\/p>\n<p><strong>-En el caso del alunado que llegue al centro un vez comenzado el curso:<\/strong><\/p>\n<p>\u00b7&nbsp;&nbsp;&nbsp;&nbsp;&nbsp;&nbsp;&nbsp;&nbsp; La recepci\u00f3n tendr\u00e1 lugar en la Secretar\u00eda o despacho de la Jefatura de Estudios o despacho de Direcci\u00f3n.<\/p>\n<p>\u00b7&nbsp;&nbsp;&nbsp;&nbsp;&nbsp;&nbsp;&nbsp;&nbsp; Se informar\u00e1 a la familia del funcionamiento del centro y de los servicios complementarios que funcionan en el centro.<\/p>\n<p>\u00b7&nbsp;&nbsp;&nbsp;&nbsp;&nbsp;&nbsp;&nbsp;&nbsp; Se mostrar\u00e1 al alumno\/a las instalaciones y dependencias del centro.<\/p>\n<p>\u00b7&nbsp;&nbsp;&nbsp;&nbsp;&nbsp;&nbsp;&nbsp;&nbsp; Se le asignar\u00e1 curso seg\u00fan lo establecido en este Proyecto Educativo.<\/p>\n<p>\u00b7&nbsp;&nbsp;&nbsp;&nbsp;&nbsp;&nbsp;&nbsp;&nbsp; Antes de entrar en clase el primer d\u00eda, el\/la directora\/a presentar\u00e1 al alumno\/a al\/la tutor\/a.<\/p>\n<p>\u00b7&nbsp;&nbsp;&nbsp;&nbsp;&nbsp;&nbsp;&nbsp;&nbsp; El\/la tutor\/a informar\u00e1 de su incorporaci\u00f3n al resto de profesorado.<\/p>\n<p>\u00b7&nbsp;&nbsp;&nbsp;&nbsp;&nbsp;&nbsp;&nbsp;&nbsp; <strong>Actuaci\u00f3n del tutor\/a una vez que el alumno est\u00e9 en clase<\/strong>:<\/p>\n<p>&#8211;&nbsp;&nbsp;&nbsp;&nbsp;&nbsp;&nbsp;&nbsp;&nbsp;&nbsp; Presentar\u00e1 al alumno\/a al resto de la clase.<\/p>\n<p>&#8211;&nbsp;&nbsp;&nbsp;&nbsp;&nbsp;&nbsp;&nbsp;&nbsp;&nbsp; Localizar\u00e1 en el mapa su lugar de procedencia.<\/p>\n<p>&#8211;&nbsp;&nbsp;&nbsp;&nbsp;&nbsp;&nbsp;&nbsp;&nbsp;&nbsp; Le proporcionar\u00e1 el horario del grupo.<\/p>\n<p>&#8211;&nbsp;&nbsp;&nbsp;&nbsp;&nbsp;&nbsp;&nbsp;&nbsp;&nbsp; Proporcionarle un lugar en la clase, nunca en la \u00faltima fila.<\/p>\n<p>&#8211;&nbsp;&nbsp;&nbsp;&nbsp;&nbsp;&nbsp;&nbsp;&nbsp;&nbsp; Le pondr\u00e1 en conocimiento de las&nbsp; normas b\u00e1sicas del centro y del aula.<\/p>\n<p>\u00b7&nbsp;&nbsp;&nbsp;&nbsp;&nbsp; <strong>Actuaci\u00f3n del delegado\/a y subdelegado\/a:<\/strong><\/p>\n<p>&#8211;&nbsp;&nbsp;&nbsp;&nbsp;&nbsp;&nbsp;&nbsp;&nbsp;&nbsp; Orientar al nuevo\/a alumno\/a en las tareas escolares y normas de funcionamiento.<\/p>\n<p>&#8211;&nbsp;&nbsp;&nbsp;&nbsp;&nbsp;&nbsp;&nbsp;&nbsp;&nbsp; Contribuir a integrarlo\/a en el grupo, present\u00e1ndoleso\/a al resto de compa\u00f1eros y acompa\u00f1\u00e1ndole en el primer recreo.<\/p>\n<p><strong>&nbsp;<\/strong><\/td>\n<td width=\"132\">&nbsp;<\/p>\n<p>-Equipo Directivo<\/p>\n<p>-Tutores\/as.<\/td>\n<td width=\"142\">&nbsp;<\/p>\n<p>-Todo el curso.<\/td>\n<\/tr>\n<tr>\n<td width=\"432\">&#8211;&nbsp;&nbsp;&nbsp;&nbsp;&nbsp;&nbsp;&nbsp;&nbsp;&nbsp; Fomento de habilidades sociales: se pedir\u00e1 a todo el profesorado que ponga especial inter\u00e9s en el desarrollo de conductas que faciliten la integraci\u00f3n y el acercamiento: eliminaci\u00f3n de motes y palabras que refieran la pertenencia a un determinado grupo o nacionalidad. Se pondr\u00e1 especial atenci\u00f3n a situaciones de acoso o discriminaci\u00f3n tratando de impedirlas en todo momento y buscando soluciones.<\/p>\n<p>&nbsp;<\/td>\n<td width=\"132\">-Equipo Directivo<\/p>\n<p>-Tutores\/as.<\/td>\n<td width=\"142\">Todo el curso<\/td>\n<\/tr>\n<tr>\n<td width=\"432\">&#8211;&nbsp;&nbsp;&nbsp;&nbsp;&nbsp;&nbsp;&nbsp;&nbsp;&nbsp; <strong>Para los padres y madres de nueva incorporaci\u00f3n<\/strong>:<\/p>\n<p>&#8211;&nbsp;&nbsp;&nbsp;&nbsp;&nbsp;&nbsp;&nbsp;&nbsp;&nbsp; Facilitar los tr\u00e1mites de matriculaci\u00f3n.<\/p>\n<p>&#8211;&nbsp;&nbsp;&nbsp;&nbsp;&nbsp;&nbsp;&nbsp;&nbsp;&nbsp; En el momento de la matriculaci\u00f3n, informaci\u00f3n de horarios, servicios complementarios \u2026<\/p>\n<p>&#8211;&nbsp;&nbsp;&nbsp;&nbsp;&nbsp;&nbsp;&nbsp;&nbsp;&nbsp; Reuni\u00f3n inicial de curso junto con el resto de madres\/padres.<\/p>\n<p>&#8211;&nbsp;&nbsp;&nbsp;&nbsp;&nbsp;&nbsp;&nbsp;&nbsp;&nbsp; Entrevistas con el tutor\/a que le informar\u00e1 del funcionamiento del aula: normas, compromisos educativos y de convivencia\u2026Esto si la incorporaci\u00f3n se produce una vez comenzado el curso.<\/p>\n<p>&#8211;&nbsp;&nbsp;&nbsp;&nbsp;&nbsp;&nbsp;&nbsp;&nbsp;&nbsp; Reuniones espec\u00edficas (en el caso de alumnado extranjero) para facilitar el proceso de integraci\u00f3n.<\/td>\n<td width=\"132\">&#8211;&nbsp;&nbsp;&nbsp;&nbsp;&nbsp;&nbsp;&nbsp;&nbsp;&nbsp; Tutores\/as<\/p>\n<p>&#8211;&nbsp;&nbsp;&nbsp;&nbsp;&nbsp;&nbsp;&nbsp;&nbsp;&nbsp; Equipo Directivo<\/td>\n<td width=\"142\">-Todo el curso<\/td>\n<\/tr>\n<\/tbody>\n<\/table>\n<p><strong>&nbsp;<\/strong><\/p>\n<ol>\n<li><strong>B) PROGRAMA DE TR\u00c1NSITO<\/strong><\/li>\n<\/ol>\n<p><strong>&nbsp;<\/strong><\/p>\n<p><strong>B.1&nbsp; DE EDUCACI\u00d3N INFANTIL A EDUCACI\u00d3N PRIMARIA ENTRE EL CEPR MIGUEL DE CERVANTES Y EL CEI PR\u00cdNCIPE DE ASTURIAS.<\/strong><\/p>\n<p><strong>Reuni\u00f3n de coordinaci\u00f3n entre etapas:<\/strong><\/p>\n<table>\n<tbody>\n<tr>\n<td width=\"187\"><strong>Agentes<\/strong><\/td>\n<td width=\"180\"><strong>Actividades<\/strong><\/td>\n<td width=\"164\"><strong>Instrumentos<\/strong><\/td>\n<td width=\"177\"><strong>Temporizaci\u00f3n<\/strong><\/td>\n<\/tr>\n<tr>\n<td width=\"187\">&nbsp;<\/p>\n<p>-Jefe\/a de Estudios<\/p>\n<p>-Tutores\/as de Infantil<\/p>\n<p>-Tutores\/as de Primer Ciclo<\/p>\n<p>-Orientador\/a<\/p>\n<p>&nbsp;<\/p>\n<p>&#8211;&nbsp;&nbsp;&nbsp;&nbsp;&nbsp;&nbsp; Las Jefaturas de Estudios de ambos centros se pondr\u00e1n de acuerdo para la convocatoria de las reuniones.<\/td>\n<td width=\"180\">&nbsp;<\/p>\n<p>&#8211;&nbsp;&nbsp;&nbsp;&nbsp;&nbsp;&nbsp; Intercambio de informaci\u00f3n del alumnado.<\/p>\n<p>&nbsp;<\/p>\n<p>&#8211;&nbsp;&nbsp;&nbsp;&nbsp;&nbsp;&nbsp; Unificaci\u00f3n de criterios metodol\u00f3gicos y propuestas de coordinaci\u00f3n did\u00e1ctica<\/p>\n<p>entre etapas.<\/p>\n<p>&nbsp;<\/p>\n<p>&#8211;&nbsp;&nbsp;&nbsp;&nbsp;&nbsp;&nbsp; Acuerdos para &nbsp;la planificaci\u00f3n de las actividades de Acogida entre etapas.<\/p>\n<p><strong>&nbsp;<\/strong><\/td>\n<td width=\"164\"><strong>&nbsp;<\/strong><\/p>\n<p>&#8211;&nbsp;&nbsp;&nbsp;&nbsp;&nbsp;&nbsp; Plantilla de recogida de informaci\u00f3n.<\/p>\n<p>&nbsp;<\/p>\n<p>&#8211;&nbsp;&nbsp;&nbsp;&nbsp;&nbsp;&nbsp; Programaciones de aula.<\/p>\n<p>&nbsp;<\/p>\n<p>&#8211;&nbsp;&nbsp;&nbsp;&nbsp;&nbsp;&nbsp; Informes de alumnos\/as con necesidades<\/p>\n<p>&nbsp;<\/p>\n<p>espec\u00edficas de apoyo educativo.<\/p>\n<p>&nbsp;<\/p>\n<p>&#8211;&nbsp;&nbsp;&nbsp;&nbsp;&nbsp;&nbsp; Prueba inicial en 1\u00ba de Primaria.<\/p>\n<p><strong>&nbsp;<\/strong><\/td>\n<td width=\"177\"><strong>&nbsp;<\/strong><\/p>\n<p>-Una vez al trimestre.<\/p>\n<p>&nbsp;<\/p>\n<p>-La primera reuni\u00f3n ser\u00e1 tras la evaluaci\u00f3n inicial del alumnado de primero de Primaria.<\/p>\n<p>&nbsp;<\/p>\n<p>-Cada vez que se estime<\/p>\n<p>&nbsp;<\/p>\n<p>necesaria en relaci\u00f3n con la necesaria coordinaci\u00f3n en la metodolog\u00eda ABN.<\/td>\n<\/tr>\n<\/tbody>\n<\/table>\n<p><strong>&nbsp;<\/strong><\/p>\n<p><strong>B.2 DE EDUCACI\u00d3N PRIMARIA A EDUCACI\u00d3N SECUNDARIA ENTRE EL CEPR MIGUEL DE CERVANTES Y EL IES FUENTE ALTA.<\/strong><\/p>\n<p>B.2.1<strong> Constituci\u00f3n de los Equipos de Tr\u00e1nsito<\/strong><\/p>\n<ul>\n<li><strong>Referencia normativa: Instrucci\u00f3n de 12\/2019, de 27 de junio, de la Direcci\u00f3n General de Ordenaci\u00f3n y Evaluaci\u00f3n Educativa, por la que se establecen aspectos de organizaci\u00f3n y funcionamiento para los centros que imparten Educaci\u00f3n Primaria para el curso 2019\/2020.<\/strong><\/li>\n<\/ul>\n<p>Durante el mes de septiembre se constituir\u00e1 el equipo de tr\u00e1nsito entre el centro de Educaci\u00f3n Secundaria y los centros de Educaci\u00f3n Primaria. Las direcciones del IES y de los centros adscritos designar\u00e1n a los equipos de tr\u00e1nsito cada curso escolar. Formar\u00e1n parte de dichos equipos como m\u00ednimo:<\/p>\n<ul>\n<li>Las jefaturas de estudios de los centros de Educaci\u00f3n Secundaria y de los centros de Educaci\u00f3n Primaria adscritos.<\/li>\n<li>La persona titular de la jefatura del departamento de orientaci\u00f3n del centro de Educaci\u00f3n Secundaria Obligatoria y los orientadores y orientadoras del Equipo de Orientaci\u00f3n Educativa de los centros de Educaci\u00f3n Primaria adscritos al mismo.<\/li>\n<li>Las personas titulares de las jefaturas de departamento de las materias troncales generales, con car\u00e1cter instrumental, de Educaci\u00f3n Secundaria Obligatoria y los coordinadores\/as del tercer ciclo de Educaci\u00f3n Primaria.<\/li>\n<li>Los tutores y las tutoras de sexto curso de Educaci\u00f3n Primaria.<\/li>\n<li>Los maestros y las maestras especialistas en Pedagog\u00eda Terap\u00e9utica y, en su caso, Audici\u00f3n y Lenguaje, de ambas etapas.<\/li>\n<\/ul>\n<p>El equipo de tr\u00e1nsito del CEPR Miguel de Cervantes estar\u00e1 formado por:<\/p>\n<ul>\n<li>La Jefatura de Estudios.<\/li>\n<li>Orientador\/a de referencia del EOE.<\/li>\n<li>Coordinador\/a del tercer ciclo.<\/li>\n<li>Tutores\/as de sexto curso.<\/li>\n<li>Maestro\/a especialista de PT y, en su caso, el\/la maestro\/a de AL.<\/li>\n<\/ul>\n<ol start=\"2\">\n<li>2.2 <strong>Programa de actuaci\u00f3n<\/strong><\/li>\n<\/ol>\n<p>La Jefatura de Estudios del IES, en coordinaci\u00f3n con la Jefatura de Estudios de los centros adscritos, concretar\u00e1 el calendario de las reuniones de tr\u00e1nsito de cada curso escolar.<\/p>\n<p>En el programa de tr\u00e1nsito se recoger\u00e1 las actuaciones que se realizar\u00e1n en el curso previo a la incorporaci\u00f3n del alumnado de sexto curso de Educaci\u00f3n Primaria a primer curso de Educaci\u00f3n Secundaria Obligatoria y continuar\u00e1n a lo largo del primer trimestre del curso siguiente, es decir, una vez que el alumnado se encuentre cursando primero de Educaci\u00f3n Secundaria Obligatoria.<\/p>\n<p>Con car\u00e1cter general, las actuaciones se podr\u00e1n iniciar durante el segundo trimestre del curso anterior a la incorporaci\u00f3n del alumnado en la nueva etapa, haci\u00e9ndolo coincidir con la admisi\u00f3n del alumnado en centros de Educaci\u00f3n Secundaria, y continuar en los meses de mayo y junio. El curso siguiente, una vez incorporado el alumnado a primer curso de Educaci\u00f3n Secundaria Obligatoria se podr\u00e1n realizar reuniones para el an\u00e1lisis tanto de la evaluaci\u00f3n inicial como de los resultados de la primera evaluaci\u00f3n.<\/p>\n<p>Los Institutos de Educaci\u00f3n Secundaria en coordinaci\u00f3n con los CEIPs adscritos establecer\u00e1n un \u00fanico programa de tr\u00e1nsito que deber\u00e1 recoger todos los \u00e1mbitos de coordinaci\u00f3n, los objetivos, los agentes y la temporalizaci\u00f3n de cada una de las actuaciones.<\/p>\n<p>Por tanto, nuestro centro respetar\u00e1 y seguir\u00e1 el programa de tr\u00e1nsito propuesto para cada curso escolar.<\/p>\n<p>Como propuesta de programa, se expone la siguiente:<\/p>\n<table>\n<tbody>\n<tr>\n<td colspan=\"3\" width=\"712\"><strong>Reuni\u00f3n de jefaturas de estudio IES\/CEIPs<\/strong><\/td>\n<\/tr>\n<tr>\n<td colspan=\"3\" width=\"712\"><strong>1\u00aa Reuni\u00f3n febrero\/marzo<\/strong><\/td>\n<\/tr>\n<tr>\n<td width=\"228\"><strong>Agentes<\/strong><\/td>\n<td width=\"229\"><strong>Objetivos<\/strong><\/td>\n<td width=\"255\"><strong>Actuaciones<\/strong><\/td>\n<\/tr>\n<tr>\n<td width=\"228\">&nbsp;<\/p>\n<p>&#8211; Jefatura de Estudios IES<\/p>\n<p>&#8211; Jefatura de Estudios CEIPs<\/td>\n<td width=\"229\">&nbsp;<\/p>\n<p>-Definir el calendario de tr\u00e1nsito<\/td>\n<td width=\"255\">&nbsp;<\/p>\n<p>-Organizaci\u00f3n Programa de Tr\u00e1nsito.<\/p>\n<p>-Intercambio de informaci\u00f3n sobre las caracter\u00edsticas b\u00e1sicas de los centros implicados<\/p>\n<p>-Definici\u00f3n del calendario<\/p>\n<p>&nbsp;<\/td>\n<\/tr>\n<tr>\n<td colspan=\"3\" width=\"712\"><strong>Reuniones de coordinaci\u00f3n curricular<\/strong><\/td>\n<\/tr>\n<tr>\n<td colspan=\"3\" width=\"712\">1\u00aa Reuni\u00f3n curso anterior marzo\/abril: comunicaci\u00f3n socio &#8211; ling\u00fc\u00edstico<\/td>\n<\/tr>\n<tr>\n<td width=\"228\"><strong>Agentes<\/strong><\/td>\n<td width=\"229\"><strong>Objetivos<\/strong><\/td>\n<td width=\"255\"><strong>Actuaciones<\/strong><\/td>\n<\/tr>\n<tr>\n<td width=\"228\">&nbsp;<\/p>\n<p>&#8211; Jefatura de Estudios IES<\/p>\n<p>&#8211; Jefatura de Estudios CEIPs<\/p>\n<p>&#8211; Coordinadores\/as 3\u00ba Ciclo EP<\/p>\n<p>&#8211; Jefaturas de Departamentos<\/p>\n<p>&nbsp; Did\u00e1cticos de las materias<\/p>\n<p>&nbsp; troncales generales del IES<\/p>\n<p>&nbsp;<\/td>\n<td width=\"229\">&nbsp;<\/p>\n<p>Establecer acuerdos curriculares, organizativos y metodol\u00f3gicos entre las programaciones de la Lengua castellana y literatura, Primera lengua extranjera, y Ciencias sociales, Geograf\u00eda e historia de 6\u00ba de Educaci\u00f3n Primaria y 1\u00ba de ESO.<\/td>\n<td width=\"255\">&nbsp;<\/p>\n<p>-Coordinaci\u00f3n de los aspectos<\/p>\n<p>metodol\u00f3gicos y did\u00e1cticos.<\/p>\n<p>-Intercambio de pruebas, recursos,<\/p>\n<p>materiales.<\/p>\n<p>-Establecimiento de los contenidos de las pruebas iniciales, actividades de refuerzo, etc.<\/p>\n<p>&#8211; Establecimiento de acuerdos en las<\/p>\n<p>programaciones.<\/p>\n<p>&nbsp;<\/td>\n<\/tr>\n<tr>\n<td colspan=\"3\" width=\"712\">2\u00aa Reuni\u00f3n curso anterior marzo\/abril: Coordinaci\u00f3n \u00c1mbito cient\u00edfico &#8211; matem\u00e1tico<\/td>\n<\/tr>\n<tr>\n<td width=\"228\"><strong>Agentes<\/strong><\/td>\n<td width=\"229\"><strong>Objetivos<\/strong><\/td>\n<td width=\"255\"><strong>Actuaciones<\/strong><\/td>\n<\/tr>\n<tr>\n<td width=\"228\">&nbsp;<\/p>\n<p>&#8211; Jefatura de Estudios IES<\/p>\n<p>&#8211; Jefatura de Estudios CEIPs<\/p>\n<p>&#8211; Coordinadores\/as Ciclo EP<\/p>\n<p>&#8211; Jefaturas de Departamentos<\/p>\n<p>&#8211; Did\u00e1cticos de las materias<\/p>\n<p>&nbsp; troncales generales del IES<\/p>\n<p>&nbsp;<\/td>\n<td width=\"229\">&nbsp;<\/p>\n<p>-Establecer acuerdos curriculares organizativos y metodol\u00f3gicos entre las programaciones de las \u00e1reas\/materias de Matem\u00e1ticas, Ciencias Naturales\/Biolog\u00eda y Geolog\u00eda de 6\u00ba de Educaci\u00f3n Primaria y 1\u00ba de ESO.<\/td>\n<td width=\"255\">&nbsp;<\/p>\n<p>-Coordinaci\u00f3n de los aspectos metodol\u00f3gicos y did\u00e1cticos.<\/p>\n<p>-Intercambios de pruebas, recursos materiales.<\/p>\n<p>-Establecimiento de los contenidos de las pruebas iniciales, actividades de refuerzo, etc.<\/td>\n<\/tr>\n<tr>\n<td colspan=\"3\" width=\"712\">3\u00aa Reuni\u00f3n enero: An\u00e1lisis de los resultados acad\u00e9micos<\/td>\n<\/tr>\n<tr>\n<td width=\"228\"><strong>Agentes<\/strong><\/td>\n<td width=\"229\"><strong>Objetivos<\/strong><\/td>\n<td width=\"255\"><strong>Actuaciones<\/strong><\/td>\n<\/tr>\n<tr>\n<td width=\"228\">&nbsp;<\/p>\n<p>&#8211; Jefatura de Estudios IES<\/p>\n<p>&#8211; Jefatura de Estudios CEIPs<\/p>\n<p>&#8211; Coordinadores\/as Ciclo EP<\/p>\n<p>&#8211; Jefaturas de Departamentos<\/p>\n<p>&#8211; Did\u00e1cticos de las materias<\/p>\n<p>&nbsp; troncales generales del IES<\/p>\n<p>&nbsp;<\/td>\n<td width=\"229\"><strong>&nbsp;<\/strong><\/p>\n<p>-Analizar los resultados acad\u00e9micos del alumnado<strong>.<\/strong><\/td>\n<td width=\"255\"><strong>&nbsp;<\/strong><\/p>\n<p>-Establecimiento de estrategias conjuntas para dar respuesta a las dificultades encontradas y acuerdos para la toma de decisiones.<\/td>\n<\/tr>\n<tr>\n<td colspan=\"3\" width=\"712\"><strong>Reuniones de seguimiento de la acci\u00f3n tutorial y las medidas de atenci\u00f3n a la diversidad<\/strong><\/td>\n<\/tr>\n<tr>\n<td colspan=\"3\" width=\"712\">1\u00aa Reuni\u00f3n curso anterior mayo-junio: Traspaso de informaci\u00f3n del alumnado\/Estrategias conjuntas de convivencia.<\/td>\n<\/tr>\n<tr>\n<td width=\"228\"><strong>Agentes<\/strong><\/td>\n<td width=\"229\"><strong>Objetivos<\/strong><\/td>\n<td width=\"255\"><strong>Actuaciones<\/strong><\/td>\n<\/tr>\n<tr>\n<td width=\"228\">&nbsp;<\/p>\n<p>-Jefatura de Estudios IES.<\/p>\n<p>&#8211; Jefatura de Estudios CEIPs<\/p>\n<p>-Tutores\/as 6\u00ba EP<\/p>\n<p>-Orientadores\/as del EOE y del Dpto. de Orientaci\u00f3n.<\/p>\n<p>-Profesorado especialista de Pedagog\u00eda Terap\u00e9utica y Audici\u00f3n y Lenguaje.<\/p>\n<p>&nbsp;<\/td>\n<td colspan=\"2\" width=\"484\"><strong>&nbsp;<\/strong><\/p>\n<p>-Trasmitir informaci\u00f3n sobre las caracter\u00edsticas y necesidades del alumnado.<\/p>\n<p>-Establecer estrategias conjuntas en lo relativo a los Planes de Convivencia de los centros implicados.<\/p>\n<p>-Determinar prioridades en la Acci\u00f3n Tutorial.<\/p>\n<p>\u2022&nbsp;&nbsp;&nbsp; Cumplimentaci\u00f3n en S\u00e9neca del Informe Final de Etapa de Educaci\u00f3n Primaria.<\/p>\n<p>\u2022&nbsp;&nbsp;&nbsp; Seguimiento del alumnado absentista en Educaci\u00f3n Primaria.<\/p>\n<p>\u2022&nbsp;&nbsp;&nbsp; Estudio de los problemas de convivencia y definici\u00f3n de estrategias conjuntas para su inclusi\u00f3n en los Planes de Convivencia.<\/p>\n<p>\u2022&nbsp;&nbsp;&nbsp; Estudio de estrategias da a las familiase tutor\u00eda que se han abordado en Educaci\u00f3n Primaria.<\/p>\n<p>\u2022&nbsp;&nbsp;&nbsp; Intercambio de recursos de acci\u00f3n &nbsp;&nbsp;&nbsp;tutorial.<\/p>\n<p>&nbsp;<\/td>\n<\/tr>\n<tr>\n<td colspan=\"3\" width=\"712\"><strong>Reuniones de coordinaci\u00f3n del proceso de acogida a las familias<\/strong><\/td>\n<\/tr>\n<tr>\n<td colspan=\"3\" width=\"712\">1\u00aa Reuni\u00f3n curso anterior mayo-junio<\/td>\n<\/tr>\n<tr>\n<td width=\"228\"><strong>Agentes<\/strong><\/td>\n<td width=\"229\"><strong>Objetivos<\/strong><\/td>\n<td width=\"255\"><strong>Actuaciones<\/strong><\/td>\n<\/tr>\n<tr>\n<td width=\"228\">&#8211;&nbsp; Familias del alumnado de 6\u00baEP<\/p>\n<p>&#8211;&nbsp; Direcci\u00f3n IES<\/p>\n<p>&#8211;&nbsp; Direcci\u00f3n CEIPs<\/p>\n<p>&#8211;&nbsp; Jefatura de Estudios IES<\/p>\n<p>&#8211;&nbsp; Jefatura de Estudios CEIPs<\/p>\n<p>&#8211;&nbsp; Tutores\/as 6\u00baEP<\/p>\n<p>&#8211;&nbsp;&nbsp; Orientadores\/as del EOE y del Dpto. de Orientaci\u00f3n<\/td>\n<td width=\"229\">-Proporcionar a las familias informaci\u00f3n sobre la nueva etapa educativa y orientar sobre aquellos aspectos que faciliten la adaptaci\u00f3n del alumnado.<\/td>\n<td width=\"255\">\u2022&nbsp;&nbsp;&nbsp; Visita de los padres y madres del alumnado de 6\u00ba EP para conocer las instalaciones del IES.<\/p>\n<p>\u2022&nbsp;&nbsp;&nbsp; Traslado de informaci\u00f3n sobre la organizaci\u00f3n y funcionamiento del Instituto.<\/td>\n<\/tr>\n<tr>\n<td colspan=\"3\" width=\"712\">2\u00aa Reuni\u00f3n antes de la finalizaci\u00f3n del mes de noviembre<\/td>\n<\/tr>\n<tr>\n<td width=\"228\"><strong>Agentes<\/strong><\/td>\n<td width=\"229\"><strong>Objetivos<\/strong><\/td>\n<td width=\"255\"><strong>Actuaciones<\/strong><\/td>\n<\/tr>\n<tr>\n<td width=\"228\">&#8211;&nbsp; Familias del alumnado de1\u00ba ESO<\/p>\n<p>&#8211;&nbsp; Equipo Directivo IES<\/p>\n<p>&#8211;&nbsp;&nbsp; Tutores\/as y equipos educativos de ESO<\/p>\n<p>&#8211;&nbsp; Departamento de Orientaci\u00f3n<\/td>\n<td width=\"229\">-Informar de las caracter\u00edsticas de 1\u00ba de ESO, mecanismos de evaluaci\u00f3n, medidas de atenci\u00f3n a la diversidad.<\/p>\n<p>-Informar de aspectos generales del centro: actividades complementarias y extraescolares, normas de convivencia, programas educativos\u2026<\/td>\n<td width=\"255\">\u2022&nbsp;&nbsp;&nbsp; Reuni\u00f3n informativa para abordar aspectos relacionados con la organizaci\u00f3n, las normas de convivencia, los mecanismos de evaluaci\u00f3n, as\u00ed como todos aquellos aspectos que sirvan de ayuda a las familias en el proceso de integraci\u00f3n de sus hijos\/as en el IES.<\/td>\n<\/tr>\n<tr>\n<td colspan=\"3\" width=\"712\"><strong>Reuniones de coordinaci\u00f3n del proceso de acogida del alumnado<\/strong><\/td>\n<\/tr>\n<tr>\n<td colspan=\"3\" width=\"712\">1\u00aa Reuni\u00f3n junio del curso anterior a la incorporaci\u00f3n del alumnado al IES<\/td>\n<\/tr>\n<tr>\n<td width=\"228\">Agentes<\/td>\n<td width=\"229\">Objetivos<\/td>\n<td width=\"255\">Actuaciones<\/td>\n<\/tr>\n<tr>\n<td width=\"228\">&#8211;&nbsp; Equipo directivo del IES<\/p>\n<p>&#8211;&nbsp; Tutores\/as 6\u00ba EP<\/p>\n<p>&#8211;&nbsp; Alumnado 6\u00ba EP<\/p>\n<p>&#8211;&nbsp; Alumnado 1\u00ba ESO<\/p>\n<p>&#8211;&nbsp; Departamento de Orientaci\u00f3n del IES<\/td>\n<td width=\"229\">Informar al alumnado sobre las normas de organizaci\u00f3n y funcionamiento IES.<\/td>\n<td width=\"255\">\u2022&nbsp;&nbsp;&nbsp; Visita del alumnado de 6\u00ba de EP al IES: informaci\u00f3n sobre la organizaci\u00f3n y funcionamiento del IES; recorrido por las instalaciones del centro para que se familiaricen con los nuevos espacios; intercambio de experiencias con los alumnos\/as de 1\u00ba ESO.<\/td>\n<\/tr>\n<tr>\n<td colspan=\"3\" width=\"712\">2\u00aa Reuni\u00f3n septiembre: Proceso de acogida del alumnado en el IES<\/td>\n<\/tr>\n<tr>\n<td width=\"228\">Agentes<\/td>\n<td width=\"229\">Objetivos<\/td>\n<td width=\"255\">Actuaciones<\/td>\n<\/tr>\n<tr>\n<td width=\"228\">&#8211;&nbsp; Tutores\/as 1\u00ba ESO<\/p>\n<p>&#8211;&nbsp; Alumnado 1\u00ba ESO<\/td>\n<td width=\"229\">Informar de las caracter\u00edsticas de 1\u00ba de ESO, mecanismos de evaluaci\u00f3n.<\/td>\n<td width=\"255\">\u2022&nbsp;&nbsp;&nbsp; Recepci\u00f3n del alumnado.<\/p>\n<p>\u2022&nbsp;&nbsp;&nbsp; Reuni\u00f3n informativa para abordar aspectos relacionados con la organizaci\u00f3n, las normas de convivencia, los mecanismos de evaluaci\u00f3n, as\u00ed como todos aquellos aspectos que les sirvan de ayuda.<\/p>\n<p>&nbsp;<\/td>\n<\/tr>\n<\/tbody>\n<\/table>\n<p>&nbsp;<\/p>\n<p>B.2.2<strong> Actividades a desarrollar con el alumnado de 6\u00ba de Ed. Primaria en el propio centro<\/strong><\/p>\n<table>\n<tbody>\n<tr>\n<td width=\"177\"><strong>Agentes<\/strong><\/td>\n<td width=\"177\"><strong>Actividades<\/strong><\/td>\n<td width=\"177\"><strong>Instrumentos<\/strong><\/td>\n<td width=\"177\"><strong>Temporizaci\u00f3n<\/strong><\/td>\n<\/tr>\n<tr>\n<td width=\"177\">&nbsp;<\/p>\n<p>-Tutor\/a de 6\u00ba<\/p>\n<p>&nbsp;<\/td>\n<td width=\"177\">&nbsp;<\/p>\n<p>-Evaluaci\u00f3n final de las diferentes \u00e1reas.<\/td>\n<td width=\"177\">&nbsp;<\/p>\n<p>&#8211;&nbsp;&nbsp;&nbsp;&nbsp;&nbsp;&nbsp; Pruebas de evaluaci\u00f3n final.<\/td>\n<td width=\"177\">&nbsp;<\/p>\n<p>-Mayo\/Junio<\/td>\n<\/tr>\n<tr>\n<td width=\"177\">&nbsp;<\/p>\n<p>-Orientador\/a de referencia.<\/p>\n<p>-Tutor\/a<\/td>\n<td width=\"177\">&nbsp;<\/p>\n<p>Actividades de tutor\u00eda para el tr\u00e1nsito:<\/p>\n<p>-Conocer los propios intereses y necesidades.<\/p>\n<p>-Desarrollar h\u00e1bitos de trabajo y estudio.<\/p>\n<p>-Conocer el sistema educativo.<\/p>\n<p>&nbsp;<\/td>\n<td width=\"177\">&nbsp;<\/p>\n<p>&#8211;&nbsp;&nbsp;&nbsp;&nbsp;&nbsp;&nbsp; Cuadernillo de tutor\u00eda para la orientaci\u00f3n acad\u00e9mica y profesional.<\/td>\n<td width=\"177\">&nbsp;<\/p>\n<p>-Durante todo el curso escolar.<\/td>\n<\/tr>\n<\/tbody>\n<\/table>\n<p><strong>&nbsp;<\/strong><\/p>\n<ol>\n<li><strong>C) MEDIDAS ESPEC\u00cdFICAS DE ACOGIDA E INTEGRACI\u00d3N PARA EL ALUMNADO CON &nbsp;&nbsp;&nbsp;&nbsp;&nbsp;&nbsp;&nbsp;&nbsp;&nbsp;&nbsp;&nbsp;&nbsp;&nbsp;&nbsp;&nbsp;&nbsp;&nbsp;&nbsp;&nbsp;&nbsp;&nbsp;&nbsp;&nbsp;&nbsp;&nbsp;&nbsp;&nbsp;&nbsp;&nbsp;&nbsp;&nbsp;&nbsp;&nbsp;&nbsp;&nbsp;&nbsp;&nbsp;&nbsp;&nbsp;&nbsp;&nbsp;&nbsp;&nbsp;&nbsp;&nbsp;&nbsp; NECESIDADES EDUCATIVAS ESPECIALES.<\/strong><\/li>\n<\/ol>\n<p>C.1<strong> Profesorado<\/strong><\/p>\n<p><strong>&nbsp;<\/strong><\/p>\n<table>\n<tbody>\n<tr>\n<td width=\"187\">\n<h4>ACTUACIONES<\/h4>\n<\/td>\n<td width=\"174\"><strong>ESTRATEGIAS Y\/O RECURSOS<\/strong><\/td>\n<td width=\"175\"><strong>RESPONSABLES<\/strong><\/td>\n<td width=\"176\"><strong>TEMPORALIZACI\u00d3N<\/strong><\/td>\n<\/tr>\n<tr>\n<td width=\"187\">&#8211;&nbsp;&nbsp;&nbsp;&nbsp;&nbsp;&nbsp;&nbsp;&nbsp;&nbsp; -Analizar las necesidades educativas del alumno: caracter\u00edsticas generales de la discapacidad&nbsp; y situaci\u00f3n actual del alumno\/a.<\/p>\n<p>&#8211;&nbsp;&nbsp;&nbsp;&nbsp;&nbsp;&nbsp;&nbsp;&nbsp;&nbsp; &nbsp;<\/td>\n<td width=\"174\">-Reuni\u00f3n de trabajo previa a la escolarizaci\u00f3n del alumno\/a.<\/td>\n<td width=\"175\">-Equipo Docente, Jefe\/a de Estudios, &nbsp;especialista en PT, AL y Orientador\/a.<\/td>\n<td width=\"176\">&nbsp;<\/p>\n<p>-Mes de Septiembre<\/td>\n<\/tr>\n<tr>\n<td width=\"187\">&#8211;&nbsp;&nbsp;&nbsp;&nbsp;&nbsp;&nbsp;&nbsp;&nbsp;&nbsp; &nbsp;<\/p>\n<p>&#8211;&nbsp;&nbsp;&nbsp;&nbsp;&nbsp;&nbsp;&nbsp;&nbsp;&nbsp; -Si el alumno\/a ha estado escolarizado previamente: an\u00e1lisis de su historia escolar.<\/p>\n<p><strong>&nbsp;<\/strong><\/td>\n<td width=\"174\">&nbsp;<\/p>\n<p>-Reuni\u00f3n de trabajo previa a la escolarizaci\u00f3n del alumno\/a.<\/td>\n<td width=\"175\">&nbsp;<\/p>\n<p>-Equipo Docente, Jefe\/a de Estudios, &nbsp;especialista en PT, AL y Orientador\/a.<\/td>\n<td width=\"176\">&nbsp;<\/p>\n<p>-Mes de Septiembre<\/td>\n<\/tr>\n<tr>\n<td width=\"187\">&nbsp;<\/p>\n<p>&#8211; Participar\u00e1n en las&nbsp; mismas actividades de acogida que el resto de alumnado de su aula.<\/p>\n<p>-Adem\u00e1s, organizaci\u00f3n de actividades espec\u00edficas de acogida que se crean convenientes.<\/p>\n<p><strong>&nbsp;<\/strong><\/td>\n<td width=\"174\">&nbsp;<\/p>\n<p>-Reuni\u00f3n de trabajo previa a la escolarizaci\u00f3n del alumno\/a.<\/td>\n<td width=\"175\">&nbsp;<\/p>\n<p>-Equipo Docente, Jefe\/a de Estudios, &nbsp;especialista en PT, AL y Orientador\/a.<\/td>\n<td width=\"176\">&nbsp;<\/p>\n<p>-Mes de Septiembre<\/td>\n<\/tr>\n<tr>\n<td width=\"187\">&nbsp;<\/p>\n<p>-Determinaci\u00f3n de la respuesta educativa inicial para el alumno\/a: horas de apoyo, orientaciones para la atenci\u00f3n en el aula ordinaria, organizaci\u00f3n de la evaluaci\u00f3n inicial\u2026<\/p>\n<p><strong>&nbsp;<\/strong><\/td>\n<td width=\"174\">&nbsp;<\/p>\n<p>-Reuni\u00f3n de trabajo previa a la escolarizaci\u00f3n del alumno\/a.<\/td>\n<td width=\"175\">&nbsp;<\/p>\n<p>-Equipo Docente, Jefe\/a de Estudios, &nbsp;especialista en PT, AL y Orientador\/a.<\/td>\n<td width=\"176\">&nbsp;<\/p>\n<p>-Mes de Septiembre<\/td>\n<\/tr>\n<tr>\n<td width=\"187\">&nbsp;<\/p>\n<p>-Determinaci\u00f3n de actuaciones y responsables del proceso de evaluaci\u00f3n psicopedag\u00f3gica.<\/p>\n<p><strong>&nbsp;<\/strong><\/td>\n<td width=\"174\">&nbsp;<\/p>\n<p>-Reuni\u00f3n de trabajo previa a la escolarizaci\u00f3n del alumno\/a.<\/td>\n<td width=\"175\">&nbsp;<\/p>\n<p>-Equipo Docente, Jefe\/a de Estudios, &nbsp;especialista en PT, AL y Orientador\/a.<\/td>\n<td width=\"176\">&nbsp;<\/p>\n<p>-Mes de Septiembre<\/td>\n<\/tr>\n<tr>\n<td width=\"187\">&nbsp;<\/p>\n<p>-An\u00e1lisis de la situaci\u00f3n del alumno\/a.<\/p>\n<p>Toma de decisiones sobre la respuesta educativa: ACNS-ACS, horario de apoyo, recursos personales y materiales.<\/p>\n<p>Planificaci\u00f3n de tareas y responsables en la elaboraci\u00f3n de ACNS-ACS y el seguimiento del alumnado.<\/td>\n<td width=\"174\">&nbsp;<\/p>\n<p>-Reuni\u00f3n de trabajo&nbsp; tras la evaluaci\u00f3n inicial y la evaluaci\u00f3n psicopedag\u00f3gica.<\/td>\n<td width=\"175\">&nbsp;<\/p>\n<p>-Equipo Educativo, Jefe\/a de Estudios, especialista en PT, AL y Orientador\/a.<\/td>\n<td width=\"176\">&nbsp;<\/p>\n<p>-Octubre<\/td>\n<\/tr>\n<tr>\n<td width=\"187\">&nbsp;<\/p>\n<p>-Establecer mecanismos de coordinaci\u00f3n entre profesorado del aula ordinaria y aula de apoyo a la integraci\u00f3n que favorezca la programaci\u00f3n de actividades a realizar en su grupo de referencia.<\/td>\n<td width=\"174\">&nbsp;<\/p>\n<p>-Reuniones Equipos Docentes.<\/p>\n<p>Diario del alumno\/a.<\/p>\n<p>Reuniones de trabajo.<\/td>\n<td width=\"175\">&nbsp;<\/p>\n<p>-Equipo Educativo, Jefe\/a de Estudios, especialista en PT, AL y Orientador\/a.<\/td>\n<td width=\"176\">&nbsp;<\/p>\n<p>-Todo el curso<\/td>\n<\/tr>\n<\/tbody>\n<\/table>\n<p><strong>&nbsp;<\/strong><\/p>\n<p>C.2<strong> Alumnado<\/strong><\/p>\n<p><strong>&nbsp;<\/strong><\/p>\n<table>\n<tbody>\n<tr>\n<td width=\"187\">\n<h4>ACTUACIONES<\/h4>\n<\/td>\n<td width=\"174\"><strong>ESTRATEGIAS Y\/O RECURSOS<\/strong><\/td>\n<td colspan=\"2\" width=\"175\"><strong>RESPONSABLES<\/strong><\/td>\n<td width=\"176\"><strong>TEMPORALIZACI\u00d3N<\/strong><\/td>\n<\/tr>\n<tr>\n<td width=\"187\">&nbsp;<\/p>\n<p>-Visita individual al centro del alumno\/a con nee.<\/p>\n<p>&nbsp;<\/td>\n<td width=\"174\">&nbsp;<\/p>\n<p>-Reuni\u00f3n con Equipo Directivo.<\/td>\n<td colspan=\"2\" width=\"175\">&nbsp;<\/p>\n<p>-Tutor\/a<\/p>\n<p>-Familia<\/p>\n<p>-Equipos especializados<\/td>\n<td width=\"176\">&nbsp;<\/p>\n<p>-Mes de Junio.<\/td>\n<\/tr>\n<tr>\n<td width=\"187\">&nbsp;<\/p>\n<p>-Programaci\u00f3n de actividades para la sensibilizaci\u00f3n de las necesidades del alumno\/a al resto de compa\u00f1eros\/as y posibles normas de la clase para su mejor integraci\u00f3n (ej. Disposici\u00f3n del mobiliario, orden\u2026)<\/td>\n<td width=\"174\">&nbsp;<\/p>\n<p>Actividades a incluir dentro de la programaci\u00f3n de tutor\u00eda.<\/td>\n<td colspan=\"2\" width=\"175\">&nbsp;<\/p>\n<p>Tutor\/a<\/td>\n<td width=\"176\">&nbsp;<\/p>\n<p>Primeros d\u00edas de clase.<\/td>\n<\/tr>\n<tr>\n<td width=\"187\">&nbsp;<\/p>\n<p>-Desarrollo de actividades de conocimiento del grupo, aceptaci\u00f3n de diferencias, educaci\u00f3n en valores (respeto, solidaridad\u2026), habilidades sociales.<\/p>\n<p><strong>&nbsp;<\/strong><\/td>\n<td width=\"174\">&nbsp;<\/p>\n<p>Actividades a incluir dentro de la programaci\u00f3n de tutor\u00eda.<\/td>\n<td colspan=\"2\" width=\"175\">&nbsp;<\/p>\n<p>Tutor\/a<\/td>\n<td width=\"176\"><strong>&nbsp;<\/strong><\/p>\n<p>Primeros d\u00edas de clase.<\/td>\n<\/tr>\n<tr>\n<td colspan=\"5\" width=\"712\">C.2.1<strong> Otras actividades a realizar con el alumnado<\/strong><\/td>\n<\/tr>\n<tr>\n<td colspan=\"3\" width=\"451\">\n<h4>ACTUACIONES<\/h4>\n<\/td>\n<td colspan=\"2\" width=\"261\"><strong>RESPONSABLES<\/strong><\/td>\n<\/tr>\n<tr>\n<td colspan=\"3\" width=\"451\">&nbsp;<\/p>\n<p>-Tutor\u00eda entre alumnos\/as:<\/p>\n<p><strong>Entre iguales<\/strong>: Alumno\/a del grupo encargado de acompa\u00f1ar y favorecer las relaciones de alumno\/a con nee.<\/p>\n<p><strong>Entre compa\u00f1eros\/as de distinta edad<\/strong>: alumnado de cursos superiores que ayudan a la integraci\u00f3n de alumnos con nee.<\/p>\n<p><strong>Con inversi\u00f3n de roles:<\/strong> es el propio alumno\/a con nee el que realiza&nbsp; las funciones de tutor de otros alumnos \u201cordinarios\u201d.<\/p>\n<p>&nbsp;<\/td>\n<td colspan=\"2\" width=\"261\">&nbsp;<\/p>\n<p>&nbsp;<\/p>\n<p>&#8211;&nbsp;&nbsp;&nbsp;&nbsp;&nbsp;&nbsp;&nbsp;&nbsp;&nbsp; Tutor\/a<\/p>\n<p>&#8211;&nbsp;&nbsp;&nbsp;&nbsp;&nbsp;&nbsp;&nbsp;&nbsp;&nbsp; Equipo Docente<\/p>\n<p>&#8211;&nbsp;&nbsp;&nbsp;&nbsp;&nbsp;&nbsp;&nbsp;&nbsp; Alumnos\/as tutores<\/td>\n<\/tr>\n<tr>\n<td colspan=\"3\" width=\"451\">-Organizaci\u00f3n de los recreos con juegos cooperativos que favorezcan la integraci\u00f3n de los alumnos\/as nee<\/td>\n<td colspan=\"2\" width=\"261\">-Profesorado<\/p>\n<p>-Equipo Directivo<\/td>\n<\/tr>\n<tr>\n<td colspan=\"3\" width=\"451\">-Desarrollo de talleres para lograr interacci\u00f3n del alumnado de distintos grupos y niveles, entre ellos los que tienen nee.<\/td>\n<td colspan=\"2\" width=\"261\">-Profesorado<\/p>\n<p>-Equipo Directivo<\/td>\n<\/tr>\n<tr>\n<td colspan=\"3\" width=\"451\">-Considerar las caracter\u00edsticas de los alumnos a la hora de organizar actividades complementarias y extraescolares.<\/td>\n<td colspan=\"2\" width=\"261\">-Profesorado<\/p>\n<p>-Equipo Directivo<\/td>\n<\/tr>\n<tr>\n<td width=\"185\">&nbsp;<\/td>\n<td width=\"172\">&nbsp;<\/td>\n<td width=\"90\">&nbsp;<\/td>\n<td width=\"83\">&nbsp;<\/td>\n<td width=\"176\">&nbsp;<\/td>\n<\/tr>\n<\/tbody>\n<\/table>\n<p><strong>&nbsp;<\/strong><\/p>\n<p><strong>&nbsp;<\/strong><\/p>\n<p><strong>&nbsp;<\/strong><\/p>\n<p><strong>&nbsp;<\/strong><\/p>\n<p><strong>&nbsp;<\/strong><\/p>\n<p>C.3 <strong>Familia<\/strong><\/p>\n<p><strong>&nbsp;<\/strong><\/p>\n<table>\n<tbody>\n<tr>\n<td width=\"177\">\n<h4>ACTUACIONES<\/h4>\n<\/td>\n<td width=\"177\"><strong>ESTRATEGIAS Y\/O RECURSOS<\/strong><\/td>\n<td width=\"177\"><strong>RESPONSABLES<\/strong><\/td>\n<td width=\"177\"><strong>TEMPORALIZACI\u00d3N<\/strong><\/td>\n<\/tr>\n<tr>\n<td width=\"177\">-Temas a tratar:<\/p>\n<ul>\n<li>Recogida de informaci\u00f3n sobre el alumno\/a.<\/li>\n<li>Informaci\u00f3n sobre &nbsp;la respuesta educativa inicial y actuaciones con el alumno\/a.<\/li>\n<li>Necesidades iniciales de material.<\/li>\n<li>Necesidad de coordinaci\u00f3n.<\/li>\n<\/ul>\n<\/td>\n<td width=\"177\">&nbsp;<\/p>\n<p>-Entrevista familiar.<\/td>\n<td width=\"177\">&nbsp;<\/p>\n<p>&#8211;&nbsp;&nbsp;&nbsp;&nbsp;&nbsp;&nbsp;&nbsp;&nbsp;&nbsp; Tutor\/a<\/p>\n<p>&#8211;&nbsp;&nbsp;&nbsp;&nbsp;&nbsp;&nbsp;&nbsp;&nbsp;&nbsp; Profesor\/a especialista en PT o AL.<\/td>\n<td width=\"177\">&nbsp;<\/p>\n<p>-Mes de Septiembre<\/td>\n<\/tr>\n<tr>\n<td width=\"177\">&nbsp;<\/p>\n<p>-Temas a tratar:<\/p>\n<ul>\n<li>Respuesta educativa.<\/li>\n<li>Orientaciones para desarrollo de programas en el \u00e1mbito familiar.<\/li>\n<\/ul>\n<p>&nbsp;<\/td>\n<td width=\"177\">&nbsp;<\/p>\n<p>-Entrevista familiar.<\/td>\n<td width=\"177\">&nbsp;<\/p>\n<p>-Tutor\/a<\/p>\n<p>-PT o AL<\/p>\n<p>&nbsp;<\/td>\n<td width=\"177\">&nbsp;<\/p>\n<p>-Octubre\/Noviembre<\/td>\n<\/tr>\n<tr>\n<td width=\"177\">&nbsp;<\/p>\n<p>-Desarrollo de contenidos referentes a la atenci\u00f3n e integraci\u00f3n del alumnado con nee y sobre la necesidad espec\u00edfica.<\/p>\n<p>&nbsp;<\/td>\n<td width=\"177\">&nbsp;<\/p>\n<p>-Reuni\u00f3n grupal de familias.<\/p>\n<p>&nbsp;<\/td>\n<td width=\"177\">&nbsp;<\/p>\n<p>-Tutor\/a<\/td>\n<td width=\"177\">&nbsp;<\/p>\n<p>-Septiembre\/Octubre<\/td>\n<\/tr>\n<tr>\n<td width=\"177\">&nbsp;<\/p>\n<p>-Sensibilizaci\u00f3n a los padres a trav\u00e9s de charlas para tener en cuenta la diversidad de alumnado del aula.<\/td>\n<td width=\"177\">&nbsp;<\/p>\n<p>-Reuniones grupales.<\/td>\n<td width=\"177\">&nbsp;<\/p>\n<p>-Tutor\/a<\/td>\n<td width=\"177\">&nbsp;<\/p>\n<p>-A lo largo del curso<\/td>\n<\/tr>\n<\/tbody>\n<\/table>\n<p><strong>&nbsp;<\/strong><\/p>\n<p><strong>5.- L\u00cdNEAS DE ACTUACI\u00d3N DE LOS DISTINTOS AGENTES Y \u00d3RGANOS DE COORDINACI\u00d3N DOCENTE IMPLICADOS EN LA ORIENTACI\u00d3N Y ACCI\u00d3N TUTORIAL.<\/strong><\/p>\n<p>Atendiendo a lo dispuesto en el cap\u00edtulo VI del Decreto 328\/2010, de 13 de julio, se constituir\u00e1n cada curso escolar los siguientes \u00f3rganos de coordinaci\u00f3n docente:<\/p>\n<ol>\n<li><strong>Equipos docentes<\/strong>: Los equipos docentes estar\u00e1n constituidos por todos los maestros y maestras que imparten docencia a un mismo grupo de alumnos y alumnas. Ser\u00e1n coordinados por el correspondiente tutor o tutora. Los equipos docentes realizar\u00e1n las funciones encomendadas seg\u00fan lo dispuesto en el art\u00edculo en el cap\u00edtulo VI, en su art\u00edculo 79, del Decreto 328\/2010, de 13 de julio. A saber:<\/li>\n<li>a) Llevar a cabo el seguimiento global del alumnado del grupo, estableciendo las medidas necesarias para mejorar su aprendizaje, de acuerdo con el proyecto educativo del centro.<\/li>\n<li>b) Realizar de manera colegiada la evaluaci\u00f3n del alumnado, de acuerdo con la normativa vigente y con el proyecto educativo del centro y adoptar las decisiones que correspondan en materia de promoci\u00f3n.<\/li>\n<li>c) Garantizar que cada maestro y maestra proporcione al alumnado informaci\u00f3n relativa a la programaci\u00f3n del \u00e1rea que imparte, con especial referencia a los objetivos, los m\u00ednimos exigibles y los criterios de evaluaci\u00f3n.<\/li>\n<li>d) Establecer actuaciones para mejorar el clima de convivencia del grupo.<\/li>\n<li>e) Tratar coordinadamente los conflictos que surjan en el seno del grupo, estableciendo medidas para resolverlos y sin perjuicio de las competencias que correspondan a otros \u00f3rganos en materia de prevenci\u00f3n y &nbsp;&nbsp;&nbsp;&nbsp;&nbsp;&nbsp;&nbsp;&nbsp;&nbsp;&nbsp;&nbsp; resoluci\u00f3n de conflictos.<\/li>\n<li>f) Conocer y participar en la elaboraci\u00f3n de la informaci\u00f3n que, en su caso, se proporcione a los padres, madres o representantes legales de cada uno de los alumnos o alumnas del grupo.<\/li>\n<li>g) Proponer y elaborar las adaptaciones curriculares no significativas bajo la coordinaci\u00f3n del profesor o profesora tutor y con el asesoramiento del equipo de orientaci\u00f3n.<\/li>\n<li>h) Atender a los padres, madres o representantes legales del alumnado del grupo de acuerdo con lo que se establezca en el plan de orientaci\u00f3n y acci\u00f3n tutorial del centro y en la normativa vigente.<\/li>\n<\/ol>\n<p><strong>Consideraciones a tener en cuenta<\/strong>:<\/p>\n<ul>\n<li>El profesorado tutor recabar\u00e1 informaci\u00f3n del resto de profesores\/as previamente a las entrevistas con las familias.<\/li>\n<li>Todo el profesorado del Equipo podr\u00e1 solicitar entrevistas con las familias, en funci\u00f3n de las necesidades (desarrollo de su \u00e1rea, conductas, dificultades de aprendizaje, etc).<\/li>\n<li>El profesorado tutor levantar\u00e1 acta de las reuniones que se celebren de acuerdo con el plan de reuniones elaborado por la Jefatura de Estudios.<\/li>\n<\/ul>\n<ol>\n<li><strong>Equipos de ciclo<\/strong>: Cada equipo de ciclo estar\u00e1 integrado por los maestros y maestras que imparten docencia en \u00e9l. Los maestros y maestras que impartan docencia en diferentes ciclos ser\u00e1n adscritos por el director o directora del centro, garantiz\u00e1ndose, no obstante, la coordinaci\u00f3n de este profesorado con los otros equipos donde tambi\u00e9n imparte sus ense\u00f1anzas. Los equipos de ciclo desarrollar\u00e1n las competencias dictadas en el cap\u00edtulo VI, art\u00edculo 81, del Decreto 328\/2010, de 13 de julio. A saber:<\/li>\n<\/ol>\n<ol>\n<li>a) Colaborar con el equipo directivo en la elaboraci\u00f3n de los aspectos docentes del proyecto educativo.<\/li>\n<li>b) Elaborar las programaciones did\u00e1cticas o, en su caso, las propuestas pedag\u00f3gicas correspondientes al mismo, de acuerdo con el proyecto educativo.<\/li>\n<li>c) Velar para que en las programaciones did\u00e1cticas de todas las \u00e1reas se incluyen medidas para estimular el inter\u00e9s y el h\u00e1bito de la lectura y la mejora de la expresi\u00f3n oral y escrita del alumnado.<\/li>\n<li>d) Realizar el seguimiento del grado de cumplimiento de la programaci\u00f3n did\u00e1ctica y proponer las medidas de mejora que se deriven del mismo.<\/li>\n<li>e) Colaborar en la aplicaci\u00f3n de las medidas de atenci\u00f3n a la diversidad que se desarrollen para el alumnado del ciclo.<\/li>\n<li>f) Promover, organizar y realizar las actividades complementarias y extraescolares, de conformidad con lo establecido en la normativa vigente.<\/li>\n<li>g) Mantener actualizada la metodolog\u00eda did\u00e1ctica, especialmente aquella que favorezca el desarrollo de las capacidades en el alumnado de educaci\u00f3n infantil y de las competencias b\u00e1sicas en el alumnado de educaci\u00f3n primaria.<\/li>\n<li>h) Evaluar la pr\u00e1ctica docente y los resultados del proceso de ense\u00f1anza-aprendizaje.<\/li>\n<\/ol>\n<p>&nbsp;<\/p>\n<p><strong>Consideraciones a tener en cuenta<\/strong>:<\/p>\n<p>&nbsp;<\/p>\n<ul>\n<li>El\/la coordinador\/a de cada equipo de ciclo levantar\u00e1 acta de las reuniones celebradas, de acuerdo con el plan de reuniones elaborado por la Jefatura de Estudios<\/li>\n<\/ul>\n<p>Atendiendo a lo dispuesto en el cap\u00edtulo VI, en su art\u00edculo 80, del Decreto 328\/2010, de 13 de julio, en nuestro centro se constituir\u00e1n cada a\u00f1o los siguientes ciclos:<\/p>\n<p>1.-<strong> Primer ciclo de Primaria<\/strong>: En este ciclo se incluir\u00e1n a los tutores\/as de 1\u00ba a 2\u00ba, el profesor\/a especialista en Pedagog\u00eda Terap\u00e9utica m\u00e1s un\/a profesor\/a especialista de estos cursos.<\/p>\n<p>2.- <strong>Segundo ciclo de Primaria<\/strong>: En este ciclo se incluir\u00e1n los\/as tutores\/as de 3\u00ba y 4\u00ba m\u00e1s dos profesores\/as especialistas de estos cursos.<\/p>\n<p>3.- <strong>Tercer ciclo de Primaria<\/strong>: En este ciclo se incluir\u00e1n los\/as tutores\/as de 5\u00ba y 6\u00ba m\u00e1s dos profesores\/as especialistas.<\/p>\n<p>&nbsp;<\/p>\n<ol>\n<li><strong>Equipo de Orientaci\u00f3n<\/strong>: Este ciclo estar\u00e1 constituido por el \/la profesor\/a especialista en Pedagog\u00eda Terap\u00e9utica, el\/la profesor\/a especialista en AL, el profesor\/a asignado para el Refuerzo Educativo y el\/la orientador\/a de referencia del E.O.E.<\/li>\n<\/ol>\n<p>&nbsp;&nbsp;&nbsp;&nbsp;&nbsp;&nbsp;&nbsp;&nbsp;&nbsp;&nbsp;&nbsp; El Equipo de Orientaci\u00f3n realizar\u00e1 las siguientes labores en el centro:<\/p>\n<p>1.- Asesorar\u00e1 sobre la elaboraci\u00f3n del plan de orientaci\u00f3n y acci\u00f3n tutorial.<\/p>\n<p>2.-Colaborar\u00e1 con los equipos de ciclo en el desarrollo del mismo, especialmente en la prevenci\u00f3n y detecci\u00f3n temprana de las necesidades espec\u00edficas de apoyo educativo, y asesorar\u00e1 en la elaboraci\u00f3n de las adaptaciones curriculares para el alumnado que las precise.<\/p>\n<p>&nbsp;<\/p>\n<p>El Equipo de Orientaci\u00f3n contar\u00e1 con un\/a orientador\/a de referencia desinado por el EOE de zona y cumplir\u00e1 las siguientes funciones:<strong>&nbsp;<\/strong><\/p>\n<ol>\n<li>a) Realizar la evaluaci\u00f3n psicopedag\u00f3gica del alumnado, de acuerdo con lo previsto en la normativa vigente. b) Asesorar al profesorado en el proceso de evaluaci\u00f3n continua del alumnado.<\/li>\n<li>c) Asesorar al profesorado en el desarrollo del curr\u00edculo sobre el ajuste del proceso de ense\u00f1anza y aprendizaje a las necesidades del alumnado.<\/li>\n<li>d) Asesorar a la comunidad educativa en la aplicaci\u00f3n de las medidas relacionadas con la mediaci\u00f3n, resoluci\u00f3n y regulaci\u00f3n de conflictos en el \u00e1mbito escolar.<\/li>\n<li>e) Asesorar al equipo directivo y al profesorado en la aplicaci\u00f3n de las diferentes actuaciones y medidas de atenci\u00f3n a la diversidad, especialmente las orientadas al alumnado que presente necesidades espec\u00edficas de apoyo educativo.<\/li>\n<li>f) Colaborar en el desarrollo del plan de orientaci\u00f3n y acci\u00f3n tutorial, asesorando en sus funciones al profesorado que tenga asignadas las tutor\u00edas, facilit\u00e1ndoles los recursos did\u00e1cticos o educativos necesarios y, excepcionalmente, interviniendo directamente con el alumnado, ya sea en grupos o de forma individual, todo ello de acuerdo con lo que se recoja en dicho plan.<\/li>\n<li>g) Asesorar a las familias o a los representantes legales del alumnado en los aspectos que afecten a la orientaci\u00f3n psicopedag\u00f3gica del mismo.<\/li>\n<\/ol>\n<p><strong>&nbsp;<\/strong><\/p>\n<p><strong>Consideraciones a tener en cuenta<\/strong>:<\/p>\n<ul>\n<li>El coordinador\/a del Equipo de Orientaci\u00f3n levantar\u00e1 acta de las sesiones celebradas de acuerdo con el plan de reuniones elaborado por la Jefatura de Estudios.<\/li>\n<li>La presencia del orientador\/a en el centro ser\u00e1 de al menos una vez a la semana en jornada lectiva completa y, en todo caso, seg\u00fan lo dispuesto para cada curso escolar por la Direcci\u00f3n del EOE de zona. Asimismo, asistir\u00e1 en el horario no lectivo de obligada permanencia de manera flexible y en funci\u00f3n de su disponibilidad horaria, cuando sea convocado para las reuniones de las distintas unidades organizativas (ETCP, Equipos Docentes, Equipo de Orientaci\u00f3n, Claustro, \u2026) o para entrevistas con el profesorado en general, con las familias, etc, o por su propia iniciativa.<\/li>\n<\/ul>\n<p>&nbsp;<\/p>\n<ol>\n<li><strong>Equipo T\u00e9cnico de Coordinaci\u00f3n Pedag\u00f3gica<\/strong>: En este Equipo se incluyen los\/as coordinadores\/as de los tres Ciclos de Educaci\u00f3n Primaria, El Director del Centro, la Jefatura de Estudios y le persona de referencia del E.O.E. asignada en el Centro. Las competencias de este Equipo quedan reflejadas en el cap\u00edtulo VI, art\u00edculo 88, del Decreto 328\/2010, de 13 de julio. A saber:<\/li>\n<li>a) Establecer las directrices generales para la elaboraci\u00f3n de los aspectos educativos del Plan de Centro y sus modificaciones.<\/li>\n<li>b) Fijar las l\u00edneas generales de actuaci\u00f3n pedag\u00f3gica del proyecto educativo.<\/li>\n<li>c) Asesorar al equipo directivo en la elaboraci\u00f3n del Plan de Centro.<\/li>\n<li>d) Establecer las directrices generales para la elaboraci\u00f3n y revisi\u00f3n de las programaciones did\u00e1cticas.<\/li>\n<li>e) Asesorar a los equipos de ciclo y al Claustro de Profesorado sobre el aprendizaje y la evaluaci\u00f3n en competencias y velar porque las programaciones de las \u00e1reas contribuyan al desarrollo de las competencias b\u00e1sicas.<\/li>\n<li>f) Elaborar la propuesta de criterios y procedimientos previstos para realizar las medidas y programas de atenci\u00f3n a la diversidad del alumnado.<\/li>\n<li>g) Establecer criterios y procedimientos de funcionamiento del aula de convivencia.<\/li>\n<li>h) Velar por el cumplimiento y posterior evaluaci\u00f3n de los aspectos educativos del Plan de Centro.<\/li>\n<li>i) Realizar el diagn\u00f3stico de las necesidades formativas del profesorado como consecuencia de los resultados de la autoevaluaci\u00f3n o de las evaluaciones internas o externas que se realicen.<\/li>\n<li>j) Proponer al equipo directivo las actividades formativas que constituir\u00e1n, cada curso escolar, el plan de formaci\u00f3n del profesorado, para su inclusi\u00f3n en el proyecto educativo.<\/li>\n<li>k) Elaborar, en colaboraci\u00f3n con el correspondiente centro del profesorado, los proyectos de formaci\u00f3n en centros.<\/li>\n<li>l) Coordinar la realizaci\u00f3n de las actividades de perfeccionamiento del profesorado.<\/li>\n<li>m) Colaborar con el centro del profesorado que corresponda en cualquier otro aspecto relativo a la oferta de actividades formativas e informar al Claustro de Profesorado de las mismas.<\/li>\n<li>n) Investigar sobre el uso de las buenas pr\u00e1cticas docentes existentes y trasladarlas a los equipos de ciclo y de orientaci\u00f3n para su conocimiento y aplicaci\u00f3n.<\/li>\n<\/ol>\n<p>\u00f1) Informar a los maestros y maestras sobre l\u00edneas de investigaci\u00f3n did\u00e1ctica innovadoras que se est\u00e9n llevando a cabo con respecto al curr\u00edculo.<\/p>\n<ol>\n<li>o) Establecer indicadores de calidad que permitan valorar la eficacia de las actividades desarrolladas por el centro y realizar su seguimiento.<\/li>\n<li>p) Elevar al Claustro de Profesorado el plan para evaluar los aspectos educativos del Plan de Centro, la evoluci\u00f3n del aprendizaje y el proceso de ense\u00f1anza.<\/li>\n<li>q) Colaborar con la Agencia Andaluza de Evaluaci\u00f3n Educativa en la aplicaci\u00f3n y el seguimiento de las pruebas de evaluaci\u00f3n de diagn\u00f3stico y con aquellas otras actuaciones relacionadas con la evaluaci\u00f3n que se lleven a cabo en el centro.<\/li>\n<li>r) Proponer, al equipo directivo y al Claustro de Profesorado, planes de mejora como resultado de las evaluaciones llevadas a cabo en el centro.<\/li>\n<\/ol>\n<p>&nbsp;<\/p>\n<p><strong>Consideraciones a tener en cuenta<\/strong>:<\/p>\n<ul>\n<li>La Jefatura de Estudios ser\u00e1 la encargada de la secretar\u00eda del Equipo y de levantar acta de las sesiones.<\/li>\n<\/ul>\n<ol>\n<li><strong>Tutor\u00edas<\/strong>: Atendiendo a lo dispuesto en el cap\u00edtulo VI, art\u00edculo 89, del Decreto 328\/2010, de 13 de julio, la direcci\u00f3n del Centro nombrar\u00e1, a propuesta de la Jefatura de Estudios, un tutor\/a para cada unidad o grupo de alumnos\/as y para cada curso escolar. Como tambi\u00e9n dispone la normativa se tendr\u00e1 en cuenta que aquellos maestros\/as que, durante un curso escolar, hayan tenido asignado el primer curso de cualquier ciclo contin\u00faen en el segundo curso al a\u00f1o siguiente. Las funciones y designaci\u00f3n de los\/as tutores \/as han quedado reflejadas en el punto 1 del POAT.<\/li>\n<\/ol>\n<p>&nbsp;&nbsp;&nbsp;&nbsp;&nbsp;&nbsp;&nbsp;&nbsp;&nbsp;&nbsp;&nbsp; <strong>Consideraciones a tener en cuenta<\/strong>:<\/p>\n<ul>\n<li>Cada tutor\/a levantar\u00e1 acta de las reuniones de tutor\u00eda mantenidas con las familias.<\/li>\n<\/ul>\n<p>Atendiendo a lo dispuesto en el Cap\u00edtulo VI, en sus art\u00edculos 83, 84 y 85 respectivamente, del Decreto 328\/2010 de 13 de julio, los coordinadores\/as de los \u00f3rganos de coordinaci\u00f3n docente ser\u00e1n nombrados\/as durante dos cursos escolares, siempre que durante dicho periodo contin\u00faen prestando servicio en el Centro. Los tutores y tutoras ser\u00e1 nombrados\/as por la Direcci\u00f3n, a propuesta de la Jefatura de Estudios, de entre el profesorado del centro con destino definitivo.<\/p>\n<p>Los nombramientos se realizar\u00e1n en Claustro en los dos primeros d\u00edas del mes de septiembre de cada curso. En el mes de junio se realizar\u00e1 por parte de la Direcci\u00f3n una designaci\u00f3n provisional de tutores\/as, o\u00eddo el Claustro.<\/p>\n<p>&nbsp;<\/p>\n<p>5.1<strong><u> PLANIFICACI\u00d3N DE LAS REUNIONES DE LOS DIFERENTES \u00d3RGANOS DE COORDINACI\u00d3N DOCENTE<\/u><\/strong><strong><u>.<\/u><\/strong><\/p>\n<p>Seg\u00fan lo dispuesto en el cap\u00edtulo III, art\u00edculo 8, de la Orden de 20 de agosto de 2010 el Plan de Reuniones de los \u00d3rganos de Coordinaci\u00f3n Docente ser\u00e1 elaborado por la Jefatura de Estudios, atendiendo a los criterios pedag\u00f3gicos establecidos en el Proyecto Educativo, a saber:<\/p>\n<p>Se programar\u00e1n, como m\u00ednimo, las siguientes reuniones por trimestre que se contemplar\u00e1n en el plan de reuniones elaborado por la Jefatura de Estudios:<\/p>\n<ul>\n<li><strong>Equipos docentes<\/strong>: 2 reuniones. Una antes de cada sesi\u00f3n de evaluaci\u00f3n.<\/li>\n<li><strong>ETCP<\/strong>: 2 reuniones. Se realizar\u00e1n a primera hora los lunes por la tarde, en horario no lectivo. Sus decisiones y deliberaciones se trasladar\u00e1n a los distintos ciclos.<\/li>\n<li><strong>Equipos de ciclo<\/strong>: 1 sesi\u00f3n cada dos semanas<\/li>\n<li><strong>Equipo de Orientaci\u00f3n<\/strong>: 2 reuniones en horario acordado por el Equipo. En todo caso, una antes da cada sesi\u00f3n de evaluaci\u00f3n.<\/li>\n<li><strong>Tutor\u00edas<\/strong>: Cada lunes en horario no lectivo de 17:00 horas a 18:30 horas.<\/li>\n<li>Se podr\u00e1n convocar cuantas reuniones se crean necesarias no contempladas en el plan de reuniones elaborado por la Jefatura de Estudios.<\/li>\n<\/ul>\n<p>6.- <strong>PROCEDIMIENTOS Y ESTRATEGIAS PARA FACILITAR LA COMUNICACI\u00d3N, LA COLABORACI\u00d3N Y LA COORDINACI\u00d3N CON LAS FAMILIAS<\/strong><\/p>\n<ul>\n<li><strong>\u00d3RGANOS DE PARTICIPACI\u00d3N EN EL CENTRO<\/strong><\/li>\n<\/ul>\n<p>&nbsp;&nbsp;&nbsp;&nbsp;&nbsp;&nbsp;&nbsp;&nbsp;&nbsp; El Consejo Escolar es el \u00f3rgano de participaci\u00f3n formal en el Centro. Dentro de \u00e9l, la Comisi\u00f3n de Convivencia tiene establecido un plan de actuaci\u00f3n y un calendario de reuniones (al menos dos durante el curso escolar), lo cual est\u00e1 recogido en el Plan de Convivencia del Centro. Ser\u00e1 a trav\u00e9s de esta Comisi\u00f3n por la que se canalizar\u00e1 la implicaci\u00f3n de las familias en aspectos conductuales del alumnado.<\/p>\n<p>6.2 <strong>MECANISMOS DE PARTICIPACI\u00d3N&nbsp; <\/strong><\/p>\n<ul>\n<li>Coordinaci\u00f3n con la AMPA.<\/li>\n<li>Reuniones de padres y madres de la tutor\u00eda, de ciclo y de centro.<\/li>\n<li>Escuela de Padres y Madres, si se crease.<\/li>\n<\/ul>\n<p><strong>&nbsp;<\/strong><\/p>\n<ul>\n<li><strong>LA TUTOR\u00cdA<\/strong><\/li>\n<\/ul>\n<p>Es el &nbsp;lugar donde se deben producir los contactos entre el profesorado tutor y la familia, entendida \u00e9sta como lugar de encuentro para con\u00adseguir la comunicaci\u00f3n y la unificaci\u00f3n de objetivos y criterios educativos. La tutor\u00eda, adem\u00e1s de estar enfocada a un trabajo con el alumnado, tambi\u00e9n lo estar\u00e1 para poner de acuerdo a familias y profesorado sobre los objetivos educativos , los valores y actitudes en los que hay que insistir coordinadamente, tanto en el centro como en las familias.<\/p>\n<p>Para la realizaci\u00f3n de un trabajo conjunto con los padres y madres se precisa tener una actitud abierta, cercana, colaborativa, cooperativa y muy respetuo\u00adsa; no debemos olvidar que es un trabajo en el que intervienen adultos &nbsp;que tienen formas de pensar no siempre coincidentes con la del profesorado.<\/p>\n<ol>\n<li><strong>Tutor\u00eda con el alumnado<\/strong><\/li>\n<\/ol>\n<p>En las actividades que se realicen en la tutor\u00eda con alumnado de cada uno de los grupos se tratar\u00e1n de conseguir los siguientes objetivos, entre otros:<\/p>\n<ul>\n<li>Consolidar la autoestima<\/li>\n<li>Desarrollar la autonom\u00eda personal.<\/li>\n<li>Resolver situaciones problem\u00e1ticas del d\u00eda a d\u00eda.<\/li>\n<li>Desarrollar en el alumnado pautas de trato correcto con adultos.<\/li>\n<li>Desarrollar habilidades sociales: dar y recibir elogios, dar y recibir cr\u00edticas.<\/li>\n<li>Adquirir h\u00e1bitos de comportamiento correctos.<\/li>\n<li>Fomentar en el alumnado la necesidad de controlar la impulsividad y a razonar antes de actuar.<\/li>\n<li>Ense\u00f1ar t\u00e9cnicas de estudio que favorezcan los aprendizajes.<\/li>\n<\/ul>\n<p>Se solicitar\u00e1 la colaboraci\u00f3n y asesoramiento del\/la orientador\/a de referencia en la confecci\u00f3n de actividades para cumplir con los objetivos propuestos.<\/p>\n<ol>\n<li><strong>Tutor\u00eda con las familias<\/strong><\/li>\n<\/ol>\n<p>En las actividades que se realicen en la tutor\u00eda con las familias se tratar\u00e1n de conseguir los siguientes objetivos, entre otros:<\/p>\n<ul>\n<li>Intercambiar informaci\u00f3n<\/li>\n<li>Informar de los resultados acad\u00e9micos trimestralmente.<\/li>\n<li>Mejorar el comportamiento y la convivencia en el centro.<\/li>\n<li>Lograr la implicaci\u00f3n de los padres y madres en la educaci\u00f3n de sus hijos\/as en los referente a tareas, la necesidad de le lectura diaria, alentar los buenos comportamientos, actividades de apoyo del aprendizaje de sus hijos\/as\u2026<\/li>\n<li>Informar de la importancia de la adquisici\u00f3n de unos h\u00e1bitos de estudio eficaces.<\/li>\n<li>Informar de todo lo que afecte a la educaci\u00f3n del alumnado.<\/li>\n<li>Apoyar a madres y a padres en su tarea educativa.<\/li>\n<li>Implicar a los padres en actividades de apoyo al aprendizaje de sus hijos\/as.<\/li>\n<li>Tratar el comportamiento y la convivencia en el centro.<\/li>\n<\/ul>\n<p>&nbsp;<\/p>\n<p>B.1<strong> Actividades que se pueden organizar en la Tutor\u00eda<\/strong><\/p>\n<ul>\n<li>Creaci\u00f3n de \u201cGrupos Interactivos\u201d para participar en el proceso de ense\u00f1anza-aprendizaje de sus &nbsp; hijos\/as. La participaci\u00f3n de los tutores\/as ser\u00e1 voluntaria. Se organizar\u00e1n dos grupos por trimestre.<\/li>\n<li>Semanas culturales-<\/li>\n<li>Celebraciones de conmemorativas: D\u00eda de Navidad<\/li>\n<li>Talleres organizados por padres y madres o realizados en colaboraci\u00f3n con el profesorado.<\/li>\n<li>Visitas, salidas, encuentros, intercambios con otros centros en los que pueden participar y colaborar &nbsp; padres y madres.<\/li>\n<li>Cuantas se estimen oportunas.<\/li>\n<\/ul>\n<p><strong>&nbsp;<\/strong><\/p>\n<p>B.2<strong> Medidas organizativas<\/strong> que posibilitan la participaci\u00f3n de los padres en la escuela:<\/p>\n<ul>\n<li>El centro educativo forma a los padres en diversos aspectos relacionados con la educaci\u00f3n de sus hijos\/as: <strong>Escuela de Madres\/Padres. <\/strong>Temas a abordar:<\/li>\n<li>Desarrollo infantil (f\u00edsico, cognitivo y socioafectivo).<\/li>\n<li>Desarrollo del lenguaje y la lectoescritura.<\/li>\n<li>Estilos educativos parentales.<\/li>\n<li>Planificaci\u00f3n y h\u00e1bitos de estudio.<\/li>\n<li>Refuerzo del h\u00e1bito lector en el hogar.<\/li>\n<li>Colaboraci\u00f3n escuela-familia.<\/li>\n<li>Promoci\u00f3n de h\u00e1bitos de vida saludable.<\/li>\n<li>Recursos educativos, sociales y sanitarios disponibles para las familias.<\/li>\n<li>Los padres contando con el centro educativo, emprenden actividades educativas con sus hijos\/as en el \u00e1mbito familiar: <strong>Educaci\u00f3n Familiar<\/strong>. Se tendr\u00e1 en cuenta lo acordado en las entrevistas de tutor\u00eda o en reuniones de todos los padres y madres del grupo.<\/li>\n<li>Los padres desarrollan acciones formativas entre el propio colectivo de padres: <strong>los padres como formadores de padres.<\/strong><\/li>\n<\/ul>\n<ol>\n<li><strong>Tutor\u00edas con el profesorado<\/strong><\/li>\n<\/ol>\n<p>Se buscar\u00e1 la consecuci\u00f3n de los siguientes objetivos, entre otros:<\/p>\n<ul>\n<li>Informar a los dem\u00e1s maestros del grupo de alumnos de todo aquello que les concierna en relaci\u00f3n con las actividades docentes, rendimiento acad\u00e9mico y caracter\u00edsticas de los mismos.<\/li>\n<li>Recoger cuantas observaciones y sugerencias haga el profesorado sobre problemas escolares, de disciplina, personales\u2026de su grupo-clase.<\/li>\n<li>Efectuar el seguimiento de los procesos de aprendizaje para detectar alumnos\/as con dificultades de aprendizaje y \/ o con necesidades educativas especiales, al objeto de articular respuestas educativas adecuadas.<\/li>\n<li>Coordinar el proceso evaluador y asesorar en la promoci\u00f3n de los alumnos\/as<\/li>\n<li>Informar y recabar informaci\u00f3n sobre las caracter\u00edsticas del alumnado.<\/li>\n<li>Coordinar las actuaciones de orientaci\u00f3n y refuerzo educativo.<\/li>\n<li>Coordinarse con el profesorado del ciclo siguiente.<\/li>\n<\/ul>\n<p>&nbsp;<\/p>\n<p>&nbsp;&nbsp;&nbsp;&nbsp;&nbsp;&nbsp;&nbsp;&nbsp;&nbsp;&nbsp;&nbsp; C.1 <strong>Actividades a realizar con el profesorado<\/strong><\/p>\n<ul>\n<li>Reuniones de equipos de ciclo.<\/li>\n<li>Confecci\u00f3n de las programaciones did\u00e1cticas.<\/li>\n<li>Consensuar normas que los ni\u00f1os deben cumplir en el aula y en el colegio.<\/li>\n<li>Planificaci\u00f3n de salidas y excursiones que se realizar\u00e1n.<\/li>\n<li>Sesiones de Evaluaci\u00f3n.<\/li>\n<li>Reuniones con el\/la orientador\/a.<\/li>\n<li>Cuantas se estimen oportunas.<\/li>\n<\/ul>\n<p><strong>&nbsp;<\/strong><\/p>\n<ul>\n<li><strong>ORGANIZACI\u00d3N DE LA COMUNICACI\u00d3N CON LAS FAMILIAS<\/strong><\/li>\n<\/ul>\n<p>La comunicaci\u00f3n con las familias se canalizar\u00e1 a trav\u00e9s de:<\/p>\n<ul>\n<li><strong>Reuniones grupales <\/strong>con los padres\/madres de cada grupo: habr\u00e1 una reuni\u00f3n obligatoria al principio de curso y cuantas se estimen oportunas para tratar diversos temas que afecten a las familias de manera general.<\/li>\n<\/ul>\n<p>En la reuni\u00f3n general de comienzos de curso se pueden tratar los siguientes temas:<\/p>\n<ul>\n<li>Procedimientos y criterios de evaluaci\u00f3n y promoci\u00f3n.<\/li>\n<li>Normas de entrada y salida del centro.<\/li>\n<li>Normas que el alumnado debe cumplir.<\/li>\n<li>Justificaci\u00f3n de las faltas de asistencia del alumnado.<\/li>\n<li>Cuidado de los libros de texto.<\/li>\n<li>Material escolar.<\/li>\n<li>Higiene personal<\/li>\n<li>Tareas<\/li>\n<li>Actuaciones en caso de contagio por piojos.<\/li>\n<li>Horario de tutor\u00eda<\/li>\n<li>Salud: informaci\u00f3n de alergias\u2026<\/li>\n<li>Desayunos<\/li>\n<li>Visitas de madres\/padres en horario escolar.<\/li>\n<li>Planes y programas educativos en los que participa el centro.<\/li>\n<li>Actividades extraescolares ofertadas por el centro.<\/li>\n<li>Salidas y excursiones que se realizar\u00e1n.<\/li>\n<li>Cuantas otras informaciones o aspectos consideren los tutores\/as.<\/li>\n<\/ul>\n<p>&nbsp;<\/p>\n<ul>\n<li><strong>Entrevistas individualizadas<\/strong> con las familias, que pueden ser solicitadas bien por los tutores o por las familias, en las fechas y horario de tutor\u00eda establecido por el centro. Llevar un registro de entrevistas con los aspectos tratados y los acuerdos adoptados con las familias. Aspectos que se pueden tratar en las reuniones individuales:<\/li>\n<li>Comportamiento<\/li>\n<li>Progresos y dificultades en la consecuci\u00f3n de los objetivos propuestos en cada trimestre.<\/li>\n<li>Otros que consideren los tutores\/as o las familias.<\/li>\n<li><strong>Otros procedimientos<\/strong> de comunicaci\u00f3n con las familias son:<\/li>\n<li>El registro e incidencias en la asistencia a clase.<\/li>\n<li>Bolet\u00edn de calificaciones de cada sesi\u00f3n de evaluaci\u00f3n.<\/li>\n<li>Notas informativas<\/li>\n<li>Agenda Escolar<\/li>\n<li>V\u00eda telef\u00f3nica<\/li>\n<li>V\u00eda whatsapp<\/li>\n<li>E-mail<\/li>\n<li>Uso de la aplicaci\u00f3n Ipasen.<\/li>\n<\/ul>\n<p>&nbsp;<\/p>\n<ul>\n<li><strong>ACCIONES ESPEC\u00cdFICAS<\/strong><\/li>\n<\/ul>\n<ul>\n<li>Compromisos de convivencia con familias del alumnado que presente problemas de conducta y aceptaci\u00f3n de las normas.<\/li>\n<li>Compromisos educativos con familias de alumnado que presente dificultades de aprendizaje.<\/li>\n<li>Estrategias de intervenci\u00f3n con familias en situaci\u00f3n compleja y problem\u00e1tica (asesoramiento del orientador\/a, educadores sociales).<\/li>\n<li>Informaci\u00f3n sobre servicios educativos complementarios que pueden ayudarles a subsanar carencias econ\u00f3micas, culturales o de falta de tiempo (comedor, aula matinal, actividades extraescolares, materiales did\u00e1cticos del centro, Programa de Acompa\u00f1amiento Escolar, \u2026)<\/li>\n<\/ul>\n<p><strong>&nbsp;<\/strong><\/p>\n<ol>\n<li><strong>DESCRIPCI\u00d3N DE PROCEDIMIENTOS PARA RECOGER Y ORGANIZAR LOS DATOS ACAD\u00c9MICOS Y PERSONALES DEL ALUMNADO.<\/strong><\/li>\n<\/ol>\n<p>La Secretar\u00eda del Centro es la encargada de &nbsp;archivar y custodiar todos los datos acad\u00e9micos y personales del alumnado. Tanto la Secretar\u00eda del centro como la Direcci\u00f3n velar\u00e1n en todo momento porque toda la informaci\u00f3n del alumnado quede recogida en el programa S\u00e9neca.<\/p>\n<p>El desempe\u00f1o de la funci\u00f3n tutorial requiere la recogida de numerosa informaci\u00f3n del alumnado. Se trata de &nbsp;&nbsp;&nbsp;&nbsp;&nbsp; aquella informaci\u00f3n de car\u00e1cter acad\u00e9mico y personal orientada al desarrollo del proceso de ense\u00f1anza \u2013 &nbsp;&nbsp;&nbsp;&nbsp;&nbsp; aprendizaje:<\/p>\n<ul>\n<li><strong>Informaci\u00f3n sobre la historia escolar del alumno\/a<\/strong>.<\/li>\n<li>Acta de reuni\u00f3n de coordinaci\u00f3n para la transici\u00f3n entre la etapa de Educaci\u00f3n Infantil y Educaci\u00f3n Primaria, donde quede reflejada aquella informaci\u00f3n destacada sobre alg\u00fan alumno\/a.<\/li>\n<li>Los datos relevantes sobre la transici\u00f3n entre Educaci\u00f3n Infantil y Educaci\u00f3n Primaria aparecer\u00e1n en los Informes de Evaluaci\u00f3n Individualizados.<\/li>\n<li>Copia de los Informes de Evaluaci\u00f3n por traslado.<\/li>\n<\/ul>\n<p>&nbsp;<\/p>\n<ul>\n<li><strong>Informaci\u00f3n curricular<\/strong>.<\/li>\n<li>Resultados de pruebas de evaluaci\u00f3n inicial.<\/li>\n<li>Resultados de la evaluaci\u00f3n trimestral. Recogida de la informaci\u00f3n que sobre un alumno\/a se genere en las sesiones de evaluaci\u00f3n.<\/li>\n<\/ul>\n<p>&nbsp;<\/p>\n<ul>\n<li><strong>Datos psicopedag\u00f3gicos<\/strong>.<\/li>\n<li>Informes de evaluaci\u00f3n psicopedag\u00f3gica.<\/li>\n<\/ul>\n<p>&nbsp;<\/p>\n<ul>\n<li><strong>Informaci\u00f3n de reuniones del equipo docente<\/strong>.<\/li>\n<\/ul>\n<p>&nbsp;<\/p>\n<ul>\n<li><strong>Informaci\u00f3n del proceso de ense\u00f1anza \u2013 aprendizaje en un \u00e1rea o materia<\/strong>.<\/li>\n<li>Establecer un modelo de informe del profesor para recabar informaci\u00f3n puntual sobre el proceso de ense\u00f1anza aprendizaje.<\/li>\n<\/ul>\n<p>&nbsp;<\/p>\n<ul>\n<li><strong>Informaci\u00f3n del proceso de coordinaci\u00f3n y comunicaci\u00f3n con las familias<\/strong>.<\/li>\n<\/ul>\n<p><strong>&nbsp;<\/strong><\/p>\n<p>Cada tutor y tutora incluir\u00e1, en el expediente acad\u00e9mico del conjunto del alumnado a su cargo, los datos relevantes obtenidos durante el curso escolar, tanto en el expediente depositado en la Secretar\u00eda del centro como en el incluido en la aplicaci\u00f3n inform\u00e1tica S\u00c9NECA. Estos datos incluir\u00e1n:<\/p>\n<ol>\n<li><strong>Informe Personal.<\/strong> En el caso del alumnado que se haya escolarizado por primera vez en el centro, incluir\u00e1 el que haya sido remitido desde su centro de procedencia.<\/li>\n<li><strong>Informaci\u00f3n de tipo curricular <\/strong>que se haya obtenido, incluidos los resultados de las evaluaciones iniciales, tanto la realizada en el momento del ingreso del alumnado en el centro como la de los sucesivos cursos.<\/li>\n<li><strong>Informaci\u00f3n al tutor\/a del ciclo siguiente o al que atienda al alumnado despu\u00e9s del actual<\/strong>, que sirva para facilitarle el seguimiento personalizado del alumnado. En esta informaci\u00f3n se pueden incluir:<\/li>\n<\/ol>\n<ul>\n<li><strong>Datos psicopedag\u00f3gicos<\/strong>.<\/li>\n<li><strong>Datos aportados por la familia en las entrevistas<\/strong> mantenidas con el propio tutor\/a, con otros miembros del Equipo Docente o con el orientador u orientadora de referencia.<\/li>\n<\/ul>\n<p><strong>&nbsp;&nbsp;&nbsp;&nbsp;&nbsp;&nbsp;&nbsp;&nbsp;&nbsp;&nbsp;&nbsp; Cualquier otra informaci\u00f3n<\/strong> que redunde en el mejor conocimiento y atenci\u00f3n del alumnado.<\/p>\n<p>&nbsp;<\/p>\n<p><strong>8.- COLABORACI\u00d3N Y COORDINACI\u00d3N CON SERVICIOS Y AGENTES EXTERNOS<\/strong><\/p>\n<p>La Direcci\u00f3n o Jefatura de Estudios presentar\u00e1 entre septiembre y octubre todos los programas educativos ofertados por servicios y agentes externos: Ayuntamiento, Diputaci\u00f3n, Centro de Salud&#8230; El Claustro, previo estudio por parte de los Ciclos y del ETCP, aprobar\u00e1 aquellos programas de colaboraci\u00f3n que estimen m\u00e1s oportunos para incluirlos en la Planificaci\u00f3n del Centro. Las actividades relacionadas con programas que afecten a un Ciclo, ser\u00e1n coordinadas por la Jefatura de Estudios o por el Coordinador del Ciclo correspondiente. Como regla general, las actuaciones de colaboraci\u00f3n con otros servicios externos, relacionadas con la acci\u00f3n tutorial tanto a nivel general de centro como a nivel individual, deben ser conocidas por la Direcci\u00f3n del centro y, preferentemente, aprobado por el Consejo Escolar.<\/p>\n<p>La colaboraci\u00f3n y coordinaci\u00f3n con los diferentes agentes externos se plasma en las siguientes tablas:<\/p>\n<p><strong>&nbsp;<\/strong><\/p>\n<table>\n<tbody>\n<tr>\n<td width=\"118\"><strong>Entidades y organismos<\/strong><\/td>\n<td width=\"118\"><strong>\u00c1reas de intervenci\u00f3n<\/strong><\/td>\n<td width=\"118\"><strong>Agentes<\/strong><\/td>\n<td width=\"118\"><strong>Temporalizaci\u00f3n<\/strong><\/td>\n<td width=\"118\"><strong>Actuaciones<\/strong><\/td>\n<td width=\"118\"><strong>Objetivos<\/strong><\/td>\n<\/tr>\n<tr>\n<td width=\"118\">&nbsp;<\/p>\n<p>-Atenci\u00f3n temprana<\/td>\n<td width=\"118\">&nbsp;<\/p>\n<p>-Atenci\u00f3n a la diversidad<\/td>\n<td width=\"118\">&nbsp;<\/p>\n<p>-Responsables de las tres consejer\u00edas (Bienestar social, Educaci\u00f3n y Salud)<\/p>\n<p>&nbsp;<\/p>\n<p>-Profesionales de atenci\u00f3n temprana<\/p>\n<p>-Pediatra<\/p>\n<p><strong>&nbsp;<\/strong><\/p>\n<p><strong>&nbsp;<\/strong><\/p>\n<p>-Orientadores\/as<\/p>\n<p>-M\u00e9dico\/a<\/p>\n<p>-AL<\/p>\n<p>-PT<\/p>\n<p>-Jefe\/a de Estudios<\/p>\n<p><strong>&nbsp;<\/strong><\/td>\n<td width=\"118\">&nbsp;<\/p>\n<p>-Preferentemente a final de curso.<\/p>\n<p>&nbsp;<\/p>\n<p>-Principio del curso&nbsp; siguiente.<\/p>\n<p>&nbsp;<\/p>\n<p>-Todo el a\u00f1o<\/td>\n<td width=\"118\">&nbsp;<\/p>\n<p>-Derivaci\u00f3n de casos.<\/p>\n<p>&nbsp;<\/p>\n<p>-Coordinaci\u00f3n tratamiento e intervenci\u00f3n.<\/p>\n<p>&nbsp;<\/p>\n<p>-Mecanismos de coordinaci\u00f3n interdisciplinar.<\/p>\n<p>&nbsp;<\/td>\n<td width=\"118\">&nbsp;<\/p>\n<p>-Detecci\u00f3n de atenci\u00f3n temprana<\/p>\n<p>&nbsp;<\/p>\n<p>-Prevenci\u00f3n de<\/p>\n<p>dificultades<\/p>\n<p>&nbsp;<\/p>\n<p>-Unificaci\u00f3n de criterios de intervenci\u00f3n<\/p>\n<p><strong>&nbsp;<\/strong><\/td>\n<\/tr>\n<tr>\n<td width=\"118\">&nbsp;<\/p>\n<p>-Asuntos Sociales\/<\/p>\n<p>Equipo de Tratamiento familiar<\/td>\n<td width=\"118\">&nbsp;<\/p>\n<p>-Atenci\u00f3n a la diversidad<\/p>\n<p>&nbsp;<\/p>\n<p>&nbsp;<\/p>\n<p>&nbsp;<\/td>\n<td width=\"118\">&nbsp;<\/p>\n<p>-Psiquiatras<\/p>\n<p>-Trabajador\/a social<\/p>\n<p>-Orientadores\/as<\/p>\n<p>-Psic\u00f3logos\/as<\/p>\n<p>-Equipo directivo<\/p>\n<p>-Personal del equipo de tratamiento familiar<\/p>\n<p>&nbsp;<\/td>\n<td width=\"118\">&nbsp;<\/p>\n<p>-Primera reuni\u00f3n a principio de curso<\/p>\n<p>&nbsp;<\/p>\n<p>-Una reuni\u00f3n al trimestre<\/p>\n<p>&nbsp;<\/td>\n<td width=\"118\">&nbsp;<\/p>\n<p>-Intercambio de informaci\u00f3n.<\/p>\n<p>&nbsp;<\/p>\n<p>-Seguimiento y control<\/p>\n<p>familiar<\/p>\n<p>&nbsp;<\/p>\n<p>-Detecci\u00f3n de casos<\/p>\n<p>-Intervenci\u00f3n<\/p>\n<p>&nbsp;<\/p>\n<p>-Actuaci\u00f3n conjunta de formaci\u00f3n a la comunidad educativa<\/p>\n<p>&nbsp;<\/td>\n<td width=\"118\">&nbsp;<\/p>\n<p>-Unificaci\u00f3n criterios de<\/p>\n<p>intervenci\u00f3n<\/p>\n<p>&nbsp;<\/p>\n<p>&#8211; Intervenci\u00f3n global<\/p>\n<p>&#8211; Seguimiento y control de casos<\/p>\n<p>&nbsp;<\/p>\n<p>-Apertura del centro a la comunidad<\/p>\n<p>&nbsp;<\/p>\n<p>&nbsp;<\/td>\n<\/tr>\n<\/tbody>\n<\/table>\n<p><strong>&nbsp;<\/strong><\/p>\n<table>\n<tbody>\n<tr>\n<td width=\"118\"><strong>Entidades y organismos<\/strong><\/td>\n<td width=\"118\"><strong>\u00c1reas de intervenci\u00f3n<\/strong><\/td>\n<td width=\"118\"><strong>Agentes<\/strong><\/td>\n<td width=\"118\"><strong>Temporalizaci\u00f3n<\/strong><\/td>\n<td width=\"118\"><strong>Actuaciones<\/strong><\/td>\n<td width=\"118\"><strong>Objetivos<\/strong><\/td>\n<\/tr>\n<tr>\n<td width=\"118\">&nbsp;<\/p>\n<p>-USMIJ<\/p>\n<p>Salud Mental<\/td>\n<td width=\"118\">&nbsp;<\/p>\n<p>-Atenci\u00f3n a la diversidad<\/p>\n<p>&nbsp;<\/td>\n<td width=\"118\">&nbsp;<\/p>\n<p>-Mestros\/as\/PT de la Delegaci\u00f3n de Educaci\u00f3n<\/p>\n<p>&nbsp;<\/p>\n<p>-Psiquiatra<\/p>\n<p>&nbsp;<\/p>\n<p>-Orientadores<\/p>\n<p>&nbsp;<\/p>\n<p>-Psic\u00f3logos\/as<\/td>\n<td width=\"118\">&nbsp;<\/p>\n<p>-Una reuni\u00f3n al trimestre<\/p>\n<p>&nbsp;<\/td>\n<td width=\"118\">&nbsp;<\/p>\n<p>-Intercambio de informaci\u00f3n.<\/p>\n<p>&nbsp;<\/p>\n<p>-Derivaci\u00f3n de casos<\/p>\n<p>&nbsp;<\/p>\n<p>-Intervenci\u00f3n<\/p>\n<p>&nbsp;<\/p>\n<p>&#8211; Unificaci\u00f3n criterios<\/p>\n<p>&nbsp;<\/td>\n<td width=\"118\">&nbsp;<\/p>\n<p>-Diagn\u00f3stico cl\u00ednico<\/p>\n<p>&nbsp;<\/p>\n<p>-Mejorar cauces de coordinaci\u00f3n<\/p>\n<p>&nbsp;<\/p>\n<p>Intercambio de informaci\u00f3n<\/p>\n<p>&nbsp;<\/p>\n<p>-Diagn\u00f3stico e intervenci\u00f3n.<\/td>\n<\/tr>\n<tr>\n<td width=\"118\">&nbsp;<\/p>\n<p>&#8211; Centro de Salud<\/p>\n<p>Pediatras<\/td>\n<td width=\"118\">&nbsp;<\/p>\n<p>-Atenci\u00f3n a la diversidad<\/p>\n<p>&nbsp;<\/td>\n<td width=\"118\">&nbsp;<\/p>\n<p>-Pediatra<\/p>\n<p>-Trabajador\/a social<\/p>\n<p>&#8211; Orientador\/a<\/p>\n<p>&#8211; M\u00e9dico\/a<\/td>\n<td width=\"118\">&nbsp;<\/p>\n<p>-Una reuni\u00f3n al trimestre<\/p>\n<p>-A demanda<\/td>\n<td width=\"118\">&nbsp;<\/p>\n<p>-Contrastar Informaci\u00f3n<\/p>\n<p>&nbsp;<\/p>\n<p>-Derivaci\u00f3n a profesionales<\/p>\n<p>&nbsp;<\/p>\n<p>-Seguimiento de casos<\/p>\n<p>&nbsp;<\/td>\n<td width=\"118\">&nbsp;<\/p>\n<p>-Diagn\u00f3stico<\/p>\n<p>&nbsp;<\/p>\n<p>-Derivaci\u00f3n de casos de forma temprana<\/p>\n<p>&nbsp;<\/p>\n<p>-Intercambio&nbsp; de informaci\u00f3n y seguimiento de casos.<\/td>\n<\/tr>\n<tr>\n<td width=\"118\">&nbsp;<\/p>\n<p>-Equipo de orientaci\u00f3n educativa especializado<\/td>\n<td width=\"118\">&nbsp;<\/p>\n<p>-Atenci\u00f3n a la diversidad<\/p>\n<p>&nbsp;<\/td>\n<td width=\"118\">&nbsp;<\/p>\n<p>-Equipo Especializado (TGD, Conducta, Mot\u00f3ricos y Auditivo)<\/p>\n<p>-Orientadores\/as<\/p>\n<p>-Tutores\/as<\/p>\n<p>-PT<\/p>\n<p>&nbsp;<\/td>\n<td width=\"118\">&nbsp;<\/p>\n<p>&nbsp;<\/p>\n<p>A demanda a lo largo del curso<\/td>\n<td width=\"118\">&nbsp;<\/p>\n<p>-Evaluaci\u00f3n<\/p>\n<p>-Intervenci\u00f3n<\/p>\n<p>-Asesoramiento<\/p>\n<p>-Gesti\u00f3n de recursos<\/td>\n<td width=\"118\">&nbsp;<\/p>\n<p>&#8211; Diagn\u00f3stico<\/p>\n<p>&#8211; Intervenci\u00f3n<\/p>\n<p>-Asesoramiento externo<\/p>\n<p>&nbsp;<\/td>\n<\/tr>\n<tr>\n<td width=\"118\">&nbsp;<\/p>\n<p>-Otros Organismos<\/p>\n<p>-Diferentes asociaciones<\/p>\n<p>-ONCE<\/p>\n<p>-UPACE<\/p>\n<p>-AFANA<\/p>\n<p>-\u2026<\/td>\n<td width=\"118\">&nbsp;<\/p>\n<p>-Atenci\u00f3n a la diversidad<\/p>\n<p>&nbsp;<\/td>\n<td width=\"118\">&nbsp;<\/p>\n<p>-Equipo Directivo<\/p>\n<p>-Orientadores\/as<\/p>\n<p>-Profesores\/as especialistas<\/p>\n<p>-Tutores\/as<\/p>\n<p>-Equipo educativo<\/p>\n<p>-PT<\/p>\n<p>-Maestro\/a de compensatoria<\/p>\n<p>-Inspecci\u00f3n<\/td>\n<td width=\"118\">&nbsp;<\/p>\n<p>-Todo el curso<\/p>\n<p>&#8211; Casos puntuales asesoramiento<\/p>\n<p>&nbsp;<\/td>\n<td width=\"118\">&nbsp;<\/p>\n<p>-Intervenci\u00f3n<\/p>\n<p>-Diagn\u00f3stico<\/p>\n<p>-Asesoramiento<\/p>\n<p>&#8211; Familia<\/p>\n<p>-Centro<\/p>\n<p>-Facilitaci\u00f3n de recursos<\/p>\n<p>&nbsp;<\/td>\n<td width=\"118\">&nbsp;<\/p>\n<p>-Coordinaci\u00f3n y especializaci\u00f3n de la respuesta&nbsp; educativa-<\/td>\n<\/tr>\n<tr>\n<td width=\"118\">&nbsp;<\/p>\n<p>-Comisi\u00f3n zonal de Absentismo<\/td>\n<td width=\"118\">&nbsp;<\/p>\n<p>-Educaci\u00f3n compensatoria<\/p>\n<p>&nbsp;<\/td>\n<td width=\"118\">&nbsp;<\/p>\n<p>-AMPA<\/p>\n<p>-Directores IES, CEPR<\/p>\n<p>-Representante Ayto<\/p>\n<p>-Orientadores\/as<\/p>\n<p>-Asuntos sociales<\/p>\n<p>&#8211; Polic\u00eda Local<\/td>\n<td width=\"118\">&nbsp;<\/p>\n<p>-Una al Trimestre<\/p>\n<p>-Comisi\u00f3n T\u00e9cnica, en funci\u00f3n de casos<\/td>\n<td width=\"118\">&nbsp;<\/p>\n<p>-Control<\/p>\n<p>-Seguimiento<\/p>\n<p>-Adopci\u00f3n de medidas<\/p>\n<p>&nbsp;<\/p>\n<p>-Derivaci\u00f3n<\/td>\n<td width=\"118\">&nbsp;<\/p>\n<p>-Coordinaci\u00f3n de los diferentes agentes<\/p>\n<p>-Actuaci\u00f3n integral<\/p>\n<p>-Control y mejora de absentismo<\/td>\n<\/tr>\n<tr>\n<td width=\"118\">&nbsp;<\/p>\n<p>-Inspecci\u00f3n<\/td>\n<td width=\"118\">&nbsp;<\/p>\n<p>-Atenci\u00f3n a la diversidad<\/p>\n<p>&nbsp;<\/td>\n<td width=\"118\">&nbsp;<\/p>\n<p>-Orientador\/a<\/p>\n<p>-Inspector\/a<\/p>\n<p>-Jefe\/a de Estudios<\/p>\n<p>-Familias<\/td>\n<td width=\"118\">&nbsp;<\/p>\n<p>&#8211; Todo el curso<\/p>\n<p>&#8211; De forma espec\u00edfica en periodo de escolarizaci\u00f3n<\/td>\n<td width=\"118\">&nbsp;<\/p>\n<p>&#8211; ACNS-ACS<\/p>\n<p>-Asesoramiento<\/p>\n<p>-Supervisi\u00f3n<\/p>\n<p>-Seguimiento<\/td>\n<td width=\"118\">&nbsp;<\/p>\n<p>&#8211; Ofrecer respuesta educativa ajustada a las necesidades del alumno\/a<\/td>\n<\/tr>\n<\/tbody>\n<\/table>\n<p><strong>&nbsp;<\/strong><\/p>\n<p><strong>&nbsp;<\/strong><\/p>\n<table>\n<tbody>\n<tr>\n<td width=\"118\"><strong>Entidades y organismos<\/strong><\/td>\n<td width=\"118\"><strong>\u00c1reas de intervenci\u00f3n<\/strong><\/td>\n<td width=\"118\"><strong>Agentes<\/strong><\/td>\n<td width=\"118\"><strong>Temporalizaci\u00f3n<\/strong><\/td>\n<td width=\"118\"><strong>Actuaciones<\/strong><\/td>\n<td width=\"118\"><strong>Objetivos<\/strong><\/td>\n<\/tr>\n<tr>\n<td width=\"118\">&nbsp;<\/p>\n<p>-Comisi\u00f3n zonal de tr\u00e1nsito<\/td>\n<td width=\"118\">&nbsp;<\/p>\n<h1>PAT\/POAP<\/h1>\n<\/td>\n<td width=\"118\">&nbsp;<\/p>\n<p>-Directores\/as<\/p>\n<p>-Orientadores\/as<\/p>\n<p>-Tutores\/as<\/p>\n<p>-PT\/AL<\/p>\n<p>-Profesores\/as<\/td>\n<td width=\"118\">&nbsp;<\/p>\n<p>&#8211; Una vez al trimestre<\/p>\n<p>&nbsp;<\/p>\n<p>&nbsp;<\/p>\n<p>&nbsp;<\/p>\n<p>&nbsp;<\/p>\n<p>&nbsp;<\/p>\n<p>&nbsp;<\/td>\n<td width=\"118\">&nbsp;<\/p>\n<p>-Desarrollo del programa de tr\u00e1nsito<\/p>\n<p>-Unificaci\u00f3n de criterios de E-A<\/p>\n<p>-Trasvase de informaci\u00f3n<\/p>\n<p>-Jornadas de Acogida familia, alumnos<\/td>\n<td width=\"118\">&nbsp;<\/p>\n<p>-Facilitar la continuidad de etapas<\/p>\n<p>-Unificaci\u00f3n de criterios de respuesta ed.<\/p>\n<p>-Minimizar la repercusi\u00f3n del cambio de etapa<\/p>\n<p>&nbsp;<\/td>\n<\/tr>\n<tr>\n<td width=\"118\">&nbsp;<\/p>\n<p>-ONG (s) y Asociaciones<\/td>\n<td width=\"118\">&nbsp;<\/p>\n<p>-PAT\/POAP<\/p>\n<p>&nbsp;<\/td>\n<td width=\"118\">&nbsp;<\/p>\n<p>-Profesionales de las asociaciones<\/p>\n<p>-Orientadores<\/td>\n<td width=\"118\">&nbsp;<\/p>\n<p>-Profesionales de las asociaciones<\/p>\n<p>-Orientadores<\/td>\n<td width=\"118\">&nbsp;<\/p>\n<p>&#8211; Desarrollo de programas<\/p>\n<p>-Asesoramiento<\/p>\n<p>-Informaci\u00f3n<\/td>\n<td width=\"118\">&nbsp;<\/p>\n<p>-Formaci\u00f3n Integral<\/p>\n<p>-Informaci\u00f3n y asesoramiento<\/td>\n<\/tr>\n<tr>\n<td width=\"118\">&nbsp;<\/p>\n<p>&nbsp;<\/p>\n<h3>&#8211; Protecci\u00f3n Civil<\/h3>\n<\/td>\n<td width=\"118\">\n<h3>&nbsp;<\/h3>\n<h3>&nbsp;<\/h3>\n<h3>PAT\/POAP<\/h3>\n<\/td>\n<td width=\"118\">&nbsp;<\/p>\n<p>-Orientadores\/as<\/p>\n<p>-Miembros de Protecci\u00f3n civil<\/td>\n<td width=\"118\">&nbsp;<\/p>\n<p>-Orientadores\/as<\/p>\n<p>-Miembros de Protecci\u00f3n civil<\/td>\n<td width=\"118\">&nbsp;<\/p>\n<p>-Desarrollo de programas<\/p>\n<p>-Colaboraciones puntuales<\/td>\n<td width=\"118\">&nbsp;<\/p>\n<p>-Facilitaci\u00f3n de accesos<\/p>\n<p>-Informaci\u00f3n<\/td>\n<\/tr>\n<tr>\n<td width=\"118\">\n<h3>&#8211;<\/h3>\n<h3>&nbsp;<\/h3>\n<h3>&#8211; &nbsp;CEP<\/h3>\n<\/td>\n<td width=\"118\">\n<h3>&nbsp;<\/h3>\n<h3>&nbsp;<\/h3>\n<h3>&nbsp;<\/h3>\n<h3>-PAT\/POAP\/PAD<\/h3>\n<\/td>\n<td width=\"118\">&nbsp;<\/p>\n<p>&nbsp;<\/p>\n<p>-Toda la comunidad educativa<\/td>\n<td width=\"118\">&nbsp;<\/p>\n<p>&nbsp;<\/p>\n<p>-Toda la comunidad educativa<\/td>\n<td width=\"118\">&nbsp;<\/p>\n<p>-Jornadas<\/p>\n<p>-Cursos Formativos<\/p>\n<p>-Asesoramiento<\/p>\n<p>-Coordinaci\u00f3n<\/p>\n<p>-Formaci\u00f3n Continua<\/td>\n<td width=\"118\">&nbsp;<\/p>\n<p>-Formaci\u00f3n integral<\/p>\n<p>-Coordinaci\u00f3n de Zona<\/td>\n<\/tr>\n<tr>\n<td width=\"118\">&nbsp;<\/p>\n<p>-Ayuntamiento<\/td>\n<td width=\"118\">\n<h3>&nbsp;<\/h3>\n<h3>-PAT\/POAP\/PAD<\/h3>\n<\/td>\n<td width=\"118\">&nbsp;<\/p>\n<p>-Consejer\u00eda de Educaci\u00f3n<\/p>\n<p>-Instituto de la Mujer<\/td>\n<td width=\"118\">&nbsp;<\/p>\n<p>-Todo el curso<\/td>\n<td width=\"118\">&nbsp;<\/p>\n<p>&nbsp;Formaci\u00f3n: oferta educativa de la localidad.<\/p>\n<p>-Atender a la diversidad<\/td>\n<td width=\"118\">&nbsp;<\/p>\n<p>-Coordinar en la zona la oferta educativa y profesional.<\/p>\n<p>-Ofrecer recursos necesarios para atender al alumnado que lo precise.<\/td>\n<\/tr>\n<\/tbody>\n<\/table>\n<p><strong>&nbsp;<\/strong><\/p>\n<p><strong>9.- PROCEDIMIENTOS Y T\u00c9CNICAS PARA EL SEGUIMIENTO Y EVALUACI\u00d3N DE LAS ACTIVIDADES DESARROLLADAS. <\/strong><\/p>\n<p><strong>&nbsp;<\/strong><\/p>\n<p>El POAT constituye un instrumento de planificaci\u00f3n a corto plazo que, a su vez, debe contener las l\u00edneas de actuaci\u00f3n que permitan realizar un seguimiento y evaluaci\u00f3n del mismo a lo largo del curso. Este conjunto de informaciones ser\u00e1n imprescindibles para valorar la validez del POAT a medio y largo plazo. Todo este conjunto de valoraciones se reflejar\u00e1n en la <em>Memoria de Autoevaluaci\u00f3n <\/em>de cada curso acad\u00e9mico. Esta Memoria no se entiende como una descripci\u00f3n exhaustiva de lo realizado, sino como una s\u00edntesis reflexiva de los logros alcanzados, las dificultades encontradas, los factores que han podido influir en ambos casos y, sobre todo, las propuestas y modificaciones que deber\u00e1n incorporarse para la planificaci\u00f3n del curso siguiente.<\/p>\n<p><strong>10.1 Indicadores para la evaluaci\u00f3n de la acci\u00f3n tutorial.<\/strong><\/p>\n<p>1.- Relaciones tutores\/as &#8211; alumnos\/as.<\/p>\n<p>&#8211; Grado de estima, confianza y aceptaci\u00f3n mutua alcanzado entre tutores\/as y alumnos\/as.<\/p>\n<p>&#8211; Grado de conocimiento alcanzado por los tutores\/as de la realidad personal y contextual de sus alumnos y alumnas.<\/p>\n<p>&#8211; Niveles de progreso en el desarrollo madurativo de la personalidad de los alumnos y alumnas. Grado de satisfacci\u00f3n que el alumnado tiene de las acciones del Plan de Acci\u00f3n Tutorial.<\/p>\n<p>&#8211; Frecuencia y positividad de las entrevistas individuales.<\/p>\n<p>&#8211; Relevancia de los temas y cuestiones desarrolladas en el grupo clase.<\/p>\n<p>&#8211; Grado de integraci\u00f3n de la totalidad del alumnado en la vida escolar del aula y el Centro.<\/p>\n<p>&#8211; Niveles de aceptaci\u00f3n y cooperaci\u00f3n mutua entre el alumnado.<\/p>\n<p>&#8211; En su caso, grado de integraci\u00f3n en el aula de alumnado con necesidades educativas especiales.<\/p>\n<p>2.- Relaciones tutores\/as &#8211; equipo docente (cuando los alumnos y las alumnas reciban atenci\u00f3n educativa de m\u00e1s de un profesor\/a).<\/p>\n<p>&#8211; Celebraci\u00f3n y cumplimiento de las reuniones programadas.<\/p>\n<p>&#8211; Nivel de consenso alcanzado en el estudio de casos y situaciones que hayan requerido la coordinaci\u00f3n de acciones y toma conjunta de decisiones.<\/p>\n<p>&#8211; Positividad y adecuado clima de relaci\u00f3n entre el profesorado.<\/p>\n<p>&#8211; Grado de profundizaci\u00f3n en los factores determinantes y condicionantes del rendimiento del alumnado.<\/p>\n<p>&#8211; Significatividad de la evaluaci\u00f3n de las propias actuaciones de los profesores\/as a nivel individual y de equipo docente.<\/p>\n<p>&#8211; Relevancia de las propuestas para la soluci\u00f3n de los problemas advertidos.<\/p>\n<p>3.- Relaci\u00f3n tutores\/as-padres y madres.<\/p>\n<p>&#8211; Adecuaci\u00f3n del calendario de atenci\u00f3n a padres y madres a las necesidades de horario familiar.<\/p>\n<p>&#8211; Frecuencia, calidad y clima afectivo de las entrevistas individuales.<\/p>\n<p>&#8211; Adecuaci\u00f3n e inter\u00e9s de los temas desarrollados en las sesiones colectivas.<\/p>\n<p>&#8211; Asistencia y participaci\u00f3n en las reuniones de grupo.<\/p>\n<p>&#8211; Implicaci\u00f3n de los padres en las actividades formativas programadas por el Centro.<\/p>\n<p>4.- Relaciones tutores-E.O.E.<\/p>\n<p>&#8211; Calidad de las relaciones establecidas.<\/p>\n<p>&#8211; Grado de interacci\u00f3n y consenso alcanzado.<\/p>\n<p>&#8211; Grado de satisfacci\u00f3n de las acciones realizadas.<\/p>\n<p><strong>10.2 Indicadores para la evaluaci\u00f3n de la planificaci\u00f3n y organizaci\u00f3n de la atenci\u00f3n a la diversidad<\/strong><strong>. <\/strong><\/p>\n<p>&#8211; Calidad de la programaci\u00f3n de aula respecto a la atenci\u00f3n a la diversidad y adaptaci\u00f3n de las ense\u00f1anzas a las capacidades y circunstancias concretas de los alumnos\/as.<\/p>\n<p>&#8211; Cumplimiento de tr\u00e1mites previamente aprobados para la intervenci\u00f3n del EOE.<\/p>\n<p>&#8211; Grado de implicaci\u00f3n en la coordinaci\u00f3n y elaboraci\u00f3n de las Adaptaciones Curriculares que, en su caso, hayan procedido.<\/p>\n<p>&#8211; Adecuaci\u00f3n y coherencia de las Adaptaciones Curriculares con las necesidades especiales de los alumnos y alumnas.<\/p>\n<p>&#8211; Grado de participaci\u00f3n en el desarrollo, seguimiento y evaluaci\u00f3n de las actividades de apoyo y refuerzos especiales.<\/p>\n<p>&#8211; Nivel y calidad de la atenci\u00f3n prestada al alumnado con Necesidades Espec\u00edficas de apoyo Educativo integrado en la clase.<\/p>\n<p>&nbsp;<\/p>\n<p><strong>10.3 Indicadores para la evaluaci\u00f3n de las relaciones centro &#8211; E.O.E. de zona. <\/strong><\/p>\n<p><strong>&nbsp;<\/strong><\/p>\n<p>&#8211; Calidad de las relaciones profesorado &#8211; EOE.<\/p>\n<p>&#8211; Grado de implicaci\u00f3n activa en el desarrollo de los programas desarrollados en el Centro.<\/p>\n<p>&#8211; Validez y adecuaci\u00f3n de los programas en relaci\u00f3n con las necesidades del aula y del Centro.<\/p>\n<p>&nbsp;<\/p>\n<p><strong>10.4 Indicadores para la evaluaci\u00f3n de los recursos tutoriales y de orientaci\u00f3n. <\/strong><\/p>\n<p>&#8211; Adecuaci\u00f3n del presupuesto dedicado a adquisici\u00f3n de material.<\/p>\n<p>&#8211; Cantidad y calidad del material disponible.<\/p>\n<p>&#8211; Coordinaci\u00f3n en la disponibilidad y uso de los recursos.<\/p>\n<p>&#8211; Grado de aprovechamiento de los recursos existentes.<\/p>\n<table>\n<tbody>\n<tr>\n<td width=\"177\">&nbsp;<\/p>\n<p>Proyecto educativo<\/td>\n<td width=\"113\">&nbsp;<\/p>\n<p>Apartado i)<\/td>\n<td width=\"416\">El procedimiento para suscribir compromisos educativos y de convivencia con las familias, de acuerdo con lo que se establezca por Orden de la Consejer\u00eda competente en materia de educaci\u00f3n.<\/td>\n<\/tr>\n<\/tbody>\n<\/table>\n<p><strong>Se contempla en el Plan de Convivencia (ANEXO III).<\/strong><\/p>\n<table>\n<tbody>\n<tr>\n<td width=\"177\">&nbsp;<\/p>\n<p>Proyecto educativo<\/td>\n<td width=\"113\">&nbsp;<\/p>\n<p>Apartado j)<\/td>\n<td width=\"421\">El plan de convivencia a desarrollar para prevenir&nbsp; la aparici\u00f3n de conductas contrarias a las normas de convivencia y facilitar un<\/p>\n<p>adecuado clima escolar.<\/td>\n<\/tr>\n<\/tbody>\n<\/table>\n<p><strong>&nbsp;<\/strong><\/p>\n<p>1.-<strong> <u>OBJETO Y \u00c1MBITO DE APLICACI\u00d3N<\/u><\/strong><\/p>\n<p>Este Plan de Convivencia se aplica en el CEPR Miguel de Cervantes y tiene por objeto mejorar la convivencia escolar y garantizar a todo el alumnado una educaci\u00f3n en valores en el marco de la Cultura de Paz (erradicar todas las manifestaciones de violencia, la xenofobia, el racismo y fomentar la igualdad entre hombres y mujeres).<\/p>\n<p>&nbsp;<\/p>\n<p>Este documento establece las l\u00edneas generales del modelo de convivencia que adopta el centro, los objetivos a alcanzar, las normas que lo regulan y las actuaciones a realizar para alcanzar estos objetivos.<\/p>\n<p>&nbsp;<\/p>\n<p>2.-<strong> <u>DIAGN\u00d3STICO DEL ESTADO DE LA CONVIVENCIA EN EL CENTRO<\/u><\/strong><strong><u> Y OBJETIVOS A CONSEGUIR<\/u><\/strong><\/p>\n<p>2.1 <strong>Caracter\u00edsticas del centro y de su entorno<\/strong><\/p>\n<p>&nbsp;&nbsp;&nbsp;&nbsp;&nbsp;&nbsp;&nbsp;&nbsp;&nbsp;&nbsp;&nbsp; El CEPr Miguel de Cervantes es un centro p\u00fablico de Educaci\u00f3n Primaria. En la actualidad dispone de una matr\u00edcula de alrededor de 160&nbsp; alumnos\/as que se distribuyen en dos l\u00edneas de 1\u00ba a 6\u00ba de ense\u00f1anza primaria, con una media de casi&nbsp; 20 alumnos\/as por aula. Est\u00e1&nbsp; inscrito en el Plan de Apertura de Centros Escolares ofreciendo servicios a la comunidad educativa como son: Aula Matinal, Plan de Actividades Extraescolares, Escuelas Deportivas y PROA (Programa de Refuerzo, Orientaci\u00f3n y Apoyo). Est\u00e1 formado por tres edificios:<\/p>\n<ol>\n<li>Edificio de Primer Ciclo, donde se encuentran las aulas correspondientes al 1\u00ba ciclo de EP, aula de M\u00fasica y aula de Apoyo a la Integraci\u00f3n.<\/li>\n<li>Edificio de Comedor, donde se ubican las aulas correspondientes al 1\u00ba o 2\u00ba nivel del 2\u00ba ciclo de EP, el comedor escolar y los servicios del alumnado de primer ciclo.<\/li>\n<li>Edificio Principal, donde encontramos el resto de las aulas, direcci\u00f3n, sala del profesorado, aula de inform\u00e1tica, aula de Audici\u00f3n y Lenguaje y servicios del alumnado.<\/li>\n<\/ol>\n<p>&nbsp;&nbsp;&nbsp;&nbsp;&nbsp;&nbsp;&nbsp;&nbsp;&nbsp;&nbsp;&nbsp; La zona de recreo est\u00e1 separada en dos: una para el alumnado de&nbsp; 1\u00ba ciclo, junto al edificio de comedor; y otra, para el alumnado de 3\u00ba a 6\u00ba, junto al edificio principal. En esta zona se encuentran las pistas de baloncesto y de f\u00fatbol sala.<\/p>\n<p><strong>&nbsp;&nbsp;&nbsp;&nbsp;&nbsp;&nbsp;&nbsp;&nbsp;&nbsp;&nbsp;&nbsp; Algodonales<\/strong>&nbsp;es una localidad de la&nbsp;<a href=\"http:\/\/cadizpedia.wikanda.es\/wiki\/Provincia_de_C%C3%A1diz\">provincia de C\u00e1diz<\/a>. Se encuentra situada en el extremo nororiental de la <a href=\"http:\/\/cadizpedia.wikanda.es\/wiki\/Provincia_de_C%C3%A1diz\">provincia<\/a>. Se emplaza en la sierra de C\u00e1diz, concretamente en la llamada&nbsp;<a href=\"http:\/\/cadizpedia.wikanda.es\/w\/index.php?title=Sierra_de_Lijar&amp;action=edit&amp;redlink=1\">Sierra de Lijar<\/a>, entre los r\u00edos <a href=\"http:\/\/cadizpedia.wikanda.es\/wiki\/Guadalete\">Guadalete<\/a>&nbsp;y&nbsp;<a href=\"http:\/\/cadizpedia.wikanda.es\/w\/index.php?title=Guadalporc%C3%BAn&amp;action=edit&amp;redlink=1\">Guadalporc\u00fan<\/a>&nbsp;y es la entrada norte del&nbsp;<a href=\"http:\/\/cadizpedia.wikanda.es\/w\/index.php?title=Parque_Natural_de_Grazalema&amp;action=edit&amp;redlink=1\">Parque Natural de Grazalema<\/a>. Por su ubicaci\u00f3n, gravita en torno a tres n\u00facleos de poblaci\u00f3n a donde sus habitantes acuden para recibir los servicios de los que carecen: Jerez, Sevilla y Ronda<\/p>\n<p>Las poblaciones m\u00e1s cercanas son&nbsp;<a href=\"http:\/\/cadizpedia.wikanda.es\/wiki\/Zahara_de_la_Sierra\">Zahara de la Sierra<\/a>&nbsp;y&nbsp;<a href=\"http:\/\/cadizpedia.wikanda.es\/wiki\/Olvera\">Olvera<\/a>.<\/p>\n<p>Actualmente, la econom\u00eda de la localidad se basa en la agricultura (cereales, vi\u00f1edo&#8230;), as\u00ed como ganader\u00eda y turismo rural y de aventura, como el vuelo libre. Su poblaci\u00f3n, por tanto, vive de estos recursos que ofrece el pueblo. La mayor\u00eda de las familias tienen un nivel socioecon\u00f3mico medio- bajo.<\/p>\n<p>El CEPr. \u201cMiguel de Cervantes\u201d est\u00e1 situado en el centro de la localidad, a unos doscientos metros de la Plaza del pueblo, en la calle Arco n\u00ba 27 y es popularmente conocido como \u201cEl colegio abajo el arco\u201d.<\/p>\n<p>&nbsp;<\/p>\n<p>2.2&nbsp; Caracter\u00edsticas de la comunidad educativa<\/p>\n<p>Alumnado.<\/p>\n<p><em>Los&nbsp; alumnos y alumnas matriculados\/as en el centro asisten con regularidad a clase con pocos casos de absentismo urbano y temporero.<\/em><\/p>\n<p><em>En general, nos encontramos con un alumnado que presenta: desventajas socioculturales econ\u00f3micas, bajo nivel cultural de la familia, atenci\u00f3n dispersa, escasos h\u00e1bitos de estudio, dificultades en lectoescritura, carencia del c\u00f3digo de valores&#8230;. Todos estos aspectos influyen en su rendimiento escolar<\/em>.<\/p>\n<p>Relaci\u00f3n con las familias y con la Asociaci\u00f3n de Madres y Padres de Alumnos\/as.<\/p>\n<p><strong>&nbsp;&nbsp;&nbsp;&nbsp;&nbsp; <\/strong>Las familias se relacionan con el centro fundamentalmente a trav\u00e9s de los\/as tutoras\/es, quienes convocan a las madres y padres de forma colectiva, al menos una vez al a\u00f1o para informales del desarrollo del curso y de las normas que se llevar\u00e1n a cabo, y de forma individualizada a lo largo del mismo<\/p>\n<p>El porcentaje de familias que asiste a las reuniones es satisfactorio, aunque normalmente acuden al centro a petici\u00f3n de los respectivos tutores\/as.<\/p>\n<p>Para cualquier asunto significativo que tenga que ver con la conducta de un\/a alumno\/a y de su rendimiento escolar est\u00e1n las horas de tutor\u00eda, que en nuestro caso son los lunes por la tarde de 17:00 a 18.30. h.<\/p>\n<p>Tambi\u00e9n el alumnado cuenta con una agenda escolar que sirve de elemento de comunicaci\u00f3n entre las familias y el profesorado. Adem\u00e1s de utilizarse para apuntar los deberes, el profesorado hace&nbsp; uso de ella para ponerse en contacto con las familias y hacer algunas llamadas de atenci\u00f3n sobre el trabajo realizado por el alumnado o sobre el comportamiento.. Tambi\u00e9n la familia puede comunicarse con el profesorado a trav\u00e9s de ella.<\/p>\n<p>Actualmente tanto el profesorado como las familias disponen de la aplicaci\u00f3n iPasen, que favorece una comunicaci\u00f3n m\u00e1s fluida y segura entre ambos.<\/p>\n<p>Entre la direcci\u00f3n del centro y la AMPA ha habido siempre una buena relaci\u00f3n, colaborando mutuamente en todas las actividades complementarias y extraescolares. Esta relaci\u00f3n ha posibilitado que gocemos en la actualidad de un buen clima de convivencia. Su objetivo fundamental es encauzar y solventar las inquietudes de los padres y madres respecto a la educaci\u00f3n de sus hijos e hijas, siendo un elemento activo de la comunidad educativa en los Consejos Escolares que impulsa actividades, formula peticiones, etc<\/p>\n<p><strong><u>Relaci\u00f3n con otras instituciones: relaci\u00f3n con el Ayuntamiento<\/u><\/strong><\/p>\n<p>La relaci\u00f3n del centro con el Ayuntamiento es muy buena, existiendo siempre colaboraci\u00f3n en ambos sentidos (actividades programadas por uno y otro).<\/p>\n<p><strong><u>Relaci\u00f3n con el personal de administraci\u00f3n y servicios<\/u><\/strong><\/p>\n<p>La relaci\u00f3n del Equipo Directivo y resto de profesorado con el Personal de Administraci\u00f3n&nbsp; y Servicios es muy bueno, lo que favorece un excelente clima de convivencia. Todos\/as juntas participamos en la organizaci\u00f3n de actividades conmemorativas organizadas en el centro, en actos de convivencia \u2026<\/p>\n<p>2.3 <strong>Situaci\u00f3n de la convivencia en el centro<\/strong><\/p>\n<p>Los&nbsp; <strong><em><u>conflictos<\/u><\/em><\/strong> m\u00e1s frecuentes que ocurren en el centro son los siguientes:<\/p>\n<ul>\n<li>Disrupci\u00f3n en el aula: hablar a destiempo, levantarse sin permiso, charlas&#8230;.<\/li>\n<li>Distracci\u00f3n y falta de atenci\u00f3n.<\/li>\n<li>Olvido del material para el desarrollo de clase.<\/li>\n<li>Desobediencia a las \u00f3rdenes educativas-formativas del maestro-familia<\/li>\n<li>P\u00e9rdida de respeto entre iguales o a menores durante el recreo y cada vez m\u00e1s a menudo en el<\/li>\n<li>Intromisi\u00f3n por parte de las familias en los deberes del maestro\/a.<\/li>\n<\/ul>\n<p>&nbsp;<\/p>\n<p>Las <strong><em><u>causas<\/u><\/em><\/strong> suelen ser entre otras las siguientes:<\/p>\n<ul>\n<li>Falta de motivaci\u00f3n.<\/li>\n<li>Llamadas de atenci\u00f3n de forma global.<\/li>\n<li>Dificultades de aprendizaje.<\/li>\n<li>Falta de colaboraci\u00f3n y\/o implicaci\u00f3n por parte de los padres y las madres: no revisan si traen el material a clase principalmente en el primer ciclo aunque consideramos que a partir del 2\u00ba ciclo es el propio alumnado el que se tiene que hacer responsable.<\/li>\n<li>Impulsividad, poca reflexi\u00f3n.<\/li>\n<li>Falta de un referente de autoridad.<\/li>\n<li>Falta de responsabilidad de la familia ante el Centro en casos puntuales.<\/li>\n<li>Muchas de las familias no aportan a sus hijas\/os ning\u00fan tipo de educaci\u00f3n en valores. (Seg\u00fan Rodr\u00edguez de la Mota \u201c<em>la educaci\u00f3n debe iniciarse por la familia y completarse en la escuela\u201d).<\/em><\/li>\n<\/ul>\n<p>&nbsp;&nbsp;&nbsp;&nbsp;&nbsp;&nbsp;&nbsp;&nbsp;&nbsp;&nbsp;&nbsp; Hay que decir que, a pesar de los conflictos citados anteriormente, el clima de convivencia en el centro es muy bueno y los sucesos ocurren espor\u00e1dicamente y siempre dentro de la normalidad de un colegio.<\/p>\n<ul>\n<li><strong><u>Objetivos a conseguir<\/u><\/strong><\/li>\n<\/ul>\n<ol>\n<li>Facilitar a los \u00f3rganos de gobierno y al profesorado instrumentos y recursos en relaci\u00f3n con la promoci\u00f3n de la cultura de paz, la prevenci\u00f3n de la violencia y la mejora de la convivencia en el centro.<\/li>\n<li>Concienciar y sensibilizar a la comunidad educativa y a los agentes sociales sobre la importancia de una adecuada convivencia escolar y sobre los procedimientos para mejorarla.<\/li>\n<li>Fomentar en el centro los valores, las actitudes y las pr\u00e1cticas que permitan mejorar el grado de aceptaci\u00f3n y cumplimiento de las normas y avanzar en el respeto a la diversidad cultural, en el fomento de la igualdad entre hombres y mujeres, y en la prevenci\u00f3n, detecci\u00f3n y tratamiento de todas las manifestaciones de violencia, especialmente de la violencia de g\u00e9nero y de las actitudes y comportamientos xen\u00f3fobos y racistas.<\/li>\n<li>Facilitar la prevenci\u00f3n, detecci\u00f3n, tratamiento, seguimiento y resoluci\u00f3n de los conflictos que pudieran plantearse en el centro, y aprender a utilizarlos como fuente de experiencia de aprendizaje.<\/li>\n<li>Facilitar la prevenci\u00f3n, detecci\u00f3n y eliminaci\u00f3n de todas las manifestaciones de violencia, especialmente de la violencia de g\u00e9nero y de las actitudes y comportamientos xen\u00f3fobos y racistas.<\/li>\n<li>Facilitar la mediaci\u00f3n para la resoluci\u00f3n pac\u00edfica de los conflictos.<\/li>\n<li>Dar a conocer a toda la comunidad educativa este Plan de Convivencia y determinar el protocolo a seguir en el caso de contravenci\u00f3n a las normas que en \u00e9l se desarrollan.<\/li>\n<\/ol>\n<p>&nbsp;<\/p>\n<p>2.-<strong> <u>NORMAS DE CONVIVENCIA GENERALES DEL CENTRO Y PARTICULARES DE CADA AULA<\/u><\/strong>.<\/p>\n<p>En este apartado hacemos referencia expresa al cumplimiento de la normativa que aparece en el ROF (Reglamento de Organizaci\u00f3n y Funcionamiento) de nuestro centro que fue revisado en el curso 2019-20. En \u00e9l se determinan los horarios generales del centro, la normativa sobre entradas y salidas del alumnado durante la jornada escolar, la distribuci\u00f3n del alumnado por cursos y los derechos y deberes del profesorado y del alumnado.<\/p>\n<p>Todos los miembros de la Comunidad Educativa estar\u00e1n obligados a cumplir con lo especificado en este ROF, y aunque tambi\u00e9n se incluyen en \u00e9l las normas de convivencia diaria que regulan el funcionamiento de nuestro centro, se hace necesario desarrollarlas con mayor profusi\u00f3n en este Plan de Convivencia.<\/p>\n<p>2.1.-<strong> Derechos y deberes del Alumnado.<\/strong><\/p>\n<p>2.1.1.<strong> Derechos del alumnado.<\/strong><\/p>\n<ol>\n<li>El alumnado tiene derecho a una formaci\u00f3n integral que asegure el pleno desarrollo de su personalidad y que se ajustar\u00e1 a los fines y principios que a la actividad educativa le atribuye la normativa vigente.<\/li>\n<li>El alumnado tiene derecho a que su rendimiento escolar sea evaluado con plena objetividad. Los Centros deber\u00e1n hacer p\u00fablicos los criterios generales que se van a aplicar para la evaluaci\u00f3n de los aprendizajes y la promoci\u00f3n del alumnado en la reuni\u00f3n informativa de tutor\u00eda que se celebra al inicio del curso escolar. El alumnado, o sus representantes legales, podr\u00e1n solicitar cuantas aclaraciones consideren necesarias acerca de las valoraciones que se realicen sobre su proceso de aprendizaje, as\u00ed como sobre las calificaciones o decisiones que se adopten como resultado de dicho proceso, debiendo garantizarse por el Equipo Educativo el ejercicio de este derecho.<\/li>\n<li>El alumnado tiene derecho a las mismas oportunidades de acceso a los distintos niveles de ense\u00f1anza. El acceso a los niveles no obligatorios de acuerdo con la oferta educativa, se basar\u00e1 en el aprovechamiento acad\u00e9mico o en las aptitudes para el estudio. La igualdad de oportunidades se promover\u00e1 mediante: La no discriminaci\u00f3n por raz\u00f3n de nacimiento, raza, sexo, capacidad econ\u00f3mica, nivel social, convicciones pol\u00edticas, morales o religiosas, as\u00ed como por discapacidades f\u00edsicas, sensoriales y ps\u00edquicas, o cualquier otra condici\u00f3n o circunstancia personal o social.<\/li>\n<li>El alumnado tiene derecho a percibir ayudas para compensar carencias de tipo familiar, econ\u00f3mico o sociocultural, de forma que se promueva su derecho de acceso a los distintos niveles educativos.<\/li>\n<li>Derecho a la protecci\u00f3n social. En los casos de infortunio familiar o accidente, el alumnado tiene derecho a las compensaciones econ\u00f3micas establecidas en la normativa vigente. El alumnado tendr\u00e1 derecho a recibir atenci\u00f3n sanitaria en los t\u00e9rminos previstos en la normativa vigente.<\/li>\n<li>El alumnado tiene derecho al estudio y, por tanto, a participar en las actividades orientadas al desarrollo del curr\u00edculo de las diferentes \u00e1reas, materias o m\u00f3dulos.<\/li>\n<li>Todos los alumnos y alumnas tienen derecho a recibir orientaci\u00f3n escolar y profesional para conseguir el m\u00e1ximo desarrollo personal, social y profesional, seg\u00fan sus capacidades, aspiraciones o intereses.<\/li>\n<li>Derecho a la libertad de conciencia. El alumnado tiene derecho a que se respete su libertad de conciencia y sus convicciones religiosas y morales, de acuerdo con la Constituci\u00f3n. El alumnado o, en su caso, sus representantes legales, tienen derecho a elegir la formaci\u00f3n religiosa o \u00e9tica que resulte acorde con sus creencias o convicciones, sin que de esta elecci\u00f3n pueda derivarse discriminaci\u00f3n alguna.<\/li>\n<li>El alumnado tiene derecho a que se respete su intimidad, integridad f\u00edsica y dignidad personales, no pudiendo ser objeto, en ning\u00fan caso, de tratos vejatorios o degradantes.<\/li>\n<li>El alumnado tiene derecho a que su actividad acad\u00e9mica se desarrolle en las debidas condiciones de seguridad e higiene. Los centros docentes est\u00e1n obligados a guardar reserva sobre toda aquella informaci\u00f3n de que dispongan acerca de las circunstancias personales y familiares del alumnado. No obstante, los centros comunicar\u00e1n a la autoridad competente las circunstancias que puedan implicar malos tratos para el alumnado o cualquier otro incumplimiento de las obligaciones establecidas en la normativa en materia de protecci\u00f3n de menores.<\/li>\n<li>El alumnado tiene derecho a participar en el funcionamiento y en la vida de los centros, en la actividad escolar y extraescolar.<\/li>\n<li>El alumnado tiene derecho a la libertad de expresi\u00f3n, sin perjuicio de los derechos de todos los miembros de la comunidad educativa y el respeto que merecen las instituciones de acuerdo con los principios y derechos constitucionales.<\/li>\n<li>Todos los miembros de la comunidad educativa est\u00e1n obligados al respeto de los derechos del alumnado.<\/li>\n<li>El alumnado deber\u00e1 ejercitar sus derechos con reconocimiento y respeto de los derechos de todos los miembros de la comunidad educativa.<\/li>\n<\/ol>\n<p>&nbsp;<\/p>\n<p>2.1.2.<strong> Deberes del alumnado<\/strong><\/p>\n<p>Deber de estudiar. El estudio constituye un deber fundamental del alumnado. Este deber se concreta, entre otras, en las siguientes obligaciones:<\/p>\n<ol start=\"8\">\n<li>Asistir a clase con puntualidad y participar en las actividades orientadas al desarrollo del curr\u00edculo de las diferentes \u00e1reas o materias.<\/li>\n<li>Cumplir y respetar los horarios aprobados para el desarrollo de las actividades del centro.<\/li>\n<li>Respetar el ejercicio del derecho al estudio de sus compa\u00f1eros y compa\u00f1eras.<\/li>\n<li>Seguir las directrices del profesorado respecto de su aprendizaje.<\/li>\n<li>Estudiar y esforzarse para conseguir el m\u00e1ximo desarrollo seg\u00fan sus capacidades.<\/li>\n<li>El alumnado debe respetar la libertad de conciencia y las convicciones religiosas y \u00e9ticas, as\u00ed como la dignidad, integridad e intimidad de todos los miembros de la comunidad educativa.<\/li>\n<li>Deber de respetar la diversidad. Constituye un deber del alumnado la no discriminaci\u00f3n de ning\u00fan miembro de la comunidad educativa por raz\u00f3n de nacimiento, raza, sexo o por cualquier otra circunstancia personal o social.<\/li>\n<li>Deber de buen uso de las instalaciones del centro. El alumnado debe cuidar y utilizar correctamente las instalaciones, los recursos materiales y los documentos del centro.<\/li>\n<li>El alumnado debe respetar el Proyecto de Centro y, en su caso, el car\u00e1cter propio del mismo, de acuerdo con la normativa vigente.<\/li>\n<li>El alumnado tiene el deber de respetar las normas de organizaci\u00f3n, convivencia y disciplina del centro educativo, recogidas en el Reglamento de Organizaci\u00f3n y Funcionamiento y en este Plan de Convivencia.<\/li>\n<li>El alumnado tiene el deber de participar y colaborar en la mejora de la convivencia escolar y en la consecuci\u00f3n de un adecuado clima de estudio en el centro, respetando el derecho de sus compa\u00f1eros y compa\u00f1eras a la educaci\u00f3n y la autoridad y orientaciones del profesorado.<\/li>\n<li>Deber de respetar al profesorado y a los dem\u00e1s miembros de la comunidad educativa. El alumnado debe mostrar al profesorado el m\u00e1ximo respeto y consideraci\u00f3n, igual que al resto de los miembros de la comunidad educativa, as\u00ed como respetar sus pertenencias.<\/li>\n<li>El alumnado tiene el deber de participar en la vida y funcionamiento del centro en los t\u00e9rminos establecidos en la normativa vigente.<\/li>\n<li>El alumnado tiene el deber de respetar y cumplir, en su caso, las decisiones de los \u00f3rganos unipersonales y colegiados del Centro adoptadas en el ejercicio de sus respectivas competencias.<\/li>\n<\/ol>\n<p>&nbsp;<\/p>\n<p>2.2.-<strong> Derechos y Deberes de las Madres y Padres del Alumnado.<\/strong><\/p>\n<p>&nbsp;<\/p>\n<ol>\n<li>Los padres\/madres o tutores, en relaci\u00f3n con la educaci\u00f3n de sus hijos\/as o pupilos, tienen los siguientes:<\/li>\n<\/ol>\n<p>&nbsp;<strong><u>Derechos:<\/u><\/strong><\/p>\n<p>A que reciban una educaci\u00f3n, con la m\u00e1xima garant\u00eda de calidad, conforme con los fines establecidos en la Constituci\u00f3n, en el correspondiente Estatuto de Autonom\u00eda y en las leyes educativas.<\/p>\n<p>&nbsp;<\/p>\n<ol>\n<li>A escoger centro docente tanto p\u00fablico como distinto de los creados por los poderes p\u00fablicos.<\/li>\n<li>A que reciban la formaci\u00f3n religiosa y moral que est\u00e9 de acuerdo con sus propias convicciones. Se podr\u00e1 optar al inicio de curso o al formalizar la matr\u00edcula.<\/li>\n<li>A estar informados sobre el progreso del aprendizaje e integraci\u00f3n socio-educativa de sus hijos.<\/li>\n<\/ol>\n<p>&nbsp;<\/p>\n<ol>\n<li>A participar en el proceso de ense\u00f1anza y aprendizaje de sus hijos.<\/li>\n<li>A participar en la organizaci\u00f3n, funcionamiento, gobierno y evaluaci\u00f3n del centro educativo, en los t\u00e9rminos establecidos en las leyes.<\/li>\n<li>A ser o\u00eddos en aquellas decisiones que afecten a la orientaci\u00f3n acad\u00e9mica y profesional de sus hijos.<\/li>\n<li>Asimismo, como primeros responsables de la educaci\u00f3n de sus hijos o pupilos, sus <strong><u>Deberes<\/u> <\/strong>son:<\/li>\n<li>Adoptar las medidas necesarias, o solicitar la ayuda correspondiente en caso de dificultad, para que sus hijos o pupilos cursen las ense\u00f1anzas obligatorias y asistan regularmente a clase.<\/li>\n<li>Proporcionar, en la medida de sus disponibilidades, los recursos y las condiciones necesarias para el progreso escolar.<\/li>\n<li>Estimularles para que lleven a cabo las actividades de estudio que se les encomienden.<\/li>\n<li>Participar de manera activa en las actividades que se establezcan en virtud de los compromisos educativos que los centros establezcan con las familias, para mejorar el rendimiento de sus hijos\/as en colaboraci\u00f3n con los profesores\/as y el centro.<\/li>\n<li>Respetar y hacer respetar las normas establecidas por el centro, la autoridad y las indicaciones u orientaciones educativas del profesorado.<\/li>\n<li>Fomentar el respeto por todos los componentes de la comunidad educativa.<\/li>\n<\/ol>\n<p>&nbsp;<\/p>\n<p>2.3&nbsp; <strong>Normas de convivencia generales del centro y particulares del aula<\/strong><\/p>\n<p>2.3.1.<strong> Entradas al Centro. Puntualidad y agrupamiento<\/strong><\/p>\n<p>Los ni\u00f1os y las ni\u00f1as de este centro deber\u00e1n respetar con exactitud los horarios de entrada y salida. La puerta del colegio se abrir\u00e1 para el alumnado a las 8:55, Los maestros maestras estar\u00e1n previamente en el patio para recibir a su alumnado. Cada tutor\/a, o en su defecto el maestro\/a especialista seg\u00fan horario, se colocar\u00e1 en su respectiva fila tanto por la ma\u00f1ana como despu\u00e9s de la hora de recreo<\/p>\n<p>Los padres\/madres se mantendr\u00e1n fuera del recinto escolar&nbsp; para facilitar su formaci\u00f3n y no podr\u00e1n acceder al edificio bajo ning\u00fan pretexto. Si tienen algo que comunicar al tutor\/a lo har\u00e1n mediante la agenda.<\/p>\n<p>Las puertas de acceso al recinto escolar se cerrar\u00e1n a las 09:10 horas. Si alg\u00fan alumno\/a llegase m\u00e1s tarde de esta hora, no podr\u00e1 entrar hasta la hora del recreo, salvo por visitas m\u00e9dicas que debidamente justificadas.<\/p>\n<p>&nbsp;Los padres\/madres interesados en recoger a sus hijos\/as durante la jornada escolar deber\u00e1n&nbsp; previamente avisar al tutor\/a y dejando constancia escrita de esta circunstancia. Para ello el centro tendr\u00e1 disponible un libro de registro de salidas del centro que deber\u00e1n cumplimentar los padres\/madres. En el caso de ser otra persona la que recoja al alumno\/a, deber\u00e1 llevar la correspondiente autorizaci\u00f3n de los padres\/madres del mismo.<\/p>\n<p>Si el d\u00eda es lluvioso el alumnado acceder\u00e1 al recinto escolar por la puerta principal debiendo dirigirse seguidamente a sus respectivas clases donde esperar\u00e1 el profesorado tutor\/a o especialista, en su caso. Los padres y madres se quedar\u00e1n fuera del recinto escolar. Cuando finalice la jornada se abrir\u00e1 la puerta principal diez minutos antes y se permitir\u00e1 a los padres y madres del alumnado de 1\u00ba ciclo y del edificio de comedor que entren hasta las clases y recojan sus hijos\/as. El resto del alumnado saldr\u00e1 individualmente por la puerta principal.<\/p>\n<p>Los padres y madres no podr\u00e1n entrar en las aulas en horario escolar bajo ning\u00fan concepto. Fuera de las horas de salida, los alumnos o alumnas no podr\u00e1n salir del centro si no viene alg\u00fan familiar debidamente autorizado a recogerlos.<\/p>\n<p>2.3.2&nbsp; <strong>Salidas del centro<\/strong><\/p>\n<p>Los padres\/madres recoger\u00e1n a sus hijos\/as a la hora de salida, Se abrir\u00e1n las puertas de acceso al recinto escolar con antelaci\u00f3n suficiente para que los padres y madres puedan estar a tiempo ante las puertas de salida para recoger a sus hijos\/as.<\/p>\n<p>De primero a tercero la entrega del alumnado ser\u00e1 directa, del tutor\/a a los padres\/madres o personas autorizadas por ellos. Esta autorizaci\u00f3n ser\u00e1 por escrito y quedar\u00e1 en poder del tutor\/a con una vigencia de un curso escolar.<\/p>\n<p>Para facilitar esta entrega, los padres\/madres permanecer\u00e1n fuera del recinto y los maestros,as entregan a los ni\u00f1os,as. Para garantizar un buen servicio del comedor escolar, los padres y madres no podr\u00e1n acceder a este recinto para hablar con los tutores\/as, debiendo solicitar cita por escrito si quieren ser atendidos en la hora de tutor\u00eda.<\/p>\n<p>Si al finalizar la jornada escolar alg\u00fan padre\/madre no se ha personado a recoger a su hijo\/a, el alumno\/a deber\u00e1 quedarse con el tutor\/a. El tutor\/a lo har\u00e1 saber a la direcci\u00f3n y \u00e9sta llamar\u00e1 a los padres para que lo recojan.<\/p>\n<p>No se permitir\u00e1 bajo ning\u00fan concepto la salida del alumnado del centro con la excusa de que tienen autorizaci\u00f3n de sus padres o madres.<\/p>\n<p>Es necesario que las familias justifiquen las ausencias y retrasos de sus hijos o hijas durante el horario escolar, bien por escrito, bien&nbsp; a trav\u00e9s de la aplicaci\u00f3n IPasen.<\/p>\n<ul>\n<li><strong>Otras normas a cumplir<\/strong><\/li>\n<\/ul>\n<p>&nbsp;&nbsp;&nbsp;&nbsp;&nbsp;&nbsp;&nbsp;&nbsp;&nbsp;&nbsp;&nbsp; En caso de separaci\u00f3n judicial de los padres, \u00e9stos justificar\u00e1n a la direcci\u00f3n la guardia y custodia de los hijos\/hijas para que \u00e9sta, a su vez, la transmita a los correspondientes tutores\/as para su conocimiento.<\/p>\n<p>El Servicio de Comedor Escolar atender\u00e1 s\u00f3lo a los alumnos o alumnas que asistan a clase; no se permitir\u00e1, por tanto, que ning\u00fan\/a alumno\/a venga exclusivamente a comer si no ha asistido a clase ese d\u00eda.<\/p>\n<p>Una actitud dialogante y educada es la mejor forma de comunicarnos para cualquier problema que pueda surgir en el transcurso del curso.<\/p>\n<p>&nbsp;<\/p>\n<p>2.3.4 <strong>Pasillos y uso de los aseos<\/strong><\/p>\n<p>Durante las horas de clase se evitar\u00e1 que haya alumnado en los pasillos. El uso de los aseos se debe realizar s\u00f3lo en casos de verdadera necesidad y en ellos deberemos respetar las instalaciones, cisternas, papel higi\u00e9nico, jab\u00f3n, etc. El profesorado no permitir\u00e1 la salida a los servicios de m\u00e1s de un alumno\/a simult\u00e1neamente. Adem\u00e1s estar\u00e1 pendiente del tiempo que est\u00e9 fuera, le proporcionar\u00e1 papel higi\u00e9nico y velar\u00e1 por el buen uso que se haga del mismo.<\/p>\n<p>El profesorado especialista en E.F., P.T. , Equipo de Orientaci\u00f3n Educativa, y Refuerzos Educativos&nbsp; acompa\u00f1ar\u00e1 a los\/as alumnos\/as o grupo de alumnos\/as desde el aula respectiva hasta la sala, aula o espacio f\u00edsico se\u00f1alado para el desarrollo de dichas materias. Al t\u00e9rmino de las mismas volver\u00e1 al aula respectiva procurando hacer el m\u00ednimo ruido y mostrando en todo momento una conducta de respeto<\/p>\n<p>2.3.4.<strong> Alimentaci\u00f3n saludable<\/strong><\/p>\n<p>Este Centro escolar participa del programa educativo \u201dCreciendo en Salud\u201d. En ellos nos hemos comprometido en velar por la higiene bucodental y por unos h\u00e1bitos alimenticios que reduzcan la creciente obesidad infantil. Por todo ello queda totalmente prohibido comer golosinas y chucher\u00edas en el centro. Los padres\/madres deber\u00e1n colaborar en lo concerniente a las orientaciones que sobre alimentaci\u00f3n hagan los tutores\/as en las reuniones de inicio de curso.<\/p>\n<p>2.3.5 <strong>Cauces reglamentarios para la resoluci\u00f3n de problemas de convivencia.<\/strong><\/p>\n<p>Ante cualquier acto de indisciplina se actuar\u00e1 de la siguiente forma:<\/p>\n<p>En primer lugar cualquier profesor\/a del centro tratar\u00e1 de solucionar cualquier acto de indisciplina que interrumpa el normal funcionamiento de las actividades del centro usando las estrategias que crea oportunas y utilizando el di\u00e1logo como principal medio de intervenci\u00f3n.<\/p>\n<p>Se proceder\u00e1 de la siguiente forma:<\/p>\n<p>El profesor\/a presente en el acto contrario a la convivencia comunicar\u00e1 el incidente a la Jefatura de Estudios y levantar\u00e1 el correspondiente parte de disciplina seg\u00fan modelo ofrecido por \u00e9sta. Posteriormente, comunicar\u00e1 el hecho al correspondiente tutor\/a quien actuar\u00e1 en consecuencia comunicando lo ocurrido a la familia.<\/p>\n<p>En principio, si los hechos computados al alumno\/a no son graves bastar\u00e1 con una amonestaci\u00f3n verbal para que los hechos no se vuelvan a producir.<\/p>\n<p>En el caso de haya reincidencia de actuaciones contrarias a la convivencia o \u00e9stas sean contarias o gravemente perjudiciales para la convivencia se aplicar\u00e1 \u00e1 lo dispuesto en el cap\u00edtulo III, art\u00edculo 30, del Decreto 328\/2010, de 13 de julio sobre incumplimiento de las normas de convivencia. Siempre se levantar\u00e1 el correspondiente parte de disciplina y las actuaciones del alumnado infractor se registrar\u00e1n en S\u00e9neca para que quede constancia oficial. Desde esta aplicaci\u00f3n se generar\u00e1 la correspondiente comunicaci\u00f3n de incidencias con la correcci\u00f3n aplicada por quien corresponda y se trasladar\u00e1 a la familia del alumno\/a en cuesti\u00f3n para su conocimiento y firma-recib\u00ed. Esta comunicaci\u00f3n se realizar\u00e1&nbsp; de forma presencial en el centro.<\/p>\n<p>El profesorado del centro mantendr\u00e1 una reuni\u00f3n al objeto de aunar criterios y tener todos las mismas pautas de actuaci\u00f3n a la hora de resolver las posibles faltas cometidas por los\/las alumnos\/as.<\/p>\n<p>&nbsp;<\/p>\n<p>2.3.6.<strong> Recreos.<\/strong><\/p>\n<p>En los recreos debemos jugar o pasear respetando el descanso de los dem\u00e1s. Est\u00e1n prohibidos los juegos violentos, peligrosos y que puedan lesionar el cuerpo de los compa\u00f1eros\/as. As\u00ed mismo, est\u00e1 prohibido jugar con balones de cuero o pelotas duras, tipo tenis, salvo en competiciones organizadas por el centro. Quedan prohibidos los trompos y objetos punzantes. Tambi\u00e9n se proh\u00edbe el uso de tel\u00e9fonos m\u00f3viles, c\u00e1maras fotogr\u00e1ficas, iPad y mp3 en todo el recinto escolar.<\/p>\n<p>El patio peque\u00f1o queda reservado al alumnado del primer ciclo de primaria para evitar ser lesionados por el alumnado de niveles superiores.<\/p>\n<p>Durante el recreo ning\u00fan alumno\/a permanecer\u00e1 en los edificios. Los\/as maestros\/as podr\u00e1n autorizar al alumnado para permanecer en un aula o espacio determinado, siempre que el maestro\/a permanezca en el aula con ellos. Durante el recreo s\u00f3lo se podr\u00e1 acceder a los servicios del patio, que en todo momento estar\u00e1n vigilados por maestros\/as del centro. El maestro\/a encargado de esta zona de vigilancia del servicio velar\u00e1 para que no haya aglomeraciones en los mismos.<\/p>\n<p>Si est\u00e1 lloviendo o el suelo est\u00e1 significativamente mojado cada tutor\/a, o en su caso el profesorado especialista, recoger\u00e1 a sus alumnado y lo acompa\u00f1ar\u00e1 a su respectiva aula donde proseguir\u00e1 el tiempo de recreo siempre guardando la compostura y el buen comportamiento.<\/p>\n<p>El profesorado vigilante de cada semana tocar\u00e1 el silbato tres minutos antes de la entrada en las clases para que el alumnado vaya a los servicios o beba agua. De igual forma, el resto de profesorado deber\u00e1 estar en el patio de recreo tambi\u00e9n tres minutos antes para organizar su respectiva fila tratando en todo momento de evitar peleas y discusiones innecesarias.<\/p>\n<p>En el tiempo de recreo el alumnado utilizar\u00e1 las papeleras para depositar todos los desperdicios y envoltorios de alimentos y procurar\u00e1 no derramar l\u00edquidos en la pista polideportiva para que luego se pueda impartir clase de educaci\u00f3n f\u00edsica con normalidad. Todo el profesorado debe colaborar en el mantenimiento de la limpieza del patio, para conseguirlo har\u00e1 que su alumnado deje los envoltorios en la papelera del aula y tome sus bebidas antes de bajar al patio. En nuestro centro se han puesto en funcionamiento las \u201cPatrullas Verdes\u201d que velar\u00e1n por un centro limpio.<\/p>\n<p>2.3.7.<strong> Higiene<\/strong><\/p>\n<p>Todo el alumnado debe asistir al colegio en condiciones de higiene personal, aseo y limpieza de cuerpo y ropa. El incumplimiento reiterado de esta norma se considera falta grave y se atender\u00e1 a lo dispuesto en la normativa, sin perjuicio de que esta situaci\u00f3n pueda ser comunicada a los correspondientes Servicios Sociales de la localidad para su conocimiento e intervenci\u00f3n, en su caso.<\/p>\n<p>2.3.8.<strong> Aula matinal.<\/strong><\/p>\n<p>El servicio de aula matinal se podr\u00e1 utilizar desde las 7:30 horas hasta las 9:00 horas.<\/p>\n<p>&nbsp;&nbsp;&nbsp;&nbsp;&nbsp;&nbsp;&nbsp;&nbsp;&nbsp;&nbsp;&nbsp; Los padres entregar\u00e1n sus hijos\/as a las monitoras\/es que realizan este servicio.&nbsp; En este Aula hay que cumplir las normas de convivencia de la misma manera que en el resto de horario de obligada permanencia en el centro.<\/p>\n<p>Los\/as monitores\/as del comedor informar\u00e1n puntualmente ,y por escrito, al director\/a del centro de las faltas a las normas de convivencia cometidas por el alumnado usuario \u00c9ste podr\u00e1 sancionar al mismo hasta con la p\u00e9rdida del derecho a usar este servicio dependiendo de la gravedad de los hechos una vez informada la Comisi\u00f3n de Convivencia.<\/p>\n<p>2.3.9.<strong>&nbsp; Comedor escolar.<\/strong><\/p>\n<p>Se consideran faltas de diferente gravedad: desobediencia a las\/os monitoras\/es, agresiones a compa\u00f1eros\/as, actuaciones contra la higiene, no querer ingerir alimentos, gritar, jugar con los alimentos, no lavarse las manos antes de comer, retrasarse en recoger a los alumnos m\u00e1s de cinco minutos sobre el horario establecido en reiteradas ocasiones, cualquier otra que a\u00fan est\u00e9 por tipificar, etc.<\/p>\n<p>Los\/as monitores\/as del comedor informar\u00e1n puntualmente ,y por escrito, al director\/a del centro de las faltas a las normas de convivencia cometidas por el alumnado usuario \u00c9ste podr\u00e1 sancionar al mismo hasta con la p\u00e9rdida del derecho a usar este servicio dependiendo de la gravedad de los hechos una vez informada la Comisi\u00f3n de Convivencia.<\/p>\n<p>Las normas de comportamiento del uso del comedor escolar se pondr\u00e1n en conocimiento de las familias usuarias del servicio a comienzos de curso.<\/p>\n<p>2.3.10. <strong>&nbsp;Actividades extraescolares del PAF.<\/strong><\/p>\n<p>Las actividades extraescolares acogidas al PAF (Plan de Apoyo a las Familias) deber\u00e1n cumplir todas las normas establecidas para cada aula (salidas a los servicios, alumnado en pasillos o en el patio, etc).<\/p>\n<p>El profesorado que imparte estas actividades est\u00e1 obligado a controlar la asistencia del alumnado.<\/p>\n<p>Se consideran faltas de diferente gravedad: desobediencia a las\/os monitoras\/es, agresiones a compa\u00f1eros\/as, actuaciones contra la higiene, gritar, que los padres\/madres recojan a sus hijos tarde de forma reiterada, cualquier otra que a\u00fan est\u00e9 por tipificar, etc.<\/p>\n<p>Los\/as monitores\/as del comedor informar\u00e1n puntualmente ,y por escrito, al director\/a del centro de las faltas a las normas de convivencia cometidas por el alumnado usuario \u00c9ste podr\u00e1 sancionar al mismo hasta con la p\u00e9rdida del derecho a usar este servicio dependiendo de la gravedad de los hechos una vez informada la Comisi\u00f3n de Convivencia.<\/p>\n<p>&nbsp;<\/p>\n<p>2.3.11 <strong>Normas particulares de cada aula<\/strong><\/p>\n<p>Cada aula podr\u00e1 elaborar sus propias normas y ser votadas por la mayor\u00eda de sus miembros. Esta manera de proceder fomenta el respeto a los acuerdos de las mayor\u00edas, base de toda democracia. Estas normas no podr\u00e1n contravenir otras ya reguladas en este Plan de Convivencia y deber\u00e1n contener como m\u00ednimo las siguientes:<\/p>\n<ol>\n<li>Respetar al profesorado y a los compa\u00f1eros\/as.<\/li>\n<li>Respetar el turno de palabra.<\/li>\n<li>Prestar atenci\u00f3n a la maestra, maestro o compa\u00f1eros cuando hablen para el resto de la clase.<\/li>\n<li>Preguntar al profesor\/a las dudas que teng\u00e1is.<\/li>\n<li>Pedir permiso para entrar en clase y saludar.<\/li>\n<li>Las salidas y entradas al aula se har\u00e1n andando<\/li>\n<li>Cuando llamen a la fila acudiremos inmediatamente y en silencio.<\/li>\n<li>Mantener la clase limpia y ordenada.<\/li>\n<li>En clase no se comer\u00e1n chucher\u00edas.<\/li>\n<li>Guardar silencio en clase cuando se trabaja.<\/li>\n<li>El trabajo se har\u00e1 claro, limpio y ordenado.<\/li>\n<li>No molestaremos, pegaremos, ni insultaremos a nuestros\/as compa\u00f1eros\/as ni al resto de la comunidad escolar.<\/li>\n<li>Ayudar, ser solidario y cooperar con nuestros\/as compa\u00f1eros\/as y profesores\/as.<\/li>\n<li>Ir al servicio en el recreo. En caso de necesidad urgente, pedirle permiso a los maestros\/as<\/li>\n<li>No malgastar ni estropear el material.<\/li>\n<li>Bajada de persianas al acabar la jornada lectiva.<\/li>\n<li>Asegurarse del apagado de ordenadores<\/li>\n<li>Fomentar la tolerancia y el respeto a los dem\u00e1s.<\/li>\n<li>Resolver cualquier conflicto a trav\u00e9s del di\u00e1logo.<\/li>\n<li>Ense\u00f1ar a los ni\u00f1os\/as a cuidar los materiales individuales y los comunes del aula.<\/li>\n<li>Realizar las entradas y salidas manteniendo un orden.<\/li>\n<li>Acostumbrarse a vivir en sociedad: saludos, dar las gracias, pedir las cosas por favor&#8230;<\/li>\n<li>Saber escuchar.<\/li>\n<li>Utilizar un vocabulario adecuado, sin insultos ni agresividad<\/li>\n<li>Queda prohibido el uso de m\u00f3viles, ni dem\u00e1s juegos electr\u00f3nicos.<\/li>\n<\/ol>\n<p>&nbsp;<\/p>\n<p>Los delegados\/as de curso o encargados\/a del material velar\u00e1n por el mantenimiento del orden en la clase. La clase ha de mantenerse limpia y adornada con murales, trabajos realizados por el alumnado\u2026En todo momento se cuidar\u00e1 el material y mobiliario del aula.<\/p>\n<p>&nbsp;<\/p>\n<p>3<strong><u>.- COMPOSICI\u00d3N, PLAN DE REUNIONES Y PLAN DE ACTUACI\u00d3N DE LA COMISI\u00d3N DE CONVIVENCIA<\/u><\/strong><\/p>\n<p>La Comisi\u00f3n de Convivencia ser\u00e1 quien dinamice, revise y actualice el Plan de Convivencia escuchando y recogiendo todas las iniciativas y sugerencias de todos los sectores de la Comunidad Educativa.<\/p>\n<p>3.1.- <strong>Composici\u00f3n <\/strong><\/p>\n<p>Atendiendo a lo dispuesto en el art\u00edculo 64.3 del Decreto 328 \/2010, de 13 de julio, la Comisi\u00f3n de Convivencia estar\u00e1 integrada por los siguientes miembros:<\/p>\n<ol>\n<li>El director o directora, que ejercer\u00e1 la presidencia.<\/li>\n<li>El jefe o jefa de estudios.<\/li>\n<li>Dos maestros o maestras.<\/li>\n<li>Cuatro padres, madres o representantes legales del alumnado.<\/li>\n<\/ol>\n<p>La representaci\u00f3n de profesorado y de padres, madres o representantes legales ser\u00e1n elegidos por los representantes de cada uno de los sectores en el Consejo escolar. Si en el Consejo Escolar hay un miembro designado por la Asociaci\u00f3n de Madres y Padres, \u00e9ste ser\u00e1 uno de los representantes de los padres y madres&nbsp; en la Comisi\u00f3n de Convivencia.<\/p>\n<p>A las reuniones relacionadas con el seguimiento y supervisi\u00f3n del plan de convivencia se incorporar\u00e1n:<\/p>\n<ul>\n<li>La persona responsable de la orientaci\u00f3n en el Centro.<\/li>\n<li>La persona designada por el Consejo Escolar para impulsar las medidas que fomenten la igualdad real y efectiva entre mujeres y hombres.<\/li>\n<li>El coordinador del proyecto escuela espacio de paz.<\/li>\n<\/ul>\n<p>Tambi\u00e9n podr\u00e1 asistir la educadora social, cuando se considere oportuno.<\/p>\n<p>3.2 <strong>Funciones <\/strong><\/p>\n<p>La Comisi\u00f3n de Convivencia tendr\u00e1 las siguientes funciones:<\/p>\n<ol>\n<li>Canalizar las iniciativas de todos los sectores de la comunidad educativa para mejorar la convivencia, el respeto mutuo, as\u00ed como promover la Cultura de Paz y la resoluci\u00f3n pac\u00edfica de los conflictos.<\/li>\n<li>Adoptar las medidas preventivas necesarias para garantizar los derechos de todos los miembros de la comunidad educativa y el cumplimiento de las normas de convivencia del centro.<\/li>\n<li>Desarrollar iniciativas que eviten la discriminaci\u00f3n del alumnado, estableciendo planes de acci\u00f3n positiva que posibiliten la integraci\u00f3n de todos los alumnos y alumnas.<\/li>\n<li>Mediar en los conflictos planteados.<\/li>\n<li>Conocer y valorar el cumplimiento efectivo de las correcciones y medidas disciplinarias en los t\u00e9rminos que hayan sido impuestas.<\/li>\n<li>Proponer al Consejo Escolar las medidas que considere oportunas para mejorar la convivencia en el centro.<\/li>\n<li>Dar cuenta al pleno del Consejo Escolar, al menos dos veces a lo largo del curso, de las actuaciones realizadas y de las correcciones y medidas disciplinarias impuestas.<\/li>\n<li>Realizar el seguimiento de los compromisos de convivencia suscritos en el centro.<\/li>\n<li>Cualesquiera otras que puedan serle atribuidas por el Consejo Escolar, relativas a las normas de convivencia en el centro.<\/li>\n<\/ol>\n<p>&nbsp;<\/p>\n<p>3.3. <strong>Plan de reuniones<\/strong><\/p>\n<p>&nbsp;&nbsp;&nbsp;&nbsp;&nbsp;&nbsp;&nbsp;&nbsp;&nbsp;&nbsp;&nbsp; La comisi\u00f3n de Convivencia se reunir\u00e1 una vez por trimestre. Se dar\u00e1 cuenta al pleno del Consejo Escolar de las actuaciones realizadas y de las correcciones y medidas disciplinarias impuestas, si las hubiese, al menos dos veces al a\u00f1o. No obstante, la Comisi\u00f3n podr\u00e1 reunirse cuantas veces sean necesarias para resolver problemas de convivencia en el Centro.<\/p>\n<p>3.4&nbsp; <strong>Plan de Actuaci\u00f3n<\/strong><\/p>\n<p>3.4.1 <strong>Actuaciones previstas para la consecuci\u00f3n de los objetivos planteados en nuestro Plan de Convivencia<\/strong>:<\/p>\n<ul>\n<li>Reuniones de trabajo de los\/as coordinadores\/as y tutoras\/es.<\/li>\n<li>Intercambio de informaci\u00f3n (personal, familiar, escolar) de las\/os alumnas\/os entre las\/os profesoras\/es que lo tuvieron en curso anterior y los que los tendr\u00e1n este curso.<\/li>\n<\/ul>\n<p>&nbsp; 3.4.2 Actuaciones encaminadas a facilitar la integraci\u00f3n y la participaci\u00f3n del alumnado:<\/p>\n<p>Algunas <em>actividades <\/em>a desarrollar con el alumnado ser\u00e1n las siguientes:<\/p>\n<ul>\n<li>Acoger a los nuevos\/as alumnos\/as tanto a nivel individual como grupal, ense\u00f1\u00e1ndole el centro, las diferentes disposiciones, present\u00e1ndoles a las maestros\/as, al equipo directivo, etc.<\/li>\n<li>Explicar cu\u00e1les son las normas de convivencia de cada aula y de cada ciclo, las del centro, las del cuidado de mobiliario, etc&#8230;<\/li>\n<li>Explicar cu\u00e1les son los derechos y deberes del alumnado, y las correcciones o medidas disciplinarias que en su caso de aplicaran.<\/li>\n<li>Iniciar el contacto entre alumnas\/os de diferentes cursos, con sesiones de v\u00eddeos, con salidas culturales.<\/li>\n<li>Aprendizaje de estrategias para la resoluci\u00f3n de problemas.<\/li>\n<li>Potenciar determinadas conductas positivas en el alumnado con la celebraci\u00f3n de d\u00edas determinados, como el d\u00eda de la paz, el d\u00eda de los derechos del ni\u00f1o\/a.<\/li>\n<\/ul>\n<p>Para estas tareas se contar\u00e1 con la colaboraci\u00f3n del orientador\/a de referencia del centro.<\/p>\n<p>3.4.3 Actuaciones dirigidas a favorecer la relaci\u00f3n de las familias y el centro educativo.<\/p>\n<p>Ser\u00e1 muy importante dar a conocer a las familias el plan de convivencia, para poder establecer una estrecha colaboraci\u00f3n, por lo que se van a llevar entre otras las siguientes actividades:<\/p>\n<ul>\n<li>Reuniones con padres y madres al comienzo de curso, explic\u00e1ndoles las normas que tanto rigen el centro en general, como las de cada aula, as\u00ed como todo el Plan de Convivencia, tanto las medidas que se van a tomar como los proceso, las sanciones, etc.<\/li>\n<li>Reuniones individuales a padres\/madres que no lleven a cabo las normas de convivencia que se rigen por el Centro.<\/li>\n<li>En la escuela de madres y padres ( si se llegase a crear) llevar a cabo alguna sesi\u00f3n sobre buenos comportamiento, sobre resoluci\u00f3n de conflictos \u2026<\/li>\n<\/ul>\n<p>3.4.4 Actividades dirigidas a la sensibilizaci\u00f3n frente a los casos de acoso e intimidaci\u00f3n entre iguales.<\/p>\n<p>&nbsp;&nbsp;&nbsp;&nbsp;&nbsp; Cualquier miembro de la comunidad educativa que tenga conocimiento o sospecha de una situaci\u00f3n de acoso o intimidaci\u00f3n deber\u00e1 ponerla en conocimiento al profesor\/a,tutor\/a, orientador\/a o equipo directivo.<\/p>\n<p>&nbsp;&nbsp;&nbsp;&nbsp;&nbsp; El equipo directivo en colaboraci\u00f3n con el orientador y de la profesor\/a tutor\/a del alumno\/a recabar\u00e1 la&nbsp; informaci\u00f3n necesaria utilizando t\u00e9cnicas y m\u00e9todos adecuados que aseguren la confidencialidad. &nbsp;<\/p>\n<p>&nbsp;&nbsp;&nbsp;&nbsp;&nbsp; Se tomar\u00e1n las medidas necesarias que se consideren oportunas despu\u00e9s de esta primera valoraci\u00f3n, elaborando un informe escrito que quedar\u00e1 registrado en direcci\u00f3n. Las familias del alumnado implicado ser\u00e1n informados de dicha diligencia.<\/p>\n<p>3.4.5 Actividades dirigidas a la sensibilizaci\u00f3n de la comunidad educativa en la igualdad entre mujeres y hombres<\/p>\n<p>&nbsp;&nbsp;&nbsp;&nbsp;&nbsp; El centro desarrolla cada a\u00f1o el Proyecto de Igualdad entre Mujeres y Hombres, realizando a lo largo del curso actividades dentro de este \u00e1mbito, quedando recogidas estas en la memoria de este proyecto.<\/p>\n<p>3.4.6 Medidas de car\u00e1cter organizativo que posibiliten la adecuada vigilancia de los espacios y tiempos considerados de riesgo<\/p>\n<p>&nbsp;&nbsp;&nbsp;&nbsp;&nbsp; Los tiempos que tenemos considerados como riesgo en nuestro centro son en el recreo y en la salida del comedor. Es por lo que en estos dos espacios siempre existe personal vigilando en las diferentes partes donde pueden surgir los conflictos.<\/p>\n<p>&nbsp;&nbsp;&nbsp;&nbsp;&nbsp; Para el recreo se elaboran turnos de vigilancia en cada una de las partes de los patios, tanto en el de los ni\u00f1os\/as m\u00e1s grandes como el de las\/os peque\u00f1as\/os, y en el pasillo. Estos turnos son correlativos y ser\u00e1n planificados a comienzos de cada a\u00f1o por la Jefatura de Estudios.<\/p>\n<p>&nbsp;&nbsp;&nbsp;&nbsp;&nbsp; En lo que respecta al comedor, se\u00f1alar que tambi\u00e9n el personal encargado vigila al alumnado tanto a la entrada como a la salida del servicio.<\/p>\n<p>&nbsp;<\/p>\n<p>4.- <strong><u>EL AULA DE CONVIVENCIA<\/u><\/strong><\/p>\n<ul>\n<li><strong>Normas para el funcionamiento del Aula de Convivencia.<\/strong><\/li>\n<\/ul>\n<p>&nbsp;&nbsp;&nbsp;&nbsp;&nbsp;&nbsp;&nbsp; Seg\u00fan lo dispuesto en el art\u00edculo 23 del Decreto 328\/2010, de 13 de julio cada centro podr\u00e1 crear un aula de convivencia para el tratamiento individualizado del alumnado de educaci\u00f3n primaria que, como consecuencia de la imposici\u00f3n de una correcci\u00f3n o medida disciplinaria por alguna de las conductas tipificadas con anterioridad, se vea privado de su derecho a participar en el normal desarrollo de las actividades lectivas.&nbsp; Pero en nuestro caso, no se contempla la creaci\u00f3n del aula de convivencia por varios motivos:<\/p>\n<ul>\n<li>No ser necesaria dada la poca conflictividad en nuestro centro<\/li>\n<li>No disponer de espacios adecuados<\/li>\n<li>No contar con personal suficiente para atender al alumnado.<\/li>\n<li>Se corre el riesgo de asociar este aula de castigo con la biblioteca o cualquier otra aula de recursos compartidos y perjudicar la finalidad de estos espacios<\/li>\n<\/ul>\n<p>&nbsp;<\/p>\n<p>5.- <strong><u>MEDIDAS ESPEC\u00cdFICAS PARA PROMOVER LA CONVIVENCIA EN EL CENTRO, FOMENTANDO EL DI\u00c1LOGO, LA CORRESPONSABILIDAD Y LA CULTURA DE PAZ<\/u><\/strong><\/p>\n<p>5.1 Actuaciones previstas para la consecuci\u00f3n de los objetivos planteados en nuestro Plan de Convivencia:<\/p>\n<ul>\n<li>Reuniones de trabajo de los\/as coordinadores\/as y tutoras\/es.<\/li>\n<li>Intercambio de informaci\u00f3n (personal, familiar, escolar) de las\/os alumnas\/os entre las\/os profesoras\/es que lo tuvieron en curso anterior y los que los tendr\u00e1n este curso.<\/li>\n<\/ul>\n<p>5.2 Actuaciones encaminadas a facilitar la integraci\u00f3n y la participaci\u00f3n del alumnado:<\/p>\n<p>Algunas <em>actividades <\/em>a desarrollar con el alumnado ser\u00e1n las siguientes:<\/p>\n<ul>\n<li>Acoger a los nuevos\/as alumnos\/as tanto a nivel individual como grupal, ense\u00f1\u00e1ndole el centro, las diferentes dependencias, present\u00e1ndoles a las maestros\/as , al equipo directivo, etc.<\/li>\n<li>Explicar cu\u00e1les son las normas de convivencia de cada aula y de cada ciclo, las del centro, las del cuidado de mobiliario, etc&#8230;<\/li>\n<li>Explicar cu\u00e1les son los derechos y deberes del alumnado, y las correcciones o medidas disciplinarias que en su caso de aplicaran.<\/li>\n<li>Iniciar el contacto entre alumnas\/os de diferentes cursos, con sesiones de v\u00eddeos, con salidas culturales\u2026<\/li>\n<li>Aprendizaje de estrategias para la resoluci\u00f3n de problemas.<\/li>\n<li>Potenciar determinadas conductas positivas en el alumnado con la celebraci\u00f3n de d\u00edas determinados, como el D\u00eda de la paz, el D\u00eda de los Derechos del Ni\u00f1o\/a, D\u00eda de la No Violencia de G\u00e9nero, D\u00eda de la Mujer.<\/li>\n<li>-Establecimiento de grupos interactivos de aprendizaje en las distintas aulas con participaci\u00f3n de las familias.<\/li>\n<\/ul>\n<p>5.3 Actuaciones dirigidas a favorecer la relaci\u00f3n de las familias y el centro educativo.<\/p>\n<p>Ser\u00e1 muy importante dar a conocer a las familias el Plan de Convivencia, para poder establecer una estrecha colaboraci\u00f3n, por lo que se van a llevar entre otras las siguientes actividades:<\/p>\n<ul>\n<li>Reuniones con padres y madres al comienzo de curso, explic\u00e1ndoles las normas que tanto rigen el centro en general, como las de cada aula, as\u00ed como todo el Plan de Convivencia, tanto las medidas que se van a tomar como los proceso, las sanciones, etc.<\/li>\n<li>Reuniones individuales a padres\/madres que no lleven a cabo las normas de convivencia que se rigen por el centro.<\/li>\n<li>En la escuela de madres y padres, si se constituyese, llevar a cabo alguna sesi\u00f3n sobre buenos comportamiento, sobre resoluci\u00f3n de conflictos, &#8230;.<\/li>\n<\/ul>\n<p>5.4 Actividades dirigidas a la sensibilizaci\u00f3n frente a los casos de acoso e intimidaci\u00f3n entre iguales.<\/p>\n<p>Cualquier miembro de la comunidad educativa que tenga conocimiento o sospecha de una situaci\u00f3n de acoso o intimidaci\u00f3n deber\u00e1 ponerla en conocimiento al profesor\/a, tutor\/a, orientador\/a o equipo directivo.<\/p>\n<p>&nbsp;&nbsp;&nbsp;&nbsp;&nbsp;&nbsp;&nbsp;&nbsp;&nbsp;&nbsp;&nbsp; El equipo directivo en colaboraci\u00f3n con el orientador y de la profesor\/a tutor\/a del alumno\/a recabar\u00e1 la&nbsp; informaci\u00f3n necesaria utilizando t\u00e9cnicas y m\u00e9todos adecuados que aseguren la confidencialidad.<\/p>\n<p>&nbsp;&nbsp;&nbsp;&nbsp;&nbsp;&nbsp;&nbsp;&nbsp;&nbsp;&nbsp;&nbsp; Se tomar\u00e1n las medidas necesarias que se consideren oportunas despu\u00e9s de esta primera valoraci\u00f3n, elaborando un informe escrito que quedar\u00e1 registrado en direcci\u00f3n. Las familias del alumnado implicado ser\u00e1n informados de dicha diligencia.<\/p>\n<p>5.5 Actividades dirigidas a la sensibilizaci\u00f3n de la comunidad educativa en la igualdad entre mujeres y hombres<\/p>\n<p>El centro desarrolla cada a\u00f1o el Proyecto de Igualdad entre Mujeres y Hombres, realizando a lo largo del curso, muchas actividades dentro de este \u00e1mbito, quedando recogidas estas en la memoria de este proyecto.<\/p>\n<p>5.6 Medidas de car\u00e1cter organizativo que posibiliten la adecuada vigilancia de los espacios y tiempos considerados de riesgo<\/p>\n<p>Los tiempos que tenemos considerados como riesgo en nuestro centro, son en el recreo y en la salida del comedor. Es por lo que en estos dos espacios siempre existe personal vigilando en las diferentes partes donde pueden surgir los conflictos.<\/p>\n<p>En el recreo la Jefatura de Estudios elaborar\u00e1 turnos de vigilancia, en cada una de las partes de los patios, tanto en el&nbsp; de los grandes como el de las\/os peque\u00f1as\/os, y en el pasillo. Estos turnos son correlativos.<\/p>\n<p>En lo que respecta al comedor, se\u00f1alar que tambi\u00e9n el personal encargado vigila al alumnado tanto en la entrada como en la salida de este servicio evitando que se produzcan conflictos entre el alumnado.<\/p>\n<p>&nbsp;<\/p>\n<p>6.- <strong><u>MEDIDAS A APLICAR EN EL CENTRO PARA PREVENIR, DETECTAR, MEDIAR Y RESOLVER&nbsp; LOS CONFLICTOS QUE PUDIERAN PLANTEAR.<\/u><\/strong><\/p>\n<p>6.1 <strong>Mediaci\u00f3n en la resoluci\u00f3n de conflictos<\/strong><\/p>\n<p>En este apartado se van a establecer c\u00f3mo se va a mediar la resoluci\u00f3n de los conflictos, cuando las medidas preventivas anteriormente citadas, no se han llevado a cabo, y el alumnado haya&nbsp; incumplido alguna norma de convivencia.<\/p>\n<p>Tal y como se se\u00f1ala en el <em>Decreto 19\/2007 de 23 de enero<\/em><em>, por el que se adoptan medidas para la promoci\u00f3n de la cultura de paz y mejora de la convivencia en los centros educativos sostenidos con fondos p\u00fablicos 2007,y el Decreto 328\/2010,de 13 de julio, <\/em>habr\u00eda que diferenciar entre conductas contrarias a las normas de convivencia y conductas gravemente perjudiciales para la convivencia. Es por lo que en los siguientes apartados vamos a ser esta diferenciaci\u00f3n para llevar a cabo la mediaci\u00f3n y su correcci\u00f3n.<\/p>\n<p>los <strong>principios<\/strong><strong> generales<\/strong> que van a regir en la mediaci\u00f3n van a ser los siguientes:<\/p>\n<p>1.- El alumnado no podr\u00e1 ser privado del ejercicio de su derecho a la educaci\u00f3n.<\/p>\n<p>2.- No podr\u00e1n imponerse correcciones, ni medidas disciplinarias contrarias a la integridad f\u00edsica y a la dignidad personal del alumnado.<\/p>\n<p>3.-La imposici\u00f3n de las correcciones y de las medidas disciplinarias previstas respetar\u00e1 la proporcionalidad con la conducta del alumno o alumna y deber\u00e1 contribuir a la mejora de su proceso educativo.<\/p>\n<p>4.-Asimismo, en la imposici\u00f3n de las correcciones y de las medidas disciplinarias deber\u00e1 tenerse en cuenta la edad del alumnado, as\u00ed como sus circunstancias personales, familiares o sociales.<\/p>\n<p>&nbsp;<\/p>\n<p>6.2 <strong>\u00c1mbito de aplicaci\u00f3n<\/strong><\/p>\n<p>Se corregir\u00e1n los actos contrarios a las normas de convivencia realizados por el alumnado en el centro, tanto en horario lectivo como en el dedicado al aula matinal, al comedor escolar, alas actividades complementarias y extraescolares<\/p>\n<p>6.3 <strong>Conductas contrarias a las normas de convivencia<\/strong><\/p>\n<p><strong>(Art\u00edculo 33. Decreto&nbsp; 328\/2010, de 13 de julio)<\/strong><\/p>\n<p>1.- <strong>Son conductas contrarias a las normas de convivencia las siguientes<\/strong>:<\/p>\n<ol>\n<li>a) Los actos que perturben el normal desarrollo de las actividades de la clase.<\/li>\n<li>b) La falta de colaboraci\u00f3n sistem\u00e1tica del alumnado en la realizaci\u00f3n de las actividades orientadas al desarrollo del curr\u00edculo, as\u00ed como en el seguimiento de las orientaciones del profesorado respecto a su aprendizaje.<\/li>\n<li>c) Las conductas que puedan impedir o dificultar el ejercicio del derecho o el cumplimiento del deber de estudiar por sus compa\u00f1eros y compa\u00f1eras.<\/li>\n<li>d) Las faltas injustificadas de puntualidad.<\/li>\n<li>e) Las faltas injustificadas de asistencia a clase.<\/li>\n<\/ol>\n<p>M\u00e1s de cinco faltas de asistencia injustificadas a clase en cada mes requerir\u00e1n la comunicaci\u00f3n por parte del tutor\/a a la Jefatura de Estudios de tal circunstancia. Si se produce reiteraci\u00f3n sucesiva en este n\u00famero de faltas injustificadas, tal circunstancia ser\u00e1 comunicada por la jefatura de Estudios del centro en la comisi\u00f3n trimestral de absentismo de la localidad a fin de que se adopten las medidas oportunas.<\/p>\n<ol>\n<li>f) La incorrecci\u00f3n y desconsideraci\u00f3n hacia los otros miembros de la comunidad educativa.<\/li>\n<li>g) Causar peque\u00f1os da\u00f1os en las instalaciones, recursos materiales o documentos del centro, o en las pertenencias de los dem\u00e1s miembros de la comunidad educativa.<\/li>\n<li>h) Todas aquellas contrarias a las normas de convivencia generales del Centro y particulares del aula.<\/li>\n<\/ol>\n<p>&nbsp;<\/p>\n<p>Las conductas contrarias a las normas de convivencia prescribir\u00e1n en el plazo de treinta d\u00edas naturales contados a partir de la fecha de su comisi\u00f3n, excluyendo los periodos vacacionales.<\/p>\n<p>&nbsp;<\/p>\n<p>&nbsp;<\/p>\n<p>6.4 <strong>Correcciones de las conductas contrarias a las normas de convivencia<\/strong>.<\/p>\n<p><strong>(Art\u00edculo 34. Decreto&nbsp; 328\/2010, de 13 de julio)<\/strong><\/p>\n<p>&nbsp;<\/p>\n<p>Las correcciones que hayan de aplicarse por incumplimiento de las normas de convivencia tendr\u00e1n un car\u00e1cter educativo y recuperador para el alumnado y la colectividad, garantizar\u00e1n el respeto a los derechos de los dem\u00e1s miembros de la Comunidad Educativa y procurar\u00e1n la mejora de las relaciones de todos los integrantes de \u00e9sta.<\/p>\n<p>&nbsp;<\/p>\n<p><strong>Las correcciones que se podr\u00e1n aplicar son<\/strong>:<\/p>\n<p>1.- Por la conducta contemplada en el art\u00edculo 33.1 se podr\u00e1 imponer la correcci\u00f3n de suspensi\u00f3n del derecho de asistencia a esa clase de un alumno o alumna. Esta medida implica:<\/p>\n<ol>\n<li>a) Que el centro debe prever la atenci\u00f3n educativa del alumno o alumna.<\/li>\n<li>b) Que el profesor\/a deber\u00e1 informar a quien ejerza la tutor\u00eda y a la jefatura de estudios en el transcurso de la jornada escolar sobre la medida adoptada y los motivos de la misma.<\/li>\n<li>c) Que el tutor o tutora deber\u00e1 informar al padre, madre o los representantes legales del alumno o alumna, dejando constancia escrita de todo el proceso.<\/li>\n<\/ol>\n<p>2.- Para las restantes conductas recogidas en el art\u00edculo 33.1 podr\u00e1n imponerse las siguientes correcciones:<\/p>\n<ol>\n<li>a) Amonestaci\u00f3n oral.<\/li>\n<li>b) Apercibimiento por escrito.<\/li>\n<li>c) Realizaci\u00f3n de tareas dentro y fuera del horario lectivo que contribuyan a la mejora y desarrollo de las actividades del centro, as\u00ed como a reparar el da\u00f1o causado en las instalaciones, recursos materiales o documentos del mismo.<\/li>\n<li>d) Suspensi\u00f3n del derecho de asistencia a determinadas clases por un plazo m\u00e1ximo de tres d\u00edas lectivos. Durante el tiempo que dure la suspensi\u00f3n, el alumno o alumna deber\u00e1 realizar las actividades formativas que se determinen para evitar la interrupci\u00f3n de su proceso formativo.<\/li>\n<li>e) Excepcionalmente, la suspensi\u00f3n del derecho de asistencia al centro por un periodo m\u00e1ximo de tres d\u00edas lectivos. Durante el tiempo que dure la suspensi\u00f3n, el alumno o alumna deber\u00e1 realizar las actividades formativas que se determinen para evitar la interrupci\u00f3n de su proceso formativo.<\/li>\n<\/ol>\n<p>&nbsp;<\/p>\n<p>3.- Las actividades formativas que se establecen en las letras d) y e) del apartado anterior podr\u00e1n ser realizadas en el aula de convivencia en el caso de que se constituyese en el centro.<\/p>\n<p>El alumnado que haya sido privado del derecho al centro no participar\u00e1 en las actividades extraescolares organizadas por el centro, debiendo asistir al mismo los d\u00edas en que \u00e9stas se desarrollen donde ser\u00e1 atendido por profesorado que designe la direcci\u00f3n en funci\u00f3n de su disponibilidad.<\/p>\n<p>&nbsp;<\/p>\n<p>6.5 <strong>\u00d3rganos competentes para imponer las correcciones de las conductas contrarias a las normas de convivencia.<\/strong><\/p>\n<p><strong>(Art\u00edculo 35. Decreto&nbsp; 328\/2010, de 13 de julio)<\/strong><\/p>\n<p>1.- Ser\u00e1 competente para imponer la correcci\u00f3n prevista en el art\u00edculo 34.1 el profesor o profesora que est\u00e9 en el aula.<\/p>\n<p>2.-Ser\u00e1n competentes para imponer la correcci\u00f3n prevista en el art\u00edculo 34.2:<\/p>\n<ol>\n<li>a) Para la prevista en el apartado a), todos los profesores y profesoras del centro.<\/li>\n<li>b) Para la prevista en el b), el tutor\/a del alumno\/a.<\/li>\n<li>c) Para las previstas en el c) y d), el jefe\/a de estudios.<\/li>\n<li>d) Para la prevista en el e), el director\/a, que dar\u00e1 cuenta a la comisi\u00f3n de convivencia.<\/li>\n<\/ol>\n<p>&nbsp;<\/p>\n<p>6.6 <strong>Conductas gravemente perjudiciales a las normas de convivencia<\/strong><\/p>\n<p><strong>(Art\u00edculo 36. Decreto&nbsp; 328\/2010, de 13 de julio)<\/strong><\/p>\n<p><strong>Se consideran conductas gravemente perjudiciales para la convivencia en el centro las siguientes<\/strong>:<\/p>\n<ol>\n<li>a) La agresi\u00f3n f\u00edsica contra cualquier miembro de la comunidad educativa.<\/li>\n<li>b) Las injurias y ofensas contra cualquier miembro de la comunidad educativa.<\/li>\n<li>c) El acoso escolar, entendido como el maltrato psicol\u00f3gico, verbal o f\u00edsico hacia un alumno\/a producido por uno o m\u00e1s compa\u00f1eros\/as de forma reiterada a lo largo de un tiempo determinado.<\/li>\n<li>d) Las actuaciones perjudiciales para la salud y la integridad personal de los miembros de la comunidad educativa, o la incitaci\u00f3n a las mismas.<\/li>\n<li>e) Las vejaciones o humillaciones contra cualquier miembro de la comunidad educativa, particularmente si tienen un componente sexual, racial, religiosa, xen\u00f3foba u hom\u00f3foba, o se realizan contra alumnos\/as con necesidades educativas especiales.<\/li>\n<li>f) Las amenazas o coacciones contra cualquier miembro de la comunidad educativa.<\/li>\n<li>g) La suplantaci\u00f3n de la personalidad en actos de la vida docente y la falsificaci\u00f3n o sustracci\u00f3n de documentos acad\u00e9micos.<\/li>\n<li>h) Las actuaciones que causen graves da\u00f1os en las instalaciones, recursos materiales o documentos del centro, o en las pertenencias de los dem\u00e1s miembros de la comunidad educativa, as\u00ed como la sustracci\u00f3n de las mismas.<\/li>\n<li>i) La reiteraci\u00f3n en un mismo curso escolar de conductas contrarias a las normas de convivencia.<\/li>\n<li>j) Cualquier acto dirigido directamente a impedir el normal desarrollo de las actividades del centro.<\/li>\n<li>k) El incumplimiento de las correcciones impuestas, salvo que la comisi\u00f3n de convivencia considere que este incumplimiento sea debido a causas justificadas.<\/li>\n<\/ol>\n<p>Las conductas gravemente perjudiciales para la convivencia en el centro prescribir\u00e1n a los sesenta d\u00edas naturales contados a partir de la fecha de su comisi\u00f3n, excluyendo los periodos vacacionales<\/p>\n<p>&nbsp;<\/p>\n<p>6.7 <strong>Medidas disciplinarias por las conductas gravemente perjudiciales para la convivencia<\/strong><\/p>\n<p><strong>(Art\u00edculo 37. Decreto&nbsp; 328\/2010, de 13 de julio)<\/strong><\/p>\n<p>Por las conductas gravemente perjudiciales para la convivencia podr\u00e1n imponerse las siguientes medidas disciplinarias:<\/p>\n<ol>\n<li>a) Realizaci\u00f3n de tareas fuera del horario lectivo que contribuyan a la mejora y desarrollo de las actividades del centro, as\u00ed como a reparar el da\u00f1o causado en las instalaciones, recursos materiales o documentos del mismo, sin perjuicio del deber de asumir el importe de otras reparaciones que hubieran de efectuarse por los hechos objeto de correcci\u00f3n y de la responsabilidad civil de sus padres, madres o representantes legales en los t\u00e9rminos previstos por las leyes.<\/li>\n<li>b) Suspensi\u00f3n del derecho a participar en las actividades extraescolares del centro por un plazo m\u00e1ximo de un mes.<\/li>\n<li>c) Cambio de grupo.<\/li>\n<li>d) Suspensi\u00f3n del derecho de asistencia a determinadas clases durante un periodo superior a tres d\u00edas lectivos e inferior a dos semanas. Durante el tiempo que dure la suspensi\u00f3n, el alumno\/a deber\u00e1 realizar las actividades formativas que se determinen para evitar la interrupci\u00f3n en el proceso formativo.<\/li>\n<li>e) Suspensi\u00f3n del derecho de asistencia al centro durante un periodo superior a tres d\u00edas lectivos e inferior a un mes. Durante el tiempo que dure la suspensi\u00f3n, el alumno\/a deber\u00e1 realizar las actividades formativas que se determinen para evitar la interrupci\u00f3n en el proceso formativo. El director\/a podr\u00e1 levantar la medida antes del agotamiento del plazo previsto previa constataci\u00f3n de que se ha producido un cambio positivo en la actitud del alumno\/a.<\/li>\n<li>f) Cambio de centro docente.<\/li>\n<\/ol>\n<p>&nbsp;El alumnado que haya sido objeto de correcci\u00f3n de suspensi\u00f3n del derecho de asistencia al centro durante el curso escolar, no podr\u00e1 participar en la realizaci\u00f3n de actividades en las que represente al centro ante el resto de la comunidad educativa y poblaci\u00f3n en general.<\/p>\n<p>El director o directora podr\u00e1 levantar la suspensi\u00f3n del derecho de asistencia al centro de un alumno\/a prevista en la letra e) antes del agotamiento del plazo previsto en la correcci\u00f3n, previa constataci\u00f3n de que se ha producido un cambio positivo en la actitud del alumno o alumna.<\/p>\n<p>&nbsp;<\/p>\n<ul>\n<li><strong>\u00d3rgano competente para imponer las correcciones a las conductas gravemente perjudiciales para las normas de convivencia.<\/strong><\/li>\n<\/ul>\n<p>Ser\u00e1 competencia del director o directora del centro la imposici\u00f3n de las medidas disciplinarias previstas en el art\u00edculo 37, de lo que dar\u00e1 traslado a la comisi\u00f3n de convivencia.<\/p>\n<p>&nbsp;<\/p>\n<p>6.9 <strong>Gradaci\u00f3n de las correcciones <\/strong><\/p>\n<p>A efectos de la gradaci\u00f3n de las correcciones y de las medidas disciplinarias, se consideran circunstancias que aten\u00faan la responsabilidad:<\/p>\n<p>&nbsp;<\/p>\n<ol>\n<li>a) El reconocimiento espont\u00e1neo de la incorrecci\u00f3n de la conducta, as\u00ed como la reparaci\u00f3n espont\u00e1nea del da\u00f1o producido.<\/li>\n<li>b) La falta de intencionalidad.<\/li>\n<li>c) La petici\u00f3n de excusas.<\/li>\n<\/ol>\n<p><strong>Se consideran circunstancias que agravan la responsabilidad<\/strong>:<\/p>\n<p>&nbsp;<\/p>\n<ol>\n<li>a) La premeditaci\u00f3n.<\/li>\n<li>b) Cuando la persona contra la que se cometa la infracci\u00f3n sea un maestro o maestra.<\/li>\n<li>c) Los da\u00f1os, injurias u ofensas causados al personal no docente, a los compa\u00f1eros y &nbsp; compa\u00f1eras de&nbsp; menor edad y al alumnado reci\u00e9n incorporado al centro.<\/li>\n<li>d) Las acciones que impliquen discriminaci\u00f3n por raz\u00f3n nacimiento, raza, sexo, orientaci\u00f3n sexual, convicciones ideol\u00f3gicas, discapacidades f\u00edsicas, ps\u00edquicas o sensoriales, as\u00ed como por cualquier otra condici\u00f3n personal o social.<\/li>\n<li>e) La incitaci\u00f3n o est\u00edmulo a la actuaci\u00f3n colectiva lesiva de los derechos de los dem\u00e1s miembros de la comunidad educativa.<\/li>\n<li>f) La naturaleza y entidad de los perjuicios causados al centro o a cualquiera de los integrantes de la comunidad educativa.<\/li>\n<li>g) la difusi\u00f3n, a trav\u00e9s de internet o por cualquier otro medio, de im\u00e1genes de conductas contrarias o gravemente perjudiciales para la convivencia, particularmente si resultan degradantes u ofensivas para otros miembros de la comunidad educativa.<\/li>\n<\/ol>\n<p>&nbsp;<\/p>\n<p>6.10 <strong>Procedimiento para la imposici\u00f3n de las correcciones <\/strong><\/p>\n<p>&nbsp;<\/p>\n<p>1.- Para la imposici\u00f3n de las correcciones y de las medidas disciplinarias ser\u00e1 preceptivo, en todo caso, el tr\u00e1mite de audiencia al alumno\/a.<\/p>\n<p>Cuando la correcci\u00f3n a imponer sea la suspensi\u00f3n del derecho de asistencia al centro o cualquiera de las contempladas en&nbsp; las letras a), b), c) y d) del art\u00edculo 37.1 se dar\u00e1 audiencia a los padres, madres o representantes legales.<\/p>\n<p>&nbsp;Asimismo, para la imposici\u00f3n de las correcciones previstas en los apartados c), d) y e) del art\u00edculo 34.2 se deber\u00e1 o\u00edr al profesor\/a o al tutor\/a del alumno\/a.<\/p>\n<p>2.-Las correcciones y medidas disciplinarias que se impongan ser\u00e1n inmediatamente ejecutivas y, una vez firmes, figurar\u00e1n en el expediente acad\u00e9mico del alumnado sancionado.<\/p>\n<p>3.-Los maestros y maestras del alumno o alumna deber\u00e1n informar a la jefatura de estudios y al tutor\/a del alumno\/a, de las correcciones que impongan. En todo caso, quedar\u00e1 constancia escrita y se informar\u00e1 a los padres, madres o representantes legales del alumnado implicado de las correcciones y medidas disciplinarias impuestas.<\/p>\n<p>6.11 <strong>Reclamaciones<\/strong><\/p>\n<p>1.- Los padres, madres o representantes legales del alumnado podr\u00e1n presentar en el plazo de dos d\u00edas lectivos contados a partir de la fecha en que se comunique el acuerdo de correcci\u00f3n o medida disciplinaria, una reclamaci\u00f3n contra la misma, ante quien la impuso. En caso de que la reclamaci\u00f3n fuese estimada, la correcci\u00f3n o medida disciplinaria no figurar\u00e1 en el expediente acad\u00e9mico del alumno\/a.<\/p>\n<p>2.- Asimismo, las medidas disciplinarias adoptadas por el director\/a en relaci\u00f3n con las conductas del alumnado a que se refiere el art\u00edculo 3.4, podr\u00e1n ser revisadas por el Consejo Escolar a instancias de los padres, madres o representantes legales del alumnado, de acuerdo con lo establecido en el art\u00edculo 127 de la Ley Org\u00e1nica 2\/2006, de 3 de mayo, de Educaci\u00f3n. A tales efectos, el director\/a convocar\u00e1 una sesi\u00f3n extraordinaria del Consejo Escolar en el plazo m\u00e1ximo de dos d\u00edas lectivos, contados desde que se presente la correspondiente solicitud de revisi\u00f3n, para que este \u00f3rgano proceda a confirmar o revisar la decisi\u00f3n y proponga, si corresponde, las medidas oportunas.<\/p>\n<p>&nbsp;<\/p>\n<p>6.12 <strong>Procedimiento para la tramitaci\u00f3n del cambio de centro<\/strong><\/p>\n<p><strong>Art\u00edculo 41. Inicio del expediente<\/strong><\/p>\n<p>Cuando presumiblemente se haya cometido una conducta gravemente perjudicial para la convivencia que pueda conllevar el cambio de centro del alumnado implicado, el director\/a acordar\u00e1 la iniciaci\u00f3n del procedimiento en el plazo de dos d\u00edas, contados desde que se tuvo conocimiento de la conducta. Con car\u00e1cter previo podr\u00e1 acordar la apertura de un periodo de informaci\u00f3n, a fin de conocer las circunstancias del caso concreto y la conveniencia o no de iniciar el procedimiento.<\/p>\n<p><strong>Art\u00edculo 42. Instrucci\u00f3n del procedimiento<\/strong><\/p>\n<p>1.- La instrucci\u00f3n del procedimiento se llevar\u00e1 a cabo por un profesor\/a del centro designado por el director\/a.<\/p>\n<p>2.- El director\/a notificar\u00e1 fehacientemente al padre, madre o representantes legales del alumno\/a la incoaci\u00f3n del procedimiento, especificando las conductas que se le imputan, as\u00ed como el nombre del instructor\/a, a fin de que en el plazo de dos d\u00edas lectivos formulen las alegaciones oportunas.<\/p>\n<p>3.-El director\/a comunicar\u00e1 al Servicio de Inspecci\u00f3n de la Delegaci\u00f3n Provincial de la Consejer\u00eda de Educaci\u00f3n el inicio del procedimiento y lo mantendr\u00e1 informado de la tramitaci\u00f3n del mismo hasta su resoluci\u00f3n.<\/p>\n<p>4.-Inmediatamente antes de redactar la propuesta de resoluci\u00f3n, el instructor\/a pondr\u00e1 de manifiesto el expediente al padre, madre o representantes legales del alumno\/a, comunic\u00e1ndoles la sanci\u00f3n que podr\u00e1 imponerse, a fin de que en el plazo de tres d\u00edas lectivos puedan formular las alegaciones que estimen oportunas<\/p>\n<p><strong>Art\u00edculo 43. Recusaci\u00f3n del instructor<\/strong><\/p>\n<p>El padre, madre o representantes legales del alumno\/a podr\u00e1n recusar al instructor\/a. La recusaci\u00f3n deber\u00e1 plantearse por escrito dirigido al director\/a, que deber\u00e1 resolver previa audiencia al instructor\/a, siendo de aplicaci\u00f3n las causas y los tr\u00e1mites previstos en el art\u00edculo 29 de la Ley 30\/1992, de 26 de noviembre, de R\u00e9gimen Jur\u00eddico de las Administraciones P\u00fablicas y del Procedimiento Administrativo Com\u00fan, en lo que proceda.<\/p>\n<p><strong>Art\u00edculo 44. Recusaci\u00f3n del instructor<\/strong><\/p>\n<p>Excepcionalmente, y para garantizar el normal desarrollo de la convivencia en el centro, al iniciarse el procedimiento o en cualquier momento de su instrucci\u00f3n, el director\/a por propia iniciativa o a propuesta del instructor\/a, podr\u00e1 adoptar como medida provisional la suspensi\u00f3n del derecho de asistencia al centro durante un periodo superior a tres d\u00edas e inferior a un mes. Durante el tiempo que dure la aplicaci\u00f3n de esta medida provisional, el alumno\/a deber\u00e1 realizar las actividades que se determinen para evitar la interrupci\u00f3n de su proceso formativo.<\/p>\n<p><strong>Art\u00edculo 45. Resoluci\u00f3n del procedimiento<\/strong><\/p>\n<p>1.- A la vista de la propuesta del instructor\/a, el director\/a dictar\u00e1 y notificar\u00e1 la resoluci\u00f3n del procedimiento en el plazo de veinte d\u00edas a contar desde su incoaci\u00f3n. Este plazo podr\u00e1 ampliarse en el supuesto de que existieran causas que lo justificaran por un periodo m\u00e1ximo de otros veinte d\u00edas.<\/p>\n<p>2.- La resoluci\u00f3n de la direcci\u00f3n contemplar\u00e1, al menos, los siguientes extremos:<\/p>\n<ol>\n<li>a) Hechos probados.<\/li>\n<li>b) Circunstancias atenuantes y agravantes, en su caso.<\/li>\n<li>c) Medida disciplinaria.<\/li>\n<li>d) Fecha de efectos de la medida disciplinaria.<\/li>\n<\/ol>\n<p><strong>Art\u00edculo 46. Recursos<\/strong><\/p>\n<p>&nbsp;Contra la resoluci\u00f3n del director\/a, se podr\u00e1 interponer recurso de alzada en el plazo de un mes, ante la persona titular de la Delegaci\u00f3n Provincial de la Consejer\u00eda competente en materia de educaci\u00f3n, de conformidad con lo establecido en los art\u00edculos 114 y 115 de la Ley 30\/1992, de 26 de noviembre. La resoluci\u00f3n del mismo, que pondr\u00e1 fin a la v\u00eda administrativa, deber\u00e1 dictarse y notificarse en el plazo m\u00e1ximo de tres meses. Transcurrido dicho plazo sin que recaiga resoluci\u00f3n, se podr\u00e1 entender desestimado el recurso.<\/p>\n<p>&nbsp;<\/p>\n<p>6.13 <strong>Compromisos de convivencia<\/strong><\/p>\n<p>De conformidad con lo dispuesto en el Decreto 328\/2010, de 13 de julio, las familias tienen derecho a suscribir con el centro docente un compromiso de convivencia, que podr\u00e1 materializarse a instancias de los padres, madres o representantes legales del alumnado o de la persona que ejerza la tutor\u00eda.<\/p>\n<p>El compromiso de convivencia est\u00e1 indicado para el alumnado que presente problemas de conducta y de aceptaci\u00f3n de normas y que, por tanto, sea sujeto de un elevado n\u00famero de partes de correcci\u00f3n por conductas contrarias o gravemente perjudiciales a las normas de convivencia.<\/p>\n<p>El tutor o la tutora dar\u00e1n traslado de la propuesta de compromiso de convivencia a la direcci\u00f3n para su autorizaci\u00f3n. El modelo ofrecido por el centro se ajusta al propuesto como Anexo VI de la Orden de 20 de junio, por la que se adoptan medidas para la promoci\u00f3n de la convivencia. Dicho modelo ser\u00e1 ofrecido a los respectivos tutores\/as por la Jefatura de Estudios. Una vez suscrito, el director\/a lo pondr\u00e1 en conocimiento de la Comisi\u00f3n de Convivencia que ser\u00e1 la encargada de hacer el seguimiento de los mismos una vez cada trimestre.<\/p>\n<p><strong>&nbsp;<\/strong><\/p>\n<p>7.- <strong><u>FUNCIONES DE LOS DELEGADOS Y DE LAS DELEGADAS DEL ALUMNADO EN LA MEDIACI\u00d3N PARA LA RESULUCI\u00d3N PAC\u00cdFICA DE LOS CONFLICTOS, PROMOVIENDO SU COLABORACI\u00d3N CON EL TUTOR O TUTORA.<\/u><\/strong><\/p>\n<p>&#8211; Por cada clase se elegir\u00e1n un Delegado\/a y un Subdelegado\/a de entre sus miembros, por votaci\u00f3n directa y secreta.<\/p>\n<p>&#8211; Los Delegados y Delegadas de curso representar\u00e1n a sus compa\u00f1eros y compa\u00f1eras, promoviendo su colaboraci\u00f3n con el tutor\/a y el profesorado y con los componentes del grupo de clase, siendo interlocutores v\u00e1lidos en la mediaci\u00f3n para la resoluci\u00f3n pac\u00edfica de los conflictos que pudieran presentarse entre el alumnado o entre \u00e9ste y alg\u00fan miembro de la comunidad educativa.<\/p>\n<p>&#8211; Cualquier hecho de car\u00e1cter colectivo que altere la convivencia en el centro se canalizar\u00e1 a trav\u00e9s de los Delegados y Delegadas de clase, de lo que informar\u00e1n al Tutor\/a quien dar\u00e1 traslado a la Jefatura de Estudios o a la Direcci\u00f3n.<\/p>\n<p>&#8211; El delegado o delegada de clase acudir\u00e1 a reuniones con los implicados y trasladar\u00e1 la informaci\u00f3n recibida y conclusiones al resto de sus compa\u00f1eras y compa\u00f1eros.<\/p>\n<p>&#8211; Velar\u00e1 por el cumplimiento de las normas de aula y encabezar\u00e1 posibles modificaciones en las mismas.<\/p>\n<p>&#8211; Podr\u00e1 estar presente en la resoluci\u00f3n de conflictos y mediar entre los posibles implicados.<\/p>\n<p>&#8211; Se tendr\u00e1 en cuenta su opini\u00f3n en los acuerdos planteados para la resoluci\u00f3n de los conflictos.<\/p>\n<p>&#8211; Se implicar\u00e1 en el seguimiento y posibles modificaciones de los acuerdos planteados.<\/p>\n<p>&nbsp;<\/p>\n<p>8.- <strong><u>PROCEDIMIENTO DE ELECCI\u00d3N Y FUNCIONES DE LOS DELEGADOS Y DELEGADAS DE PADRES Y MADRES DEL ALUMNADO<\/u>.<\/strong><\/p>\n<p>&nbsp;<\/p>\n<p>De acuerdo con la Orden de 20 de junio de 2011, de medidas para la promoci\u00f3n de la convivencia, las personas delegadas de padres y madres del alumnado en cada uno de los grupos ser\u00e1n elegidas para cada curso escolar. El procedimiento de elecci\u00f3n se ajustar\u00e1 a los siguientes principios:<\/p>\n<p>\u27a2 Se elegir\u00e1n por los padres, madres o representantes legales del alumnado que asistan a la reuni\u00f3n&nbsp; que convocar\u00e1 la persona que ejerza la tutor\u00eda de cada grupo antes de que finalice el mes de noviembre de cada a\u00f1o. En la convocatoria de la reuni\u00f3n constar\u00e1, como puntos del orden del d\u00eda, la elecci\u00f3n de los delegados y delegadas y la informaci\u00f3n de las funciones que se les atribuye en el presente plan de convivencia.<\/p>\n<p>\u27a2 La elecci\u00f3n se efectuar\u00e1 por mayor\u00eda simple de los asistentes, mediante sufragio directo y secreto.<\/p>\n<p>\u27a2 Previamente a la elecci\u00f3n, los candidatos y candidatas podr\u00e1n dar a conocer y ofrecer su candidatura. Se procurar\u00e1 contar con una representaci\u00f3n equilibrada de hombres y mujeres.<\/p>\n<p>\u27a2 La segunda y tercera persona con mayor n\u00famero de votos ser\u00e1n designadas como subdelegadas 1\u00aa y 2\u00aa.<\/p>\n<p>\u27a2 En caso de empate en las votaciones, o ausencia de candidatos o candidatas, la elecci\u00f3n se dirimir\u00e1 por sorteo.<\/p>\n<p>\u27a2 La duraci\u00f3n del nombramiento como delegado o delegada de los padres y madres del alumnado ser\u00e1 de un curso escolar, finalizando sus funciones el 31 de agosto de cada a\u00f1o.<\/p>\n<p>\u27a2 El nombramiento de la persona elegida como delegado o delegada podr\u00e1 ser revocado mediante reuni\u00f3n celebrada al efecto, solicitada como m\u00ednimo por el 10% de los padres y madres del alumnado del grupo.<\/p>\n<p>Las personas delegadas de los padres y madres en cada grupo tendr\u00e1n las siguientes <strong>funciones<\/strong>:<\/p>\n<ol>\n<li>Representar a las madres y los padres del alumnado del grupo, recogiendo sus inquietudes, intereses y expectativas y dando traslado de los mismos al profesorado tutor.<\/li>\n<li>Asesorar a las familias del alumnado del grupo en el ejercicio de sus derechos y obligaciones.<\/li>\n<li>Implicar a las familias en la mejora de la convivencia y de la actividad docente en el grupo y en el centro e impulsar su participaci\u00f3n en las actividades que se organicen.<\/li>\n<li>Fomentar y facilitar la comunicaci\u00f3n de las madres y los padres del alumnado con el tutor o tutora del grupo y con el resto del profesorado que imparte docencia al mismo.<\/li>\n<li>Facilitar la relaci\u00f3n entre las familias del alumnado del grupo y el equipo directivo, la asociaci\u00f3n de padres y madres del alumnado y los representantes de este sector en el Consejo Escolar.<\/li>\n<li>Colaborar en el desarrollo de las actividades programadas por el centro para informar a las familias del alumnado del grupo y para estimular su participaci\u00f3n en el proceso educativo de sus hijos e hijas.<\/li>\n<li>Mediar en la resoluci\u00f3n pac\u00edfica de conflictos entre el propio alumnado del grupo o entre \u00e9ste y cualquier miembro de la comunidad educativa. Para ello:<\/li>\n<\/ol>\n<p>&nbsp;<\/p>\n<ul>\n<li>Mantendr\u00e1 reuniones con los respectivos tutores\/as para la resoluci\u00f3n de conflictos que se produzcan entre el propio alumnado dentro de cada aula.<\/li>\n<li>Mantendr\u00e1 reuniones con la Direcci\u00f3n y la Jefatura de Estudios para la resoluci\u00f3n de conflictos entre el alumnado y cualquier miembro de la comunidad educativa, en la que tambi\u00e9n ser\u00e1 necesaria la presencia de los tutores legales.<\/li>\n<\/ul>\n<p>&nbsp;<\/p>\n<p>8.- Colaborar en el establecimiento y seguimiento de los compromisos educativos y de convivencia que se suscriban con las familias del alumnado del grupo.<\/p>\n<p>9.-<strong><u>NECESIDADES DE FORMACI\u00d3N DE LA COMUNIDAD EDUCATIVA<\/u><\/strong><\/p>\n<p>La resoluci\u00f3n de conflictos requiere, en efecto, una adecuada preparaci\u00f3n de todas las personas implicadas en los mismos. Por ello, las personas interesadas en las funciones de mediaci\u00f3n solicitar\u00e1n su participaci\u00f3n en los cursos programados por el centro de profesorado de referencia y, en caso necesario, enviaremos una programaci\u00f3n de nuestras necesidades de formaci\u00f3n al citado CEP.<\/p>\n<p>La persona coordinadora del Programa Escuela Espacio de Paz asistir\u00e1 a las jornadas de Educaci\u00f3n para la Paz que se convocan anualmente.<\/p>\n<p>&nbsp;<\/p>\n<p>11.- <strong>DIFUSI\u00d3N, SEGUIMIENTO Y EVALUACI\u00d3N<\/strong><\/p>\n<p>El plan de Convivencia ser\u00e1 conocido por todos los miembros de la comunidad educativa del centro. Se difundir\u00e1 tanto entre los miembros del Claustro como entre los miembros del Consejo escolar. A tales efectos, se dar\u00e1n copias del mismo en formato digital. Tambi\u00e9n se colgar\u00e1 en la p\u00e1gina web del centro. Del mismo se informar\u00e1 al alumnado en los aspectos m\u00e1s relevantes.<\/p>\n<p>Corresponde a la Comisi\u00f3n de Convivencia la tarea de hacer el seguimiento y evaluaci\u00f3n del presente plan de convivencia con una periodicidad trimestral. Cada uno de sus miembros recoger\u00e1 informaci\u00f3n de los estamentos que representan y la someter\u00e1n al an\u00e1lisis y valoraci\u00f3n de la Comisi\u00f3n que, tras la oportuna valoraci\u00f3n, propondr\u00e1 e implementar\u00e1 los ajustes necesarios de manera inmediata.<\/p>\n<p>Asimismo, el Equipo Directivo elaborar\u00e1 una memoria del Plan de Convivencia al finalizar cada curso escolar a partir de las propuestas de mejora presentadas por la Comisi\u00f3n de Convivencia, el Claustro de Profesores y el E.T.C.P. Dicha memoria tendr\u00e1 que ser aprobada por el Consejo Escolar e incorporada a la memoria final del curso.<\/p>\n<p>El Plan de Convivencia analizar\u00e1 al comienzo de cada curso las propuestas de mejora recogidas en la memoria del curso anterior procedi\u00e9ndose as\u00ed a su actualizaci\u00f3n que, tras ser aprobado por mayor\u00eda absoluta del Consejo Escolar, se incluir\u00e1 en el Proyecto Educativo del Centro.<\/p>\n<p>11.- <strong>PROCEDIMIENTO PARA ARTICULAR LA COLBORACI\u00d3N CON ENTIDADES E INSTITUCIONES DEL ENTORNO.<\/strong><\/p>\n<p>El centro colaborar\u00e1 cada a\u00f1o con la Guardia Civil para levar a cabo el Plan Director. Cada curso se trabajar\u00e1 en actuaciones propuestas por esta instituci\u00f3n para la mejora de la convivencia escolar. Entre ellas, siempre estar\u00e1n presentes las actuaciones referidas a la prevenci\u00f3n del acoso y ciberacoso en el \u00e1mbito escolar. De la misma forma, el centro colaborar\u00e1 con todas aquellas instituciones que desarrollen actividades y actuaciones que promuevan la convivencia pac\u00edfica entre las personas.<\/p>\n<p>12.- <strong>RECOGIDA DE INCIENCIAS EN EL SISTEMA INFORM\u00c1TICO S\u00c9NECA<\/strong><\/p>\n<p>La Jefatura de Estudios registrar\u00e1 las&nbsp; incidencias contrarias a las normas de convivencia y gravemente perjudiciales que se produzcan en el sistema inform\u00e1tico S\u00e9neca. Las correcciones que esas conductas dieran lugar se comunicar\u00e1n a las familias por escrito. Trimestralmente la Jefatura de estudios elaborar\u00e1 un informe detallado que presentar\u00e1 a la Comisi\u00f3n de Convivencia del Consejo Escolar.<\/p>\n<table>\n<tbody>\n<tr>\n<td width=\"177\">&nbsp;<\/p>\n<p>Proyecto educativo<\/td>\n<td width=\"113\">&nbsp;<\/p>\n<p>Apartado k)<\/td>\n<td width=\"416\">&nbsp;<\/p>\n<p>El plan de formaci\u00f3n del profesorado.<\/td>\n<\/tr>\n<\/tbody>\n<\/table>\n<table>\n<tbody>\n<tr>\n<td width=\"712\"><strong>Su aprobaci\u00f3n corresponde al Claustro<\/strong><\/td>\n<\/tr>\n<\/tbody>\n<\/table>\n<p>&nbsp;<\/p>\n<p>El Plan de Formaci\u00f3n del Profesorado quiere ser un proceso de reflexi\u00f3n sobre nuestra propia pr\u00e1ctica y se presenta como una herramienta de planificaci\u00f3n y mejora de la calidad de ense\u00f1anza en nuestro centro.<\/p>\n<p>Las actuaciones desarrolladas en este Plan pretenden responder, tanto a las necesidades de formaci\u00f3n surgidas de la aplicaci\u00f3n de las l\u00edneas de trabajo impulsadas por la propia administraci\u00f3n educativa, como a las detectadas a trav\u00e9s de los procesos de an\u00e1lisis y diagn\u00f3stico puestos en marcha en nuestro centro y estar\u00e1n basadas preferentemente en el an\u00e1lisis, la reflexi\u00f3n y la mejora de la pr\u00e1ctica docente y de la organizaci\u00f3n de los centros, a trav\u00e9s de metodolog\u00edas, de investigaci\u00f3n y acci\u00f3n con implicaci\u00f3n directa de todos los participantes en ellas (decreto 93\/2013, art.10.3).<\/p>\n<p><u>1.- <strong>OBJETIVOS<\/strong> <\/u><\/p>\n<p>La formaci\u00f3n del profesorado debe perseguir como finalidad el logro de una mayor capacitaci\u00f3n y competencia profesional como elemento esencial para obtener mejores resultados y conseguir el \u00e9xito educativo de todo el alumnado, tal y como dice el III Plan Andaluz de Formaci\u00f3n del Profesorado.<\/p>\n<p>Para ello, y en consonancia con las l\u00edneas estrat\u00e9gicas del III Plan, se plantean los siguientes objetivos:<\/p>\n<p>&nbsp;<\/p>\n<ol>\n<li>Facilitar al profesorado la formaci\u00f3n y el asesoramiento necesario para la mejora de las pr\u00e1cticas educativas, el rendimiento y el \u00e9xito educativo de todo el alumnado.<\/li>\n<li>Fomentar la cultura del trabajo en equipo, la toma de decisiones y los acuerdos compartidos.<\/li>\n<li>Propiciar el intercambio de buenas pr\u00e1cticas profesionales generando una actitud de reflexi\u00f3n permanente sobre la pr\u00e1ctica docente.<\/li>\n<li>Respaldar el desarrollo de modelos educativos y estrategias de ense\u00f1anza-aprendizaje que permitan dar respuesta a la diversidad del alumnado, contribuyendo al incremento de la equidad y la igualdad de oportunidades, favoreciendo la transformaci\u00f3n del centro en un entorno colaborativo de aprendizaje en la que participen todos los miembros de la comunidad educativa.<\/li>\n<li>Apoyar, mediante actuaciones espec\u00edficas de formaci\u00f3n, el asesoramiento para la mejora de las competencias docentes.<\/li>\n<\/ol>\n<p><u>2.- <strong>PROCESO DE ELABORACI\u00d3N DEL PLAN ANUAL DE FORMACI\u00d3N.<\/strong><\/u><\/p>\n<p>EL Plan de Formaci\u00f3n ser\u00e1 elaborado en ETCP (Decreto 328\/2010 art. 88 apdos.i,j,k,l,m,n,\u00f1) teniendo en cuenta las siguientes fases:<\/p>\n<ol>\n<li><strong>Detecci\u00f3n de necesidades<\/strong><\/li>\n<\/ol>\n<p>A la hora de detectar las necesidades de formaci\u00f3n tendremos en cuenta la evaluaci\u00f3n de nuestro funcionamiento a lo largo del curso anterior o cursos anteriores. La detecci\u00f3n se realizar\u00e1 en los meses de junio o septiembre utilizando los siguientes instrumentos.<\/p>\n<p>Utilizaremos los siguientes instrumentos para extraer las necesidades educativas:<\/p>\n<ul>\n<li>Indicadores homologados de la AGAEVE<\/li>\n<li>An\u00e1lisis en \u00f3rganos colegiados.<\/li>\n<li>An\u00e1lisis en ETCP.<\/li>\n<li>An\u00e1lisis de la Memoria de Autoevaluaci\u00f3n del curso anterior.<\/li>\n<li>Oferta de actividades de formaci\u00f3n del CEP de la zona.<\/li>\n<\/ul>\n<ol>\n<li><strong>Priorizaci\u00f3n de las necesidades educativas <\/strong><\/li>\n<\/ol>\n<p>Cada curso escolar priorizaremos las necesidades de formaci\u00f3n surgidas en funci\u00f3n de nuestras necesidades inmediatas. La priorizaci\u00f3n estar\u00e1 determinada por el siguiente orden de priorizaci\u00f3n:<\/p>\n<p>1\u00ba Aquellas necesidades de mejora que incidan en la mejora de los rendimientos del alumnado y en su desarrollo personal y social, atendiendo a la diversidad del mismo.<\/p>\n<p>2\u00ba Aquellas que potencien el desarrollo profesional del profesorado, favoreciendo la adquisici\u00f3n de una cultura profesional orientada a la actualizaci\u00f3n constante de su pr\u00e1ctica docente y a la innovaci\u00f3n educativa.<\/p>\n<p>&nbsp;Una vez establecidas las prioridades La jefatura de Estudios elaborar\u00e1 un documento base (ANEXO I) priorizando las diferentes propuestas.<\/p>\n<ul>\n<li>Lo pasar\u00e1 para su debate y para ser validado y ampliado o mejorado por: ETCP y\/o Ciclos.<\/li>\n<li>Una vez validado, La Jefatura de Estudios elaborar\u00e1 el documento definitivo.<\/li>\n<li>Finalmente, la relaci\u00f3n de propuestas validadas y priorizadas se pasar\u00e1n , Claustro y Consejo Escolar para la aprobaci\u00f3n definitiva de las que constituir\u00e1n la concreci\u00f3n anual del Plan de Formaci\u00f3n del Centro.<\/li>\n<li>Este Plan de Formaci\u00f3n se incluir\u00e1 en el Proyecto de Centro tras su aprobaci\u00f3n (ANEXO I completado en todos sus apartados).<\/li>\n<\/ul>\n<p>En todo este proceso se podr\u00e1 contar con la intervenci\u00f3n de la asesor\u00eda del CEP, para lo que se establecer\u00e1n las reuniones necesarias entre asesor\u00edas del CEP y responsables de formaci\u00f3n del Centro.<\/p>\n<ol>\n<li><strong>Concreci\u00f3n del Plan Anual de Formaci\u00f3n<\/strong><\/li>\n<\/ol>\n<p>Una vez detectadas e identificadas las necesidades de formaci\u00f3n se plasmar\u00e1n en el plan de formaci\u00f3n (ANEXO I).<\/p>\n<p>Se plantear\u00e1n las siguientes actividades<strong>:<\/strong><strong>&nbsp;<\/strong><\/p>\n<p>1.- Actividades de formaci\u00f3n derivadas de las propuestas de mejora plasmadas en el Plan de Mejora de cada a\u00f1o.<\/p>\n<p>2.-Grupos de trabajo organizadas por el centro con la asesor\u00eda del CEP de la zona, que traten de mejorar la competencia matem\u00e1tica y ling\u00fc\u00edstica del alumnado<\/p>\n<p>3.- Actividades que incidan en la realizaci\u00f3n de \u201cbuenas pr\u00e1cticas\u201d por parte del profesorado del centro.<\/p>\n<p>3.-Actividades de formaci\u00f3n que respondan a otras necesidades del centro, tambi\u00e9n con la colaboraci\u00f3n del CEP de la zona:<\/p>\n<ul>\n<li>Actividades que vengan impulsadas por necesidades de la Administraci\u00f3n educativa, tales como cambios legislativos, de gesti\u00f3n de centros, de organizaci\u00f3n\u2026<\/li>\n<li>Actividades que formen parte de Planes y Proyectos en los que est\u00e9 inmerso el Centro, como \u201cEscuela Espacio de Paz\u201d, \u201cPlan de Igualdad entre Hombres y Mujeres Plan Lector\u2026.<\/li>\n<li>Aquellas necesidades formativas que hacen referencia a un aspecto muy espec\u00edfico o a miembros muy determinados del Centro:<\/li>\n<li>Direcci\u00f3n y Jefatura de Estudios<\/li>\n<li>Secretar\u00eda<\/li>\n<li>Aspectos espec\u00edficos de miembros de Equipos de Orientaci\u00f3n.<\/li>\n<li>Las actividades formativas que surgen de nuevas aplicaciones, metodolog\u00edas que se introducen, fortalezas individuales de miembros del claustro,\u2026.<\/li>\n<\/ul>\n<p>&nbsp;<\/p>\n<p><u>3.-<strong>EVALUACI\u00d3N DEL PLAN DE FORMACI\u00d3N<\/strong><\/u><\/p>\n<p>La evaluacio\u0301n del Plan abordara\u0301:&nbsp;&nbsp;&nbsp;&nbsp;&nbsp;&nbsp;&nbsp;&nbsp;&nbsp;&nbsp;&nbsp;&nbsp;&nbsp;&nbsp;&nbsp;&nbsp;&nbsp;&nbsp;&nbsp;&nbsp;&nbsp;&nbsp;&nbsp;&nbsp;&nbsp;&nbsp;&nbsp;&nbsp;&nbsp;&nbsp;&nbsp;&nbsp;&nbsp;&nbsp;&nbsp;&nbsp;&nbsp;&nbsp;&nbsp;&nbsp;&nbsp;&nbsp;&nbsp;&nbsp;&nbsp;&nbsp;&nbsp;&nbsp;&nbsp;&nbsp;&nbsp;&nbsp;&nbsp;&nbsp;&nbsp;&nbsp; &nbsp;&nbsp;&nbsp;&nbsp;&nbsp;&nbsp;&nbsp;&nbsp;&nbsp;&nbsp;&nbsp;&nbsp;&nbsp;&nbsp;&nbsp;&nbsp;&nbsp;&nbsp;&nbsp;&nbsp;&nbsp;&nbsp;&nbsp;&nbsp;&nbsp;&nbsp;&nbsp;&nbsp;&nbsp;&nbsp;&nbsp;&nbsp;&nbsp;&nbsp;&nbsp;&nbsp;&nbsp;&nbsp;&nbsp;&nbsp;&nbsp;&nbsp;&nbsp;&nbsp;&nbsp;&nbsp;&nbsp;&nbsp;&nbsp;&nbsp;&nbsp;&nbsp;&nbsp;&nbsp;&nbsp;&nbsp;&nbsp;&nbsp;&nbsp;&nbsp;&nbsp;&nbsp;&nbsp;&nbsp;&nbsp;&nbsp;&nbsp;&nbsp;&nbsp; &nbsp;&nbsp;&nbsp;&nbsp;&nbsp;<\/p>\n<ul>\n<li>La evaluacio\u0301n del grado de consecuci\u00f3n de los objetivos de este plan cuya responsabilidad recaer\u00e1 en el\/la responsable de formaci\u00f3n del centro que recaer\u00e1 en la Jefatura de Estudios, \u00f3rganos de coordinaci\u00f3n docente y el apoyo de la asesori\u0301a de referencia. &nbsp;&nbsp;&nbsp;&nbsp;&nbsp;&nbsp;&nbsp;&nbsp;&nbsp;&nbsp;&nbsp;&nbsp;&nbsp;&nbsp;&nbsp;&nbsp;&nbsp;&nbsp;&nbsp;&nbsp;&nbsp;&nbsp;&nbsp;&nbsp;&nbsp;&nbsp;&nbsp;&nbsp;&nbsp;&nbsp;&nbsp;&nbsp;&nbsp;&nbsp;&nbsp;&nbsp;&nbsp;&nbsp;&nbsp;&nbsp;&nbsp;&nbsp;&nbsp;&nbsp;&nbsp;&nbsp;&nbsp;&nbsp;&nbsp;&nbsp;&nbsp;&nbsp;&nbsp;&nbsp;&nbsp;&nbsp;&nbsp;&nbsp;&nbsp;&nbsp;&nbsp;&nbsp;&nbsp;&nbsp;&nbsp;&nbsp;&nbsp;&nbsp;&nbsp;&nbsp;&nbsp;&nbsp;&nbsp;&nbsp;&nbsp;&nbsp;&nbsp;&nbsp;&nbsp;&nbsp;&nbsp;<\/li>\n<li>La Evaluacio\u0301n de las acciones formativas. Los indicadores e instrumentos previstos por los responsables de las actividades formativas permitir\u00e1n detectar si los objetivos de cada una fueron conseguidos y\/o en que\u0301 grado. Dicha valoraci\u00f3n la realizar\u00e1n los responsables de cada actividad en conjunci\u00f3n con el\/la responsable de formaci\u00f3n y la asesori\u0301a de referencia.&nbsp; &nbsp; &nbsp; &nbsp; &nbsp; &nbsp; &nbsp; &nbsp; &nbsp; &nbsp; &nbsp; &nbsp; &nbsp; &nbsp; &nbsp; &nbsp; &nbsp; &nbsp; &nbsp; &nbsp; &nbsp; &nbsp; &nbsp; &nbsp; &nbsp; &nbsp; &nbsp; &nbsp; &nbsp; &nbsp; &nbsp; &nbsp; &nbsp; &nbsp; &nbsp; &nbsp; &nbsp; &nbsp; &nbsp; &nbsp; &nbsp; &nbsp; &nbsp; &nbsp; &nbsp; &nbsp; &nbsp; &nbsp; &nbsp; &nbsp; &nbsp; &nbsp; &nbsp; &nbsp; &nbsp; &nbsp; &nbsp; &nbsp; &nbsp; &nbsp; &nbsp; &nbsp; &nbsp; &nbsp; &nbsp; &nbsp; &nbsp; &nbsp; &nbsp; &nbsp; &nbsp; &nbsp; &nbsp; &nbsp; &nbsp;<\/li>\n<\/ul>\n<p>Todo el proceso de evaluacio\u0301n formara\u0301 parte de la elaboraci\u00f3n de la memoria de autoevaluaci\u00f3n del centro, donde se consignara\u0301n los logros y dificultades en la consecuci\u00f3n de las propuestas de mejora en relacio\u0301n con las actividades formativas planteadas en este plan.<\/p>\n<p>&nbsp;<\/p>\n<p><strong><u>Indicadores de logro del plan de formaci\u00f3n<\/u><\/strong><\/p>\n<ul>\n<li>Se ha puesto en marcha en el centro y\/o en el aula las estrategias metodol\u00f3gicas desarrolladas en las actividades formativas. (obj 1)<\/li>\n<li>El Plan de Formaci\u00f3n da respuesta a las necesidades formativas del profesorado del centro y a los diferentes niveles de desarrollo profesional. (obj 1)<\/li>\n<li>Se ha puesto en marcha en el centro y\/o en el aula las estrategias metodol\u00f3gicas desarrolladas en las actividades formativas. (obj 1)<\/li>\n<li>Se han integrado de manera planificada en la din\u00e1mica de trabajo en el aula actividades que propician situaciones educativas para fomentar y desarrollar experiencias relacionadas con la formaci\u00f3n recibida. (obj 2)<\/li>\n<li>Se revisan los resultados del alumnado en cuanto a atenci\u00f3n a la diversidad para contrastar la influencia de la formaci\u00f3n del profesorado. (obj 4)<\/li>\n<\/ul>\n<p><strong>ANEXO I<\/strong><\/p>\n<p><strong>PLAN ANUAL DE FORMACI\u00d3N<\/strong><\/p>\n<p>(Este es el documento que se elaborar\u00e1 anualmente y que ser\u00e1 incluido en el Plan de Mejora).<\/p>\n<ol>\n<li><strong>A) DIAGN\u00d3STICO DE NECESIDADES FORMATIVAS<\/strong><\/li>\n<\/ol>\n<p>Tras la detecci\u00f3n, realizada de la forma establecida en el Plan de Formaci\u00f3n, las necesidades formativas surgidas han sido:<\/p>\n<table>\n<tbody>\n<tr>\n<td width=\"637\">Se marcar\u00e1n las tem\u00e1ticas que han surgido tras la detecci\u00f3n de necesidades realizada<\/td>\n<\/tr>\n<\/tbody>\n<\/table>\n<p>&nbsp;<\/p>\n<ol>\n<li><strong>B) PRIORIZACI\u00d3N<\/strong><\/li>\n<\/ol>\n<p>Se han priorizado estas actividades, siguiendo lo marcado en el Plan de Formaci\u00f3n del Centro, atendiendo a las siguientes razones:<\/p>\n<table width=\"709\">\n<tbody>\n<tr>\n<td width=\"709\">Se priorizar\u00e1n las tem\u00e1ticas, estableciendo la relaci\u00f3n entre dichas tem\u00e1ticas y las necesidades del centro y del profesorado, atendiendo a los objetivos del Plan de Formaci\u00f3n y al Plan de Mejora surgido de la Memoria de Autoevaluaci\u00f3n, as\u00ed como a las L\u00edneas estrat\u00e9gicas de formaci\u00f3n del curso en vigor.<\/td>\n<\/tr>\n<\/tbody>\n<\/table>\n<p>&nbsp;<\/p>\n<table width=\"709\">\n<tbody>\n<tr>\n<td width=\"110\">PRIORIDAD<\/td>\n<td width=\"112\">TEM\u00c1TICA<\/td>\n<td width=\"486\">JUSTIFICACI\u00d3N<\/td>\n<\/tr>\n<tr>\n<td width=\"110\">1<\/td>\n<td width=\"112\">&nbsp;<\/td>\n<td width=\"486\">&nbsp;<\/td>\n<\/tr>\n<tr>\n<td width=\"110\">2<\/td>\n<td width=\"112\">&nbsp;<\/td>\n<td width=\"486\">&nbsp;<\/td>\n<\/tr>\n<tr>\n<td width=\"110\">3<\/td>\n<td width=\"112\">&nbsp;<\/td>\n<td width=\"486\">&nbsp;<\/td>\n<\/tr>\n<tr>\n<td width=\"110\">4<\/td>\n<td width=\"112\">&nbsp;<\/td>\n<td width=\"486\">&nbsp;<\/td>\n<\/tr>\n<tr>\n<td width=\"110\">5<\/td>\n<td width=\"112\">&nbsp;<\/td>\n<td width=\"486\">&nbsp;<\/td>\n<\/tr>\n<\/tbody>\n<\/table>\n<p>&nbsp;<\/p>\n<ol>\n<li>C) <strong>ACTIVIDADES FORMATIVAS<\/strong><\/li>\n<\/ol>\n<p>&nbsp;<\/p>\n<table width=\"737\">\n<tbody>\n<tr>\n<td colspan=\"6\" width=\"737\"><strong>PROPUESTA FORMATIVA 1<\/strong>:<\/td>\n<\/tr>\n<tr>\n<td colspan=\"6\" width=\"737\">Propuesta incluida en la memoria de autoevaluaci\u00f3n a la que da respuesta:<\/td>\n<\/tr>\n<tr>\n<td width=\"156\">L\u00ednea estrat\u00e9gica con la que se relaciona.<\/td>\n<td width=\"93\"><strong>OBJETIVOS<\/strong><\/td>\n<td width=\"96\"><strong>CONTENIDOS<\/strong><\/td>\n<td width=\"102\"><strong>RESPONSABLE<\/strong><\/td>\n<td width=\"127\"><strong>TMPORALIZACI\u00d3N<\/strong><\/td>\n<td width=\"163\"><strong>APOYOS O RECURSOS SOLICITADOS<\/strong><\/td>\n<\/tr>\n<tr>\n<td width=\"156\">&nbsp;<\/td>\n<td width=\"93\">&nbsp;<\/td>\n<td width=\"96\">&nbsp;<\/td>\n<td width=\"102\">&nbsp;<\/td>\n<td width=\"127\">&nbsp;<\/td>\n<td width=\"163\">&nbsp;<\/td>\n<\/tr>\n<tr>\n<td width=\"156\">&nbsp;<\/td>\n<td width=\"93\">&nbsp;<\/td>\n<td width=\"96\">&nbsp;<\/td>\n<td width=\"102\">&nbsp;<\/td>\n<td width=\"127\">&nbsp;<\/td>\n<td width=\"163\">&nbsp;<\/td>\n<\/tr>\n<\/tbody>\n<\/table>\n<p>&nbsp;<\/p>\n<table width=\"737\">\n<tbody>\n<tr>\n<td colspan=\"6\" width=\"737\"><strong>PROPUESTA FORMATIVA 2<\/strong>:<\/td>\n<\/tr>\n<tr>\n<td colspan=\"6\" width=\"737\">Propuesta incluida en la memoria de autoevaluaci\u00f3n a la que da respuesta:<\/td>\n<\/tr>\n<tr>\n<td width=\"113\">L\u00ednea estrat\u00e9gica con la que se relaciona.<\/td>\n<td width=\"98\"><strong>OBJETIVOS<\/strong><\/td>\n<td width=\"113\"><strong>CONTENIDOS<\/strong><\/td>\n<td width=\"122\"><strong>RESPONSABLE<\/strong><\/td>\n<td width=\"154\"><strong>TMPORALIZACI\u00d3N<\/strong><\/td>\n<td width=\"137\"><strong>APOYOS O RECURSOS SOLICITADOS<\/strong><\/td>\n<\/tr>\n<tr>\n<td width=\"113\">&nbsp;<\/td>\n<td width=\"98\">&nbsp;<\/td>\n<td width=\"113\">&nbsp;<\/td>\n<td width=\"122\">&nbsp;<\/td>\n<td width=\"154\">&nbsp;<\/td>\n<td width=\"137\">&nbsp;<\/td>\n<\/tr>\n<\/tbody>\n<\/table>\n<p>&nbsp;<\/p>\n<table>\n<tbody>\n<tr>\n<td width=\"196\">&nbsp;<\/p>\n<p>Proyecto educativo<\/td>\n<td width=\"123\">&nbsp;<\/p>\n<p>Apartado<strong> l<\/strong>)<\/td>\n<td width=\"388\">Los criterios para organizar y distribuir el tiempo&nbsp; escolar, as\u00ed como los objetivos y programas de intervenci\u00f3n en el tiempo extraescolar.<\/td>\n<\/tr>\n<\/tbody>\n<\/table>\n<p>&nbsp;<\/p>\n<table>\n<tbody>\n<tr>\n<td width=\"707\">Su aprobaci\u00f3n corresponde al Consejo escolar<\/td>\n<\/tr>\n<\/tbody>\n<\/table>\n<p>&nbsp;<\/p>\n<p><u>1.- <strong>HORARIO GENERAL DEL CENTRO<\/strong><\/u><\/p>\n<p><strong>&nbsp;&nbsp;&nbsp;&nbsp;&nbsp;&nbsp;&nbsp;&nbsp;&nbsp;&nbsp;&nbsp; <\/strong>Atendiendo a lo dispuesto en la Orden de 20 de agosto de 2010 el horario general del centro distribuir\u00e1 el tiempo diario dedicado al desarrollo del horario lectivo&nbsp; y al de las actividades complementarias y extraescolares y dem\u00e1s servicios complementarios.<\/p>\n<p><strong>&nbsp;&nbsp;&nbsp;&nbsp;&nbsp;&nbsp;&nbsp;&nbsp;&nbsp;&nbsp;&nbsp; El horario lectivo<\/strong> de este centro se acord\u00f3 por votaci\u00f3n de los padres y madres a finales del curso 98\/99, de conformidad con la Circular de la Consejer\u00eda de Educaci\u00f3n y Ciencia relativa al Pacto de Jornada Escolar por la que se posibilitaba la implantaci\u00f3n de jornada intensiva en Centros de Educaci\u00f3n Infantil y&nbsp; Primaria.<\/p>\n<p>&nbsp;&nbsp;&nbsp;&nbsp;&nbsp;&nbsp;&nbsp;&nbsp;&nbsp;&nbsp;&nbsp; Durante el curso 2001\/2002 y 2002\/2003 se solicit\u00f3 el Proyecto de Puertas Abiertas que nos fue concedido a finales del curso 2002\/2003 y se puso en marcha durante el curso escolar 2003\/2004, siguiendo actualmente.<\/p>\n<p>El horario lectivo de este centro se cumplir\u00e1 exclusivamente en horario de ma\u00f1ana, de 9:00 horas a 14:00 horas.<\/p>\n<p><u>2.- <strong>HORARIO LECTIVO DEL ALUMNADO<\/strong><\/u><\/p>\n<p>Atendiendo a la Instrucci\u00f3n 12\/2019, de 27 de junio el horario lectivo para desarrollar el curr\u00edculo de Educaci\u00f3n Primaria ser\u00e1 de veinticinco horas semanales, incluy\u00e9ndose en este c\u00f3mputo dos horas y media destinadas a recreo y los tiempos destinados a la acci\u00f3n tutorial.<\/p>\n<p>Atendiendo igualmente a dicha Instrucci\u00f3n, la distribuci\u00f3n de los tramos horarios en este centro es el que sigue para el desarrollo de las diferentes \u00e1reas es la que sigue:<\/p>\n<ul>\n<li>De 9: 00 horas a 10:00 horas.<\/li>\n<li>De 10:00 horas a 11:00 horas.<\/li>\n<li>De 11:00 horas a 11:45 horas.<\/li>\n<li>De 11:45 horas a 12:15 horas \u2013Tiempo destinado a recreo.<\/li>\n<li>De 12:15 horas a 13: 15 horas<\/li>\n<li>De 13: 15 horas a 14:00 horas.<\/li>\n<\/ul>\n<p>2.1 <strong>Horario lectivo distribuido en horas en horas semanales.<\/strong><\/p>\n<p>Ser\u00e1 elaborado por la Jefatura de Estudios atendiendo a la distribuci\u00f3n de las horas para cada \u00e1rea propuesta por la Instrucci\u00f3n 12\/2019, de 27 de junio y teniendo en cuenta las siguientes consideraciones:<\/p>\n<ol>\n<li>Ampliaci\u00f3n, en la medida de lo posible, del horario de las \u00e1reas instrumentales de Lengua castellana y literatura, Matem\u00e1ticas y Primera lengua extranjera.<\/li>\n<li>Incluir el horario destinado a h\u00e1bitos de vida saludable en el \u00e1rea de Educaci\u00f3n F\u00edsica en a partir de tercero de Primaria y en el \u00e1rea de Ciencias Naturales en el primer ciclo de Primaria.<\/li>\n<li>Se tendr\u00e1 en cuenta el horario lectivo distribuido por horas semanales que sigue:<\/li>\n<\/ol>\n<table>\n<tbody>\n<tr>\n<td rowspan=\"2\" width=\"142\"><strong>&nbsp;<\/strong><\/p>\n<p>HORARIO POR CURSO<\/td>\n<td colspan=\"2\" width=\"146\">1\u00ba CICLO<\/td>\n<td colspan=\"2\" width=\"144\">2\u00ba CICLO<\/td>\n<td colspan=\"2\" width=\"144\">3\u00ba CICLO<\/td>\n<\/tr>\n<tr>\n<td width=\"74\">1\u00ba<\/td>\n<td width=\"72\">2\u00ba<\/td>\n<td width=\"72\">3\u00ba<\/td>\n<td width=\"72\">4\u00ba<\/td>\n<td width=\"72\">5\u00ba<\/td>\n<td width=\"72\">6\u00ba<\/td>\n<\/tr>\n<tr>\n<td colspan=\"7\" width=\"577\"><strong><u>ASIGNATURAS TRONCALES<\/u><\/strong><\/td>\n<\/tr>\n<tr>\n<td width=\"142\">Ciencias Naturales<\/td>\n<td rowspan=\"2\" width=\"74\"><strong>&nbsp;<\/strong><\/p>\n<p>3<\/td>\n<td rowspan=\"2\" width=\"72\"><strong>&nbsp;<\/strong><\/p>\n<p>3<\/td>\n<td rowspan=\"2\" width=\"72\"><strong>&nbsp;<\/strong><\/p>\n<p>3<\/td>\n<td rowspan=\"2\" width=\"72\"><strong>&nbsp;<\/strong><\/p>\n<p>3<\/td>\n<td rowspan=\"2\" width=\"72\"><strong>&nbsp;<\/strong><\/p>\n<p>3<\/td>\n<td rowspan=\"2\" width=\"72\"><strong>&nbsp;<\/strong><\/p>\n<p>3<\/td>\n<\/tr>\n<tr>\n<td width=\"142\">Ciencias Sociales<\/td>\n<\/tr>\n<tr>\n<td width=\"142\">Lengua Cast. y Literatura<\/td>\n<td width=\"74\">5<\/p>\n<p>Incluido 0.5 Debate\/Oratoria<\/td>\n<td width=\"72\">5<\/p>\n<p>Incluido 0.5 Debate\/Oratoria<\/td>\n<td width=\"72\">5<\/p>\n<p>Incluido 0.5 Debate\/Oratoria<\/td>\n<td width=\"72\">5<\/p>\n<p>Incluido 0.5 Debate\/Oratoria<\/td>\n<td width=\"72\">4<\/p>\n<p>Incluido 0.5 Debate\/Oratoria<\/td>\n<td width=\"72\">4<\/p>\n<p>Incluido 0.5 Debate\/Oratoria<\/td>\n<\/tr>\n<tr>\n<td width=\"142\">Matem\u00e1ticas<\/td>\n<td width=\"74\">5<\/p>\n<p>Incluido 0.5 Habilidades de c\u00e1lculo<\/td>\n<td width=\"72\">5<\/p>\n<p>Incluido 0.5 Habilidades de c\u00e1lculo<\/td>\n<td width=\"72\">4<\/p>\n<p>Incluido 0.5 Resoluci\u00f3n de problemas<\/td>\n<td width=\"72\">4<\/p>\n<p>Incluido 0.5 Resoluci\u00f3n de problemas<\/td>\n<td width=\"72\">4<\/p>\n<p>Incluido 0.5 Razonamiento matem\u00e1tico (Rob\u00f3tica)<\/td>\n<td width=\"72\">4<\/p>\n<p>Incluido 0.5 Razonamiento matem\u00e1tico (Rob\u00f3tica)<\/td>\n<\/tr>\n<tr>\n<td width=\"142\">1\u00aa Lengua Extranjera<\/td>\n<td width=\"74\">3<\/p>\n<p>Incluido 0.50 Comunicaci\u00f3n oral<\/td>\n<td width=\"72\">3<\/p>\n<p>Incluido 0.50 Comunicaci\u00f3n oral<\/td>\n<td width=\"72\">3<\/p>\n<p>Incluido 0.50 Comunicaci\u00f3n oral<\/td>\n<td width=\"72\">3<\/p>\n<p>Incluido 0.50 Comunicaci\u00f3n oral<\/td>\n<td width=\"72\">3<\/p>\n<p>Incluido 0.50 Comunicaci\u00f3n oral<\/td>\n<td width=\"72\">3<\/p>\n<p>Incluido 0.50 Comunicaci\u00f3n oral<\/td>\n<\/tr>\n<tr>\n<td width=\"142\">Total Troncales<\/td>\n<td width=\"74\">16<\/td>\n<td width=\"72\">16<\/td>\n<td width=\"72\">15<\/td>\n<td width=\"72\">15<\/td>\n<td width=\"72\">14<\/td>\n<td width=\"72\">14<\/td>\n<\/tr>\n<tr>\n<td colspan=\"7\" width=\"577\"><strong><u>ASIGNATURAS ESPEC\u00cdFICAS<\/u><\/strong><\/td>\n<\/tr>\n<tr>\n<td width=\"142\">Educaci\u00f3n F\u00edsica<\/td>\n<td width=\"74\">3<\/p>\n<p>*Incluido 1 H\u00e1bitos de vida saludable<\/td>\n<td width=\"72\">3<\/p>\n<p>*Incluido 1 H\u00e1bitos de vida saludable<\/td>\n<td width=\"72\">3<\/p>\n<p>*Incluido 1 H\u00e1bitos de vida saludable<\/td>\n<td width=\"72\">2<\/p>\n<p>*Incluido 0.5 H\u00e1bitos de vida saludable<\/td>\n<td width=\"72\">2<\/p>\n<p>*Incluido 0.5 H\u00e1bitos de vida saludable<\/td>\n<td width=\"72\">2<\/p>\n<p>*Incluido 0.5 H\u00e1bitos de vida saludable<\/td>\n<\/tr>\n<tr>\n<td width=\"142\">Valores sociales y c\u00edvicos \/ Religi\u00f3n<\/td>\n<td width=\"74\">1<\/td>\n<td width=\"72\">1<\/td>\n<td width=\"72\">1<\/td>\n<td width=\"72\">2<\/td>\n<td width=\"72\">2<\/td>\n<td width=\"72\">2<\/td>\n<\/tr>\n<tr>\n<td width=\"142\">2\u00aa Lengua Extranjera<\/td>\n<td width=\"74\">&#8211;<\/td>\n<td width=\"72\">&#8211;<\/td>\n<td width=\"72\">1<\/td>\n<td width=\"72\">1<\/td>\n<td width=\"72\">1<\/td>\n<td width=\"72\">1<\/td>\n<\/tr>\n<tr>\n<td width=\"142\">Educaci\u00f3n Art\u00edstica<\/td>\n<td width=\"74\">1.5<\/td>\n<td width=\"72\">1.5<\/td>\n<td width=\"72\">1.5<\/td>\n<td width=\"72\">1.5<\/td>\n<td width=\"72\">1.5<\/td>\n<td width=\"72\">1.5<\/td>\n<\/tr>\n<tr>\n<td width=\"142\">Total Espec\u00edficas<\/td>\n<td width=\"74\">5.5<\/td>\n<td width=\"72\">5.5<\/td>\n<td width=\"72\">6.5<\/td>\n<td width=\"72\">6.5<\/td>\n<td width=\"72\">6.5<\/td>\n<td width=\"72\">6.5<\/td>\n<\/tr>\n<tr>\n<td colspan=\"7\" width=\"577\"><strong><u>ASIGNATURAS DE LIBRE CONFIGURACI\u00d3N AUTON\u00d3MICA<\/u><\/strong><\/td>\n<\/tr>\n<tr>\n<td width=\"142\">Educaci\u00f3n Ciudadan\u00eda<\/td>\n<td width=\"74\">&#8211;<\/td>\n<td width=\"72\">&#8211;<\/td>\n<td width=\"72\">&#8211;<\/td>\n<td width=\"72\">&#8211;<\/td>\n<td width=\"72\">1<\/td>\n<td width=\"72\">&#8211;<\/td>\n<\/tr>\n<tr>\n<td width=\"142\">Cultura y Pr\u00e1ctica Digital<\/td>\n<td width=\"74\">&#8211;<\/td>\n<td width=\"72\">&#8211;<\/td>\n<td width=\"72\">&#8211;<\/td>\n<td width=\"72\">&#8211;<\/td>\n<td width=\"72\">&#8211;<\/td>\n<td width=\"72\">1<\/td>\n<\/tr>\n<tr>\n<td width=\"142\">Autonom\u00eda de los Centros**<\/td>\n<td width=\"74\">1<\/td>\n<td width=\"72\">1<\/td>\n<td width=\"72\">1<\/td>\n<td width=\"72\">1<\/td>\n<td width=\"72\">1<\/td>\n<td width=\"72\">1<\/td>\n<\/tr>\n<tr>\n<td width=\"142\">Total Libre Configuraci\u00f3n<\/td>\n<td width=\"74\">1<\/td>\n<td width=\"72\">1<\/td>\n<td width=\"72\">1<\/td>\n<td width=\"72\">1<\/td>\n<td width=\"72\">2<\/td>\n<td width=\"72\">2<\/td>\n<\/tr>\n<tr>\n<td colspan=\"7\" width=\"577\"><strong><u>RECREO<\/u><\/strong><\/td>\n<\/tr>\n<tr>\n<td width=\"142\">Recreo<\/td>\n<td width=\"74\">2.5<\/td>\n<td width=\"72\">2.5<\/td>\n<td width=\"72\">2.5<\/td>\n<td width=\"72\">2.5<\/td>\n<td width=\"72\">2.5<\/td>\n<td width=\"72\">2.5<\/td>\n<\/tr>\n<tr>\n<td width=\"142\">TOTAL HORARIO<\/td>\n<td width=\"74\">25<\/td>\n<td width=\"72\">25<\/td>\n<td width=\"72\">25<\/td>\n<td width=\"72\">25<\/td>\n<td width=\"72\">25<\/td>\n<td width=\"72\">25<\/td>\n<\/tr>\n<\/tbody>\n<\/table>\n<p>&nbsp;<\/p>\n<p><u>3.-<strong>HORARIO INDIVIDUAL DEL PROFESORADO<\/strong><\/u><\/p>\n<p>Atendiendo a lo dispuesto en el art\u00edculo 13 de la Orden de 20 de agosto de 2010, la distribuci\u00f3n del horario individual del profesorado se realizar\u00e1 de lunes a viernes, debiendo cumplir treinta y cinco horas semanales, de las cuales treinta horas son de obligada permanencia en el centro. De \u00e9stas \u00faltimas, veinticinco se computar\u00e1n como horario lectivo y se dedicar\u00e1n a las siguientes actividades:<\/p>\n<ol>\n<li>Docencia directa con el alumnado para el desarrollo del curr\u00edculo.<\/li>\n<li>Actividades de refuerzo y recuperaci\u00f3n con el alumnado.<\/li>\n<li>Atenci\u00f3n de alumnado en caso de ausencia de profesorado.<\/li>\n<li>Cuidado y vigilancia de recreos.<\/li>\n<li>Asistencia a actividades complementarias programadas.<\/li>\n<li>Desempe\u00f1o de funciones directivas o de coordinaci\u00f3n docente.<\/li>\n<li>Desempe\u00f1o de funciones de coordinaci\u00f3n de los planes estrat\u00e9gicos.<\/li>\n<li>Organizaci\u00f3n y funcionamiento de la biblioteca<\/li>\n<\/ol>\n<p><strong>El horario lectivo de cada maestro\/a ser\u00e1 confeccionado por la Jefatura de Estudios, siguiendo los siguientes criterios<\/strong>:<\/p>\n<p>1.- Se tomar\u00e1 en cuenta las sugerencias del profesorado en la confecci\u00f3n de los horarios individuales, pero no ser\u00e1n vinculantes.<\/p>\n<p>2.-Se procurar\u00e1, en la medida de lo posible, que el horario del profesorado especialista no implique un cambio de edificio antes del recreo. De esta manera no se perder\u00e1 tiempo en desplazamientos que conlleven retrasos en el comienzo de las clases en cada grupo.<\/p>\n<p>3.- Siempre que sea posible, se impartir\u00e1n las \u00e1reas instrumentales en las primaras horas de la jornada.<\/p>\n<p>4.-La Jefatura de Estudios contactar\u00e1 con la jefatura de estudios de otros centros de la zona para la confecci\u00f3n del horario del profesorado de nuestro centro que comparte centro. A este respecto, tenemos que hacer las siguientes consideraciones seg\u00fan lo dispuesto en el art\u00edculo 17 de la Orden de Orden de 20 de agosto de 2010:<\/p>\n<ol>\n<li>a) Se tendr\u00e1 en cuenta la proporci\u00f3n de horas lectivas que tenga que atender en cada centro.<\/li>\n<li>b) Se agrupar\u00e1n las horas que corresponden a cada centro en jornadas completas de ma\u00f1ana o tarde, siempre que sea posible.<\/li>\n<li>c) El profesorado que comparta centro compartir\u00e1 sus horas de obligada permanencia en los mismos en id\u00e9ntica proporci\u00f3n en que est\u00e9n distribuidas las horas lectivas.<\/li>\n<\/ol>\n<p>5.- El profesorado mayor de cincuenta y cinco a\u00f1os tendr\u00e1 dos horas de reducci\u00f3n semanal. No ejercer\u00e1 labores de sustituci\u00f3n del profesorado ausente, salvo que las necesidades del servicio lo requieran.<\/p>\n<p>6.-El profesorado que tenga que completar horario lo har\u00e1 fundamentalmente en su ciclo.<\/p>\n<ul>\n<li><strong>Horario complementario del profesorado:<\/strong><\/li>\n<\/ul>\n<p>&nbsp;La parte del horario semanal de obligada permanencia en el Centro no destinado al horario lectivo se estructurar\u00e1 siguiendo el criterio de la flexibilidad y de acuerdo con el Plan de Reuniones elaborado por la Jefatura de Estudios. Ser\u00e1 los lunes de <strong>15:30 horas a 18:00 horas<\/strong>, sin perjuicio de que se pueda cambiar de d\u00eda de la semana o\u00eddo el Claustro.<\/p>\n<p>Este horario ser\u00e1 dedicado a las siguientes actividades atendiendo a lo dispuesto en el art\u00edculo 13.3 de la Orden de 20 de agosto de 2010 y a lo ordenado por la Direcci\u00f3n:<\/p>\n<ol>\n<li>Reuniones del Equipo T\u00e9cnico de Coordinaci\u00f3n Pedag\u00f3gica, de los equipos de ciclo y, en su caso, de \u00e9stos con los equipos de ciclo del centro de Infantil adscrito \u201cPr\u00edncipe de Asturias\u201d y los departamentos del instituto de Educaci\u00f3n Secundaria adscrito \u201cIES Fuente Alta\u201d.<\/li>\n<li>Actividades de tutor\u00eda y tutor\u00eda electr\u00f3nica, as\u00ed como coordinaci\u00f3n con los equipos de orientaci\u00f3n educativa, para lo que se dedicar\u00e1 una hora semanal, en el caso de que fuese necesario.<\/li>\n<li>Cumplimentaci\u00f3n de documentos acad\u00e9micos del alumnado.<\/li>\n<li>Programaci\u00f3n de actividades educativas.<\/li>\n<li>Asistencia a reuniones de los \u00f3rganos de coordinaci\u00f3n docente.<\/li>\n<li>Asistencia a las actividades complementarias programadas.<\/li>\n<li>Asistencia a sesiones de evaluaci\u00f3n.<\/li>\n<li>Organizaci\u00f3n y funcionamiento de la biblioteca escolar.<\/li>\n<li>Organizaci\u00f3n y mantenimiento del material educativo.<\/li>\n<li>Asistencia a actividades de formaci\u00f3n y perfeccionamiento.<\/li>\n<li>Programaci\u00f3n y evaluaci\u00f3n de actividades extraescolares.<\/li>\n<li>Coordinaci\u00f3n de todo el profesorado que interviene en un mismo curso.<\/li>\n<li>Realizaci\u00f3n de actividades culturales y recreativas.<\/li>\n<li>Informaci\u00f3n del rendimiento a acad\u00e9mico del alumnado a padres y madres.<\/li>\n<li>Establecimiento con padres y madres de compromisos educativos y compromisos de convivencia.<\/li>\n<\/ol>\n<p>Las dos horas que restan hasta treinta y cinco horas ser\u00e1n de no obligada permanencia en el centro. El profesorado las utilizar\u00e1 libremente dentro de su actividad docente:<\/p>\n<ol>\n<li>Elaboraci\u00f3n de programaciones<\/li>\n<li>Preparaci\u00f3n de actividades educativas.<\/li>\n<li>Preparaci\u00f3n de clases<\/li>\n<li>Correcci\u00f3n de pruebas de evaluaci\u00f3n.<\/li>\n<li>Correcci\u00f3n de cuadernos<\/li>\n<li>Cuantas otras estimen oportuno.<\/li>\n<\/ol>\n<p>3.2&nbsp; <strong>Vigilancia de recreos<\/strong><\/p>\n<p>Para la vigilancia de los recreos se organizar\u00e1n dos turnos entre los maestros y maestras del centro a raz\u00f3n de una persona de vigilancia por cada dos grupos de alumnos alumnas o fracci\u00f3n, del que quedar\u00e1 exento el Director\/a. (Art\u00edculo 13, Orden de 20 de agosto de 2010). En nuestro caso se considerar\u00e1 la fracci\u00f3n de un vigilante por cada veinticinco alumnos\/as; es decir, en torno a siete vigilantes por turno.<\/p>\n<p>El profesorado se distribuir\u00e1 de la siguiente forma:<\/p>\n<ol>\n<li>Tres maestros\/as en el patio de recreo del edificio principal: dos de ellos en la cancha de baloncesto (uno\/a en cada extremo de la misma) y un maestro\/a en la pista polideportiva.<\/li>\n<li>Un maestro\/a en la conserjer\u00eda, que estar\u00e1 pendiente de la apertura de la puerta principal.<\/li>\n<li>Tres maestros\/as en el patio de recreo del primer ciclo.<\/li>\n<\/ol>\n<p>La Jefatura de Estudios distribuir\u00e1 al profesorado en cada turno y elaborar\u00e1 un calendario de sustituciones para el caso de ausencias de profesorado que cumpla turno de recreo. El profesor\/a especialista en AL queda exento\/a de los turnos establecidos, salvo que se necesite para cumplir con la fracci\u00f3n establecida.<strong>&nbsp;<\/strong><\/p>\n<ol start=\"3\">\n<li><strong><u> HORARIO DE DEDICACI\u00d3N DE LOS MIEMBROS DEL EQUIPO DIRECTIVO A LAS TAREAS DE DIRECCI\u00d3N.<\/u><\/strong><\/li>\n<\/ol>\n<p>&nbsp;&nbsp;&nbsp;&nbsp;&nbsp;&nbsp;&nbsp;&nbsp;&nbsp;&nbsp;&nbsp; &nbsp;Atendiendo a lo dispuesto en el art\u00edculo 14, de la Orden de 20 de agosto de 2010, con el fin de garantizar la realizaci\u00f3n de las funciones atribuidas al Equipo Directivo, el profesorado que ejerza estas funciones dispondr\u00e1 semanalmente de 23 horas, que ser\u00e1n distribuidas por el Director cada curso escolar entre sus miembros en funci\u00f3n de los horarios que hayan de cumplir cada uno de ellos\/as.<\/p>\n<p><strong><u>4.- HORARIO DEL PROFESORADO QUE COMPARTE CENTROS<\/u><\/strong><\/p>\n<p>&nbsp;&nbsp;&nbsp;&nbsp;&nbsp;&nbsp;&nbsp;&nbsp;&nbsp;&nbsp;&nbsp; &nbsp;El horario del profesorado que desempe\u00f1e puestos docentes compartidos con otros centros p\u00fablicos se confeccionar\u00e1 mediante acuerdo de las jefaturas de estudios de los centros afectados.<\/p>\n<p>&nbsp;&nbsp;&nbsp;&nbsp;&nbsp;&nbsp;&nbsp;&nbsp;&nbsp;&nbsp;&nbsp; El horario de \u00e9stos\/as deber\u00e1 guardar la debida proporci\u00f3n con el n\u00famero de horas lectivas que tenga que atender en cada uno de ellos. Se agrupar\u00e1n las horas que corresponden a cada centro en d\u00edas completos, siempre que sea posible. As\u00ed mismo, el profesorado que comparta su horario lectivo en m\u00e1s de un centro repartir\u00e1 sus horas de obligada permanencia en los mismos en id\u00e9ntica proporci\u00f3n en que est\u00e9n distribuidas las horas lectivas.<\/p>\n<p>&nbsp; &nbsp;&nbsp;&nbsp;&nbsp;&nbsp;&nbsp;&nbsp;&nbsp;&nbsp; La asistencia a las reuniones por parte de este profesorado se har\u00e1, con car\u00e1cter general en el centro donde est\u00e9 destinado\/a.<\/p>\n<p>&nbsp; &nbsp;&nbsp;&nbsp;&nbsp;&nbsp;&nbsp;&nbsp;&nbsp;&nbsp; El profesorado que comparte centro quedar\u00e1 exento del cuidado y vigilancia de recreos, salvo que sea absolutamente necesaria su colaboraci\u00f3n para alcanzar la relaci\u00f3n de maestros y maestras de vigilancia por grupo de alumnado.<\/p>\n<p><strong><u>5.- HORARIO DE LOS SERVICIOS COMPLEMETARIOS DE COMEDOR, AULA MATINAL Y ACTIVIDADES EXTRAESCOLARES.<\/u><\/strong><\/p>\n<ol>\n<li>a) <strong>Comedor escolar<\/strong>: De 14: 00 horas a 15: 40 horas, de lunes a viernes. Este horario afecta al profesorado que forma parte del equipo de comedor y a la monitora escolar.<\/li>\n<li>b) <strong>Aula matinal<\/strong>: De 7:00 horas a 9:00 horas, de lunes a viernes.<\/li>\n<li>c) <strong>Actividades extraescolares<\/strong>:<\/li>\n<\/ol>\n<p>&#8211; <strong>Talleres<\/strong>: De 16: 00 horas a 17:00 horas, dos d\u00edas a la semana que ser\u00e1n fijados cada curso escolar.<\/p>\n<p>&#8211; <strong>Escuelas Deportivas<\/strong>: De 16: 00 horas a 18:00 horas.<\/p>\n<p>&#8211; <strong>Programa de Refuerzo, Orientaci\u00f3n y Apoyo<\/strong> (PROA): De 16: 00 horas a 18:00 horas, los martes y jueves de cada semana.<\/p>\n<p><u>6.- <strong>HORARIO DEL PROFESORADO DE APOYO Y REFUERZO EDUCATIVO (PRORE).<\/strong><\/u><\/p>\n<p>El maestro\/a que se dedique a las labores de refuerzo educativo cumplir\u00e1 veinticinco horas de horario lectivo. Como estipula el art\u00edculo 18 de la Orden de 20 de agosto de 2010, en los centros que tengan entre seis y diecisiete unidades de educaci\u00f3n primaria, este horario ser\u00e1 distribuido, como m\u00e1ximo, entre dos maestros\/as. En el horario individual de este profesorado figurar\u00e1 la distribuci\u00f3n de estas horas lectivas entre los diferentes cursos y \u00e1reas de Educaci\u00f3n Primaria. En todo caso, en la confecci\u00f3n del horario individual de este profesorado se tendr\u00e1n en cuenta los siguientes criterios:<\/p>\n<p>1.- Localizaci\u00f3n del mayor n\u00famero de dificultades de aprendizaje entre el alumnado.<\/p>\n<p>2.- Se potenciar\u00e1 la atenci\u00f3n al primer ciclo.<\/p>\n<table>\n<tbody>\n<tr>\n<td width=\"196\">Proyecto educativo<\/td>\n<td width=\"142\">Apartado m)<\/td>\n<td width=\"368\">Procedimiento de evaluaci\u00f3n interna.<\/td>\n<\/tr>\n<\/tbody>\n<\/table>\n<p><strong><u>&nbsp;<\/u><\/strong><\/p>\n<table>\n<tbody>\n<tr>\n<td width=\"707\">Su aprobaci\u00f3n corresponde al Consejo escolar<\/td>\n<\/tr>\n<\/tbody>\n<\/table>\n<p>&nbsp;<\/p>\n<p><strong>&nbsp;&nbsp;&nbsp;&nbsp;&nbsp;&nbsp;&nbsp;&nbsp;&nbsp;&nbsp;&nbsp;&nbsp;&nbsp; <\/strong>Para la evaluaci\u00f3n interna del centro&nbsp; se tendr\u00e1n en cuenta las indicaciones de la AGAEVE (La Agencia Andaluza de Evaluaci\u00f3n Educativa)&nbsp; y los aspectos a considerar en la evaluaci\u00f3n interna de la actuaci\u00f3n prioritaria \u201cLa intervenci\u00f3n de la inspecci\u00f3n en los centros educativos y en las aulas desde factores clave que contribuyen a la mejora de los resultados\u201d (establecida en las instrucciones de la Viceconsejer\u00eda de Educaci\u00f3n para el desarrollo del Plan General de Actuaci\u00f3n de la Inspecci\u00f3n Educativa en el curso escolar 2010-2011).<\/p>\n<p>Por ello &nbsp;contemplamos &nbsp;los siguientes apartados:<\/p>\n<p><strong><u>1\u00ba.-Evaluaci\u00f3n del profesorado <\/u><\/strong><\/p>\n<p>Se realizar\u00e1 mediante el ANEXO IV y &nbsp;se incidir\u00e1 en los siguientes aspectos:<\/p>\n<p><strong>Generales<\/strong>:<\/p>\n<ul>\n<li>Buena organizaci\u00f3n en entradas y salidas.<\/li>\n<li>Buena correcci\u00f3n al dirigirse a otros\/as compa\u00f1eros\/as o miembros del Equipo Directivo.<\/li>\n<li>Cumplir el horario exhaustivamente.<\/li>\n<li>Firmar a la entrada y a la salida.<\/li>\n<li>Participar en proyectos del Centro<\/li>\n<\/ul>\n<p><strong>De&nbsp; coordinaci\u00f3n<\/strong>:<\/p>\n<ul>\n<li>Coordinaci\u00f3n en cursos paralelos y por materias<\/li>\n<li>Coordinaci\u00f3n vertical dentro de los ciclos<\/li>\n<li>Coordinaci\u00f3n vertical entre infantil y 1\u00ba; entre 2\u00ba y 3\u00ba; entre 4\u00ba y 5\u00ba; entre 6\u00ba y 1\u00ba ESO<\/li>\n<\/ul>\n<p><strong>De programaci\u00f3n<\/strong>:<\/p>\n<ul>\n<li>Programar atendiendo a la diversidad del alumnado<\/li>\n<li>Llevar a cabo los criterios de evaluaci\u00f3n y promoci\u00f3n.<\/li>\n<li>Informar a padres y madres de estos criterios.<\/li>\n<li>Aplicaci\u00f3n de los criterios de unificaci\u00f3n en las \u00e1reas instrumentales.<\/li>\n<\/ul>\n<p><strong>Del desarrollo de la clase<\/strong>:<\/p>\n<ul>\n<li>Incentivar la lectura respetando el horario y la nueva normativa, as\u00ed como leer, escribir, hablar y escuchar.<\/li>\n<li>Llevar el control de la lectura de la biblioteca de aula.<\/li>\n<li>Llevar un diario de clase.<\/li>\n<li>Eliminar los planos paralelos en las explicaciones, adecu\u00e1ndolas al contexto real y diario, y sobre todo que el aprendizaje de las matem\u00e1ticas est\u00e9 ligado a situaciones de la vida cotidiana.<\/li>\n<li>Desarrollo del conocimiento cient\u00edfico.<\/li>\n<li>Utilizaci\u00f3n de las nuevas tecnolog\u00edas de la informaci\u00f3n y comunicaci\u00f3n.<\/li>\n<li>Prestar mucha atenci\u00f3n a la libreta y a la correcci\u00f3n en los<\/li>\n<\/ul>\n<p><strong>De la atenci\u00f3n a la diversidad<\/strong>:<\/p>\n<ul>\n<li>Presencia en la programaci\u00f3n.<\/li>\n<li>Programa de refuerzo del alumnado con dificultades, fundamentado en las conclusiones de la evaluaci\u00f3n inicial y en los sucesivos controles que se lleven a cabo.<\/li>\n<li>Coordinaci\u00f3n con el E.O.E.<\/li>\n<li>Atenci\u00f3n al alumnado con N.E.E.<\/li>\n<\/ul>\n<p><strong><u>2\u00ba.- Evaluaci\u00f3n del personal no docente<\/u><\/strong><\/p>\n<p><strong><u>Monitor\/a escolar<\/u><\/strong><\/p>\n<ul>\n<li>Se incidir\u00e1 en los siguientes aspectos:<\/li>\n<li>Cumplimiento exhaustivo de su horario y de sus funciones.<\/li>\n<li>Trato exquisito en sus relaciones con todos los miembros de la comunidad educativa.<\/li>\n<li>Su implicaci\u00f3n en las tareas organizativas del Centro.<\/li>\n<\/ul>\n<p><strong><u>Monitores\/as del Aula Matinal y de las actividades extraescolares.<\/u><\/strong><\/p>\n<ul>\n<li>Se incidir\u00e1 en los siguientes aspectos:<\/li>\n<li>Cumplimiento exhaustivo de su horario y de sus funciones.<\/li>\n<li>trato exquisito en sus relaciones con todos los miembros de la comunidad educativa y fundamentalmente con el alumnado atendido.<\/li>\n<li>Control del alumnado atendido.<\/li>\n<li>Su cuidado del Centro y de sus instalaciones.<\/li>\n<li>llevar a cabo las encuestas y controles que les pida la empresa y su comunicaci\u00f3n al profesor\/a&nbsp; Coordinador\/a del Plan de Apertura.<\/li>\n<\/ul>\n<p><strong><u>Monitores\/as de las Escuelas Deportivas<\/u><\/strong><\/p>\n<ul>\n<li>Se incidir\u00e1 en los siguientes aspectos:<\/li>\n<li>Cumplimiento exhaustivo de su horario y de sus funciones.<\/li>\n<li>Trato exquisito en sus relaciones con todos los miembros de la comunidad educativa y fundamentalmente con el alumnado atendido.<\/li>\n<li>Control del alumnado atendido.<\/li>\n<li>Su cuidado del Centro y de sus instalaciones.<\/li>\n<li>LLevar a cabo el manual del buen deportista.<\/li>\n<li>Llevar a cabo las encuestas y controles que les pida la empresa y su comunicaci\u00f3n al profesor\/a&nbsp; Coordinador\/a del Programa de Escuelas Deportivas.<\/li>\n<\/ul>\n<p><strong><u>Mentores\/as&nbsp; del Plan de Acompa\u00f1amiento y del Plan de Extensi\u00f3n del Tiempo Escolar<\/u><\/strong><\/p>\n<ul>\n<li>Se incidir\u00e1 en los siguientes aspectos:<\/li>\n<li>Cumplimiento exhaustivo de su horario y de sus funciones.<\/li>\n<li>Trato exquisito en sus relaciones con todos los miembros de la comunidad educativa y fundamentalmente con el alumnado atendido.<\/li>\n<li>Control del alumnado atendido.<\/li>\n<li>Su cuidado del Centro y de sus instalaciones.<\/li>\n<\/ul>\n<p><strong><u>Vigilante\/a&nbsp; del&nbsp; Plan de Apertura y de las Escuelas deportivas (Cuando lo haya)<\/u><\/strong><\/p>\n<ul>\n<li>Se incidir\u00e1 en los siguientes aspectos:<\/li>\n<li>Cumplimiento exhaustivo de su horario y de sus funciones.<\/li>\n<li>Trato exquisito en sus relaciones con todos los miembros de la comunidad educativa y fundamentalmente con el alumnado atendido.<\/li>\n<li>Control de puertas.<\/li>\n<li>Control del alumnado atendido.<\/li>\n<li>Su cuidado del Centro y de sus instalaciones.<\/li>\n<\/ul>\n<p><strong><u>3\u00ba.- &nbsp;Evaluaci\u00f3n del alumnado<\/u><\/strong><\/p>\n<p><u>Atendiendo a lo dispuesto en la&nbsp; orden de 4 de noviembre de 2015<\/u> hacemos las siguientes consideraciones sobre el aspecto evaluador:<\/p>\n<p><strong>Art\u00edculo 2.<\/strong> <strong>Car\u00e1cter de la evaluaci\u00f3n<\/strong>.<\/p>\n<ol>\n<li>De conformidad con lo dispuesto en los apartados 1, 2 y 3 del art\u00edculo 12 del Decreto 97\/2015, de 3 de marzo, la evaluaci\u00f3n del proceso de aprendizaje del alumnado ser\u00e1 <strong>continua y global<\/strong>, tendr\u00e1 en cuenta su progreso en el conjunto de las \u00e1reas, tendr\u00e1 un car\u00e1cter <strong>criterial y formativo<\/strong>, y tendr\u00e1 en consideraci\u00f3n el grado de <strong>adquisici\u00f3n de las competencias clave y el logro de objetivos de la etapa<\/strong>.<\/li>\n<li>La evaluaci\u00f3n <strong>ser\u00e1 continua<\/strong> por estar inmersa en el proceso de ense\u00f1anza y aprendizaje del alumnado con el fin de detectar las dificultades en el momento en el que se produzcan, averiguar sus causas y, en consecuencia, adoptar las medidas necesarias que le permitan continuar su proceso de aprendizaje.<\/li>\n<li>La evaluaci\u00f3n <strong>ser\u00e1 global<\/strong> por tener en cuenta el progreso del alumnado en el conjunto de las \u00e1reas del curr\u00edculo.<\/li>\n<li>La evaluaci\u00f3n ser\u00e1 <strong>criterial<\/strong> por tomar como referentes los criterios de evaluaci\u00f3n de las diferentes \u00e1reas curriculares, de acuerdo con lo establecido en el Anexo I de la Orden de 17 de marzo de 2015, por la que se desarrolla el curr\u00edculo correspondiente a la Educaci\u00f3n Primaria en Andaluc\u00eda.<\/li>\n<li>La evaluaci\u00f3n tendr\u00e1 un <strong>car\u00e1cter formativo<\/strong> y propiciar\u00e1 la mejora constante del proceso de ense\u00f1anza-aprendizaje. Dicha evaluaci\u00f3n aportar\u00e1 la informaci\u00f3n necesaria, al inicio de dicho proceso y durante su desarrollo, para adoptar las decisiones que mejor favorezcan la consecuci\u00f3n de los objetivos educativos y la adquisici\u00f3n de las competencias clave, todo ello, teniendo en cuenta las caracter\u00edsticas propias del alumnado y el contexto sociocultural del centro docente.<\/li>\n<\/ol>\n<p><strong>&nbsp;<\/strong><\/p>\n<p><strong>Art\u00edculo 3. Referentes de la evaluaci\u00f3n.<\/strong><\/p>\n<p>Los referentes para la evaluaci\u00f3n son:<\/p>\n<ol>\n<li>a) <strong>Los criterios de evaluaci\u00f3n<\/strong> y su concreci\u00f3n indicadores de aprendizaje evaluables, tal y comoaparecen recogidos en el Anexo I de la Orden de 17 de marzo de 2015.<\/li>\n<li>b) <strong>Las programaciones did\u00e1cticas<\/strong> que cada centro docente elabore de acuerdo con lo que establece el art\u00edculo 7 del Decreto 97\/2015, de 3 de marzo y en el art\u00edculo 27 del Decreto 328\/2010, de 13 de julio.<\/li>\n<li>c) <strong>El perfil de \u00e1rea, <\/strong>est\u00e1 determinado por el conjunto de criterios e indicadores de un \u00e1rea curricular para cada curso y ser\u00e1n el referente en la toma de decisiones de la evaluaci\u00f3n de dicha \u00e1rea.<\/li>\n<li>d)<strong> El perfil de competencia, <\/strong>est\u00e1 determinado por el conjunto de criterios e indicadores relacionados con cada una de las competencias. Configura los aprendizajes b\u00e1sicos para cada una de las Competencias Clave para cada nivel de la educaci\u00f3n primaria y ser\u00e1 el referente en la toma de decisiones de la evaluaci\u00f3n de las competencias.<\/li>\n<li>e)<strong> Los criterios de calificaci\u00f3n e instrumentos de evaluaci\u00f3n <\/strong>asociados a los criterios de evaluaci\u00f3n, que se detallan a continuaci\u00f3n.<\/li>\n<\/ol>\n<p>&nbsp;<\/p>\n<p><strong>Art\u00edculo 4. Procedimientos, t\u00e9cnicas e instrumentos de evaluaci\u00f3n.<\/strong><\/p>\n<p>El Equipo Docente llevar\u00e1 a cabo la evaluaci\u00f3n mediante la observaci\u00f3n continuada de la evoluci\u00f3n del proceso de aprendizaje de cada alumno o alumna y de su maduraci\u00f3n personal. Para ello utilizar\u00e1 diferentes procedimientos, t\u00e9cnicas e instrumentos ajustados a los criterios de evaluaci\u00f3n, as\u00ed como a las caracter\u00edsticas espec\u00edficas del alumnado.<\/p>\n<ul>\n<li>Pruebas de evaluaci\u00f3n inicial, en la segunda quincena de septiembre.<\/li>\n<li>Pruebas escritas y orales<\/li>\n<li>Pruebas escritas por competencias<\/li>\n<li>R\u00fabricas<\/li>\n<li>Realizaci\u00f3n de la tarea final<\/li>\n<li>Pruebas orales<\/li>\n<li>Cuaderno del alumnado<\/li>\n<li>Observaci\u00f3n directa<\/li>\n<li>Trabajos escritos<\/li>\n<li>\u2026<\/li>\n<\/ul>\n<p><strong><u>INFORMACI\u00d3N Y PARTICIPACI\u00d3N DE LAS FAMILIAS, OBJETIVIDAD DE LA EVALUACI\u00d3N Y RECLAMACIONES<\/u><\/strong><\/p>\n<p><strong>Art\u00edculo 5. Participaci\u00f3n de las familias en la evaluaci\u00f3n.<\/strong><\/p>\n<p>&nbsp;&nbsp;&nbsp;&nbsp;&nbsp;&nbsp;&nbsp;&nbsp;&nbsp;&nbsp;&nbsp; De conformidad con lo establecido en el art\u00edculo 16 del Real Decreto 126\/2014, de 28 de febrero, los padres, madres o tutores legales deber\u00e1n participar y apoyar la evoluci\u00f3n del proceso educativo de sus hijos, hijas o tutelados, as\u00ed como conocer las decisiones relativas a la evaluaci\u00f3n y promoci\u00f3n, y colaborar en las medidas de apoyo o refuerzo que adopten los centros para facilitar su progreso educativo, y <strong>tendr\u00e1n acceso a los documentos oficiales de evaluaci\u00f3n y a los ex\u00e1menes y documentos de las evaluaciones que se realicen a sus hijos o tutelados. <\/strong><\/p>\n<p><strong>Art\u00edculo 6. Informaci\u00f3n a las familias sobre los procesos de evaluaci\u00f3n.<\/strong><\/p>\n<ol>\n<li>Con el fin de garantizar el derecho de las familias a participar en el proceso educativo de sus hijos e hijas, los maestros tutores y las maestras tutoras, as\u00ed como el resto del profesorado, informar\u00e1n a los padres, madres o a quienes ejerzan la tutela legal sobre la evoluci\u00f3n escolar de sus hijos e hijas. Esta informaci\u00f3n se referir\u00e1 a los <strong>objetivos establecidos en el curr\u00edculo y a los progresos y dificultades detectados en el grado de adquisici\u00f3n de las competencias clave y en la consecuci\u00f3n de los objetivos de<\/strong> <strong>cada una de las \u00e1reas<\/strong>. A tales efectos, los maestros tutores y las maestras tutoras requerir\u00e1n, en su caso, la colaboraci\u00f3n de los restantes miembros del Equipo Docente.<\/li>\n<li>Al comienzo de cada curso escolar, con el fin de garantizar el derecho que asiste a los alumnos y alumnas a la evaluaci\u00f3n y al reconocimiento objetivo de su dedicaci\u00f3n, esfuerzo y rendimiento escolar, <strong>el profesorado dar\u00e1 a conocer al alumnado y a sus<\/strong> <strong>familias los objetivos de cada una de las \u00e1reas curriculares<\/strong>, <strong>las competencias clave, los criterios de evaluaci\u00f3n, calificaci\u00f3n y<\/strong> <strong>promoci\u00f3n, y los procedimientos de reclamaci\u00f3n<\/strong> <strong>y, en su caso, las medidas de apoyo educativo y las adaptaciones curriculares derivadas de las necesidades que presente el alumnado.<\/strong><\/li>\n<li><strong>Al menos tres veces a lo largo del curso<\/strong>, las personas que ejerzan la tutor\u00eda informar\u00e1n por escrito a los padres, madres o personas que ejerzan la tutela del alumnado sobre el aprovechamiento acad\u00e9mico de \u00e9ste y la evoluci\u00f3n de su proceso educativo. Esta informaci\u00f3n se referir\u00e1 a los objetivos establecidos en el curr\u00edculo y a los progresos y dificultades detectadas en el proceso de aprendizaje. En cualquier caso los periodos en que esa informaci\u00f3n se produzca ser\u00e1:<\/li>\n<\/ol>\n<ul>\n<li>En el mes de diciembre, coincidiendo con las vacaciones de Navidad.<\/li>\n<li>En el mes de marzo-abril, coincidiendo con las vacaciones de Semana santa<\/li>\n<li>En el mes de junio, coincidiendo con las vacaciones estivales.<\/li>\n<\/ul>\n<ol start=\"4\">\n<li>Al finalizar el curso, se informar\u00e1 por escrito a los padres, madres o qui\u00e9n ejerza la tutela legal del alumnado acerca de los resultados de la evaluaci\u00f3n final. Dicha informaci\u00f3n incluir\u00e1, al menos, las calificaciones obtenidas en las distintas \u00e1reas cursadas y el nivel competencial alcanzado cuando corresponda al final de un ciclo. Asimismo, se informar\u00e1 sobre la decisi\u00f3n acerca de su promoci\u00f3n al curso siguiente y las medidas adoptadas, en su caso, para que el alumnado alcance los objetivos establecidos en cada una de las \u00e1reas y desarrolle las competencias clave.<\/li>\n<\/ol>\n<p><strong>Art\u00edculo 7. Objetividad de la evaluaci\u00f3n.<\/strong><\/p>\n<ol>\n<li>El alumnado tiene derecho a ser evaluado conforme a criterios de plena objetividad, as\u00ed como a <strong>conocer los resultados de su<\/strong> <strong>aprendizaje<\/strong> para que la informaci\u00f3n que se obtenga a trav\u00e9s de los procedimientos de evaluaci\u00f3n tenga valor formativo y lo comprometa en la mejora de su educaci\u00f3n.<\/li>\n<\/ol>\n<p><strong>Con el fin de garantizar el derecho que asiste a los alumnos y alumnas a la evaluaci\u00f3n y al reconocimiento objetivo de su<\/strong> <strong>dedicaci\u00f3n, esfuerzo y rendimiento escolar<\/strong>, las maestras y maestros informar\u00e1n a las familias, en la <strong>segunda quincena de septiembre, <\/strong>acerca de los<strong> objetivos, competencias clave, criterios de evaluaci\u00f3n de cada una de las \u00e1reas<\/strong> y de los <strong>criterios de calificaci\u00f3n y de promoci\u00f3n<\/strong> al nivel siguiente. Adem\u00e1s, los respectivos tutores y tutoras informar\u00e1n tambi\u00e9n de los <strong>procedimientos de reclamaci\u00f3n<\/strong> y <strong>medidas de apoyo educativo<\/strong> y <strong>adaptaciones curriculares del alumnado<\/strong>.&nbsp; Adem\u00e1s, actuar\u00e1n de la siguiente manera:<\/p>\n<p>1.- Mostrar\u00e1n al alumnado los resultados de los ex\u00e1menes realizados una vez corregidos.<\/p>\n<p>1.- Entregar\u00e1n los ex\u00e1menes realizados al alumnado para que sus padres los examinen y firmen, mostrando as\u00ed su conformidad y visto bueno.<\/p>\n<p>2.- Atender\u00e1n en la hora de tutor\u00eda las posibles reclamaciones a las calificaciones obtenidas en cada examen resolviendo las discrepancias de manera objetiva.<\/p>\n<p>3.- Levantar\u00e1n acta de los acuerdos adoptados<strong>&nbsp;<\/strong><\/p>\n<p><strong>Art\u00edculo 8. Solicitud de aclaraciones y procedimiento de reclamaciones.<\/strong><\/p>\n<ol>\n<li>Los padres, madres o quienes ejerzan la tutela legal del alumnado, podr\u00e1n solicitar las aclaraciones que consideren necesarias acerca de la evaluaci\u00f3n final del aprendizaje de sus hijos e hijas, as\u00ed como sobre la decisi\u00f3n de promoci\u00f3n; para ello, solicitar\u00e1 por escrito o v\u00eda telef\u00f3nica audiencia al tutor\/a.<\/li>\n<li>Si una vez obtenidas dichas aclaraciones los padres, madres o quienes ejerzan la tutela legal del alumnado quisieran manifestar su disconformidad con el resultado de las evaluaciones o con las decisiones finales que se adopten como consecuencia de las mismas, podr\u00e1n presentar reclamaciones ante el tutor o tutora. Lo deber\u00e1n hacer por escrito para que haya constancia documental de tales reclamaciones<\/li>\n<li>Corresponder\u00e1 a la direcci\u00f3n del centro docente resolver de manera motivada las reclamaciones presentadas, previo informe del Equipo Educativo al respecto y comunicar dicha resoluci\u00f3n a las personas interesadas antes de la finalizaci\u00f3n del curso escolar.<\/li>\n<\/ol>\n<p>No obstante, si la familia manifiesta el deseo de reclamar la decisi\u00f3n del Equipo Docente y del tutor o tutora lo har\u00e1 siguiendo el siguiente procedimiento:<\/p>\n<p><strong><u>ACTUACIONES DEL CENTRO<\/u><\/strong><\/p>\n<p>1.- El tutor o tutora entregar\u00e1 a la familia las calificaciones y\/o la decisi\u00f3n de la no promoci\u00f3n.<\/p>\n<p>2.- El Centro abrir\u00e1 un plazo de dos d\u00edas para presentar escrito ante el Jefe o Jefa de Estudios para que de forma motivada por parte de la familia, muestren se deseo de revisi\u00f3n de la calificaci\u00f3n y\/o promoci\u00f3n.<\/p>\n<p><strong><u>ACTUACIONES DE LA FAMILIA<\/u><\/strong><\/p>\n<p>3.- La familia presenta el escrito de reclamaci\u00f3n a la Jefatura de Estudios quien lo trasladar\u00e1 una vez concluido el plazo de reclamaciones al tutor o tutora correspondiente.<\/p>\n<p><strong><u>ACTUACIONES DEL TUTOR\/A<\/u><\/strong><\/p>\n<p>4.-El mismo d\u00eda o al siguiente de recibir el escrito, se re\u00fane el Equipo Educativo para valorar las aclaraciones presentadas. Se levantar\u00e1 acta en la que de forma razonada se justifique en un sentido u otro la decisi\u00f3n. Se entregar\u00e1 copia del acta al Jefe&nbsp; o Jefa de Estudios.<\/p>\n<p><strong><u>ACTUACIONES DE LA JEFATURA DE ESTUDIOS<\/u><\/strong><\/p>\n<p>5.- Notificar\u00e1 a la familia la decisi\u00f3n del Equipo Educativo de una forma que se garantice su recepci\u00f3n (Llamada telef\u00f3nica para que recoja la decisi\u00f3n por escrito en la Jefatura de Estudios o env\u00edo por correo certificado).<\/p>\n<p><strong><u>ACTUACI\u00d3N DE LA FAMILIA SI NO EST\u00c1 CONFORME CON LA DECISI\u00d3N DEL EQUIPO EDUCATIVO<\/u><\/strong><\/p>\n<p>6.- Si no est\u00e1 conforme con la aclaraci\u00f3n, podr\u00e1 presentar en el plazo de dos d\u00edas h\u00e1biles tras la recepci\u00f3n de la notificaci\u00f3n por parte del Centro, la reclamaci\u00f3n pertinente ante el tutor\/a, elev\u00e1ndola a la Direcci\u00f3n del Centro.<\/p>\n<p><strong><u>ACTUACIONES DE LA DIRECCI\u00d3N DEL CENTRO<\/u><\/strong><\/p>\n<p>7.-En un plazo de dos d\u00edas h\u00e1biles tras el registro de entrada en el centro de la reclamaci\u00f3n de la familia, deber\u00e1 resolver de forma motivada, previo informe del Equipo Educativo.<\/p>\n<p>&nbsp;8.-Se notificara de inmediato a las familias a trav\u00e9s de un medio que garantice su recepci\u00f3n, indic\u00e1ndoles que la resoluci\u00f3n no pone fin a la v\u00eda administrativa y que cabe recurso de alzada en el plazo de 2 meses ante la Delegaci\u00f3n Territorial de Educaci\u00f3n.<\/p>\n<p><strong>Art\u00edculo 9. Sesiones de evaluaci\u00f3n.<\/strong><\/p>\n<ol>\n<li>Las sesiones de evaluaci\u00f3n son reuniones del Equipo Docente responsable de la evaluaci\u00f3n de cada grupo de alumnos y alumnas, coordinadas por el maestro tutor o la maestra tutora con la finalidad de intercambiar informaci\u00f3n sobre el rendimiento del alumnado y adoptar decisiones de manera colegiada, orientadas a la mejora sobre los procesos de ense\u00f1anza y aprendizaje y sobre la propia pr\u00e1ctica docente. Para la adopci\u00f3n de estas decisiones se tomar\u00e1 especialmente en consideraci\u00f3n la informaci\u00f3n y el criterio del tutor o tutora.<\/li>\n<li>A lo largo del curso, dentro del calendario lectivo y para cada grupo de alumnos y alumnas, se realizar\u00e1n tres sesiones de evaluaci\u00f3n:<\/li>\n<\/ol>\n<ul>\n<li>La primera, a finales del primer trimestre coincidiendo con las vacaciones de Navidad.<\/li>\n<li>La segunda, a finales del segundo trimestre coincidiendo con las vacaciones de Semana Santa.<\/li>\n<li>La tercera, a finales del tercer trimestre coincidiendo con las vacaciones estivales.<\/li>\n<\/ul>\n<ol start=\"3\">\n<li>El tutor o tutora de cada grupo levantar\u00e1 acta del desarrollo de las sesiones, en la que se har\u00e1 constar los acuerdos y decisiones adoptados, como as\u00ed las propuestas de mejora que se pretendan con el alumnado que presenta dificultades de aprendizaje. La valoraci\u00f3n de los resultados derivados de estos acuerdos y decisiones constituir\u00e1 el punto de partida de la siguiente sesi\u00f3n de evaluaci\u00f3n.<\/li>\n<li>En las sesiones de evaluaci\u00f3n se acordar\u00e1 la informaci\u00f3n que, sobre el proceso personal de aprendizaje seguido, se transmitir\u00e1 a cada alumno o alumna y a su familia.. Esta informaci\u00f3n deber\u00e1 indicar las posibles causas que inciden en el proceso de aprendizaje y en el rendimiento del alumnado, as\u00ed como, en su caso, las recomendaciones u orientaciones para su mejora.<\/li>\n<\/ol>\n<p>&nbsp;<\/p>\n<p><strong><u>NORMAS PARA REALIZAR LAS SESIONES DE EVALUACI\u00d3N EN CADA TRIMESTRE<\/u><\/strong><\/p>\n<p>Los\/as&nbsp; tutores\/as deben <strong>tener las notas del profesorado que forma parte del Equipo Docente que imparte clases en su grupo con la antelaci\u00f3n suficiente a la sesi\u00f3n <\/strong><strong>de evaluaci\u00f3n correspondiente a su tutor\u00eda<\/strong>. De esta forma ya se tendr\u00e1 una idea clara de qu\u00e9 tratar con el resto del Equipo Docente y se dispondr\u00e1 de un tiempo suficiente para analizar los resultados acad\u00e9micos obtenidos por su alumnado.<\/p>\n<p>En las sesiones de evaluaci\u00f3n:<\/p>\n<p>&#8211; El\/la tutor\/a <strong>comenta de forma general <\/strong>si hay algo que destacar respecto a alumnos que lo tienen <strong>todo aprobado <\/strong>(pudiera ser que, a\u00fan con todo aprobado, hubiera que puntualizar aspectos de progreso, conductas, confianzas, bajones\u2026)<\/p>\n<p>&#8211; Luego se pasa a estudiar <strong>alumnos que han suspendido algo uno por uno<\/strong>. Se analizan las causas del suspenso y se dictan propuestas de mejora que palien el mal resultado para la pr\u00f3xima evaluaci\u00f3n. \u00c9stas determinar\u00e1n posibles refuerzos educativos. Se analizar\u00e1 la eficacia o no de las medidas de apoyo&nbsp; recibidas por el alumnado con dificultades en&nbsp; el caso de que hubiesen sido propuestos para ello a comienzos de curso.<\/p>\n<p>&#8211; Posteriormente nos centraremos en <strong>el alumnado de refuerzo, aprendizajes no adquiridos y alumnado de ACNS <\/strong>y<strong> ACS <\/strong>analizando los progresos o dificultades encontrados por el mismo<strong>.<\/strong> En este caso el maestro\/a encargado\/a de llevar a cabo el PRORE tendr\u00e1 un papel destacado en el an\u00e1lisis de los resultados de este alumnado y de las propuestas de mejora.<\/p>\n<p>En las actas de las sesiones de evaluaci\u00f3n deber\u00e1 figurar la informaci\u00f3n que para cada alumno\/a se trasladar\u00e1 a las familias por parte del tutor\/a. Esta informaci\u00f3n deber\u00e1 indicar las posibles causas que inciden en el proceso de aprendizaje y en el rendimiento acad\u00e9mico del alumnado, as\u00ed como, en su caso, las propuestas o recomendaciones para la mejora del mismo que se estimen oportunas. Se cumplimentar\u00e1n en la aplicaci\u00f3n S\u00e9neca.<\/p>\n<p>Posteriormente a&nbsp; la sesi\u00f3n de evaluaci\u00f3n, las calificaciones se introducir\u00e1n en la aplicaci\u00f3n S\u00e9neca&nbsp; y se proceder\u00e1 a la impresi\u00f3n de los correspondientes boletines de notas.<\/p>\n<p><strong>Al final de cada trimestre tendremos una reuni\u00f3n grupal <\/strong>con los padres y madres&nbsp; de la tutor\u00eda. En ella daremos una&nbsp; informaci\u00f3n general de los resultados del curso en el trimestre comentando los progresos y las necesidades de mejora y entregaremos los boletines de notas a cada padre o madre sin realizar ning\u00fan tipo de comentario alguno a cada uno\/a en particular. Ya en las respectivas tutor\u00edas realizadas a lo largo del trimestre se ha debido hablar con todos los padres y madres cuyos hijos han ido presentando problemas o necesidades a lo largo del trimestre. No obstante, si alg\u00fan padre o madre necesita a\u00fan m\u00e1s informaci\u00f3n o profundizaci\u00f3n por parte del tutor\/a solicitar\u00e1 a \u00e9ste\/a tutor\u00eda para ello.<\/p>\n<p>La entrega de <strong>notas ser\u00e1 la acordada en E.T.C.P.<\/strong> y consensuada con el resto del profesorado en el momento de la elaboraci\u00f3n del calendario de reuniones del correspondiente trimestre.<\/p>\n<p>La hora de comienzo de las distintas sesiones de evaluaci\u00f3n se suceder\u00e1 en un orden alternativo, seg\u00fan se expone:<\/p>\n<table>\n<tbody>\n<tr>\n<td width=\"236\">\u00d8&nbsp; <strong>Primera eval<\/strong><strong>uaci\u00f3n<\/strong><\/td>\n<td width=\"236\">\u00d8&nbsp; <strong>Segunda evaluaci\u00f3n<\/strong><\/td>\n<td width=\"236\">\u00d8&nbsp; <strong>Tercera evaluaci\u00f3n<\/strong><\/td>\n<\/tr>\n<tr>\n<td width=\"236\">Primera hora : 1\u00ba ciclo<\/td>\n<td width=\"236\">Primera hora : 2\u00ba ciclo<\/td>\n<td width=\"236\">Primera hora : 3\u00ba ciclo<\/td>\n<\/tr>\n<tr>\n<td width=\"236\">Segunda hora: 2\u00ba ciclo<\/td>\n<td width=\"236\">Segunda hora: 3\u00ba ciclo<\/td>\n<td width=\"236\">Segunda hora: 1\u00ba ciclo<\/td>\n<\/tr>\n<tr>\n<td width=\"236\">Tercera hora : 3\u00ba ciclo<\/td>\n<td width=\"236\">Tercera hora : 1\u00ba ciclo<\/td>\n<td width=\"236\">Tercera hora : 2\u00ba ciclo<\/td>\n<\/tr>\n<\/tbody>\n<\/table>\n<p>&nbsp;<\/p>\n<p><strong>Art\u00edculo 10. Evaluaci\u00f3n inicial.<\/strong><\/p>\n<p><strong>En la segunda quincena de septiembre<\/strong>, se llevar\u00e1 a cabo en este Centro una sesi\u00f3n de evaluaci\u00f3n inicial que tendr\u00e1 car\u00e1cter orientador y servir\u00e1 como referente para la toma de decisiones relativas al desarrollo del curr\u00edculo por parte del Equipo Docente y su adecuaci\u00f3n a las caracter\u00edsticas y estilos de aprendizaje del alumnado. La evaluaci\u00f3n inicial servir\u00e1:<\/p>\n<ul>\n<li>como punto de partida para la adecuaci\u00f3n de la programaci\u00f3n anual por unidades did\u00e1cticas y quincenas.<\/li>\n<li>Como referente para los refuerzos educativos a llevar a cabo inicialmente<\/li>\n<\/ul>\n<ol>\n<li>Con objeto de garantizar una adecuada transici\u00f3n del alumnado entre las etapas de Educaci\u00f3n Infantil y de Educaci\u00f3n Primaria, as\u00ed como de facilitar la continuidad de su proceso educativo, durante el \u00faltimo trimestre del curso la Jefatura de Estudios de este Centro y la Jefatura de Estudios del colegio de Infantil del localidad mantendr\u00e1n reuniones de coordinaci\u00f3n.<\/li>\n<li>En esta sesi\u00f3n de evaluaci\u00f3n, el Equipo Docente analizar\u00e1 los informes personales del alumnado de la etapa o curso anterior as\u00ed como la informaci\u00f3n recabada sobre el mismo desde el inicio del curso escolar.<\/li>\n<li>Como conclusi\u00f3n del an\u00e1lisis realizado, el Equipo Docente adoptar\u00e1 las medidas educativas de apoyo, ampliaci\u00f3n, refuerzo o recuperaci\u00f3n para el alumnado que las precise o bien de adaptaci\u00f3n curricular para el alumnado con necesidades espec\u00edficas de apoyo educativo, de acuerdo con lo establecido en el marco del plan de atenci\u00f3n a la diversidad del centro docente y de acuerdo con los recursos de los que disponga<\/li>\n<li><strong>Los resultados de la evaluaci\u00f3n inicial no figurar\u00e1n como calificaci\u00f3n en los documentos oficiales de evaluaci\u00f3n<\/strong>.<\/li>\n<\/ol>\n<p>&nbsp;<\/p>\n<p><strong>Art\u00edculo 11. Evaluaci\u00f3n final.<\/strong><\/p>\n<ol>\n<li>Al t\u00e9rmino de cada curso, se valorar\u00e1 el progreso global de cada alumno y alumna en el marco del proceso de evaluaci\u00f3n continua llevado a cabo.<\/li>\n<li>Los resultados de la evaluaci\u00f3n de cada \u00e1rea se trasladar\u00e1n al final de cada curso al acta de evaluaci\u00f3n, al expediente acad\u00e9mico y, en caso de que promocione, al historial acad\u00e9mico del alumno o alumna, todo ello, mediante los siguientes t\u00e9rminos: Insuficiente (IN), Suficiente (SU), Bien (BI), Notable (NT) y Sobresaliente (SB), consider\u00e1ndose calificaci\u00f3n negativa el Insuficiente y positivas todas las dem\u00e1s. Estos t\u00e9rminos ir\u00e1n acompa\u00f1ados de una calificaci\u00f3n num\u00e9rica, en una escala de uno a diez, sin emplear decimales, aplic\u00e1ndose las siguientes correspondencias: Insuficiente: 1, 2, 3 o 4. Suficiente: 5. Bien: 6. Notable: 7 u 8. Sobresaliente: 9 o 10.<\/li>\n<li>El nivel competencial adquirido por el alumnado se reflejar\u00e1 al final de cada ciclo en el acta de evaluaci\u00f3n, en el expediente acad\u00e9mico y en el historial acad\u00e9mico, de acuerdo con la secuenciaci\u00f3n de los criterios de evaluaci\u00f3n detallada en el Anexo I de la Orden de 17 de marzo de 2015. Con este fin se emplear\u00e1n los siguientes t\u00e9rminos: Iniciado (I), Medio (M) y Avanzado (A).<\/li>\n<li>El Equipo Docente acordar\u00e1 cuantas actuaciones considere de inter\u00e9s para que la transici\u00f3n del alumnado al curso o etapa siguiente se realice con las necesarias garant\u00edas de continuidad y coherencia en el proceso educativo.<\/li>\n<\/ol>\n<p><strong>&nbsp;<\/strong><\/p>\n<p><strong>Art\u00edculo 12. Evaluaci\u00f3n individualizada de tercer curso.<\/strong><\/p>\n<p>&nbsp;<\/p>\n<p>La evaluaci\u00f3n individualizada de tercer curso a la que se refiere el art\u00edculo 12.3 del Real Decreto 126\/2014, de 28 de febrero, quedar\u00e1 integrada dentro de la evaluaci\u00f3n continua y global, garantizando que la valoraci\u00f3n que se realice del alumnado tenga en cuenta su progreso.<\/p>\n<p>Los referentes para la evaluaci\u00f3n del grado de dominio de las destrezas, capacidades y habilidades en expresi\u00f3n y comprensi\u00f3n oral y escrita, c\u00e1lculo y resoluci\u00f3n de problemas en relaci\u00f3n con el grado de adquisici\u00f3n de la competencia en comunicaci\u00f3n ling\u00fc\u00edstica y de la competencia matem\u00e1tica ser\u00e1n los criterios de evaluaci\u00f3n recogidos en el Anexo I de la Orden de 17 de marzo de 2015, de acuerdo con la secuenciaci\u00f3n realizada en el Centro.<\/p>\n<p>Los resultados de la evaluaci\u00f3n individualizada de tercero se reflejar\u00e1n empleando los t\u00e9rminos establecidos en el art\u00edculo 11.3 de esta Orden para expresar el nivel de adquisici\u00f3n de las competencias: Iniciado, Medio y Avanzado, cumplimentando lo que corresponda en el documento oficial al que se refiere el art\u00edculo 20 de esta Orden.<\/p>\n<p>&nbsp;<\/p>\n<p><strong>Art\u00edculo 13. Evaluaci\u00f3n individualizada de sexto curso.<\/strong><\/p>\n<ol>\n<li>De acuerdo con lo establecido en el art\u00edculo 12.4 del Real Decreto 126\/2014, de 28 de febrero, al finalizar el sexto curso de Educaci\u00f3n Primaria, los centros docentes realizar\u00e1n una evaluaci\u00f3n individualizada a todo el alumnado en la que se comprobar\u00e1 el grado de adquisici\u00f3n de la competencia en comunicaci\u00f3n ling\u00fc\u00edstica, de la competencia matem\u00e1tica y de las competencias b\u00e1sicas en ciencia y tecnolog\u00eda, as\u00ed como el logro de los objetivos de la etapa.<\/li>\n<li>El resultado de esta evaluaci\u00f3n se expresar\u00e1 en los siguientes niveles: Insuficiente (IN), para las calificaciones negativas; Suficiente (SU), Bien (BI), Notable (NT) y Sobresaliente (SB), para las calificaciones positivas, cumplimentando lo que corresponda en el documento oficial al que se refiere el art\u00edculo 20 de esta Orden.<\/li>\n<\/ol>\n<p>Tanto la Evaluaci\u00f3n individualizada de tercer curso como la de sexto curso servir\u00e1:<\/p>\n<ul>\n<li>Para ver la situaci\u00f3n de nuestro alumnado con respecto al alumnado&nbsp; de la zona, de la provincia y de Andaluc\u00eda.<\/li>\n<li>Para ver la situaci\u00f3n de nuestro centro respecto a otros de la zona, de la provincia y de Andaluc\u00eda.<\/li>\n<li>Para informar a padres y madres de los resultados de sus hijos\/as.<\/li>\n<li>Para detectar los fallos generales y particulares e incidir mediante un plan de mejora en la eliminaci\u00f3n de los mismos.<\/li>\n<\/ul>\n<p><strong>Art\u00edculo 14. Nota media de las \u00e1reas de la etapa y Menci\u00f3n Honor\u00edfica por \u00e1rea.<\/strong><\/p>\n<p>&nbsp;<\/p>\n<ol>\n<li>Al finalizar la etapa se calcular\u00e1 la nota media para cada una de las \u00e1reas con las calificaciones reflejadas en el historial acad\u00e9mico. Esta nota ser\u00e1 la media aritm\u00e9tica de las calificaciones obtenidas en cada curso, redondeada a la cent\u00e9sima m\u00e1s pr\u00f3xima y, en caso de equidistancia, a la superior. Esta nota media se reflejar\u00e1 en el expediente del alumnado, en el historial acad\u00e9mico y en el documento de evaluaci\u00f3n final de etapa.<\/li>\n<li>Cuando un alumno o alumna recupere un \u00e1rea correspondiente a un curso anterior, la calificaci\u00f3n que se tendr\u00e1 en cuenta para la obtenci\u00f3n de la nota media ser\u00e1 la que corresponda a la calificaci\u00f3n extraordinaria.<\/li>\n<li>En el caso del alumnado que haya permanecido m\u00e1s de una vez en un mismo curso a lo largo de la etapa, para el c\u00e1lculo de la nota media se tomar\u00e1n como referencia las \u00faltimas calificaciones obtenidas.<\/li>\n<li>De acuerdo con el apartado 2 de la disposici\u00f3n adicional cuarta del Real Decreto 126\/2014, de 28 de febrero, se otorgar\u00e1 Menci\u00f3n Honor\u00edfica al alumnado que haya obtenido un Sobresaliente al finalizar Educaci\u00f3n Primaria en el \u00e1rea para la que se otorgue y siempre que, a juicio del Equipo Docente, demuestre un rendimiento acad\u00e9mico excelente. <strong>En este sentido en este Centro se otorgar\u00e1 tal distinci\u00f3n al alumnado que estime el Equipo Docente al alumnado que cumpla los siguientes requisitos:<\/strong><\/li>\n<\/ol>\n<p>&nbsp;<\/p>\n<ul>\n<li>Haya demostrado un rendimiento acad\u00e9mico excelente a juicio del Equipo Directivo.<\/li>\n<li>Tenga la calificaci\u00f3n de sobresaliente en el \u00e1rea para la que se otorgue.<\/li>\n<li>Haya tenido a lo largo del curso escolar un comportamiento ejemplar y no haya sido objeto de ninguna aplicaci\u00f3n de correcci\u00f3n en base a las normas de convivencia del Centro.<\/li>\n<\/ul>\n<p>&nbsp;<\/p>\n<ol start=\"5\">\n<li>La obtenci\u00f3n de la Menci\u00f3n Honor\u00edfica deber\u00e1 quedar reflejada en el expediente e historial acad\u00e9mico y en el documento de evaluaci\u00f3n final de etapa del alumnado.<\/li>\n<\/ol>\n<p><strong>&nbsp;<\/strong><\/p>\n<p><strong>Art\u00edculo 15. Evaluaci\u00f3n del alumnado con necesidades espec\u00edficas de apoyo educativo.<\/strong><\/p>\n<p>&nbsp;<\/p>\n<ol>\n<li>La evaluaci\u00f3n del alumnado con necesidades espec\u00edficas de apoyo educativo se regir\u00e1 por el principio de inclusi\u00f3n y asegurar\u00e1 su no discriminaci\u00f3n y la igualdad efectiva en el acceso y la permanencia en el sistema educativo.<\/li>\n<li>El Equipo Docente deber\u00e1 adaptar los instrumentos para la evaluaci\u00f3n del alumnado teniendo en cuenta las necesidades espec\u00edficas de apoyo educativo que presente.<\/li>\n<li>La evaluaci\u00f3n y promoci\u00f3n del alumnado con necesidades espec\u00edficas de apoyo educativo con adaptaciones curriculares, ser\u00e1 competencia del Equipo Docente, con el asesoramiento del equipo de orientaci\u00f3n del centro y bajo la coordinaci\u00f3n de la persona que ejerza la tutor\u00eda. Los documentos oficiales de evaluaci\u00f3n, as\u00ed como las comunicaciones que se realicen con las familias del alumnado con necesidades espec\u00edficas de apoyo educativo con adaptaci\u00f3n curricular, recoger\u00e1n informaci\u00f3n sobre las \u00e1reas adaptadas.<\/li>\n<li>Se podr\u00e1 realizar una adaptaci\u00f3n curricular significativa al alumnado con necesidades educativas especiales cuyo nivel de competencia curricular sea inferior, al menos en dos cursos respecto al curso acad\u00e9mico en el que est\u00e9 escolarizado. Esta adaptaci\u00f3n requerir\u00e1 que el informe de evaluaci\u00f3n psicopedag\u00f3gico del alumno o alumna recoja la propuesta de aplicaci\u00f3n de esta medida.<\/li>\n<li>Cuando la adaptaci\u00f3n curricular sea significativa, la evaluaci\u00f3n se realizar\u00e1 tomando como referente los objetivos y criterios de evaluaci\u00f3n fijados en dichas adaptaciones, conforme a lo establecido en el art\u00edculo 18.3 del Decreto 97\/2015, de 3 de marzo. Se especificar\u00e1 que la calificaci\u00f3n positiva en las \u00e1reas adaptadas hace referencia a la superaci\u00f3n de los criterios de evaluaci\u00f3n recogidos en su adaptaci\u00f3n y no a los espec\u00edficos del curso acad\u00e9mico en el que est\u00e9 escolarizado el alumno o alumna.<\/li>\n<li>El profesorado especialista participar\u00e1 en la evaluaci\u00f3n del alumnado con necesidades educativas especiales, conforme a la normativa aplicable relativa a la atenci\u00f3n a la diversidad. As\u00ed mismo, se tendr\u00e1 en cuenta para este alumnado la tutor\u00eda compartida a la que se refiere la normativa vigente por la que se regula la atenci\u00f3n a la diversidad.<\/li>\n<li>En la evaluaci\u00f3n del alumnado que se incorpore tard\u00edamente al sistema educativo y que, por presentar graves carencias en la lengua espa\u00f1ola, reciba una atenci\u00f3n espec\u00edfica en este \u00e1mbito, se tendr\u00e1n en cuenta los informes que, a tales efectos, elabore el profesorado responsable de dicha atenci\u00f3n.<\/li>\n<li>El alumnado escolarizado en el curso inmediatamente inferior al que le corresponder\u00eda por edad, al que se refiere el art\u00edculo 18.4 del Decreto 97\/2015, de 3 de marzo, se podr\u00e1 incorporar al grupo correspondiente a su edad, siempre que tal circunstancia se produzca con anterioridad a la finalizaci\u00f3n del segundo trimestre, cuando a juicio de la persona que ejerza la tutor\u00eda, o\u00eddo el Equipo Docente y asesorado por el equipo de orientaci\u00f3n educativa, haya superado el desfase curricular que presentaba. En resumen:<\/li>\n<\/ol>\n<ul>\n<li>Basada en los principios de <strong>inclusi\u00f3n, <\/strong>igualdad y no discriminaci\u00f3n.<\/li>\n<li>Ser\u00e1 Competencia del <strong>Equipo Docente <\/strong>bajo <strong>coordinaci\u00f3n <\/strong>de <strong>tutor\/a<\/strong>.<\/li>\n<li><strong>Comunicaci\u00f3n a las familias: <\/strong><\/li>\n<li>Incluir\u00e1 informaci\u00f3n sobre las <strong>\u00e1reas adaptadas<\/strong>.<\/li>\n<li><strong>Se especificar\u00e1 <\/strong>que los criterios superados son los recogidos en su propia ACIs y no los espec\u00edficos del curso acad\u00e9mico en el que est\u00e1 escolarizado.<\/li>\n<li>Condiciones para la realizaci\u00f3n de adaptaciones significativas: alumnado de NEE con <strong>nivel de competencia curricular inferior al menos en dos cursos<\/strong>.<\/li>\n<li><strong>Evaluaci\u00f3n alumnado con ACIs<\/strong>:<\/li>\n<li><strong>Referencia <\/strong>evaluaci\u00f3n: a\u00f1ade objetivos (adem\u00e1s de los criterios) de dicha <strong>ACIs<\/strong>.<\/li>\n<li>Participaci\u00f3n del profesorado especialista.<\/li>\n<li>Tutor\u00eda compartida.<\/li>\n<li><strong>El alumnado <\/strong>(de incorporaci\u00f3n tard\u00eda) <strong>escolarizado en el curso inmediatamente inferior <\/strong>al que le corresponder\u00eda por edad <strong>se podr\u00e1 incorporar al grupo correspondiente a su edad<\/strong>:<\/li>\n<li>Con anterioridad a la finalizaci\u00f3n del segundo trimestre.<\/li>\n<li>Cuando a juicio del tutor\/a, o\u00eddo el equipo docente y asesorado por el equipo de orientaci\u00f3n educativa, haya superado el desfase curricular que presentaba.<\/li>\n<\/ul>\n<p><strong><u>EVALUACI\u00d3N DE LAS COMPETENCIAS CLAVE<\/u><\/strong><\/p>\n<p>&nbsp;&nbsp;&nbsp;&nbsp;&nbsp;&nbsp;&nbsp;&nbsp;&nbsp;&nbsp;&nbsp; La calificaci\u00f3n ha de tener una correspondencia con el grado de logro de las competencias clave y los objetivos del \u00e1rea. Como referentes comunes se tendr\u00e1 presente en la calificaci\u00f3n los niveles de logro o desempe\u00f1o de los distintos indicadores del ciclo a trav\u00e9s de las investigaciones y experimentos, las pruebas orales y escritas, las exposiciones orales, el cuaderno del alumnado, los trabajos e informes, tanto individuales como colaborativos.&nbsp; Las distintas Unidades Did\u00e1cticas presentar\u00e1n en su programaci\u00f3n una serie de indicadores. Tales indicadores ser\u00e1n evaluados por medio de una calificaci\u00f3n de tres niveles :<\/p>\n<ul>\n<li>Inicial (I), Medio (M) y Avanzado (A)<\/li>\n<\/ul>\n<p>&nbsp;&nbsp;&nbsp;&nbsp;&nbsp;&nbsp;&nbsp;&nbsp;&nbsp;&nbsp;&nbsp; De acuerdo con la Orden de 17 de marzo de 2015 por la que se establece la ordenaci\u00f3n de la evaluaci\u00f3n del proceso de aprendizaje del alumnado de educaci\u00f3n primaria en la Comunidad Aut\u00f3noma de Andaluc\u00eda, la <strong>valoraci\u00f3n el grado de adquisici\u00f3n de las competencias clave <\/strong>ser\u00e1 determinado de acuerdo a los niveles de desempe\u00f1o, establecidos en el anexo I de la citada orden, que definen los aprendizajes que el alumnado debe alcanzar y lo que es capaz de hacer con ellos a lo largo de la Educaci\u00f3n Primaria.<\/p>\n<p>Nivel <strong>A1 <\/strong>y <strong>A2<\/strong>: configuran los dominios de logro esperados de cada competencia en el primer ciclo.<\/p>\n<p>Nivel <strong>A3<\/strong>: configura el dominio esperado en el segundo ciclo.<\/p>\n<p>Nivel <strong>A4<\/strong>: corresponde el dominio esperado en el tercer ciclo o final de etapa.<\/p>\n<p>&nbsp;<\/p>\n<p><strong><u>4\u00ba.- Evaluaci\u00f3n de los \u00f3rganos colegiados<\/u><\/strong><\/p>\n<p><strong>Equipos de ciclos, Equipos docentes, E.T.C.P., Claustro y Consejo <\/strong>Escolar&nbsp; se podr\u00e1n &nbsp;autoevaluar &nbsp;teniendo como indicadores:<\/p>\n<ul>\n<li>Las actas de las reuniones.<\/li>\n<li>El esp\u00edritu constructivo en las decisiones acordadas.<\/li>\n<li>La participaci\u00f3n de sus miembros.<\/li>\n<li>En la memoria final de curso.<\/li>\n<\/ul>\n<p><strong>El Equipo Directivo<\/strong> se podr\u00e1 autoevaluar, entre otras:<\/p>\n<ul>\n<li>En la memoria final de curso.<\/li>\n<li>En la relaci\u00f3n con la Delegaci\u00f3n Provincial e Inspecci\u00f3n educativa, en persona, por tel\u00e9fono, por escrito, por email,\u2026<\/li>\n<li>En la aportaci\u00f3n de la documentaci\u00f3n requerida.<\/li>\n<li>En la cumplimentaci\u00f3n en S\u00e9neca de los datos relativos a matriculaci\u00f3n, plan de apertura, programas y proyectos, etc.<\/li>\n<li>En el cumplimiento de sus funciones y en hacer cumplir las funciones del profesorado y del personal no docente.<\/li>\n<\/ul>\n<p>Cada curso escolar, a finales del mes de junio, atendiendo a la RESOLUCI\u00d3N de 1 de abril de 2011, de la Direcci\u00f3n General de la Agencia Andaluza de Evaluaci\u00f3n Educativa, por la que se establecen los indicadores homologados para la autoevaluaci\u00f3n de los centros docentes p\u00fablicos, se&nbsp; realizar\u00e1 en la aplicaci\u00f3n inform\u00e1tica S\u00e9neca la memoria de autoevaluaci\u00f3n del centro analizando los siguientes indicadores de evaluaci\u00f3n:<\/p>\n<ol>\n<li><strong>\u00c1rea de medici\u00f3n : Ense\u00f1anza-aprendizaje<\/strong><\/li>\n<\/ol>\n<ul>\n<li>Promoci\u00f3n del alumnado que inicia educaci\u00f3n primaria.<\/li>\n<li>Alumnado de 2\u00ba de educaci\u00f3n primaria que globalmente alcanza un dominio alto en la competencia b\u00e1sica de comunicaci\u00f3n ling\u00fc\u00edstica.<\/li>\n<li>Alumnado de 2\u00ba de educaci\u00f3n primaria que globalmente alcanza un dominio alto en la competencia b\u00e1sica de razonamiento matem\u00e1tico.<\/li>\n<li>Promoci\u00f3n del alumnado de educaci\u00f3n primaria por curso.<\/li>\n<li>Alumnado de educaci\u00f3n primaria con evaluaci\u00f3n positiva en todas las \u00e1reas.<\/li>\n<li>Alumnado de educaci\u00f3n primaria con evaluaci\u00f3n positiva en las distintas \u00e1reas.<\/li>\n<\/ul>\n<ol>\n<li><strong>\u00c1rea de medici\u00f3n: Atenci\u00f3n a la diversidad<\/strong><\/li>\n<\/ol>\n<ul>\n<li>Alumnado de 2\u00ba de educaci\u00f3n primaria que globalmente alcanza un dominio bajo en la competencia b\u00e1sica de comunicaci\u00f3n ling\u00fc\u00edstica.<\/li>\n<li>Alumnado de 2\u00ba de educaci\u00f3n primaria que globalmente alcanza un dominio bajo en la competencia b\u00e1sica de razonamiento matem\u00e1tico.<\/li>\n<li>Eficacia de los programas de refuerzo de \u00e1reas instrumentales en educaci\u00f3n primaria.<\/li>\n<li>Eficacia de las adaptaciones curriculares significativas en educaci\u00f3n primaria.<\/li>\n<li>Promoci\u00f3n alumnado de educaci\u00f3n primaria con adaptaciones curriculares.<\/li>\n<li>Eficacia de la permanencia un a\u00f1o m\u00e1s en el mismo curso de educaci\u00f3n primaria.<\/li>\n<li>Absentismo escolar en la ense\u00f1anza b\u00e1sica.<\/li>\n<li>Idoneidad curso-edad en la ense\u00f1anza b\u00e1sica.<\/li>\n<li>Alumnado que finaliza educaci\u00f3n primaria con evaluaci\u00f3n positiva en todas las \u00e1rea.<\/li>\n<\/ul>\n<ol>\n<li><strong>\u00c1rea de medici\u00f3n: Clima y convivencia<\/strong><\/li>\n<\/ol>\n<ul>\n<li>Cumplimiento de normas de convivencia.<\/li>\n<li>Alumnado que solo presenta conductas contrarias a la convivencia.<\/li>\n<li>Alumnado que solo presenta conductas gravemente perjudiciales para la convivencia.<\/li>\n<li>Alumnado reincidente en conductas contrarias y\/o gravemente perjudiciales para la convivencia.<\/li>\n<li>Conductas contrarias a la convivencia.<\/li>\n<li>Conductas gravemente perjudiciales para la convivencia.<\/li>\n<\/ul>\n<table>\n<tbody>\n<tr>\n<td width=\"198\">&nbsp;<\/p>\n<p>Proyecto educativo<\/td>\n<td width=\"123\">&nbsp;<\/p>\n<p>Apartado n)<\/td>\n<td width=\"365\">Los criterios para establecer los agrupamientos del alumnado y la asignaci\u00f3n de las tutor\u00edas, de acuerdo con las l\u00edneas generales de actuaci\u00f3n pedag\u00f3gica del centro y orientados a favorecer el \u00e9xito escolar del alumnado.<\/td>\n<\/tr>\n<\/tbody>\n<\/table>\n<p>&nbsp;<\/p>\n<table width=\"690\">\n<tbody>\n<tr>\n<td width=\"690\">Su aprobaci\u00f3n corresponde al Claustro<\/td>\n<\/tr>\n<\/tbody>\n<\/table>\n<p>&nbsp;<\/p>\n<p>A la hora de establecer los agrupamientos del alumnado se tendr\u00e1n en cuenta los siguientes criterios:<\/p>\n<p>1.- Se respetar\u00e1n los grupos formados en el centro de infantil adscrito&nbsp; \u201cPr\u00edncipe de Asturias\u201d cuando se incorporen en el primer curso de primaria.<\/p>\n<p>2.- En funci\u00f3n de los resultados del proceso de evaluaci\u00f3n inicial se revisar\u00e1n los grupos con el fin de homogeneizarlos en funci\u00f3n de las caracter\u00edsticas y nivel competencial del alumnado. Se tendr\u00e1 en cuenta los posibles efectos del desarraigo del grupo de origen.<\/p>\n<p>3.- Si se produce nueva incorporaci\u00f3n del alumnado al centro una vez comenzado el curso, se le asignar\u00e1 al grupo que le corresponda. En el caso de que un curso est\u00e9 desdoblado, se le asignar\u00e1 al grupo que menos alumnos\/as tenga en el caso de que est\u00e9n homogeneizados. Si no es as\u00ed, se le asignar\u00e1 al grupo que mejor se adapte a las circunstancias personales del alumnado<\/p>\n<p>4.- En el caso de que haya un grupo de alumnado que no promocione de nivel, en el caso de que est\u00e9 desdoblado en el curso en donde se producir\u00e1 la repetici\u00f3n, \u00e9ste se repartir\u00e1 entre ambos grupos tratando en todo momento de buscar la homogeneidad.<\/p>\n<p>5.- En cada curso se crear\u00e1n grupos reducidos de alumnado que necesitan refuerzo pedag\u00f3gico. Este alumnado ser\u00e1 atendido por el por el maestro\/a PRORE\/CAR bajo las indicaciones del respectivo tutor\/a. Los grupos estar\u00e1n formados por tres alumnos\/as, como m\u00e1ximo.<\/p>\n<p>Con respecto a la asignaci\u00f3n de tutor\u00edas y atendiendo a los dispuesto en el Decreto 328\/2010 de 13 de julio, cap\u00edtulo VI, art\u00edculo 89: cada unidad o grupo de alumnos tendr\u00e1 un tutor o tutora que ser\u00e1 nombrado por la Direcci\u00f3n del Centro, a propuesta de la Jefatura de Estudios, de entre el profesorado que imparta docencia en el mismo. La asignaci\u00f3n de tutor\u00edas obedecer\u00e1 a los siguientes criterios:<\/p>\n<p>En el caso del alumnado con necesidades educativas especiales escolarizado en un grupo ordinario, la tutor\u00eda ser\u00e1 ejercida de manera compartida entre el maestro o maestra que ejerza la tutor\u00eda del grupo donde est\u00e1 integrado y el profesorado especialista.<\/p>\n<p>En la designaci\u00f3n de los tutores\/a las diferentes unidades se tendr\u00e1n en cuenta los siguientes criterios:<\/p>\n<p>1.-A finales del mes de junio, en el \u00faltimo claustro que se convoque, la Direcci\u00f3n designar\u00e1 provisionalmente a los tutores\/as de cada unidad. En los primeros d\u00edas de septiembre tendr\u00e1 lugar la designaci\u00f3n definitiva una vez que se cuente con la totalidad de la plantilla de profesorado.<\/p>\n<p>2.-Se tendr\u00e1 en cuenta que aquellos\/as maestros y maestras que durante un curso escolar hayan tenido asignado el primer curso de cualquier ciclo de la educaci\u00f3n primaria permanecer\u00e1n en el mismo ciclo hasta su finalizaci\u00f3n por parte del grupo de alumnos y alumnas con que lo inici\u00f3, siempre que contin\u00faen prestando servicio en el centro y que la Jefatura de Estudios y la Direcci\u00f3n est\u00e9n de acuerdo. En este sentido, el profesorado definitivo comenzar\u00e1 ciclo para garantizar la continuidad.<\/p>\n<p>3.-Se tratar\u00e1, en la medida de lo posible, que los tutores\/as de primer ciclo sean definitivos.<\/p>\n<p>4.-La Direcci\u00f3n y la Jefatura de Estudios tendr\u00e1n en cuenta la capacitaci\u00f3n e idoneidad del profesorado para un determinado grupo de alumnos\/as.<\/p>\n<p>5.-El profesorado especialista y miembros del Equipo Directivo no ser\u00e1n tutores de primer ciclo, salvo casos excepcionales.<\/p>\n<p>6.-Se nombrar\u00e1 tutores\/as en el tercer ciclo a profesorado que tenga un dominio aceptable de las nuevas tecnolog\u00edas, si es posible.<\/p>\n<p>7.-El Director\/a no tendr\u00e1 tutor\u00eda en la medida de lo posible. Si tuviese que ser nombrado\/a como tutor\/a, ser\u00eda en el tercer ciclo.<\/p>\n<p>Los tutores y tutoras ejercer\u00e1n la direcci\u00f3n y la orientaci\u00f3n del aprendizaje del alumnado y el apoyo en su proceso educativo en colaboraci\u00f3n con las familias.<\/p>\n<p>El nombramiento del profesorado que ejerza la tutor\u00eda se efectuar\u00e1 para un a\u00f1o.<\/p>\n<table>\n<tbody>\n<tr>\n<td width=\"196\">&nbsp;<\/p>\n<p>Proyecto educativo<\/td>\n<td width=\"132\">&nbsp;<\/p>\n<p>Apartado \u00f1)<\/td>\n<td width=\"379\">Los criterios generales para elaborar las programaciones did\u00e1cticas de cada una de las \u00e1reas de la educaci\u00f3n primaria y de la educaci\u00f3n especial y las propuestas pedag\u00f3gicas de la educaci\u00f3n infantil.<\/td>\n<\/tr>\n<\/tbody>\n<\/table>\n<table>\n<tbody>\n<tr>\n<td width=\"706\">Su aprobaci\u00f3n corresponde al Claustro<\/td>\n<\/tr>\n<\/tbody>\n<\/table>\n<p><strong>&nbsp;<\/strong><\/p>\n<p>Teniendo en cuenta lo dispuesto en el art\u00edculo 27, Cap\u00edtulo II, del Decreto 328\/2010, de 13 de Julio, las programaciones did\u00e1cticas en la educaci\u00f3n primaria son instrumentos espec\u00edficos de planificaci\u00f3n, desarrollo y evaluaci\u00f3n de cada \u00e1rea del curr\u00edculo establecido por la normativa vigente. Se atendr\u00e1n a los criterios generales recogidos en el proyecto educativo y tendr\u00e1n en cuenta las necesidades y caracter\u00edsticas del alumnado. Ser\u00e1n elaboradas por los equipos de ciclo, su aprobaci\u00f3n corresponder\u00e1 al Claustro de Profesorado y se podr\u00e1n actualizar o modificar, en su caso, tras los procesos de autoevaluaci\u00f3n.<\/p>\n<p>En este sentido, a la hora de elaborar las distintas programaciones did\u00e1cticas en los Equipos de Ciclo se tendr\u00e1n en cuenta los siguientes criterios:<\/p>\n<ul>\n<li>Tras la evaluaci\u00f3n inicial, las programaciones did\u00e1cticas se adecuar\u00e1n a las caracter\u00edsticas y conocimientos del alumnado, adopt\u00e1ndose las medidas de atenci\u00f3n a la diversidad, tanto individuales como grupales, que se precisen.<\/li>\n<li>Tendr\u00e1n un car\u00e1cter integrador y globalizador, garantizado mediante una organizaci\u00f3n interdisciplinar.<\/li>\n<li>Se podr\u00e1n integrar las \u00e1reas en \u00e1mbitos de conocimiento y experiencia, para facilitar un planteamiento integrado y relevante del proceso de ense\u00f1anza-aprendizaje del alumnado.<\/li>\n<li>La actividad docente se desarrollar\u00e1 de acuerdo con el Equipo de Ciclo al que se pertenezca y la programaci\u00f3n de los mismos cursos se har\u00e1 de forma conjunta, teniendo presente la individualidad de cada alumno\/a y del grupo clase.<\/li>\n<li>La planificaci\u00f3n deber\u00e1 ser sistem\u00e1tica en la fase proactiva de la ense\u00f1anza, y flexible y adaptable en la fase interactiva del trabajo en el aula.<\/li>\n<li>Se podr\u00e1n modificar o actualizar, en su caso, tras los procesos de autoevaluaci\u00f3n (art. 26 del Decreto 328\/2010 de 13 de julio), de forma que se puedan cambiar algunos objetivos, y se haga m\u00e1s \u00e9nfasis en alg\u00fan tipo de actividades para mejorar el proceso.<\/li>\n<li>En caso de de necesidad como puede ser una pandemia, las programaciones se elaborar\u00e1n teniendo en cuenta la tanto la docencia presencial como la docencia no presencial.<\/li>\n<li>En el caso de adaptar las programaciones a la docencia no presencial se realizar\u00e1:<\/li>\n<\/ul>\n<ol>\n<li>An\u00e1lisis y valoraci\u00f3n de los aprendizajes imprescindibles que se van a impartir.<\/li>\n<li>Revisi\u00f3n de objetivos y competencias clave a adquirir.<\/li>\n<li>Se adaptar\u00e1n cargas docentes y tiempos de ense\u00f1anza que, en cualquier caso, se ver\u00e1n reducidos.<\/li>\n<\/ol>\n<ul>\n<li>En caso de docencia no presencial se priorizar\u00e1 en los aprendizajes y contenidos en desarrollo sobre el avance de los nuevos aprendizajes y contenidos<\/li>\n<\/ul>\n<p>&nbsp;&nbsp;&nbsp;&nbsp;&nbsp;&nbsp; &nbsp;&nbsp;&nbsp;&nbsp; Para elaborar las Programaciones Did\u00e1cticas como se establece en la Ley Org\u00e1nica de 2\/2006, en la Ley de Educaci\u00f3n de Andaluc\u00eda 17\/2007 y en el Decreto 328\/2010 de 13 de julio, se tendr\u00e1n en cuenta los siguientes apartados:<\/p>\n<p>&nbsp;&nbsp;&nbsp;&nbsp;&nbsp;&nbsp;&nbsp;&nbsp;&nbsp;&nbsp;&nbsp; a). Los objetivos, contenidos, criterios de evaluaci\u00f3n y su distribuci\u00f3n temporal para cada ciclo.<\/p>\n<p>&nbsp;&nbsp;&nbsp;&nbsp;&nbsp;&nbsp;&nbsp;&nbsp;&nbsp;&nbsp;&nbsp; b). La contribuci\u00f3n de las \u00e1reas a la adquisici\u00f3n de las competencia clave.<\/p>\n<p>&nbsp;&nbsp;&nbsp;&nbsp;&nbsp;&nbsp;&nbsp;&nbsp;&nbsp;&nbsp;&nbsp; c). La forma en que se incorporan los contenidos de car\u00e1cter transversal al curr\u00edculo.<\/p>\n<p>&nbsp;&nbsp;&nbsp;&nbsp;&nbsp;&nbsp;&nbsp;&nbsp;&nbsp;&nbsp;&nbsp; d). La metodolog\u00eda que se va a aplicar.<\/p>\n<p>&nbsp;&nbsp;&nbsp;&nbsp;&nbsp;&nbsp;&nbsp;&nbsp;&nbsp;&nbsp;&nbsp; e). Los procedimientos de evaluaci\u00f3n del alumnado y los criterios de calificaci\u00f3n de acuerdo con la &nbsp;&nbsp;&nbsp;&nbsp;&nbsp;&nbsp;&nbsp;&nbsp;&nbsp;&nbsp;&nbsp; metodolog\u00eda establecida.<\/p>\n<p>&nbsp;&nbsp;&nbsp;&nbsp;&nbsp;&nbsp;&nbsp;&nbsp;&nbsp;&nbsp;&nbsp; f). Las medidas previstas para estimular el inter\u00e9s y el h\u00e1bito de lectura y la&nbsp; mejora de la expresi\u00f3n oral y &nbsp;&nbsp;&nbsp;&nbsp;&nbsp;&nbsp;&nbsp;&nbsp;&nbsp;&nbsp;&nbsp; escrita del alumnado en todos las \u00e1reas.<\/p>\n<p>&nbsp;&nbsp;&nbsp;&nbsp;&nbsp;&nbsp;&nbsp;&nbsp;&nbsp;&nbsp;&nbsp; g). Las medidas de atenci\u00f3n a la diversidad: actividades de recuperaci\u00f3n y proacci\u00f3n.<\/p>\n<p>&nbsp;&nbsp;&nbsp;&nbsp;&nbsp;&nbsp;&nbsp;&nbsp;&nbsp;&nbsp;&nbsp; h). Los materiales y recursos did\u00e1cticos que se vayan a utilizar, incluidos los libros para uso del&nbsp; &nbsp; &nbsp; &nbsp; &nbsp; &nbsp; &nbsp; &nbsp; &nbsp; &nbsp; &nbsp; &nbsp; &nbsp; &nbsp; &nbsp; &nbsp; alumnado. Utilizaci\u00f3n de las TIC en actividades de aprendizaje.<\/p>\n<p>&nbsp;&nbsp;&nbsp;&nbsp;&nbsp;&nbsp;&nbsp;&nbsp;&nbsp;&nbsp;&nbsp; i). Las actividades complementarias y extraescolares relacionadas con el&nbsp; curr\u00edculo, que&nbsp; los Equipos&nbsp; &nbsp; &nbsp; &nbsp; &nbsp; &nbsp; &nbsp; &nbsp; &nbsp; &nbsp; de Ciclo propone realizar.<\/p>\n<p>&nbsp;&nbsp;&nbsp;&nbsp;&nbsp;&nbsp;&nbsp;&nbsp;&nbsp;&nbsp;&nbsp; j). Las actividades en las que el alumnado deber\u00e1 leer, escribir y expresarse oralmente.<\/p>\n<p>Atendiendo a lo dispuesto en el Decreto 97\/2015 de 3 de marzo, las programaciones did\u00e1cticas se elaborar\u00e1n &nbsp;atendiendo a los siguientes principios:<\/p>\n<p>1.- Se tomar\u00e1n como referentes los criterios de evaluaci\u00f3n e indicadores del Anexo I de la orden de 17 de marzo<\/p>\n<ol start=\"2\">\n<li>Las programaciones did\u00e1cticas incorporar\u00e1n m\u00e9todos que tengan en cuenta los diferentes ritmos y estilos de aprendizaje del alumnado, que favorezcan la capacidad de aprender por s\u00ed mismo y que promuevan el trabajo en equipo.<\/li>\n<li>Para la adquisici\u00f3n de las competencias clave, las programaciones did\u00e1cticas estructurar\u00e1n los elementos del curr\u00edculo en torno a actividades y tareas de aprendizaje que permitan al alumnado la puesta en pr\u00e1ctica del conocimiento dentro de contextos diversos.<\/li>\n<li>Las programaciones did\u00e1cticas de todas las \u00e1reas incluir\u00e1n actividades y tareas en las que el alumnado leer\u00e1, escribir\u00e1 y se expresar\u00e1 de forma oral, as\u00ed como har\u00e1 uso de las Tecnolog\u00edas de la Informaci\u00f3n y la Comunicaci\u00f3n.<\/li>\n<li>Se incluir\u00e1n las distintas medidas de atenci\u00f3n a la diversidad que pudieran llevarse a cabo y&nbsp; se tendr\u00e1n en cuenta las necesidades y caracter\u00edsticas del alumnado, as\u00ed como la integraci\u00f3n de los contenidos en unidades did\u00e1cticas que recojan criterios de evaluaci\u00f3n, contenidos, objetivos y su contribuci\u00f3n a la adquisici\u00f3n de las competencias clave secuenciadas de forma coherente con el curso de aprendizaje del alumnado.<\/li>\n<\/ol>\n<p>6.- Las programaciones incluir\u00e1n instrumentos de evaluaci\u00f3n continua : r\u00fabricas, listas de control, pruebas escitas\u2026<\/p>\n<p>7.-En la revisi\u00f3n de las Programaciones did\u00e1cticas se prestar\u00e1 especial atenci\u00f3n a las medidas adoptadas para la atenci\u00f3n de los\/as alumnos\/as que presentan dificultades de aprendizaje o que tengan evaluaci\u00f3n negativa en \u00e1reas del curso anterior o materias pendientes.<\/p>\n<p>8.- Una copia de las programaciones did\u00e1cticas ser\u00e1n entregadas por los\/as respectivos\/as coordinadores\/as de ciclo a la Jefatura de Estudios.<\/p>\n<table>\n<tbody>\n<tr>\n<td width=\"177\">Proyecto educativo<\/td>\n<td width=\"113\">Apartado o)<\/td>\n<td width=\"416\">Planes estrat\u00e9gicos que se desarrollan en el centro.<\/td>\n<\/tr>\n<\/tbody>\n<\/table>\n<table>\n<tbody>\n<tr>\n<td width=\"706\">Su aprobaci\u00f3n corresponde al Consejo escolar<\/td>\n<\/tr>\n<\/tbody>\n<\/table>\n<p><strong>&nbsp; <\/strong><\/p>\n<p>En nuestro centro se desarrollan los siguientes planes estrat\u00e9gicos<strong>:<\/strong><\/p>\n<ol>\n<li><strong> a) con car\u00e1cter permanente:<\/strong><\/li>\n<\/ol>\n<p>1.-&nbsp;&nbsp;&nbsp;&nbsp;&nbsp;&nbsp;&nbsp; Plan de Salud Laboral y P.R.L.<\/p>\n<p>2.-&nbsp;&nbsp;&nbsp;&nbsp;&nbsp;&nbsp;&nbsp; Plan de Igualdad entre Hombres y Mujeres en la Educaci\u00f3n.<\/p>\n<p>3.-&nbsp;&nbsp;&nbsp;&nbsp;&nbsp;&nbsp;&nbsp; Plan de Apertura de Centros Docentes.<\/p>\n<p>6.-&nbsp;&nbsp;&nbsp;&nbsp;&nbsp;&nbsp;&nbsp; Escuelas Deportivas.<\/p>\n<p>7.-&nbsp;&nbsp;&nbsp;&nbsp;&nbsp;&nbsp;&nbsp; Escuela TIC. 2.0<\/p>\n<ol>\n<li><strong>b)<\/strong>&nbsp; <strong>con car\u00e1cter anual o bianual:<\/strong><\/li>\n<\/ol>\n<ul>\n<li>Programa Creciendo en Salud<\/li>\n<\/ul>\n<table>\n<tbody>\n<tr>\n<td width=\"177\">Proyecto educativo<\/td>\n<td width=\"132\">Apartado p)<\/td>\n<td width=\"397\">Cualesquiera otros que le sean atribuidos por orden de la persona titular de la Consejer\u00eda competente en materia de educaci\u00f3n.<\/td>\n<\/tr>\n<\/tbody>\n<\/table>\n<p><strong>&nbsp;&nbsp;&nbsp;&nbsp;&nbsp;&nbsp;&nbsp;&nbsp;&nbsp;&nbsp;&nbsp; <\/strong><\/p>\n<p>Se incluir\u00e1n en este apartado todas aquellas &nbsp;que sean publicadas en BOJAS, Decretos u \u00d3rdenes que publique la Consejer\u00eda de Educaci\u00f3n de la Junta de <strong>&nbsp;<\/strong>Andaluc\u00eda y, si afecta a alg\u00fan apartado anterior, se incluir\u00e1 en el mismo, &nbsp;haciendo constar la fecha, tipo de documento y \u00f3rgano que lo emite.<\/p>\n<p>&nbsp;<\/p>\n<p><strong>&nbsp;<\/strong><\/p>\n","protected":false},"excerpt":{"rendered":"<p>PROYECTO EDUCATIVO La finalidad de la Educaci\u00f3n B\u00e1sica es proporcionar a todas las ni\u00f1as y ni\u00f1os una formaci\u00f3n que permita afianzar su desarrollo personal y su propio bienestar, adquirir las habilidades culturales b\u00e1sicas relativas&#46;&#46;&#46;<\/p>\n","protected":false},"author":2286,"featured_media":0,"parent":0,"menu_order":0,"comment_status":"closed","ping_status":"closed","template":"","meta":{"ngg_post_thumbnail":0,"footnotes":"","_mc_calendar":[]},"aioseo_notices":[],"_links":{"self":[{"href":"https:\/\/blogsaverroes.juntadeandalucia.es\/colegiocervantesalgodonales\/wp-json\/wp\/v2\/pages\/2500"}],"collection":[{"href":"https:\/\/blogsaverroes.juntadeandalucia.es\/colegiocervantesalgodonales\/wp-json\/wp\/v2\/pages"}],"about":[{"href":"https:\/\/blogsaverroes.juntadeandalucia.es\/colegiocervantesalgodonales\/wp-json\/wp\/v2\/types\/page"}],"author":[{"embeddable":true,"href":"https:\/\/blogsaverroes.juntadeandalucia.es\/colegiocervantesalgodonales\/wp-json\/wp\/v2\/users\/2286"}],"replies":[{"embeddable":true,"href":"https:\/\/blogsaverroes.juntadeandalucia.es\/colegiocervantesalgodonales\/wp-json\/wp\/v2\/comments?post=2500"}],"version-history":[{"count":29,"href":"https:\/\/blogsaverroes.juntadeandalucia.es\/colegiocervantesalgodonales\/wp-json\/wp\/v2\/pages\/2500\/revisions"}],"predecessor-version":[{"id":3519,"href":"https:\/\/blogsaverroes.juntadeandalucia.es\/colegiocervantesalgodonales\/wp-json\/wp\/v2\/pages\/2500\/revisions\/3519"}],"wp:attachment":[{"href":"https:\/\/blogsaverroes.juntadeandalucia.es\/colegiocervantesalgodonales\/wp-json\/wp\/v2\/media?parent=2500"}],"curies":[{"name":"wp","href":"https:\/\/api.w.org\/{rel}","templated":true}]}}