{"id":432,"date":"2015-03-20T07:07:25","date_gmt":"2015-03-20T07:07:25","guid":{"rendered":"http:\/\/blogsaverroes.juntadeandalucia.es\/pre\/ceip\/?page_id=432"},"modified":"2025-12-29T08:27:00","modified_gmt":"2025-12-29T08:27:00","slug":"ed-primaria-2o-ciclo","status":"publish","type":"page","link":"https:\/\/blogsaverroes.juntadeandalucia.es\/colegiochimeneas\/ed-primaria-2o-ciclo\/","title":{"rendered":"Ed. Primaria. 2\u00ba ciclo"},"content":{"rendered":"<p><a href=\"https:\/\/blogsaverroes.juntadeandalucia.es\/colegiochimeneas\/files\/2025\/12\/ChatGPT-Image-29-dic-2025-09_24_28.png\"><img loading=\"lazy\" decoding=\"async\" class=\"alignnone size-medium wp-image-2622\" src=\"https:\/\/blogsaverroes.juntadeandalucia.es\/colegiochimeneas\/files\/2025\/12\/ChatGPT-Image-29-dic-2025-09_24_28-300x200.png\" alt=\"\" width=\"300\" height=\"200\" srcset=\"https:\/\/blogsaverroes.juntadeandalucia.es\/colegiochimeneas\/files\/2025\/12\/ChatGPT-Image-29-dic-2025-09_24_28-300x200.png 300w, https:\/\/blogsaverroes.juntadeandalucia.es\/colegiochimeneas\/files\/2025\/12\/ChatGPT-Image-29-dic-2025-09_24_28-1024x683.png 1024w, https:\/\/blogsaverroes.juntadeandalucia.es\/colegiochimeneas\/files\/2025\/12\/ChatGPT-Image-29-dic-2025-09_24_28-768x512.png 768w, https:\/\/blogsaverroes.juntadeandalucia.es\/colegiochimeneas\/files\/2025\/12\/ChatGPT-Image-29-dic-2025-09_24_28.png 1536w\" sizes=\"(max-width: 300px) 100vw, 300px\" \/><\/a><\/p>\n<h3 data-start=\"239\" data-end=\"293\">Nuestro alumnado de Segundo Ciclo de Primaria<\/h3>\n<p data-start=\"295\" data-end=\"615\">El alumnado de <strong data-start=\"310\" data-end=\"367\">segundo ciclo de Educaci\u00f3n Primaria (3.\u00ba y 4.\u00ba curso)<\/strong> se encuentra en una etapa de crecimiento muy importante, tanto a nivel acad\u00e9mico como personal. Es un momento en el que comienzan a consolidar h\u00e1bitos de trabajo, mejorar su autonom\u00eda y desarrollar una mayor conciencia de s\u00ed mismos y de los dem\u00e1s.<\/p>\n<p data-start=\"617\" data-end=\"903\">En el plano <strong data-start=\"629\" data-end=\"651\">emocional y social<\/strong>, los ni\u00f1os y ni\u00f1as muestran una mayor necesidad de pertenecer al grupo, fortalecen sus amistades y aprenden a resolver peque\u00f1os conflictos mediante el di\u00e1logo. Empiezan a expresar mejor sus emociones y a comprender normas de convivencia m\u00e1s complejas.<\/p>\n<p data-start=\"905\" data-end=\"1171\">A nivel <strong data-start=\"913\" data-end=\"926\">acad\u00e9mico<\/strong>, avanzan en la comprensi\u00f3n lectora, la expresi\u00f3n escrita, el razonamiento matem\u00e1tico y el trabajo con contenidos m\u00e1s estructurados. Es una etapa clave para fomentar la curiosidad, el gusto por aprender y la confianza en sus propias capacidades.<\/p>\n<h3 data-start=\"1173\" data-end=\"1206\">Consejos para las familias<\/h3>\n<ul data-start=\"1207\" data-end=\"1558\">\n<li data-start=\"1207\" data-end=\"1260\">\n<p data-start=\"1209\" data-end=\"1260\">Favorecer <strong data-start=\"1219\" data-end=\"1259\">rutinas diarias de estudio y lectura<\/strong>.<\/p>\n<\/li>\n<li data-start=\"1261\" data-end=\"1335\">\n<p data-start=\"1263\" data-end=\"1335\">Reforzar la <strong data-start=\"1275\" data-end=\"1288\">autonom\u00eda<\/strong>, anim\u00e1ndoles a organizar su material y tareas.<\/p>\n<\/li>\n<li data-start=\"1336\" data-end=\"1396\">\n<p data-start=\"1338\" data-end=\"1396\">Valorar el esfuerzo y el progreso, no solo los resultados.<\/p>\n<\/li>\n<li data-start=\"1397\" data-end=\"1472\">\n<p data-start=\"1399\" data-end=\"1472\">Mantener una <strong data-start=\"1412\" data-end=\"1447\">comunicaci\u00f3n cercana y positiva<\/strong> con el centro educativo.<\/p>\n<\/li>\n<li data-start=\"1473\" data-end=\"1558\">\n<p data-start=\"1475\" data-end=\"1558\">Fomentar h\u00e1bitos saludables: descanso, alimentaci\u00f3n y uso responsable de pantallas.<\/p>\n<\/li>\n<\/ul>\n<p data-start=\"1560\" data-end=\"1753\">Desde el centro trabajamos para ofrecer un entorno seguro, motivador y participativo, en el que el alumnado pueda desarrollarse de manera integral y avanzar con ilusi\u00f3n en su proceso educativo.<\/p>\n","protected":false},"excerpt":{"rendered":"<p>Nuestro alumnado de Segundo Ciclo de Primaria El alumnado de&#46;&#46;&#46;<\/p>\n","protected":false},"author":1,"featured_media":0,"parent":0,"menu_order":0,"comment_status":"closed","ping_status":"open","template":"","meta":{"ngg_post_thumbnail":0,"footnotes":"","_mc_calendar":[]},"aioseo_notices":[],"_links":{"self":[{"href":"https:\/\/blogsaverroes.juntadeandalucia.es\/colegiochimeneas\/wp-json\/wp\/v2\/pages\/432"}],"collection":[{"href":"https:\/\/blogsaverroes.juntadeandalucia.es\/colegiochimeneas\/wp-json\/wp\/v2\/pages"}],"about":[{"href":"https:\/\/blogsaverroes.juntadeandalucia.es\/colegiochimeneas\/wp-json\/wp\/v2\/types\/page"}],"author":[{"embeddable":true,"href":"https:\/\/blogsaverroes.juntadeandalucia.es\/colegiochimeneas\/wp-json\/wp\/v2\/users\/1"}],"replies":[{"embeddable":true,"href":"https:\/\/blogsaverroes.juntadeandalucia.es\/colegiochimeneas\/wp-json\/wp\/v2\/comments?post=432"}],"version-history":[{"count":9,"href":"https:\/\/blogsaverroes.juntadeandalucia.es\/colegiochimeneas\/wp-json\/wp\/v2\/pages\/432\/revisions"}],"predecessor-version":[{"id":2624,"href":"https:\/\/blogsaverroes.juntadeandalucia.es\/colegiochimeneas\/wp-json\/wp\/v2\/pages\/432\/revisions\/2624"}],"wp:attachment":[{"href":"https:\/\/blogsaverroes.juntadeandalucia.es\/colegiochimeneas\/wp-json\/wp\/v2\/media?parent=432"}],"curies":[{"name":"wp","href":"https:\/\/api.w.org\/{rel}","templated":true}]}}