{"id":2757,"date":"2021-02-06T12:49:54","date_gmt":"2021-02-06T12:49:54","guid":{"rendered":"https:\/\/blogsaverroes.juntadeandalucia.es\/colegiocorrales\/?page_id=2757"},"modified":"2024-09-04T11:46:47","modified_gmt":"2024-09-04T11:46:47","slug":"aula-espera","status":"publish","type":"page","link":"https:\/\/blogsaverroes.juntadeandalucia.es\/colegiocorrales\/aula-espera\/","title":{"rendered":"Aula de Espera"},"content":{"rendered":"<p>Solicitado por el Consejo Escolar de centro ante las demandas de las familias en los \u00faltimos a\u00f1os fue aprobado por la Delegaci\u00f3n Territorial; siendo la empresa JaponEduca la que presta el mismo.<br \/>\nDicho servicio que ya ha estado funcionando en los dos \u00faltimos cursos escolares se inici\u00f3 con la vocaci\u00f3n de facilitar a las familias que salen de trabajar a las 14 horas o poco despu\u00e9s, que puedan recoger a sus hijos y comer en casa con ellos sin necesidad de que estos coman en el comedor escolar, bien sea porque prefieren comer en familia o bien porque no es de su agrado el catering que se sirve en dicho servicio.<\/p>\n<p><strong>Para poder hacer uso del AULA DE ESPERA deben tener en cuenta lo siguiente:<\/strong><\/p>\n<div>Informaci\u00f3n:<\/div>\n<div><a href=\"https:\/\/www.grupojapon.es\/servicio\/japoneduca,6\">https:\/\/www.grupojapon.es\/servicio\/japoneduca,6<\/a><\/div>\n<div>Inscripciones:<\/div>\n<div><a href=\"https:\/\/app.grupojapon.es\/index.php\/registro\" target=\"_blank\" rel=\"noopener noreferrer\">https:\/\/app.grupojapon.es\/index.php\/registro<\/a><\/div>\n<p>\u2013&nbsp; Si ya est\u00e1n admitidos en el servicio de comedor para el presente curso pero desean apuntarse al aula de espera,<strong>&nbsp;deben solicitar al centro la baja de dicho servicio para que no le sigan cobrando usos.<\/strong><br \/>\n\u2013 El servicio de Aula de Espera se prestar\u00e1 de <strong>14 a 15 horas en la BIBLIOTECA ESCOLAR.<\/strong><br \/>\n\u2013 No estar\u00e1 permitido que el alumnado almuerce durante la prestaci\u00f3n del servicio.<br \/>\n\u2013 El precio mensual de dicho servicio es de <strong>25\u20ac\/mes, 3\u20ac por usos sueltos; teniendo un descuento del 10% en el segundo hermano y sucesivos.<\/strong><br \/>\n\u2013 Este servicio no pertenece a las Actividades Complementarias (Plan de Apertura de Centro), por lo que <strong>no tiene bonificaciones de la Junta de Andaluc\u00eda ni est\u00e1 sujeto a gratuidad del servicio.<\/strong><\/p>\n<div class=\"wp-video\">\n<div style=\"width: 1920px;\" class=\"wp-video\"><!--[if lt IE 9]><script>document.createElement('video');<\/script><![endif]-->\n<video class=\"wp-video-shortcode\" id=\"video-2757-1\" width=\"1920\" height=\"1080\" preload=\"metadata\" controls=\"controls\"><source type=\"video\/mp4\" src=\"https:\/\/blogsaverroes.juntadeandalucia.es\/colegiocorrales\/files\/2024\/09\/Aula_de_Espera_Ceip_Tierno_Galvan_2024-25_bUCYINj.mp4?_=1\" \/><a href=\"https:\/\/blogsaverroes.juntadeandalucia.es\/colegiocorrales\/files\/2024\/09\/Aula_de_Espera_Ceip_Tierno_Galvan_2024-25_bUCYINj.mp4\">https:\/\/blogsaverroes.juntadeandalucia.es\/colegiocorrales\/files\/2024\/09\/Aula_de_Espera_Ceip_Tierno_Galvan_2024-25_bUCYINj.mp4<\/a><\/video><\/div>\n<div id=\"mep_0\" class=\"mejs-container mejs-container-keyboard-inactive wp-video-shortcode mejs-video\" role=\"application\" aria-label=\"Reproductor de v\u00eddeo\">\n<div class=\"mejs-inner\">\n<div class=\"mejs-mediaelement\">&nbsp;<\/div>\n<div class=\"mejs-layers\">\n<div class=\"mejs-overlay mejs-layer mejs-overlay-play\">\n<div class=\"mejs-overlay-button\" role=\"button\" aria-label=\"Reproducir\">&nbsp;<\/div>\n<\/div>\n<\/div>\n<div class=\"mejs-controls\">\n<div class=\"mejs-time mejs-duration-container\">&nbsp;<\/div>\n<div class=\"mejs-button mejs-volume-button mejs-mute\">&nbsp;<\/div>\n<div class=\"mejs-button mejs-fullscreen-button\">&nbsp;<\/div>\n<\/div>\n<\/div>\n<\/div>\n<\/div>\n<p>&nbsp;<\/p>\n<p>&nbsp;<\/p>\n<p>&nbsp;<\/p>\n","protected":false},"excerpt":{"rendered":"<p>Solicitado por el Consejo Escolar de centro ante las demandas de las familias en los \u00faltimos a\u00f1os fue aprobado por la Delegaci\u00f3n Territorial; siendo la empresa JaponEduca la que presta el mismo. Dicho servicio&#46;&#46;&#46;<\/p>\n","protected":false},"author":1955,"featured_media":0,"parent":0,"menu_order":0,"comment_status":"closed","ping_status":"closed","template":"","meta":{"ngg_post_thumbnail":0,"footnotes":"","_mc_calendar":[]},"aioseo_notices":[],"_links":{"self":[{"href":"https:\/\/blogsaverroes.juntadeandalucia.es\/colegiocorrales\/wp-json\/wp\/v2\/pages\/2757"}],"collection":[{"href":"https:\/\/blogsaverroes.juntadeandalucia.es\/colegiocorrales\/wp-json\/wp\/v2\/pages"}],"about":[{"href":"https:\/\/blogsaverroes.juntadeandalucia.es\/colegiocorrales\/wp-json\/wp\/v2\/types\/page"}],"author":[{"embeddable":true,"href":"https:\/\/blogsaverroes.juntadeandalucia.es\/colegiocorrales\/wp-json\/wp\/v2\/users\/1955"}],"replies":[{"embeddable":true,"href":"https:\/\/blogsaverroes.juntadeandalucia.es\/colegiocorrales\/wp-json\/wp\/v2\/comments?post=2757"}],"version-history":[{"count":7,"href":"https:\/\/blogsaverroes.juntadeandalucia.es\/colegiocorrales\/wp-json\/wp\/v2\/pages\/2757\/revisions"}],"predecessor-version":[{"id":5177,"href":"https:\/\/blogsaverroes.juntadeandalucia.es\/colegiocorrales\/wp-json\/wp\/v2\/pages\/2757\/revisions\/5177"}],"wp:attachment":[{"href":"https:\/\/blogsaverroes.juntadeandalucia.es\/colegiocorrales\/wp-json\/wp\/v2\/media?parent=2757"}],"curies":[{"name":"wp","href":"https:\/\/api.w.org\/{rel}","templated":true}]}}