{"id":2779,"date":"2021-02-08T16:40:33","date_gmt":"2021-02-08T16:40:33","guid":{"rendered":"https:\/\/blogsaverroes.juntadeandalucia.es\/colegiocorrales\/?page_id=2779"},"modified":"2025-09-03T20:27:17","modified_gmt":"2025-09-03T20:27:17","slug":"asignacion-de-tutorias","status":"publish","type":"page","link":"https:\/\/blogsaverroes.juntadeandalucia.es\/colegiocorrales\/asignacion-de-tutorias\/","title":{"rendered":"Asignaci\u00f3n de tutor\u00edas 25-26"},"content":{"rendered":"<table style=\"width: 96.6069%;height: 465px\" border=\"1\" cellspacing=\"0\" cellpadding=\"0\">\n<tbody>\n<tr style=\"height: 10px\">\n<td style=\"width: 99.7584%;height: 10px\" colspan=\"2\">\n<p align=\"center\"><strong>EDUCACI\u00d3N INFANTIL<\/strong><\/p>\n<\/td>\n<\/tr>\n<tr style=\"height: 10px\">\n<td style=\"width: 23.0676%;height: 10px\">3 a\u00f1os A<\/td>\n<td style=\"width: 76.6908%;height: 10px\">Escala Manzanares, Mar\u00eda Carmen<\/td>\n<\/tr>\n<tr style=\"height: 10px\">\n<td style=\"width: 23.0676%;height: 12px\">3 a\u00f1os B<\/td>\n<td style=\"width: 76.6908%;height: 12px\">Cimbora Bravo, Mar\u00eda Jos\u00e9<\/td>\n<\/tr>\n<tr style=\"height: 10px\">\n<td style=\"width: 23.0676%;height: 10px\">4 a\u00f1os A<\/td>\n<td style=\"width: 76.6908%;height: 10px\">Pichardo V\u00e1zquez, Mar\u00eda Jos\u00e9<\/td>\n<\/tr>\n<tr style=\"height: 10px\">\n<td style=\"width: 23.0676%;height: 10px\">4 a\u00f1os B<\/td>\n<td style=\"width: 76.6908%;height: 10px\">\u00c1lvarez Villanueva, Mar\u00eda Victoria<\/td>\n<\/tr>\n<tr>\n<td style=\"width: 23.0676%\">4 a\u00f1os C<\/td>\n<td style=\"width: 76.6908%\">V\u00e9lez Pichardo, Lorena<\/td>\n<\/tr>\n<tr style=\"height: 10px\">\n<td style=\"width: 23.0676%;height: 10px\">5 a\u00f1os A<\/td>\n<td style=\"width: 76.6908%;height: 10px\">Rodr\u00edguez Cabrita, Mar\u00eda Alejandra<\/td>\n<\/tr>\n<tr style=\"height: 10px\">\n<td style=\"width: 23.0676%;height: 10px\">5 a\u00f1os B<\/td>\n<td style=\"width: 76.6908%;height: 10px\">Cuaresma Mart\u00edn, Mar\u00eda del Carmen<\/td>\n<\/tr>\n<tr style=\"height: 10px\">\n<td style=\"width: 23.0676%;height: 10px\">APOYO<\/td>\n<td style=\"width: 76.6908%;height: 10px\">Mu\u00f1iz Ortega, Karen<\/td>\n<\/tr>\n<tr style=\"height: 61px\">\n<td style=\"width: 99.7584%;height: 61px\" colspan=\"2\">\n<p align=\"center\"><strong>EDUCACI\u00d3N PRIMARIA<\/strong><\/p>\n<\/td>\n<\/tr>\n<tr style=\"height: 10px\">\n<td style=\"width: 23.0676%;height: 10px\">1\u00ba Prim A<\/td>\n<td style=\"width: 76.6908%;height: 10px\">Gardu\u00f1o Fernandez, Jes\u00fas<\/td>\n<\/tr>\n<tr style=\"height: 10px\">\n<td style=\"width: 23.0676%;height: 10px\">1\u00ba Prim B<\/td>\n<td style=\"width: 76.6908%;height: 10px\">Garc\u00eda Bahamonde, Celia<\/td>\n<\/tr>\n<tr style=\"height: 10px\">\n<td style=\"width: 23.0676%;height: 10px\">1\u00ba Prim C<\/td>\n<td style=\"width: 76.6908%;height: 10px\">L\u00f3pez Gonz\u00e1lez, Ana<\/td>\n<\/tr>\n<tr style=\"height: 10px\">\n<td style=\"width: 23.0676%;height: 10px\">2\u00ba Prim A<\/td>\n<td style=\"width: 76.6908%;height: 10px\">Romero D\u00edaz, Inmaculada<\/td>\n<\/tr>\n<tr style=\"height: 10px\">\n<td style=\"width: 23.0676%;height: 10px\">2\u00ba Prim B<\/td>\n<td style=\"width: 76.6908%;height: 10px\">Su\u00e1rez V\u00e1zquez, Mar\u00eda del Carmen<\/td>\n<\/tr>\n<tr style=\"height: 10px\">\n<td style=\"width: 23.0676%;height: 10px\">2\u00ba Prim C<\/td>\n<td style=\"width: 76.6908%;height: 10px\">Rodr\u00edguez Prado, Mar\u00eda Carmen<\/td>\n<\/tr>\n<tr style=\"height: 10px\">\n<td style=\"width: 23.0676%;height: 10px\">3\u00ba Prim A<\/td>\n<td style=\"width: 76.6908%;height: 10px\">Mora Rodr\u00edguez, Marina<\/td>\n<\/tr>\n<tr style=\"height: 10px\">\n<td style=\"width: 23.0676%;height: 10px\">3\u00ba Prim B<\/td>\n<td style=\"width: 76.6908%;height: 10px\">Delgado Alc\u00e1ntara, Ignacio<\/td>\n<\/tr>\n<tr style=\"height: 10px\">\n<td style=\"width: 23.0676%;height: 10px\">3\u00ba Prim C<\/td>\n<td style=\"width: 76.6908%;height: 10px\">Dom\u00ednguez Fernandez, Teresa Amelia<\/td>\n<\/tr>\n<tr style=\"height: 10px\">\n<td style=\"width: 23.0676%;height: 10px\">4\u00ba Prim A<\/td>\n<td style=\"width: 76.6908%;height: 10px\">Gil Ramblado, Juan<\/td>\n<\/tr>\n<tr style=\"height: 10px\">\n<td style=\"width: 23.0676%;height: 10px\">4\u00ba Prim B<\/td>\n<td style=\"width: 76.6908%;height: 10px\">Garc\u00eda Mor\u00e1n, Mar\u00eda Jos\u00e9<\/td>\n<\/tr>\n<tr style=\"height: 10px\">\n<td style=\"width: 23.0676%;height: 10px\">4\u00ba Prim C<\/td>\n<td style=\"width: 76.6908%;height: 10px\">Luj\u00e1n Pliego, Tom\u00e1s<\/td>\n<\/tr>\n<tr style=\"height: 10px\">\n<td style=\"width: 23.0676%;height: 10px\">5\u00ba Prim A<\/td>\n<td style=\"width: 76.6908%;height: 10px\">Carrasco D\u00edaz, Irene de la Pe\u00f1a<\/td>\n<\/tr>\n<tr style=\"height: 10px\">\n<td style=\"width: 23.0676%;height: 10px\">5\u00ba Prim B<\/td>\n<td style=\"width: 76.6908%;height: 10px\">Parada Mu\u00f1oz, Victoria<\/td>\n<\/tr>\n<tr style=\"height: 10px\">\n<td style=\"width: 23.0676%;height: 10px\">5\u00ba Prim C<\/td>\n<td style=\"width: 76.6908%;height: 10px\">Gallego Vega, Rafael<\/td>\n<\/tr>\n<tr style=\"height: 10px\">\n<td style=\"width: 23.0676%;height: 10px\">6\u00ba Prim A<\/td>\n<td style=\"width: 76.6908%;height: 10px\">Guisado Maestre, Mar\u00eda de la Cinta<\/td>\n<\/tr>\n<tr style=\"height: 10px\">\n<td style=\"width: 23.0676%;height: 10px\">6\u00ba Prim B<\/td>\n<td style=\"width: 76.6908%;height: 10px\">Espinosa dela Fuente, Fernando<\/td>\n<\/tr>\n<tr style=\"height: 10px\">\n<td style=\"width: 23.0676%;height: 10px\">6\u00ba Prim C<\/td>\n<td style=\"width: 76.6908%;height: 10px\">Roncero Rasco, Inmaculada<\/td>\n<\/tr>\n<tr style=\"height: 10px\">\n<td style=\"width: 23.0676%;height: 10px\">6\u00ba Prim D<\/td>\n<td style=\"width: 76.6908%;height: 10px\">Est\u00e9vez Garc\u00eda, Carmen<\/td>\n<\/tr>\n<tr style=\"height: 24px\">\n<td style=\"width: 23.0676%;height: 24px\">APOYO Primaria<\/td>\n<td style=\"width: 76.6908%;height: 24px\">Tenorio Fernandez, Sebastiana<\/td>\n<\/tr>\n<tr style=\"height: 24px\">\n<td style=\"width: 23.0676%;height: 24px\">AULA ESPEC\u00cdFICA<\/td>\n<td style=\"width: 76.6908%;height: 24px\">Rodr\u00edguez Garc\u00eda, Ascensi\u00f3n<\/td>\n<\/tr>\n<\/tbody>\n<\/table>\n","protected":false},"excerpt":{"rendered":"<p>EDUCACI\u00d3N INFANTIL 3 a\u00f1os A Escala Manzanares, Mar\u00eda Carmen 3 a\u00f1os B Cimbora Bravo, Mar\u00eda Jos\u00e9 4 a\u00f1os A Pichardo V\u00e1zquez, Mar\u00eda Jos\u00e9 4 a\u00f1os B \u00c1lvarez Villanueva, Mar\u00eda Victoria 4 a\u00f1os C V\u00e9lez&#46;&#46;&#46;<\/p>\n","protected":false},"author":1955,"featured_media":0,"parent":0,"menu_order":0,"comment_status":"closed","ping_status":"closed","template":"","meta":{"ngg_post_thumbnail":0,"footnotes":"","_mc_calendar":[]},"aioseo_notices":[],"_links":{"self":[{"href":"https:\/\/blogsaverroes.juntadeandalucia.es\/colegiocorrales\/wp-json\/wp\/v2\/pages\/2779"}],"collection":[{"href":"https:\/\/blogsaverroes.juntadeandalucia.es\/colegiocorrales\/wp-json\/wp\/v2\/pages"}],"about":[{"href":"https:\/\/blogsaverroes.juntadeandalucia.es\/colegiocorrales\/wp-json\/wp\/v2\/types\/page"}],"author":[{"embeddable":true,"href":"https:\/\/blogsaverroes.juntadeandalucia.es\/colegiocorrales\/wp-json\/wp\/v2\/users\/1955"}],"replies":[{"embeddable":true,"href":"https:\/\/blogsaverroes.juntadeandalucia.es\/colegiocorrales\/wp-json\/wp\/v2\/comments?post=2779"}],"version-history":[{"count":29,"href":"https:\/\/blogsaverroes.juntadeandalucia.es\/colegiocorrales\/wp-json\/wp\/v2\/pages\/2779\/revisions"}],"predecessor-version":[{"id":5241,"href":"https:\/\/blogsaverroes.juntadeandalucia.es\/colegiocorrales\/wp-json\/wp\/v2\/pages\/2779\/revisions\/5241"}],"wp:attachment":[{"href":"https:\/\/blogsaverroes.juntadeandalucia.es\/colegiocorrales\/wp-json\/wp\/v2\/media?parent=2779"}],"curies":[{"name":"wp","href":"https:\/\/api.w.org\/{rel}","templated":true}]}}