{"id":1008,"date":"2025-11-25T16:50:53","date_gmt":"2025-11-25T15:50:53","guid":{"rendered":"https:\/\/blogsaverroes.juntadeandalucia.es\/colegiodehesasviejas\/?page_id=1008"},"modified":"2025-12-01T09:18:55","modified_gmt":"2025-12-01T08:18:55","slug":"claustro-25-26","status":"publish","type":"page","link":"https:\/\/blogsaverroes.juntadeandalucia.es\/colegiodehesasviejas\/claustro-25-26\/","title":{"rendered":"Claustro 25-26."},"content":{"rendered":"<div><span style=\"font-size: 18pt;color: #000000\"><b>CLAUSTRO DE PROFESORES 25 &#8211; 26<\/b><\/span><\/div>\n<div><span style=\"font-size: 14pt\"><strong>EQUIPO DIRECTIVO<\/strong><\/span><\/div>\n<ul style=\"list-style-type: square\">\n<li><strong>Direcci\u00f3n y jefatura de estudios:<\/strong> D. Francisco Jos\u00e9 Rubio Garc\u00eda. CONTACTO: <span class=\"texto-SNC \">18002279.edu@juntadeandalucia.es<\/span><\/li>\n<li><strong>Secretar\u00eda:&nbsp;<\/strong>D. Vicente Carrasco G\u00f3mez. CONTACTO: <span class=\"texto-SNC \">18002279.edu@juntadeandalucia.es<\/span><\/li>\n<\/ul>\n<div><strong><span style=\"font-size: 14pt\">CLAUSTRO DE PROFESORADO<\/span><\/strong><\/div>\n<div>\n<ul style=\"list-style-type: square\">\n<li style=\"text-align: left\"><span style=\"color: #000000\"><span style=\"font-size: 14pt\"><em><b style=\"color: #000000\">Aula <\/b><span style=\"color: #000000\"><b>espec\u00edfica<\/b><\/span><\/em><b style=\"color: #000000\"><em>:<\/em> <\/b><\/span><span style=\"color: #000000\">D. \u00aa D\u00e9bora mayoral l\u00f3pez. CONTACTO: dmaylop993@g.educaand.es<strong>(Pedagog\u00eda Terap\u00e9utica).<\/strong><\/span><\/span><\/li>\n<li><span style=\"color: #000000\"><em><strong>Monitora PTIS:<\/strong> <\/em>D.\u00aa Carmen Delgado Castro (01\/09\/25-19\/11\/25). D\u00aa Laura Ib\u00e1\u00f1ez Rodr\u00edguez<\/span><\/li>\n<li style=\"text-align: left\"><span style=\"color: #000000\"><span style=\"font-size: 14pt\"><em><b>Ed. Infantil:<\/b><\/em>&nbsp;<\/span><\/span><\/li>\n<li style=\"text-align: left\"><span style=\"color: #000000\"><strong><span style=\"font-size: 14pt\"> 3 A. <\/span><\/strong>D.\u00aa M.\u00aa Esmeralda Velasco Rodr\u00edguez. CONTACTO: mvelrod780@g.educaand.es<\/span><\/li>\n<li><strong>4\/5A.<\/strong> D\u00aa Mirella Cuenca Marcos. CONTACTO:mcuemar253@g.educaand.es<\/li>\n<li>&nbsp;D\u00aa Belinda Medina Mart\u00edn. CONTACTO: bmedmar0610@g.educaand.es (Religi\u00f3n Infantil)<\/li>\n<li style=\"text-align: left\"><span style=\"font-size: 14pt\"><em><strong><span style=\"color: #000000\">Ed. Primaria: <\/span><\/strong><\/em><\/span><\/li>\n<li style=\"text-align: left\"><span style=\"color: #000000\">D\u00aa Cristina M\u00aa Dur\u00e1n Fern\u00e1ndez. CONTACTO: cdurfer298@g.educaand.es <strong>(Tutora 1\u00ba Ciclo. Franc\u00e9s). 1\u00ba Trimestre.<\/strong><\/span><\/li>\n<li><span style=\"color: #000000\">D.\u00aa Cristina Mart\u00edn Way. CONTACTO: cmarway800@g.educaand.es <strong>(Tutora 1\u00ba Ciclo. Franc\u00e9s). 2\u00ba y 3\u00ba trimestre.<\/strong><\/span><\/li>\n<li style=\"text-align: left\"><span style=\"color: #000000\">D.\u00aa Mar\u00eda \u00c1ngeles Linde Linde <strong>(tutora 2\u00ba Ciclo). (E. F\u00edsica E. Primaria).<\/strong><\/span><\/li>\n<li><span style=\"color: #000000\">D. Salvador Jes\u00fas Cubero Guti\u00e9rrez. CONTACTO: scubgut527@g.educaand.es <strong>(Tutor 3\u00ba Ciclo).<\/strong><\/span><strong> &nbsp;<\/strong><\/li>\n<li>D\u00aa. Antonia Hern\u00e1ndez-Carrillo Molina <strong>(Apoyo y refuerzo. Valores en 6\u00ba).&nbsp;<\/strong> &nbsp; &nbsp; &nbsp; &nbsp; &nbsp; &nbsp; &nbsp; &nbsp; &nbsp; &nbsp; &nbsp; &nbsp; &nbsp; &nbsp; &nbsp; &nbsp; &nbsp; &nbsp; &nbsp; &nbsp;&nbsp;<\/li>\n<li><span style=\"color: #000000\">D\u00aa. Matilde Castillo Hisp\u00e1n. CONTACTO: <span class=\"texto-SNC \">mcashis393@g.educaand.es <strong>(<\/strong><\/span><\/span><strong><span style=\"color: #000000\"><span style=\"color: #000000\">Religi\u00f3n).<\/span><\/span><\/strong><\/li>\n<li><span style=\"font-size: 14pt\"><em><span style=\"color: #000000\"><b style=\"color: #000000\">1.er ciclo de <\/b><span style=\"color: #000000\"><b>Ed. Secundaria<\/b><\/span><b style=\"color: #000000\"> Obligatoria(E.S.O.).<\/b><\/span><\/em><\/span><\/li>\n<li><span style=\"color: #000000\"><span style=\"color: #000000\">D\u00aa. Encarnaci\u00f3n Garrido Ortiz&nbsp; Tutora ESO. egarort202@g.educaand.es<span class=\"texto-SNC \"><strong>(\u00c1mbito socio-ling\u00fc\u00edstico).<\/strong><\/span><\/span><\/span><\/li>\n<li style=\"text-align: left\"><span style=\"color: #000000\">D. Salvador Jes\u00fas Cubero Guti\u00e9rrez. CONTACTO: scubgut527@g.educaand.es <strong>(\u00c1mbito cient\u00edfico-matem\u00e1tico. ).<\/strong><\/span><\/li>\n<li><span style=\"color: #000000\">D.\u00aa Cristina Mart\u00edn Way. CONTACTO: cmarway800@g.educaand.es <strong>(Tutora 1\u00ba Ciclo. Franc\u00e9s).<\/strong><\/span><\/li>\n<li><span style=\"color: #000000\">D. Jos\u00e9 Antonio Reina Moreno. CONTACTO: jreimor429@g.educaand.es <strong>(Ingl\u00e9s).<\/strong><\/span><\/li>\n<li style=\"text-align: left\"><span style=\"color: #000000\">D. Vicente Carrasco G\u00f3mez. CONTACTO: vcargom158@g.educaand.es <strong>(Ed. Art\u00edstica y M\u00fasica).<\/strong><\/span><\/li>\n<li>D. Antonio Lubi\u00e1n Soriano. CONTACTO: alubsor303@g.educaand.es <span style=\"color: #000000\"><strong>(Ed. Art\u00edstica y M\u00fasica). 1\u00ba y 2\u00ba trimestre.<\/strong><\/span><\/li>\n<li style=\"text-align: left\"><span style=\"color: #000000\">D. Francisco Jos\u00e9 Rubio Garc\u00eda. CONTACTO: frubgar388@g.educaand.es <strong>(Ed. F\u00edsica Infantil y ESO).<\/strong><\/span><\/li>\n<li><span style=\"color: #000000\"><span style=\"color: #000000\">D\u00aa Elena Fern\u00e1ndez Morell. CONTACTO: ffermor679@g.educaand.es (Religi\u00f3n ESO).<\/span><\/span><span style=\"color: #000000\"><br \/>\n<\/span><\/li>\n<li><span style=\"color: #000000\"><strong>EQUIPO DE ORIENTACI\u00d3N EDUCATIVA<\/strong><\/span><\/li>\n<\/ul>\n<ul style=\"list-style-type: square\">\n<li style=\"text-align: left\"><span style=\"color: #000000\"><strong>Orientadora:<\/strong> D\u00aa Leticia Garc\u00eda Marcos. CONTACTO: (Mi\u00e9rcoles)<\/span><\/li>\n<li style=\"text-align: left\"><span style=\"color: #000000\"><strong>Audici\u00f3n y Lenguaje<\/strong>:&nbsp; D\u00aa Aida Caso Aguilera. CONTACTO: acasagu379@g.educaand.es(Mi\u00e9rcoles)<\/span><\/li>\n<li style=\"text-align: left\"><span style=\"color: #000000\"><span style=\"color: #000000\"><strong>Pedagog\u00eda Terap\u00e9utica:<\/strong> D\u00aa M\u00aa Carmen Ram\u00edrez Fern\u00e1ndez . CONTACTO: mramfer780@g.educaand.es<\/span><\/span><span style=\"color: #000000\">(Jueves).<\/span><\/li>\n<\/ul>\n<\/div>\n","protected":false},"excerpt":{"rendered":"<p>CLAUSTRO DE PROFESORES 25 &#8211; 26 EQUIPO DIRECTIVO Direcci\u00f3n y jefatura de estudios: D. Francisco Jos\u00e9 Rubio Garc\u00eda. CONTACTO: 18002279.edu@juntadeandalucia.es Secretar\u00eda:&nbsp;D. Vicente Carrasco G\u00f3mez. CONTACTO: 18002279.edu@juntadeandalucia.es CLAUSTRO DE PROFESORADO Aula espec\u00edfica: D. \u00aa D\u00e9bora&#46;&#46;&#46;<\/p>\n","protected":false},"author":6522,"featured_media":0,"parent":0,"menu_order":0,"comment_status":"closed","ping_status":"closed","template":"","meta":{"ngg_post_thumbnail":0,"footnotes":""},"aioseo_notices":[],"_links":{"self":[{"href":"https:\/\/blogsaverroes.juntadeandalucia.es\/colegiodehesasviejas\/wp-json\/wp\/v2\/pages\/1008"}],"collection":[{"href":"https:\/\/blogsaverroes.juntadeandalucia.es\/colegiodehesasviejas\/wp-json\/wp\/v2\/pages"}],"about":[{"href":"https:\/\/blogsaverroes.juntadeandalucia.es\/colegiodehesasviejas\/wp-json\/wp\/v2\/types\/page"}],"author":[{"embeddable":true,"href":"https:\/\/blogsaverroes.juntadeandalucia.es\/colegiodehesasviejas\/wp-json\/wp\/v2\/users\/6522"}],"replies":[{"embeddable":true,"href":"https:\/\/blogsaverroes.juntadeandalucia.es\/colegiodehesasviejas\/wp-json\/wp\/v2\/comments?post=1008"}],"version-history":[{"count":30,"href":"https:\/\/blogsaverroes.juntadeandalucia.es\/colegiodehesasviejas\/wp-json\/wp\/v2\/pages\/1008\/revisions"}],"predecessor-version":[{"id":2349,"href":"https:\/\/blogsaverroes.juntadeandalucia.es\/colegiodehesasviejas\/wp-json\/wp\/v2\/pages\/1008\/revisions\/2349"}],"wp:attachment":[{"href":"https:\/\/blogsaverroes.juntadeandalucia.es\/colegiodehesasviejas\/wp-json\/wp\/v2\/media?parent=1008"}],"curies":[{"name":"wp","href":"https:\/\/api.w.org\/{rel}","templated":true}]}}