{"id":15,"date":"2020-01-09T10:56:20","date_gmt":"2020-01-09T09:56:20","guid":{"rendered":"http:\/\/blogsaverroes.juntadeandalucia.es\/pre\/nuevoceipv2\/?page_id=15"},"modified":"2026-03-27T09:39:09","modified_gmt":"2026-03-27T08:39:09","slug":"inicio","status":"publish","type":"page","link":"https:\/\/blogsaverroes.juntadeandalucia.es\/colegioeiargotedemolinasevilla\/","title":{"rendered":"Inicio"},"content":{"rendered":"<p>[et_pb_section fb_built=&#8221;1&#8243; admin_label=&#8221;Testimonials&#8221; _builder_version=&#8221;4.24.2&#8243; use_background_color_gradient=&#8221;on&#8221; background_color_gradient_stops=&#8221;#e3e3e8 0%|#ffffff 100%&#8221; background_color_gradient_start=&#8221;#e3e3e8&#8243; background_color_gradient_end=&#8221;#ffffff&#8221; background_image=&#8221;https:\/\/blogsaverroes.juntadeandalucia.es\/colegioeiargotedemolinasevilla\/files\/2020\/01\/shapes-bg-1.png&#8221; parallax=&#8221;on&#8221; inner_width_tablet=&#8221;50px&#8221; inner_max_width_tablet=&#8221;50px&#8221; custom_padding=&#8221;|||&#8221; link_option_url=&#8221;https:\/\/blogsaverroes.juntadeandalucia.es\/colegioeiargotedemolinasevilla\/escolarizacion-2022-2023-jornadas-de-puertas-abiertas\/&#8221; hover_enabled=&#8221;0&#8243; z_index_tablet=&#8221;500&#8243; box_shadow_horizontal_tablet=&#8221;0px&#8221; box_shadow_vertical_tablet=&#8221;0px&#8221; box_shadow_blur_tablet=&#8221;40px&#8221; box_shadow_spread_tablet=&#8221;0px&#8221; global_colors_info=&#8221;{}&#8221; sticky_enabled=&#8221;0&#8243;][et_pb_row column_structure=&#8221;1_2,1_2&#8243; _builder_version=&#8221;4.16&#8243; background_color=&#8221;#ffffff&#8221; custom_margin=&#8221;||1em|&#8221; custom_padding=&#8221;60px|30px|60px|30px&#8221; link_option_url=&#8221;https:\/\/blogsaverroes.juntadeandalucia.es\/colegioeiargotedemolinasevilla\/escolarizacion-2022-2023-jornadas-de-puertas-abiertas\/&#8221; z_index_tablet=&#8221;500&#8243; border_radii=&#8221;on|3px|3px|3px|3px&#8221; border_width_top=&#8221;10px&#8221; border_color_top=&#8221;#b77abd&#8221; border_width_top_tablet=&#8221;10px&#8221; border_width_top_phone=&#8221;10px&#8221; box_shadow_style=&#8221;preset3&#8243; box_shadow_vertical_tablet=&#8221;0px&#8221; box_shadow_blur_tablet=&#8221;40px&#8221; box_shadow_spread_tablet=&#8221;0px&#8221; global_colors_info=&#8221;{}&#8221;][et_pb_column type=&#8221;1_2&#8243; _builder_version=&#8221;4.16&#8243; custom_padding=&#8221;|||&#8221; link_option_url=&#8221;https:\/\/blogsaverroes.juntadeandalucia.es\/colegioeiargotedemolinasevilla\/escolarizacion-2022-2023-jornadas-de-puertas-abiertas\/&#8221; global_colors_info=&#8221;{}&#8221; custom_padding__hover=&#8221;|||&#8221;][et_pb_text admin_label=&#8221;Datos del centro (t\u00edtulo y datos)&#8221; _builder_version=&#8221;4.16&#8243; text_text_color=&#8221;#333333&#8243; header_2_text_color=&#8221;#333333&#8243; header_2_font_size=&#8221;40px&#8221; header_2_line_height=&#8221;48px&#8221; custom_margin=&#8221;|-593px||||&#8221; link_option_url=&#8221;https:\/\/blogsaverroes.juntadeandalucia.es\/colegioeiargotedemolinasevilla\/escolarizacion-2022-2023-jornadas-de-puertas-abiertas\/&#8221; z_index_tablet=&#8221;500&#8243; text_text_shadow_horizontal_length_tablet=&#8221;0px&#8221; text_text_shadow_vertical_length_tablet=&#8221;0px&#8221; text_text_shadow_blur_strength_tablet=&#8221;1px&#8221; link_text_shadow_horizontal_length_tablet=&#8221;0px&#8221; link_text_shadow_vertical_length_tablet=&#8221;0px&#8221; link_text_shadow_blur_strength_tablet=&#8221;1px&#8221; ul_text_shadow_horizontal_length_tablet=&#8221;0px&#8221; ul_text_shadow_vertical_length_tablet=&#8221;0px&#8221; ul_text_shadow_blur_strength_tablet=&#8221;1px&#8221; ol_text_shadow_horizontal_length_tablet=&#8221;0px&#8221; ol_text_shadow_vertical_length_tablet=&#8221;0px&#8221; ol_text_shadow_blur_strength_tablet=&#8221;1px&#8221; quote_text_shadow_horizontal_length_tablet=&#8221;0px&#8221; quote_text_shadow_vertical_length_tablet=&#8221;0px&#8221; quote_text_shadow_blur_strength_tablet=&#8221;1px&#8221; header_text_shadow_horizontal_length_tablet=&#8221;0px&#8221; header_text_shadow_vertical_length_tablet=&#8221;0px&#8221; header_text_shadow_blur_strength_tablet=&#8221;1px&#8221; header_2_text_shadow_horizontal_length_tablet=&#8221;0px&#8221; header_2_text_shadow_vertical_length_tablet=&#8221;0px&#8221; header_2_text_shadow_blur_strength_tablet=&#8221;1px&#8221; header_3_text_shadow_horizontal_length_tablet=&#8221;0px&#8221; header_3_text_shadow_vertical_length_tablet=&#8221;0px&#8221; header_3_text_shadow_blur_strength_tablet=&#8221;1px&#8221; header_4_text_shadow_horizontal_length_tablet=&#8221;0px&#8221; header_4_text_shadow_vertical_length_tablet=&#8221;0px&#8221; header_4_text_shadow_blur_strength_tablet=&#8221;1px&#8221; header_5_text_shadow_horizontal_length_tablet=&#8221;0px&#8221; header_5_text_shadow_vertical_length_tablet=&#8221;0px&#8221; header_5_text_shadow_blur_strength_tablet=&#8221;1px&#8221; header_6_text_shadow_horizontal_length_tablet=&#8221;0px&#8221; header_6_text_shadow_vertical_length_tablet=&#8221;0px&#8221; header_6_text_shadow_blur_strength_tablet=&#8221;1px&#8221; box_shadow_horizontal_tablet=&#8221;0px&#8221; box_shadow_vertical_tablet=&#8221;0px&#8221; box_shadow_blur_tablet=&#8221;40px&#8221; box_shadow_spread_tablet=&#8221;0px&#8221; global_colors_info=&#8221;{}&#8221;]<\/p>\n<h2><span style=\"font-size: 28px\"><strong><\/strong><\/span><\/h2>\n<h2><span style=\"font-size: 28px\"><strong>Datos del Centro<\/strong><\/span><\/h2>\n<p><strong>Nombre:<\/strong> Colegio P\u00fablico Argote de Molina de Educaci\u00f3n Infantil<br \/><strong>Direcci\u00f3n:<\/strong> Plaza ermita de roc\u00edo s\/n<br \/><strong>Tel\u00e9fono:<\/strong> 955 62 34 77 \/ 671 56 74 09<br \/><strong>Correo electr\u00f3nico: <\/strong><a href=\"mailto:41009366.edu@juntadeandalucia.es\">41009366.edu@juntadeandalucia.es<\/a><\/p>\n<p style=\"text-align: left\"><strong>\u00a0 \u00a0 \u00a0 \u00a0 \u00a0 \u00a0 \u00a0 \u00a0<\/strong><\/p>\n<p style=\"text-align: left\"><strong>\u00a0 \u00a0 \u00a0 \u00a0 \u00a0 \u00a0 \u00a0 \u00a0 \u00a0 \u00a0 \u00a0 \u00a0 \u00a0<a href=\"https:\/\/www.instagram.com\/eiargotedemolina\/\"> \u00a0 \u00a0 \u00a0 \u00a0VISITA NUESTRO INSTAGRAM<\/a><\/strong><\/p>\n<p>&nbsp;<\/p>\n<p>&nbsp;<\/p>\n<p>[\/et_pb_text][\/et_pb_column][et_pb_column type=&#8221;1_2&#8243; _builder_version=&#8221;4.16&#8243; custom_padding=&#8221;|||&#8221; link_option_url=&#8221;https:\/\/blogsaverroes.juntadeandalucia.es\/colegioeiargotedemolinasevilla\/escolarizacion-2022-2023-jornadas-de-puertas-abiertas\/&#8221; global_colors_info=&#8221;{}&#8221; custom_padding__hover=&#8221;|||&#8221;][et_pb_image src=&#8221;https:\/\/blogsaverroes.juntadeandalucia.es\/colegioeiargotedemolinasevilla\/files\/2026\/03\/IMG_20260306_09030121-2-scaled.jpg&#8221; _builder_version=&#8221;4.24.2&#8243; _module_preset=&#8221;default&#8221; title_text=&#8221;IMG_20260306_090301~2(1)&#8221; hover_enabled=&#8221;0&#8243; sticky_enabled=&#8221;0&#8243;][\/et_pb_image][\/et_pb_column][\/et_pb_row][et_pb_row _builder_version=&#8221;4.24.2&#8243; _module_preset=&#8221;default&#8221;][et_pb_column _builder_version=&#8221;4.24.2&#8243; _module_preset=&#8221;default&#8221; type=&#8221;4_4&#8243;][et_pb_post_title _builder_version=&#8221;4.24.2&#8243; _module_preset=&#8221;default&#8221; hover_enabled=&#8221;0&#8243; sticky_enabled=&#8221;0&#8243;][\/et_pb_post_title][\/et_pb_column][\/et_pb_row][et_pb_row _builder_version=&#8221;4.24.2&#8243; _module_preset=&#8221;default&#8221;][et_pb_column _builder_version=&#8221;4.24.2&#8243; _module_preset=&#8221;default&#8221; type=&#8221;4_4&#8243;][\/et_pb_column][\/et_pb_row][\/et_pb_section][et_pb_section fb_built=&#8221;1&#8243; _builder_version=&#8221;4.24.2&#8243; _module_preset=&#8221;default&#8221; global_colors_info=&#8221;{}&#8221;][et_pb_row _builder_version=&#8221;4.24.2&#8243; _module_preset=&#8221;default&#8221; global_colors_info=&#8221;{}&#8221;][et_pb_column type=&#8221;4_4&#8243; _builder_version=&#8221;4.24.2&#8243; _module_preset=&#8221;default&#8221; global_colors_info=&#8221;{}&#8221;][et_pb_accordion _builder_version=&#8221;4.24.2&#8243; _module_preset=&#8221;default&#8221; background_color=&#8221;#7CDA24&#8243; global_colors_info=&#8221;{}&#8221;][et_pb_accordion_item title=&#8221;\u00a0 \u00a0 \u00a0 \u00a0 \u00a0 \u00a0 \u00a0 \u00a0 \u00a0 \u00a0 \u00a0 \u00a0 \u00a0 \u00a0 \u00a0 \u00a0 \u00a0 \u00a0 \u00a0 \u00a0 \u00a0 \u00a0 \u00a0 \u00a0 \u00a0 \u00a0 \u00a0 Un colegio \u00fanico donde aprender y crecer, en el coraz\u00f3n del barrio de la Macarena\ud83c\udf31&#8221; _builder_version=&#8221;4.24.2&#8243; _module_preset=&#8221;default&#8221; global_colors_info=&#8221;{}&#8221; open=&#8221;on&#8221;]<\/p>\n<p style=\"text-align: center\">\u00a0<\/p>\n<p data-start=\"129\" data-end=\"336\" style=\"text-align: center\">En nuestro <strong data-start=\"140\" data-end=\"159\">colegio peque\u00f1o<\/strong>, cada estudiante vive una educaci\u00f3n cercana y personalizada. Contamos con <strong data-start=\"234\" data-end=\"256\">espacios naturales<\/strong> y un <strong data-start=\"262\" data-end=\"280\">huerto escolar<\/strong> para aprender sobre ecolog\u00eda y alimentaci\u00f3n saludable. Impartimos <strong data-start=\"349\" data-end=\"359\">ingl\u00e9s<\/strong>, <strong data-start=\"361\" data-end=\"373\">rob\u00f3tica<\/strong> y <strong data-start=\"376\" data-end=\"391\">computaci\u00f3n<\/strong>, preparando a los ni\u00f1os para el futuro con programas innovadores como <strong data-start=\"462\" data-end=\"471\">STEAM<\/strong> y <strong data-start=\"474\" data-end=\"486\">Comunica<\/strong>. Adem\u00e1s, trabajamos con <strong data-start=\"511\" data-end=\"539\">profesionales de PT y AL<\/strong> para apoyar a cada alumno en su desarrollo.<\/p>\n<p data-start=\"129\" data-end=\"336\" style=\"text-align: center\">Grupos reducidos<\/p>\n<p data-start=\"585\" data-end=\"720\" style=\"text-align: center\">Promovemos valores de paz y respeto con el programa <strong data-start=\"637\" data-end=\"663\">Escuela Espacio de Paz<\/strong> y fomentamos h\u00e1bitos saludables con programas como <strong>Creciendo en Salud.<\/strong><\/p>\n<p data-start=\"722\" data-end=\"805\" style=\"text-align: center\">\u00a1Aqu\u00ed, cada ni\u00f1o crece aprendiendo, divirti\u00e9ndose y cuidando el mundo que lo rodea!<\/p>\n<p data-start=\"722\" data-end=\"805\" style=\"text-align: center\">VEN Y CONOCENOS, ESTAREMOS ENCANTADAS DE ATENDEROS.<\/p>\n<p>[\/et_pb_accordion_item][et_pb_accordion_item title=&#8221;Su t\u00edtulo va aqu\u00ed&#8221; open=&#8221;off&#8221; _builder_version=&#8221;4.24.2&#8243; _module_preset=&#8221;default&#8221; global_colors_info=&#8221;{}&#8221;]<\/p>\n<p>Your content goes here. Edit or remove this text inline or in the module Content settings. You can also style every aspect of this content in the module Design settings and even apply custom CSS to this text in the module Advanced settings.<\/p>\n<p>[\/et_pb_accordion_item][\/et_pb_accordion][\/et_pb_column][\/et_pb_row][\/et_pb_section][et_pb_section fb_built=&#8221;1&#8243; _builder_version=&#8221;4.24.2&#8243; _module_preset=&#8221;default&#8221; global_colors_info=&#8221;{}&#8221;][et_pb_row _builder_version=&#8221;4.16&#8243; width=&#8221;95%&#8221; width_tablet=&#8221;&#8221; width_phone=&#8221;&#8221; width_last_edited=&#8221;on|phone&#8221; custom_margin=&#8221;-4em|||&#8221; link_option_url=&#8221;https:\/\/blogsaverroes.juntadeandalucia.es\/colegioeiargotedemolinasevilla\/escolarizacion-2022-2023-jornadas-de-puertas-abiertas\/&#8221; z_index_tablet=&#8221;500&#8243; box_shadow_horizontal_tablet=&#8221;0px&#8221; box_shadow_vertical_tablet=&#8221;0px&#8221; box_shadow_blur_tablet=&#8221;40px&#8221; box_shadow_spread_tablet=&#8221;0px&#8221; global_colors_info=&#8221;{}&#8221;][et_pb_column type=&#8221;4_4&#8243; _builder_version=&#8221;4.16&#8243; custom_padding=&#8221;|||&#8221; link_option_url=&#8221;https:\/\/blogsaverroes.juntadeandalucia.es\/colegioeiargotedemolinasevilla\/escolarizacion-2022-2023-jornadas-de-puertas-abiertas\/&#8221; global_colors_info=&#8221;{}&#8221; custom_padding__hover=&#8221;|||&#8221;][et_pb_text admin_label=&#8221;T\u00edtulo del bloque ense\u00f1anzas&#8221; _builder_version=&#8221;4.24.2&#8243; text_font=&#8221;Rubik||||||||&#8221; text_line_height=&#8221;2em&#8221; header_2_font=&#8221;Rubik|700||on|||||&#8221; header_2_font_size=&#8221;12px&#8221; header_2_letter_spacing=&#8221;3px&#8221; header_2_line_height=&#8221;1.5em&#8221; header_5_font=&#8221;Rubik|700||on|||||&#8221; header_5_text_color=&#8221;#2b76df&#8221; header_5_letter_spacing=&#8221;5px&#8221; header_5_line_height=&#8221;1.5em&#8221; module_alignment=&#8221;center&#8221; custom_margin=&#8221;||0px|&#8221; custom_margin_tablet=&#8221;0px|||&#8221; custom_margin_last_edited=&#8221;off|desktop&#8221; link_option_url=&#8221;https:\/\/blogsaverroes.juntadeandalucia.es\/colegioeiargotedemolinasevilla\/escolarizacion-2022-2023-jornadas-de-puertas-abiertas\/&#8221; text_line_height_last_edited=&#8221;off|desktop&#8221; z_index_tablet=&#8221;500&#8243; text_text_shadow_horizontal_length_tablet=&#8221;0px&#8221; text_text_shadow_vertical_length_tablet=&#8221;0px&#8221; text_text_shadow_blur_strength_tablet=&#8221;1px&#8221; link_text_shadow_horizontal_length_tablet=&#8221;0px&#8221; link_text_shadow_vertical_length_tablet=&#8221;0px&#8221; link_text_shadow_blur_strength_tablet=&#8221;1px&#8221; ul_text_shadow_horizontal_length_tablet=&#8221;0px&#8221; ul_text_shadow_vertical_length_tablet=&#8221;0px&#8221; ul_text_shadow_blur_strength_tablet=&#8221;1px&#8221; ol_text_shadow_horizontal_length_tablet=&#8221;0px&#8221; ol_text_shadow_vertical_length_tablet=&#8221;0px&#8221; ol_text_shadow_blur_strength_tablet=&#8221;1px&#8221; quote_text_shadow_horizontal_length_tablet=&#8221;0px&#8221; quote_text_shadow_vertical_length_tablet=&#8221;0px&#8221; quote_text_shadow_blur_strength_tablet=&#8221;1px&#8221; header_text_shadow_horizontal_length_tablet=&#8221;0px&#8221; header_text_shadow_vertical_length_tablet=&#8221;0px&#8221; header_text_shadow_blur_strength_tablet=&#8221;1px&#8221; header_2_text_shadow_horizontal_length_tablet=&#8221;0px&#8221; header_2_text_shadow_vertical_length_tablet=&#8221;0px&#8221; header_2_text_shadow_blur_strength_tablet=&#8221;1px&#8221; header_3_text_shadow_horizontal_length_tablet=&#8221;0px&#8221; header_3_text_shadow_vertical_length_tablet=&#8221;0px&#8221; header_3_text_shadow_blur_strength_tablet=&#8221;1px&#8221; header_4_text_shadow_horizontal_length_tablet=&#8221;0px&#8221; header_4_text_shadow_vertical_length_tablet=&#8221;0px&#8221; header_4_text_shadow_blur_strength_tablet=&#8221;1px&#8221; header_5_text_shadow_horizontal_length_tablet=&#8221;0px&#8221; header_5_text_shadow_vertical_length_tablet=&#8221;0px&#8221; header_5_text_shadow_blur_strength_tablet=&#8221;1px&#8221; header_6_text_shadow_horizontal_length_tablet=&#8221;0px&#8221; header_6_text_shadow_vertical_length_tablet=&#8221;0px&#8221; header_6_text_shadow_blur_strength_tablet=&#8221;1px&#8221; box_shadow_horizontal_tablet=&#8221;0px&#8221; box_shadow_vertical_tablet=&#8221;0px&#8221; box_shadow_blur_tablet=&#8221;40px&#8221; box_shadow_spread_tablet=&#8221;0px&#8221; global_colors_info=&#8221;{}&#8221;]<\/p>\n<h2>Ense\u00f1anzas<\/h2>\n<p>[\/et_pb_text][\/et_pb_column][\/et_pb_row][\/et_pb_section][et_pb_section fb_built=&#8221;1&#8243; theme_builder_area=&#8221;post_content&#8221; _builder_version=&#8221;4.24.2&#8243; _module_preset=&#8221;default&#8221;][et_pb_row _builder_version=&#8221;4.24.2&#8243; _module_preset=&#8221;default&#8221; theme_builder_area=&#8221;post_content&#8221;][et_pb_column _builder_version=&#8221;4.24.2&#8243; _module_preset=&#8221;default&#8221; theme_builder_area=&#8221;post_content&#8221; type=&#8221;4_4&#8243;][\/et_pb_column][\/et_pb_row][\/et_pb_section][et_pb_section fb_built=&#8221;1&#8243; theme_builder_area=&#8221;post_content&#8221; _builder_version=&#8221;4.24.2&#8243; _module_preset=&#8221;default&#8221;][et_pb_row _builder_version=&#8221;4.24.2&#8243; _module_preset=&#8221;default&#8221; theme_builder_area=&#8221;post_content&#8221;][et_pb_column _builder_version=&#8221;4.24.2&#8243; _module_preset=&#8221;default&#8221; theme_builder_area=&#8221;post_content&#8221; type=&#8221;4_4&#8243;][\/et_pb_column][\/et_pb_row][\/et_pb_section][et_pb_section fb_built=&#8221;1&#8243; theme_builder_area=&#8221;post_content&#8221; _builder_version=&#8221;4.24.2&#8243; _module_preset=&#8221;default&#8221;][et_pb_row _builder_version=&#8221;4.24.2&#8243; _module_preset=&#8221;default&#8221; theme_builder_area=&#8221;post_content&#8221;][et_pb_column _builder_version=&#8221;4.24.2&#8243; _module_preset=&#8221;default&#8221; theme_builder_area=&#8221;post_content&#8221; type=&#8221;4_4&#8243;][\/et_pb_column][\/et_pb_row][\/et_pb_section]<\/p>\n","protected":false},"excerpt":{"rendered":"<p>Datos del Centro Nombre: Colegio P\u00fablico Argote de Molina de Educaci\u00f3n InfantilDirecci\u00f3n: Plaza ermita de roc\u00edo s\/nTel\u00e9fono: 955 62 34 77 \/ 671 56 74 09Correo electr\u00f3nico: 41009366.edu@juntadeandalucia.es \u00a0 \u00a0 \u00a0 \u00a0 \u00a0 \u00a0 \u00a0 \u00a0 \u00a0 \u00a0 \u00a0 \u00a0 \u00a0 \u00a0 \u00a0 \u00a0 \u00a0 \u00a0 \u00a0 \u00a0 \u00a0 \u00a0 \u00a0 \u00a0 \u00a0VISITA NUESTRO INSTAGRAM [&hellip;]<\/p>\n","protected":false},"author":6565,"featured_media":0,"parent":0,"menu_order":0,"comment_status":"closed","ping_status":"closed","template":"","meta":{"_et_pb_use_builder":"on","_et_pb_old_content":"","_et_gb_content_width":"","ngg_post_thumbnail":0,"footnotes":""},"aioseo_notices":[],"_links":{"self":[{"href":"https:\/\/blogsaverroes.juntadeandalucia.es\/colegioeiargotedemolinasevilla\/wp-json\/wp\/v2\/pages\/15"}],"collection":[{"href":"https:\/\/blogsaverroes.juntadeandalucia.es\/colegioeiargotedemolinasevilla\/wp-json\/wp\/v2\/pages"}],"about":[{"href":"https:\/\/blogsaverroes.juntadeandalucia.es\/colegioeiargotedemolinasevilla\/wp-json\/wp\/v2\/types\/page"}],"author":[{"embeddable":true,"href":"https:\/\/blogsaverroes.juntadeandalucia.es\/colegioeiargotedemolinasevilla\/wp-json\/wp\/v2\/users\/6565"}],"replies":[{"embeddable":true,"href":"https:\/\/blogsaverroes.juntadeandalucia.es\/colegioeiargotedemolinasevilla\/wp-json\/wp\/v2\/comments?post=15"}],"version-history":[{"count":59,"href":"https:\/\/blogsaverroes.juntadeandalucia.es\/colegioeiargotedemolinasevilla\/wp-json\/wp\/v2\/pages\/15\/revisions"}],"predecessor-version":[{"id":3640,"href":"https:\/\/blogsaverroes.juntadeandalucia.es\/colegioeiargotedemolinasevilla\/wp-json\/wp\/v2\/pages\/15\/revisions\/3640"}],"wp:attachment":[{"href":"https:\/\/blogsaverroes.juntadeandalucia.es\/colegioeiargotedemolinasevilla\/wp-json\/wp\/v2\/media?parent=15"}],"curies":[{"name":"wp","href":"https:\/\/api.w.org\/{rel}","templated":true}]}}