{"id":3100,"date":"2023-06-23T12:07:27","date_gmt":"2023-06-23T11:07:27","guid":{"rendered":"https:\/\/blogsaverroes.juntadeandalucia.es\/colegioeiargotedemolinasevilla\/?page_id=3100"},"modified":"2023-06-26T10:10:58","modified_gmt":"2023-06-26T09:10:58","slug":"feliz-verano-3","status":"publish","type":"page","link":"https:\/\/blogsaverroes.juntadeandalucia.es\/colegioeiargotedemolinasevilla\/novedades\/feliz-verano-3\/","title":{"rendered":"\u00a1FELIZ VERANO!"},"content":{"rendered":"<p><img loading=\"lazy\" decoding=\"async\" class=\"alignnone size-medium wp-image-3105\" src=\"https:\/\/blogsaverroes.juntadeandalucia.es\/colegioeiargotedemolinasevilla\/files\/2023\/06\/557ac3d4-b4ce-4ce4-a53a-2794535ab925-300x222.jpg\" alt=\"\" width=\"300\" height=\"222\"><\/p>\n<p>\u00a1El curso 2022\/23 llega a su fin! Hemos aprendido y disfrutado un mont\u00f3n, es hora de descansar y prepararnos para el pr\u00f3ximo curso.<\/p>\n<p><strong>CONVOCATORIA DE REUNI\u00d3N INICIO DE CURSO<\/strong><\/p>\n<p>Durante la primera semana de Septiembre se realizar\u00e1 la reuni\u00f3n de inicio de curso con las tutoras. La convocatoria con la informaci\u00f3n concreta se colgar\u00e1 en el tabl\u00f3n de anuncios del centro o se podr\u00e1 preguntar por tel\u00e9fono.<\/p>\n<p><strong>SERVICIOS COMPLEMENTARIOS: Aula Matinal, Comedor y Actividades Extraescolares<\/strong><\/p>\n<ul>\n<li>Listas definitivas de admitidos: se publica el 30 Junio.<\/li>\n<li>Solicitud de bonificaci\u00f3n: 1 al 7 Septiembre (ambos incluidos).<\/li>\n<\/ul>\n<p>&nbsp;<\/p>\n","protected":false},"excerpt":{"rendered":"<p>\u00a1El curso 2022\/23 llega a su fin! Hemos aprendido y disfrutado un mont\u00f3n, es hora de descansar y prepararnos para el pr\u00f3ximo curso. CONVOCATORIA DE REUNI\u00d3N INICIO DE CURSO Durante la primera semana de Septiembre se realizar\u00e1 la reuni\u00f3n de inicio de curso con las tutoras. La convocatoria con la informaci\u00f3n concreta se colgar\u00e1 en [&hellip;]<\/p>\n","protected":false},"author":6565,"featured_media":3105,"parent":330,"menu_order":0,"comment_status":"closed","ping_status":"closed","template":"","meta":{"_et_pb_use_builder":"","_et_pb_old_content":"","_et_gb_content_width":"","ngg_post_thumbnail":0,"footnotes":""},"aioseo_notices":[],"_links":{"self":[{"href":"https:\/\/blogsaverroes.juntadeandalucia.es\/colegioeiargotedemolinasevilla\/wp-json\/wp\/v2\/pages\/3100"}],"collection":[{"href":"https:\/\/blogsaverroes.juntadeandalucia.es\/colegioeiargotedemolinasevilla\/wp-json\/wp\/v2\/pages"}],"about":[{"href":"https:\/\/blogsaverroes.juntadeandalucia.es\/colegioeiargotedemolinasevilla\/wp-json\/wp\/v2\/types\/page"}],"author":[{"embeddable":true,"href":"https:\/\/blogsaverroes.juntadeandalucia.es\/colegioeiargotedemolinasevilla\/wp-json\/wp\/v2\/users\/6565"}],"replies":[{"embeddable":true,"href":"https:\/\/blogsaverroes.juntadeandalucia.es\/colegioeiargotedemolinasevilla\/wp-json\/wp\/v2\/comments?post=3100"}],"version-history":[{"count":4,"href":"https:\/\/blogsaverroes.juntadeandalucia.es\/colegioeiargotedemolinasevilla\/wp-json\/wp\/v2\/pages\/3100\/revisions"}],"predecessor-version":[{"id":3107,"href":"https:\/\/blogsaverroes.juntadeandalucia.es\/colegioeiargotedemolinasevilla\/wp-json\/wp\/v2\/pages\/3100\/revisions\/3107"}],"up":[{"embeddable":true,"href":"https:\/\/blogsaverroes.juntadeandalucia.es\/colegioeiargotedemolinasevilla\/wp-json\/wp\/v2\/pages\/330"}],"wp:featuredmedia":[{"embeddable":true,"href":"https:\/\/blogsaverroes.juntadeandalucia.es\/colegioeiargotedemolinasevilla\/wp-json\/wp\/v2\/media\/3105"}],"wp:attachment":[{"href":"https:\/\/blogsaverroes.juntadeandalucia.es\/colegioeiargotedemolinasevilla\/wp-json\/wp\/v2\/media?parent=3100"}],"curies":[{"name":"wp","href":"https:\/\/api.w.org\/{rel}","templated":true}]}}