{"id":853,"date":"2020-12-18T08:50:47","date_gmt":"2020-12-18T07:50:47","guid":{"rendered":"https:\/\/blogsaverroes.juntadeandalucia.es\/pre\/plantilla-pencil\/?page_id=853"},"modified":"2022-02-14T18:35:05","modified_gmt":"2022-02-14T17:35:05","slug":"nuestra-historia","status":"publish","type":"page","link":"https:\/\/blogsaverroes.juntadeandalucia.es\/colegioeiargotedemolinasevilla\/nuestra-historia\/","title":{"rendered":"Nuestro Centro"},"content":{"rendered":"<p>[et_pb_section fb_built=&#8221;1&#8243; _builder_version=&#8221;3.22&#8243; global_colors_info=&#8221;{}&#8221;][et_pb_row _builder_version=&#8221;3.25&#8243; background_size=&#8221;initial&#8221; background_position=&#8221;top_left&#8221; background_repeat=&#8221;repeat&#8221; global_colors_info=&#8221;{}&#8221;][et_pb_column type=&#8221;4_4&#8243; _builder_version=&#8221;3.25&#8243; custom_padding=&#8221;|||&#8221; global_colors_info=&#8221;{}&#8221; custom_padding__hover=&#8221;|||&#8221;][et_pb_image src=&#8221;https:\/\/blogsaverroes.juntadeandalucia.es\/colegioeiargotedemolinasevilla\/files\/2022\/02\/foto1.jpeg&#8221; title_text=&#8221;foto1&#8243; admin_label=&#8221;Imagen de la portada&#8221; _builder_version=&#8221;4.14.5&#8243; z_index_tablet=&#8221;500&#8243; box_shadow_horizontal_tablet=&#8221;0px&#8221; box_shadow_vertical_tablet=&#8221;0px&#8221; box_shadow_blur_tablet=&#8221;40px&#8221; box_shadow_spread_tablet=&#8221;0px&#8221; global_colors_info=&#8221;{}&#8221;][\/et_pb_image][et_pb_text admin_label=&#8221;Texto descriptivo&#8221; _builder_version=&#8221;3.27.4&#8243; custom_padding=&#8221;||0px|||&#8221; z_index_tablet=&#8221;500&#8243; text_text_shadow_horizontal_length_tablet=&#8221;0px&#8221; text_text_shadow_vertical_length_tablet=&#8221;0px&#8221; text_text_shadow_blur_strength_tablet=&#8221;1px&#8221; link_text_shadow_horizontal_length_tablet=&#8221;0px&#8221; link_text_shadow_vertical_length_tablet=&#8221;0px&#8221; link_text_shadow_blur_strength_tablet=&#8221;1px&#8221; ul_text_shadow_horizontal_length_tablet=&#8221;0px&#8221; ul_text_shadow_vertical_length_tablet=&#8221;0px&#8221; ul_text_shadow_blur_strength_tablet=&#8221;1px&#8221; ol_text_shadow_horizontal_length_tablet=&#8221;0px&#8221; ol_text_shadow_vertical_length_tablet=&#8221;0px&#8221; ol_text_shadow_blur_strength_tablet=&#8221;1px&#8221; quote_text_shadow_horizontal_length_tablet=&#8221;0px&#8221; quote_text_shadow_vertical_length_tablet=&#8221;0px&#8221; quote_text_shadow_blur_strength_tablet=&#8221;1px&#8221; header_text_shadow_horizontal_length_tablet=&#8221;0px&#8221; header_text_shadow_vertical_length_tablet=&#8221;0px&#8221; header_text_shadow_blur_strength_tablet=&#8221;1px&#8221; header_2_text_shadow_horizontal_length_tablet=&#8221;0px&#8221; header_2_text_shadow_vertical_length_tablet=&#8221;0px&#8221; header_2_text_shadow_blur_strength_tablet=&#8221;1px&#8221; header_3_text_shadow_horizontal_length_tablet=&#8221;0px&#8221; header_3_text_shadow_vertical_length_tablet=&#8221;0px&#8221; header_3_text_shadow_blur_strength_tablet=&#8221;1px&#8221; header_4_text_shadow_horizontal_length_tablet=&#8221;0px&#8221; header_4_text_shadow_vertical_length_tablet=&#8221;0px&#8221; header_4_text_shadow_blur_strength_tablet=&#8221;1px&#8221; header_5_text_shadow_horizontal_length_tablet=&#8221;0px&#8221; header_5_text_shadow_vertical_length_tablet=&#8221;0px&#8221; header_5_text_shadow_blur_strength_tablet=&#8221;1px&#8221; header_6_text_shadow_horizontal_length_tablet=&#8221;0px&#8221; header_6_text_shadow_vertical_length_tablet=&#8221;0px&#8221; header_6_text_shadow_blur_strength_tablet=&#8221;1px&#8221; box_shadow_horizontal_tablet=&#8221;0px&#8221; box_shadow_vertical_tablet=&#8221;0px&#8221; box_shadow_blur_tablet=&#8221;40px&#8221; box_shadow_spread_tablet=&#8221;0px&#8221; global_colors_info=&#8221;{}&#8221;]<\/p>\n<h2><\/h2>\n<p>La escuela\u00a0 de E.I. \u201cArgote de Molina\u201d est\u00e1 situada en la barriada del Roc\u00edo, en el Distrito Macarena. Es colindante con las barriadas de La Carrasca, El torrej\u00f3n, El Cerezo, La Hermandad del Trabajo, Pol\u00edgono Norte, La Barzola, Villegas, Pio XII, Le\u00f3n XIII, avenida Miraflores, Cruz Roja y Las Golondrinas, todas ellas\u00a0 pertenecientes, de igual modo, al mismo Distrito y zona de escolarizaci\u00f3n.<\/p>\n<p>Desde su creaci\u00f3n, el colegio ha sido un Centro espec\u00edfico de Educaci\u00f3n Infantil. Actualmente funciona con una sola l\u00ednea, con \u00a0una unidad de tres a\u00f1os, una de cuatro y otra de cinco a\u00f1os, con una ratio, cada una de ellas, de 25 alumnos y alumnas. Adem\u00e1s, el Centro cuenta con aula de Apoyo a la Integraci\u00f3n, aula de Audici\u00f3n y Lenguaje (compartida con otro centro de la zona) y monitora para la atenci\u00f3n del alumnado de Necesidades Educativas Especiales (NEE).<\/p>\n<p>El Centro est\u00e1 adscrito al colegio de Educaci\u00f3n Primaria CEIP \u201cArias Montano\u201d.<\/p>\n<p>La parcela que ocupa el colegio, delimitado por una valla cubierta de setos, tiene una superficie total de 4270 m cuadrados. En \u00e9sta se encuentran los dos edificios, con dos patios de recreo. Uno m\u00e1s amplio y de albero, con arboleda y huerto en la parte trasera del Centro, y otro, m\u00e1s peque\u00f1o y asfaltado, en su parte delantera.<\/p>\n<p>Nuestro Centro, del a\u00f1o 1978, construido sobre una planta, consta de dos edificios colindantes pero no comunicados entre s\u00ed. Uno, m\u00e1s peque\u00f1o donde se ubica la administraci\u00f3n, AMPA, el aula de Audici\u00f3n y Lenguaje y\u00a0 la biblioteca. El edificio principal, m\u00e1s amplio, se distribuye, a partir de un gran vest\u00edbulo de entrada, en tres alas con las diferentes aulas, ocho en total, as\u00ed como comedor y aseos.<\/p>\n<p>Los recursos humanos de los que dispone\u00a0 el\u00a0 Centro se pueden agrupar en cinco sectores: el personal docente, constituido por las maestras. El personal laboral no docente integrado por una monitora para la atenci\u00f3n del alumnado de necesidades educativas especiales y la monitora auxiliar administrativa, que es compartida con otro centro, adem\u00e1s del personal\u00a0 del servicio de porter\u00eda\u00a0 y limpieza, por parte del Ayuntamiento. El\u00a0 Equipo de Orientaci\u00f3n Educativa (EOE) de la zona, y por \u00faltimo las familias y la AMPA,<\/p>\n<p>La plantilla del profesorado est\u00e1 formada por\u00a0 las maestras especialistas en Educaci\u00f3n Infantil, con funciones de tutor\u00eda o de apoyo,\u00a0 una maestra especialista en Pedagog\u00eda Terap\u00e9utica (PT), una maestra especialista en Audici\u00f3n y Lenguaje (AL) y una maestra de religi\u00f3n cat\u00f3lica que es compartida con otros centros de la zona.<\/p>\n<p>[\/et_pb_text][\/et_pb_column][\/et_pb_row][et_pb_row column_structure=&#8221;1_3,1_3,1_3&#8243; _builder_version=&#8221;3.25&#8243; background_size=&#8221;initial&#8221; background_position=&#8221;top_left&#8221; background_repeat=&#8221;repeat&#8221; global_colors_info=&#8221;{}&#8221;][et_pb_column type=&#8221;1_3&#8243; _builder_version=&#8221;3.25&#8243; custom_padding=&#8221;|||&#8221; global_colors_info=&#8221;{}&#8221; custom_padding__hover=&#8221;|||&#8221;][et_pb_blurb title=&#8221;Innovaci\u00f3n&#8221; use_icon=&#8221;on&#8221; font_icon=&#8221;&#xe01c;||divi||400&#8243; image_icon_background_color=&#8221;#5d58ef&#8221; image_icon_width=&#8221;48px&#8221; admin_label=&#8221;Informaci\u00f3n innovaci\u00f3n (icono, titulo y texto)&#8221; _builder_version=&#8221;4.13.0&#8243; image_icon_custom_padding=&#8221;25px|25px|25px|25px|false|false&#8221; text_orientation=&#8221;center&#8221; z_index_tablet=&#8221;500&#8243; header_text_shadow_horizontal_length_tablet=&#8221;0px&#8221; header_text_shadow_vertical_length_tablet=&#8221;0px&#8221; header_text_shadow_blur_strength_tablet=&#8221;1px&#8221; body_text_shadow_horizontal_length_tablet=&#8221;0px&#8221; body_text_shadow_vertical_length_tablet=&#8221;0px&#8221; body_text_shadow_blur_strength_tablet=&#8221;1px&#8221; body_link_text_shadow_horizontal_length_tablet=&#8221;0px&#8221; body_link_text_shadow_vertical_length_tablet=&#8221;0px&#8221; body_link_text_shadow_blur_strength_tablet=&#8221;1px&#8221; body_ul_text_shadow_horizontal_length_tablet=&#8221;0px&#8221; body_ul_text_shadow_vertical_length_tablet=&#8221;0px&#8221; body_ul_text_shadow_blur_strength_tablet=&#8221;1px&#8221; body_ol_text_shadow_horizontal_length_tablet=&#8221;0px&#8221; body_ol_text_shadow_vertical_length_tablet=&#8221;0px&#8221; body_ol_text_shadow_blur_strength_tablet=&#8221;1px&#8221; body_quote_text_shadow_horizontal_length_tablet=&#8221;0px&#8221; body_quote_text_shadow_vertical_length_tablet=&#8221;0px&#8221; body_quote_text_shadow_blur_strength_tablet=&#8221;1px&#8221; border_radii_image=&#8221;on|100%|100%|100%|100%&#8221; box_shadow_horizontal_tablet=&#8221;0px&#8221; box_shadow_vertical_tablet=&#8221;0px&#8221; box_shadow_blur_tablet=&#8221;40px&#8221; box_shadow_spread_tablet=&#8221;0px&#8221; box_shadow_horizontal_image_tablet=&#8221;0px&#8221; box_shadow_vertical_image_tablet=&#8221;0px&#8221; box_shadow_blur_image_tablet=&#8221;40px&#8221; box_shadow_spread_image_tablet=&#8221;0px&#8221; text_shadow_horizontal_length_tablet=&#8221;0px&#8221; text_shadow_vertical_length_tablet=&#8221;0px&#8221; text_shadow_blur_strength_tablet=&#8221;1px&#8221; use_circle=&#8221;on&#8221; circle_color=&#8221;#5d58ef&#8221; global_colors_info=&#8221;{}&#8221; image_icon_background_color__sticky_enabled=&#8221;#241f59&#8243; image_icon_background_color__sticky=&#8221;#241f59&#8243;]<\/p>\n<p>Nuevas tecnolog\u00edas en el centro<\/p>\n<p>[\/et_pb_blurb][\/et_pb_column][et_pb_column type=&#8221;1_3&#8243; _builder_version=&#8221;3.25&#8243; custom_padding=&#8221;|||&#8221; global_colors_info=&#8221;{}&#8221; custom_padding__hover=&#8221;|||&#8221;][et_pb_blurb title=&#8221;centro biling\u00fce&#8221; use_icon=&#8221;on&#8221; font_icon=&#8221;&#xe0de;||divi||400&#8243; image_icon_background_color=&#8221;#ff236c&#8221; image_icon_width=&#8221;48px&#8221; admin_label=&#8221;Informaci\u00f3n centro biling\u00fce (icono, titulo y texto)&#8221; _builder_version=&#8221;4.13.0&#8243; image_icon_custom_padding=&#8221;25px|25px|25px|25px|false|false&#8221; text_orientation=&#8221;center&#8221; z_index_tablet=&#8221;500&#8243; header_text_shadow_horizontal_length_tablet=&#8221;0px&#8221; header_text_shadow_vertical_length_tablet=&#8221;0px&#8221; header_text_shadow_blur_strength_tablet=&#8221;1px&#8221; body_text_shadow_horizontal_length_tablet=&#8221;0px&#8221; body_text_shadow_vertical_length_tablet=&#8221;0px&#8221; body_text_shadow_blur_strength_tablet=&#8221;1px&#8221; body_link_text_shadow_horizontal_length_tablet=&#8221;0px&#8221; body_link_text_shadow_vertical_length_tablet=&#8221;0px&#8221; body_link_text_shadow_blur_strength_tablet=&#8221;1px&#8221; body_ul_text_shadow_horizontal_length_tablet=&#8221;0px&#8221; body_ul_text_shadow_vertical_length_tablet=&#8221;0px&#8221; body_ul_text_shadow_blur_strength_tablet=&#8221;1px&#8221; body_ol_text_shadow_horizontal_length_tablet=&#8221;0px&#8221; body_ol_text_shadow_vertical_length_tablet=&#8221;0px&#8221; body_ol_text_shadow_blur_strength_tablet=&#8221;1px&#8221; body_quote_text_shadow_horizontal_length_tablet=&#8221;0px&#8221; body_quote_text_shadow_vertical_length_tablet=&#8221;0px&#8221; body_quote_text_shadow_blur_strength_tablet=&#8221;1px&#8221; border_radii_image=&#8221;on|100%|100%|100%|100%&#8221; box_shadow_horizontal_tablet=&#8221;0px&#8221; box_shadow_vertical_tablet=&#8221;0px&#8221; box_shadow_blur_tablet=&#8221;40px&#8221; box_shadow_spread_tablet=&#8221;0px&#8221; box_shadow_horizontal_image_tablet=&#8221;0px&#8221; box_shadow_vertical_image_tablet=&#8221;0px&#8221; box_shadow_blur_image_tablet=&#8221;40px&#8221; box_shadow_spread_image_tablet=&#8221;0px&#8221; text_shadow_horizontal_length_tablet=&#8221;0px&#8221; text_shadow_vertical_length_tablet=&#8221;0px&#8221; text_shadow_blur_strength_tablet=&#8221;1px&#8221; use_circle=&#8221;on&#8221; circle_color=&#8221;#ff236c&#8221; global_colors_info=&#8221;{}&#8221; image_icon_background_color__sticky_enabled=&#8221;#241f59&#8243; image_icon_background_color__sticky=&#8221;#241f59&#8243;]<\/p>\n<p>Impartimos las materias en Ingl\u00e9s y Castellano<\/p>\n<p>[\/et_pb_blurb][\/et_pb_column][et_pb_column type=&#8221;1_3&#8243; _builder_version=&#8221;3.25&#8243; custom_padding=&#8221;|||&#8221; global_colors_info=&#8221;{}&#8221; custom_padding__hover=&#8221;|||&#8221;][et_pb_blurb title=&#8221;Contacta&#8221; use_icon=&#8221;on&#8221; font_icon=&#8221;&#xe010;||divi||400&#8243; image_icon_background_color=&#8221;#ffc259&#8243; image_icon_width=&#8221;48px&#8221; admin_label=&#8221;Informaci\u00f3n de contacto (icono, titulo y texto)&#8221; _builder_version=&#8221;4.13.0&#8243; image_icon_custom_padding=&#8221;25px|25px|25px|25px|false|false&#8221; text_orientation=&#8221;center&#8221; z_index_tablet=&#8221;500&#8243; header_text_shadow_horizontal_length_tablet=&#8221;0px&#8221; header_text_shadow_vertical_length_tablet=&#8221;0px&#8221; header_text_shadow_blur_strength_tablet=&#8221;1px&#8221; body_text_shadow_horizontal_length_tablet=&#8221;0px&#8221; body_text_shadow_vertical_length_tablet=&#8221;0px&#8221; body_text_shadow_blur_strength_tablet=&#8221;1px&#8221; body_link_text_shadow_horizontal_length_tablet=&#8221;0px&#8221; body_link_text_shadow_vertical_length_tablet=&#8221;0px&#8221; body_link_text_shadow_blur_strength_tablet=&#8221;1px&#8221; body_ul_text_shadow_horizontal_length_tablet=&#8221;0px&#8221; body_ul_text_shadow_vertical_length_tablet=&#8221;0px&#8221; body_ul_text_shadow_blur_strength_tablet=&#8221;1px&#8221; body_ol_text_shadow_horizontal_length_tablet=&#8221;0px&#8221; body_ol_text_shadow_vertical_length_tablet=&#8221;0px&#8221; body_ol_text_shadow_blur_strength_tablet=&#8221;1px&#8221; body_quote_text_shadow_horizontal_length_tablet=&#8221;0px&#8221; body_quote_text_shadow_vertical_length_tablet=&#8221;0px&#8221; body_quote_text_shadow_blur_strength_tablet=&#8221;1px&#8221; border_radii_image=&#8221;on|100%|100%|100%|100%&#8221; box_shadow_horizontal_tablet=&#8221;0px&#8221; box_shadow_vertical_tablet=&#8221;0px&#8221; box_shadow_blur_tablet=&#8221;40px&#8221; box_shadow_spread_tablet=&#8221;0px&#8221; box_shadow_horizontal_image_tablet=&#8221;0px&#8221; box_shadow_vertical_image_tablet=&#8221;0px&#8221; box_shadow_blur_image_tablet=&#8221;40px&#8221; box_shadow_spread_image_tablet=&#8221;0px&#8221; text_shadow_horizontal_length_tablet=&#8221;0px&#8221; text_shadow_vertical_length_tablet=&#8221;0px&#8221; text_shadow_blur_strength_tablet=&#8221;1px&#8221; use_circle=&#8221;on&#8221; circle_color=&#8221;#ffc259&#8243; global_colors_info=&#8221;{}&#8221; image_icon_background_color__sticky_enabled=&#8221;#241f59&#8243; image_icon_background_color__sticky=&#8221;#241f59&#8243;]<\/p>\n<p>Tenemos abierto nuestro buz\u00f3n de sugerencias<\/p>\n<p>[\/et_pb_blurb][\/et_pb_column][\/et_pb_row][\/et_pb_section]<\/p>\n","protected":false},"excerpt":{"rendered":"<p>La escuela\u00a0 de E.I. \u201cArgote de Molina\u201d est\u00e1 situada en la barriada del Roc\u00edo, en el Distrito Macarena. Es colindante con las barriadas de La Carrasca, El torrej\u00f3n, El Cerezo, La Hermandad del Trabajo, Pol\u00edgono Norte, La Barzola, Villegas, Pio XII, Le\u00f3n XIII, avenida Miraflores, Cruz Roja y Las Golondrinas, todas ellas\u00a0 pertenecientes, de igual [&hellip;]<\/p>\n","protected":false},"author":6565,"featured_media":0,"parent":0,"menu_order":0,"comment_status":"closed","ping_status":"closed","template":"","meta":{"_et_pb_use_builder":"on","_et_pb_old_content":"","_et_gb_content_width":"","ngg_post_thumbnail":0,"footnotes":""},"aioseo_notices":[],"_links":{"self":[{"href":"https:\/\/blogsaverroes.juntadeandalucia.es\/colegioeiargotedemolinasevilla\/wp-json\/wp\/v2\/pages\/853"}],"collection":[{"href":"https:\/\/blogsaverroes.juntadeandalucia.es\/colegioeiargotedemolinasevilla\/wp-json\/wp\/v2\/pages"}],"about":[{"href":"https:\/\/blogsaverroes.juntadeandalucia.es\/colegioeiargotedemolinasevilla\/wp-json\/wp\/v2\/types\/page"}],"author":[{"embeddable":true,"href":"https:\/\/blogsaverroes.juntadeandalucia.es\/colegioeiargotedemolinasevilla\/wp-json\/wp\/v2\/users\/6565"}],"replies":[{"embeddable":true,"href":"https:\/\/blogsaverroes.juntadeandalucia.es\/colegioeiargotedemolinasevilla\/wp-json\/wp\/v2\/comments?post=853"}],"version-history":[{"count":6,"href":"https:\/\/blogsaverroes.juntadeandalucia.es\/colegioeiargotedemolinasevilla\/wp-json\/wp\/v2\/pages\/853\/revisions"}],"predecessor-version":[{"id":1011,"href":"https:\/\/blogsaverroes.juntadeandalucia.es\/colegioeiargotedemolinasevilla\/wp-json\/wp\/v2\/pages\/853\/revisions\/1011"}],"wp:attachment":[{"href":"https:\/\/blogsaverroes.juntadeandalucia.es\/colegioeiargotedemolinasevilla\/wp-json\/wp\/v2\/media?parent=853"}],"curies":[{"name":"wp","href":"https:\/\/api.w.org\/{rel}","templated":true}]}}