{"id":2619,"date":"2019-03-04T00:15:15","date_gmt":"2019-03-04T00:15:15","guid":{"rendered":"https:\/\/blogsaverroes.juntadeandalucia.es\/colegioelpilar\/?page_id=2619"},"modified":"2019-03-10T09:26:16","modified_gmt":"2019-03-10T09:26:16","slug":"creciendo-en-salud","status":"publish","type":"page","link":"https:\/\/blogsaverroes.juntadeandalucia.es\/colegioelpilar\/creciendo-en-salud\/","title":{"rendered":"Creciendo en Salud"},"content":{"rendered":"<p><a href=\"http:\/\/www.juntadeandalucia.es\/educacion\/webportal\/web\/vida-saludable\/creciendoensalud\"><img loading=\"lazy\" decoding=\"async\" class=\"wp-image-2615 aligncenter\" src=\"https:\/\/blogsaverroes.juntadeandalucia.es\/colegioelpilar\/files\/2019\/03\/habitos-1-300x225.jpg\" alt=\"\" width=\"216\" height=\"162\" srcset=\"https:\/\/blogsaverroes.juntadeandalucia.es\/colegioelpilar\/files\/2019\/03\/habitos-1-300x225.jpg 300w, https:\/\/blogsaverroes.juntadeandalucia.es\/colegioelpilar\/files\/2019\/03\/habitos-1-24x18.jpg 24w, https:\/\/blogsaverroes.juntadeandalucia.es\/colegioelpilar\/files\/2019\/03\/habitos-1-36x27.jpg 36w, https:\/\/blogsaverroes.juntadeandalucia.es\/colegioelpilar\/files\/2019\/03\/habitos-1-48x36.jpg 48w, https:\/\/blogsaverroes.juntadeandalucia.es\/colegioelpilar\/files\/2019\/03\/habitos-1.jpg 794w\" sizes=\"(max-width: 216px) 100vw, 216px\" \/><\/a><\/p>\n<p style=\"text-align: justify\">&nbsp; &nbsp; &nbsp; &nbsp; &nbsp; &nbsp; Programa de H\u00e1bitos Saludables que desarrollamos en todas las etapas, desde Infantil a Secundaria, actuando en las siguientes lineas de intervenci\u00f3n:<\/p>\n<p style=\"text-align: justify\">&nbsp;<\/p>\n<table style=\"height: 589px\" width=\"693\">\n<tbody>\n<tr>\n<td style=\"width: 683px;text-align: center\" colspan=\"2\"><a href=\"https:\/\/blogsaverroes.juntadeandalucia.es\/colegioelpilar\/files\/2019\/03\/corazon_manzana.jpg\"><img loading=\"lazy\" decoding=\"async\" class=\"alignnone wp-image-2622\" src=\"https:\/\/blogsaverroes.juntadeandalucia.es\/colegioelpilar\/files\/2019\/03\/corazon_manzana.jpg\" alt=\"\" width=\"322\" height=\"211\" srcset=\"https:\/\/blogsaverroes.juntadeandalucia.es\/colegioelpilar\/files\/2019\/03\/corazon_manzana.jpg 261w, https:\/\/blogsaverroes.juntadeandalucia.es\/colegioelpilar\/files\/2019\/03\/corazon_manzana-24x16.jpg 24w, https:\/\/blogsaverroes.juntadeandalucia.es\/colegioelpilar\/files\/2019\/03\/corazon_manzana-36x24.jpg 36w, https:\/\/blogsaverroes.juntadeandalucia.es\/colegioelpilar\/files\/2019\/03\/corazon_manzana-48x31.jpg 48w\" sizes=\"(max-width: 322px) 100vw, 322px\" \/><\/a><\/p>\n<p><a id=\"aui_3_2_0_1236\" href=\"http:\/\/www.juntadeandalucia.es\/educacion\/webportal\/web\/vida-saludable\/estilos-de-vida-saludable1\" target=\"_blank\" rel=\"noopener\">Estilos de Vida Saludable<\/a><\/td>\n<\/tr>\n<tr>\n<td style=\"width: 338.5px;text-align: center\"><a style=\"text-align: center\" href=\"https:\/\/blogsaverroes.juntadeandalucia.es\/colegioelpilar\/files\/2019\/03\/drogodependencia.jpg\"><img loading=\"lazy\" decoding=\"async\" class=\"alignnone size-full wp-image-2626\" src=\"https:\/\/blogsaverroes.juntadeandalucia.es\/colegioelpilar\/files\/2019\/03\/drogodependencia.jpg\" alt=\"\" width=\"258\" height=\"170\" srcset=\"https:\/\/blogsaverroes.juntadeandalucia.es\/colegioelpilar\/files\/2019\/03\/drogodependencia.jpg 258w, https:\/\/blogsaverroes.juntadeandalucia.es\/colegioelpilar\/files\/2019\/03\/drogodependencia-24x16.jpg 24w, https:\/\/blogsaverroes.juntadeandalucia.es\/colegioelpilar\/files\/2019\/03\/drogodependencia-36x24.jpg 36w, https:\/\/blogsaverroes.juntadeandalucia.es\/colegioelpilar\/files\/2019\/03\/drogodependencia-48x32.jpg 48w\" sizes=\"(max-width: 258px) 100vw, 258px\" \/><\/a><\/p>\n<p><a href=\"http:\/\/www.juntadeandalucia.es\/educacion\/webportal\/web\/vida-saludable\/prevencion-del-consumo-de-sustancias-adictivas1\" target=\"_blank\" rel=\"noopener\">Prevenci\u00f3n drogodependencias<\/a><\/td>\n<td style=\"width: 338.5px\"><a href=\"https:\/\/blogsaverroes.juntadeandalucia.es\/colegioelpilar\/files\/2019\/03\/ni\u00f1os_ordena.jpg\"><img loading=\"lazy\" decoding=\"async\" class=\"size-medium wp-image-2625 aligncenter\" src=\"https:\/\/blogsaverroes.juntadeandalucia.es\/colegioelpilar\/files\/2019\/03\/ni\u00f1os_ordena-300x168.jpg\" alt=\"\" width=\"300\" height=\"168\" srcset=\"https:\/\/blogsaverroes.juntadeandalucia.es\/colegioelpilar\/files\/2019\/03\/ni\u00f1os_ordena.jpg 300w, https:\/\/blogsaverroes.juntadeandalucia.es\/colegioelpilar\/files\/2019\/03\/ni\u00f1os_ordena-24x13.jpg 24w, https:\/\/blogsaverroes.juntadeandalucia.es\/colegioelpilar\/files\/2019\/03\/ni\u00f1os_ordena-36x20.jpg 36w, https:\/\/blogsaverroes.juntadeandalucia.es\/colegioelpilar\/files\/2019\/03\/ni\u00f1os_ordena-48x27.jpg 48w\" sizes=\"(max-width: 300px) 100vw, 300px\" \/><\/a><\/p>\n<p style=\"text-align: center\"><a href=\"http:\/\/www.juntadeandalucia.es\/educacion\/webportal\/web\/vida-saludable\/uso-positivo-de-las-tics2\" target=\"_blank\" rel=\"noopener\">Uso positivo de las TIC<\/a><\/p>\n<\/td>\n<\/tr>\n<tr>\n<td style=\"width: 338.5px;text-align: center\"><a href=\"https:\/\/blogsaverroes.juntadeandalucia.es\/colegioelpilar\/files\/2019\/03\/ni\u00f1os_meditando.jpg\"><img loading=\"lazy\" decoding=\"async\" class=\"size-full wp-image-2624 aligncenter\" src=\"https:\/\/blogsaverroes.juntadeandalucia.es\/colegioelpilar\/files\/2019\/03\/ni\u00f1os_meditando.jpg\" alt=\"\" width=\"294\" height=\"171\" srcset=\"https:\/\/blogsaverroes.juntadeandalucia.es\/colegioelpilar\/files\/2019\/03\/ni\u00f1os_meditando.jpg 294w, https:\/\/blogsaverroes.juntadeandalucia.es\/colegioelpilar\/files\/2019\/03\/ni\u00f1os_meditando-24x14.jpg 24w, https:\/\/blogsaverroes.juntadeandalucia.es\/colegioelpilar\/files\/2019\/03\/ni\u00f1os_meditando-36x21.jpg 36w, https:\/\/blogsaverroes.juntadeandalucia.es\/colegioelpilar\/files\/2019\/03\/ni\u00f1os_meditando-48x28.jpg 48w\" sizes=\"(max-width: 294px) 100vw, 294px\" \/><\/a><a href=\"http:\/\/www.juntadeandalucia.es\/educacion\/webportal\/web\/vida-saludable\/educacion-socio-emocional2\" target=\"_blank\" rel=\"noopener\"><strong>Educaci\u00f3n Emocional<\/strong><\/a><\/td>\n<td style=\"width: 338.5px;text-align: center\"><a href=\"https:\/\/blogsaverroes.juntadeandalucia.es\/colegioelpilar\/files\/2019\/03\/autocuidados.jpg\"><img loading=\"lazy\" decoding=\"async\" class=\"size-full wp-image-2623 aligncenter\" src=\"https:\/\/blogsaverroes.juntadeandalucia.es\/colegioelpilar\/files\/2019\/03\/autocuidados.jpg\" alt=\"\" width=\"286\" height=\"176\" srcset=\"https:\/\/blogsaverroes.juntadeandalucia.es\/colegioelpilar\/files\/2019\/03\/autocuidados.jpg 286w, https:\/\/blogsaverroes.juntadeandalucia.es\/colegioelpilar\/files\/2019\/03\/autocuidados-24x15.jpg 24w, https:\/\/blogsaverroes.juntadeandalucia.es\/colegioelpilar\/files\/2019\/03\/autocuidados-36x22.jpg 36w, https:\/\/blogsaverroes.juntadeandalucia.es\/colegioelpilar\/files\/2019\/03\/autocuidados-48x30.jpg 48w\" sizes=\"(max-width: 286px) 100vw, 286px\" \/><\/a><a href=\"http:\/\/www.juntadeandalucia.es\/educacion\/webportal\/web\/vida-saludable\/autocuidados-y-accidentalidad1\" target=\"_blank\" rel=\"noopener\"><strong>Autocuidados y Accidentalidad<\/strong><\/a><\/td>\n<\/tr>\n<\/tbody>\n<\/table>\n","protected":false},"excerpt":{"rendered":"<p>&nbsp; &nbsp; &nbsp; &nbsp; &nbsp; &nbsp; Programa de H\u00e1bitos Saludables que desarrollamos en todas las etapas, desde Infantil a Secundaria, actuando en las siguientes lineas de intervenci\u00f3n: &nbsp; Estilos de Vida Saludable Prevenci\u00f3n drogodependencias Uso positivo de las TIC Educaci\u00f3n Emocional Autocuidados y Accidentalidad<\/p>\n","protected":false},"author":6891,"featured_media":0,"parent":0,"menu_order":0,"comment_status":"closed","ping_status":"closed","template":"page-templates\/child-menu.php","meta":{"ngg_post_thumbnail":0,"footnotes":"","_mc_calendar":[]},"aioseo_notices":[],"_links":{"self":[{"href":"https:\/\/blogsaverroes.juntadeandalucia.es\/colegioelpilar\/wp-json\/wp\/v2\/pages\/2619"}],"collection":[{"href":"https:\/\/blogsaverroes.juntadeandalucia.es\/colegioelpilar\/wp-json\/wp\/v2\/pages"}],"about":[{"href":"https:\/\/blogsaverroes.juntadeandalucia.es\/colegioelpilar\/wp-json\/wp\/v2\/types\/page"}],"author":[{"embeddable":true,"href":"https:\/\/blogsaverroes.juntadeandalucia.es\/colegioelpilar\/wp-json\/wp\/v2\/users\/6891"}],"replies":[{"embeddable":true,"href":"https:\/\/blogsaverroes.juntadeandalucia.es\/colegioelpilar\/wp-json\/wp\/v2\/comments?post=2619"}],"version-history":[{"count":4,"href":"https:\/\/blogsaverroes.juntadeandalucia.es\/colegioelpilar\/wp-json\/wp\/v2\/pages\/2619\/revisions"}],"predecessor-version":[{"id":2662,"href":"https:\/\/blogsaverroes.juntadeandalucia.es\/colegioelpilar\/wp-json\/wp\/v2\/pages\/2619\/revisions\/2662"}],"wp:attachment":[{"href":"https:\/\/blogsaverroes.juntadeandalucia.es\/colegioelpilar\/wp-json\/wp\/v2\/media?parent=2619"}],"curies":[{"name":"wp","href":"https:\/\/api.w.org\/{rel}","templated":true}]}}